{"id":338935,"date":"2023-01-13T06:40:49","date_gmt":"2023-01-13T05:40:49","guid":{"rendered":"https:\/\/www.claret.cat\/llibre\/como-perdonar-perdonar-para-sanar-sanar-para-perdonar-9788429311686\/"},"modified":"2025-05-19T17:50:35","modified_gmt":"2025-05-19T15:50:35","slug":"como-perdonar-perdonar-para-sanar-sanar-para-perdonar-9788429311686","status":"publish","type":"product","link":"https:\/\/www.claret.cat\/es\/libro\/como-perdonar-perdonar-para-sanar-sanar-para-perdonar-9788429311686\/","title":{"rendered":"C\u00d3MO PERDONAR. PERDONAR PARA SANAR. SANAR PARA PERDONAR"},"content":{"rendered":"<p>La intenci\u00f3n del autor al escribir este libro es &#8216;proporcionar una gu\u00eda pr\u00e1ctica para aprender a perdonar siguiendo un proceso en doce etapas&#8217;.\u00bfPor qu\u00e9 &#8216;doce etapas&#8217;? A lo largo de su experiencia, el autor reconoce haber descubierto que hay personas que, por muchos deseos que tengan de perdonar, se sienten bloqueadas en determinados momentos del proceso. Al aclarar sus confusiones, se ha dado cuenta de la complejidad de la din\u00e1mica psicol\u00f3gica y espiritual del perd\u00f3n. Y, a medida que iba vi\u00e9ndolo m\u00e1s claro, surg\u00eda una nueva dificultad que le llevaba a a\u00f1adir una nueva etapa.<\/p>\n<p>     Se trata, pues, de dar una serie de pasos para llegar a saber perdonarse de veras a uno mismo y a los dem\u00e1s, lo cual constituye una innegable fuente de gozo y de crecimiento interior. Y una de las virtudes del libro reside en que, con un lenguaje sencillo y vibrante, sabe unir armoniosamente la psicolog\u00eda, la espiriutalidad y el mundo de las emociones y los sentimientos. El resultado es un libro sumamente \u00fatil, un tesoro de sabidur\u00eda que se ofrece a cualquier persona que quiera hacer la peregrinaci\u00f3n interior en busca del perd\u00f3n que sana y hace crecer.<\/p>\n<p>JEAN MONBOURQUETTE, OMI, licendiado en teolog\u00eda, &#8216;master&#8217; en pedagog\u00eda por la Universidad de Ottawa y en piscolog\u00eda cl\u00ednica por la Universidad de San Francisco, y doctor en psicolog\u00eda por el International College de Los Angeles, es profesor en el Instituto de Pastoral de la Universidad Saint-Paul de Ottawa. Conferenciante muy solicitado, es autor de dos aut\u00e9nticos &#8216;best-sellers&#8217;: Aimer, perdre et grandir y Mourir en vie!, este \u00faltimo en colaboraci\u00f3n con Denise Lussier-Russell.<\/p>\n","protected":false},"excerpt":{"rendered":"<p>JEAN MONBOURQUETTE<\/p>\n","protected":false},"featured_media":987481,"template":"","meta":{"_acf_changed":false,"om_disable_all_campaigns":false,"rs_blank_template":"","rs_page_bg_color":"","slide_template_v7":"","inline_featured_image":false,"_monsterinsights_skip_tracking":false,"_monsterinsights_sitenote_active":false,"_monsterinsights_sitenote_note":"","_monsterinsights_sitenote_category":0},"product_brand":[],"product_cat":[345,79],"product_tag":[],"class_list":{"0":"post-338935","1":"product","2":"type-product","3":"status-publish","4":"has-post-thumbnail","6":"product_cat-espiritualidad","7":"product_cat-espiritualitat","9":"first","10":"instock","11":"taxable","12":"shipping-taxable","13":"purchasable","14":"product-type-simple"},"acf":{"editorial":[{"ID":6355,"post_author":"3","post_date":"2022-07-28 17:50:25","post_date_gmt":"2022-07-28 15:50:25","post_content":"","post_title":"Salterrae","post_excerpt":"","post_status":"publish","comment_status":"closed","ping_status":"closed","post_password":"","post_name":"salterrae","to_ping":"","pinged":"","post_modified":"2022-07-28 17:50:25","post_modified_gmt":"2022-07-28 15:50:25","post_content_filtered":"","post_parent":0,"guid":"http:\/\/dev.claret.cat\/editorial\/salterrae\/","menu_order":0,"post_type":"editorial","post_mime_type":"","comment_count":"0","filter":"raw"}],"autores-libros":[{"ID":289628,"post_author":"3","post_date":"2022-12-10 10:40:40","post_date_gmt":"2022-12-10 09:40:40","post_content":"","post_title":"JEAN MONBOURQUETTE","post_excerpt":"","post_status":"publish","comment_status":"closed","ping_status":"closed","post_password":"","post_name":"jean-monbourquette","to_ping":"","pinged":"","post_modified":"2022-12-10 10:40:40","post_modified_gmt":"2022-12-10 09:40:40","post_content_filtered":"","post_parent":0,"guid":"http:\/\/dev.claret.cat\/autor\/jean-monbourquette\/","menu_order":0,"post_type":"autor","post_mime_type":"","comment_count":"0","filter":"raw"}],"autor":"JEAN MONBOURQUETTE","codart":"842931168","libros-coleccion":"Proyecto","ediciones":"2","encuadernacion":"R\u00fastica","fecha_de_publicacion":"01\/10\/1995","novedad":"0","paginas":"184","subtitulo":"","orden":"999","portada":"0","idioma":"spa","booktrailer":"","resenas":""},"aioseo_notices":[],"_links":{"self":[{"href":"https:\/\/www.claret.cat\/es\/wp-json\/wp\/v2\/product\/338935","targetHints":{"allow":["GET"]}}],"collection":[{"href":"https:\/\/www.claret.cat\/es\/wp-json\/wp\/v2\/product"}],"about":[{"href":"https:\/\/www.claret.cat\/es\/wp-json\/wp\/v2\/types\/product"}],"wp:featuredmedia":[{"embeddable":true,"href":"https:\/\/www.claret.cat\/es\/wp-json\/wp\/v2\/media\/987481"}],"wp:attachment":[{"href":"https:\/\/www.claret.cat\/es\/wp-json\/wp\/v2\/media?parent=338935"}],"wp:term":[{"taxonomy":"product_brand","embeddable":true,"href":"https:\/\/www.claret.cat\/es\/wp-json\/wp\/v2\/product_brand?post=338935"},{"taxonomy":"product_cat","embeddable":true,"href":"https:\/\/www.claret.cat\/es\/wp-json\/wp\/v2\/product_cat?post=338935"},{"taxonomy":"product_tag","embeddable":true,"href":"https:\/\/www.claret.cat\/es\/wp-json\/wp\/v2\/product_tag?post=338935"}],"curies":[{"name":"wp","href":"https:\/\/api.w.org\/{rel}","templated":true}]}}