{"id":339649,"date":"2023-01-13T09:50:16","date_gmt":"2023-01-13T08:50:16","guid":{"rendered":"https:\/\/www.claret.cat\/llibre\/mi-fe-en-la-verdad-9788429316995\/"},"modified":"2026-01-19T16:11:38","modified_gmt":"2026-01-19T15:11:38","slug":"mi-fe-en-la-verdad-9788429316995","status":"publish","type":"product","link":"https:\/\/www.claret.cat\/es\/libro\/mi-fe-en-la-verdad-9788429316995\/","title":{"rendered":"MI FE EN LA VERDAD"},"content":{"rendered":"<p>Quien dijo: \u00abNo tengo nada nuevo que ense\u00f1ar al mundo. La Verdad y la no violencia son tan antiguas como las monta\u00f1as\u00bb ha resultado ser uno de los maestros m\u00e1s influyentes en la historia contempor\u00e1nea.<br \/>Su sabidur\u00eda sigue siendo fuente de inspiraci\u00f3n inagotable para innumerables buscadores procedentes de las m\u00e1s diversas tradiciones culturales y religiosas.<br \/>R.K. Prabhu, fiel disc\u00edpulo suyo, nos presenta en este libro la filosof\u00eda de la vida del \u201cMahatma\u201d en la forma de 366 perlas de su pensamiento, \u00abuna perla para cada d\u00eda del a\u00f1o, incluido el a\u00f1o bisiesto&#8230;, que el lector puede usar para la contemplaci\u00f3n diaria del pensamiento propuesto o para leerlos seguidos, de un tir\u00f3n\u00bb.<\/p>\n","protected":false},"excerpt":{"rendered":"<p>GANDHI, MOHANDAS<\/p>\n","protected":false},"featured_media":0,"template":"","meta":{"_acf_changed":false,"om_disable_all_campaigns":false,"rs_blank_template":"","rs_page_bg_color":"","slide_template_v7":"","inline_featured_image":false,"_monsterinsights_skip_tracking":false,"_monsterinsights_sitenote_active":false,"_monsterinsights_sitenote_note":"","_monsterinsights_sitenote_category":0},"product_brand":[],"product_cat":[497,248,491,241,394,236],"product_tag":[],"class_list":{"0":"post-339649","1":"product","2":"type-product","3":"status-publish","5":"product_cat-meditaciones","6":"product_cat-meditacions","7":"product_cat-testimonios","8":"product_cat-testimonis","9":"product_cat-vida-cotidiana","10":"product_cat-vida-quotidiana","12":"first","13":"outofstock","14":"taxable","15":"shipping-taxable","16":"purchasable","17":"product-type-simple"},"acf":{"editorial":[{"ID":6351,"post_author":"3","post_date":"2022-07-28 17:50:19","post_date_gmt":"2022-07-28 15:50:19","post_content":"","post_title":"Sal Terrae","post_excerpt":"","post_status":"publish","comment_status":"closed","ping_status":"closed","post_password":"","post_name":"sal-terrae","to_ping":"","pinged":"","post_modified":"2022-07-28 17:50:19","post_modified_gmt":"2022-07-28 15:50:19","post_content_filtered":"","post_parent":0,"guid":"http:\/\/dev.claret.cat\/editorial\/sal-terrae\/","menu_order":0,"post_type":"editorial","post_mime_type":"","comment_count":"0","filter":"raw"}],"autores-libros":[{"ID":290438,"post_author":"3","post_date":"2022-12-10 15:40:08","post_date_gmt":"2022-12-10 14:40:08","post_content":"","post_title":"MOHANDAS GANDHI","post_excerpt":"","post_status":"publish","comment_status":"closed","ping_status":"closed","post_password":"","post_name":"mohandas-gandhi-2","to_ping":"","pinged":"","post_modified":"2022-12-10 15:40:08","post_modified_gmt":"2022-12-10 14:40:08","post_content_filtered":"","post_parent":0,"guid":"http:\/\/dev.claret.cat\/autor\/mohandas-gandhi-2\/","menu_order":0,"post_type":"autor","post_mime_type":"","comment_count":"0","filter":"raw"},{"ID":290439,"post_author":"3","post_date":"2022-12-10 15:40:09","post_date_gmt":"2022-12-10 14:40:09","post_content":"","post_title":"R.K. (ed) PRABHU","post_excerpt":"","post_status":"publish","comment_status":"closed","ping_status":"closed","post_password":"","post_name":"r-k-ed-prabhu","to_ping":"","pinged":"","post_modified":"2022-12-10 15:40:09","post_modified_gmt":"2022-12-10 14:40:09","post_content_filtered":"","post_parent":0,"guid":"http:\/\/dev.claret.cat\/autor\/r-k-ed-prabhu\/","menu_order":0,"post_type":"autor","post_mime_type":"","comment_count":"0","filter":"raw"}],"autor":"GANDHI, MOHANDAS","codart":"842931699","libros-coleccion":"ST Breve","ediciones":"1","encuadernacion":"R\u00fastica","fecha_de_publicacion":"12\/04\/2007","novedad":"0","paginas":"184","subtitulo":"UN PENSAMIENTO PARA CADA D\u00cdA","orden":"0","portada":"0","idioma":"spa","booktrailer":"","resenas":""},"aioseo_notices":[],"_links":{"self":[{"href":"https:\/\/www.claret.cat\/es\/wp-json\/wp\/v2\/product\/339649","targetHints":{"allow":["GET"]}}],"collection":[{"href":"https:\/\/www.claret.cat\/es\/wp-json\/wp\/v2\/product"}],"about":[{"href":"https:\/\/www.claret.cat\/es\/wp-json\/wp\/v2\/types\/product"}],"wp:attachment":[{"href":"https:\/\/www.claret.cat\/es\/wp-json\/wp\/v2\/media?parent=339649"}],"wp:term":[{"taxonomy":"product_brand","embeddable":true,"href":"https:\/\/www.claret.cat\/es\/wp-json\/wp\/v2\/product_brand?post=339649"},{"taxonomy":"product_cat","embeddable":true,"href":"https:\/\/www.claret.cat\/es\/wp-json\/wp\/v2\/product_cat?post=339649"},{"taxonomy":"product_tag","embeddable":true,"href":"https:\/\/www.claret.cat\/es\/wp-json\/wp\/v2\/product_tag?post=339649"}],"curies":[{"name":"wp","href":"https:\/\/api.w.org\/{rel}","templated":true}]}}