{"id":346451,"date":"2023-01-14T01:11:05","date_gmt":"2023-01-14T00:11:05","guid":{"rendered":"https:\/\/www.claret.cat\/llibre\/orar-con-el-papa-francisco-9788433026590\/"},"modified":"2025-09-19T19:29:16","modified_gmt":"2025-09-19T17:29:16","slug":"orar-con-el-papa-francisco-9788433026590","status":"publish","type":"product","link":"https:\/\/www.claret.cat\/es\/libro\/orar-con-el-papa-francisco-9788433026590\/","title":{"rendered":"ORAR CON EL PAPA FRANCISCO"},"content":{"rendered":"<p>Desde la elecci\u00f3n del cardenal Bergoglio como el Papa Francisco I, han sido numerosas las publica\u00adciones sobre sus escritos y su perfil biogr\u00e1fico. Pasado el primer impacto medi\u00e1tico y el af\u00e1n por ofrecer apresuradamente al p\u00fablico sus homil\u00edas y pensamientos, es hora de ofrecer una mirada sosegada y serena sobre su espiritualidad.Hay tem\u00e1ticas muy presentes en el Papa Francisco I que, por no ser medi\u00e1ticas ni impactantes, han sido silenciadas. Aqu\u00ed el lector encontrar\u00e1 una selecci\u00f3n fiel y profunda de sus pensamientos, especialmente de aquellos que responden, realmente, a su itinerario vital de espiritualidad.Rafael Pardo naci\u00f3 en Pamplona en 1977. Se licenci\u00f3 en Historia por la Universidad de Sevilla. En el a\u00f1o 2008 fue ordenado sacerdote para la Di\u00f3cesis de Pamplona y Tudela. Desde entonces, se ocupa de atender parroquias del \u00e1mbito rural navarro. Ha publicado varios libros de espiritualidad y biograf\u00edas sobre personajes eclesi\u00e1sticos, como san Juan de \u00c1vila o el cardenal John Henry Newman.<\/p>\n","protected":false},"excerpt":{"rendered":"<p>PARDO, RAFAEL<\/p>\n","protected":false},"featured_media":346452,"template":"","meta":{"_acf_changed":false,"om_disable_all_campaigns":false,"rs_blank_template":"","rs_page_bg_color":"","slide_template_v7":"","inline_featured_image":false,"_monsterinsights_skip_tracking":false,"_monsterinsights_sitenote_active":false,"_monsterinsights_sitenote_note":"","_monsterinsights_sitenote_category":0},"product_brand":[],"product_cat":[90,540],"product_tag":[],"class_list":{"0":"post-346451","1":"product","2":"type-product","3":"status-publish","4":"has-post-thumbnail","6":"product_cat-altres","7":"product_cat-otros","9":"first","10":"instock","11":"taxable","12":"shipping-taxable","13":"purchasable","14":"product-type-simple"},"acf":{"editorial":[{"ID":6179,"post_author":"3","post_date":"2022-07-28 17:46:36","post_date_gmt":"2022-07-28 15:46:36","post_content":"","post_title":"DESCLEE DE BROUWER","post_excerpt":"","post_status":"publish","comment_status":"closed","ping_status":"closed","post_password":"","post_name":"desclee-de-brouwer","to_ping":"","pinged":"","post_modified":"2022-07-28 17:46:36","post_modified_gmt":"2022-07-28 15:46:36","post_content_filtered":"","post_parent":0,"guid":"http:\/\/dev.claret.cat\/editorial\/desclee-de-brouwer\/","menu_order":0,"post_type":"editorial","post_mime_type":"","comment_count":"0","filter":"raw"}],"autores-libros":[{"ID":167604,"post_author":"3","post_date":"2022-10-14 18:12:32","post_date_gmt":"2022-10-14 16:12:32","post_content":"","post_title":"RAFAEL PARDO","post_excerpt":"","post_status":"publish","comment_status":"closed","ping_status":"closed","post_password":"","post_name":"rafael-pardo","to_ping":"","pinged":"","post_modified":"2022-10-14 18:12:32","post_modified_gmt":"2022-10-14 16:12:32","post_content_filtered":"","post_parent":0,"guid":"http:\/\/dev.claret.cat\/autor\/rafael-pardo\/","menu_order":0,"post_type":"autor","post_mime_type":"","comment_count":"0","filter":"raw"}],"autor":"PARDO, RAFAEL","codart":"843302659","libros-coleccion":"","ediciones":"1","encuadernacion":"R\u00fastica","fecha_de_publicacion":"17\/10\/2013","novedad":"0","paginas":"64","subtitulo":"","orden":"999","portada":"0","idioma":"spa","booktrailer":"","resenas":""},"aioseo_notices":[],"_links":{"self":[{"href":"https:\/\/www.claret.cat\/es\/wp-json\/wp\/v2\/product\/346451","targetHints":{"allow":["GET"]}}],"collection":[{"href":"https:\/\/www.claret.cat\/es\/wp-json\/wp\/v2\/product"}],"about":[{"href":"https:\/\/www.claret.cat\/es\/wp-json\/wp\/v2\/types\/product"}],"wp:featuredmedia":[{"embeddable":true,"href":"https:\/\/www.claret.cat\/es\/wp-json\/wp\/v2\/media\/346452"}],"wp:attachment":[{"href":"https:\/\/www.claret.cat\/es\/wp-json\/wp\/v2\/media?parent=346451"}],"wp:term":[{"taxonomy":"product_brand","embeddable":true,"href":"https:\/\/www.claret.cat\/es\/wp-json\/wp\/v2\/product_brand?post=346451"},{"taxonomy":"product_cat","embeddable":true,"href":"https:\/\/www.claret.cat\/es\/wp-json\/wp\/v2\/product_cat?post=346451"},{"taxonomy":"product_tag","embeddable":true,"href":"https:\/\/www.claret.cat\/es\/wp-json\/wp\/v2\/product_tag?post=346451"}],"curies":[{"name":"wp","href":"https:\/\/api.w.org\/{rel}","templated":true}]}}