{"id":34678,"date":"2022-10-02T17:51:44","date_gmt":"2022-10-02T15:51:44","guid":{"rendered":"http:\/\/dev.claret.cat\/producte\/memorias-de-un-monje-budista\/"},"modified":"2023-10-06T08:12:02","modified_gmt":"2023-10-06T06:12:02","slug":"memorias-de-un-monje-budista-9788418741609","status":"publish","type":"product","link":"https:\/\/www.claret.cat\/es\/libro\/memorias-de-un-monje-budista-9788418741609\/","title":{"rendered":"MEMORIAS DE UN MONJE BUDISTA"},"content":{"rendered":"<p>\u00abEste libro es un viaje de descubrimientos asombrosos para aquellos que buscan entender la naturaleza profunda del ser humano\u00bb. Ga\u00eblle Richard, Sud Ouest<\/p>\n<p>Matthieu Ricard naci\u00f3 en 1967, a los veinti\u00fan a\u00f1os, cuando conoci\u00f3 a su padre espiritual en Darjeeling (India). Cinco a\u00f1os despu\u00e9s dejar\u00eda su brillante carrera cient\u00edfica, a la que parec\u00eda estar destinado, para trasladarse a una<br \/> peque\u00f1a caba\u00f1a en el Himalaya.<\/p>\n<p>Su primera vida, repartida entre la ciudad y el campo, le hab\u00eda convertido en un joven amante de la naturaleza y de la m\u00fasica cl\u00e1sica, con curiosidad por la espiritualidad y por desvelar los misterios de la biolog\u00eda molecular. Su segunda vida le llev\u00f3 por el camino de la Iluminaci\u00f3n, tras las huellas de los grandes budistas tibetanos, recibiendo las ense\u00f1anzas de Kangyour Rinpoche y Dilgo Khyents\u00e9 Rinpoche, el admirado maestro del Dalai Lama y una fuente inagotable de inspiraci\u00f3n.<\/p>\n<p>En tres d\u00e9cadas su destino cambiar\u00eda por completo, alternando los retiros de meditaci\u00f3n en lugares inc\u00f3gnitos con m\u00faltiples viajes a But\u00e1n, la India, Nepal, el T\u00edbet\u2026, salvaguardando el patrimonio espiritual tibetano. Ricard, conocido como \u00abel hombre m\u00e1s feliz del mundo\u00bb, narra en estas p\u00e1ginas su vida, la de un monje errante sin ataduras materiales ni geogr\u00e1ficas, siempre en camino hacia la libertad interior y el bien de los dem\u00e1s.<\/p>\n","protected":false},"excerpt":{"rendered":"<p>RICARD, MATTHIEU<\/p>\n","protected":false},"featured_media":390755,"template":"","meta":{"_acf_changed":false,"om_disable_all_campaigns":false,"rs_blank_template":"","rs_page_bg_color":"","slide_template_v7":"","inline_featured_image":false,"_monsterinsights_skip_tracking":false,"_monsterinsights_sitenote_active":false,"_monsterinsights_sitenote_note":"","_monsterinsights_sitenote_category":0},"product_brand":[],"product_cat":[544,542],"product_tag":[],"class_list":{"0":"post-34678","1":"product","2":"type-product","3":"status-publish","4":"has-post-thumbnail","6":"product_cat-religiones","7":"product_cat-vida-religiosa-1_espiritualidad-spa","9":"first","10":"instock","11":"taxable","12":"shipping-taxable","13":"purchasable","14":"product-type-simple"},"acf":{"autor":"RICARD, MATTHIEU","codart":"841874160","libros-coleccion":"Biografia","ediciones":"1","encuadernacion":"R\u00fastica","fecha_de_publicacion":"01\/09\/2022","novedad":"1","paginas":"762","subtitulo":"","orden":"0","portada":"0","idioma":"spa","editorial":[{"ID":6127,"post_author":"3","post_date":"2022-07-28 17:45:28","post_date_gmt":"2022-07-28 15:45:28","post_content":"","post_title":"ARPA EDITORES","post_excerpt":"","post_status":"publish","comment_status":"closed","ping_status":"closed","post_password":"","post_name":"arpa-editores","to_ping":"","pinged":"","post_modified":"2022-07-28 17:45:28","post_modified_gmt":"2022-07-28 15:45:28","post_content_filtered":"","post_parent":0,"guid":"http:\/\/dev.claret.cat\/editorial\/arpa-editores\/","menu_order":0,"post_type":"editorial","post_mime_type":"","comment_count":"0","filter":"raw"}],"autores-libros":[{"ID":164503,"post_author":"3","post_date":"2022-10-14 17:47:35","post_date_gmt":"2022-10-14 15:47:35","post_content":"","post_title":"MATTHIEU RICARD","post_excerpt":"","post_status":"publish","comment_status":"closed","ping_status":"closed","post_password":"","post_name":"matthieu-ricard","to_ping":"","pinged":"","post_modified":"2022-10-14 17:47:35","post_modified_gmt":"2022-10-14 15:47:35","post_content_filtered":"","post_parent":0,"guid":"http:\/\/dev.claret.cat\/autor\/matthieu-ricard\/","menu_order":0,"post_type":"autor","post_mime_type":"","comment_count":"0","filter":"raw"}]},"aioseo_notices":[],"_links":{"self":[{"href":"https:\/\/www.claret.cat\/es\/wp-json\/wp\/v2\/product\/34678","targetHints":{"allow":["GET"]}}],"collection":[{"href":"https:\/\/www.claret.cat\/es\/wp-json\/wp\/v2\/product"}],"about":[{"href":"https:\/\/www.claret.cat\/es\/wp-json\/wp\/v2\/types\/product"}],"wp:featuredmedia":[{"embeddable":true,"href":"https:\/\/www.claret.cat\/es\/wp-json\/wp\/v2\/media\/390755"}],"wp:attachment":[{"href":"https:\/\/www.claret.cat\/es\/wp-json\/wp\/v2\/media?parent=34678"}],"wp:term":[{"taxonomy":"product_brand","embeddable":true,"href":"https:\/\/www.claret.cat\/es\/wp-json\/wp\/v2\/product_brand?post=34678"},{"taxonomy":"product_cat","embeddable":true,"href":"https:\/\/www.claret.cat\/es\/wp-json\/wp\/v2\/product_cat?post=34678"},{"taxonomy":"product_tag","embeddable":true,"href":"https:\/\/www.claret.cat\/es\/wp-json\/wp\/v2\/product_tag?post=34678"}],"curies":[{"name":"wp","href":"https:\/\/api.w.org\/{rel}","templated":true}]}}