{"id":34696,"date":"2022-10-02T17:52:03","date_gmt":"2022-10-02T15:52:03","guid":{"rendered":"http:\/\/dev.claret.cat\/producte\/pensamiento-critico-ilustrado\/"},"modified":"2023-10-06T08:13:13","modified_gmt":"2023-10-06T06:13:13","slug":"pensamiento-critico-ilustrado-9788418702402","status":"publish","type":"product","link":"https:\/\/www.claret.cat\/es\/libro\/pensamiento-critico-ilustrado-9788418702402\/","title":{"rendered":"PENSAMIENTO CR\u00cdTICO ILUSTRADO"},"content":{"rendered":"<p>Este libro es dos libros a la vez. El primero es un manual de autodefensa mental que ense\u00f1a de qu\u00e9 modo resistir a la manipulaci\u00f3n y a la confusi\u00f3n mediante diversas estrategias para neutralizar la propaganda, el emocionalismo, el dogmatismo y el nihilismo. El segundo es un elogio de los grandes valores ilustrados, como el amor por la verdad, el ejercicio de la tolerancia, la defensa de la democracia, la promoci\u00f3n de un laicismo respetuoso, el valor de la amistad y la b\u00fasqueda de la felicidad para el mayor n\u00famero de personas. Todo ello con un estilo claro y \u00e1gil, lleno de referencias, an\u00e9cdotas, ejercicios y numerosas ilustraciones y esquemas. El resultado, que hubiera apreciado el propio Voltaire, es una obra capaz de modelar ciudadanos cr\u00edticos y democr\u00e1ticos.<\/p>\n","protected":false},"excerpt":{"rendered":"<p>CASTANY PRADO, BERNAT<\/p>\n","protected":false},"featured_media":51695,"template":"","meta":{"_acf_changed":false,"om_disable_all_campaigns":false,"rs_blank_template":"","rs_page_bg_color":"","slide_template_v7":"","inline_featured_image":false,"_monsterinsights_skip_tracking":false},"product_brand":[],"product_cat":[438],"product_tag":[],"class_list":["post-34696","product","type-product","status-publish","has-post-thumbnail","product_cat-historia-y-corrientes-filosofia-2_humanidades","first","instock","taxable","shipping-taxable","purchasable","product-type-simple"],"acf":{"autor":"CASTANY PRADO, BERNAT","codart":"841870240","libros-coleccion":"Avizor","ediciones":"1","encuadernacion":"R\u00fastica","fecha_de_publicacion":"01\/09\/2022","novedad":"1","paginas":"143","subtitulo":"","orden":"0","portada":"0","idioma":"spa","editorial":[{"ID":148873,"post_author":"3","post_date":"2022-10-14 12:01:39","post_date_gmt":"2022-10-14 10:01:39","post_content":"","post_title":"Thule","post_excerpt":"","post_status":"publish","comment_status":"closed","ping_status":"closed","post_password":"","post_name":"thule","to_ping":"","pinged":"","post_modified":"2022-10-14 12:01:39","post_modified_gmt":"2022-10-14 10:01:39","post_content_filtered":"","post_parent":0,"guid":"http:\/\/dev.claret.cat\/editorial\/thule\/","menu_order":0,"post_type":"editorial","post_mime_type":"","comment_count":"0","filter":"raw"}],"autores-libros":[{"ID":151635,"post_author":"3","post_date":"2022-10-14 14:42:26","post_date_gmt":"2022-10-14 12:42:26","post_content":"","post_title":"BERNAT CASTANY PRADO","post_excerpt":"","post_status":"publish","comment_status":"closed","ping_status":"closed","post_password":"","post_name":"bernat-castany-prado","to_ping":"","pinged":"","post_modified":"2022-10-14 14:42:26","post_modified_gmt":"2022-10-14 12:42:26","post_content_filtered":"","post_parent":0,"guid":"http:\/\/dev.claret.cat\/autor\/bernat-castany-prado\/","menu_order":0,"post_type":"autor","post_mime_type":"","comment_count":"0","filter":"raw"}]},"aioseo_notices":[],"aioseo_head":"\n\t\t<!-- All in One SEO Pro 5.0.1.1 - aioseo.com -->\n\t<meta name=\"description\" content=\"PENSAMIENTO CR\u00cdTICO ILUSTRADO de CASTANY PRADO, BERNAT disponible a\/en Llibreria Claret.\" \/>\n\t<meta name=\"robots\" content=\"max-image-preview:large\" \/>\n\t<meta name=\"google-site-verification\" content=\"xVtlFxJ-TfkIu-D-lt7XeLobefg5EIQiXTuqcSf8Rf0\" \/>\n\t<link rel=\"canonical\" href=\"https:\/\/www.claret.cat\/es\/libro\/pensamiento-critico-ilustrado-9788418702402\/\" \/>\n\t<meta name=\"generator\" content=\"All in One SEO Pro (AIOSEO) 5.0.1.1\" \/>\n\t\t<meta property=\"og:locale\" content=\"es_ES\" \/>\n\t\t<meta property=\"og:site_name\" content=\"Llibreria Claret - Llibreria religiosa a Barcelona\" \/>\n\t\t<meta property=\"og:type\" content=\"article\" \/>\n\t\t<meta property=\"og:title\" content=\"PENSAMIENTO CR\u00cdTICO ILUSTRADO - CASTANY PRADO, BERNAT 9788418702402 | Llibreria Claret\" \/>\n\t\t<meta property=\"og:description\" content=\"PENSAMIENTO CR\u00cdTICO ILUSTRADO de CASTANY PRADO, BERNAT disponible a\/en Llibreria Claret.\" \/>\n\t\t<meta property=\"og:url\" content=\"https:\/\/www.claret.cat\/es\/libro\/pensamiento-critico-ilustrado-9788418702402\/\" \/>\n\t\t<meta property=\"og:image\" content=\"https:\/\/dev.claret.cat\/wp-content\/uploads\/logo-claret.svg\" \/>\n\t\t<meta property=\"og:image:secure_url\" content=\"https:\/\/dev.claret.cat\/wp-content\/uploads\/logo-claret.svg\" \/>\n\t\t<meta property=\"article:published_time\" content=\"2022-10-02T15:52:03+00:00\" \/>\n\t\t<meta property=\"article:modified_time\" content=\"2023-10-06T06:13:13+00:00\" \/>\n\t\t<meta property=\"article:publisher\" content=\"https:\/\/www.facebook.com\/LlibreriaClaret\" \/>\n\t\t<meta name=\"twitter:card\" content=\"summary_large_image\" \/>\n\t\t<meta name=\"twitter:site\" content=\"@LlibreriaClaret\" \/>\n\t\t<meta name=\"twitter:title\" content=\"PENSAMIENTO CR\u00cdTICO ILUSTRADO - CASTANY PRADO, BERNAT 9788418702402 | Llibreria Claret\" \/>\n\t\t<meta name=\"twitter:description\" content=\"PENSAMIENTO CR\u00cdTICO ILUSTRADO de CASTANY PRADO, BERNAT disponible a\/en Llibreria Claret.\" \/>\n\t\t<meta name=\"twitter:image\" content=\"http:\/\/dev.claret.cat\/wp-content\/uploads\/logo-claret.svg\" \/>\n\t\t<script type=\"application\/ld+json\" class=\"aioseo-schema\">\n\t\t\t{\"@context\":\"https:\\\/\\\/schema.org\",\"@graph\":[{\"@type\":\"BreadcrumbList\",\"@id\":\"https:\\\/\\\/www.claret.cat\\\/es\\\/libro\\\/pensamiento-critico-ilustrado-9788418702402\\\/#breadcrumblist\",\"itemListElement\":[{\"@type\":\"ListItem\",\"@id\":\"https:\\\/\\\/www.claret.cat\\\/es\\\/#listItem\",\"position\":1,\"name\":\"Home\",\"item\":\"https:\\\/\\\/www.claret.cat\\\/es\\\/\",\"nextItem\":{\"@type\":\"ListItem\",\"@id\":\"https:\\\/\\\/www.claret.cat\\\/?page_id=16#listItem\",\"name\":\"Botiga\"}},{\"@type\":\"ListItem\",\"@id\":\"https:\\\/\\\/www.claret.cat\\\/?page_id=16#listItem\",\"position\":2,\"name\":\"Botiga\",\"item\":\"https:\\\/\\\/www.claret.cat\\\/?page_id=16\",\"nextItem\":{\"@type\":\"ListItem\",\"@id\":\"https:\\\/\\\/www.claret.cat\\\/categoria-producto\\\/spa\\\/#listItem\",\"name\":\"SPA\"},\"previousItem\":{\"@type\":\"ListItem\",\"@id\":\"https:\\\/\\\/www.claret.cat\\\/es\\\/#listItem\",\"name\":\"Home\"}},{\"@type\":\"ListItem\",\"@id\":\"https:\\\/\\\/www.claret.cat\\\/categoria-producto\\\/spa\\\/#listItem\",\"position\":3,\"name\":\"SPA\",\"item\":\"https:\\\/\\\/www.claret.cat\\\/categoria-producto\\\/spa\\\/\",\"nextItem\":{\"@type\":\"ListItem\",\"@id\":\"https:\\\/\\\/www.claret.cat\\\/es\\\/categoria-producto\\\/spa\\\/2_humanidades\\\/#listItem\",\"name\":\"Humanidades\"},\"previousItem\":{\"@type\":\"ListItem\",\"@id\":\"https:\\\/\\\/www.claret.cat\\\/?page_id=16#listItem\",\"name\":\"Botiga\"}},{\"@type\":\"ListItem\",\"@id\":\"https:\\\/\\\/www.claret.cat\\\/es\\\/categoria-producto\\\/spa\\\/2_humanidades\\\/#listItem\",\"position\":4,\"name\":\"Humanidades\",\"item\":\"https:\\\/\\\/www.claret.cat\\\/es\\\/categoria-producto\\\/spa\\\/2_humanidades\\\/\",\"nextItem\":{\"@type\":\"ListItem\",\"@id\":\"https:\\\/\\\/www.claret.cat\\\/es\\\/categoria-producto\\\/spa\\\/2_humanidades\\\/filosofia-2_humanidades\\\/#listItem\",\"name\":\"Filosof\\u00eda\"},\"previousItem\":{\"@type\":\"ListItem\",\"@id\":\"https:\\\/\\\/www.claret.cat\\\/categoria-producto\\\/spa\\\/#listItem\",\"name\":\"SPA\"}},{\"@type\":\"ListItem\",\"@id\":\"https:\\\/\\\/www.claret.cat\\\/es\\\/categoria-producto\\\/spa\\\/2_humanidades\\\/filosofia-2_humanidades\\\/#listItem\",\"position\":5,\"name\":\"Filosof\\u00eda\",\"item\":\"https:\\\/\\\/www.claret.cat\\\/es\\\/categoria-producto\\\/spa\\\/2_humanidades\\\/filosofia-2_humanidades\\\/\",\"nextItem\":{\"@type\":\"ListItem\",\"@id\":\"https:\\\/\\\/www.claret.cat\\\/es\\\/categoria-producto\\\/spa\\\/2_humanidades\\\/filosofia-2_humanidades\\\/historia-y-corrientes-filosofia-2_humanidades\\\/#listItem\",\"name\":\"Historia y Corrientes\"},\"previousItem\":{\"@type\":\"ListItem\",\"@id\":\"https:\\\/\\\/www.claret.cat\\\/es\\\/categoria-producto\\\/spa\\\/2_humanidades\\\/#listItem\",\"name\":\"Humanidades\"}},{\"@type\":\"ListItem\",\"@id\":\"https:\\\/\\\/www.claret.cat\\\/es\\\/categoria-producto\\\/spa\\\/2_humanidades\\\/filosofia-2_humanidades\\\/historia-y-corrientes-filosofia-2_humanidades\\\/#listItem\",\"position\":6,\"name\":\"Historia y Corrientes\",\"item\":\"https:\\\/\\\/www.claret.cat\\\/es\\\/categoria-producto\\\/spa\\\/2_humanidades\\\/filosofia-2_humanidades\\\/historia-y-corrientes-filosofia-2_humanidades\\\/\",\"nextItem\":{\"@type\":\"ListItem\",\"@id\":\"https:\\\/\\\/www.claret.cat\\\/es\\\/libro\\\/pensamiento-critico-ilustrado-9788418702402\\\/#listItem\",\"name\":\"PENSAMIENTO CR\\u00cdTICO ILUSTRADO\"},\"previousItem\":{\"@type\":\"ListItem\",\"@id\":\"https:\\\/\\\/www.claret.cat\\\/es\\\/categoria-producto\\\/spa\\\/2_humanidades\\\/filosofia-2_humanidades\\\/#listItem\",\"name\":\"Filosof\\u00eda\"}},{\"@type\":\"ListItem\",\"@id\":\"https:\\\/\\\/www.claret.cat\\\/es\\\/libro\\\/pensamiento-critico-ilustrado-9788418702402\\\/#listItem\",\"position\":7,\"name\":\"PENSAMIENTO CR\\u00cdTICO ILUSTRADO\",\"previousItem\":{\"@type\":\"ListItem\",\"@id\":\"https:\\\/\\\/www.claret.cat\\\/es\\\/categoria-producto\\\/spa\\\/2_humanidades\\\/filosofia-2_humanidades\\\/historia-y-corrientes-filosofia-2_humanidades\\\/#listItem\",\"name\":\"Historia y Corrientes\"}}]},{\"@type\":\"ItemPage\",\"@id\":\"https:\\\/\\\/www.claret.cat\\\/es\\\/libro\\\/pensamiento-critico-ilustrado-9788418702402\\\/#itempage\",\"url\":\"https:\\\/\\\/www.claret.cat\\\/es\\\/libro\\\/pensamiento-critico-ilustrado-9788418702402\\\/\",\"name\":\"PENSAMIENTO CR\\u00cdTICO ILUSTRADO - CASTANY PRADO, BERNAT 9788418702402 | Llibreria Claret\",\"description\":\"PENSAMIENTO CR\\u00cdTICO ILUSTRADO de CASTANY PRADO, BERNAT disponible a\\\/en Llibreria Claret.\",\"inLanguage\":\"es-ES\",\"isPartOf\":{\"@id\":\"https:\\\/\\\/www.claret.cat\\\/es\\\/#website\"},\"breadcrumb\":{\"@id\":\"https:\\\/\\\/www.claret.cat\\\/es\\\/libro\\\/pensamiento-critico-ilustrado-9788418702402\\\/#breadcrumblist\"},\"image\":{\"@type\":\"ImageObject\",\"url\":\"https:\\\/\\\/www.claret.cat\\\/wp-content\\\/uploads\\\/.\\\/9788418702402.jpg\",\"@id\":\"https:\\\/\\\/www.claret.cat\\\/es\\\/libro\\\/pensamiento-critico-ilustrado-9788418702402\\\/#mainImage\",\"width\":225,\"height\":225,\"caption\":\"9788418702402.jpg\"},\"primaryImageOfPage\":{\"@id\":\"https:\\\/\\\/www.claret.cat\\\/es\\\/libro\\\/pensamiento-critico-ilustrado-9788418702402\\\/#mainImage\"},\"datePublished\":\"2022-10-02T17:52:03+02:00\",\"dateModified\":\"2023-10-06T08:13:13+02:00\"},{\"@type\":\"Organization\",\"@id\":\"https:\\\/\\\/www.claret.cat\\\/es\\\/#organization\",\"name\":\"Llibreria Claret\",\"description\":\"Llibreria religiosa a Barcelona\",\"url\":\"https:\\\/\\\/www.claret.cat\\\/es\\\/\",\"email\":\"comunicacio@claret.cat\",\"telephone\":\"+34933010887\",\"logo\":{\"@type\":\"ImageObject\",\"url\":\"https:\\\/\\\/www.claret.cat\\\/wp-content\\\/uploads\\\/.\\\/logo-claret-es.png\",\"@id\":\"https:\\\/\\\/www.claret.cat\\\/es\\\/libro\\\/pensamiento-critico-ilustrado-9788418702402\\\/#organizationLogo\",\"width\":195,\"height\":79},\"image\":{\"@id\":\"https:\\\/\\\/www.claret.cat\\\/es\\\/libro\\\/pensamiento-critico-ilustrado-9788418702402\\\/#organizationLogo\"},\"sameAs\":[\"https:\\\/\\\/www.facebook.com\\\/LlibreriaClaret\",\"https:\\\/\\\/twitter.com\\\/LlibreriaClaret\",\"https:\\\/\\\/www.instagram.com\\\/llibreriaclaret\\\/\",\"https:\\\/\\\/www.tiktok.com\\\/@llibreriaclaret\",\"https:\\\/\\\/www.youtube.com\\\/@llibreriaclaret\",\"https:\\\/\\\/ca.wikipedia.org\\\/wiki\\\/Editorial_Claret\"]},{\"@type\":\"WebPage\",\"@id\":\"https:\\\/\\\/www.claret.cat\\\/es\\\/libro\\\/pensamiento-critico-ilustrado-9788418702402\\\/#webpage\",\"url\":\"https:\\\/\\\/www.claret.cat\\\/es\\\/libro\\\/pensamiento-critico-ilustrado-9788418702402\\\/\",\"name\":\"PENSAMIENTO CR\\u00cdTICO ILUSTRADO - CASTANY PRADO, BERNAT 9788418702402 | Llibreria Claret\",\"description\":\"PENSAMIENTO CR\\u00cdTICO ILUSTRADO de CASTANY PRADO, BERNAT disponible a\\\/en Llibreria Claret.\",\"inLanguage\":\"es-ES\",\"isPartOf\":{\"@id\":\"https:\\\/\\\/www.claret.cat\\\/es\\\/#website\"},\"breadcrumb\":{\"@id\":\"https:\\\/\\\/www.claret.cat\\\/es\\\/libro\\\/pensamiento-critico-ilustrado-9788418702402\\\/#breadcrumblist\"},\"image\":{\"@type\":\"ImageObject\",\"url\":\"https:\\\/\\\/www.claret.cat\\\/wp-content\\\/uploads\\\/.\\\/9788418702402.jpg\",\"@id\":\"https:\\\/\\\/www.claret.cat\\\/es\\\/libro\\\/pensamiento-critico-ilustrado-9788418702402\\\/#mainImage\",\"width\":225,\"height\":225,\"caption\":\"9788418702402.jpg\"},\"primaryImageOfPage\":{\"@id\":\"https:\\\/\\\/www.claret.cat\\\/es\\\/libro\\\/pensamiento-critico-ilustrado-9788418702402\\\/#mainImage\"},\"datePublished\":\"2022-10-02T17:52:03+02:00\",\"dateModified\":\"2023-10-06T08:13:13+02:00\"},{\"@type\":\"WebSite\",\"@id\":\"https:\\\/\\\/www.claret.cat\\\/es\\\/#website\",\"url\":\"https:\\\/\\\/www.claret.cat\\\/es\\\/\",\"name\":\"Llibreria Claret Barcelona\",\"alternateName\":\"Llibreria Claret\",\"description\":\"Llibreria religiosa a Barcelona\",\"inLanguage\":\"es-ES\",\"publisher\":{\"@id\":\"https:\\\/\\\/www.claret.cat\\\/es\\\/#organization\"}}]}\n\t\t<\/script>\n\t\t<!-- All in One SEO Pro -->\r\n\t\t<title>PENSAMIENTO CR\u00cdTICO ILUSTRADO - CASTANY PRADO, BERNAT 9788418702402 | Llibreria Claret<\/title>\n\n","aioseo_head_json":{"title":"PENSAMIENTO CR\u00cdTICO ILUSTRADO - CASTANY PRADO, BERNAT 9788418702402 | Llibreria Claret","description":"PENSAMIENTO CR\u00cdTICO ILUSTRADO de CASTANY PRADO, BERNAT disponible a\/en Llibreria Claret.","canonical_url":"https:\/\/www.claret.cat\/es\/libro\/pensamiento-critico-ilustrado-9788418702402\/","robots":"max-image-preview:large","keywords":"","webmasterTools":{"google-site-verification":"xVtlFxJ-TfkIu-D-lt7XeLobefg5EIQiXTuqcSf8Rf0","miscellaneous":""},"schema":{"@context":"https:\/\/schema.org","@graph":[{"@type":"BreadcrumbList","@id":"https:\/\/www.claret.cat\/es\/libro\/pensamiento-critico-ilustrado-9788418702402\/#breadcrumblist","itemListElement":[{"@type":"ListItem","@id":"https:\/\/www.claret.cat\/es\/#listItem","position":1,"name":"Home","item":"https:\/\/www.claret.cat\/es\/","nextItem":{"@type":"ListItem","@id":"https:\/\/www.claret.cat\/?page_id=16#listItem","name":"Botiga"}},{"@type":"ListItem","@id":"https:\/\/www.claret.cat\/?page_id=16#listItem","position":2,"name":"Botiga","item":"https:\/\/www.claret.cat\/?page_id=16","nextItem":{"@type":"ListItem","@id":"https:\/\/www.claret.cat\/categoria-producto\/spa\/#listItem","name":"SPA"},"previousItem":{"@type":"ListItem","@id":"https:\/\/www.claret.cat\/es\/#listItem","name":"Home"}},{"@type":"ListItem","@id":"https:\/\/www.claret.cat\/categoria-producto\/spa\/#listItem","position":3,"name":"SPA","item":"https:\/\/www.claret.cat\/categoria-producto\/spa\/","nextItem":{"@type":"ListItem","@id":"https:\/\/www.claret.cat\/es\/categoria-producto\/spa\/2_humanidades\/#listItem","name":"Humanidades"},"previousItem":{"@type":"ListItem","@id":"https:\/\/www.claret.cat\/?page_id=16#listItem","name":"Botiga"}},{"@type":"ListItem","@id":"https:\/\/www.claret.cat\/es\/categoria-producto\/spa\/2_humanidades\/#listItem","position":4,"name":"Humanidades","item":"https:\/\/www.claret.cat\/es\/categoria-producto\/spa\/2_humanidades\/","nextItem":{"@type":"ListItem","@id":"https:\/\/www.claret.cat\/es\/categoria-producto\/spa\/2_humanidades\/filosofia-2_humanidades\/#listItem","name":"Filosof\u00eda"},"previousItem":{"@type":"ListItem","@id":"https:\/\/www.claret.cat\/categoria-producto\/spa\/#listItem","name":"SPA"}},{"@type":"ListItem","@id":"https:\/\/www.claret.cat\/es\/categoria-producto\/spa\/2_humanidades\/filosofia-2_humanidades\/#listItem","position":5,"name":"Filosof\u00eda","item":"https:\/\/www.claret.cat\/es\/categoria-producto\/spa\/2_humanidades\/filosofia-2_humanidades\/","nextItem":{"@type":"ListItem","@id":"https:\/\/www.claret.cat\/es\/categoria-producto\/spa\/2_humanidades\/filosofia-2_humanidades\/historia-y-corrientes-filosofia-2_humanidades\/#listItem","name":"Historia y Corrientes"},"previousItem":{"@type":"ListItem","@id":"https:\/\/www.claret.cat\/es\/categoria-producto\/spa\/2_humanidades\/#listItem","name":"Humanidades"}},{"@type":"ListItem","@id":"https:\/\/www.claret.cat\/es\/categoria-producto\/spa\/2_humanidades\/filosofia-2_humanidades\/historia-y-corrientes-filosofia-2_humanidades\/#listItem","position":6,"name":"Historia y Corrientes","item":"https:\/\/www.claret.cat\/es\/categoria-producto\/spa\/2_humanidades\/filosofia-2_humanidades\/historia-y-corrientes-filosofia-2_humanidades\/","nextItem":{"@type":"ListItem","@id":"https:\/\/www.claret.cat\/es\/libro\/pensamiento-critico-ilustrado-9788418702402\/#listItem","name":"PENSAMIENTO CR\u00cdTICO ILUSTRADO"},"previousItem":{"@type":"ListItem","@id":"https:\/\/www.claret.cat\/es\/categoria-producto\/spa\/2_humanidades\/filosofia-2_humanidades\/#listItem","name":"Filosof\u00eda"}},{"@type":"ListItem","@id":"https:\/\/www.claret.cat\/es\/libro\/pensamiento-critico-ilustrado-9788418702402\/#listItem","position":7,"name":"PENSAMIENTO CR\u00cdTICO ILUSTRADO","previousItem":{"@type":"ListItem","@id":"https:\/\/www.claret.cat\/es\/categoria-producto\/spa\/2_humanidades\/filosofia-2_humanidades\/historia-y-corrientes-filosofia-2_humanidades\/#listItem","name":"Historia y Corrientes"}}]},{"@type":"ItemPage","@id":"https:\/\/www.claret.cat\/es\/libro\/pensamiento-critico-ilustrado-9788418702402\/#itempage","url":"https:\/\/www.claret.cat\/es\/libro\/pensamiento-critico-ilustrado-9788418702402\/","name":"PENSAMIENTO CR\u00cdTICO ILUSTRADO - CASTANY PRADO, BERNAT 9788418702402 | Llibreria Claret","description":"PENSAMIENTO CR\u00cdTICO ILUSTRADO de CASTANY PRADO, BERNAT disponible a\/en Llibreria Claret.","inLanguage":"es-ES","isPartOf":{"@id":"https:\/\/www.claret.cat\/es\/#website"},"breadcrumb":{"@id":"https:\/\/www.claret.cat\/es\/libro\/pensamiento-critico-ilustrado-9788418702402\/#breadcrumblist"},"image":{"@type":"ImageObject","url":"https:\/\/www.claret.cat\/wp-content\/uploads\/.\/9788418702402.jpg","@id":"https:\/\/www.claret.cat\/es\/libro\/pensamiento-critico-ilustrado-9788418702402\/#mainImage","width":225,"height":225,"caption":"9788418702402.jpg"},"primaryImageOfPage":{"@id":"https:\/\/www.claret.cat\/es\/libro\/pensamiento-critico-ilustrado-9788418702402\/#mainImage"},"datePublished":"2022-10-02T17:52:03+02:00","dateModified":"2023-10-06T08:13:13+02:00"},{"@type":"Organization","@id":"https:\/\/www.claret.cat\/es\/#organization","name":"Llibreria Claret","description":"Llibreria religiosa a Barcelona","url":"https:\/\/www.claret.cat\/es\/","email":"comunicacio@claret.cat","telephone":"+34933010887","logo":{"@type":"ImageObject","url":"https:\/\/www.claret.cat\/wp-content\/uploads\/.\/logo-claret-es.png","@id":"https:\/\/www.claret.cat\/es\/libro\/pensamiento-critico-ilustrado-9788418702402\/#organizationLogo","width":195,"height":79},"image":{"@id":"https:\/\/www.claret.cat\/es\/libro\/pensamiento-critico-ilustrado-9788418702402\/#organizationLogo"},"sameAs":["https:\/\/www.facebook.com\/LlibreriaClaret","https:\/\/twitter.com\/LlibreriaClaret","https:\/\/www.instagram.com\/llibreriaclaret\/","https:\/\/www.tiktok.com\/@llibreriaclaret","https:\/\/www.youtube.com\/@llibreriaclaret","https:\/\/ca.wikipedia.org\/wiki\/Editorial_Claret"]},{"@type":"WebPage","@id":"https:\/\/www.claret.cat\/es\/libro\/pensamiento-critico-ilustrado-9788418702402\/#webpage","url":"https:\/\/www.claret.cat\/es\/libro\/pensamiento-critico-ilustrado-9788418702402\/","name":"PENSAMIENTO CR\u00cdTICO ILUSTRADO - CASTANY PRADO, BERNAT 9788418702402 | Llibreria Claret","description":"PENSAMIENTO CR\u00cdTICO ILUSTRADO de CASTANY PRADO, BERNAT disponible a\/en Llibreria Claret.","inLanguage":"es-ES","isPartOf":{"@id":"https:\/\/www.claret.cat\/es\/#website"},"breadcrumb":{"@id":"https:\/\/www.claret.cat\/es\/libro\/pensamiento-critico-ilustrado-9788418702402\/#breadcrumblist"},"image":{"@type":"ImageObject","url":"https:\/\/www.claret.cat\/wp-content\/uploads\/.\/9788418702402.jpg","@id":"https:\/\/www.claret.cat\/es\/libro\/pensamiento-critico-ilustrado-9788418702402\/#mainImage","width":225,"height":225,"caption":"9788418702402.jpg"},"primaryImageOfPage":{"@id":"https:\/\/www.claret.cat\/es\/libro\/pensamiento-critico-ilustrado-9788418702402\/#mainImage"},"datePublished":"2022-10-02T17:52:03+02:00","dateModified":"2023-10-06T08:13:13+02:00"},{"@type":"WebSite","@id":"https:\/\/www.claret.cat\/es\/#website","url":"https:\/\/www.claret.cat\/es\/","name":"Llibreria Claret Barcelona","alternateName":"Llibreria Claret","description":"Llibreria religiosa a Barcelona","inLanguage":"es-ES","publisher":{"@id":"https:\/\/www.claret.cat\/es\/#organization"}}]},"og:locale":"es_ES","og:site_name":"Llibreria Claret - Llibreria religiosa a Barcelona","og:type":"article","og:title":"PENSAMIENTO CR\u00cdTICO ILUSTRADO - CASTANY PRADO, BERNAT 9788418702402 | Llibreria Claret","og:description":"PENSAMIENTO CR\u00cdTICO ILUSTRADO de CASTANY PRADO, BERNAT disponible a\/en Llibreria Claret.","og:url":"https:\/\/www.claret.cat\/es\/libro\/pensamiento-critico-ilustrado-9788418702402\/","og:image":"https:\/\/dev.claret.cat\/wp-content\/uploads\/logo-claret.svg","og:image:secure_url":"https:\/\/dev.claret.cat\/wp-content\/uploads\/logo-claret.svg","article:published_time":"2022-10-02T15:52:03+00:00","article:modified_time":"2023-10-06T06:13:13+00:00","article:publisher":"https:\/\/www.facebook.com\/LlibreriaClaret","twitter:card":"summary_large_image","twitter:site":"@LlibreriaClaret","twitter:title":"PENSAMIENTO CR\u00cdTICO ILUSTRADO - CASTANY PRADO, BERNAT 9788418702402 | Llibreria Claret","twitter:description":"PENSAMIENTO CR\u00cdTICO ILUSTRADO de CASTANY PRADO, BERNAT disponible a\/en Llibreria Claret.","twitter:image":"http:\/\/dev.claret.cat\/wp-content\/uploads\/logo-claret.svg"},"aioseo_meta_data":{"post_id":"34696","title":null,"description":null,"keywords":null,"keyphrases":null,"primary_term":null,"canonical_url":null,"og_title":null,"og_description":null,"og_object_type":"default","og_image_type":"default","og_image_url":null,"og_image_width":null,"og_image_height":null,"og_image_custom_url":null,"og_image_custom_fields":null,"og_video":null,"og_custom_url":null,"og_article_section":null,"og_article_tags":null,"twitter_use_og":false,"twitter_card":"default","twitter_image_type":"default","twitter_image_url":null,"twitter_image_custom_url":null,"twitter_image_custom_fields":null,"twitter_title":null,"twitter_description":null,"schema":{"blockGraphs":[],"customGraphs":[],"default":{"data":{"Article":[],"Course":[],"Dataset":[],"FAQPage":[],"Movie":[],"Person":[],"Product":[],"ProductReview":[],"Car":[],"Recipe":[],"Service":[],"SoftwareApplication":[],"WebPage":[]},"graphName":"","isEnabled":true},"graphs":[]},"schema_type":"default","schema_type_options":null,"pillar_content":false,"robots_default":true,"robots_noindex":false,"robots_noarchive":false,"robots_nosnippet":false,"robots_nofollow":false,"robots_noimageindex":false,"robots_noodp":false,"robots_notranslate":false,"robots_max_snippet":null,"robots_max_videopreview":null,"robots_max_imagepreview":"large","priority":null,"frequency":null,"local_seo":null,"seo_analyzer_scan_date":"2025-11-12 20:59:16","breadcrumb_settings":null,"limit_modified_date":false,"open_ai":null,"ai":null,"created":"2022-12-18 12:09:38","updated":"2025-11-12 20:59:16","focus_keyword":null,"additional_keywords":null,"truseo_locale":null},"aioseo_breadcrumb":"<div class=\"aioseo-breadcrumbs\"><span class=\"aioseo-breadcrumb\">\n\t<a href=\"https:\/\/www.claret.cat\/es\/\" title=\"Home\">Home<\/a>\n<\/span><span class=\"aioseo-breadcrumb-separator\">&raquo;<\/span><span class=\"aioseo-breadcrumb\">\n\t<a href=\"https:\/\/www.claret.cat\/?page_id=16\" title=\"Botiga\">Botiga<\/a>\n<\/span><span class=\"aioseo-breadcrumb-separator\">&raquo;<\/span><span class=\"aioseo-breadcrumb\">\n\t<a href=\"https:\/\/www.claret.cat\/categoria-producto\/spa\/\" title=\"SPA\">SPA<\/a>\n<\/span><span class=\"aioseo-breadcrumb-separator\">&raquo;<\/span><span class=\"aioseo-breadcrumb\">\n\t<a href=\"https:\/\/www.claret.cat\/es\/categoria-producto\/spa\/2_humanidades\/\" title=\"Humanidades\">Humanidades<\/a>\n<\/span><span class=\"aioseo-breadcrumb-separator\">&raquo;<\/span><span class=\"aioseo-breadcrumb\">\n\t<a href=\"https:\/\/www.claret.cat\/es\/categoria-producto\/spa\/2_humanidades\/filosofia-2_humanidades\/\" title=\"Filosof\u00eda\">Filosof\u00eda<\/a>\n<\/span><span class=\"aioseo-breadcrumb-separator\">&raquo;<\/span><span class=\"aioseo-breadcrumb\">\n\t<a href=\"https:\/\/www.claret.cat\/es\/categoria-producto\/spa\/2_humanidades\/filosofia-2_humanidades\/historia-y-corrientes-filosofia-2_humanidades\/\" title=\"Historia y Corrientes\">Historia y Corrientes<\/a>\n<\/span><span class=\"aioseo-breadcrumb-separator\">&raquo;<\/span><span class=\"aioseo-breadcrumb\">\n\tPENSAMIENTO CR\u00cdTICO ILUSTRADO\n<\/span><\/div>","aioseo_breadcrumb_json":[{"label":"Home","link":"https:\/\/www.claret.cat\/es\/"},{"label":"Botiga","link":"https:\/\/www.claret.cat\/?page_id=16"},{"label":"SPA","link":"https:\/\/www.claret.cat\/categoria-producto\/spa\/"},{"label":"Humanidades","link":"https:\/\/www.claret.cat\/es\/categoria-producto\/spa\/2_humanidades\/"},{"label":"Filosof\u00eda","link":"https:\/\/www.claret.cat\/es\/categoria-producto\/spa\/2_humanidades\/filosofia-2_humanidades\/"},{"label":"Historia y Corrientes","link":"https:\/\/www.claret.cat\/es\/categoria-producto\/spa\/2_humanidades\/filosofia-2_humanidades\/historia-y-corrientes-filosofia-2_humanidades\/"},{"label":"PENSAMIENTO CR\u00cdTICO ILUSTRADO","link":"https:\/\/www.claret.cat\/es\/libro\/pensamiento-critico-ilustrado-9788418702402\/"}],"_links":{"self":[{"href":"https:\/\/www.claret.cat\/es\/wp-json\/wp\/v2\/product\/34696","targetHints":{"allow":["GET"]}}],"collection":[{"href":"https:\/\/www.claret.cat\/es\/wp-json\/wp\/v2\/product"}],"about":[{"href":"https:\/\/www.claret.cat\/es\/wp-json\/wp\/v2\/types\/product"}],"wp:featuredmedia":[{"embeddable":true,"href":"https:\/\/www.claret.cat\/es\/wp-json\/wp\/v2\/media\/51695"}],"wp:attachment":[{"href":"https:\/\/www.claret.cat\/es\/wp-json\/wp\/v2\/media?parent=34696"}],"wp:term":[{"taxonomy":"product_brand","embeddable":true,"href":"https:\/\/www.claret.cat\/es\/wp-json\/wp\/v2\/product_brand?post=34696"},{"taxonomy":"product_cat","embeddable":true,"href":"https:\/\/www.claret.cat\/es\/wp-json\/wp\/v2\/product_cat?post=34696"},{"taxonomy":"product_tag","embeddable":true,"href":"https:\/\/www.claret.cat\/es\/wp-json\/wp\/v2\/product_tag?post=34696"}],"curies":[{"name":"wp","href":"https:\/\/api.w.org\/{rel}","templated":true}]}}