{"id":349466,"date":"2023-01-14T06:25:50","date_gmt":"2023-01-14T05:25:50","guid":{"rendered":"https:\/\/www.claret.cat\/llibre\/lo-divino-y-lo-humano-en-el-universo-de-stephen-hawking-9788470575365\/"},"modified":"2024-05-23T21:13:19","modified_gmt":"2024-05-23T19:13:19","slug":"lo-divino-y-lo-humano-en-el-universo-de-stephen-hawking-9788470575365","status":"publish","type":"product","link":"https:\/\/www.claret.cat\/es\/libro\/lo-divino-y-lo-humano-en-el-universo-de-stephen-hawking-9788470575365\/","title":{"rendered":"LO DIVINO Y LO HUMANO EN EL UNIVERSO DE STEPHEN HAWKING"},"content":{"rendered":"<p>Lo divino y lo humano en el Universo de Stephen Hawking, retorna, veinte a\u00f1os despu\u00e9s de la edici\u00f3n de Historia del Tiempo, la m\u00e1s famosa obra del f\u00edsico, el debate sobre las relaciones entre ciencia y fe, ilustrando lo infundado de muchos prejuicios. El propio Hawking, consideraba que una de las m\u00e1s importantes consecuencias de su tesis era la casi eliminaci\u00f3n de Dios en cuanto Creador.<br \/>Sin embargo, \u00bfno ser\u00e1 todo lo contrario? El modelo de Historia del Tiempo podr\u00eda resultar particularmente \u00fatil como punto de partida para los argumentos cosmol\u00f3gicos de la teolog\u00eda natural.<\/p>\n","protected":false},"excerpt":{"rendered":"<p>SOLER GIL, FRANCISCO JOS\u00c9<\/p>\n","protected":false},"featured_media":349467,"template":"","meta":{"_acf_changed":false,"om_disable_all_campaigns":false,"rs_blank_template":"","rs_page_bg_color":"","slide_template_v7":"","inline_featured_image":false,"_monsterinsights_skip_tracking":false,"_monsterinsights_sitenote_active":false,"_monsterinsights_sitenote_note":"","_monsterinsights_sitenote_category":0},"product_brand":[],"product_cat":[279,509,169,440,275,413,278,508],"product_tag":[],"class_list":{"0":"post-349466","1":"product","2":"type-product","3":"status-publish","4":"has-post-thumbnail","6":"product_cat-antropologia-teologica","7":"product_cat-antropologia-teologica-teologia-1_espiritualidad","8":"product_cat-de-la-ciencia","9":"product_cat-de-la-ciencia-filosofia-2_humanidades","10":"product_cat-fonamental","11":"product_cat-fundamental","12":"product_cat-misteri-de-deu","13":"product_cat-misterio-de-dios","15":"first","16":"instock","17":"taxable","18":"shipping-taxable","19":"purchasable","20":"product-type-simple"},"acf":{"editorial":[{"ID":6173,"post_author":"3","post_date":"2022-07-28 17:46:28","post_date_gmt":"2022-07-28 15:46:28","post_content":"","post_title":"Cristiandad","post_excerpt":"","post_status":"publish","comment_status":"closed","ping_status":"closed","post_password":"","post_name":"cristiandad","to_ping":"","pinged":"","post_modified":"2022-07-28 17:46:28","post_modified_gmt":"2022-07-28 15:46:28","post_content_filtered":"","post_parent":0,"guid":"http:\/\/dev.claret.cat\/editorial\/cristiandad\/","menu_order":0,"post_type":"editorial","post_mime_type":"","comment_count":"0","filter":"raw"}],"autores-libros":[{"ID":156272,"post_author":"3","post_date":"2022-10-14 15:19:29","post_date_gmt":"2022-10-14 13:19:29","post_content":"","post_title":"FRANCISCO JOS\u00c9 SOLER GIL","post_excerpt":"","post_status":"publish","comment_status":"closed","ping_status":"closed","post_password":"","post_name":"francisco-jose-soler-gil","to_ping":"","pinged":"","post_modified":"2022-10-14 15:19:29","post_modified_gmt":"2022-10-14 13:19:29","post_content_filtered":"","post_parent":0,"guid":"http:\/\/dev.claret.cat\/autor\/francisco-jose-soler-gil\/","menu_order":0,"post_type":"autor","post_mime_type":"","comment_count":"0","filter":"raw"}],"autor":"SOLER GIL, FRANCISCO JOS\u00c9","codart":"847057536","libros-coleccion":"Ciencia y Fe","ediciones":"1","encuadernacion":"R\u00fastica","fecha_de_publicacion":"17\/11\/2008","novedad":"0","paginas":"314","subtitulo":"","orden":"999","portada":"0","idioma":"spa"},"aioseo_notices":[],"_links":{"self":[{"href":"https:\/\/www.claret.cat\/es\/wp-json\/wp\/v2\/product\/349466","targetHints":{"allow":["GET"]}}],"collection":[{"href":"https:\/\/www.claret.cat\/es\/wp-json\/wp\/v2\/product"}],"about":[{"href":"https:\/\/www.claret.cat\/es\/wp-json\/wp\/v2\/types\/product"}],"wp:featuredmedia":[{"embeddable":true,"href":"https:\/\/www.claret.cat\/es\/wp-json\/wp\/v2\/media\/349467"}],"wp:attachment":[{"href":"https:\/\/www.claret.cat\/es\/wp-json\/wp\/v2\/media?parent=349466"}],"wp:term":[{"taxonomy":"product_brand","embeddable":true,"href":"https:\/\/www.claret.cat\/es\/wp-json\/wp\/v2\/product_brand?post=349466"},{"taxonomy":"product_cat","embeddable":true,"href":"https:\/\/www.claret.cat\/es\/wp-json\/wp\/v2\/product_cat?post=349466"},{"taxonomy":"product_tag","embeddable":true,"href":"https:\/\/www.claret.cat\/es\/wp-json\/wp\/v2\/product_tag?post=349466"}],"curies":[{"name":"wp","href":"https:\/\/api.w.org\/{rel}","templated":true}]}}