{"id":353267,"date":"2023-01-14T14:13:05","date_gmt":"2023-01-14T13:13:05","guid":{"rendered":"https:\/\/www.claret.cat\/llibre\/a-vino-nuevo-odres-nuevos-9788479666705\/"},"modified":"2024-05-23T14:16:21","modified_gmt":"2024-05-23T12:16:21","slug":"a-vino-nuevo-odres-nuevos-9788479666705","status":"publish","type":"product","link":"https:\/\/www.claret.cat\/es\/libro\/a-vino-nuevo-odres-nuevos-9788479666705\/","title":{"rendered":"A VINO NUEVO, ODRES NUEVOS"},"content":{"rendered":"<p>Es imprescindible valorar si los odres que contienen el &#8216;vino nuevo&#8217; producido en el largo tiempo de la renovaci\u00f3n son convenientes para favorecer su total maduraci\u00f3n.<br \/>No hay que tener temor de renunciar a los &#8216;odres viejos&#8217; y renovar toda tradici\u00f3n o estructura que ya no responda a lo que Dios nos solicita hoy para expandir su reino en el mundo. Estos nuevos tiempos demandan de nosotros una novedad que ha de ir m\u00e1s all\u00e1 de la adaptaci\u00f3n para plasmar, desde el discernimiento, un testimonio evang\u00e9lico y carism\u00e1tico adecuado para nuestra \u00e9poca.<br \/>En la presente obra se recogen las ponencias de la 48\u00aa Semana Nacional para Institutos de Vida Consagrada, organizada por el ITVR (Madrid). Expertos en vida consagrada y pastores comprometidos nos invitan con sus meditaciones a seguir manteniendo encendida la llama de esta manera preciosa y original de seguir a Jesucristo.<br \/>Intervienen: Card. Aquilino Bocos Merino, Miguel \u00c1ngel Velasco, Estela Aldave, Rino Cozza, Julio L. Mart\u00ednez, Tiziana Longhitano, Carmen Ros, Carlos Mart\u00ednez Oliveras.<\/p>\n","protected":false},"excerpt":{"rendered":"<p>MART\u00cdNEZ OLIVERAS, CARLOS<\/p>\n","protected":false},"featured_media":353444,"template":"","meta":{"_acf_changed":false,"om_disable_all_campaigns":false,"rs_blank_template":"","rs_page_bg_color":"","slide_template_v7":"","inline_featured_image":false,"_monsterinsights_skip_tracking":false,"_monsterinsights_sitenote_active":false,"_monsterinsights_sitenote_note":"","_monsterinsights_sitenote_category":0},"product_brand":[],"product_cat":[93,543,345,79,342,76,542,92],"product_tag":[],"class_list":{"0":"post-353267","1":"product","2":"type-product","3":"status-publish","4":"has-post-thumbnail","6":"product_cat-eclesiologia","7":"product_cat-eclesiologia-es","8":"product_cat-espiritualidad","9":"product_cat-espiritualitat","10":"product_cat-teologia-1_espiritualidad","11":"product_cat-teologia","12":"product_cat-vida-religiosa-1_espiritualidad-spa","13":"product_cat-vida-religiosa","15":"first","16":"instock","17":"taxable","18":"shipping-taxable","19":"purchasable","20":"product-type-simple"},"acf":{"editorial":[{"ID":6337,"post_author":"3","post_date":"2022-07-28 17:50:01","post_date_gmt":"2022-07-28 15:50:01","post_content":"","post_title":"Publicaciones Claretianas","post_excerpt":"","post_status":"publish","comment_status":"closed","ping_status":"closed","post_password":"","post_name":"publicaciones-claretianas","to_ping":"","pinged":"","post_modified":"2022-07-28 17:50:01","post_modified_gmt":"2022-07-28 15:50:01","post_content_filtered":"","post_parent":0,"guid":"http:\/\/dev.claret.cat\/editorial\/publicaciones-claretianas\/","menu_order":0,"post_type":"editorial","post_mime_type":"","comment_count":"0","filter":"raw"}],"autores-libros":[{"ID":152285,"post_author":"3","post_date":"2022-10-14 14:47:33","post_date_gmt":"2022-10-14 12:47:33","post_content":"","post_title":"CARLOS MART\u00cdNEZ OLIVERAS","post_excerpt":"","post_status":"publish","comment_status":"closed","ping_status":"closed","post_password":"","post_name":"carlos-martinez-oliveras","to_ping":"","pinged":"","post_modified":"2022-10-14 14:47:33","post_modified_gmt":"2022-10-14 12:47:33","post_content_filtered":"","post_parent":0,"guid":"http:\/\/dev.claret.cat\/autor\/carlos-martinez-oliveras\/","menu_order":0,"post_type":"autor","post_mime_type":"","comment_count":"0","filter":"raw"}],"autor":"MART\u00cdNEZ OLIVERAS, CARLOS","codart":"847966670","libros-coleccion":"Congresos","ediciones":"1","encuadernacion":"R\u00fastica","fecha_de_publicacion":"18\/06\/2019","novedad":"1","paginas":"284","subtitulo":"TIEMPOS DE REFORMA ECLESIAL","orden":"0","portada":"0","idioma":"spa"},"aioseo_notices":[],"_links":{"self":[{"href":"https:\/\/www.claret.cat\/es\/wp-json\/wp\/v2\/product\/353267","targetHints":{"allow":["GET"]}}],"collection":[{"href":"https:\/\/www.claret.cat\/es\/wp-json\/wp\/v2\/product"}],"about":[{"href":"https:\/\/www.claret.cat\/es\/wp-json\/wp\/v2\/types\/product"}],"wp:featuredmedia":[{"embeddable":true,"href":"https:\/\/www.claret.cat\/es\/wp-json\/wp\/v2\/media\/353444"}],"wp:attachment":[{"href":"https:\/\/www.claret.cat\/es\/wp-json\/wp\/v2\/media?parent=353267"}],"wp:term":[{"taxonomy":"product_brand","embeddable":true,"href":"https:\/\/www.claret.cat\/es\/wp-json\/wp\/v2\/product_brand?post=353267"},{"taxonomy":"product_cat","embeddable":true,"href":"https:\/\/www.claret.cat\/es\/wp-json\/wp\/v2\/product_cat?post=353267"},{"taxonomy":"product_tag","embeddable":true,"href":"https:\/\/www.claret.cat\/es\/wp-json\/wp\/v2\/product_tag?post=353267"}],"curies":[{"name":"wp","href":"https:\/\/api.w.org\/{rel}","templated":true}]}}