{"id":35821,"date":"2022-10-02T18:09:32","date_gmt":"2022-10-02T16:09:32","guid":{"rendered":"http:\/\/dev.claret.cat\/producte\/principe-valiente-1971-1972\/"},"modified":"2023-10-06T09:32:31","modified_gmt":"2023-10-06T07:32:31","slug":"principe-valiente-19711972-9788418898808","status":"publish","type":"product","link":"https:\/\/www.claret.cat\/es\/libro\/principe-valiente-19711972-9788418898808\/","title":{"rendered":"PR\u00cdNCIPE VALIENTE 1971-1972"},"content":{"rendered":"<p>Aleta, reina de las islas de la Bruma, vuelve a su peque\u00f1o reino mediterr\u00e1neo tras lo que parece su ruptura definitiva con su esposo. Y en Camelot, un desolado pr\u00edncipe Valiente vaga como alma en pena buscando el consejo de un Merl\u00edn al que no podr\u00e1 encontrar. Cuando comprende que su destino est\u00e1 irremediablemente unido a Aleta, cruza mares y tierras en su b\u00fasqueda, iniciando la segunda conquista de la reina de cabellos de miel. Pero Europa, el norte de Africa y el mar interior est\u00e1n llenos de peligros que retrasan una y otra vez su viaje\u2026<\/p>\n<p> Hal Foster cede a John Cullen Murphy los pinceles de su obra maestra, mientras contin\u00faa escribiendo las aventuras del pr\u00edncipe vikingo. La aventura tiene a\u00fan un largo recorrido. La segunda gran etapa de Pr\u00edncipe Valiente nos espera.<\/p>\n","protected":false},"excerpt":{"rendered":"<p>R. FOSTER, HAROLD \/ CULLEN MURPHY, JOHN<\/p>\n","protected":false},"featured_media":52683,"template":"","meta":{"_acf_changed":false,"om_disable_all_campaigns":false,"rs_blank_template":"","rs_page_bg_color":"","slide_template_v7":"","inline_featured_image":false,"_monsterinsights_skip_tracking":false},"product_brand":[],"product_cat":[558],"product_tag":[],"class_list":["post-35821","product","type-product","status-publish","has-post-thumbnail","product_cat-comic-3_infantil-juvenil-spa-spa","first","instock","taxable","shipping-taxable","purchasable","product-type-simple"],"acf":{"autor":"R. FOSTER, HAROLD \/ CULLEN MURPHY, JOHN","codart":"841889880","libros-coleccion":"","ediciones":"1","encuadernacion":"Carton\u00e9","fecha_de_publicacion":"01\/04\/2022","novedad":"1","paginas":"0","subtitulo":"","orden":"0","portada":"0","idioma":"spa","editorial":[{"ID":148672,"post_author":"3","post_date":"2022-10-14 12:00:05","post_date_gmt":"2022-10-14 10:00:05","post_content":"","post_title":"Plan B Publicaciones","post_excerpt":"","post_status":"publish","comment_status":"closed","ping_status":"closed","post_password":"","post_name":"plan-b-publicaciones","to_ping":"","pinged":"","post_modified":"2022-10-14 12:00:05","post_modified_gmt":"2022-10-14 10:00:05","post_content_filtered":"","post_parent":0,"guid":"http:\/\/dev.claret.cat\/editorial\/plan-b-publicaciones\/","menu_order":0,"post_type":"editorial","post_mime_type":"","comment_count":"0","filter":"raw"}],"autores-libros":[{"ID":157378,"post_author":"3","post_date":"2022-10-14 15:28:21","post_date_gmt":"2022-10-14 13:28:21","post_content":"","post_title":"HAROLD R. FOSTER","post_excerpt":"","post_status":"publish","comment_status":"closed","ping_status":"closed","post_password":"","post_name":"harold-r-foster","to_ping":"","pinged":"","post_modified":"2022-10-14 15:28:21","post_modified_gmt":"2022-10-14 13:28:21","post_content_filtered":"","post_parent":0,"guid":"http:\/\/dev.claret.cat\/autor\/harold-r-foster\/","menu_order":0,"post_type":"autor","post_mime_type":"","comment_count":"0","filter":"raw"},{"ID":159629,"post_author":"3","post_date":"2022-10-14 15:46:25","post_date_gmt":"2022-10-14 13:46:25","post_content":"","post_title":"JOHN CULLEN MURPHY","post_excerpt":"","post_status":"publish","comment_status":"closed","ping_status":"closed","post_password":"","post_name":"john-cullen-murphy","to_ping":"","pinged":"","post_modified":"2022-10-14 15:46:25","post_modified_gmt":"2022-10-14 13:46:25","post_content_filtered":"","post_parent":0,"guid":"http:\/\/dev.claret.cat\/autor\/john-cullen-murphy\/","menu_order":0,"post_type":"autor","post_mime_type":"","comment_count":"0","filter":"raw"}]},"aioseo_notices":[],"aioseo_head":"\n\t\t<!-- All in One SEO Pro 5.0.1.1 - aioseo.com -->\n\t<meta name=\"description\" content=\"PR\u00cdNCIPE VALIENTE 1971-1972 de R. FOSTER, HAROLD \/ CULLEN MURPHY, JOHN disponible a\/en Llibreria Claret.\" \/>\n\t<meta name=\"robots\" content=\"max-image-preview:large\" \/>\n\t<meta name=\"google-site-verification\" content=\"xVtlFxJ-TfkIu-D-lt7XeLobefg5EIQiXTuqcSf8Rf0\" \/>\n\t<link rel=\"canonical\" href=\"https:\/\/www.claret.cat\/es\/libro\/principe-valiente-19711972-9788418898808\/\" \/>\n\t<meta name=\"generator\" content=\"All in One SEO Pro (AIOSEO) 5.0.1.1\" \/>\n\t\t<meta property=\"og:locale\" content=\"es_ES\" \/>\n\t\t<meta property=\"og:site_name\" content=\"Llibreria Claret - Llibreria religiosa a Barcelona\" \/>\n\t\t<meta property=\"og:type\" content=\"article\" \/>\n\t\t<meta property=\"og:title\" content=\"PR\u00cdNCIPE VALIENTE 1971-1972 - R. FOSTER, HAROLD \/ CULLEN MURPHY, JOHN 9788418898808 | Llibreria Claret\" \/>\n\t\t<meta property=\"og:description\" content=\"PR\u00cdNCIPE VALIENTE 1971-1972 de R. FOSTER, HAROLD \/ CULLEN MURPHY, JOHN disponible a\/en Llibreria Claret.\" \/>\n\t\t<meta property=\"og:url\" content=\"https:\/\/www.claret.cat\/es\/libro\/principe-valiente-19711972-9788418898808\/\" \/>\n\t\t<meta property=\"og:image\" content=\"https:\/\/dev.claret.cat\/wp-content\/uploads\/logo-claret.svg\" \/>\n\t\t<meta property=\"og:image:secure_url\" content=\"https:\/\/dev.claret.cat\/wp-content\/uploads\/logo-claret.svg\" \/>\n\t\t<meta property=\"article:published_time\" content=\"2022-10-02T16:09:32+00:00\" \/>\n\t\t<meta property=\"article:modified_time\" content=\"2023-10-06T07:32:31+00:00\" \/>\n\t\t<meta property=\"article:publisher\" content=\"https:\/\/www.facebook.com\/LlibreriaClaret\" \/>\n\t\t<meta name=\"twitter:card\" content=\"summary_large_image\" \/>\n\t\t<meta name=\"twitter:site\" content=\"@LlibreriaClaret\" \/>\n\t\t<meta name=\"twitter:title\" content=\"PR\u00cdNCIPE VALIENTE 1971-1972 - R. FOSTER, HAROLD \/ CULLEN MURPHY, JOHN 9788418898808 | Llibreria Claret\" \/>\n\t\t<meta name=\"twitter:description\" content=\"PR\u00cdNCIPE VALIENTE 1971-1972 de R. FOSTER, HAROLD \/ CULLEN MURPHY, JOHN disponible a\/en Llibreria Claret.\" \/>\n\t\t<meta name=\"twitter:image\" content=\"http:\/\/dev.claret.cat\/wp-content\/uploads\/logo-claret.svg\" \/>\n\t\t<script type=\"application\/ld+json\" class=\"aioseo-schema\">\n\t\t\t{\"@context\":\"https:\\\/\\\/schema.org\",\"@graph\":[{\"@type\":\"BreadcrumbList\",\"@id\":\"https:\\\/\\\/www.claret.cat\\\/es\\\/libro\\\/principe-valiente-19711972-9788418898808\\\/#breadcrumblist\",\"itemListElement\":[{\"@type\":\"ListItem\",\"@id\":\"https:\\\/\\\/www.claret.cat\\\/es\\\/#listItem\",\"position\":1,\"name\":\"Home\",\"item\":\"https:\\\/\\\/www.claret.cat\\\/es\\\/\",\"nextItem\":{\"@type\":\"ListItem\",\"@id\":\"https:\\\/\\\/www.claret.cat\\\/?page_id=16#listItem\",\"name\":\"Botiga\"}},{\"@type\":\"ListItem\",\"@id\":\"https:\\\/\\\/www.claret.cat\\\/?page_id=16#listItem\",\"position\":2,\"name\":\"Botiga\",\"item\":\"https:\\\/\\\/www.claret.cat\\\/?page_id=16\",\"nextItem\":{\"@type\":\"ListItem\",\"@id\":\"https:\\\/\\\/www.claret.cat\\\/categoria-producto\\\/spa\\\/#listItem\",\"name\":\"SPA\"},\"previousItem\":{\"@type\":\"ListItem\",\"@id\":\"https:\\\/\\\/www.claret.cat\\\/es\\\/#listItem\",\"name\":\"Home\"}},{\"@type\":\"ListItem\",\"@id\":\"https:\\\/\\\/www.claret.cat\\\/categoria-producto\\\/spa\\\/#listItem\",\"position\":3,\"name\":\"SPA\",\"item\":\"https:\\\/\\\/www.claret.cat\\\/categoria-producto\\\/spa\\\/\",\"nextItem\":{\"@type\":\"ListItem\",\"@id\":\"https:\\\/\\\/www.claret.cat\\\/es\\\/categoria-producto\\\/spa\\\/3_infantil-juvenil-spa\\\/#listItem\",\"name\":\"Infantil\\\/Juvenil\"},\"previousItem\":{\"@type\":\"ListItem\",\"@id\":\"https:\\\/\\\/www.claret.cat\\\/?page_id=16#listItem\",\"name\":\"Botiga\"}},{\"@type\":\"ListItem\",\"@id\":\"https:\\\/\\\/www.claret.cat\\\/es\\\/categoria-producto\\\/spa\\\/3_infantil-juvenil-spa\\\/#listItem\",\"position\":4,\"name\":\"Infantil\\\/Juvenil\",\"item\":\"https:\\\/\\\/www.claret.cat\\\/es\\\/categoria-producto\\\/spa\\\/3_infantil-juvenil-spa\\\/\",\"nextItem\":{\"@type\":\"ListItem\",\"@id\":\"https:\\\/\\\/www.claret.cat\\\/es\\\/categoria-producto\\\/spa\\\/3_infantil-juvenil-spa\\\/comic-3_infantil-juvenil-spa-spa\\\/#listItem\",\"name\":\"C\\u00f3mic\"},\"previousItem\":{\"@type\":\"ListItem\",\"@id\":\"https:\\\/\\\/www.claret.cat\\\/categoria-producto\\\/spa\\\/#listItem\",\"name\":\"SPA\"}},{\"@type\":\"ListItem\",\"@id\":\"https:\\\/\\\/www.claret.cat\\\/es\\\/categoria-producto\\\/spa\\\/3_infantil-juvenil-spa\\\/comic-3_infantil-juvenil-spa-spa\\\/#listItem\",\"position\":5,\"name\":\"C\\u00f3mic\",\"item\":\"https:\\\/\\\/www.claret.cat\\\/es\\\/categoria-producto\\\/spa\\\/3_infantil-juvenil-spa\\\/comic-3_infantil-juvenil-spa-spa\\\/\",\"nextItem\":{\"@type\":\"ListItem\",\"@id\":\"https:\\\/\\\/www.claret.cat\\\/es\\\/libro\\\/principe-valiente-19711972-9788418898808\\\/#listItem\",\"name\":\"PR\\u00cdNCIPE VALIENTE 1971-1972\"},\"previousItem\":{\"@type\":\"ListItem\",\"@id\":\"https:\\\/\\\/www.claret.cat\\\/es\\\/categoria-producto\\\/spa\\\/3_infantil-juvenil-spa\\\/#listItem\",\"name\":\"Infantil\\\/Juvenil\"}},{\"@type\":\"ListItem\",\"@id\":\"https:\\\/\\\/www.claret.cat\\\/es\\\/libro\\\/principe-valiente-19711972-9788418898808\\\/#listItem\",\"position\":6,\"name\":\"PR\\u00cdNCIPE VALIENTE 1971-1972\",\"previousItem\":{\"@type\":\"ListItem\",\"@id\":\"https:\\\/\\\/www.claret.cat\\\/es\\\/categoria-producto\\\/spa\\\/3_infantil-juvenil-spa\\\/comic-3_infantil-juvenil-spa-spa\\\/#listItem\",\"name\":\"C\\u00f3mic\"}}]},{\"@type\":\"ItemPage\",\"@id\":\"https:\\\/\\\/www.claret.cat\\\/es\\\/libro\\\/principe-valiente-19711972-9788418898808\\\/#itempage\",\"url\":\"https:\\\/\\\/www.claret.cat\\\/es\\\/libro\\\/principe-valiente-19711972-9788418898808\\\/\",\"name\":\"PR\\u00cdNCIPE VALIENTE 1971-1972 - R. FOSTER, HAROLD \\\/ CULLEN MURPHY, JOHN 9788418898808 | Llibreria Claret\",\"description\":\"PR\\u00cdNCIPE VALIENTE 1971-1972 de R. FOSTER, HAROLD \\\/ CULLEN MURPHY, JOHN disponible a\\\/en Llibreria Claret.\",\"inLanguage\":\"es-ES\",\"isPartOf\":{\"@id\":\"https:\\\/\\\/www.claret.cat\\\/es\\\/#website\"},\"breadcrumb\":{\"@id\":\"https:\\\/\\\/www.claret.cat\\\/es\\\/libro\\\/principe-valiente-19711972-9788418898808\\\/#breadcrumblist\"},\"image\":{\"@type\":\"ImageObject\",\"url\":\"https:\\\/\\\/www.claret.cat\\\/wp-content\\\/uploads\\\/.\\\/9788418898808.jpg\",\"@id\":\"https:\\\/\\\/www.claret.cat\\\/es\\\/libro\\\/principe-valiente-19711972-9788418898808\\\/#mainImage\",\"width\":225,\"height\":316,\"caption\":\"9788418898808.jpg\"},\"primaryImageOfPage\":{\"@id\":\"https:\\\/\\\/www.claret.cat\\\/es\\\/libro\\\/principe-valiente-19711972-9788418898808\\\/#mainImage\"},\"datePublished\":\"2022-10-02T18:09:32+02:00\",\"dateModified\":\"2023-10-06T09:32:31+02:00\"},{\"@type\":\"Organization\",\"@id\":\"https:\\\/\\\/www.claret.cat\\\/es\\\/#organization\",\"name\":\"Llibreria Claret\",\"description\":\"Llibreria religiosa a Barcelona\",\"url\":\"https:\\\/\\\/www.claret.cat\\\/es\\\/\",\"email\":\"comunicacio@claret.cat\",\"telephone\":\"+34933010887\",\"logo\":{\"@type\":\"ImageObject\",\"url\":\"https:\\\/\\\/www.claret.cat\\\/wp-content\\\/uploads\\\/.\\\/logo-claret-es.png\",\"@id\":\"https:\\\/\\\/www.claret.cat\\\/es\\\/libro\\\/principe-valiente-19711972-9788418898808\\\/#organizationLogo\",\"width\":195,\"height\":79},\"image\":{\"@id\":\"https:\\\/\\\/www.claret.cat\\\/es\\\/libro\\\/principe-valiente-19711972-9788418898808\\\/#organizationLogo\"},\"sameAs\":[\"https:\\\/\\\/www.facebook.com\\\/LlibreriaClaret\",\"https:\\\/\\\/twitter.com\\\/LlibreriaClaret\",\"https:\\\/\\\/www.instagram.com\\\/llibreriaclaret\\\/\",\"https:\\\/\\\/www.tiktok.com\\\/@llibreriaclaret\",\"https:\\\/\\\/www.youtube.com\\\/@llibreriaclaret\",\"https:\\\/\\\/ca.wikipedia.org\\\/wiki\\\/Editorial_Claret\"]},{\"@type\":\"WebPage\",\"@id\":\"https:\\\/\\\/www.claret.cat\\\/es\\\/libro\\\/principe-valiente-19711972-9788418898808\\\/#webpage\",\"url\":\"https:\\\/\\\/www.claret.cat\\\/es\\\/libro\\\/principe-valiente-19711972-9788418898808\\\/\",\"name\":\"PR\\u00cdNCIPE VALIENTE 1971-1972 - R. FOSTER, HAROLD \\\/ CULLEN MURPHY, JOHN 9788418898808 | Llibreria Claret\",\"description\":\"PR\\u00cdNCIPE VALIENTE 1971-1972 de R. FOSTER, HAROLD \\\/ CULLEN MURPHY, JOHN disponible a\\\/en Llibreria Claret.\",\"inLanguage\":\"es-ES\",\"isPartOf\":{\"@id\":\"https:\\\/\\\/www.claret.cat\\\/es\\\/#website\"},\"breadcrumb\":{\"@id\":\"https:\\\/\\\/www.claret.cat\\\/es\\\/libro\\\/principe-valiente-19711972-9788418898808\\\/#breadcrumblist\"},\"image\":{\"@type\":\"ImageObject\",\"url\":\"https:\\\/\\\/www.claret.cat\\\/wp-content\\\/uploads\\\/.\\\/9788418898808.jpg\",\"@id\":\"https:\\\/\\\/www.claret.cat\\\/es\\\/libro\\\/principe-valiente-19711972-9788418898808\\\/#mainImage\",\"width\":225,\"height\":316,\"caption\":\"9788418898808.jpg\"},\"primaryImageOfPage\":{\"@id\":\"https:\\\/\\\/www.claret.cat\\\/es\\\/libro\\\/principe-valiente-19711972-9788418898808\\\/#mainImage\"},\"datePublished\":\"2022-10-02T18:09:32+02:00\",\"dateModified\":\"2023-10-06T09:32:31+02:00\"},{\"@type\":\"WebSite\",\"@id\":\"https:\\\/\\\/www.claret.cat\\\/es\\\/#website\",\"url\":\"https:\\\/\\\/www.claret.cat\\\/es\\\/\",\"name\":\"Llibreria Claret Barcelona\",\"alternateName\":\"Llibreria Claret\",\"description\":\"Llibreria religiosa a Barcelona\",\"inLanguage\":\"es-ES\",\"publisher\":{\"@id\":\"https:\\\/\\\/www.claret.cat\\\/es\\\/#organization\"}}]}\n\t\t<\/script>\n\t\t<!-- All in One SEO Pro -->\r\n\t\t<title>PR\u00cdNCIPE VALIENTE 1971-1972 - R. FOSTER, HAROLD \/ CULLEN MURPHY, JOHN 9788418898808 | Llibreria Claret<\/title>\n\n","aioseo_head_json":{"title":"PR\u00cdNCIPE VALIENTE 1971-1972 - R. FOSTER, HAROLD \/ CULLEN MURPHY, JOHN 9788418898808 | Llibreria Claret","description":"PR\u00cdNCIPE VALIENTE 1971-1972 de R. FOSTER, HAROLD \/ CULLEN MURPHY, JOHN disponible a\/en Llibreria Claret.","canonical_url":"https:\/\/www.claret.cat\/es\/libro\/principe-valiente-19711972-9788418898808\/","robots":"max-image-preview:large","keywords":"","webmasterTools":{"google-site-verification":"xVtlFxJ-TfkIu-D-lt7XeLobefg5EIQiXTuqcSf8Rf0","miscellaneous":""},"schema":{"@context":"https:\/\/schema.org","@graph":[{"@type":"BreadcrumbList","@id":"https:\/\/www.claret.cat\/es\/libro\/principe-valiente-19711972-9788418898808\/#breadcrumblist","itemListElement":[{"@type":"ListItem","@id":"https:\/\/www.claret.cat\/es\/#listItem","position":1,"name":"Home","item":"https:\/\/www.claret.cat\/es\/","nextItem":{"@type":"ListItem","@id":"https:\/\/www.claret.cat\/?page_id=16#listItem","name":"Botiga"}},{"@type":"ListItem","@id":"https:\/\/www.claret.cat\/?page_id=16#listItem","position":2,"name":"Botiga","item":"https:\/\/www.claret.cat\/?page_id=16","nextItem":{"@type":"ListItem","@id":"https:\/\/www.claret.cat\/categoria-producto\/spa\/#listItem","name":"SPA"},"previousItem":{"@type":"ListItem","@id":"https:\/\/www.claret.cat\/es\/#listItem","name":"Home"}},{"@type":"ListItem","@id":"https:\/\/www.claret.cat\/categoria-producto\/spa\/#listItem","position":3,"name":"SPA","item":"https:\/\/www.claret.cat\/categoria-producto\/spa\/","nextItem":{"@type":"ListItem","@id":"https:\/\/www.claret.cat\/es\/categoria-producto\/spa\/3_infantil-juvenil-spa\/#listItem","name":"Infantil\/Juvenil"},"previousItem":{"@type":"ListItem","@id":"https:\/\/www.claret.cat\/?page_id=16#listItem","name":"Botiga"}},{"@type":"ListItem","@id":"https:\/\/www.claret.cat\/es\/categoria-producto\/spa\/3_infantil-juvenil-spa\/#listItem","position":4,"name":"Infantil\/Juvenil","item":"https:\/\/www.claret.cat\/es\/categoria-producto\/spa\/3_infantil-juvenil-spa\/","nextItem":{"@type":"ListItem","@id":"https:\/\/www.claret.cat\/es\/categoria-producto\/spa\/3_infantil-juvenil-spa\/comic-3_infantil-juvenil-spa-spa\/#listItem","name":"C\u00f3mic"},"previousItem":{"@type":"ListItem","@id":"https:\/\/www.claret.cat\/categoria-producto\/spa\/#listItem","name":"SPA"}},{"@type":"ListItem","@id":"https:\/\/www.claret.cat\/es\/categoria-producto\/spa\/3_infantil-juvenil-spa\/comic-3_infantil-juvenil-spa-spa\/#listItem","position":5,"name":"C\u00f3mic","item":"https:\/\/www.claret.cat\/es\/categoria-producto\/spa\/3_infantil-juvenil-spa\/comic-3_infantil-juvenil-spa-spa\/","nextItem":{"@type":"ListItem","@id":"https:\/\/www.claret.cat\/es\/libro\/principe-valiente-19711972-9788418898808\/#listItem","name":"PR\u00cdNCIPE VALIENTE 1971-1972"},"previousItem":{"@type":"ListItem","@id":"https:\/\/www.claret.cat\/es\/categoria-producto\/spa\/3_infantil-juvenil-spa\/#listItem","name":"Infantil\/Juvenil"}},{"@type":"ListItem","@id":"https:\/\/www.claret.cat\/es\/libro\/principe-valiente-19711972-9788418898808\/#listItem","position":6,"name":"PR\u00cdNCIPE VALIENTE 1971-1972","previousItem":{"@type":"ListItem","@id":"https:\/\/www.claret.cat\/es\/categoria-producto\/spa\/3_infantil-juvenil-spa\/comic-3_infantil-juvenil-spa-spa\/#listItem","name":"C\u00f3mic"}}]},{"@type":"ItemPage","@id":"https:\/\/www.claret.cat\/es\/libro\/principe-valiente-19711972-9788418898808\/#itempage","url":"https:\/\/www.claret.cat\/es\/libro\/principe-valiente-19711972-9788418898808\/","name":"PR\u00cdNCIPE VALIENTE 1971-1972 - R. FOSTER, HAROLD \/ CULLEN MURPHY, JOHN 9788418898808 | Llibreria Claret","description":"PR\u00cdNCIPE VALIENTE 1971-1972 de R. FOSTER, HAROLD \/ CULLEN MURPHY, JOHN disponible a\/en Llibreria Claret.","inLanguage":"es-ES","isPartOf":{"@id":"https:\/\/www.claret.cat\/es\/#website"},"breadcrumb":{"@id":"https:\/\/www.claret.cat\/es\/libro\/principe-valiente-19711972-9788418898808\/#breadcrumblist"},"image":{"@type":"ImageObject","url":"https:\/\/www.claret.cat\/wp-content\/uploads\/.\/9788418898808.jpg","@id":"https:\/\/www.claret.cat\/es\/libro\/principe-valiente-19711972-9788418898808\/#mainImage","width":225,"height":316,"caption":"9788418898808.jpg"},"primaryImageOfPage":{"@id":"https:\/\/www.claret.cat\/es\/libro\/principe-valiente-19711972-9788418898808\/#mainImage"},"datePublished":"2022-10-02T18:09:32+02:00","dateModified":"2023-10-06T09:32:31+02:00"},{"@type":"Organization","@id":"https:\/\/www.claret.cat\/es\/#organization","name":"Llibreria Claret","description":"Llibreria religiosa a Barcelona","url":"https:\/\/www.claret.cat\/es\/","email":"comunicacio@claret.cat","telephone":"+34933010887","logo":{"@type":"ImageObject","url":"https:\/\/www.claret.cat\/wp-content\/uploads\/.\/logo-claret-es.png","@id":"https:\/\/www.claret.cat\/es\/libro\/principe-valiente-19711972-9788418898808\/#organizationLogo","width":195,"height":79},"image":{"@id":"https:\/\/www.claret.cat\/es\/libro\/principe-valiente-19711972-9788418898808\/#organizationLogo"},"sameAs":["https:\/\/www.facebook.com\/LlibreriaClaret","https:\/\/twitter.com\/LlibreriaClaret","https:\/\/www.instagram.com\/llibreriaclaret\/","https:\/\/www.tiktok.com\/@llibreriaclaret","https:\/\/www.youtube.com\/@llibreriaclaret","https:\/\/ca.wikipedia.org\/wiki\/Editorial_Claret"]},{"@type":"WebPage","@id":"https:\/\/www.claret.cat\/es\/libro\/principe-valiente-19711972-9788418898808\/#webpage","url":"https:\/\/www.claret.cat\/es\/libro\/principe-valiente-19711972-9788418898808\/","name":"PR\u00cdNCIPE VALIENTE 1971-1972 - R. FOSTER, HAROLD \/ CULLEN MURPHY, JOHN 9788418898808 | Llibreria Claret","description":"PR\u00cdNCIPE VALIENTE 1971-1972 de R. FOSTER, HAROLD \/ CULLEN MURPHY, JOHN disponible a\/en Llibreria Claret.","inLanguage":"es-ES","isPartOf":{"@id":"https:\/\/www.claret.cat\/es\/#website"},"breadcrumb":{"@id":"https:\/\/www.claret.cat\/es\/libro\/principe-valiente-19711972-9788418898808\/#breadcrumblist"},"image":{"@type":"ImageObject","url":"https:\/\/www.claret.cat\/wp-content\/uploads\/.\/9788418898808.jpg","@id":"https:\/\/www.claret.cat\/es\/libro\/principe-valiente-19711972-9788418898808\/#mainImage","width":225,"height":316,"caption":"9788418898808.jpg"},"primaryImageOfPage":{"@id":"https:\/\/www.claret.cat\/es\/libro\/principe-valiente-19711972-9788418898808\/#mainImage"},"datePublished":"2022-10-02T18:09:32+02:00","dateModified":"2023-10-06T09:32:31+02:00"},{"@type":"WebSite","@id":"https:\/\/www.claret.cat\/es\/#website","url":"https:\/\/www.claret.cat\/es\/","name":"Llibreria Claret Barcelona","alternateName":"Llibreria Claret","description":"Llibreria religiosa a Barcelona","inLanguage":"es-ES","publisher":{"@id":"https:\/\/www.claret.cat\/es\/#organization"}}]},"og:locale":"es_ES","og:site_name":"Llibreria Claret - Llibreria religiosa a Barcelona","og:type":"article","og:title":"PR\u00cdNCIPE VALIENTE 1971-1972 - R. FOSTER, HAROLD \/ CULLEN MURPHY, JOHN 9788418898808 | Llibreria Claret","og:description":"PR\u00cdNCIPE VALIENTE 1971-1972 de R. FOSTER, HAROLD \/ CULLEN MURPHY, JOHN disponible a\/en Llibreria Claret.","og:url":"https:\/\/www.claret.cat\/es\/libro\/principe-valiente-19711972-9788418898808\/","og:image":"https:\/\/dev.claret.cat\/wp-content\/uploads\/logo-claret.svg","og:image:secure_url":"https:\/\/dev.claret.cat\/wp-content\/uploads\/logo-claret.svg","article:published_time":"2022-10-02T16:09:32+00:00","article:modified_time":"2023-10-06T07:32:31+00:00","article:publisher":"https:\/\/www.facebook.com\/LlibreriaClaret","twitter:card":"summary_large_image","twitter:site":"@LlibreriaClaret","twitter:title":"PR\u00cdNCIPE VALIENTE 1971-1972 - R. FOSTER, HAROLD \/ CULLEN MURPHY, JOHN 9788418898808 | Llibreria Claret","twitter:description":"PR\u00cdNCIPE VALIENTE 1971-1972 de R. FOSTER, HAROLD \/ CULLEN MURPHY, JOHN disponible a\/en Llibreria Claret.","twitter:image":"http:\/\/dev.claret.cat\/wp-content\/uploads\/logo-claret.svg"},"aioseo_meta_data":{"post_id":"35821","title":null,"description":null,"keywords":null,"keyphrases":null,"primary_term":null,"canonical_url":null,"og_title":null,"og_description":null,"og_object_type":"default","og_image_type":"default","og_image_url":null,"og_image_width":null,"og_image_height":null,"og_image_custom_url":null,"og_image_custom_fields":null,"og_video":null,"og_custom_url":null,"og_article_section":null,"og_article_tags":null,"twitter_use_og":false,"twitter_card":"default","twitter_image_type":"default","twitter_image_url":null,"twitter_image_custom_url":null,"twitter_image_custom_fields":null,"twitter_title":null,"twitter_description":null,"schema":{"blockGraphs":[],"customGraphs":[],"default":{"data":{"Article":[],"Course":[],"Dataset":[],"FAQPage":[],"Movie":[],"Person":[],"Product":[],"ProductReview":[],"Car":[],"Recipe":[],"Service":[],"SoftwareApplication":[],"WebPage":[]},"graphName":"","isEnabled":true},"graphs":[]},"schema_type":"default","schema_type_options":null,"pillar_content":false,"robots_default":true,"robots_noindex":false,"robots_noarchive":false,"robots_nosnippet":false,"robots_nofollow":false,"robots_noimageindex":false,"robots_noodp":false,"robots_notranslate":false,"robots_max_snippet":null,"robots_max_videopreview":null,"robots_max_imagepreview":"large","priority":null,"frequency":null,"local_seo":null,"seo_analyzer_scan_date":"2025-11-12 22:49:26","breadcrumb_settings":null,"limit_modified_date":false,"open_ai":null,"ai":null,"created":"2022-12-18 12:47:41","updated":"2025-11-12 22:49:26","focus_keyword":null,"additional_keywords":null,"truseo_locale":null},"aioseo_breadcrumb":"<div class=\"aioseo-breadcrumbs\"><span class=\"aioseo-breadcrumb\">\n\t<a href=\"https:\/\/www.claret.cat\/es\/\" title=\"Home\">Home<\/a>\n<\/span><span class=\"aioseo-breadcrumb-separator\">&raquo;<\/span><span class=\"aioseo-breadcrumb\">\n\t<a href=\"https:\/\/www.claret.cat\/?page_id=16\" title=\"Botiga\">Botiga<\/a>\n<\/span><span class=\"aioseo-breadcrumb-separator\">&raquo;<\/span><span class=\"aioseo-breadcrumb\">\n\t<a href=\"https:\/\/www.claret.cat\/categoria-producto\/spa\/\" title=\"SPA\">SPA<\/a>\n<\/span><span class=\"aioseo-breadcrumb-separator\">&raquo;<\/span><span class=\"aioseo-breadcrumb\">\n\t<a href=\"https:\/\/www.claret.cat\/es\/categoria-producto\/spa\/3_infantil-juvenil-spa\/\" title=\"Infantil\/Juvenil\">Infantil\/Juvenil<\/a>\n<\/span><span class=\"aioseo-breadcrumb-separator\">&raquo;<\/span><span class=\"aioseo-breadcrumb\">\n\t<a href=\"https:\/\/www.claret.cat\/es\/categoria-producto\/spa\/3_infantil-juvenil-spa\/comic-3_infantil-juvenil-spa-spa\/\" title=\"C\u00f3mic\">C\u00f3mic<\/a>\n<\/span><span class=\"aioseo-breadcrumb-separator\">&raquo;<\/span><span class=\"aioseo-breadcrumb\">\n\tPR\u00cdNCIPE VALIENTE 1971-1972\n<\/span><\/div>","aioseo_breadcrumb_json":[{"label":"Home","link":"https:\/\/www.claret.cat\/es\/"},{"label":"Botiga","link":"https:\/\/www.claret.cat\/?page_id=16"},{"label":"SPA","link":"https:\/\/www.claret.cat\/categoria-producto\/spa\/"},{"label":"Infantil\/Juvenil","link":"https:\/\/www.claret.cat\/es\/categoria-producto\/spa\/3_infantil-juvenil-spa\/"},{"label":"C\u00f3mic","link":"https:\/\/www.claret.cat\/es\/categoria-producto\/spa\/3_infantil-juvenil-spa\/comic-3_infantil-juvenil-spa-spa\/"},{"label":"PR\u00cdNCIPE VALIENTE 1971-1972","link":"https:\/\/www.claret.cat\/es\/libro\/principe-valiente-19711972-9788418898808\/"}],"_links":{"self":[{"href":"https:\/\/www.claret.cat\/es\/wp-json\/wp\/v2\/product\/35821","targetHints":{"allow":["GET"]}}],"collection":[{"href":"https:\/\/www.claret.cat\/es\/wp-json\/wp\/v2\/product"}],"about":[{"href":"https:\/\/www.claret.cat\/es\/wp-json\/wp\/v2\/types\/product"}],"wp:featuredmedia":[{"embeddable":true,"href":"https:\/\/www.claret.cat\/es\/wp-json\/wp\/v2\/media\/52683"}],"wp:attachment":[{"href":"https:\/\/www.claret.cat\/es\/wp-json\/wp\/v2\/media?parent=35821"}],"wp:term":[{"taxonomy":"product_brand","embeddable":true,"href":"https:\/\/www.claret.cat\/es\/wp-json\/wp\/v2\/product_brand?post=35821"},{"taxonomy":"product_cat","embeddable":true,"href":"https:\/\/www.claret.cat\/es\/wp-json\/wp\/v2\/product_cat?post=35821"},{"taxonomy":"product_tag","embeddable":true,"href":"https:\/\/www.claret.cat\/es\/wp-json\/wp\/v2\/product_tag?post=35821"}],"curies":[{"name":"wp","href":"https:\/\/api.w.org\/{rel}","templated":true}]}}