{"id":358758,"date":"2023-01-15T04:10:32","date_gmt":"2023-01-15T03:10:32","guid":{"rendered":"https:\/\/www.claret.cat\/llibre\/la-esperanza-25-preguntas-9788490230657\/"},"modified":"2024-05-23T07:19:26","modified_gmt":"2024-05-23T05:19:26","slug":"la-esperanza-25-preguntas-9788490230657","status":"publish","type":"product","link":"https:\/\/www.claret.cat\/es\/libro\/la-esperanza-25-preguntas-9788490230657\/","title":{"rendered":"LA ESPERANZA, 25 PREGUNTAS?"},"content":{"rendered":"<p>Algunas preguntas para renovar conocimientos, profundizar en algunos conceptos o aclarar dudas: En el momento actual, \u00bfc\u00f3mo se valora la esperanza? \u00bfY c\u00f3mo solemos reaccionar las personas cuando se pierde la esperanza? \u00bfCumpli\u00f3 Jes\u00fas todas las esperanzas de su pueblo? \u00bfQu\u00e9 papel juega el Esp\u00edritu en la vida del que espera? \u00bfSe pueden separar la fe y el amor de la esperanza? \u00bfD\u00f3nde se puede aprender a vivir la esperanza?<\/p>\n","protected":false},"excerpt":{"rendered":"<p>FLECHA, JOS\u00c9 ROM\u00c1N<\/p>\n","protected":false},"featured_media":358759,"template":"","meta":{"_acf_changed":false,"om_disable_all_campaigns":false,"rs_blank_template":"","rs_page_bg_color":"","slide_template_v7":"","inline_featured_image":false,"_monsterinsights_skip_tracking":false,"_monsterinsights_sitenote_active":false,"_monsterinsights_sitenote_note":"","_monsterinsights_sitenote_category":0},"product_brand":[],"product_cat":[90,540],"product_tag":[],"class_list":{"0":"post-358758","1":"product","2":"type-product","3":"status-publish","4":"has-post-thumbnail","6":"product_cat-altres","7":"product_cat-otros","9":"first","10":"instock","11":"taxable","12":"shipping-taxable","13":"purchasable","14":"product-type-simple"},"acf":{"editorial":[{"ID":6155,"post_author":"3","post_date":"2022-07-28 17:46:04","post_date_gmt":"2022-07-28 15:46:04","post_content":"","post_title":"Central Catequ\u00edstica Salesiana","post_excerpt":"","post_status":"publish","comment_status":"closed","ping_status":"closed","post_password":"","post_name":"central-catequistica-salesiana","to_ping":"","pinged":"","post_modified":"2022-07-28 17:46:04","post_modified_gmt":"2022-07-28 15:46:04","post_content_filtered":"","post_parent":0,"guid":"http:\/\/dev.claret.cat\/editorial\/central-catequistica-salesiana\/","menu_order":0,"post_type":"editorial","post_mime_type":"","comment_count":"0","filter":"raw"}],"autores-libros":[{"ID":160572,"post_author":"3","post_date":"2022-10-14 15:54:09","post_date_gmt":"2022-10-14 13:54:09","post_content":"","post_title":"JOS\u00c9 ROM\u00c1N FLECHA","post_excerpt":"","post_status":"publish","comment_status":"closed","ping_status":"closed","post_password":"","post_name":"jose-roman-flecha-2","to_ping":"","pinged":"","post_modified":"2022-10-14 15:54:09","post_modified_gmt":"2022-10-14 13:54:09","post_content_filtered":"","post_parent":0,"guid":"http:\/\/dev.claret.cat\/autor\/jose-roman-flecha-2\/","menu_order":0,"post_type":"autor","post_mime_type":"","comment_count":"0","filter":"raw"}],"autor":"FLECHA, JOS\u00c9 ROM\u00c1N","codart":"849023065","libros-coleccion":"","ediciones":"1","encuadernacion":"R\u00fastica","fecha_de_publicacion":"19\/04\/2013","novedad":"0","paginas":"124","subtitulo":"","orden":"999","portada":"0","idioma":"spa"},"aioseo_notices":[],"_links":{"self":[{"href":"https:\/\/www.claret.cat\/es\/wp-json\/wp\/v2\/product\/358758","targetHints":{"allow":["GET"]}}],"collection":[{"href":"https:\/\/www.claret.cat\/es\/wp-json\/wp\/v2\/product"}],"about":[{"href":"https:\/\/www.claret.cat\/es\/wp-json\/wp\/v2\/types\/product"}],"wp:featuredmedia":[{"embeddable":true,"href":"https:\/\/www.claret.cat\/es\/wp-json\/wp\/v2\/media\/358759"}],"wp:attachment":[{"href":"https:\/\/www.claret.cat\/es\/wp-json\/wp\/v2\/media?parent=358758"}],"wp:term":[{"taxonomy":"product_brand","embeddable":true,"href":"https:\/\/www.claret.cat\/es\/wp-json\/wp\/v2\/product_brand?post=358758"},{"taxonomy":"product_cat","embeddable":true,"href":"https:\/\/www.claret.cat\/es\/wp-json\/wp\/v2\/product_cat?post=358758"},{"taxonomy":"product_tag","embeddable":true,"href":"https:\/\/www.claret.cat\/es\/wp-json\/wp\/v2\/product_tag?post=358758"}],"curies":[{"name":"wp","href":"https:\/\/api.w.org\/{rel}","templated":true}]}}