{"id":358807,"date":"2023-01-15T04:13:20","date_gmt":"2023-01-15T03:13:20","guid":{"rendered":"https:\/\/www.claret.cat\/llibre\/al-hilo-de-la-palabra-de-dios-ciclo-a-9788490231012\/"},"modified":"2024-05-23T07:15:41","modified_gmt":"2024-05-23T05:15:41","slug":"al-hilo-de-la-palabra-de-dios-ciclo-a-9788490231012","status":"publish","type":"product","link":"https:\/\/www.claret.cat\/es\/libro\/al-hilo-de-la-palabra-de-dios-ciclo-a-9788490231012\/","title":{"rendered":"AL HILO DE LA PALABRA DE DIOS. CICLO A"},"content":{"rendered":"<p>El libro quiere ser una ayuda para entrar en la casa de la Palabra en el D\u00eda del Se\u00f1or con actitudes de disc\u00edpulos seducidos por la Palabra, buscadores de Dios. Surge la necesidad de abrir la Palabra y abrirse a la Palabra en todos los momentos de la vida para no andar vac\u00edos de criterios ni con criterios vac\u00edos. As\u00ed, el domingo ser\u00e1 verdad D\u00eda del Se\u00f1or.<br \/>Se trata, pues, de toda una colecci\u00f3n de reflexiones u homil\u00edas breves para todos los domingos del a\u00f1o y fiestas m\u00e1s importantes seg\u00fan los textos del d\u00eda que se indican en la liturgia, terminando con una oraci\u00f3n.<\/p>\n","protected":false},"excerpt":{"rendered":"<p>MONTERO, DOMINGO J.<\/p>\n","protected":false},"featured_media":358808,"template":"","meta":{"_acf_changed":false,"om_disable_all_campaigns":false,"rs_blank_template":"","rs_page_bg_color":"","slide_template_v7":"","inline_featured_image":false,"_monsterinsights_skip_tracking":false,"_monsterinsights_sitenote_active":false,"_monsterinsights_sitenote_note":"","_monsterinsights_sitenote_category":0},"product_brand":[],"product_cat":[90,540],"product_tag":[],"class_list":{"0":"post-358807","1":"product","2":"type-product","3":"status-publish","4":"has-post-thumbnail","6":"product_cat-altres","7":"product_cat-otros","9":"first","10":"instock","11":"taxable","12":"shipping-taxable","13":"purchasable","14":"product-type-simple"},"acf":{"editorial":[{"ID":6155,"post_author":"3","post_date":"2022-07-28 17:46:04","post_date_gmt":"2022-07-28 15:46:04","post_content":"","post_title":"Central Catequ\u00edstica Salesiana","post_excerpt":"","post_status":"publish","comment_status":"closed","ping_status":"closed","post_password":"","post_name":"central-catequistica-salesiana","to_ping":"","pinged":"","post_modified":"2022-07-28 17:46:04","post_modified_gmt":"2022-07-28 15:46:04","post_content_filtered":"","post_parent":0,"guid":"http:\/\/dev.claret.cat\/editorial\/central-catequistica-salesiana\/","menu_order":0,"post_type":"editorial","post_mime_type":"","comment_count":"0","filter":"raw"}],"autores-libros":[{"ID":154264,"post_author":"3","post_date":"2022-10-14 15:03:25","post_date_gmt":"2022-10-14 13:03:25","post_content":"","post_title":"DOMINGO J. MONTERO","post_excerpt":"","post_status":"publish","comment_status":"closed","ping_status":"closed","post_password":"","post_name":"domingo-j-montero","to_ping":"","pinged":"","post_modified":"2022-10-14 15:03:25","post_modified_gmt":"2022-10-14 13:03:25","post_content_filtered":"","post_parent":0,"guid":"http:\/\/dev.claret.cat\/autor\/domingo-j-montero\/","menu_order":0,"post_type":"autor","post_mime_type":"","comment_count":"0","filter":"raw"}],"autor":"MONTERO, DOMINGO J.","codart":"849023101","libros-coleccion":"","ediciones":"1","encuadernacion":"R\u00fastica","fecha_de_publicacion":"22\/10\/2013","novedad":"0","paginas":"184","subtitulo":"DOMINGOS Y FIESTAS DEL A\u00d1O LIT\u00daRGICO - CICLO A","orden":"999","portada":"0","idioma":"spa"},"aioseo_notices":[],"_links":{"self":[{"href":"https:\/\/www.claret.cat\/es\/wp-json\/wp\/v2\/product\/358807","targetHints":{"allow":["GET"]}}],"collection":[{"href":"https:\/\/www.claret.cat\/es\/wp-json\/wp\/v2\/product"}],"about":[{"href":"https:\/\/www.claret.cat\/es\/wp-json\/wp\/v2\/types\/product"}],"wp:featuredmedia":[{"embeddable":true,"href":"https:\/\/www.claret.cat\/es\/wp-json\/wp\/v2\/media\/358808"}],"wp:attachment":[{"href":"https:\/\/www.claret.cat\/es\/wp-json\/wp\/v2\/media?parent=358807"}],"wp:term":[{"taxonomy":"product_brand","embeddable":true,"href":"https:\/\/www.claret.cat\/es\/wp-json\/wp\/v2\/product_brand?post=358807"},{"taxonomy":"product_cat","embeddable":true,"href":"https:\/\/www.claret.cat\/es\/wp-json\/wp\/v2\/product_cat?post=358807"},{"taxonomy":"product_tag","embeddable":true,"href":"https:\/\/www.claret.cat\/es\/wp-json\/wp\/v2\/product_tag?post=358807"}],"curies":[{"name":"wp","href":"https:\/\/api.w.org\/{rel}","templated":true}]}}