{"id":359797,"date":"2023-01-15T05:29:21","date_gmt":"2023-01-15T04:29:21","guid":{"rendered":"https:\/\/www.claret.cat\/llibre\/entranable-dios-9788490732120\/"},"modified":"2026-01-23T16:10:48","modified_gmt":"2026-01-23T15:10:48","slug":"entranable-dios-9788490732120","status":"publish","type":"product","link":"https:\/\/www.claret.cat\/es\/libro\/entranable-dios-9788490732120\/","title":{"rendered":"ENTRA\u00d1ABLE DIOS"},"content":{"rendered":"<p>La misericordia constituye el centro del mensaje de la Biblia y de la tarea actual de los cristianos y de la humanidad entera, y en este libro se trata de ella entendida como amor entra\u00f1able de Dios y compromiso de solidaridad y ayuda mutua entre los hom<\/p>\n","protected":false},"excerpt":{"rendered":"<p>PAGOLA, JOS\u00c9 ANTONIO<\/p>\n","protected":false},"featured_media":1076946,"template":"","meta":{"_acf_changed":false,"om_disable_all_campaigns":false,"rs_blank_template":"","rs_page_bg_color":"","slide_template_v7":"","inline_featured_image":false,"_monsterinsights_skip_tracking":false},"product_brand":[],"product_cat":[345,79,275,413,288,514],"product_tag":[],"class_list":["post-359797","product","type-product","status-publish","has-post-thumbnail","product_cat-espiritualidad","product_cat-espiritualitat","product_cat-fonamental","product_cat-fundamental","product_cat-moral-fonamental","product_cat-moral-fundamental","first","instock","taxable","shipping-taxable","purchasable","product-type-simple"],"acf":{"editorial":[{"ID":6390,"post_author":"3","post_date":"2022-07-28 17:51:08","post_date_gmt":"2022-07-28 15:51:08","post_content":"","post_title":"VERBO DIVINO","post_excerpt":"","post_status":"publish","comment_status":"closed","ping_status":"closed","post_password":"","post_name":"verbo-divino","to_ping":"","pinged":"","post_modified":"2022-07-28 17:51:08","post_modified_gmt":"2022-07-28 15:51:08","post_content_filtered":"","post_parent":0,"guid":"http:\/\/dev.claret.cat\/editorial\/verbo-divino\/","menu_order":0,"post_type":"editorial","post_mime_type":"","comment_count":"0","filter":"raw"}],"autores-libros":[{"ID":171376,"post_author":"3","post_date":"2022-10-14 22:42:54","post_date_gmt":"2022-10-14 20:42:54","post_content":"","post_title":"XABIER PIKAZA","post_excerpt":"","post_status":"publish","comment_status":"closed","ping_status":"closed","post_password":"","post_name":"xabier-pikaza","to_ping":"","pinged":"","post_modified":"2022-10-14 22:42:54","post_modified_gmt":"2022-10-14 20:42:54","post_content_filtered":"","post_parent":0,"guid":"http:\/\/dev.claret.cat\/autor\/xabier-pikaza\/","menu_order":0,"post_type":"autor","post_mime_type":"","comment_count":"0","filter":"raw"},{"ID":5635,"post_author":"3","post_date":"2022-07-28 17:28:13","post_date_gmt":"2022-07-28 15:28:13","post_content":"Jos\u00e9 Antonio Pagola (A\u00f1orga, Guip\u00fascoa, 1937) va cursar els seus estudis de teologia i ci\u00e8ncies b\u00edbliques a la Pontif\u00edcia Universitat Gregoriana i el Pontifici Institut B\u00edblic de Roma, i a l\u2019\u00c9cole Biblique et Arch\u00e9ologique Fran\u00e7aise de Jerusalem. Ha estat vicari episcopal de la di\u00f2cesi de Sant Sebasti\u00e0 durant m\u00e9s de vint anys i director del Instituto de Teolog\u00eda y Pastoral d\u2019aquesta ciutat. Desenvolupa una intensa tasca amb grups de creients i allunyats. Des de fa set anys es dedica exclusivament a investigar i a donar a con\u00e8ixer la persona de Jes\u00fas. Autor de\u00a0<em>Jes\u00fas. Aproximaci\u00f3 hist\u00f2rica<\/em>;\u00a0<em>El cam\u00ed obert per Jes\u00fas. Mateu<\/em>;\u00a0<em>El cam\u00ed obert per Jes\u00fas. Joan<\/em>;\u00a0<em>El cam\u00ed obert per Jes\u00fas. Lluc<\/em>\u00a0i\u00a0<em>Fit a fit amb Jes\u00fas<\/em>.","post_title":"JOS\u00c9 ANTONIO PAGOLA","post_excerpt":"","post_status":"publish","comment_status":"closed","ping_status":"closed","post_password":"","post_name":"jose-antonio-pagola","to_ping":"","pinged":"","post_modified":"2022-07-28 19:08:36","post_modified_gmt":"2022-07-28 17:08:36","post_content_filtered":"","post_parent":0,"guid":"http:\/\/dev.claret.cat\/autor\/jose-antonio-pagola\/","menu_order":0,"post_type":"autor","post_mime_type":"","comment_count":"0","filter":"raw"}],"autor":"PAGOLA, JOS\u00c9 ANTONIO","codart":"849073212","libros-coleccion":"","ediciones":"1","encuadernacion":"R\u00fastica","fecha_de_publicacion":"17\/02\/2016","novedad":"0","paginas":"192","subtitulo":"LAS OBRAS DE MISERICORDIA: HACIA UNA CULTURA DE LA COMPASI\u00d3N","orden":"999","portada":"0","idioma":"spa","booktrailer":"","resenas":""},"aioseo_notices":[],"aioseo_head":"\n\t\t<!-- All in One SEO Pro 5.0.1.1 - aioseo.com -->\n\t<meta name=\"description\" content=\"ENTRA\u00d1ABLE DIOS de PAGOLA, JOS\u00c9 ANTONIO disponible a\/en Llibreria Claret.\" \/>\n\t<meta name=\"robots\" content=\"max-image-preview:large\" \/>\n\t<meta name=\"google-site-verification\" content=\"xVtlFxJ-TfkIu-D-lt7XeLobefg5EIQiXTuqcSf8Rf0\" \/>\n\t<link rel=\"canonical\" href=\"https:\/\/www.claret.cat\/es\/libro\/entranable-dios-9788490732120\/\" \/>\n\t<meta name=\"generator\" content=\"All in One SEO Pro (AIOSEO) 5.0.1.1\" \/>\n\t\t<meta property=\"og:locale\" content=\"es_ES\" \/>\n\t\t<meta property=\"og:site_name\" content=\"Llibreria Claret - Llibreria religiosa a Barcelona\" \/>\n\t\t<meta property=\"og:type\" content=\"article\" \/>\n\t\t<meta property=\"og:title\" content=\"ENTRA\u00d1ABLE DIOS - PAGOLA, JOS\u00c9 ANTONIO 9788490732120 | Llibreria Claret\" \/>\n\t\t<meta property=\"og:description\" content=\"ENTRA\u00d1ABLE DIOS de PAGOLA, JOS\u00c9 ANTONIO disponible a\/en Llibreria Claret.\" \/>\n\t\t<meta property=\"og:url\" content=\"https:\/\/www.claret.cat\/es\/libro\/entranable-dios-9788490732120\/\" \/>\n\t\t<meta property=\"og:image\" content=\"https:\/\/dev.claret.cat\/wp-content\/uploads\/logo-claret.svg\" \/>\n\t\t<meta property=\"og:image:secure_url\" content=\"https:\/\/dev.claret.cat\/wp-content\/uploads\/logo-claret.svg\" \/>\n\t\t<meta property=\"article:published_time\" content=\"2023-01-15T04:29:21+00:00\" \/>\n\t\t<meta property=\"article:modified_time\" content=\"2026-01-23T15:10:48+00:00\" \/>\n\t\t<meta property=\"article:publisher\" content=\"https:\/\/www.facebook.com\/LlibreriaClaret\" \/>\n\t\t<meta name=\"twitter:card\" content=\"summary_large_image\" \/>\n\t\t<meta name=\"twitter:site\" content=\"@LlibreriaClaret\" \/>\n\t\t<meta name=\"twitter:title\" content=\"ENTRA\u00d1ABLE DIOS - PAGOLA, JOS\u00c9 ANTONIO 9788490732120 | Llibreria Claret\" \/>\n\t\t<meta name=\"twitter:description\" content=\"ENTRA\u00d1ABLE DIOS de PAGOLA, JOS\u00c9 ANTONIO disponible a\/en Llibreria Claret.\" \/>\n\t\t<meta name=\"twitter:image\" content=\"http:\/\/dev.claret.cat\/wp-content\/uploads\/logo-claret.svg\" \/>\n\t\t<script type=\"application\/ld+json\" class=\"aioseo-schema\">\n\t\t\t{\"@context\":\"https:\\\/\\\/schema.org\",\"@graph\":[{\"@type\":\"BreadcrumbList\",\"@id\":\"https:\\\/\\\/www.claret.cat\\\/es\\\/libro\\\/entranable-dios-9788490732120\\\/#breadcrumblist\",\"itemListElement\":[{\"@type\":\"ListItem\",\"@id\":\"https:\\\/\\\/www.claret.cat\\\/es\\\/#listItem\",\"position\":1,\"name\":\"Home\",\"item\":\"https:\\\/\\\/www.claret.cat\\\/es\\\/\",\"nextItem\":{\"@type\":\"ListItem\",\"@id\":\"https:\\\/\\\/www.claret.cat\\\/?page_id=16#listItem\",\"name\":\"Botiga\"}},{\"@type\":\"ListItem\",\"@id\":\"https:\\\/\\\/www.claret.cat\\\/?page_id=16#listItem\",\"position\":2,\"name\":\"Botiga\",\"item\":\"https:\\\/\\\/www.claret.cat\\\/?page_id=16\",\"nextItem\":{\"@type\":\"ListItem\",\"@id\":\"https:\\\/\\\/www.claret.cat\\\/categoria-producto\\\/cat\\\/#listItem\",\"name\":\"CAT\"},\"previousItem\":{\"@type\":\"ListItem\",\"@id\":\"https:\\\/\\\/www.claret.cat\\\/es\\\/#listItem\",\"name\":\"Home\"}},{\"@type\":\"ListItem\",\"@id\":\"https:\\\/\\\/www.claret.cat\\\/categoria-producto\\\/cat\\\/#listItem\",\"position\":3,\"name\":\"CAT\",\"item\":\"https:\\\/\\\/www.claret.cat\\\/categoria-producto\\\/cat\\\/\",\"nextItem\":{\"@type\":\"ListItem\",\"@id\":\"https:\\\/\\\/www.claret.cat\\\/categoria-producto\\\/cat\\\/1_espiritualitat\\\/#listItem\",\"name\":\"Espiritualitat\"},\"previousItem\":{\"@type\":\"ListItem\",\"@id\":\"https:\\\/\\\/www.claret.cat\\\/?page_id=16#listItem\",\"name\":\"Botiga\"}},{\"@type\":\"ListItem\",\"@id\":\"https:\\\/\\\/www.claret.cat\\\/categoria-producto\\\/cat\\\/1_espiritualitat\\\/#listItem\",\"position\":4,\"name\":\"Espiritualitat\",\"item\":\"https:\\\/\\\/www.claret.cat\\\/categoria-producto\\\/cat\\\/1_espiritualitat\\\/\",\"nextItem\":{\"@type\":\"ListItem\",\"@id\":\"https:\\\/\\\/www.claret.cat\\\/categoria-producto\\\/cat\\\/1_espiritualitat\\\/teologia\\\/#listItem\",\"name\":\"Teologia\"},\"previousItem\":{\"@type\":\"ListItem\",\"@id\":\"https:\\\/\\\/www.claret.cat\\\/categoria-producto\\\/cat\\\/#listItem\",\"name\":\"CAT\"}},{\"@type\":\"ListItem\",\"@id\":\"https:\\\/\\\/www.claret.cat\\\/categoria-producto\\\/cat\\\/1_espiritualitat\\\/teologia\\\/#listItem\",\"position\":5,\"name\":\"Teologia\",\"item\":\"https:\\\/\\\/www.claret.cat\\\/categoria-producto\\\/cat\\\/1_espiritualitat\\\/teologia\\\/\",\"nextItem\":{\"@type\":\"ListItem\",\"@id\":\"https:\\\/\\\/www.claret.cat\\\/categoria-producto\\\/cat\\\/1_espiritualitat\\\/teologia\\\/fonamental\\\/#listItem\",\"name\":\"Fonamental\"},\"previousItem\":{\"@type\":\"ListItem\",\"@id\":\"https:\\\/\\\/www.claret.cat\\\/categoria-producto\\\/cat\\\/1_espiritualitat\\\/#listItem\",\"name\":\"Espiritualitat\"}},{\"@type\":\"ListItem\",\"@id\":\"https:\\\/\\\/www.claret.cat\\\/categoria-producto\\\/cat\\\/1_espiritualitat\\\/teologia\\\/fonamental\\\/#listItem\",\"position\":6,\"name\":\"Fonamental\",\"item\":\"https:\\\/\\\/www.claret.cat\\\/categoria-producto\\\/cat\\\/1_espiritualitat\\\/teologia\\\/fonamental\\\/\",\"nextItem\":{\"@type\":\"ListItem\",\"@id\":\"https:\\\/\\\/www.claret.cat\\\/es\\\/libro\\\/entranable-dios-9788490732120\\\/#listItem\",\"name\":\"ENTRA\\u00d1ABLE DIOS\"},\"previousItem\":{\"@type\":\"ListItem\",\"@id\":\"https:\\\/\\\/www.claret.cat\\\/categoria-producto\\\/cat\\\/1_espiritualitat\\\/teologia\\\/#listItem\",\"name\":\"Teologia\"}},{\"@type\":\"ListItem\",\"@id\":\"https:\\\/\\\/www.claret.cat\\\/es\\\/libro\\\/entranable-dios-9788490732120\\\/#listItem\",\"position\":7,\"name\":\"ENTRA\\u00d1ABLE DIOS\",\"previousItem\":{\"@type\":\"ListItem\",\"@id\":\"https:\\\/\\\/www.claret.cat\\\/categoria-producto\\\/cat\\\/1_espiritualitat\\\/teologia\\\/fonamental\\\/#listItem\",\"name\":\"Fonamental\"}}]},{\"@type\":\"ItemPage\",\"@id\":\"https:\\\/\\\/www.claret.cat\\\/es\\\/libro\\\/entranable-dios-9788490732120\\\/#itempage\",\"url\":\"https:\\\/\\\/www.claret.cat\\\/es\\\/libro\\\/entranable-dios-9788490732120\\\/\",\"name\":\"ENTRA\\u00d1ABLE DIOS - PAGOLA, JOS\\u00c9 ANTONIO 9788490732120 | Llibreria Claret\",\"description\":\"ENTRA\\u00d1ABLE DIOS de PAGOLA, JOS\\u00c9 ANTONIO disponible a\\\/en Llibreria Claret.\",\"inLanguage\":\"es-ES\",\"isPartOf\":{\"@id\":\"https:\\\/\\\/www.claret.cat\\\/es\\\/#website\"},\"breadcrumb\":{\"@id\":\"https:\\\/\\\/www.claret.cat\\\/es\\\/libro\\\/entranable-dios-9788490732120\\\/#breadcrumblist\"},\"image\":{\"@type\":\"ImageObject\",\"url\":\"https:\\\/\\\/www.claret.cat\\\/wp-content\\\/uploads\\\/.\\\/9788490732120-5.png\",\"@id\":\"https:\\\/\\\/www.claret.cat\\\/es\\\/libro\\\/entranable-dios-9788490732120\\\/#mainImage\",\"width\":250,\"height\":378,\"caption\":\"9788490732120.png\"},\"primaryImageOfPage\":{\"@id\":\"https:\\\/\\\/www.claret.cat\\\/es\\\/libro\\\/entranable-dios-9788490732120\\\/#mainImage\"},\"datePublished\":\"2023-01-15T05:29:21+01:00\",\"dateModified\":\"2026-01-23T16:10:48+01:00\"},{\"@type\":\"Organization\",\"@id\":\"https:\\\/\\\/www.claret.cat\\\/es\\\/#organization\",\"name\":\"Llibreria Claret\",\"description\":\"Llibreria religiosa a Barcelona\",\"url\":\"https:\\\/\\\/www.claret.cat\\\/es\\\/\",\"email\":\"comunicacio@claret.cat\",\"telephone\":\"+34933010887\",\"logo\":{\"@type\":\"ImageObject\",\"url\":\"https:\\\/\\\/www.claret.cat\\\/wp-content\\\/uploads\\\/.\\\/logo-claret-es.png\",\"@id\":\"https:\\\/\\\/www.claret.cat\\\/es\\\/libro\\\/entranable-dios-9788490732120\\\/#organizationLogo\",\"width\":195,\"height\":79},\"image\":{\"@id\":\"https:\\\/\\\/www.claret.cat\\\/es\\\/libro\\\/entranable-dios-9788490732120\\\/#organizationLogo\"},\"sameAs\":[\"https:\\\/\\\/www.facebook.com\\\/LlibreriaClaret\",\"https:\\\/\\\/twitter.com\\\/LlibreriaClaret\",\"https:\\\/\\\/www.instagram.com\\\/llibreriaclaret\\\/\",\"https:\\\/\\\/www.tiktok.com\\\/@llibreriaclaret\",\"https:\\\/\\\/www.youtube.com\\\/@llibreriaclaret\",\"https:\\\/\\\/ca.wikipedia.org\\\/wiki\\\/Editorial_Claret\"]},{\"@type\":\"WebPage\",\"@id\":\"https:\\\/\\\/www.claret.cat\\\/es\\\/libro\\\/entranable-dios-9788490732120\\\/#webpage\",\"url\":\"https:\\\/\\\/www.claret.cat\\\/es\\\/libro\\\/entranable-dios-9788490732120\\\/\",\"name\":\"ENTRA\\u00d1ABLE DIOS - PAGOLA, JOS\\u00c9 ANTONIO 9788490732120 | Llibreria Claret\",\"description\":\"ENTRA\\u00d1ABLE DIOS de PAGOLA, JOS\\u00c9 ANTONIO disponible a\\\/en Llibreria Claret.\",\"inLanguage\":\"es-ES\",\"isPartOf\":{\"@id\":\"https:\\\/\\\/www.claret.cat\\\/es\\\/#website\"},\"breadcrumb\":{\"@id\":\"https:\\\/\\\/www.claret.cat\\\/es\\\/libro\\\/entranable-dios-9788490732120\\\/#breadcrumblist\"},\"image\":{\"@type\":\"ImageObject\",\"url\":\"https:\\\/\\\/www.claret.cat\\\/wp-content\\\/uploads\\\/.\\\/9788490732120-5.png\",\"@id\":\"https:\\\/\\\/www.claret.cat\\\/es\\\/libro\\\/entranable-dios-9788490732120\\\/#mainImage\",\"width\":250,\"height\":378,\"caption\":\"9788490732120.png\"},\"primaryImageOfPage\":{\"@id\":\"https:\\\/\\\/www.claret.cat\\\/es\\\/libro\\\/entranable-dios-9788490732120\\\/#mainImage\"},\"datePublished\":\"2023-01-15T05:29:21+01:00\",\"dateModified\":\"2026-01-23T16:10:48+01:00\"},{\"@type\":\"WebSite\",\"@id\":\"https:\\\/\\\/www.claret.cat\\\/es\\\/#website\",\"url\":\"https:\\\/\\\/www.claret.cat\\\/es\\\/\",\"name\":\"Llibreria Claret Barcelona\",\"alternateName\":\"Llibreria Claret\",\"description\":\"Llibreria religiosa a Barcelona\",\"inLanguage\":\"es-ES\",\"publisher\":{\"@id\":\"https:\\\/\\\/www.claret.cat\\\/es\\\/#organization\"}}]}\n\t\t<\/script>\n\t\t<!-- All in One SEO Pro -->\r\n\t\t<title>ENTRA\u00d1ABLE DIOS - PAGOLA, JOS\u00c9 ANTONIO 9788490732120 | Llibreria Claret<\/title>\n\n","aioseo_head_json":{"title":"ENTRA\u00d1ABLE DIOS - PAGOLA, JOS\u00c9 ANTONIO 9788490732120 | Llibreria Claret","description":"ENTRA\u00d1ABLE DIOS de PAGOLA, JOS\u00c9 ANTONIO disponible a\/en Llibreria Claret.","canonical_url":"https:\/\/www.claret.cat\/es\/libro\/entranable-dios-9788490732120\/","robots":"max-image-preview:large","keywords":"","webmasterTools":{"google-site-verification":"xVtlFxJ-TfkIu-D-lt7XeLobefg5EIQiXTuqcSf8Rf0","miscellaneous":""},"schema":{"@context":"https:\/\/schema.org","@graph":[{"@type":"BreadcrumbList","@id":"https:\/\/www.claret.cat\/es\/libro\/entranable-dios-9788490732120\/#breadcrumblist","itemListElement":[{"@type":"ListItem","@id":"https:\/\/www.claret.cat\/es\/#listItem","position":1,"name":"Home","item":"https:\/\/www.claret.cat\/es\/","nextItem":{"@type":"ListItem","@id":"https:\/\/www.claret.cat\/?page_id=16#listItem","name":"Botiga"}},{"@type":"ListItem","@id":"https:\/\/www.claret.cat\/?page_id=16#listItem","position":2,"name":"Botiga","item":"https:\/\/www.claret.cat\/?page_id=16","nextItem":{"@type":"ListItem","@id":"https:\/\/www.claret.cat\/categoria-producto\/cat\/#listItem","name":"CAT"},"previousItem":{"@type":"ListItem","@id":"https:\/\/www.claret.cat\/es\/#listItem","name":"Home"}},{"@type":"ListItem","@id":"https:\/\/www.claret.cat\/categoria-producto\/cat\/#listItem","position":3,"name":"CAT","item":"https:\/\/www.claret.cat\/categoria-producto\/cat\/","nextItem":{"@type":"ListItem","@id":"https:\/\/www.claret.cat\/categoria-producto\/cat\/1_espiritualitat\/#listItem","name":"Espiritualitat"},"previousItem":{"@type":"ListItem","@id":"https:\/\/www.claret.cat\/?page_id=16#listItem","name":"Botiga"}},{"@type":"ListItem","@id":"https:\/\/www.claret.cat\/categoria-producto\/cat\/1_espiritualitat\/#listItem","position":4,"name":"Espiritualitat","item":"https:\/\/www.claret.cat\/categoria-producto\/cat\/1_espiritualitat\/","nextItem":{"@type":"ListItem","@id":"https:\/\/www.claret.cat\/categoria-producto\/cat\/1_espiritualitat\/teologia\/#listItem","name":"Teologia"},"previousItem":{"@type":"ListItem","@id":"https:\/\/www.claret.cat\/categoria-producto\/cat\/#listItem","name":"CAT"}},{"@type":"ListItem","@id":"https:\/\/www.claret.cat\/categoria-producto\/cat\/1_espiritualitat\/teologia\/#listItem","position":5,"name":"Teologia","item":"https:\/\/www.claret.cat\/categoria-producto\/cat\/1_espiritualitat\/teologia\/","nextItem":{"@type":"ListItem","@id":"https:\/\/www.claret.cat\/categoria-producto\/cat\/1_espiritualitat\/teologia\/fonamental\/#listItem","name":"Fonamental"},"previousItem":{"@type":"ListItem","@id":"https:\/\/www.claret.cat\/categoria-producto\/cat\/1_espiritualitat\/#listItem","name":"Espiritualitat"}},{"@type":"ListItem","@id":"https:\/\/www.claret.cat\/categoria-producto\/cat\/1_espiritualitat\/teologia\/fonamental\/#listItem","position":6,"name":"Fonamental","item":"https:\/\/www.claret.cat\/categoria-producto\/cat\/1_espiritualitat\/teologia\/fonamental\/","nextItem":{"@type":"ListItem","@id":"https:\/\/www.claret.cat\/es\/libro\/entranable-dios-9788490732120\/#listItem","name":"ENTRA\u00d1ABLE DIOS"},"previousItem":{"@type":"ListItem","@id":"https:\/\/www.claret.cat\/categoria-producto\/cat\/1_espiritualitat\/teologia\/#listItem","name":"Teologia"}},{"@type":"ListItem","@id":"https:\/\/www.claret.cat\/es\/libro\/entranable-dios-9788490732120\/#listItem","position":7,"name":"ENTRA\u00d1ABLE DIOS","previousItem":{"@type":"ListItem","@id":"https:\/\/www.claret.cat\/categoria-producto\/cat\/1_espiritualitat\/teologia\/fonamental\/#listItem","name":"Fonamental"}}]},{"@type":"ItemPage","@id":"https:\/\/www.claret.cat\/es\/libro\/entranable-dios-9788490732120\/#itempage","url":"https:\/\/www.claret.cat\/es\/libro\/entranable-dios-9788490732120\/","name":"ENTRA\u00d1ABLE DIOS - PAGOLA, JOS\u00c9 ANTONIO 9788490732120 | Llibreria Claret","description":"ENTRA\u00d1ABLE DIOS de PAGOLA, JOS\u00c9 ANTONIO disponible a\/en Llibreria Claret.","inLanguage":"es-ES","isPartOf":{"@id":"https:\/\/www.claret.cat\/es\/#website"},"breadcrumb":{"@id":"https:\/\/www.claret.cat\/es\/libro\/entranable-dios-9788490732120\/#breadcrumblist"},"image":{"@type":"ImageObject","url":"https:\/\/www.claret.cat\/wp-content\/uploads\/.\/9788490732120-5.png","@id":"https:\/\/www.claret.cat\/es\/libro\/entranable-dios-9788490732120\/#mainImage","width":250,"height":378,"caption":"9788490732120.png"},"primaryImageOfPage":{"@id":"https:\/\/www.claret.cat\/es\/libro\/entranable-dios-9788490732120\/#mainImage"},"datePublished":"2023-01-15T05:29:21+01:00","dateModified":"2026-01-23T16:10:48+01:00"},{"@type":"Organization","@id":"https:\/\/www.claret.cat\/es\/#organization","name":"Llibreria Claret","description":"Llibreria religiosa a Barcelona","url":"https:\/\/www.claret.cat\/es\/","email":"comunicacio@claret.cat","telephone":"+34933010887","logo":{"@type":"ImageObject","url":"https:\/\/www.claret.cat\/wp-content\/uploads\/.\/logo-claret-es.png","@id":"https:\/\/www.claret.cat\/es\/libro\/entranable-dios-9788490732120\/#organizationLogo","width":195,"height":79},"image":{"@id":"https:\/\/www.claret.cat\/es\/libro\/entranable-dios-9788490732120\/#organizationLogo"},"sameAs":["https:\/\/www.facebook.com\/LlibreriaClaret","https:\/\/twitter.com\/LlibreriaClaret","https:\/\/www.instagram.com\/llibreriaclaret\/","https:\/\/www.tiktok.com\/@llibreriaclaret","https:\/\/www.youtube.com\/@llibreriaclaret","https:\/\/ca.wikipedia.org\/wiki\/Editorial_Claret"]},{"@type":"WebPage","@id":"https:\/\/www.claret.cat\/es\/libro\/entranable-dios-9788490732120\/#webpage","url":"https:\/\/www.claret.cat\/es\/libro\/entranable-dios-9788490732120\/","name":"ENTRA\u00d1ABLE DIOS - PAGOLA, JOS\u00c9 ANTONIO 9788490732120 | Llibreria Claret","description":"ENTRA\u00d1ABLE DIOS de PAGOLA, JOS\u00c9 ANTONIO disponible a\/en Llibreria Claret.","inLanguage":"es-ES","isPartOf":{"@id":"https:\/\/www.claret.cat\/es\/#website"},"breadcrumb":{"@id":"https:\/\/www.claret.cat\/es\/libro\/entranable-dios-9788490732120\/#breadcrumblist"},"image":{"@type":"ImageObject","url":"https:\/\/www.claret.cat\/wp-content\/uploads\/.\/9788490732120-5.png","@id":"https:\/\/www.claret.cat\/es\/libro\/entranable-dios-9788490732120\/#mainImage","width":250,"height":378,"caption":"9788490732120.png"},"primaryImageOfPage":{"@id":"https:\/\/www.claret.cat\/es\/libro\/entranable-dios-9788490732120\/#mainImage"},"datePublished":"2023-01-15T05:29:21+01:00","dateModified":"2026-01-23T16:10:48+01:00"},{"@type":"WebSite","@id":"https:\/\/www.claret.cat\/es\/#website","url":"https:\/\/www.claret.cat\/es\/","name":"Llibreria Claret Barcelona","alternateName":"Llibreria Claret","description":"Llibreria religiosa a Barcelona","inLanguage":"es-ES","publisher":{"@id":"https:\/\/www.claret.cat\/es\/#organization"}}]},"og:locale":"es_ES","og:site_name":"Llibreria Claret - Llibreria religiosa a Barcelona","og:type":"article","og:title":"ENTRA\u00d1ABLE DIOS - PAGOLA, JOS\u00c9 ANTONIO 9788490732120 | Llibreria Claret","og:description":"ENTRA\u00d1ABLE DIOS de PAGOLA, JOS\u00c9 ANTONIO disponible a\/en Llibreria Claret.","og:url":"https:\/\/www.claret.cat\/es\/libro\/entranable-dios-9788490732120\/","og:image":"https:\/\/dev.claret.cat\/wp-content\/uploads\/logo-claret.svg","og:image:secure_url":"https:\/\/dev.claret.cat\/wp-content\/uploads\/logo-claret.svg","article:published_time":"2023-01-15T04:29:21+00:00","article:modified_time":"2026-01-23T15:10:48+00:00","article:publisher":"https:\/\/www.facebook.com\/LlibreriaClaret","twitter:card":"summary_large_image","twitter:site":"@LlibreriaClaret","twitter:title":"ENTRA\u00d1ABLE DIOS - PAGOLA, JOS\u00c9 ANTONIO 9788490732120 | Llibreria Claret","twitter:description":"ENTRA\u00d1ABLE DIOS de PAGOLA, JOS\u00c9 ANTONIO disponible a\/en Llibreria Claret.","twitter:image":"http:\/\/dev.claret.cat\/wp-content\/uploads\/logo-claret.svg"},"aioseo_meta_data":{"post_id":"359797","title":null,"description":null,"keywords":null,"keyphrases":null,"primary_term":null,"canonical_url":null,"og_title":null,"og_description":null,"og_object_type":"default","og_image_type":"default","og_image_url":null,"og_image_width":null,"og_image_height":null,"og_image_custom_url":null,"og_image_custom_fields":null,"og_video":null,"og_custom_url":null,"og_article_section":null,"og_article_tags":null,"twitter_use_og":false,"twitter_card":"default","twitter_image_type":"default","twitter_image_url":null,"twitter_image_custom_url":null,"twitter_image_custom_fields":null,"twitter_title":null,"twitter_description":null,"schema":{"blockGraphs":[],"customGraphs":[],"default":{"data":{"Article":[],"Course":[],"Dataset":[],"FAQPage":[],"Movie":[],"Person":[],"Product":[],"ProductReview":[],"Car":[],"Recipe":[],"Service":[],"SoftwareApplication":[],"WebPage":[]},"graphName":"","isEnabled":true},"graphs":[]},"schema_type":"default","schema_type_options":null,"pillar_content":false,"robots_default":true,"robots_noindex":false,"robots_noarchive":false,"robots_nosnippet":false,"robots_nofollow":false,"robots_noimageindex":false,"robots_noodp":false,"robots_notranslate":false,"robots_max_snippet":null,"robots_max_videopreview":null,"robots_max_imagepreview":"large","priority":null,"frequency":null,"local_seo":null,"seo_analyzer_scan_date":"2026-01-23 15:11:28","breadcrumb_settings":null,"limit_modified_date":false,"open_ai":null,"ai":null,"created":"2023-01-15 04:30:21","updated":"2026-01-23 15:11:28","focus_keyword":null,"additional_keywords":null,"truseo_locale":null},"aioseo_breadcrumb":"<div class=\"aioseo-breadcrumbs\"><span class=\"aioseo-breadcrumb\">\n\t<a href=\"https:\/\/www.claret.cat\/es\/\" title=\"Home\">Home<\/a>\n<\/span><span class=\"aioseo-breadcrumb-separator\">&raquo;<\/span><span class=\"aioseo-breadcrumb\">\n\t<a href=\"https:\/\/www.claret.cat\/?page_id=16\" title=\"Botiga\">Botiga<\/a>\n<\/span><span class=\"aioseo-breadcrumb-separator\">&raquo;<\/span><span class=\"aioseo-breadcrumb\">\n\t<a href=\"https:\/\/www.claret.cat\/categoria-producto\/cat\/\" title=\"CAT\">CAT<\/a>\n<\/span><span class=\"aioseo-breadcrumb-separator\">&raquo;<\/span><span class=\"aioseo-breadcrumb\">\n\t<a href=\"https:\/\/www.claret.cat\/categoria-producto\/cat\/1_espiritualitat\/\" title=\"Espiritualitat\">Espiritualitat<\/a>\n<\/span><span class=\"aioseo-breadcrumb-separator\">&raquo;<\/span><span class=\"aioseo-breadcrumb\">\n\t<a href=\"https:\/\/www.claret.cat\/categoria-producto\/cat\/1_espiritualitat\/teologia\/\" title=\"Teologia\">Teologia<\/a>\n<\/span><span class=\"aioseo-breadcrumb-separator\">&raquo;<\/span><span class=\"aioseo-breadcrumb\">\n\t<a href=\"https:\/\/www.claret.cat\/categoria-producto\/cat\/1_espiritualitat\/teologia\/fonamental\/\" title=\"Fonamental\">Fonamental<\/a>\n<\/span><span class=\"aioseo-breadcrumb-separator\">&raquo;<\/span><span class=\"aioseo-breadcrumb\">\n\tENTRA\u00d1ABLE DIOS\n<\/span><\/div>","aioseo_breadcrumb_json":[{"label":"Home","link":"https:\/\/www.claret.cat\/es\/"},{"label":"Botiga","link":"https:\/\/www.claret.cat\/?page_id=16"},{"label":"CAT","link":"https:\/\/www.claret.cat\/categoria-producto\/cat\/"},{"label":"Espiritualitat","link":"https:\/\/www.claret.cat\/categoria-producto\/cat\/1_espiritualitat\/"},{"label":"Teologia","link":"https:\/\/www.claret.cat\/categoria-producto\/cat\/1_espiritualitat\/teologia\/"},{"label":"Fonamental","link":"https:\/\/www.claret.cat\/categoria-producto\/cat\/1_espiritualitat\/teologia\/fonamental\/"},{"label":"ENTRA\u00d1ABLE DIOS","link":"https:\/\/www.claret.cat\/es\/libro\/entranable-dios-9788490732120\/"}],"_links":{"self":[{"href":"https:\/\/www.claret.cat\/es\/wp-json\/wp\/v2\/product\/359797","targetHints":{"allow":["GET"]}}],"collection":[{"href":"https:\/\/www.claret.cat\/es\/wp-json\/wp\/v2\/product"}],"about":[{"href":"https:\/\/www.claret.cat\/es\/wp-json\/wp\/v2\/types\/product"}],"wp:featuredmedia":[{"embeddable":true,"href":"https:\/\/www.claret.cat\/es\/wp-json\/wp\/v2\/media\/1076946"}],"wp:attachment":[{"href":"https:\/\/www.claret.cat\/es\/wp-json\/wp\/v2\/media?parent=359797"}],"wp:term":[{"taxonomy":"product_brand","embeddable":true,"href":"https:\/\/www.claret.cat\/es\/wp-json\/wp\/v2\/product_brand?post=359797"},{"taxonomy":"product_cat","embeddable":true,"href":"https:\/\/www.claret.cat\/es\/wp-json\/wp\/v2\/product_cat?post=359797"},{"taxonomy":"product_tag","embeddable":true,"href":"https:\/\/www.claret.cat\/es\/wp-json\/wp\/v2\/product_tag?post=359797"}],"curies":[{"name":"wp","href":"https:\/\/api.w.org\/{rel}","templated":true}]}}