{"id":362815,"date":"2023-01-15T09:42:22","date_gmt":"2023-01-15T08:42:22","guid":{"rendered":"https:\/\/www.claret.cat\/llibre\/dios-padre-hijo-y-espiritu-santo-9788496488298\/"},"modified":"2024-05-23T00:36:42","modified_gmt":"2024-05-22T22:36:42","slug":"dios-padre-hijo-y-espiritu-santo-9788496488298","status":"publish","type":"product","link":"https:\/\/www.claret.cat\/es\/libro\/dios-padre-hijo-y-espiritu-santo-9788496488298\/","title":{"rendered":"DIOS: PADRE, HIJO Y ESP\u00cdRITU SANTO"},"content":{"rendered":"<p>El conocido te\u00f3logo catal\u00e1n, una vez agotada la 5\u00aa edici\u00f3n de su Tratado de Dios Uno y Trino, nos brinda un nuevo libro sobre el inagotable tema de Dios. \u00c9ste no es un manual para las aulas, sino un libro de lectura teol\u00f3gica para la formaci\u00f3n de los cristianos. La atenta escucha b\u00edblica y la reflexi\u00f3n teol\u00f3gica se dan la mano con una actitud dialogante con la cultura pos-moderna y el pensamiento actual. Todo en un estilo narrativo y con un lenguaje accesible a personas corrientes.<\/p>\n","protected":false},"excerpt":{"rendered":"<p>ROVIRA BELLOSO, JOSEP MA<\/p>\n","protected":false},"featured_media":362816,"template":"","meta":{"_acf_changed":false,"om_disable_all_campaigns":false,"rs_blank_template":"","rs_page_bg_color":"","slide_template_v7":"","inline_featured_image":false,"_monsterinsights_skip_tracking":false},"product_brand":[],"product_cat":[275,227,389,413,278,508],"product_tag":[],"class_list":["post-362815","product","type-product","status-publish","has-post-thumbnail","product_cat-fonamental","product_cat-formacio","product_cat-formacion","product_cat-fundamental","product_cat-misteri-de-deu","product_cat-misterio-de-dios","first","instock","taxable","shipping-taxable","purchasable","product-type-simple"],"acf":{"editorial":[{"ID":6359,"post_author":"3","post_date":"2022-07-28 17:50:30","post_date_gmt":"2022-07-28 15:50:30","post_content":"","post_title":"Secretariado Trinitario","post_excerpt":"","post_status":"publish","comment_status":"closed","ping_status":"closed","post_password":"","post_name":"secretariado-trinitario","to_ping":"","pinged":"","post_modified":"2022-07-28 17:50:30","post_modified_gmt":"2022-07-28 15:50:30","post_content_filtered":"","post_parent":0,"guid":"http:\/\/dev.claret.cat\/editorial\/secretariado-trinitario\/","menu_order":0,"post_type":"editorial","post_mime_type":"","comment_count":"0","filter":"raw"}],"autores-libros":[{"ID":362814,"post_author":"3","post_date":"2023-01-15 09:42:19","post_date_gmt":"2023-01-15 08:42:19","post_content":"","post_title":"JOSEP Ma ROVIRA BELLOSO","post_excerpt":"","post_status":"publish","comment_status":"closed","ping_status":"closed","post_password":"","post_name":"josep-ma-rovira-belloso","to_ping":"","pinged":"","post_modified":"2023-01-15 09:42:19","post_modified_gmt":"2023-01-15 08:42:19","post_content_filtered":"","post_parent":0,"guid":"https:\/\/www.claret.cat\/autor\/josep-ma-rovira-belloso\/","menu_order":0,"post_type":"autor","post_mime_type":"","comment_count":"0","filter":"raw"}],"autor":"ROVIRA BELLOSO, JOSEP MA","codart":"849648829","libros-coleccion":"\u00c1gora","ediciones":"1","encuadernacion":"R\u00fastica","fecha_de_publicacion":"17\/10\/2008","novedad":"0","paginas":"280","subtitulo":"","orden":"999","portada":"0","idioma":"spa"},"aioseo_notices":[],"aioseo_head":"\n\t\t<!-- All in One SEO Pro 5.0.1.1 - aioseo.com -->\n\t<meta name=\"description\" content=\"DIOS: PADRE, HIJO Y ESP\u00cdRITU SANTO de ROVIRA BELLOSO, JOSEP MA disponible a\/en Llibreria Claret.\" \/>\n\t<meta name=\"robots\" content=\"max-image-preview:large\" \/>\n\t<meta name=\"google-site-verification\" content=\"xVtlFxJ-TfkIu-D-lt7XeLobefg5EIQiXTuqcSf8Rf0\" \/>\n\t<link rel=\"canonical\" href=\"https:\/\/www.claret.cat\/es\/libro\/dios-padre-hijo-y-espiritu-santo-9788496488298\/\" \/>\n\t<meta name=\"generator\" content=\"All in One SEO Pro (AIOSEO) 5.0.1.1\" \/>\n\t\t<meta property=\"og:locale\" content=\"es_ES\" \/>\n\t\t<meta property=\"og:site_name\" content=\"Llibreria Claret - Llibreria religiosa a Barcelona\" \/>\n\t\t<meta property=\"og:type\" content=\"article\" \/>\n\t\t<meta property=\"og:title\" content=\"DIOS: PADRE, HIJO Y ESP\u00cdRITU SANTO - ROVIRA BELLOSO, JOSEP MA 9788496488298 | Llibreria Claret\" \/>\n\t\t<meta property=\"og:description\" content=\"DIOS: PADRE, HIJO Y ESP\u00cdRITU SANTO de ROVIRA BELLOSO, JOSEP MA disponible a\/en Llibreria Claret.\" \/>\n\t\t<meta property=\"og:url\" content=\"https:\/\/www.claret.cat\/es\/libro\/dios-padre-hijo-y-espiritu-santo-9788496488298\/\" \/>\n\t\t<meta property=\"og:image\" content=\"https:\/\/dev.claret.cat\/wp-content\/uploads\/logo-claret.svg\" \/>\n\t\t<meta property=\"og:image:secure_url\" content=\"https:\/\/dev.claret.cat\/wp-content\/uploads\/logo-claret.svg\" \/>\n\t\t<meta property=\"article:published_time\" content=\"2023-01-15T08:42:22+00:00\" \/>\n\t\t<meta property=\"article:modified_time\" content=\"2024-05-22T22:36:42+00:00\" \/>\n\t\t<meta property=\"article:publisher\" content=\"https:\/\/www.facebook.com\/LlibreriaClaret\" \/>\n\t\t<meta name=\"twitter:card\" content=\"summary_large_image\" \/>\n\t\t<meta name=\"twitter:site\" content=\"@LlibreriaClaret\" \/>\n\t\t<meta name=\"twitter:title\" content=\"DIOS: PADRE, HIJO Y ESP\u00cdRITU SANTO - ROVIRA BELLOSO, JOSEP MA 9788496488298 | Llibreria Claret\" \/>\n\t\t<meta name=\"twitter:description\" content=\"DIOS: PADRE, HIJO Y ESP\u00cdRITU SANTO de ROVIRA BELLOSO, JOSEP MA disponible a\/en Llibreria Claret.\" \/>\n\t\t<meta name=\"twitter:image\" content=\"http:\/\/dev.claret.cat\/wp-content\/uploads\/logo-claret.svg\" \/>\n\t\t<script type=\"application\/ld+json\" class=\"aioseo-schema\">\n\t\t\t{\"@context\":\"https:\\\/\\\/schema.org\",\"@graph\":[{\"@type\":\"BreadcrumbList\",\"@id\":\"https:\\\/\\\/www.claret.cat\\\/es\\\/libro\\\/dios-padre-hijo-y-espiritu-santo-9788496488298\\\/#breadcrumblist\",\"itemListElement\":[{\"@type\":\"ListItem\",\"@id\":\"https:\\\/\\\/www.claret.cat\\\/es\\\/#listItem\",\"position\":1,\"name\":\"Home\",\"item\":\"https:\\\/\\\/www.claret.cat\\\/es\\\/\",\"nextItem\":{\"@type\":\"ListItem\",\"@id\":\"https:\\\/\\\/www.claret.cat\\\/?page_id=16#listItem\",\"name\":\"Botiga\"}},{\"@type\":\"ListItem\",\"@id\":\"https:\\\/\\\/www.claret.cat\\\/?page_id=16#listItem\",\"position\":2,\"name\":\"Botiga\",\"item\":\"https:\\\/\\\/www.claret.cat\\\/?page_id=16\",\"nextItem\":{\"@type\":\"ListItem\",\"@id\":\"https:\\\/\\\/www.claret.cat\\\/categoria-producto\\\/cat\\\/#listItem\",\"name\":\"CAT\"},\"previousItem\":{\"@type\":\"ListItem\",\"@id\":\"https:\\\/\\\/www.claret.cat\\\/es\\\/#listItem\",\"name\":\"Home\"}},{\"@type\":\"ListItem\",\"@id\":\"https:\\\/\\\/www.claret.cat\\\/categoria-producto\\\/cat\\\/#listItem\",\"position\":3,\"name\":\"CAT\",\"item\":\"https:\\\/\\\/www.claret.cat\\\/categoria-producto\\\/cat\\\/\",\"nextItem\":{\"@type\":\"ListItem\",\"@id\":\"https:\\\/\\\/www.claret.cat\\\/categoria-producto\\\/cat\\\/1_espiritualitat\\\/#listItem\",\"name\":\"Espiritualitat\"},\"previousItem\":{\"@type\":\"ListItem\",\"@id\":\"https:\\\/\\\/www.claret.cat\\\/?page_id=16#listItem\",\"name\":\"Botiga\"}},{\"@type\":\"ListItem\",\"@id\":\"https:\\\/\\\/www.claret.cat\\\/categoria-producto\\\/cat\\\/1_espiritualitat\\\/#listItem\",\"position\":4,\"name\":\"Espiritualitat\",\"item\":\"https:\\\/\\\/www.claret.cat\\\/categoria-producto\\\/cat\\\/1_espiritualitat\\\/\",\"nextItem\":{\"@type\":\"ListItem\",\"@id\":\"https:\\\/\\\/www.claret.cat\\\/categoria-producto\\\/cat\\\/1_espiritualitat\\\/catequesi\\\/#listItem\",\"name\":\"Catequesi\"},\"previousItem\":{\"@type\":\"ListItem\",\"@id\":\"https:\\\/\\\/www.claret.cat\\\/categoria-producto\\\/cat\\\/#listItem\",\"name\":\"CAT\"}},{\"@type\":\"ListItem\",\"@id\":\"https:\\\/\\\/www.claret.cat\\\/categoria-producto\\\/cat\\\/1_espiritualitat\\\/catequesi\\\/#listItem\",\"position\":5,\"name\":\"Catequesi\",\"item\":\"https:\\\/\\\/www.claret.cat\\\/categoria-producto\\\/cat\\\/1_espiritualitat\\\/catequesi\\\/\",\"nextItem\":{\"@type\":\"ListItem\",\"@id\":\"https:\\\/\\\/www.claret.cat\\\/categoria-producto\\\/cat\\\/1_espiritualitat\\\/catequesi\\\/formacio\\\/#listItem\",\"name\":\"Formaci\\u00f3\"},\"previousItem\":{\"@type\":\"ListItem\",\"@id\":\"https:\\\/\\\/www.claret.cat\\\/categoria-producto\\\/cat\\\/1_espiritualitat\\\/#listItem\",\"name\":\"Espiritualitat\"}},{\"@type\":\"ListItem\",\"@id\":\"https:\\\/\\\/www.claret.cat\\\/categoria-producto\\\/cat\\\/1_espiritualitat\\\/catequesi\\\/formacio\\\/#listItem\",\"position\":6,\"name\":\"Formaci\\u00f3\",\"item\":\"https:\\\/\\\/www.claret.cat\\\/categoria-producto\\\/cat\\\/1_espiritualitat\\\/catequesi\\\/formacio\\\/\",\"nextItem\":{\"@type\":\"ListItem\",\"@id\":\"https:\\\/\\\/www.claret.cat\\\/es\\\/libro\\\/dios-padre-hijo-y-espiritu-santo-9788496488298\\\/#listItem\",\"name\":\"DIOS: PADRE, HIJO Y ESP\\u00cdRITU SANTO\"},\"previousItem\":{\"@type\":\"ListItem\",\"@id\":\"https:\\\/\\\/www.claret.cat\\\/categoria-producto\\\/cat\\\/1_espiritualitat\\\/catequesi\\\/#listItem\",\"name\":\"Catequesi\"}},{\"@type\":\"ListItem\",\"@id\":\"https:\\\/\\\/www.claret.cat\\\/es\\\/libro\\\/dios-padre-hijo-y-espiritu-santo-9788496488298\\\/#listItem\",\"position\":7,\"name\":\"DIOS: PADRE, HIJO Y ESP\\u00cdRITU SANTO\",\"previousItem\":{\"@type\":\"ListItem\",\"@id\":\"https:\\\/\\\/www.claret.cat\\\/categoria-producto\\\/cat\\\/1_espiritualitat\\\/catequesi\\\/formacio\\\/#listItem\",\"name\":\"Formaci\\u00f3\"}}]},{\"@type\":\"ItemPage\",\"@id\":\"https:\\\/\\\/www.claret.cat\\\/es\\\/libro\\\/dios-padre-hijo-y-espiritu-santo-9788496488298\\\/#itempage\",\"url\":\"https:\\\/\\\/www.claret.cat\\\/es\\\/libro\\\/dios-padre-hijo-y-espiritu-santo-9788496488298\\\/\",\"name\":\"DIOS: PADRE, HIJO Y ESP\\u00cdRITU SANTO - ROVIRA BELLOSO, JOSEP MA 9788496488298 | Llibreria Claret\",\"description\":\"DIOS: PADRE, HIJO Y ESP\\u00cdRITU SANTO de ROVIRA BELLOSO, JOSEP MA disponible a\\\/en Llibreria Claret.\",\"inLanguage\":\"es-ES\",\"isPartOf\":{\"@id\":\"https:\\\/\\\/www.claret.cat\\\/es\\\/#website\"},\"breadcrumb\":{\"@id\":\"https:\\\/\\\/www.claret.cat\\\/es\\\/libro\\\/dios-padre-hijo-y-espiritu-santo-9788496488298\\\/#breadcrumblist\"},\"image\":{\"@type\":\"ImageObject\",\"url\":\"https:\\\/\\\/www.claret.cat\\\/wp-content\\\/uploads\\\/.\\\/9788496488298.jpg\",\"@id\":\"https:\\\/\\\/www.claret.cat\\\/es\\\/libro\\\/dios-padre-hijo-y-espiritu-santo-9788496488298\\\/#mainImage\",\"width\":217,\"height\":345,\"caption\":\"9788496488298.jpg\"},\"primaryImageOfPage\":{\"@id\":\"https:\\\/\\\/www.claret.cat\\\/es\\\/libro\\\/dios-padre-hijo-y-espiritu-santo-9788496488298\\\/#mainImage\"},\"datePublished\":\"2023-01-15T09:42:22+01:00\",\"dateModified\":\"2024-05-23T00:36:42+02:00\"},{\"@type\":\"Organization\",\"@id\":\"https:\\\/\\\/www.claret.cat\\\/es\\\/#organization\",\"name\":\"Llibreria Claret\",\"description\":\"Llibreria religiosa a Barcelona\",\"url\":\"https:\\\/\\\/www.claret.cat\\\/es\\\/\",\"email\":\"comunicacio@claret.cat\",\"telephone\":\"+34933010887\",\"logo\":{\"@type\":\"ImageObject\",\"url\":\"https:\\\/\\\/www.claret.cat\\\/wp-content\\\/uploads\\\/.\\\/logo-claret-es.png\",\"@id\":\"https:\\\/\\\/www.claret.cat\\\/es\\\/libro\\\/dios-padre-hijo-y-espiritu-santo-9788496488298\\\/#organizationLogo\",\"width\":195,\"height\":79},\"image\":{\"@id\":\"https:\\\/\\\/www.claret.cat\\\/es\\\/libro\\\/dios-padre-hijo-y-espiritu-santo-9788496488298\\\/#organizationLogo\"},\"sameAs\":[\"https:\\\/\\\/www.facebook.com\\\/LlibreriaClaret\",\"https:\\\/\\\/twitter.com\\\/LlibreriaClaret\",\"https:\\\/\\\/www.instagram.com\\\/llibreriaclaret\\\/\",\"https:\\\/\\\/www.tiktok.com\\\/@llibreriaclaret\",\"https:\\\/\\\/www.youtube.com\\\/@llibreriaclaret\",\"https:\\\/\\\/ca.wikipedia.org\\\/wiki\\\/Editorial_Claret\"]},{\"@type\":\"WebPage\",\"@id\":\"https:\\\/\\\/www.claret.cat\\\/es\\\/libro\\\/dios-padre-hijo-y-espiritu-santo-9788496488298\\\/#webpage\",\"url\":\"https:\\\/\\\/www.claret.cat\\\/es\\\/libro\\\/dios-padre-hijo-y-espiritu-santo-9788496488298\\\/\",\"name\":\"DIOS: PADRE, HIJO Y ESP\\u00cdRITU SANTO - ROVIRA BELLOSO, JOSEP MA 9788496488298 | Llibreria Claret\",\"description\":\"DIOS: PADRE, HIJO Y ESP\\u00cdRITU SANTO de ROVIRA BELLOSO, JOSEP MA disponible a\\\/en Llibreria Claret.\",\"inLanguage\":\"es-ES\",\"isPartOf\":{\"@id\":\"https:\\\/\\\/www.claret.cat\\\/es\\\/#website\"},\"breadcrumb\":{\"@id\":\"https:\\\/\\\/www.claret.cat\\\/es\\\/libro\\\/dios-padre-hijo-y-espiritu-santo-9788496488298\\\/#breadcrumblist\"},\"image\":{\"@type\":\"ImageObject\",\"url\":\"https:\\\/\\\/www.claret.cat\\\/wp-content\\\/uploads\\\/.\\\/9788496488298.jpg\",\"@id\":\"https:\\\/\\\/www.claret.cat\\\/es\\\/libro\\\/dios-padre-hijo-y-espiritu-santo-9788496488298\\\/#mainImage\",\"width\":217,\"height\":345,\"caption\":\"9788496488298.jpg\"},\"primaryImageOfPage\":{\"@id\":\"https:\\\/\\\/www.claret.cat\\\/es\\\/libro\\\/dios-padre-hijo-y-espiritu-santo-9788496488298\\\/#mainImage\"},\"datePublished\":\"2023-01-15T09:42:22+01:00\",\"dateModified\":\"2024-05-23T00:36:42+02:00\"},{\"@type\":\"WebSite\",\"@id\":\"https:\\\/\\\/www.claret.cat\\\/es\\\/#website\",\"url\":\"https:\\\/\\\/www.claret.cat\\\/es\\\/\",\"name\":\"Llibreria Claret Barcelona\",\"alternateName\":\"Llibreria Claret\",\"description\":\"Llibreria religiosa a Barcelona\",\"inLanguage\":\"es-ES\",\"publisher\":{\"@id\":\"https:\\\/\\\/www.claret.cat\\\/es\\\/#organization\"}}]}\n\t\t<\/script>\n\t\t<!-- All in One SEO Pro -->\r\n\t\t<title>DIOS: PADRE, HIJO Y ESP\u00cdRITU SANTO - ROVIRA BELLOSO, JOSEP MA 9788496488298 | Llibreria Claret<\/title>\n\n","aioseo_head_json":{"title":"DIOS: PADRE, HIJO Y ESP\u00cdRITU SANTO - ROVIRA BELLOSO, JOSEP MA 9788496488298 | Llibreria Claret","description":"DIOS: PADRE, HIJO Y ESP\u00cdRITU SANTO de ROVIRA BELLOSO, JOSEP MA disponible a\/en Llibreria Claret.","canonical_url":"https:\/\/www.claret.cat\/es\/libro\/dios-padre-hijo-y-espiritu-santo-9788496488298\/","robots":"max-image-preview:large","keywords":"","webmasterTools":{"google-site-verification":"xVtlFxJ-TfkIu-D-lt7XeLobefg5EIQiXTuqcSf8Rf0","miscellaneous":""},"schema":{"@context":"https:\/\/schema.org","@graph":[{"@type":"BreadcrumbList","@id":"https:\/\/www.claret.cat\/es\/libro\/dios-padre-hijo-y-espiritu-santo-9788496488298\/#breadcrumblist","itemListElement":[{"@type":"ListItem","@id":"https:\/\/www.claret.cat\/es\/#listItem","position":1,"name":"Home","item":"https:\/\/www.claret.cat\/es\/","nextItem":{"@type":"ListItem","@id":"https:\/\/www.claret.cat\/?page_id=16#listItem","name":"Botiga"}},{"@type":"ListItem","@id":"https:\/\/www.claret.cat\/?page_id=16#listItem","position":2,"name":"Botiga","item":"https:\/\/www.claret.cat\/?page_id=16","nextItem":{"@type":"ListItem","@id":"https:\/\/www.claret.cat\/categoria-producto\/cat\/#listItem","name":"CAT"},"previousItem":{"@type":"ListItem","@id":"https:\/\/www.claret.cat\/es\/#listItem","name":"Home"}},{"@type":"ListItem","@id":"https:\/\/www.claret.cat\/categoria-producto\/cat\/#listItem","position":3,"name":"CAT","item":"https:\/\/www.claret.cat\/categoria-producto\/cat\/","nextItem":{"@type":"ListItem","@id":"https:\/\/www.claret.cat\/categoria-producto\/cat\/1_espiritualitat\/#listItem","name":"Espiritualitat"},"previousItem":{"@type":"ListItem","@id":"https:\/\/www.claret.cat\/?page_id=16#listItem","name":"Botiga"}},{"@type":"ListItem","@id":"https:\/\/www.claret.cat\/categoria-producto\/cat\/1_espiritualitat\/#listItem","position":4,"name":"Espiritualitat","item":"https:\/\/www.claret.cat\/categoria-producto\/cat\/1_espiritualitat\/","nextItem":{"@type":"ListItem","@id":"https:\/\/www.claret.cat\/categoria-producto\/cat\/1_espiritualitat\/catequesi\/#listItem","name":"Catequesi"},"previousItem":{"@type":"ListItem","@id":"https:\/\/www.claret.cat\/categoria-producto\/cat\/#listItem","name":"CAT"}},{"@type":"ListItem","@id":"https:\/\/www.claret.cat\/categoria-producto\/cat\/1_espiritualitat\/catequesi\/#listItem","position":5,"name":"Catequesi","item":"https:\/\/www.claret.cat\/categoria-producto\/cat\/1_espiritualitat\/catequesi\/","nextItem":{"@type":"ListItem","@id":"https:\/\/www.claret.cat\/categoria-producto\/cat\/1_espiritualitat\/catequesi\/formacio\/#listItem","name":"Formaci\u00f3"},"previousItem":{"@type":"ListItem","@id":"https:\/\/www.claret.cat\/categoria-producto\/cat\/1_espiritualitat\/#listItem","name":"Espiritualitat"}},{"@type":"ListItem","@id":"https:\/\/www.claret.cat\/categoria-producto\/cat\/1_espiritualitat\/catequesi\/formacio\/#listItem","position":6,"name":"Formaci\u00f3","item":"https:\/\/www.claret.cat\/categoria-producto\/cat\/1_espiritualitat\/catequesi\/formacio\/","nextItem":{"@type":"ListItem","@id":"https:\/\/www.claret.cat\/es\/libro\/dios-padre-hijo-y-espiritu-santo-9788496488298\/#listItem","name":"DIOS: PADRE, HIJO Y ESP\u00cdRITU SANTO"},"previousItem":{"@type":"ListItem","@id":"https:\/\/www.claret.cat\/categoria-producto\/cat\/1_espiritualitat\/catequesi\/#listItem","name":"Catequesi"}},{"@type":"ListItem","@id":"https:\/\/www.claret.cat\/es\/libro\/dios-padre-hijo-y-espiritu-santo-9788496488298\/#listItem","position":7,"name":"DIOS: PADRE, HIJO Y ESP\u00cdRITU SANTO","previousItem":{"@type":"ListItem","@id":"https:\/\/www.claret.cat\/categoria-producto\/cat\/1_espiritualitat\/catequesi\/formacio\/#listItem","name":"Formaci\u00f3"}}]},{"@type":"ItemPage","@id":"https:\/\/www.claret.cat\/es\/libro\/dios-padre-hijo-y-espiritu-santo-9788496488298\/#itempage","url":"https:\/\/www.claret.cat\/es\/libro\/dios-padre-hijo-y-espiritu-santo-9788496488298\/","name":"DIOS: PADRE, HIJO Y ESP\u00cdRITU SANTO - ROVIRA BELLOSO, JOSEP MA 9788496488298 | Llibreria Claret","description":"DIOS: PADRE, HIJO Y ESP\u00cdRITU SANTO de ROVIRA BELLOSO, JOSEP MA disponible a\/en Llibreria Claret.","inLanguage":"es-ES","isPartOf":{"@id":"https:\/\/www.claret.cat\/es\/#website"},"breadcrumb":{"@id":"https:\/\/www.claret.cat\/es\/libro\/dios-padre-hijo-y-espiritu-santo-9788496488298\/#breadcrumblist"},"image":{"@type":"ImageObject","url":"https:\/\/www.claret.cat\/wp-content\/uploads\/.\/9788496488298.jpg","@id":"https:\/\/www.claret.cat\/es\/libro\/dios-padre-hijo-y-espiritu-santo-9788496488298\/#mainImage","width":217,"height":345,"caption":"9788496488298.jpg"},"primaryImageOfPage":{"@id":"https:\/\/www.claret.cat\/es\/libro\/dios-padre-hijo-y-espiritu-santo-9788496488298\/#mainImage"},"datePublished":"2023-01-15T09:42:22+01:00","dateModified":"2024-05-23T00:36:42+02:00"},{"@type":"Organization","@id":"https:\/\/www.claret.cat\/es\/#organization","name":"Llibreria Claret","description":"Llibreria religiosa a Barcelona","url":"https:\/\/www.claret.cat\/es\/","email":"comunicacio@claret.cat","telephone":"+34933010887","logo":{"@type":"ImageObject","url":"https:\/\/www.claret.cat\/wp-content\/uploads\/.\/logo-claret-es.png","@id":"https:\/\/www.claret.cat\/es\/libro\/dios-padre-hijo-y-espiritu-santo-9788496488298\/#organizationLogo","width":195,"height":79},"image":{"@id":"https:\/\/www.claret.cat\/es\/libro\/dios-padre-hijo-y-espiritu-santo-9788496488298\/#organizationLogo"},"sameAs":["https:\/\/www.facebook.com\/LlibreriaClaret","https:\/\/twitter.com\/LlibreriaClaret","https:\/\/www.instagram.com\/llibreriaclaret\/","https:\/\/www.tiktok.com\/@llibreriaclaret","https:\/\/www.youtube.com\/@llibreriaclaret","https:\/\/ca.wikipedia.org\/wiki\/Editorial_Claret"]},{"@type":"WebPage","@id":"https:\/\/www.claret.cat\/es\/libro\/dios-padre-hijo-y-espiritu-santo-9788496488298\/#webpage","url":"https:\/\/www.claret.cat\/es\/libro\/dios-padre-hijo-y-espiritu-santo-9788496488298\/","name":"DIOS: PADRE, HIJO Y ESP\u00cdRITU SANTO - ROVIRA BELLOSO, JOSEP MA 9788496488298 | Llibreria Claret","description":"DIOS: PADRE, HIJO Y ESP\u00cdRITU SANTO de ROVIRA BELLOSO, JOSEP MA disponible a\/en Llibreria Claret.","inLanguage":"es-ES","isPartOf":{"@id":"https:\/\/www.claret.cat\/es\/#website"},"breadcrumb":{"@id":"https:\/\/www.claret.cat\/es\/libro\/dios-padre-hijo-y-espiritu-santo-9788496488298\/#breadcrumblist"},"image":{"@type":"ImageObject","url":"https:\/\/www.claret.cat\/wp-content\/uploads\/.\/9788496488298.jpg","@id":"https:\/\/www.claret.cat\/es\/libro\/dios-padre-hijo-y-espiritu-santo-9788496488298\/#mainImage","width":217,"height":345,"caption":"9788496488298.jpg"},"primaryImageOfPage":{"@id":"https:\/\/www.claret.cat\/es\/libro\/dios-padre-hijo-y-espiritu-santo-9788496488298\/#mainImage"},"datePublished":"2023-01-15T09:42:22+01:00","dateModified":"2024-05-23T00:36:42+02:00"},{"@type":"WebSite","@id":"https:\/\/www.claret.cat\/es\/#website","url":"https:\/\/www.claret.cat\/es\/","name":"Llibreria Claret Barcelona","alternateName":"Llibreria Claret","description":"Llibreria religiosa a Barcelona","inLanguage":"es-ES","publisher":{"@id":"https:\/\/www.claret.cat\/es\/#organization"}}]},"og:locale":"es_ES","og:site_name":"Llibreria Claret - Llibreria religiosa a Barcelona","og:type":"article","og:title":"DIOS: PADRE, HIJO Y ESP\u00cdRITU SANTO - ROVIRA BELLOSO, JOSEP MA 9788496488298 | Llibreria Claret","og:description":"DIOS: PADRE, HIJO Y ESP\u00cdRITU SANTO de ROVIRA BELLOSO, JOSEP MA disponible a\/en Llibreria Claret.","og:url":"https:\/\/www.claret.cat\/es\/libro\/dios-padre-hijo-y-espiritu-santo-9788496488298\/","og:image":"https:\/\/dev.claret.cat\/wp-content\/uploads\/logo-claret.svg","og:image:secure_url":"https:\/\/dev.claret.cat\/wp-content\/uploads\/logo-claret.svg","article:published_time":"2023-01-15T08:42:22+00:00","article:modified_time":"2024-05-22T22:36:42+00:00","article:publisher":"https:\/\/www.facebook.com\/LlibreriaClaret","twitter:card":"summary_large_image","twitter:site":"@LlibreriaClaret","twitter:title":"DIOS: PADRE, HIJO Y ESP\u00cdRITU SANTO - ROVIRA BELLOSO, JOSEP MA 9788496488298 | Llibreria Claret","twitter:description":"DIOS: PADRE, HIJO Y ESP\u00cdRITU SANTO de ROVIRA BELLOSO, JOSEP MA disponible a\/en Llibreria Claret.","twitter:image":"http:\/\/dev.claret.cat\/wp-content\/uploads\/logo-claret.svg"},"aioseo_meta_data":{"post_id":"362815","title":null,"description":null,"keywords":null,"keyphrases":null,"primary_term":null,"canonical_url":null,"og_title":null,"og_description":null,"og_object_type":"default","og_image_type":"default","og_image_url":null,"og_image_width":null,"og_image_height":null,"og_image_custom_url":null,"og_image_custom_fields":null,"og_video":null,"og_custom_url":null,"og_article_section":null,"og_article_tags":null,"twitter_use_og":false,"twitter_card":"default","twitter_image_type":"default","twitter_image_url":null,"twitter_image_custom_url":null,"twitter_image_custom_fields":null,"twitter_title":null,"twitter_description":null,"schema":{"blockGraphs":[],"customGraphs":[],"default":{"data":{"Article":[],"Course":[],"Dataset":[],"FAQPage":[],"Movie":[],"Person":[],"Product":[],"ProductReview":[],"Car":[],"Recipe":[],"Service":[],"SoftwareApplication":[],"WebPage":[]},"graphName":"","isEnabled":true},"graphs":[]},"schema_type":"default","schema_type_options":null,"pillar_content":false,"robots_default":true,"robots_noindex":false,"robots_noarchive":false,"robots_nosnippet":false,"robots_nofollow":false,"robots_noimageindex":false,"robots_noodp":false,"robots_notranslate":false,"robots_max_snippet":null,"robots_max_videopreview":null,"robots_max_imagepreview":"large","priority":null,"frequency":null,"local_seo":null,"seo_analyzer_scan_date":"2025-11-30 08:48:01","breadcrumb_settings":null,"limit_modified_date":false,"open_ai":null,"ai":null,"created":"2023-01-15 08:43:20","updated":"2025-11-30 08:48:01","focus_keyword":null,"additional_keywords":null,"truseo_locale":null},"aioseo_breadcrumb":"<div class=\"aioseo-breadcrumbs\"><span class=\"aioseo-breadcrumb\">\n\t<a href=\"https:\/\/www.claret.cat\/es\/\" title=\"Home\">Home<\/a>\n<\/span><span class=\"aioseo-breadcrumb-separator\">&raquo;<\/span><span class=\"aioseo-breadcrumb\">\n\t<a href=\"https:\/\/www.claret.cat\/?page_id=16\" title=\"Botiga\">Botiga<\/a>\n<\/span><span class=\"aioseo-breadcrumb-separator\">&raquo;<\/span><span class=\"aioseo-breadcrumb\">\n\t<a href=\"https:\/\/www.claret.cat\/categoria-producto\/cat\/\" title=\"CAT\">CAT<\/a>\n<\/span><span class=\"aioseo-breadcrumb-separator\">&raquo;<\/span><span class=\"aioseo-breadcrumb\">\n\t<a href=\"https:\/\/www.claret.cat\/categoria-producto\/cat\/1_espiritualitat\/\" title=\"Espiritualitat\">Espiritualitat<\/a>\n<\/span><span class=\"aioseo-breadcrumb-separator\">&raquo;<\/span><span class=\"aioseo-breadcrumb\">\n\t<a href=\"https:\/\/www.claret.cat\/categoria-producto\/cat\/1_espiritualitat\/catequesi\/\" title=\"Catequesi\">Catequesi<\/a>\n<\/span><span class=\"aioseo-breadcrumb-separator\">&raquo;<\/span><span class=\"aioseo-breadcrumb\">\n\t<a href=\"https:\/\/www.claret.cat\/categoria-producto\/cat\/1_espiritualitat\/catequesi\/formacio\/\" title=\"Formaci\u00f3\">Formaci\u00f3<\/a>\n<\/span><span class=\"aioseo-breadcrumb-separator\">&raquo;<\/span><span class=\"aioseo-breadcrumb\">\n\tDIOS: PADRE, HIJO Y ESP\u00cdRITU SANTO\n<\/span><\/div>","aioseo_breadcrumb_json":[{"label":"Home","link":"https:\/\/www.claret.cat\/es\/"},{"label":"Botiga","link":"https:\/\/www.claret.cat\/?page_id=16"},{"label":"CAT","link":"https:\/\/www.claret.cat\/categoria-producto\/cat\/"},{"label":"Espiritualitat","link":"https:\/\/www.claret.cat\/categoria-producto\/cat\/1_espiritualitat\/"},{"label":"Catequesi","link":"https:\/\/www.claret.cat\/categoria-producto\/cat\/1_espiritualitat\/catequesi\/"},{"label":"Formaci\u00f3","link":"https:\/\/www.claret.cat\/categoria-producto\/cat\/1_espiritualitat\/catequesi\/formacio\/"},{"label":"DIOS: PADRE, HIJO Y ESP\u00cdRITU SANTO","link":"https:\/\/www.claret.cat\/es\/libro\/dios-padre-hijo-y-espiritu-santo-9788496488298\/"}],"_links":{"self":[{"href":"https:\/\/www.claret.cat\/es\/wp-json\/wp\/v2\/product\/362815","targetHints":{"allow":["GET"]}}],"collection":[{"href":"https:\/\/www.claret.cat\/es\/wp-json\/wp\/v2\/product"}],"about":[{"href":"https:\/\/www.claret.cat\/es\/wp-json\/wp\/v2\/types\/product"}],"wp:featuredmedia":[{"embeddable":true,"href":"https:\/\/www.claret.cat\/es\/wp-json\/wp\/v2\/media\/362816"}],"wp:attachment":[{"href":"https:\/\/www.claret.cat\/es\/wp-json\/wp\/v2\/media?parent=362815"}],"wp:term":[{"taxonomy":"product_brand","embeddable":true,"href":"https:\/\/www.claret.cat\/es\/wp-json\/wp\/v2\/product_brand?post=362815"},{"taxonomy":"product_cat","embeddable":true,"href":"https:\/\/www.claret.cat\/es\/wp-json\/wp\/v2\/product_cat?post=362815"},{"taxonomy":"product_tag","embeddable":true,"href":"https:\/\/www.claret.cat\/es\/wp-json\/wp\/v2\/product_tag?post=362815"}],"curies":[{"name":"wp","href":"https:\/\/api.w.org\/{rel}","templated":true}]}}