{"id":367391,"date":"2023-01-15T20:42:16","date_gmt":"2023-01-15T19:42:16","guid":{"rendered":"https:\/\/www.claret.cat\/llibre\/creacion-y-evolucion-9788498461565\/"},"modified":"2026-04-02T12:36:31","modified_gmt":"2026-04-02T10:36:31","slug":"creacion-y-evolucion-9788498461565","status":"publish","type":"product","link":"https:\/\/www.claret.cat\/es\/libro\/creacion-y-evolucion-9788498461565\/","title":{"rendered":"CREACI\u00d3N Y EVOLUCI\u00d3N"},"content":{"rendered":"<p>En julio de 2005 el cardenal Christoph Sch\u00f6nborn, arzobispo de Viena, public\u00f3 en el New York Times un art\u00edculo en defensa de la teor\u00eda del dise\u00f1o inteligente que desencaden\u00f3 un debate de alcance mundial. El papa Benedicto XVI encarg\u00f3 entonces al cardenal que abordara con mayor detalle la pugna existente entre creacionismo y evolucionismo, y asimismo solicit\u00f3 a su c\u00edrculo de antiguos alumnos, que se re\u00fane anualmente, que debatiera acerca de esta misma cuesti\u00f3n.<br \/>Este libro documenta el interesante encuentro celebrado en septiembre de 2006 en la residencia papal de Castel Gandolfo para tratar este asunto. Incluye las ponencias que se presentaron, a favor de una u otra teor\u00eda, desde los \u00e1mbitos de las ciencias naturales, la filosof\u00eda y la teolog\u00eda, as\u00ed como el debate posterior, en el cual participa el propio papa Benedicto XVI con numerosas intervenciones.<\/p>\n","protected":false},"excerpt":{"rendered":"<p>HORN, STEPHAN OTTO; WIEDE<\/p>\n","protected":false},"featured_media":978053,"template":"","meta":{"_acf_changed":false,"om_disable_all_campaigns":false,"rs_blank_template":"","rs_page_bg_color":"","slide_template_v7":"","inline_featured_image":false,"_monsterinsights_skip_tracking":false,"_monsterinsights_sitenote_active":false,"_monsterinsights_sitenote_note":"","_monsterinsights_sitenote_category":0},"product_brand":[],"product_cat":[90,581,540],"product_tag":[],"class_list":{"0":"post-367391","1":"product","2":"type-product","3":"status-publish","4":"has-post-thumbnail","6":"product_cat-altres","7":"product_cat-editorial-claret","8":"product_cat-otros","10":"first","11":"instock","12":"taxable","13":"shipping-taxable","14":"purchasable","15":"product-type-simple"},"acf":{"editorial":[{"ID":6158,"post_author":"3","post_date":"2022-07-28 17:46:08","post_date_gmt":"2022-07-28 15:46:08","post_content":"","post_title":"CLARET","post_excerpt":"","post_status":"publish","comment_status":"closed","ping_status":"closed","post_password":"","post_name":"claret","to_ping":"","pinged":"","post_modified":"2022-07-28 17:46:08","post_modified_gmt":"2022-07-28 15:46:08","post_content_filtered":"","post_parent":0,"guid":"http:\/\/dev.claret.cat\/editorial\/claret\/","menu_order":0,"post_type":"editorial","post_mime_type":"","comment_count":"0","filter":"raw"}],"autores-libros":[{"ID":367390,"post_author":"3","post_date":"2023-01-15 20:42:14","post_date_gmt":"2023-01-15 19:42:14","post_content":"","post_title":"STEPHAN OTTO HORN","post_excerpt":"","post_status":"publish","comment_status":"closed","ping_status":"closed","post_password":"","post_name":"stephan-otto-horn","to_ping":"","pinged":"","post_modified":"2023-01-15 20:42:14","post_modified_gmt":"2023-01-15 19:42:14","post_content_filtered":"","post_parent":0,"guid":"https:\/\/www.claret.cat\/autor\/stephan-otto-horn\/","menu_order":0,"post_type":"autor","post_mime_type":"","comment_count":"0","filter":"raw"},{"ID":367389,"post_author":"3","post_date":"2023-01-15 20:42:12","post_date_gmt":"2023-01-15 19:42:12","post_content":"","post_title":"SIEGFRIED (EDS.) WIEDENHOFER","post_excerpt":"","post_status":"publish","comment_status":"closed","ping_status":"closed","post_password":"","post_name":"siegfried-eds-wiedenhofer","to_ping":"","pinged":"","post_modified":"2023-01-15 20:42:12","post_modified_gmt":"2023-01-15 19:42:12","post_content_filtered":"","post_parent":0,"guid":"https:\/\/www.claret.cat\/autor\/siegfried-eds-wiedenhofer\/","menu_order":0,"post_type":"autor","post_mime_type":"","comment_count":"0","filter":"raw"}],"autor":"HORN, STEPHAN OTTO; WIEDE","codart":"849846156","libros-coleccion":"","ediciones":"0","encuadernacion":"R\u00fastica","fecha_de_publicacion":"04\/06\/2008","novedad":"0","paginas":"202","subtitulo":"UN ENCUENTRO CON EL PAPA BENEDICTO XVI EN CASTEL GANDOLFO","orden":"999","portada":"0","idioma":"spa","booktrailer":"","resenas":""},"aioseo_notices":[],"_links":{"self":[{"href":"https:\/\/www.claret.cat\/es\/wp-json\/wp\/v2\/product\/367391","targetHints":{"allow":["GET"]}}],"collection":[{"href":"https:\/\/www.claret.cat\/es\/wp-json\/wp\/v2\/product"}],"about":[{"href":"https:\/\/www.claret.cat\/es\/wp-json\/wp\/v2\/types\/product"}],"wp:featuredmedia":[{"embeddable":true,"href":"https:\/\/www.claret.cat\/es\/wp-json\/wp\/v2\/media\/978053"}],"wp:attachment":[{"href":"https:\/\/www.claret.cat\/es\/wp-json\/wp\/v2\/media?parent=367391"}],"wp:term":[{"taxonomy":"product_brand","embeddable":true,"href":"https:\/\/www.claret.cat\/es\/wp-json\/wp\/v2\/product_brand?post=367391"},{"taxonomy":"product_cat","embeddable":true,"href":"https:\/\/www.claret.cat\/es\/wp-json\/wp\/v2\/product_cat?post=367391"},{"taxonomy":"product_tag","embeddable":true,"href":"https:\/\/www.claret.cat\/es\/wp-json\/wp\/v2\/product_tag?post=367391"}],"curies":[{"name":"wp","href":"https:\/\/api.w.org\/{rel}","templated":true}]}}