{"id":367405,"date":"2023-01-15T20:43:10","date_gmt":"2023-01-15T19:43:10","guid":{"rendered":"https:\/\/www.claret.cat\/llibre\/el-sorgiment-del-sise-sentit-9788498461602\/"},"modified":"2024-05-22T18:55:02","modified_gmt":"2024-05-22T16:55:02","slug":"el-sorgiment-del-sise-sentit-9788498461602","status":"publish","type":"product","link":"https:\/\/www.claret.cat\/es\/libro\/el-sorgiment-del-sise-sentit-9788498461602\/","title":{"rendered":"EL SORGIMENT DEL SIS\u00c8 SENTIT"},"content":{"rendered":"<p>En aquest estudi s\u2019analitzen els usos del tel\u00e8fon m\u00f2bil m\u00e9s comuns entre adolescents i joves, aix\u00ed com els canvis que la irrupci\u00f3 d\u2019aquesta tecnologia ha produ\u00eft en les formes de relaci\u00f3, tant amb els amics com amb els pares.<br \/>El moment en qu\u00e8 la majoria dels menors adquireixen el tel\u00e8fon m\u00f2bil ha quedat fixat al voltant de l\u2019entrada a l\u2019ESO, esdevenint en certa mesura un ritu de pas d\u2019entrada a l\u2019adolesc\u00e8ncia. \u00c9s en aquest instant que els pares cedeixen a la compra del m\u00f2bil perqu\u00e8 els permet tenir permanentment localitzables els seus fills, fent menys traum\u00e0tica l\u2019adquisici\u00f3 d\u2019autonomia pr\u00f2pia de l\u2019adolesc\u00e8ncia. Aix\u00ed, es configura un pacte impl\u00edcit entre pares i fills: els fills se senten m\u00e9s aut\u00f2noms gr\u00e0cies al m\u00f2bil, i els pares se senten m\u00e9s segurs perqu\u00e8 tenen m\u00e9s \u201ccontrolats\u201d els fills. L\u2019adquisici\u00f3 del m\u00f2bil, en relaci\u00f3 a l\u2019autonomia, esdev\u00e9 paradoxal: la tinen\u00e7a del m\u00f2bil accelera el proc\u00e9s d\u2019adquisici\u00f3 d\u2019autonomia per part dels adolescents, per\u00f2 alhora en limita el llindar m\u00e0xim d\u2019autonomia al qual poden aspirar, ja que passen a estar permanent connectats als pares. Aquest estar connectat de forma permanent, ja sigui amb els pares, ja sigui amb els amics, actua com una mena de sis\u00e8 sentit que ens mant\u00e9 permanentment pendents d\u2019un entramat comunicatiu que es canalitza a trav\u00e9s del tel\u00e8fon m\u00f2bil. Aquesta necessitat d\u2019estar connectats fa que els nois i noies pr\u00e0cticament no desconnectin el tel\u00e8fon m\u00f2bil en cap instant del dia, ni a casa ni a l\u2019escola. El fet que els adolescents tinguin poca capacitat de despesa deixa en segon pla les trucades, situant-se com a preeminents l\u2019\u00fas dels missatges de text (SMS) i les trucades perdudes. En aquesta etapa el m\u00f2bil serveix m\u00e9s per recrear cont\u00ednuament els vincles relacionals amb els amics que no pas per comunicar-s\u2019hi.<br \/>Amb el pas de l\u2019adolesc\u00e8ncia a la joventut el context social de refer\u00e8ncia canvia. El grup d\u2019amics es fidelitza, el temps de lleure s\u2019ocupa menys a la llar, i a nivell econ\u00f2mic els joves disposen de major capacitat de consum. Aix\u00ed les coses, el m\u00f2bil pren rellev\u00e0ncia com a dispositiu comunicatiu. Es fa servir m\u00e9s per trucar i pren entitat com a producte de primera necessitat; tant per estar informat dels moviments del grup d\u2019amics en els temps i espais de lleure, com per estar localitzable en cas de reclam per part dels companys, at\u00e8s que el m\u00f2bil incrementa el nivell d\u2019improvisaci\u00f3 en la gesti\u00f3 de les trobades.<br \/>En definitiva, el m\u00f2bil redimensiona les relacions. Refor\u00e7a les obligacions comunicatives i relacionals dins del grup proper, per\u00f2 en canvi permet prendre dist\u00e0ncia respecte les relacions m\u00e9s an\u00f2nimes. El m\u00f2bil permet fer front de manera distanciada, sense exposar-nos emocionalment o evitant convencions socials inc\u00f2modes, a les relacions amb les persones que no formen part del nostre entorn \u00edntim. Alhora, fa m\u00e9s presents les obligacions comunicatives, el mantenir-se connectat amb aquest entorn m\u00e9s proper. Ras i curt: el m\u00f2bil fa m\u00e9s lights les relacions socials pesades, i m\u00e9s pesades les relacions \u00edntimes. En certa mesura, per tant, m\u00e9s que afavorir una societat xarxa de comunicacions, afavoreix una societat n\u00ednxol, replegada sobre ella mateixa i els espais \u00edntims on ens refugiem<\/p>\n","protected":false},"excerpt":{"rendered":"<p>BENITO P\u00c9REZ, RICARD; GON<\/p>\n","protected":false},"featured_media":367421,"template":"","meta":{"_acf_changed":false,"om_disable_all_campaigns":false,"rs_blank_template":"","rs_page_bg_color":"","slide_template_v7":"","inline_featured_image":false,"_monsterinsights_skip_tracking":false,"_monsterinsights_sitenote_active":false,"_monsterinsights_sitenote_note":"","_monsterinsights_sitenote_category":0},"product_brand":[],"product_cat":[581,191,143,454,576,137,425,188,381,437,163],"product_tag":[],"class_list":{"0":"post-367405","1":"product","2":"type-product","3":"status-publish","4":"has-post-thumbnail","6":"product_cat-editorial-claret","7":"product_cat-educacio-en-valors-pedagogia-2_humanitats","8":"product_cat-educacio-en-valors","9":"product_cat-educacion-en-valores","10":"product_cat-educacion-en-valores-escolar-4_escolar-spa","11":"product_cat-escola-de-pares-infantil","12":"product_cat-escuela-de-padres","13":"product_cat-psicopedagogia","14":"product_cat-psicopedagogia-pedagogia-2_humanidades","15":"product_cat-valores-y-convivencia","16":"product_cat-valors-i-convivencia","18":"first","19":"instock","20":"taxable","21":"shipping-taxable","22":"purchasable","23":"product-type-simple"},"acf":{"editorial":[{"ID":6158,"post_author":"3","post_date":"2022-07-28 17:46:08","post_date_gmt":"2022-07-28 15:46:08","post_content":"","post_title":"CLARET","post_excerpt":"","post_status":"publish","comment_status":"closed","ping_status":"closed","post_password":"","post_name":"claret","to_ping":"","pinged":"","post_modified":"2022-07-28 17:46:08","post_modified_gmt":"2022-07-28 15:46:08","post_content_filtered":"","post_parent":0,"guid":"http:\/\/dev.claret.cat\/editorial\/claret\/","menu_order":0,"post_type":"editorial","post_mime_type":"","comment_count":"0","filter":"raw"}],"autores-libros":[{"ID":367403,"post_author":"3","post_date":"2023-01-15 20:43:05","post_date_gmt":"2023-01-15 19:43:05","post_content":"","post_title":"RICARD BENITO P\u00c9REZ","post_excerpt":"","post_status":"publish","comment_status":"closed","ping_status":"closed","post_password":"","post_name":"ricard-benito-perez","to_ping":"","pinged":"","post_modified":"2023-01-15 20:43:05","post_modified_gmt":"2023-01-15 19:43:05","post_content_filtered":"","post_parent":0,"guid":"https:\/\/www.claret.cat\/autor\/ricard-benito-perez\/","menu_order":0,"post_type":"autor","post_mime_type":"","comment_count":"0","filter":"raw"},{"ID":367402,"post_author":"3","post_date":"2023-01-15 20:43:03","post_date_gmt":"2023-01-15 19:43:03","post_content":"","post_title":"ISAAC GONZ\u00c1LEZ BALLETB\u00d3","post_excerpt":"","post_status":"publish","comment_status":"closed","ping_status":"closed","post_password":"","post_name":"isaac-gonzalez-balletbo","to_ping":"","pinged":"","post_modified":"2023-01-15 20:43:03","post_modified_gmt":"2023-01-15 19:43:03","post_content_filtered":"","post_parent":0,"guid":"https:\/\/www.claret.cat\/autor\/isaac-gonzalez-balletbo\/","menu_order":0,"post_type":"autor","post_mime_type":"","comment_count":"0","filter":"raw"},{"ID":367404,"post_author":"3","post_date":"2023-01-15 20:43:07","post_date_gmt":"2023-01-15 19:43:07","post_content":"","post_title":"SALVADOR (prol) CARD\u00daS","post_excerpt":"","post_status":"publish","comment_status":"closed","ping_status":"closed","post_password":"","post_name":"salvador-prol-cardus","to_ping":"","pinged":"","post_modified":"2023-01-15 20:43:07","post_modified_gmt":"2023-01-15 19:43:07","post_content_filtered":"","post_parent":0,"guid":"https:\/\/www.claret.cat\/autor\/salvador-prol-cardus\/","menu_order":0,"post_type":"autor","post_mime_type":"","comment_count":"0","filter":"raw"}],"autor":"BENITO P\u00c9REZ, RICARD; GON","codart":"849846160","libros-coleccion":"Familiaforum","ediciones":"1","encuadernacion":"R\u00fastica","fecha_de_publicacion":"18\/06\/2008","novedad":"0","paginas":"156","subtitulo":"USOS I SENTITS DEL TEL\u00c8FON M\u00d2BIL EN L'ADOLESC\u00c8NCIA I LA JOVENTUT","orden":"999","portada":"0","idioma":"cat"},"aioseo_notices":[],"_links":{"self":[{"href":"https:\/\/www.claret.cat\/es\/wp-json\/wp\/v2\/product\/367405","targetHints":{"allow":["GET"]}}],"collection":[{"href":"https:\/\/www.claret.cat\/es\/wp-json\/wp\/v2\/product"}],"about":[{"href":"https:\/\/www.claret.cat\/es\/wp-json\/wp\/v2\/types\/product"}],"wp:featuredmedia":[{"embeddable":true,"href":"https:\/\/www.claret.cat\/es\/wp-json\/wp\/v2\/media\/367421"}],"wp:attachment":[{"href":"https:\/\/www.claret.cat\/es\/wp-json\/wp\/v2\/media?parent=367405"}],"wp:term":[{"taxonomy":"product_brand","embeddable":true,"href":"https:\/\/www.claret.cat\/es\/wp-json\/wp\/v2\/product_brand?post=367405"},{"taxonomy":"product_cat","embeddable":true,"href":"https:\/\/www.claret.cat\/es\/wp-json\/wp\/v2\/product_cat?post=367405"},{"taxonomy":"product_tag","embeddable":true,"href":"https:\/\/www.claret.cat\/es\/wp-json\/wp\/v2\/product_tag?post=367405"}],"curies":[{"name":"wp","href":"https:\/\/api.w.org\/{rel}","templated":true}]}}