{"id":36775,"date":"2022-10-02T18:24:53","date_gmt":"2022-10-02T16:24:53","guid":{"rendered":"http:\/\/dev.claret.cat\/producte\/el-nino-que-queria-dar-abrazos\/"},"modified":"2023-10-06T09:04:12","modified_gmt":"2023-10-06T07:04:12","slug":"el-nino-que-queria-dar-abrazos-9788448860769","status":"publish","type":"product","link":"https:\/\/www.claret.cat\/es\/libro\/el-nino-que-queria-dar-abrazos-9788448860769\/","title":{"rendered":"EL NI\u00d1O QUE QUER\u00cdA DAR ABRAZOS"},"content":{"rendered":"<p>Un cuento sobre la sensibilidad, la masculinidad y el valor de ser uno mismo. A Neo le gustan muchas cosas: la m\u00fasica, los cuentos, pasear a su  elefante, jugar con sus  amigas y amigos&#8230; y, sobre todo, a Neo le  encantan los abrazos. Pero cuando los adultos empiezan a decirle c\u00f3mo  debe comportarse un chico, Neo se pone muy triste. \u00bfPor qu\u00e9 los mayores le dicen cosas que no puede comprender? Sonia Encinas, madre feminista, comunicadora y sex\u00f3loga, habla del  reto de educar a su hijo en el feminismo, lejos de los estereotipos de  g\u00e9nero que ense\u00f1an a los chicos a mostrar la valent\u00eda y la fuerza y a ocultar la sensibilidad y la ternura. Este cuento, mediante una sencilla met\u00e1fora, nos habla de: *La importancia de reconocer todas las emociones y de relacionarse desde el afecto, el cuidado y la ternura. *La educaci\u00f3n en la autoestima y la riqueza de la diversidad. *La valent\u00eda de ser vulnerable. *El valor de la sensibilidad para entenderse, quererse y construir relaciones sanas. *La limitaci\u00f3n que suponen los estereotipos de g\u00e9nero en la construcci\u00f3n de la identidad propia. *La importancia de tener referentes adultos que muestren su sensibilidad. Un libro ideal para leer, aprender y abrazarse en familia.<\/p>\n","protected":false},"excerpt":{"rendered":"<p>ENCINAS, SONIA \/ BARCEL\u00d3, C\u00c9SAR<\/p>\n","protected":false},"featured_media":54185,"template":"","meta":{"_acf_changed":false,"om_disable_all_campaigns":false,"rs_blank_template":"","rs_page_bg_color":"","slide_template_v7":"","inline_featured_image":false,"_monsterinsights_skip_tracking":false},"product_brand":[],"product_cat":[361],"product_tag":[],"class_list":["post-36775","product","type-product","status-publish","has-post-thumbnail","product_cat-cuentos-para-ninos-0-6-anos","first","instock","taxable","shipping-taxable","purchasable","product-type-simple"],"acf":{"autor":"ENCINAS, SONIA \/ BARCEL\u00d3, C\u00c9SAR","codart":"844886076","libros-coleccion":"","ediciones":"1","encuadernacion":"Carton\u00e9","fecha_de_publicacion":"01\/05\/2022","novedad":"1","paginas":"32","subtitulo":"","orden":"0","portada":"0","idioma":"spa","editorial":[{"ID":6141,"post_author":"3","post_date":"2022-07-28 17:45:46","post_date_gmt":"2022-07-28 15:45:46","post_content":"","post_title":"BEASCOA","post_excerpt":"","post_status":"publish","comment_status":"closed","ping_status":"closed","post_password":"","post_name":"beascoa","to_ping":"","pinged":"","post_modified":"2022-07-28 17:45:46","post_modified_gmt":"2022-07-28 15:45:46","post_content_filtered":"","post_parent":0,"guid":"http:\/\/dev.claret.cat\/editorial\/beascoa\/","menu_order":0,"post_type":"editorial","post_mime_type":"","comment_count":"0","filter":"raw"}],"autores-libros":[{"ID":152708,"post_author":"3","post_date":"2022-10-14 14:50:56","post_date_gmt":"2022-10-14 12:50:56","post_content":"","post_title":"C\u00c9SAR BARCEL\u00d3","post_excerpt":"","post_status":"publish","comment_status":"closed","ping_status":"closed","post_password":"","post_name":"cesar-barcelo","to_ping":"","pinged":"","post_modified":"2022-10-14 14:50:56","post_modified_gmt":"2022-10-14 12:50:56","post_content_filtered":"","post_parent":0,"guid":"http:\/\/dev.claret.cat\/autor\/cesar-barcelo\/","menu_order":0,"post_type":"autor","post_mime_type":"","comment_count":"0","filter":"raw"},{"ID":169663,"post_author":"3","post_date":"2022-10-14 22:29:02","post_date_gmt":"2022-10-14 20:29:02","post_content":"","post_title":"SONIA ENCINAS","post_excerpt":"","post_status":"publish","comment_status":"closed","ping_status":"closed","post_password":"","post_name":"sonia-encinas","to_ping":"","pinged":"","post_modified":"2022-10-14 22:29:02","post_modified_gmt":"2022-10-14 20:29:02","post_content_filtered":"","post_parent":0,"guid":"http:\/\/dev.claret.cat\/autor\/sonia-encinas\/","menu_order":0,"post_type":"autor","post_mime_type":"","comment_count":"0","filter":"raw"}]},"aioseo_notices":[],"aioseo_head":"\n\t\t<!-- All in One SEO Pro 5.0.1.1 - aioseo.com -->\n\t<meta name=\"description\" content=\"EL NI\u00d1O QUE QUER\u00cdA DAR ABRAZOS de ENCINAS, SONIA \/ BARCEL\u00d3, C\u00c9SAR disponible a\/en Llibreria Claret.\" \/>\n\t<meta name=\"robots\" content=\"max-image-preview:large\" \/>\n\t<meta name=\"google-site-verification\" content=\"xVtlFxJ-TfkIu-D-lt7XeLobefg5EIQiXTuqcSf8Rf0\" \/>\n\t<link rel=\"canonical\" href=\"https:\/\/www.claret.cat\/es\/libro\/el-nino-que-queria-dar-abrazos-9788448860769\/\" \/>\n\t<meta name=\"generator\" content=\"All in One SEO Pro (AIOSEO) 5.0.1.1\" \/>\n\t\t<meta property=\"og:locale\" content=\"es_ES\" \/>\n\t\t<meta property=\"og:site_name\" content=\"Llibreria Claret - Llibreria religiosa a Barcelona\" \/>\n\t\t<meta property=\"og:type\" content=\"article\" \/>\n\t\t<meta property=\"og:title\" content=\"EL NI\u00d1O QUE QUER\u00cdA DAR ABRAZOS - ENCINAS, SONIA \/ BARCEL\u00d3, C\u00c9SAR 9788448860769 | Llibreria Claret\" \/>\n\t\t<meta property=\"og:description\" content=\"EL NI\u00d1O QUE QUER\u00cdA DAR ABRAZOS de ENCINAS, SONIA \/ BARCEL\u00d3, C\u00c9SAR disponible a\/en Llibreria Claret.\" \/>\n\t\t<meta property=\"og:url\" content=\"https:\/\/www.claret.cat\/es\/libro\/el-nino-que-queria-dar-abrazos-9788448860769\/\" \/>\n\t\t<meta property=\"og:image\" content=\"https:\/\/dev.claret.cat\/wp-content\/uploads\/logo-claret.svg\" \/>\n\t\t<meta property=\"og:image:secure_url\" content=\"https:\/\/dev.claret.cat\/wp-content\/uploads\/logo-claret.svg\" \/>\n\t\t<meta property=\"article:published_time\" content=\"2022-10-02T16:24:53+00:00\" \/>\n\t\t<meta property=\"article:modified_time\" content=\"2023-10-06T07:04:12+00:00\" \/>\n\t\t<meta property=\"article:publisher\" content=\"https:\/\/www.facebook.com\/LlibreriaClaret\" \/>\n\t\t<meta name=\"twitter:card\" content=\"summary_large_image\" \/>\n\t\t<meta name=\"twitter:site\" content=\"@LlibreriaClaret\" \/>\n\t\t<meta name=\"twitter:title\" content=\"EL NI\u00d1O QUE QUER\u00cdA DAR ABRAZOS - ENCINAS, SONIA \/ BARCEL\u00d3, C\u00c9SAR 9788448860769 | Llibreria Claret\" \/>\n\t\t<meta name=\"twitter:description\" content=\"EL NI\u00d1O QUE QUER\u00cdA DAR ABRAZOS de ENCINAS, SONIA \/ BARCEL\u00d3, C\u00c9SAR disponible a\/en Llibreria Claret.\" \/>\n\t\t<meta name=\"twitter:image\" content=\"http:\/\/dev.claret.cat\/wp-content\/uploads\/logo-claret.svg\" \/>\n\t\t<script type=\"application\/ld+json\" class=\"aioseo-schema\">\n\t\t\t{\"@context\":\"https:\\\/\\\/schema.org\",\"@graph\":[{\"@type\":\"BreadcrumbList\",\"@id\":\"https:\\\/\\\/www.claret.cat\\\/es\\\/libro\\\/el-nino-que-queria-dar-abrazos-9788448860769\\\/#breadcrumblist\",\"itemListElement\":[{\"@type\":\"ListItem\",\"@id\":\"https:\\\/\\\/www.claret.cat\\\/es\\\/#listItem\",\"position\":1,\"name\":\"Home\",\"item\":\"https:\\\/\\\/www.claret.cat\\\/es\\\/\",\"nextItem\":{\"@type\":\"ListItem\",\"@id\":\"https:\\\/\\\/www.claret.cat\\\/?page_id=16#listItem\",\"name\":\"Botiga\"}},{\"@type\":\"ListItem\",\"@id\":\"https:\\\/\\\/www.claret.cat\\\/?page_id=16#listItem\",\"position\":2,\"name\":\"Botiga\",\"item\":\"https:\\\/\\\/www.claret.cat\\\/?page_id=16\",\"nextItem\":{\"@type\":\"ListItem\",\"@id\":\"https:\\\/\\\/www.claret.cat\\\/categoria-producto\\\/spa\\\/#listItem\",\"name\":\"SPA\"},\"previousItem\":{\"@type\":\"ListItem\",\"@id\":\"https:\\\/\\\/www.claret.cat\\\/es\\\/#listItem\",\"name\":\"Home\"}},{\"@type\":\"ListItem\",\"@id\":\"https:\\\/\\\/www.claret.cat\\\/categoria-producto\\\/spa\\\/#listItem\",\"position\":3,\"name\":\"SPA\",\"item\":\"https:\\\/\\\/www.claret.cat\\\/categoria-producto\\\/spa\\\/\",\"nextItem\":{\"@type\":\"ListItem\",\"@id\":\"https:\\\/\\\/www.claret.cat\\\/es\\\/categoria-producto\\\/spa\\\/3_infantil-juvenil-spa\\\/#listItem\",\"name\":\"Infantil\\\/Juvenil\"},\"previousItem\":{\"@type\":\"ListItem\",\"@id\":\"https:\\\/\\\/www.claret.cat\\\/?page_id=16#listItem\",\"name\":\"Botiga\"}},{\"@type\":\"ListItem\",\"@id\":\"https:\\\/\\\/www.claret.cat\\\/es\\\/categoria-producto\\\/spa\\\/3_infantil-juvenil-spa\\\/#listItem\",\"position\":4,\"name\":\"Infantil\\\/Juvenil\",\"item\":\"https:\\\/\\\/www.claret.cat\\\/es\\\/categoria-producto\\\/spa\\\/3_infantil-juvenil-spa\\\/\",\"nextItem\":{\"@type\":\"ListItem\",\"@id\":\"https:\\\/\\\/www.claret.cat\\\/es\\\/categoria-producto\\\/spa\\\/3_infantil-juvenil-spa\\\/infantil-3_infantil-juvenil-spa\\\/#listItem\",\"name\":\"Infantil\"},\"previousItem\":{\"@type\":\"ListItem\",\"@id\":\"https:\\\/\\\/www.claret.cat\\\/categoria-producto\\\/spa\\\/#listItem\",\"name\":\"SPA\"}},{\"@type\":\"ListItem\",\"@id\":\"https:\\\/\\\/www.claret.cat\\\/es\\\/categoria-producto\\\/spa\\\/3_infantil-juvenil-spa\\\/infantil-3_infantil-juvenil-spa\\\/#listItem\",\"position\":5,\"name\":\"Infantil\",\"item\":\"https:\\\/\\\/www.claret.cat\\\/es\\\/categoria-producto\\\/spa\\\/3_infantil-juvenil-spa\\\/infantil-3_infantil-juvenil-spa\\\/\",\"nextItem\":{\"@type\":\"ListItem\",\"@id\":\"https:\\\/\\\/www.claret.cat\\\/es\\\/categoria-producto\\\/spa\\\/3_infantil-juvenil-spa\\\/infantil-3_infantil-juvenil-spa\\\/cuentos-para-ninos-0-6-anos\\\/#listItem\",\"name\":\"Cuentos para ni\\u00f1os 0 - 6 a\\u00f1os\"},\"previousItem\":{\"@type\":\"ListItem\",\"@id\":\"https:\\\/\\\/www.claret.cat\\\/es\\\/categoria-producto\\\/spa\\\/3_infantil-juvenil-spa\\\/#listItem\",\"name\":\"Infantil\\\/Juvenil\"}},{\"@type\":\"ListItem\",\"@id\":\"https:\\\/\\\/www.claret.cat\\\/es\\\/categoria-producto\\\/spa\\\/3_infantil-juvenil-spa\\\/infantil-3_infantil-juvenil-spa\\\/cuentos-para-ninos-0-6-anos\\\/#listItem\",\"position\":6,\"name\":\"Cuentos para ni\\u00f1os 0 - 6 a\\u00f1os\",\"item\":\"https:\\\/\\\/www.claret.cat\\\/es\\\/categoria-producto\\\/spa\\\/3_infantil-juvenil-spa\\\/infantil-3_infantil-juvenil-spa\\\/cuentos-para-ninos-0-6-anos\\\/\",\"nextItem\":{\"@type\":\"ListItem\",\"@id\":\"https:\\\/\\\/www.claret.cat\\\/es\\\/libro\\\/el-nino-que-queria-dar-abrazos-9788448860769\\\/#listItem\",\"name\":\"EL NI\\u00d1O QUE QUER\\u00cdA DAR ABRAZOS\"},\"previousItem\":{\"@type\":\"ListItem\",\"@id\":\"https:\\\/\\\/www.claret.cat\\\/es\\\/categoria-producto\\\/spa\\\/3_infantil-juvenil-spa\\\/infantil-3_infantil-juvenil-spa\\\/#listItem\",\"name\":\"Infantil\"}},{\"@type\":\"ListItem\",\"@id\":\"https:\\\/\\\/www.claret.cat\\\/es\\\/libro\\\/el-nino-que-queria-dar-abrazos-9788448860769\\\/#listItem\",\"position\":7,\"name\":\"EL NI\\u00d1O QUE QUER\\u00cdA DAR ABRAZOS\",\"previousItem\":{\"@type\":\"ListItem\",\"@id\":\"https:\\\/\\\/www.claret.cat\\\/es\\\/categoria-producto\\\/spa\\\/3_infantil-juvenil-spa\\\/infantil-3_infantil-juvenil-spa\\\/cuentos-para-ninos-0-6-anos\\\/#listItem\",\"name\":\"Cuentos para ni\\u00f1os 0 - 6 a\\u00f1os\"}}]},{\"@type\":\"ItemPage\",\"@id\":\"https:\\\/\\\/www.claret.cat\\\/es\\\/libro\\\/el-nino-que-queria-dar-abrazos-9788448860769\\\/#itempage\",\"url\":\"https:\\\/\\\/www.claret.cat\\\/es\\\/libro\\\/el-nino-que-queria-dar-abrazos-9788448860769\\\/\",\"name\":\"EL NI\\u00d1O QUE QUER\\u00cdA DAR ABRAZOS - ENCINAS, SONIA \\\/ BARCEL\\u00d3, C\\u00c9SAR 9788448860769 | Llibreria Claret\",\"description\":\"EL NI\\u00d1O QUE QUER\\u00cdA DAR ABRAZOS de ENCINAS, SONIA \\\/ BARCEL\\u00d3, C\\u00c9SAR disponible a\\\/en Llibreria Claret.\",\"inLanguage\":\"es-ES\",\"isPartOf\":{\"@id\":\"https:\\\/\\\/www.claret.cat\\\/es\\\/#website\"},\"breadcrumb\":{\"@id\":\"https:\\\/\\\/www.claret.cat\\\/es\\\/libro\\\/el-nino-que-queria-dar-abrazos-9788448860769\\\/#breadcrumblist\"},\"image\":{\"@type\":\"ImageObject\",\"url\":\"https:\\\/\\\/www.claret.cat\\\/wp-content\\\/uploads\\\/.\\\/9788448860769.jpg\",\"@id\":\"https:\\\/\\\/www.claret.cat\\\/es\\\/libro\\\/el-nino-que-queria-dar-abrazos-9788448860769\\\/#mainImage\",\"width\":225,\"height\":255,\"caption\":\"9788448860769.jpg\"},\"primaryImageOfPage\":{\"@id\":\"https:\\\/\\\/www.claret.cat\\\/es\\\/libro\\\/el-nino-que-queria-dar-abrazos-9788448860769\\\/#mainImage\"},\"datePublished\":\"2022-10-02T18:24:53+02:00\",\"dateModified\":\"2023-10-06T09:04:12+02:00\"},{\"@type\":\"Organization\",\"@id\":\"https:\\\/\\\/www.claret.cat\\\/es\\\/#organization\",\"name\":\"Llibreria Claret\",\"description\":\"Llibreria religiosa a Barcelona\",\"url\":\"https:\\\/\\\/www.claret.cat\\\/es\\\/\",\"email\":\"comunicacio@claret.cat\",\"telephone\":\"+34933010887\",\"logo\":{\"@type\":\"ImageObject\",\"url\":\"https:\\\/\\\/www.claret.cat\\\/wp-content\\\/uploads\\\/.\\\/logo-claret-es.png\",\"@id\":\"https:\\\/\\\/www.claret.cat\\\/es\\\/libro\\\/el-nino-que-queria-dar-abrazos-9788448860769\\\/#organizationLogo\",\"width\":195,\"height\":79},\"image\":{\"@id\":\"https:\\\/\\\/www.claret.cat\\\/es\\\/libro\\\/el-nino-que-queria-dar-abrazos-9788448860769\\\/#organizationLogo\"},\"sameAs\":[\"https:\\\/\\\/www.facebook.com\\\/LlibreriaClaret\",\"https:\\\/\\\/twitter.com\\\/LlibreriaClaret\",\"https:\\\/\\\/www.instagram.com\\\/llibreriaclaret\\\/\",\"https:\\\/\\\/www.tiktok.com\\\/@llibreriaclaret\",\"https:\\\/\\\/www.youtube.com\\\/@llibreriaclaret\",\"https:\\\/\\\/ca.wikipedia.org\\\/wiki\\\/Editorial_Claret\"]},{\"@type\":\"WebPage\",\"@id\":\"https:\\\/\\\/www.claret.cat\\\/es\\\/libro\\\/el-nino-que-queria-dar-abrazos-9788448860769\\\/#webpage\",\"url\":\"https:\\\/\\\/www.claret.cat\\\/es\\\/libro\\\/el-nino-que-queria-dar-abrazos-9788448860769\\\/\",\"name\":\"EL NI\\u00d1O QUE QUER\\u00cdA DAR ABRAZOS - ENCINAS, SONIA \\\/ BARCEL\\u00d3, C\\u00c9SAR 9788448860769 | Llibreria Claret\",\"description\":\"EL NI\\u00d1O QUE QUER\\u00cdA DAR ABRAZOS de ENCINAS, SONIA \\\/ BARCEL\\u00d3, C\\u00c9SAR disponible a\\\/en Llibreria Claret.\",\"inLanguage\":\"es-ES\",\"isPartOf\":{\"@id\":\"https:\\\/\\\/www.claret.cat\\\/es\\\/#website\"},\"breadcrumb\":{\"@id\":\"https:\\\/\\\/www.claret.cat\\\/es\\\/libro\\\/el-nino-que-queria-dar-abrazos-9788448860769\\\/#breadcrumblist\"},\"image\":{\"@type\":\"ImageObject\",\"url\":\"https:\\\/\\\/www.claret.cat\\\/wp-content\\\/uploads\\\/.\\\/9788448860769.jpg\",\"@id\":\"https:\\\/\\\/www.claret.cat\\\/es\\\/libro\\\/el-nino-que-queria-dar-abrazos-9788448860769\\\/#mainImage\",\"width\":225,\"height\":255,\"caption\":\"9788448860769.jpg\"},\"primaryImageOfPage\":{\"@id\":\"https:\\\/\\\/www.claret.cat\\\/es\\\/libro\\\/el-nino-que-queria-dar-abrazos-9788448860769\\\/#mainImage\"},\"datePublished\":\"2022-10-02T18:24:53+02:00\",\"dateModified\":\"2023-10-06T09:04:12+02:00\"},{\"@type\":\"WebSite\",\"@id\":\"https:\\\/\\\/www.claret.cat\\\/es\\\/#website\",\"url\":\"https:\\\/\\\/www.claret.cat\\\/es\\\/\",\"name\":\"Llibreria Claret Barcelona\",\"alternateName\":\"Llibreria Claret\",\"description\":\"Llibreria religiosa a Barcelona\",\"inLanguage\":\"es-ES\",\"publisher\":{\"@id\":\"https:\\\/\\\/www.claret.cat\\\/es\\\/#organization\"}}]}\n\t\t<\/script>\n\t\t<!-- All in One SEO Pro -->\r\n\t\t<title>EL NI\u00d1O QUE QUER\u00cdA DAR ABRAZOS - ENCINAS, SONIA \/ BARCEL\u00d3, C\u00c9SAR 9788448860769 | Llibreria Claret<\/title>\n\n","aioseo_head_json":{"title":"EL NI\u00d1O QUE QUER\u00cdA DAR ABRAZOS - ENCINAS, SONIA \/ BARCEL\u00d3, C\u00c9SAR 9788448860769 | Llibreria Claret","description":"EL NI\u00d1O QUE QUER\u00cdA DAR ABRAZOS de ENCINAS, SONIA \/ BARCEL\u00d3, C\u00c9SAR disponible a\/en Llibreria Claret.","canonical_url":"https:\/\/www.claret.cat\/es\/libro\/el-nino-que-queria-dar-abrazos-9788448860769\/","robots":"max-image-preview:large","keywords":"","webmasterTools":{"google-site-verification":"xVtlFxJ-TfkIu-D-lt7XeLobefg5EIQiXTuqcSf8Rf0","miscellaneous":""},"schema":{"@context":"https:\/\/schema.org","@graph":[{"@type":"BreadcrumbList","@id":"https:\/\/www.claret.cat\/es\/libro\/el-nino-que-queria-dar-abrazos-9788448860769\/#breadcrumblist","itemListElement":[{"@type":"ListItem","@id":"https:\/\/www.claret.cat\/es\/#listItem","position":1,"name":"Home","item":"https:\/\/www.claret.cat\/es\/","nextItem":{"@type":"ListItem","@id":"https:\/\/www.claret.cat\/?page_id=16#listItem","name":"Botiga"}},{"@type":"ListItem","@id":"https:\/\/www.claret.cat\/?page_id=16#listItem","position":2,"name":"Botiga","item":"https:\/\/www.claret.cat\/?page_id=16","nextItem":{"@type":"ListItem","@id":"https:\/\/www.claret.cat\/categoria-producto\/spa\/#listItem","name":"SPA"},"previousItem":{"@type":"ListItem","@id":"https:\/\/www.claret.cat\/es\/#listItem","name":"Home"}},{"@type":"ListItem","@id":"https:\/\/www.claret.cat\/categoria-producto\/spa\/#listItem","position":3,"name":"SPA","item":"https:\/\/www.claret.cat\/categoria-producto\/spa\/","nextItem":{"@type":"ListItem","@id":"https:\/\/www.claret.cat\/es\/categoria-producto\/spa\/3_infantil-juvenil-spa\/#listItem","name":"Infantil\/Juvenil"},"previousItem":{"@type":"ListItem","@id":"https:\/\/www.claret.cat\/?page_id=16#listItem","name":"Botiga"}},{"@type":"ListItem","@id":"https:\/\/www.claret.cat\/es\/categoria-producto\/spa\/3_infantil-juvenil-spa\/#listItem","position":4,"name":"Infantil\/Juvenil","item":"https:\/\/www.claret.cat\/es\/categoria-producto\/spa\/3_infantil-juvenil-spa\/","nextItem":{"@type":"ListItem","@id":"https:\/\/www.claret.cat\/es\/categoria-producto\/spa\/3_infantil-juvenil-spa\/infantil-3_infantil-juvenil-spa\/#listItem","name":"Infantil"},"previousItem":{"@type":"ListItem","@id":"https:\/\/www.claret.cat\/categoria-producto\/spa\/#listItem","name":"SPA"}},{"@type":"ListItem","@id":"https:\/\/www.claret.cat\/es\/categoria-producto\/spa\/3_infantil-juvenil-spa\/infantil-3_infantil-juvenil-spa\/#listItem","position":5,"name":"Infantil","item":"https:\/\/www.claret.cat\/es\/categoria-producto\/spa\/3_infantil-juvenil-spa\/infantil-3_infantil-juvenil-spa\/","nextItem":{"@type":"ListItem","@id":"https:\/\/www.claret.cat\/es\/categoria-producto\/spa\/3_infantil-juvenil-spa\/infantil-3_infantil-juvenil-spa\/cuentos-para-ninos-0-6-anos\/#listItem","name":"Cuentos para ni\u00f1os 0 - 6 a\u00f1os"},"previousItem":{"@type":"ListItem","@id":"https:\/\/www.claret.cat\/es\/categoria-producto\/spa\/3_infantil-juvenil-spa\/#listItem","name":"Infantil\/Juvenil"}},{"@type":"ListItem","@id":"https:\/\/www.claret.cat\/es\/categoria-producto\/spa\/3_infantil-juvenil-spa\/infantil-3_infantil-juvenil-spa\/cuentos-para-ninos-0-6-anos\/#listItem","position":6,"name":"Cuentos para ni\u00f1os 0 - 6 a\u00f1os","item":"https:\/\/www.claret.cat\/es\/categoria-producto\/spa\/3_infantil-juvenil-spa\/infantil-3_infantil-juvenil-spa\/cuentos-para-ninos-0-6-anos\/","nextItem":{"@type":"ListItem","@id":"https:\/\/www.claret.cat\/es\/libro\/el-nino-que-queria-dar-abrazos-9788448860769\/#listItem","name":"EL NI\u00d1O QUE QUER\u00cdA DAR ABRAZOS"},"previousItem":{"@type":"ListItem","@id":"https:\/\/www.claret.cat\/es\/categoria-producto\/spa\/3_infantil-juvenil-spa\/infantil-3_infantil-juvenil-spa\/#listItem","name":"Infantil"}},{"@type":"ListItem","@id":"https:\/\/www.claret.cat\/es\/libro\/el-nino-que-queria-dar-abrazos-9788448860769\/#listItem","position":7,"name":"EL NI\u00d1O QUE QUER\u00cdA DAR ABRAZOS","previousItem":{"@type":"ListItem","@id":"https:\/\/www.claret.cat\/es\/categoria-producto\/spa\/3_infantil-juvenil-spa\/infantil-3_infantil-juvenil-spa\/cuentos-para-ninos-0-6-anos\/#listItem","name":"Cuentos para ni\u00f1os 0 - 6 a\u00f1os"}}]},{"@type":"ItemPage","@id":"https:\/\/www.claret.cat\/es\/libro\/el-nino-que-queria-dar-abrazos-9788448860769\/#itempage","url":"https:\/\/www.claret.cat\/es\/libro\/el-nino-que-queria-dar-abrazos-9788448860769\/","name":"EL NI\u00d1O QUE QUER\u00cdA DAR ABRAZOS - ENCINAS, SONIA \/ BARCEL\u00d3, C\u00c9SAR 9788448860769 | Llibreria Claret","description":"EL NI\u00d1O QUE QUER\u00cdA DAR ABRAZOS de ENCINAS, SONIA \/ BARCEL\u00d3, C\u00c9SAR disponible a\/en Llibreria Claret.","inLanguage":"es-ES","isPartOf":{"@id":"https:\/\/www.claret.cat\/es\/#website"},"breadcrumb":{"@id":"https:\/\/www.claret.cat\/es\/libro\/el-nino-que-queria-dar-abrazos-9788448860769\/#breadcrumblist"},"image":{"@type":"ImageObject","url":"https:\/\/www.claret.cat\/wp-content\/uploads\/.\/9788448860769.jpg","@id":"https:\/\/www.claret.cat\/es\/libro\/el-nino-que-queria-dar-abrazos-9788448860769\/#mainImage","width":225,"height":255,"caption":"9788448860769.jpg"},"primaryImageOfPage":{"@id":"https:\/\/www.claret.cat\/es\/libro\/el-nino-que-queria-dar-abrazos-9788448860769\/#mainImage"},"datePublished":"2022-10-02T18:24:53+02:00","dateModified":"2023-10-06T09:04:12+02:00"},{"@type":"Organization","@id":"https:\/\/www.claret.cat\/es\/#organization","name":"Llibreria Claret","description":"Llibreria religiosa a Barcelona","url":"https:\/\/www.claret.cat\/es\/","email":"comunicacio@claret.cat","telephone":"+34933010887","logo":{"@type":"ImageObject","url":"https:\/\/www.claret.cat\/wp-content\/uploads\/.\/logo-claret-es.png","@id":"https:\/\/www.claret.cat\/es\/libro\/el-nino-que-queria-dar-abrazos-9788448860769\/#organizationLogo","width":195,"height":79},"image":{"@id":"https:\/\/www.claret.cat\/es\/libro\/el-nino-que-queria-dar-abrazos-9788448860769\/#organizationLogo"},"sameAs":["https:\/\/www.facebook.com\/LlibreriaClaret","https:\/\/twitter.com\/LlibreriaClaret","https:\/\/www.instagram.com\/llibreriaclaret\/","https:\/\/www.tiktok.com\/@llibreriaclaret","https:\/\/www.youtube.com\/@llibreriaclaret","https:\/\/ca.wikipedia.org\/wiki\/Editorial_Claret"]},{"@type":"WebPage","@id":"https:\/\/www.claret.cat\/es\/libro\/el-nino-que-queria-dar-abrazos-9788448860769\/#webpage","url":"https:\/\/www.claret.cat\/es\/libro\/el-nino-que-queria-dar-abrazos-9788448860769\/","name":"EL NI\u00d1O QUE QUER\u00cdA DAR ABRAZOS - ENCINAS, SONIA \/ BARCEL\u00d3, C\u00c9SAR 9788448860769 | Llibreria Claret","description":"EL NI\u00d1O QUE QUER\u00cdA DAR ABRAZOS de ENCINAS, SONIA \/ BARCEL\u00d3, C\u00c9SAR disponible a\/en Llibreria Claret.","inLanguage":"es-ES","isPartOf":{"@id":"https:\/\/www.claret.cat\/es\/#website"},"breadcrumb":{"@id":"https:\/\/www.claret.cat\/es\/libro\/el-nino-que-queria-dar-abrazos-9788448860769\/#breadcrumblist"},"image":{"@type":"ImageObject","url":"https:\/\/www.claret.cat\/wp-content\/uploads\/.\/9788448860769.jpg","@id":"https:\/\/www.claret.cat\/es\/libro\/el-nino-que-queria-dar-abrazos-9788448860769\/#mainImage","width":225,"height":255,"caption":"9788448860769.jpg"},"primaryImageOfPage":{"@id":"https:\/\/www.claret.cat\/es\/libro\/el-nino-que-queria-dar-abrazos-9788448860769\/#mainImage"},"datePublished":"2022-10-02T18:24:53+02:00","dateModified":"2023-10-06T09:04:12+02:00"},{"@type":"WebSite","@id":"https:\/\/www.claret.cat\/es\/#website","url":"https:\/\/www.claret.cat\/es\/","name":"Llibreria Claret Barcelona","alternateName":"Llibreria Claret","description":"Llibreria religiosa a Barcelona","inLanguage":"es-ES","publisher":{"@id":"https:\/\/www.claret.cat\/es\/#organization"}}]},"og:locale":"es_ES","og:site_name":"Llibreria Claret - Llibreria religiosa a Barcelona","og:type":"article","og:title":"EL NI\u00d1O QUE QUER\u00cdA DAR ABRAZOS - ENCINAS, SONIA \/ BARCEL\u00d3, C\u00c9SAR 9788448860769 | Llibreria Claret","og:description":"EL NI\u00d1O QUE QUER\u00cdA DAR ABRAZOS de ENCINAS, SONIA \/ BARCEL\u00d3, C\u00c9SAR disponible a\/en Llibreria Claret.","og:url":"https:\/\/www.claret.cat\/es\/libro\/el-nino-que-queria-dar-abrazos-9788448860769\/","og:image":"https:\/\/dev.claret.cat\/wp-content\/uploads\/logo-claret.svg","og:image:secure_url":"https:\/\/dev.claret.cat\/wp-content\/uploads\/logo-claret.svg","article:published_time":"2022-10-02T16:24:53+00:00","article:modified_time":"2023-10-06T07:04:12+00:00","article:publisher":"https:\/\/www.facebook.com\/LlibreriaClaret","twitter:card":"summary_large_image","twitter:site":"@LlibreriaClaret","twitter:title":"EL NI\u00d1O QUE QUER\u00cdA DAR ABRAZOS - ENCINAS, SONIA \/ BARCEL\u00d3, C\u00c9SAR 9788448860769 | Llibreria Claret","twitter:description":"EL NI\u00d1O QUE QUER\u00cdA DAR ABRAZOS de ENCINAS, SONIA \/ BARCEL\u00d3, C\u00c9SAR disponible a\/en Llibreria Claret.","twitter:image":"http:\/\/dev.claret.cat\/wp-content\/uploads\/logo-claret.svg"},"aioseo_meta_data":{"post_id":"36775","title":null,"description":null,"keywords":null,"keyphrases":null,"primary_term":null,"canonical_url":null,"og_title":null,"og_description":null,"og_object_type":"default","og_image_type":"default","og_image_url":null,"og_image_width":null,"og_image_height":null,"og_image_custom_url":null,"og_image_custom_fields":null,"og_video":null,"og_custom_url":null,"og_article_section":null,"og_article_tags":null,"twitter_use_og":false,"twitter_card":"default","twitter_image_type":"default","twitter_image_url":null,"twitter_image_custom_url":null,"twitter_image_custom_fields":null,"twitter_title":null,"twitter_description":null,"schema":{"blockGraphs":[],"customGraphs":[],"default":{"data":{"Article":[],"Course":[],"Dataset":[],"FAQPage":[],"Movie":[],"Person":[],"Product":[],"ProductReview":[],"Car":[],"Recipe":[],"Service":[],"SoftwareApplication":[],"WebPage":[]},"graphName":"","isEnabled":true},"graphs":[]},"schema_type":"default","schema_type_options":null,"pillar_content":false,"robots_default":true,"robots_noindex":false,"robots_noarchive":false,"robots_nosnippet":false,"robots_nofollow":false,"robots_noimageindex":false,"robots_noodp":false,"robots_notranslate":false,"robots_max_snippet":null,"robots_max_videopreview":null,"robots_max_imagepreview":"large","priority":null,"frequency":null,"local_seo":null,"seo_analyzer_scan_date":"2025-11-13 00:29:16","breadcrumb_settings":null,"limit_modified_date":false,"open_ai":null,"ai":null,"created":"2022-12-18 13:19:24","updated":"2025-11-13 00:29:16","focus_keyword":null,"additional_keywords":null,"truseo_locale":null},"aioseo_breadcrumb":"<div class=\"aioseo-breadcrumbs\"><span class=\"aioseo-breadcrumb\">\n\t<a href=\"https:\/\/www.claret.cat\/es\/\" title=\"Home\">Home<\/a>\n<\/span><span class=\"aioseo-breadcrumb-separator\">&raquo;<\/span><span class=\"aioseo-breadcrumb\">\n\t<a href=\"https:\/\/www.claret.cat\/?page_id=16\" title=\"Botiga\">Botiga<\/a>\n<\/span><span class=\"aioseo-breadcrumb-separator\">&raquo;<\/span><span class=\"aioseo-breadcrumb\">\n\t<a href=\"https:\/\/www.claret.cat\/categoria-producto\/spa\/\" title=\"SPA\">SPA<\/a>\n<\/span><span class=\"aioseo-breadcrumb-separator\">&raquo;<\/span><span class=\"aioseo-breadcrumb\">\n\t<a href=\"https:\/\/www.claret.cat\/es\/categoria-producto\/spa\/3_infantil-juvenil-spa\/\" title=\"Infantil\/Juvenil\">Infantil\/Juvenil<\/a>\n<\/span><span class=\"aioseo-breadcrumb-separator\">&raquo;<\/span><span class=\"aioseo-breadcrumb\">\n\t<a href=\"https:\/\/www.claret.cat\/es\/categoria-producto\/spa\/3_infantil-juvenil-spa\/infantil-3_infantil-juvenil-spa\/\" title=\"Infantil\">Infantil<\/a>\n<\/span><span class=\"aioseo-breadcrumb-separator\">&raquo;<\/span><span class=\"aioseo-breadcrumb\">\n\t<a href=\"https:\/\/www.claret.cat\/es\/categoria-producto\/spa\/3_infantil-juvenil-spa\/infantil-3_infantil-juvenil-spa\/cuentos-para-ninos-0-6-anos\/\" title=\"Cuentos para ni\u00f1os 0 - 6 a\u00f1os\">Cuentos para ni\u00f1os 0 - 6 a\u00f1os<\/a>\n<\/span><span class=\"aioseo-breadcrumb-separator\">&raquo;<\/span><span class=\"aioseo-breadcrumb\">\n\tEL NI\u00d1O QUE QUER\u00cdA DAR ABRAZOS\n<\/span><\/div>","aioseo_breadcrumb_json":[{"label":"Home","link":"https:\/\/www.claret.cat\/es\/"},{"label":"Botiga","link":"https:\/\/www.claret.cat\/?page_id=16"},{"label":"SPA","link":"https:\/\/www.claret.cat\/categoria-producto\/spa\/"},{"label":"Infantil\/Juvenil","link":"https:\/\/www.claret.cat\/es\/categoria-producto\/spa\/3_infantil-juvenil-spa\/"},{"label":"Infantil","link":"https:\/\/www.claret.cat\/es\/categoria-producto\/spa\/3_infantil-juvenil-spa\/infantil-3_infantil-juvenil-spa\/"},{"label":"Cuentos para ni\u00f1os 0 - 6 a\u00f1os","link":"https:\/\/www.claret.cat\/es\/categoria-producto\/spa\/3_infantil-juvenil-spa\/infantil-3_infantil-juvenil-spa\/cuentos-para-ninos-0-6-anos\/"},{"label":"EL NI\u00d1O QUE QUER\u00cdA DAR ABRAZOS","link":"https:\/\/www.claret.cat\/es\/libro\/el-nino-que-queria-dar-abrazos-9788448860769\/"}],"_links":{"self":[{"href":"https:\/\/www.claret.cat\/es\/wp-json\/wp\/v2\/product\/36775","targetHints":{"allow":["GET"]}}],"collection":[{"href":"https:\/\/www.claret.cat\/es\/wp-json\/wp\/v2\/product"}],"about":[{"href":"https:\/\/www.claret.cat\/es\/wp-json\/wp\/v2\/types\/product"}],"wp:featuredmedia":[{"embeddable":true,"href":"https:\/\/www.claret.cat\/es\/wp-json\/wp\/v2\/media\/54185"}],"wp:attachment":[{"href":"https:\/\/www.claret.cat\/es\/wp-json\/wp\/v2\/media?parent=36775"}],"wp:term":[{"taxonomy":"product_brand","embeddable":true,"href":"https:\/\/www.claret.cat\/es\/wp-json\/wp\/v2\/product_brand?post=36775"},{"taxonomy":"product_cat","embeddable":true,"href":"https:\/\/www.claret.cat\/es\/wp-json\/wp\/v2\/product_cat?post=36775"},{"taxonomy":"product_tag","embeddable":true,"href":"https:\/\/www.claret.cat\/es\/wp-json\/wp\/v2\/product_tag?post=36775"}],"curies":[{"name":"wp","href":"https:\/\/api.w.org\/{rel}","templated":true}]}}