{"id":36973,"date":"2022-10-02T18:28:12","date_gmt":"2022-10-02T16:28:12","guid":{"rendered":"http:\/\/dev.claret.cat\/producte\/sidi-edicion-limitada-a-un-precio-especial\/"},"modified":"2023-10-06T09:21:00","modified_gmt":"2023-10-06T07:21:00","slug":"sidi-edicion-limitada-a-un-precio-especial-9788466359344","status":"publish","type":"product","link":"https:\/\/www.claret.cat\/es\/libro\/sidi-edicion-limitada-a-un-precio-especial-9788466359344\/","title":{"rendered":"SIDI (EDICI\u00d3N LIMITADA A UN PRECIO ESPECIAL)"},"content":{"rendered":"<p>EL MEJOR LIBRO DEL A\u00d1O 2019 PARA LA CR\u00cdTICA Y LOS LECTORES  No ten\u00eda patria ni rey, s\u00f3lo un pu\u00f1ado de hombres fieles.<br \/>No ten\u00edan hambre de gloria, s\u00f3lo hambre.<br \/>As\u00ed nace un mito.<br \/>As\u00ed se cuenta una leyenda. \u00abEn \u00e9l se funden de un modo fascinante la aventura, la historia y la  leyenda. Hay muchos Cid en la tradici\u00f3n espa\u00f1ola, y \u00e9ste es el m\u00edo.\u00bb<br \/>Arturo P\u00e9rez-Reverte  \u00abEl arte del mando era tratar con la naturaleza humana, y \u00e9l hab\u00eda  dedicado su vida a aprenderlo. Colg\u00f3 la espada del arz\u00f3n, palme\u00f3 el  cuello c\u00e1lido del animal y ech\u00f3 un vistazo alrededor: sonidos met\u00e1licos,  resollar de monturas, conversaciones en voz baja. Aquellos hombres ol\u00edan  a esti\u00e9rcol de caballo, cuero, aceite de armas, sudor y humo de le\u00f1a. \u00bbRudos en las formas, extraordinariamente complejos en instintos e  intuiciones, eran guerreros y nunca hab\u00edan pretendido ser otra cosa.  Resignados ante el azar, fatalistas sobre la vida y la muerte, obedec\u00edan  de modo natural sin que la imaginaci\u00f3n les jugara malas pasadas. Rostros  curtidos de viento, fr\u00edo y sol, arrugas en torno a los ojos incluso  entre los m\u00e1s j\u00f3venes, manos encallecidas de empu\u00f1ar armas y pelear.  Jinetes que se persignaban antes de entrar en combate y vend\u00edan su vida  o muerte por ganarse el pan. Profesionales de la frontera, sab\u00edan luchar con crueldad y morir con sencillez. \u00bbNo eran malos hombres, concluy\u00f3. Ni tampoco ajenos a la compasi\u00f3n. S\u00f3lo gente dura en un mundo duro.\u00bb Cr\u00edticas:<br \/>\u00abP\u00e9rez-Reverte ha dado en Sidi una obra maestra.\u00bb<br \/>Jos\u00e9 Mar\u00eda Pozuelo Yvancos, ABC Cultural \u00abUno de esos libros que te secuestran durante el tiempo que tardas en  leerlos y que cuando los terminas, te dejan conmocionado hasta que las  emociones que te provocaron se van disipando y te permiten regresar a tu  vida rutinaria y anodina. [&#8230;] No es solo una eficaz novela hist\u00f3rica sino simplemente una excelente novela, sin m\u00e1s apellidos.\u00bb<br \/>Juan Eslava Gal\u00e1n, ABC \u00abUn magn\u00edfico relato, del todo revertiano, placentero y nada inocente.\u00bb<br \/>Santos Sanz Villanueva, El Cultural de El Mundo \u00abUn libro apasionante que, adem\u00e1s de un viaje por la historia de Espa\u00f1a, es todo un manual de liderazgo.\u00bb<br \/>Carlos Manuel S\u00e1nchez,  XL Semanal \u00abSi quieren una muy buena novela sobre el siglo XI y una peque\u00f1a hueste, lean Sidi, que eso es lo importante. H\u00e1ganme caso&#8230;\u00bb<br \/>Daniel Fern\u00e1ndez,  La Vanguardia \u00abSu Cid no es el matamoros hecho estatua de la hagiograf\u00eda hist\u00f3rica,  sino un personaje que casi podr\u00eda confundirse con el Ethan Edwards de John Ford.\u00bb<br \/>David Gistau, El Mundo \u00abEn un tiempo en que pocos j\u00f3venes, o ninguno, habr\u00e1n le\u00eddo el Cantar de Mio Cid, esta novela puede recuperar su inter\u00e9s por el personaje.  Y por la Historia de este pa\u00eds.\u00bb<br \/>Pedro Vicario, El Correo Espa\u00f1ol \u00abP\u00e9rez-Reverte nos narra, talentosa y emocionalmente, ese inicial momento de destierro cidiano en clave de \u00e9pica de western,  sin pastiches ni mimetismo, sin hacer perder el entorno medieval del relato.\u00bb<br \/>Eduardo Torres-Dulce Lifante, Expansi\u00f3n \u00abSu estilo elegante se combina con un gran manejo de la lengua espa\u00f1ola. P\u00e9rez-Reverte es un maestro.\u00bb<br \/>La Stampa \u00abArturo P\u00e9rez-Reverte sabe c\u00f3mo retener al lector a cada vuelta de p\u00e1gina.\u00bb<br \/>The New York Times Book Review \u00abArturo P\u00e9rez-Reverte consigue mantener sin aliento al lector.\u00bb<br \/>Corriere della Sera \u00abP\u00e9rez-Reverte tiene un talento endiablado y un s\u00f3lido oficio.\u00bb<br \/>Avant-Critique<\/p>\n","protected":false},"excerpt":{"rendered":"<p>P\u00c9REZ-REVERTE, ARTURO<\/p>\n","protected":false},"featured_media":54355,"template":"","meta":{"_acf_changed":false,"om_disable_all_campaigns":false,"rs_blank_template":"","rs_page_bg_color":"","slide_template_v7":"","inline_featured_image":false,"_monsterinsights_skip_tracking":false},"product_brand":[],"product_cat":[360],"product_tag":[],"class_list":["post-36973","product","type-product","status-publish","has-post-thumbnail","product_cat-novela-historica-y-ficcion","first","instock","taxable","shipping-taxable","purchasable","product-type-simple"],"acf":{"autor":"P\u00c9REZ-REVERTE, ARTURO","codart":"846635934","libros-coleccion":"FORA DE COL.LECCI\u00d3","ediciones":"1","encuadernacion":"R\u00fastica","fecha_de_publicacion":"01\/05\/2022","novedad":"1","paginas":"368","subtitulo":"","orden":"0","portada":"0","idioma":"spa","editorial":[{"ID":6178,"post_author":"3","post_date":"2022-07-28 17:46:34","post_date_gmt":"2022-07-28 15:46:34","post_content":"","post_title":"DEBOLSILLO","post_excerpt":"","post_status":"publish","comment_status":"closed","ping_status":"closed","post_password":"","post_name":"debolsillo","to_ping":"","pinged":"","post_modified":"2022-07-28 17:46:34","post_modified_gmt":"2022-07-28 15:46:34","post_content_filtered":"","post_parent":0,"guid":"http:\/\/dev.claret.cat\/editorial\/debolsillo\/","menu_order":0,"post_type":"editorial","post_mime_type":"","comment_count":"0","filter":"raw"}],"autores-libros":[{"ID":151165,"post_author":"3","post_date":"2022-10-14 14:38:43","post_date_gmt":"2022-10-14 12:38:43","post_content":"","post_title":"ARTURO PEREZ-REVERTE","post_excerpt":"","post_status":"publish","comment_status":"closed","ping_status":"closed","post_password":"","post_name":"arturo-perez-reverte-2","to_ping":"","pinged":"","post_modified":"2022-10-14 14:38:43","post_modified_gmt":"2022-10-14 12:38:43","post_content_filtered":"","post_parent":0,"guid":"http:\/\/dev.claret.cat\/autor\/arturo-perez-reverte-2\/","menu_order":0,"post_type":"autor","post_mime_type":"","comment_count":"0","filter":"raw"}]},"aioseo_notices":[],"aioseo_head":"\n\t\t<!-- All in One SEO Pro 5.0.1.1 - aioseo.com -->\n\t<meta name=\"description\" content=\"SIDI (EDICI\u00d3N LIMITADA A UN PRECIO ESPECIAL) de P\u00c9REZ-REVERTE, ARTURO disponible a\/en Llibreria Claret.\" \/>\n\t<meta name=\"robots\" content=\"max-image-preview:large\" \/>\n\t<meta name=\"google-site-verification\" content=\"xVtlFxJ-TfkIu-D-lt7XeLobefg5EIQiXTuqcSf8Rf0\" \/>\n\t<link rel=\"canonical\" href=\"https:\/\/www.claret.cat\/es\/libro\/sidi-edicion-limitada-a-un-precio-especial-9788466359344\/\" \/>\n\t<meta name=\"generator\" content=\"All in One SEO Pro (AIOSEO) 5.0.1.1\" \/>\n\t\t<meta property=\"og:locale\" content=\"es_ES\" \/>\n\t\t<meta property=\"og:site_name\" content=\"Llibreria Claret - Llibreria religiosa a Barcelona\" \/>\n\t\t<meta property=\"og:type\" content=\"article\" \/>\n\t\t<meta property=\"og:title\" content=\"SIDI (EDICI\u00d3N LIMITADA A UN PRECIO ESPECIAL) - P\u00c9REZ-REVERTE, ARTURO 9788466359344 | Llibreria Claret\" \/>\n\t\t<meta property=\"og:description\" content=\"SIDI (EDICI\u00d3N LIMITADA A UN PRECIO ESPECIAL) de P\u00c9REZ-REVERTE, ARTURO disponible a\/en Llibreria Claret.\" \/>\n\t\t<meta property=\"og:url\" content=\"https:\/\/www.claret.cat\/es\/libro\/sidi-edicion-limitada-a-un-precio-especial-9788466359344\/\" \/>\n\t\t<meta property=\"og:image\" content=\"https:\/\/dev.claret.cat\/wp-content\/uploads\/logo-claret.svg\" \/>\n\t\t<meta property=\"og:image:secure_url\" content=\"https:\/\/dev.claret.cat\/wp-content\/uploads\/logo-claret.svg\" \/>\n\t\t<meta property=\"article:published_time\" content=\"2022-10-02T16:28:12+00:00\" \/>\n\t\t<meta property=\"article:modified_time\" content=\"2023-10-06T07:21:00+00:00\" \/>\n\t\t<meta property=\"article:publisher\" content=\"https:\/\/www.facebook.com\/LlibreriaClaret\" \/>\n\t\t<meta name=\"twitter:card\" content=\"summary_large_image\" \/>\n\t\t<meta name=\"twitter:site\" content=\"@LlibreriaClaret\" \/>\n\t\t<meta name=\"twitter:title\" content=\"SIDI (EDICI\u00d3N LIMITADA A UN PRECIO ESPECIAL) - P\u00c9REZ-REVERTE, ARTURO 9788466359344 | Llibreria Claret\" \/>\n\t\t<meta name=\"twitter:description\" content=\"SIDI (EDICI\u00d3N LIMITADA A UN PRECIO ESPECIAL) de P\u00c9REZ-REVERTE, ARTURO disponible a\/en Llibreria Claret.\" \/>\n\t\t<meta name=\"twitter:image\" content=\"http:\/\/dev.claret.cat\/wp-content\/uploads\/logo-claret.svg\" \/>\n\t\t<script type=\"application\/ld+json\" class=\"aioseo-schema\">\n\t\t\t{\"@context\":\"https:\\\/\\\/schema.org\",\"@graph\":[{\"@type\":\"BreadcrumbList\",\"@id\":\"https:\\\/\\\/www.claret.cat\\\/es\\\/libro\\\/sidi-edicion-limitada-a-un-precio-especial-9788466359344\\\/#breadcrumblist\",\"itemListElement\":[{\"@type\":\"ListItem\",\"@id\":\"https:\\\/\\\/www.claret.cat\\\/es\\\/#listItem\",\"position\":1,\"name\":\"Home\",\"item\":\"https:\\\/\\\/www.claret.cat\\\/es\\\/\",\"nextItem\":{\"@type\":\"ListItem\",\"@id\":\"https:\\\/\\\/www.claret.cat\\\/?page_id=16#listItem\",\"name\":\"Botiga\"}},{\"@type\":\"ListItem\",\"@id\":\"https:\\\/\\\/www.claret.cat\\\/?page_id=16#listItem\",\"position\":2,\"name\":\"Botiga\",\"item\":\"https:\\\/\\\/www.claret.cat\\\/?page_id=16\",\"nextItem\":{\"@type\":\"ListItem\",\"@id\":\"https:\\\/\\\/www.claret.cat\\\/categoria-producto\\\/spa\\\/#listItem\",\"name\":\"SPA\"},\"previousItem\":{\"@type\":\"ListItem\",\"@id\":\"https:\\\/\\\/www.claret.cat\\\/es\\\/#listItem\",\"name\":\"Home\"}},{\"@type\":\"ListItem\",\"@id\":\"https:\\\/\\\/www.claret.cat\\\/categoria-producto\\\/spa\\\/#listItem\",\"position\":3,\"name\":\"SPA\",\"item\":\"https:\\\/\\\/www.claret.cat\\\/categoria-producto\\\/spa\\\/\",\"nextItem\":{\"@type\":\"ListItem\",\"@id\":\"https:\\\/\\\/www.claret.cat\\\/es\\\/categoria-producto\\\/spa\\\/2_humanidades\\\/#listItem\",\"name\":\"Humanidades\"},\"previousItem\":{\"@type\":\"ListItem\",\"@id\":\"https:\\\/\\\/www.claret.cat\\\/?page_id=16#listItem\",\"name\":\"Botiga\"}},{\"@type\":\"ListItem\",\"@id\":\"https:\\\/\\\/www.claret.cat\\\/es\\\/categoria-producto\\\/spa\\\/2_humanidades\\\/#listItem\",\"position\":4,\"name\":\"Humanidades\",\"item\":\"https:\\\/\\\/www.claret.cat\\\/es\\\/categoria-producto\\\/spa\\\/2_humanidades\\\/\",\"nextItem\":{\"@type\":\"ListItem\",\"@id\":\"https:\\\/\\\/www.claret.cat\\\/es\\\/categoria-producto\\\/spa\\\/2_humanidades\\\/literatura-2_humanidades\\\/#listItem\",\"name\":\"Literatura\"},\"previousItem\":{\"@type\":\"ListItem\",\"@id\":\"https:\\\/\\\/www.claret.cat\\\/categoria-producto\\\/spa\\\/#listItem\",\"name\":\"SPA\"}},{\"@type\":\"ListItem\",\"@id\":\"https:\\\/\\\/www.claret.cat\\\/es\\\/categoria-producto\\\/spa\\\/2_humanidades\\\/literatura-2_humanidades\\\/#listItem\",\"position\":5,\"name\":\"Literatura\",\"item\":\"https:\\\/\\\/www.claret.cat\\\/es\\\/categoria-producto\\\/spa\\\/2_humanidades\\\/literatura-2_humanidades\\\/\",\"nextItem\":{\"@type\":\"ListItem\",\"@id\":\"https:\\\/\\\/www.claret.cat\\\/es\\\/categoria-producto\\\/spa\\\/2_humanidades\\\/literatura-2_humanidades\\\/novela-historica-y-ficcion\\\/#listItem\",\"name\":\"Novela hist\\u00f3rica y ficci\\u00f3n\"},\"previousItem\":{\"@type\":\"ListItem\",\"@id\":\"https:\\\/\\\/www.claret.cat\\\/es\\\/categoria-producto\\\/spa\\\/2_humanidades\\\/#listItem\",\"name\":\"Humanidades\"}},{\"@type\":\"ListItem\",\"@id\":\"https:\\\/\\\/www.claret.cat\\\/es\\\/categoria-producto\\\/spa\\\/2_humanidades\\\/literatura-2_humanidades\\\/novela-historica-y-ficcion\\\/#listItem\",\"position\":6,\"name\":\"Novela hist\\u00f3rica y ficci\\u00f3n\",\"item\":\"https:\\\/\\\/www.claret.cat\\\/es\\\/categoria-producto\\\/spa\\\/2_humanidades\\\/literatura-2_humanidades\\\/novela-historica-y-ficcion\\\/\",\"nextItem\":{\"@type\":\"ListItem\",\"@id\":\"https:\\\/\\\/www.claret.cat\\\/es\\\/libro\\\/sidi-edicion-limitada-a-un-precio-especial-9788466359344\\\/#listItem\",\"name\":\"SIDI (EDICI\\u00d3N LIMITADA A UN PRECIO ESPECIAL)\"},\"previousItem\":{\"@type\":\"ListItem\",\"@id\":\"https:\\\/\\\/www.claret.cat\\\/es\\\/categoria-producto\\\/spa\\\/2_humanidades\\\/literatura-2_humanidades\\\/#listItem\",\"name\":\"Literatura\"}},{\"@type\":\"ListItem\",\"@id\":\"https:\\\/\\\/www.claret.cat\\\/es\\\/libro\\\/sidi-edicion-limitada-a-un-precio-especial-9788466359344\\\/#listItem\",\"position\":7,\"name\":\"SIDI (EDICI\\u00d3N LIMITADA A UN PRECIO ESPECIAL)\",\"previousItem\":{\"@type\":\"ListItem\",\"@id\":\"https:\\\/\\\/www.claret.cat\\\/es\\\/categoria-producto\\\/spa\\\/2_humanidades\\\/literatura-2_humanidades\\\/novela-historica-y-ficcion\\\/#listItem\",\"name\":\"Novela hist\\u00f3rica y ficci\\u00f3n\"}}]},{\"@type\":\"ItemPage\",\"@id\":\"https:\\\/\\\/www.claret.cat\\\/es\\\/libro\\\/sidi-edicion-limitada-a-un-precio-especial-9788466359344\\\/#itempage\",\"url\":\"https:\\\/\\\/www.claret.cat\\\/es\\\/libro\\\/sidi-edicion-limitada-a-un-precio-especial-9788466359344\\\/\",\"name\":\"SIDI (EDICI\\u00d3N LIMITADA A UN PRECIO ESPECIAL) - P\\u00c9REZ-REVERTE, ARTURO 9788466359344 | Llibreria Claret\",\"description\":\"SIDI (EDICI\\u00d3N LIMITADA A UN PRECIO ESPECIAL) de P\\u00c9REZ-REVERTE, ARTURO disponible a\\\/en Llibreria Claret.\",\"inLanguage\":\"es-ES\",\"isPartOf\":{\"@id\":\"https:\\\/\\\/www.claret.cat\\\/es\\\/#website\"},\"breadcrumb\":{\"@id\":\"https:\\\/\\\/www.claret.cat\\\/es\\\/libro\\\/sidi-edicion-limitada-a-un-precio-especial-9788466359344\\\/#breadcrumblist\"},\"image\":{\"@type\":\"ImageObject\",\"url\":\"https:\\\/\\\/www.claret.cat\\\/wp-content\\\/uploads\\\/.\\\/9788466359344.jpg\",\"@id\":\"https:\\\/\\\/www.claret.cat\\\/es\\\/libro\\\/sidi-edicion-limitada-a-un-precio-especial-9788466359344\\\/#mainImage\",\"width\":225,\"height\":341,\"caption\":\"9788466359344.jpg\"},\"primaryImageOfPage\":{\"@id\":\"https:\\\/\\\/www.claret.cat\\\/es\\\/libro\\\/sidi-edicion-limitada-a-un-precio-especial-9788466359344\\\/#mainImage\"},\"datePublished\":\"2022-10-02T18:28:12+02:00\",\"dateModified\":\"2023-10-06T09:21:00+02:00\"},{\"@type\":\"Organization\",\"@id\":\"https:\\\/\\\/www.claret.cat\\\/es\\\/#organization\",\"name\":\"Llibreria Claret\",\"description\":\"Llibreria religiosa a Barcelona\",\"url\":\"https:\\\/\\\/www.claret.cat\\\/es\\\/\",\"email\":\"comunicacio@claret.cat\",\"telephone\":\"+34933010887\",\"logo\":{\"@type\":\"ImageObject\",\"url\":\"https:\\\/\\\/www.claret.cat\\\/wp-content\\\/uploads\\\/.\\\/logo-claret-es.png\",\"@id\":\"https:\\\/\\\/www.claret.cat\\\/es\\\/libro\\\/sidi-edicion-limitada-a-un-precio-especial-9788466359344\\\/#organizationLogo\",\"width\":195,\"height\":79},\"image\":{\"@id\":\"https:\\\/\\\/www.claret.cat\\\/es\\\/libro\\\/sidi-edicion-limitada-a-un-precio-especial-9788466359344\\\/#organizationLogo\"},\"sameAs\":[\"https:\\\/\\\/www.facebook.com\\\/LlibreriaClaret\",\"https:\\\/\\\/twitter.com\\\/LlibreriaClaret\",\"https:\\\/\\\/www.instagram.com\\\/llibreriaclaret\\\/\",\"https:\\\/\\\/www.tiktok.com\\\/@llibreriaclaret\",\"https:\\\/\\\/www.youtube.com\\\/@llibreriaclaret\",\"https:\\\/\\\/ca.wikipedia.org\\\/wiki\\\/Editorial_Claret\"]},{\"@type\":\"WebPage\",\"@id\":\"https:\\\/\\\/www.claret.cat\\\/es\\\/libro\\\/sidi-edicion-limitada-a-un-precio-especial-9788466359344\\\/#webpage\",\"url\":\"https:\\\/\\\/www.claret.cat\\\/es\\\/libro\\\/sidi-edicion-limitada-a-un-precio-especial-9788466359344\\\/\",\"name\":\"SIDI (EDICI\\u00d3N LIMITADA A UN PRECIO ESPECIAL) - P\\u00c9REZ-REVERTE, ARTURO 9788466359344 | Llibreria Claret\",\"description\":\"SIDI (EDICI\\u00d3N LIMITADA A UN PRECIO ESPECIAL) de P\\u00c9REZ-REVERTE, ARTURO disponible a\\\/en Llibreria Claret.\",\"inLanguage\":\"es-ES\",\"isPartOf\":{\"@id\":\"https:\\\/\\\/www.claret.cat\\\/es\\\/#website\"},\"breadcrumb\":{\"@id\":\"https:\\\/\\\/www.claret.cat\\\/es\\\/libro\\\/sidi-edicion-limitada-a-un-precio-especial-9788466359344\\\/#breadcrumblist\"},\"image\":{\"@type\":\"ImageObject\",\"url\":\"https:\\\/\\\/www.claret.cat\\\/wp-content\\\/uploads\\\/.\\\/9788466359344.jpg\",\"@id\":\"https:\\\/\\\/www.claret.cat\\\/es\\\/libro\\\/sidi-edicion-limitada-a-un-precio-especial-9788466359344\\\/#mainImage\",\"width\":225,\"height\":341,\"caption\":\"9788466359344.jpg\"},\"primaryImageOfPage\":{\"@id\":\"https:\\\/\\\/www.claret.cat\\\/es\\\/libro\\\/sidi-edicion-limitada-a-un-precio-especial-9788466359344\\\/#mainImage\"},\"datePublished\":\"2022-10-02T18:28:12+02:00\",\"dateModified\":\"2023-10-06T09:21:00+02:00\"},{\"@type\":\"WebSite\",\"@id\":\"https:\\\/\\\/www.claret.cat\\\/es\\\/#website\",\"url\":\"https:\\\/\\\/www.claret.cat\\\/es\\\/\",\"name\":\"Llibreria Claret Barcelona\",\"alternateName\":\"Llibreria Claret\",\"description\":\"Llibreria religiosa a Barcelona\",\"inLanguage\":\"es-ES\",\"publisher\":{\"@id\":\"https:\\\/\\\/www.claret.cat\\\/es\\\/#organization\"}}]}\n\t\t<\/script>\n\t\t<!-- All in One SEO Pro -->\r\n\t\t<title>SIDI (EDICI\u00d3N LIMITADA A UN PRECIO ESPECIAL) - P\u00c9REZ-REVERTE, ARTURO 9788466359344 | Llibreria Claret<\/title>\n\n","aioseo_head_json":{"title":"SIDI (EDICI\u00d3N LIMITADA A UN PRECIO ESPECIAL) - P\u00c9REZ-REVERTE, ARTURO 9788466359344 | Llibreria Claret","description":"SIDI (EDICI\u00d3N LIMITADA A UN PRECIO ESPECIAL) de P\u00c9REZ-REVERTE, ARTURO disponible a\/en Llibreria Claret.","canonical_url":"https:\/\/www.claret.cat\/es\/libro\/sidi-edicion-limitada-a-un-precio-especial-9788466359344\/","robots":"max-image-preview:large","keywords":"","webmasterTools":{"google-site-verification":"xVtlFxJ-TfkIu-D-lt7XeLobefg5EIQiXTuqcSf8Rf0","miscellaneous":""},"schema":{"@context":"https:\/\/schema.org","@graph":[{"@type":"BreadcrumbList","@id":"https:\/\/www.claret.cat\/es\/libro\/sidi-edicion-limitada-a-un-precio-especial-9788466359344\/#breadcrumblist","itemListElement":[{"@type":"ListItem","@id":"https:\/\/www.claret.cat\/es\/#listItem","position":1,"name":"Home","item":"https:\/\/www.claret.cat\/es\/","nextItem":{"@type":"ListItem","@id":"https:\/\/www.claret.cat\/?page_id=16#listItem","name":"Botiga"}},{"@type":"ListItem","@id":"https:\/\/www.claret.cat\/?page_id=16#listItem","position":2,"name":"Botiga","item":"https:\/\/www.claret.cat\/?page_id=16","nextItem":{"@type":"ListItem","@id":"https:\/\/www.claret.cat\/categoria-producto\/spa\/#listItem","name":"SPA"},"previousItem":{"@type":"ListItem","@id":"https:\/\/www.claret.cat\/es\/#listItem","name":"Home"}},{"@type":"ListItem","@id":"https:\/\/www.claret.cat\/categoria-producto\/spa\/#listItem","position":3,"name":"SPA","item":"https:\/\/www.claret.cat\/categoria-producto\/spa\/","nextItem":{"@type":"ListItem","@id":"https:\/\/www.claret.cat\/es\/categoria-producto\/spa\/2_humanidades\/#listItem","name":"Humanidades"},"previousItem":{"@type":"ListItem","@id":"https:\/\/www.claret.cat\/?page_id=16#listItem","name":"Botiga"}},{"@type":"ListItem","@id":"https:\/\/www.claret.cat\/es\/categoria-producto\/spa\/2_humanidades\/#listItem","position":4,"name":"Humanidades","item":"https:\/\/www.claret.cat\/es\/categoria-producto\/spa\/2_humanidades\/","nextItem":{"@type":"ListItem","@id":"https:\/\/www.claret.cat\/es\/categoria-producto\/spa\/2_humanidades\/literatura-2_humanidades\/#listItem","name":"Literatura"},"previousItem":{"@type":"ListItem","@id":"https:\/\/www.claret.cat\/categoria-producto\/spa\/#listItem","name":"SPA"}},{"@type":"ListItem","@id":"https:\/\/www.claret.cat\/es\/categoria-producto\/spa\/2_humanidades\/literatura-2_humanidades\/#listItem","position":5,"name":"Literatura","item":"https:\/\/www.claret.cat\/es\/categoria-producto\/spa\/2_humanidades\/literatura-2_humanidades\/","nextItem":{"@type":"ListItem","@id":"https:\/\/www.claret.cat\/es\/categoria-producto\/spa\/2_humanidades\/literatura-2_humanidades\/novela-historica-y-ficcion\/#listItem","name":"Novela hist\u00f3rica y ficci\u00f3n"},"previousItem":{"@type":"ListItem","@id":"https:\/\/www.claret.cat\/es\/categoria-producto\/spa\/2_humanidades\/#listItem","name":"Humanidades"}},{"@type":"ListItem","@id":"https:\/\/www.claret.cat\/es\/categoria-producto\/spa\/2_humanidades\/literatura-2_humanidades\/novela-historica-y-ficcion\/#listItem","position":6,"name":"Novela hist\u00f3rica y ficci\u00f3n","item":"https:\/\/www.claret.cat\/es\/categoria-producto\/spa\/2_humanidades\/literatura-2_humanidades\/novela-historica-y-ficcion\/","nextItem":{"@type":"ListItem","@id":"https:\/\/www.claret.cat\/es\/libro\/sidi-edicion-limitada-a-un-precio-especial-9788466359344\/#listItem","name":"SIDI (EDICI\u00d3N LIMITADA A UN PRECIO ESPECIAL)"},"previousItem":{"@type":"ListItem","@id":"https:\/\/www.claret.cat\/es\/categoria-producto\/spa\/2_humanidades\/literatura-2_humanidades\/#listItem","name":"Literatura"}},{"@type":"ListItem","@id":"https:\/\/www.claret.cat\/es\/libro\/sidi-edicion-limitada-a-un-precio-especial-9788466359344\/#listItem","position":7,"name":"SIDI (EDICI\u00d3N LIMITADA A UN PRECIO ESPECIAL)","previousItem":{"@type":"ListItem","@id":"https:\/\/www.claret.cat\/es\/categoria-producto\/spa\/2_humanidades\/literatura-2_humanidades\/novela-historica-y-ficcion\/#listItem","name":"Novela hist\u00f3rica y ficci\u00f3n"}}]},{"@type":"ItemPage","@id":"https:\/\/www.claret.cat\/es\/libro\/sidi-edicion-limitada-a-un-precio-especial-9788466359344\/#itempage","url":"https:\/\/www.claret.cat\/es\/libro\/sidi-edicion-limitada-a-un-precio-especial-9788466359344\/","name":"SIDI (EDICI\u00d3N LIMITADA A UN PRECIO ESPECIAL) - P\u00c9REZ-REVERTE, ARTURO 9788466359344 | Llibreria Claret","description":"SIDI (EDICI\u00d3N LIMITADA A UN PRECIO ESPECIAL) de P\u00c9REZ-REVERTE, ARTURO disponible a\/en Llibreria Claret.","inLanguage":"es-ES","isPartOf":{"@id":"https:\/\/www.claret.cat\/es\/#website"},"breadcrumb":{"@id":"https:\/\/www.claret.cat\/es\/libro\/sidi-edicion-limitada-a-un-precio-especial-9788466359344\/#breadcrumblist"},"image":{"@type":"ImageObject","url":"https:\/\/www.claret.cat\/wp-content\/uploads\/.\/9788466359344.jpg","@id":"https:\/\/www.claret.cat\/es\/libro\/sidi-edicion-limitada-a-un-precio-especial-9788466359344\/#mainImage","width":225,"height":341,"caption":"9788466359344.jpg"},"primaryImageOfPage":{"@id":"https:\/\/www.claret.cat\/es\/libro\/sidi-edicion-limitada-a-un-precio-especial-9788466359344\/#mainImage"},"datePublished":"2022-10-02T18:28:12+02:00","dateModified":"2023-10-06T09:21:00+02:00"},{"@type":"Organization","@id":"https:\/\/www.claret.cat\/es\/#organization","name":"Llibreria Claret","description":"Llibreria religiosa a Barcelona","url":"https:\/\/www.claret.cat\/es\/","email":"comunicacio@claret.cat","telephone":"+34933010887","logo":{"@type":"ImageObject","url":"https:\/\/www.claret.cat\/wp-content\/uploads\/.\/logo-claret-es.png","@id":"https:\/\/www.claret.cat\/es\/libro\/sidi-edicion-limitada-a-un-precio-especial-9788466359344\/#organizationLogo","width":195,"height":79},"image":{"@id":"https:\/\/www.claret.cat\/es\/libro\/sidi-edicion-limitada-a-un-precio-especial-9788466359344\/#organizationLogo"},"sameAs":["https:\/\/www.facebook.com\/LlibreriaClaret","https:\/\/twitter.com\/LlibreriaClaret","https:\/\/www.instagram.com\/llibreriaclaret\/","https:\/\/www.tiktok.com\/@llibreriaclaret","https:\/\/www.youtube.com\/@llibreriaclaret","https:\/\/ca.wikipedia.org\/wiki\/Editorial_Claret"]},{"@type":"WebPage","@id":"https:\/\/www.claret.cat\/es\/libro\/sidi-edicion-limitada-a-un-precio-especial-9788466359344\/#webpage","url":"https:\/\/www.claret.cat\/es\/libro\/sidi-edicion-limitada-a-un-precio-especial-9788466359344\/","name":"SIDI (EDICI\u00d3N LIMITADA A UN PRECIO ESPECIAL) - P\u00c9REZ-REVERTE, ARTURO 9788466359344 | Llibreria Claret","description":"SIDI (EDICI\u00d3N LIMITADA A UN PRECIO ESPECIAL) de P\u00c9REZ-REVERTE, ARTURO disponible a\/en Llibreria Claret.","inLanguage":"es-ES","isPartOf":{"@id":"https:\/\/www.claret.cat\/es\/#website"},"breadcrumb":{"@id":"https:\/\/www.claret.cat\/es\/libro\/sidi-edicion-limitada-a-un-precio-especial-9788466359344\/#breadcrumblist"},"image":{"@type":"ImageObject","url":"https:\/\/www.claret.cat\/wp-content\/uploads\/.\/9788466359344.jpg","@id":"https:\/\/www.claret.cat\/es\/libro\/sidi-edicion-limitada-a-un-precio-especial-9788466359344\/#mainImage","width":225,"height":341,"caption":"9788466359344.jpg"},"primaryImageOfPage":{"@id":"https:\/\/www.claret.cat\/es\/libro\/sidi-edicion-limitada-a-un-precio-especial-9788466359344\/#mainImage"},"datePublished":"2022-10-02T18:28:12+02:00","dateModified":"2023-10-06T09:21:00+02:00"},{"@type":"WebSite","@id":"https:\/\/www.claret.cat\/es\/#website","url":"https:\/\/www.claret.cat\/es\/","name":"Llibreria Claret Barcelona","alternateName":"Llibreria Claret","description":"Llibreria religiosa a Barcelona","inLanguage":"es-ES","publisher":{"@id":"https:\/\/www.claret.cat\/es\/#organization"}}]},"og:locale":"es_ES","og:site_name":"Llibreria Claret - Llibreria religiosa a Barcelona","og:type":"article","og:title":"SIDI (EDICI\u00d3N LIMITADA A UN PRECIO ESPECIAL) - P\u00c9REZ-REVERTE, ARTURO 9788466359344 | Llibreria Claret","og:description":"SIDI (EDICI\u00d3N LIMITADA A UN PRECIO ESPECIAL) de P\u00c9REZ-REVERTE, ARTURO disponible a\/en Llibreria Claret.","og:url":"https:\/\/www.claret.cat\/es\/libro\/sidi-edicion-limitada-a-un-precio-especial-9788466359344\/","og:image":"https:\/\/dev.claret.cat\/wp-content\/uploads\/logo-claret.svg","og:image:secure_url":"https:\/\/dev.claret.cat\/wp-content\/uploads\/logo-claret.svg","article:published_time":"2022-10-02T16:28:12+00:00","article:modified_time":"2023-10-06T07:21:00+00:00","article:publisher":"https:\/\/www.facebook.com\/LlibreriaClaret","twitter:card":"summary_large_image","twitter:site":"@LlibreriaClaret","twitter:title":"SIDI (EDICI\u00d3N LIMITADA A UN PRECIO ESPECIAL) - P\u00c9REZ-REVERTE, ARTURO 9788466359344 | Llibreria Claret","twitter:description":"SIDI (EDICI\u00d3N LIMITADA A UN PRECIO ESPECIAL) de P\u00c9REZ-REVERTE, ARTURO disponible a\/en Llibreria Claret.","twitter:image":"http:\/\/dev.claret.cat\/wp-content\/uploads\/logo-claret.svg"},"aioseo_meta_data":{"post_id":"36973","title":null,"description":null,"keywords":null,"keyphrases":null,"primary_term":null,"canonical_url":null,"og_title":null,"og_description":null,"og_object_type":"default","og_image_type":"default","og_image_url":null,"og_image_width":null,"og_image_height":null,"og_image_custom_url":null,"og_image_custom_fields":null,"og_video":null,"og_custom_url":null,"og_article_section":null,"og_article_tags":null,"twitter_use_og":false,"twitter_card":"default","twitter_image_type":"default","twitter_image_url":null,"twitter_image_custom_url":null,"twitter_image_custom_fields":null,"twitter_title":null,"twitter_description":null,"schema":{"blockGraphs":[],"customGraphs":[],"default":{"data":{"Article":[],"Course":[],"Dataset":[],"FAQPage":[],"Movie":[],"Person":[],"Product":[],"ProductReview":[],"Car":[],"Recipe":[],"Service":[],"SoftwareApplication":[],"WebPage":[]},"graphName":"","isEnabled":true},"graphs":[]},"schema_type":"default","schema_type_options":null,"pillar_content":false,"robots_default":true,"robots_noindex":false,"robots_noarchive":false,"robots_nosnippet":false,"robots_nofollow":false,"robots_noimageindex":false,"robots_noodp":false,"robots_notranslate":false,"robots_max_snippet":null,"robots_max_videopreview":null,"robots_max_imagepreview":"large","priority":null,"frequency":null,"local_seo":null,"seo_analyzer_scan_date":"2025-11-13 00:53:18","breadcrumb_settings":null,"limit_modified_date":false,"open_ai":null,"ai":null,"created":"2022-12-18 13:26:39","updated":"2025-11-13 00:53:18","focus_keyword":null,"additional_keywords":null,"truseo_locale":null},"aioseo_breadcrumb":"<div class=\"aioseo-breadcrumbs\"><span class=\"aioseo-breadcrumb\">\n\t<a href=\"https:\/\/www.claret.cat\/es\/\" title=\"Home\">Home<\/a>\n<\/span><span class=\"aioseo-breadcrumb-separator\">&raquo;<\/span><span class=\"aioseo-breadcrumb\">\n\t<a href=\"https:\/\/www.claret.cat\/?page_id=16\" title=\"Botiga\">Botiga<\/a>\n<\/span><span class=\"aioseo-breadcrumb-separator\">&raquo;<\/span><span class=\"aioseo-breadcrumb\">\n\t<a href=\"https:\/\/www.claret.cat\/categoria-producto\/spa\/\" title=\"SPA\">SPA<\/a>\n<\/span><span class=\"aioseo-breadcrumb-separator\">&raquo;<\/span><span class=\"aioseo-breadcrumb\">\n\t<a href=\"https:\/\/www.claret.cat\/es\/categoria-producto\/spa\/2_humanidades\/\" title=\"Humanidades\">Humanidades<\/a>\n<\/span><span class=\"aioseo-breadcrumb-separator\">&raquo;<\/span><span class=\"aioseo-breadcrumb\">\n\t<a href=\"https:\/\/www.claret.cat\/es\/categoria-producto\/spa\/2_humanidades\/literatura-2_humanidades\/\" title=\"Literatura\">Literatura<\/a>\n<\/span><span class=\"aioseo-breadcrumb-separator\">&raquo;<\/span><span class=\"aioseo-breadcrumb\">\n\t<a href=\"https:\/\/www.claret.cat\/es\/categoria-producto\/spa\/2_humanidades\/literatura-2_humanidades\/novela-historica-y-ficcion\/\" title=\"Novela hist\u00f3rica y ficci\u00f3n\">Novela hist\u00f3rica y ficci\u00f3n<\/a>\n<\/span><span class=\"aioseo-breadcrumb-separator\">&raquo;<\/span><span class=\"aioseo-breadcrumb\">\n\tSIDI (EDICI\u00d3N LIMITADA A UN PRECIO ESPECIAL)\n<\/span><\/div>","aioseo_breadcrumb_json":[{"label":"Home","link":"https:\/\/www.claret.cat\/es\/"},{"label":"Botiga","link":"https:\/\/www.claret.cat\/?page_id=16"},{"label":"SPA","link":"https:\/\/www.claret.cat\/categoria-producto\/spa\/"},{"label":"Humanidades","link":"https:\/\/www.claret.cat\/es\/categoria-producto\/spa\/2_humanidades\/"},{"label":"Literatura","link":"https:\/\/www.claret.cat\/es\/categoria-producto\/spa\/2_humanidades\/literatura-2_humanidades\/"},{"label":"Novela hist\u00f3rica y ficci\u00f3n","link":"https:\/\/www.claret.cat\/es\/categoria-producto\/spa\/2_humanidades\/literatura-2_humanidades\/novela-historica-y-ficcion\/"},{"label":"SIDI (EDICI\u00d3N LIMITADA A UN PRECIO ESPECIAL)","link":"https:\/\/www.claret.cat\/es\/libro\/sidi-edicion-limitada-a-un-precio-especial-9788466359344\/"}],"_links":{"self":[{"href":"https:\/\/www.claret.cat\/es\/wp-json\/wp\/v2\/product\/36973","targetHints":{"allow":["GET"]}}],"collection":[{"href":"https:\/\/www.claret.cat\/es\/wp-json\/wp\/v2\/product"}],"about":[{"href":"https:\/\/www.claret.cat\/es\/wp-json\/wp\/v2\/types\/product"}],"wp:featuredmedia":[{"embeddable":true,"href":"https:\/\/www.claret.cat\/es\/wp-json\/wp\/v2\/media\/54355"}],"wp:attachment":[{"href":"https:\/\/www.claret.cat\/es\/wp-json\/wp\/v2\/media?parent=36973"}],"wp:term":[{"taxonomy":"product_brand","embeddable":true,"href":"https:\/\/www.claret.cat\/es\/wp-json\/wp\/v2\/product_brand?post=36973"},{"taxonomy":"product_cat","embeddable":true,"href":"https:\/\/www.claret.cat\/es\/wp-json\/wp\/v2\/product_cat?post=36973"},{"taxonomy":"product_tag","embeddable":true,"href":"https:\/\/www.claret.cat\/es\/wp-json\/wp\/v2\/product_tag?post=36973"}],"curies":[{"name":"wp","href":"https:\/\/api.w.org\/{rel}","templated":true}]}}