{"id":373970,"date":"2023-01-20T13:10:12","date_gmt":"2023-01-20T12:10:12","guid":{"rendered":"https:\/\/www.claret.cat\/llibre\/leve-atardecer-9788428567633\/"},"modified":"2024-05-02T07:40:50","modified_gmt":"2024-05-02T05:40:50","slug":"leve-atardecer-9788428567633","status":"publish","type":"product","link":"https:\/\/www.claret.cat\/es\/libro\/leve-atardecer-9788428567633\/","title":{"rendered":"LEVE ATARDECER"},"content":{"rendered":"<p>El presente libro recoge algunas reflexiones y experiencias de Dolores Vendrell sobre la \u00faltima etapa de su vida en compa\u00f1\u00eda de su esposo, enfermo de Alzheimer. Son sencillas recetas de c\u00f3mo seguir a flote en medio de la tormenta, que pueden ser v\u00e1lidas para los que conviven con enfermedades como el Alzheimer, pero tambi\u00e9n para quienes, a lo largo de su existencia, se enfrentan al sufrimiento y buscan un sentido a sus vidas. Las reflexiones, o recetas, han pasado por el tamiz de la reflexi\u00f3n l\u00edrica gracias a Mar\u00eda Jes\u00fas Ma\u00f1as, que comparte con la autora profesi\u00f3n, pasi\u00f3n por la literatura y, sobre todo, una sincera amistad. El resultado es este texto, que nos muestra el sufrimiento que existe detr\u00e1s del Alzheimer, pero tambi\u00e9n las ganas de vivir, sin excluir el dolor y las l\u00e1grimas, y la convicci\u00f3n de que el amor es la fuerza que nos sostiene. Porque con el Alzheimer viven las personas que padecen esta enfermedad y las que las amamos y cuidamos.<br \/> Por expreso deseo de las autoras, los derechos que les corresponder\u00edan por la venta de esta obra ser\u00e1n donados a la Asociaci\u00f3n contra el Alzheimer<\/p>\n","protected":false},"excerpt":{"rendered":"<p>VENDRELL, DOLORES ; MA\u00d1AS S\u00c1NCHEZ, MAR\u00cdA JES\u00daS<\/p>\n","protected":false},"featured_media":374502,"template":"","meta":{"_acf_changed":false,"om_disable_all_campaigns":false,"rs_blank_template":"","rs_page_bg_color":"","slide_template_v7":"","inline_featured_image":false,"_monsterinsights_skip_tracking":false,"_monsterinsights_sitenote_active":false,"_monsterinsights_sitenote_note":"","_monsterinsights_sitenote_category":0},"product_brand":[],"product_cat":[401,260],"product_tag":[],"class_list":{"0":"post-373970","1":"product","2":"type-product","3":"status-publish","4":"has-post-thumbnail","6":"product_cat-de-la-salud","7":"product_cat-de-la-salut","9":"first","10":"instock","11":"taxable","12":"shipping-taxable","13":"purchasable","14":"product-type-simple"},"acf":{"editorial":[{"ID":6356,"post_author":"3","post_date":"2022-07-28 17:50:26","post_date_gmt":"2022-07-28 15:50:26","post_content":"","post_title":"SAN PABLO COMUNICACI\u00d3N","post_excerpt":"","post_status":"publish","comment_status":"closed","ping_status":"closed","post_password":"","post_name":"san-pablo-comunicacion","to_ping":"","pinged":"","post_modified":"2022-07-28 17:50:26","post_modified_gmt":"2022-07-28 15:50:26","post_content_filtered":"","post_parent":0,"guid":"http:\/\/dev.claret.cat\/editorial\/san-pablo-comunicacion\/","menu_order":0,"post_type":"editorial","post_mime_type":"","comment_count":"0","filter":"raw"}],"autor":"VENDRELL, DOLORES ; MA\u00d1AS S\u00c1NCHEZ, MAR\u00cdA JES\u00daS","codart":"842856763","libros-coleccion":"Teselas","ediciones":"1","encuadernacion":"R\u00fastica","fecha_de_publicacion":"19\/01\/2023","novedad":"1","paginas":"184","subtitulo":"CUANDO SOLO NOS QUEDA EL AMOR ","orden":"0","portada":"0","idioma":"spa","autores-libros":[{"ID":421925,"post_author":"3","post_date":"2023-05-16 07:08:20","post_date_gmt":"2023-05-16 05:08:20","post_content":"","post_title":"DOLORES VENDRELL","post_excerpt":"","post_status":"publish","comment_status":"closed","ping_status":"closed","post_password":"","post_name":"dolores-vendrell","to_ping":"","pinged":"","post_modified":"2023-05-16 07:08:20","post_modified_gmt":"2023-05-16 05:08:20","post_content_filtered":"","post_parent":0,"guid":"https:\/\/www.claret.cat\/autor\/dolores-vendrell\/","menu_order":0,"post_type":"autor","post_mime_type":"","comment_count":"0","filter":"raw"},{"ID":426137,"post_author":"3","post_date":"2023-05-16 08:38:15","post_date_gmt":"2023-05-16 06:38:15","post_content":"","post_title":"MAR\u00cdA JES\u00daS MA\u00d1AS S\u00c1NCHEZ","post_excerpt":"","post_status":"publish","comment_status":"closed","ping_status":"closed","post_password":"","post_name":"maria-jesus-manas-sanchez","to_ping":"","pinged":"","post_modified":"2023-05-16 08:38:15","post_modified_gmt":"2023-05-16 06:38:15","post_content_filtered":"","post_parent":0,"guid":"https:\/\/www.claret.cat\/autor\/maria-jesus-manas-sanchez\/","menu_order":0,"post_type":"autor","post_mime_type":"","comment_count":"0","filter":"raw"}]},"aioseo_notices":[],"_links":{"self":[{"href":"https:\/\/www.claret.cat\/es\/wp-json\/wp\/v2\/product\/373970","targetHints":{"allow":["GET"]}}],"collection":[{"href":"https:\/\/www.claret.cat\/es\/wp-json\/wp\/v2\/product"}],"about":[{"href":"https:\/\/www.claret.cat\/es\/wp-json\/wp\/v2\/types\/product"}],"wp:featuredmedia":[{"embeddable":true,"href":"https:\/\/www.claret.cat\/es\/wp-json\/wp\/v2\/media\/374502"}],"wp:attachment":[{"href":"https:\/\/www.claret.cat\/es\/wp-json\/wp\/v2\/media?parent=373970"}],"wp:term":[{"taxonomy":"product_brand","embeddable":true,"href":"https:\/\/www.claret.cat\/es\/wp-json\/wp\/v2\/product_brand?post=373970"},{"taxonomy":"product_cat","embeddable":true,"href":"https:\/\/www.claret.cat\/es\/wp-json\/wp\/v2\/product_cat?post=373970"},{"taxonomy":"product_tag","embeddable":true,"href":"https:\/\/www.claret.cat\/es\/wp-json\/wp\/v2\/product_tag?post=373970"}],"curies":[{"name":"wp","href":"https:\/\/api.w.org\/{rel}","templated":true}]}}