{"id":38375,"date":"2022-10-02T18:50:43","date_gmt":"2022-10-02T16:50:43","guid":{"rendered":"http:\/\/dev.claret.cat\/producte\/un-futuro-para-la-educacion\/"},"modified":"2024-05-02T05:29:41","modified_gmt":"2024-05-02T03:29:41","slug":"un-futuro-para-la-educacion-9788428838597","status":"publish","type":"product","link":"https:\/\/www.claret.cat\/es\/libro\/un-futuro-para-la-educacion-9788428838597\/","title":{"rendered":"UN FUTURO PARA LA EDUCACI\u00d3N"},"content":{"rendered":"<p>En estas directrices del Pacto Educativo Global se presentan los temas centrales en sus diversas articulaciones. Las aportaciones ponen de manifiesto las cinco \u00e1reas de investigaci\u00f3n en las que se ha profundizado: el di\u00e1logo interreligioso e intercultural, la dignidad y los derechos humanos, la cultura de la paz y de la ciudadan\u00eda, la fraternidad y la cooperaci\u00f3n, como tambi\u00e9n las tecnolog\u00edas y la ecolog\u00eda integral. En la segunda parte se presentan algunos eventos y actividades que ya han tenido lugar en diversas instituciones y que se est\u00e1n desarrollando ulteriormente a la luz del magisterio reciente.<\/p>\n","protected":false},"excerpt":{"rendered":"<p>Mons. ANGELO VINCENZO ZANI; CARDENAL GIUSEPPE VERSALDI<\/p>\n","protected":false},"featured_media":453407,"template":"","meta":{"_acf_changed":false,"om_disable_all_campaigns":false,"rs_blank_template":"","rs_page_bg_color":"","slide_template_v7":"","inline_featured_image":false,"_monsterinsights_skip_tracking":false},"product_brand":[],"product_cat":[227,389,220,479],"product_tag":[],"class_list":["post-38375","product","type-product","status-publish","has-post-thumbnail","product_cat-formacio","product_cat-formacion","product_cat-juvenil-catequesi","product_cat-juvenil-catequesis-1_espiritualidad","first","instock","taxable","shipping-taxable","purchasable","product-type-simple"],"acf":{"autor":"Mons. ANGELO VINCENZO ZANI; CARDENAL GIUSEPPE VERSALDI","codart":"842883859","libros-coleccion":"Educar","ediciones":"1","encuadernacion":"R\u00fastica","fecha_de_publicacion":"12\/04\/2022","novedad":"1","paginas":"320","subtitulo":"EL PACTO EDUCATIVO GLOBAL L\u00cdNEAS ESTRAT\u00c9GICAS","orden":"0","portada":"0","idioma":"spa","editorial":[{"ID":6335,"post_author":"3","post_date":"2022-07-28 17:49:59","post_date_gmt":"2022-07-28 15:49:59","post_content":"","post_title":"PPC altres","post_excerpt":"","post_status":"publish","comment_status":"closed","ping_status":"closed","post_password":"","post_name":"ppc-altres","to_ping":"","pinged":"","post_modified":"2022-07-28 17:49:59","post_modified_gmt":"2022-07-28 15:49:59","post_content_filtered":"","post_parent":0,"guid":"http:\/\/dev.claret.cat\/editorial\/ppc-altres\/","menu_order":0,"post_type":"editorial","post_mime_type":"","comment_count":"0","filter":"raw"}],"autores-libros":[{"ID":165354,"post_author":"3","post_date":"2022-10-14 17:54:30","post_date_gmt":"2022-10-14 15:54:30","post_content":"","post_title":"Mons. ANGELO VINCENZO ZANI","post_excerpt":"","post_status":"publish","comment_status":"closed","ping_status":"closed","post_password":"","post_name":"mons-angelo-vincenzo-zani","to_ping":"","pinged":"","post_modified":"2022-10-14 17:54:30","post_modified_gmt":"2022-10-14 15:54:30","post_content_filtered":"","post_parent":0,"guid":"http:\/\/dev.claret.cat\/autor\/mons-angelo-vincenzo-zani\/","menu_order":0,"post_type":"autor","post_mime_type":"","comment_count":"0","filter":"raw"},{"ID":152076,"post_author":"3","post_date":"2022-10-14 14:45:54","post_date_gmt":"2022-10-14 12:45:54","post_content":"","post_title":"CARDENAL GIUSEPPE VERSALDI","post_excerpt":"","post_status":"publish","comment_status":"closed","ping_status":"closed","post_password":"","post_name":"cardenal-giuseppe-versaldi","to_ping":"","pinged":"","post_modified":"2022-10-14 14:45:54","post_modified_gmt":"2022-10-14 12:45:54","post_content_filtered":"","post_parent":0,"guid":"http:\/\/dev.claret.cat\/autor\/cardenal-giuseppe-versaldi\/","menu_order":0,"post_type":"autor","post_mime_type":"","comment_count":"0","filter":"raw"}]},"aioseo_notices":[],"aioseo_head":"\n\t\t<!-- All in One SEO Pro 5.0.1.1 - aioseo.com -->\n\t<meta name=\"description\" content=\"UN FUTURO PARA LA EDUCACI\u00d3N de Mons. ANGELO VINCENZO ZANI; CARDENAL GIUSEPPE VERSALDI disponible a\/en Llibreria Claret.\" \/>\n\t<meta name=\"robots\" content=\"max-image-preview:large\" \/>\n\t<meta name=\"google-site-verification\" content=\"xVtlFxJ-TfkIu-D-lt7XeLobefg5EIQiXTuqcSf8Rf0\" \/>\n\t<link rel=\"canonical\" href=\"https:\/\/www.claret.cat\/es\/libro\/un-futuro-para-la-educacion-9788428838597\/\" \/>\n\t<meta name=\"generator\" content=\"All in One SEO Pro (AIOSEO) 5.0.1.1\" \/>\n\t\t<meta property=\"og:locale\" content=\"es_ES\" \/>\n\t\t<meta property=\"og:site_name\" content=\"Llibreria Claret - Llibreria religiosa a Barcelona\" \/>\n\t\t<meta property=\"og:type\" content=\"article\" \/>\n\t\t<meta property=\"og:title\" content=\"UN FUTURO PARA LA EDUCACI\u00d3N - Mons. ANGELO VINCENZO ZANI; CARDENAL GIUSEPPE VERSALDI 9788428838597 | Llibreria Claret\" \/>\n\t\t<meta property=\"og:description\" content=\"UN FUTURO PARA LA EDUCACI\u00d3N de Mons. ANGELO VINCENZO ZANI; CARDENAL GIUSEPPE VERSALDI disponible a\/en Llibreria Claret.\" \/>\n\t\t<meta property=\"og:url\" content=\"https:\/\/www.claret.cat\/es\/libro\/un-futuro-para-la-educacion-9788428838597\/\" \/>\n\t\t<meta property=\"og:image\" content=\"https:\/\/dev.claret.cat\/wp-content\/uploads\/logo-claret.svg\" \/>\n\t\t<meta property=\"og:image:secure_url\" content=\"https:\/\/dev.claret.cat\/wp-content\/uploads\/logo-claret.svg\" \/>\n\t\t<meta property=\"article:published_time\" content=\"2022-10-02T16:50:43+00:00\" \/>\n\t\t<meta property=\"article:modified_time\" content=\"2024-05-02T03:29:41+00:00\" \/>\n\t\t<meta property=\"article:publisher\" content=\"https:\/\/www.facebook.com\/LlibreriaClaret\" \/>\n\t\t<meta name=\"twitter:card\" content=\"summary_large_image\" \/>\n\t\t<meta name=\"twitter:site\" content=\"@LlibreriaClaret\" \/>\n\t\t<meta name=\"twitter:title\" content=\"UN FUTURO PARA LA EDUCACI\u00d3N - Mons. ANGELO VINCENZO ZANI; CARDENAL GIUSEPPE VERSALDI 9788428838597 | Llibreria Claret\" \/>\n\t\t<meta name=\"twitter:description\" content=\"UN FUTURO PARA LA EDUCACI\u00d3N de Mons. ANGELO VINCENZO ZANI; CARDENAL GIUSEPPE VERSALDI disponible a\/en Llibreria Claret.\" \/>\n\t\t<meta name=\"twitter:image\" content=\"http:\/\/dev.claret.cat\/wp-content\/uploads\/logo-claret.svg\" \/>\n\t\t<script type=\"application\/ld+json\" class=\"aioseo-schema\">\n\t\t\t{\"@context\":\"https:\\\/\\\/schema.org\",\"@graph\":[{\"@type\":\"BreadcrumbList\",\"@id\":\"https:\\\/\\\/www.claret.cat\\\/es\\\/libro\\\/un-futuro-para-la-educacion-9788428838597\\\/#breadcrumblist\",\"itemListElement\":[{\"@type\":\"ListItem\",\"@id\":\"https:\\\/\\\/www.claret.cat\\\/es\\\/#listItem\",\"position\":1,\"name\":\"Home\",\"item\":\"https:\\\/\\\/www.claret.cat\\\/es\\\/\",\"nextItem\":{\"@type\":\"ListItem\",\"@id\":\"https:\\\/\\\/www.claret.cat\\\/?page_id=16#listItem\",\"name\":\"Botiga\"}},{\"@type\":\"ListItem\",\"@id\":\"https:\\\/\\\/www.claret.cat\\\/?page_id=16#listItem\",\"position\":2,\"name\":\"Botiga\",\"item\":\"https:\\\/\\\/www.claret.cat\\\/?page_id=16\",\"nextItem\":{\"@type\":\"ListItem\",\"@id\":\"https:\\\/\\\/www.claret.cat\\\/categoria-producto\\\/cat\\\/#listItem\",\"name\":\"CAT\"},\"previousItem\":{\"@type\":\"ListItem\",\"@id\":\"https:\\\/\\\/www.claret.cat\\\/es\\\/#listItem\",\"name\":\"Home\"}},{\"@type\":\"ListItem\",\"@id\":\"https:\\\/\\\/www.claret.cat\\\/categoria-producto\\\/cat\\\/#listItem\",\"position\":3,\"name\":\"CAT\",\"item\":\"https:\\\/\\\/www.claret.cat\\\/categoria-producto\\\/cat\\\/\",\"nextItem\":{\"@type\":\"ListItem\",\"@id\":\"https:\\\/\\\/www.claret.cat\\\/categoria-producto\\\/cat\\\/1_espiritualitat\\\/#listItem\",\"name\":\"Espiritualitat\"},\"previousItem\":{\"@type\":\"ListItem\",\"@id\":\"https:\\\/\\\/www.claret.cat\\\/?page_id=16#listItem\",\"name\":\"Botiga\"}},{\"@type\":\"ListItem\",\"@id\":\"https:\\\/\\\/www.claret.cat\\\/categoria-producto\\\/cat\\\/1_espiritualitat\\\/#listItem\",\"position\":4,\"name\":\"Espiritualitat\",\"item\":\"https:\\\/\\\/www.claret.cat\\\/categoria-producto\\\/cat\\\/1_espiritualitat\\\/\",\"nextItem\":{\"@type\":\"ListItem\",\"@id\":\"https:\\\/\\\/www.claret.cat\\\/categoria-producto\\\/cat\\\/1_espiritualitat\\\/catequesi\\\/#listItem\",\"name\":\"Catequesi\"},\"previousItem\":{\"@type\":\"ListItem\",\"@id\":\"https:\\\/\\\/www.claret.cat\\\/categoria-producto\\\/cat\\\/#listItem\",\"name\":\"CAT\"}},{\"@type\":\"ListItem\",\"@id\":\"https:\\\/\\\/www.claret.cat\\\/categoria-producto\\\/cat\\\/1_espiritualitat\\\/catequesi\\\/#listItem\",\"position\":5,\"name\":\"Catequesi\",\"item\":\"https:\\\/\\\/www.claret.cat\\\/categoria-producto\\\/cat\\\/1_espiritualitat\\\/catequesi\\\/\",\"nextItem\":{\"@type\":\"ListItem\",\"@id\":\"https:\\\/\\\/www.claret.cat\\\/categoria-producto\\\/cat\\\/1_espiritualitat\\\/catequesi\\\/juvenil-catequesi\\\/#listItem\",\"name\":\"Juvenil\"},\"previousItem\":{\"@type\":\"ListItem\",\"@id\":\"https:\\\/\\\/www.claret.cat\\\/categoria-producto\\\/cat\\\/1_espiritualitat\\\/#listItem\",\"name\":\"Espiritualitat\"}},{\"@type\":\"ListItem\",\"@id\":\"https:\\\/\\\/www.claret.cat\\\/categoria-producto\\\/cat\\\/1_espiritualitat\\\/catequesi\\\/juvenil-catequesi\\\/#listItem\",\"position\":6,\"name\":\"Juvenil\",\"item\":\"https:\\\/\\\/www.claret.cat\\\/categoria-producto\\\/cat\\\/1_espiritualitat\\\/catequesi\\\/juvenil-catequesi\\\/\",\"nextItem\":{\"@type\":\"ListItem\",\"@id\":\"https:\\\/\\\/www.claret.cat\\\/es\\\/libro\\\/un-futuro-para-la-educacion-9788428838597\\\/#listItem\",\"name\":\"UN FUTURO PARA LA EDUCACI\\u00d3N\"},\"previousItem\":{\"@type\":\"ListItem\",\"@id\":\"https:\\\/\\\/www.claret.cat\\\/categoria-producto\\\/cat\\\/1_espiritualitat\\\/catequesi\\\/#listItem\",\"name\":\"Catequesi\"}},{\"@type\":\"ListItem\",\"@id\":\"https:\\\/\\\/www.claret.cat\\\/es\\\/libro\\\/un-futuro-para-la-educacion-9788428838597\\\/#listItem\",\"position\":7,\"name\":\"UN FUTURO PARA LA EDUCACI\\u00d3N\",\"previousItem\":{\"@type\":\"ListItem\",\"@id\":\"https:\\\/\\\/www.claret.cat\\\/categoria-producto\\\/cat\\\/1_espiritualitat\\\/catequesi\\\/juvenil-catequesi\\\/#listItem\",\"name\":\"Juvenil\"}}]},{\"@type\":\"ItemPage\",\"@id\":\"https:\\\/\\\/www.claret.cat\\\/es\\\/libro\\\/un-futuro-para-la-educacion-9788428838597\\\/#itempage\",\"url\":\"https:\\\/\\\/www.claret.cat\\\/es\\\/libro\\\/un-futuro-para-la-educacion-9788428838597\\\/\",\"name\":\"UN FUTURO PARA LA EDUCACI\\u00d3N - Mons. ANGELO VINCENZO ZANI; CARDENAL GIUSEPPE VERSALDI 9788428838597 | Llibreria Claret\",\"description\":\"UN FUTURO PARA LA EDUCACI\\u00d3N de Mons. ANGELO VINCENZO ZANI; CARDENAL GIUSEPPE VERSALDI disponible a\\\/en Llibreria Claret.\",\"inLanguage\":\"es-ES\",\"isPartOf\":{\"@id\":\"https:\\\/\\\/www.claret.cat\\\/es\\\/#website\"},\"breadcrumb\":{\"@id\":\"https:\\\/\\\/www.claret.cat\\\/es\\\/libro\\\/un-futuro-para-la-educacion-9788428838597\\\/#breadcrumblist\"},\"image\":{\"@type\":\"ImageObject\",\"url\":\"https:\\\/\\\/www.claret.cat\\\/wp-content\\\/uploads\\\/.\\\/9788428838597-3.jpg\",\"@id\":\"https:\\\/\\\/www.claret.cat\\\/es\\\/libro\\\/un-futuro-para-la-educacion-9788428838597\\\/#mainImage\",\"width\":1020,\"height\":1536,\"caption\":\"9788428838597.jpg\"},\"primaryImageOfPage\":{\"@id\":\"https:\\\/\\\/www.claret.cat\\\/es\\\/libro\\\/un-futuro-para-la-educacion-9788428838597\\\/#mainImage\"},\"datePublished\":\"2022-10-02T18:50:43+02:00\",\"dateModified\":\"2024-05-02T05:29:41+02:00\"},{\"@type\":\"Organization\",\"@id\":\"https:\\\/\\\/www.claret.cat\\\/es\\\/#organization\",\"name\":\"Llibreria Claret\",\"description\":\"Llibreria religiosa a Barcelona\",\"url\":\"https:\\\/\\\/www.claret.cat\\\/es\\\/\",\"email\":\"comunicacio@claret.cat\",\"telephone\":\"+34933010887\",\"logo\":{\"@type\":\"ImageObject\",\"url\":\"https:\\\/\\\/www.claret.cat\\\/wp-content\\\/uploads\\\/.\\\/logo-claret-es.png\",\"@id\":\"https:\\\/\\\/www.claret.cat\\\/es\\\/libro\\\/un-futuro-para-la-educacion-9788428838597\\\/#organizationLogo\",\"width\":195,\"height\":79},\"image\":{\"@id\":\"https:\\\/\\\/www.claret.cat\\\/es\\\/libro\\\/un-futuro-para-la-educacion-9788428838597\\\/#organizationLogo\"},\"sameAs\":[\"https:\\\/\\\/www.facebook.com\\\/LlibreriaClaret\",\"https:\\\/\\\/twitter.com\\\/LlibreriaClaret\",\"https:\\\/\\\/www.instagram.com\\\/llibreriaclaret\\\/\",\"https:\\\/\\\/www.tiktok.com\\\/@llibreriaclaret\",\"https:\\\/\\\/www.youtube.com\\\/@llibreriaclaret\",\"https:\\\/\\\/ca.wikipedia.org\\\/wiki\\\/Editorial_Claret\"]},{\"@type\":\"WebPage\",\"@id\":\"https:\\\/\\\/www.claret.cat\\\/es\\\/libro\\\/un-futuro-para-la-educacion-9788428838597\\\/#webpage\",\"url\":\"https:\\\/\\\/www.claret.cat\\\/es\\\/libro\\\/un-futuro-para-la-educacion-9788428838597\\\/\",\"name\":\"UN FUTURO PARA LA EDUCACI\\u00d3N - Mons. ANGELO VINCENZO ZANI; CARDENAL GIUSEPPE VERSALDI 9788428838597 | Llibreria Claret\",\"description\":\"UN FUTURO PARA LA EDUCACI\\u00d3N de Mons. ANGELO VINCENZO ZANI; CARDENAL GIUSEPPE VERSALDI disponible a\\\/en Llibreria Claret.\",\"inLanguage\":\"es-ES\",\"isPartOf\":{\"@id\":\"https:\\\/\\\/www.claret.cat\\\/es\\\/#website\"},\"breadcrumb\":{\"@id\":\"https:\\\/\\\/www.claret.cat\\\/es\\\/libro\\\/un-futuro-para-la-educacion-9788428838597\\\/#breadcrumblist\"},\"image\":{\"@type\":\"ImageObject\",\"url\":\"https:\\\/\\\/www.claret.cat\\\/wp-content\\\/uploads\\\/.\\\/9788428838597-3.jpg\",\"@id\":\"https:\\\/\\\/www.claret.cat\\\/es\\\/libro\\\/un-futuro-para-la-educacion-9788428838597\\\/#mainImage\",\"width\":1020,\"height\":1536,\"caption\":\"9788428838597.jpg\"},\"primaryImageOfPage\":{\"@id\":\"https:\\\/\\\/www.claret.cat\\\/es\\\/libro\\\/un-futuro-para-la-educacion-9788428838597\\\/#mainImage\"},\"datePublished\":\"2022-10-02T18:50:43+02:00\",\"dateModified\":\"2024-05-02T05:29:41+02:00\"},{\"@type\":\"WebSite\",\"@id\":\"https:\\\/\\\/www.claret.cat\\\/es\\\/#website\",\"url\":\"https:\\\/\\\/www.claret.cat\\\/es\\\/\",\"name\":\"Llibreria Claret Barcelona\",\"alternateName\":\"Llibreria Claret\",\"description\":\"Llibreria religiosa a Barcelona\",\"inLanguage\":\"es-ES\",\"publisher\":{\"@id\":\"https:\\\/\\\/www.claret.cat\\\/es\\\/#organization\"}}]}\n\t\t<\/script>\n\t\t<!-- All in One SEO Pro -->\r\n\t\t<title>UN FUTURO PARA LA EDUCACI\u00d3N - Mons. ANGELO VINCENZO ZANI; CARDENAL GIUSEPPE VERSALDI 9788428838597 | Llibreria Claret<\/title>\n\n","aioseo_head_json":{"title":"UN FUTURO PARA LA EDUCACI\u00d3N - Mons. ANGELO VINCENZO ZANI; CARDENAL GIUSEPPE VERSALDI 9788428838597 | Llibreria Claret","description":"UN FUTURO PARA LA EDUCACI\u00d3N de Mons. ANGELO VINCENZO ZANI; CARDENAL GIUSEPPE VERSALDI disponible a\/en Llibreria Claret.","canonical_url":"https:\/\/www.claret.cat\/es\/libro\/un-futuro-para-la-educacion-9788428838597\/","robots":"max-image-preview:large","keywords":"","webmasterTools":{"google-site-verification":"xVtlFxJ-TfkIu-D-lt7XeLobefg5EIQiXTuqcSf8Rf0","miscellaneous":""},"schema":{"@context":"https:\/\/schema.org","@graph":[{"@type":"BreadcrumbList","@id":"https:\/\/www.claret.cat\/es\/libro\/un-futuro-para-la-educacion-9788428838597\/#breadcrumblist","itemListElement":[{"@type":"ListItem","@id":"https:\/\/www.claret.cat\/es\/#listItem","position":1,"name":"Home","item":"https:\/\/www.claret.cat\/es\/","nextItem":{"@type":"ListItem","@id":"https:\/\/www.claret.cat\/?page_id=16#listItem","name":"Botiga"}},{"@type":"ListItem","@id":"https:\/\/www.claret.cat\/?page_id=16#listItem","position":2,"name":"Botiga","item":"https:\/\/www.claret.cat\/?page_id=16","nextItem":{"@type":"ListItem","@id":"https:\/\/www.claret.cat\/categoria-producto\/cat\/#listItem","name":"CAT"},"previousItem":{"@type":"ListItem","@id":"https:\/\/www.claret.cat\/es\/#listItem","name":"Home"}},{"@type":"ListItem","@id":"https:\/\/www.claret.cat\/categoria-producto\/cat\/#listItem","position":3,"name":"CAT","item":"https:\/\/www.claret.cat\/categoria-producto\/cat\/","nextItem":{"@type":"ListItem","@id":"https:\/\/www.claret.cat\/categoria-producto\/cat\/1_espiritualitat\/#listItem","name":"Espiritualitat"},"previousItem":{"@type":"ListItem","@id":"https:\/\/www.claret.cat\/?page_id=16#listItem","name":"Botiga"}},{"@type":"ListItem","@id":"https:\/\/www.claret.cat\/categoria-producto\/cat\/1_espiritualitat\/#listItem","position":4,"name":"Espiritualitat","item":"https:\/\/www.claret.cat\/categoria-producto\/cat\/1_espiritualitat\/","nextItem":{"@type":"ListItem","@id":"https:\/\/www.claret.cat\/categoria-producto\/cat\/1_espiritualitat\/catequesi\/#listItem","name":"Catequesi"},"previousItem":{"@type":"ListItem","@id":"https:\/\/www.claret.cat\/categoria-producto\/cat\/#listItem","name":"CAT"}},{"@type":"ListItem","@id":"https:\/\/www.claret.cat\/categoria-producto\/cat\/1_espiritualitat\/catequesi\/#listItem","position":5,"name":"Catequesi","item":"https:\/\/www.claret.cat\/categoria-producto\/cat\/1_espiritualitat\/catequesi\/","nextItem":{"@type":"ListItem","@id":"https:\/\/www.claret.cat\/categoria-producto\/cat\/1_espiritualitat\/catequesi\/juvenil-catequesi\/#listItem","name":"Juvenil"},"previousItem":{"@type":"ListItem","@id":"https:\/\/www.claret.cat\/categoria-producto\/cat\/1_espiritualitat\/#listItem","name":"Espiritualitat"}},{"@type":"ListItem","@id":"https:\/\/www.claret.cat\/categoria-producto\/cat\/1_espiritualitat\/catequesi\/juvenil-catequesi\/#listItem","position":6,"name":"Juvenil","item":"https:\/\/www.claret.cat\/categoria-producto\/cat\/1_espiritualitat\/catequesi\/juvenil-catequesi\/","nextItem":{"@type":"ListItem","@id":"https:\/\/www.claret.cat\/es\/libro\/un-futuro-para-la-educacion-9788428838597\/#listItem","name":"UN FUTURO PARA LA EDUCACI\u00d3N"},"previousItem":{"@type":"ListItem","@id":"https:\/\/www.claret.cat\/categoria-producto\/cat\/1_espiritualitat\/catequesi\/#listItem","name":"Catequesi"}},{"@type":"ListItem","@id":"https:\/\/www.claret.cat\/es\/libro\/un-futuro-para-la-educacion-9788428838597\/#listItem","position":7,"name":"UN FUTURO PARA LA EDUCACI\u00d3N","previousItem":{"@type":"ListItem","@id":"https:\/\/www.claret.cat\/categoria-producto\/cat\/1_espiritualitat\/catequesi\/juvenil-catequesi\/#listItem","name":"Juvenil"}}]},{"@type":"ItemPage","@id":"https:\/\/www.claret.cat\/es\/libro\/un-futuro-para-la-educacion-9788428838597\/#itempage","url":"https:\/\/www.claret.cat\/es\/libro\/un-futuro-para-la-educacion-9788428838597\/","name":"UN FUTURO PARA LA EDUCACI\u00d3N - Mons. ANGELO VINCENZO ZANI; CARDENAL GIUSEPPE VERSALDI 9788428838597 | Llibreria Claret","description":"UN FUTURO PARA LA EDUCACI\u00d3N de Mons. ANGELO VINCENZO ZANI; CARDENAL GIUSEPPE VERSALDI disponible a\/en Llibreria Claret.","inLanguage":"es-ES","isPartOf":{"@id":"https:\/\/www.claret.cat\/es\/#website"},"breadcrumb":{"@id":"https:\/\/www.claret.cat\/es\/libro\/un-futuro-para-la-educacion-9788428838597\/#breadcrumblist"},"image":{"@type":"ImageObject","url":"https:\/\/www.claret.cat\/wp-content\/uploads\/.\/9788428838597-3.jpg","@id":"https:\/\/www.claret.cat\/es\/libro\/un-futuro-para-la-educacion-9788428838597\/#mainImage","width":1020,"height":1536,"caption":"9788428838597.jpg"},"primaryImageOfPage":{"@id":"https:\/\/www.claret.cat\/es\/libro\/un-futuro-para-la-educacion-9788428838597\/#mainImage"},"datePublished":"2022-10-02T18:50:43+02:00","dateModified":"2024-05-02T05:29:41+02:00"},{"@type":"Organization","@id":"https:\/\/www.claret.cat\/es\/#organization","name":"Llibreria Claret","description":"Llibreria religiosa a Barcelona","url":"https:\/\/www.claret.cat\/es\/","email":"comunicacio@claret.cat","telephone":"+34933010887","logo":{"@type":"ImageObject","url":"https:\/\/www.claret.cat\/wp-content\/uploads\/.\/logo-claret-es.png","@id":"https:\/\/www.claret.cat\/es\/libro\/un-futuro-para-la-educacion-9788428838597\/#organizationLogo","width":195,"height":79},"image":{"@id":"https:\/\/www.claret.cat\/es\/libro\/un-futuro-para-la-educacion-9788428838597\/#organizationLogo"},"sameAs":["https:\/\/www.facebook.com\/LlibreriaClaret","https:\/\/twitter.com\/LlibreriaClaret","https:\/\/www.instagram.com\/llibreriaclaret\/","https:\/\/www.tiktok.com\/@llibreriaclaret","https:\/\/www.youtube.com\/@llibreriaclaret","https:\/\/ca.wikipedia.org\/wiki\/Editorial_Claret"]},{"@type":"WebPage","@id":"https:\/\/www.claret.cat\/es\/libro\/un-futuro-para-la-educacion-9788428838597\/#webpage","url":"https:\/\/www.claret.cat\/es\/libro\/un-futuro-para-la-educacion-9788428838597\/","name":"UN FUTURO PARA LA EDUCACI\u00d3N - Mons. ANGELO VINCENZO ZANI; CARDENAL GIUSEPPE VERSALDI 9788428838597 | Llibreria Claret","description":"UN FUTURO PARA LA EDUCACI\u00d3N de Mons. ANGELO VINCENZO ZANI; CARDENAL GIUSEPPE VERSALDI disponible a\/en Llibreria Claret.","inLanguage":"es-ES","isPartOf":{"@id":"https:\/\/www.claret.cat\/es\/#website"},"breadcrumb":{"@id":"https:\/\/www.claret.cat\/es\/libro\/un-futuro-para-la-educacion-9788428838597\/#breadcrumblist"},"image":{"@type":"ImageObject","url":"https:\/\/www.claret.cat\/wp-content\/uploads\/.\/9788428838597-3.jpg","@id":"https:\/\/www.claret.cat\/es\/libro\/un-futuro-para-la-educacion-9788428838597\/#mainImage","width":1020,"height":1536,"caption":"9788428838597.jpg"},"primaryImageOfPage":{"@id":"https:\/\/www.claret.cat\/es\/libro\/un-futuro-para-la-educacion-9788428838597\/#mainImage"},"datePublished":"2022-10-02T18:50:43+02:00","dateModified":"2024-05-02T05:29:41+02:00"},{"@type":"WebSite","@id":"https:\/\/www.claret.cat\/es\/#website","url":"https:\/\/www.claret.cat\/es\/","name":"Llibreria Claret Barcelona","alternateName":"Llibreria Claret","description":"Llibreria religiosa a Barcelona","inLanguage":"es-ES","publisher":{"@id":"https:\/\/www.claret.cat\/es\/#organization"}}]},"og:locale":"es_ES","og:site_name":"Llibreria Claret - Llibreria religiosa a Barcelona","og:type":"article","og:title":"UN FUTURO PARA LA EDUCACI\u00d3N - Mons. ANGELO VINCENZO ZANI; CARDENAL GIUSEPPE VERSALDI 9788428838597 | Llibreria Claret","og:description":"UN FUTURO PARA LA EDUCACI\u00d3N de Mons. ANGELO VINCENZO ZANI; CARDENAL GIUSEPPE VERSALDI disponible a\/en Llibreria Claret.","og:url":"https:\/\/www.claret.cat\/es\/libro\/un-futuro-para-la-educacion-9788428838597\/","og:image":"https:\/\/dev.claret.cat\/wp-content\/uploads\/logo-claret.svg","og:image:secure_url":"https:\/\/dev.claret.cat\/wp-content\/uploads\/logo-claret.svg","article:published_time":"2022-10-02T16:50:43+00:00","article:modified_time":"2024-05-02T03:29:41+00:00","article:publisher":"https:\/\/www.facebook.com\/LlibreriaClaret","twitter:card":"summary_large_image","twitter:site":"@LlibreriaClaret","twitter:title":"UN FUTURO PARA LA EDUCACI\u00d3N - Mons. ANGELO VINCENZO ZANI; CARDENAL GIUSEPPE VERSALDI 9788428838597 | Llibreria Claret","twitter:description":"UN FUTURO PARA LA EDUCACI\u00d3N de Mons. ANGELO VINCENZO ZANI; CARDENAL GIUSEPPE VERSALDI disponible a\/en Llibreria Claret.","twitter:image":"http:\/\/dev.claret.cat\/wp-content\/uploads\/logo-claret.svg"},"aioseo_meta_data":{"post_id":"38375","title":null,"description":null,"keywords":null,"keyphrases":null,"primary_term":null,"canonical_url":null,"og_title":null,"og_description":null,"og_object_type":"default","og_image_type":"default","og_image_url":null,"og_image_width":null,"og_image_height":null,"og_image_custom_url":null,"og_image_custom_fields":null,"og_video":null,"og_custom_url":null,"og_article_section":null,"og_article_tags":null,"twitter_use_og":false,"twitter_card":"default","twitter_image_type":"default","twitter_image_url":null,"twitter_image_custom_url":null,"twitter_image_custom_fields":null,"twitter_title":null,"twitter_description":null,"schema":{"blockGraphs":[],"customGraphs":[],"default":{"data":{"Article":[],"Course":[],"Dataset":[],"FAQPage":[],"Movie":[],"Person":[],"Product":[],"ProductReview":[],"Car":[],"Recipe":[],"Service":[],"SoftwareApplication":[],"WebPage":[]},"graphName":"","isEnabled":true},"graphs":[]},"schema_type":"default","schema_type_options":null,"pillar_content":false,"robots_default":true,"robots_noindex":false,"robots_noarchive":false,"robots_nosnippet":false,"robots_nofollow":false,"robots_noimageindex":false,"robots_noodp":false,"robots_notranslate":false,"robots_max_snippet":null,"robots_max_videopreview":null,"robots_max_imagepreview":"large","priority":null,"frequency":null,"local_seo":null,"seo_analyzer_scan_date":"2025-11-13 04:14:18","breadcrumb_settings":null,"limit_modified_date":false,"open_ai":null,"ai":null,"created":"2022-12-18 14:13:39","updated":"2025-11-13 04:14:18","focus_keyword":null,"additional_keywords":null,"truseo_locale":null},"aioseo_breadcrumb":"<div class=\"aioseo-breadcrumbs\"><span class=\"aioseo-breadcrumb\">\n\t<a href=\"https:\/\/www.claret.cat\/es\/\" title=\"Home\">Home<\/a>\n<\/span><span class=\"aioseo-breadcrumb-separator\">&raquo;<\/span><span class=\"aioseo-breadcrumb\">\n\t<a href=\"https:\/\/www.claret.cat\/?page_id=16\" title=\"Botiga\">Botiga<\/a>\n<\/span><span class=\"aioseo-breadcrumb-separator\">&raquo;<\/span><span class=\"aioseo-breadcrumb\">\n\t<a href=\"https:\/\/www.claret.cat\/categoria-producto\/cat\/\" title=\"CAT\">CAT<\/a>\n<\/span><span class=\"aioseo-breadcrumb-separator\">&raquo;<\/span><span class=\"aioseo-breadcrumb\">\n\t<a href=\"https:\/\/www.claret.cat\/categoria-producto\/cat\/1_espiritualitat\/\" title=\"Espiritualitat\">Espiritualitat<\/a>\n<\/span><span class=\"aioseo-breadcrumb-separator\">&raquo;<\/span><span class=\"aioseo-breadcrumb\">\n\t<a href=\"https:\/\/www.claret.cat\/categoria-producto\/cat\/1_espiritualitat\/catequesi\/\" title=\"Catequesi\">Catequesi<\/a>\n<\/span><span class=\"aioseo-breadcrumb-separator\">&raquo;<\/span><span class=\"aioseo-breadcrumb\">\n\t<a href=\"https:\/\/www.claret.cat\/categoria-producto\/cat\/1_espiritualitat\/catequesi\/juvenil-catequesi\/\" title=\"Juvenil\">Juvenil<\/a>\n<\/span><span class=\"aioseo-breadcrumb-separator\">&raquo;<\/span><span class=\"aioseo-breadcrumb\">\n\tUN FUTURO PARA LA EDUCACI\u00d3N\n<\/span><\/div>","aioseo_breadcrumb_json":[{"label":"Home","link":"https:\/\/www.claret.cat\/es\/"},{"label":"Botiga","link":"https:\/\/www.claret.cat\/?page_id=16"},{"label":"CAT","link":"https:\/\/www.claret.cat\/categoria-producto\/cat\/"},{"label":"Espiritualitat","link":"https:\/\/www.claret.cat\/categoria-producto\/cat\/1_espiritualitat\/"},{"label":"Catequesi","link":"https:\/\/www.claret.cat\/categoria-producto\/cat\/1_espiritualitat\/catequesi\/"},{"label":"Juvenil","link":"https:\/\/www.claret.cat\/categoria-producto\/cat\/1_espiritualitat\/catequesi\/juvenil-catequesi\/"},{"label":"UN FUTURO PARA LA EDUCACI\u00d3N","link":"https:\/\/www.claret.cat\/es\/libro\/un-futuro-para-la-educacion-9788428838597\/"}],"_links":{"self":[{"href":"https:\/\/www.claret.cat\/es\/wp-json\/wp\/v2\/product\/38375","targetHints":{"allow":["GET"]}}],"collection":[{"href":"https:\/\/www.claret.cat\/es\/wp-json\/wp\/v2\/product"}],"about":[{"href":"https:\/\/www.claret.cat\/es\/wp-json\/wp\/v2\/types\/product"}],"wp:featuredmedia":[{"embeddable":true,"href":"https:\/\/www.claret.cat\/es\/wp-json\/wp\/v2\/media\/453407"}],"wp:attachment":[{"href":"https:\/\/www.claret.cat\/es\/wp-json\/wp\/v2\/media?parent=38375"}],"wp:term":[{"taxonomy":"product_brand","embeddable":true,"href":"https:\/\/www.claret.cat\/es\/wp-json\/wp\/v2\/product_brand?post=38375"},{"taxonomy":"product_cat","embeddable":true,"href":"https:\/\/www.claret.cat\/es\/wp-json\/wp\/v2\/product_cat?post=38375"},{"taxonomy":"product_tag","embeddable":true,"href":"https:\/\/www.claret.cat\/es\/wp-json\/wp\/v2\/product_tag?post=38375"}],"curies":[{"name":"wp","href":"https:\/\/api.w.org\/{rel}","templated":true}]}}