{"id":384664,"date":"2023-02-07T15:04:29","date_gmt":"2023-02-07T14:04:29","guid":{"rendered":"https:\/\/www.claret.cat\/llibre\/nada-me-conmueve-19882020-9788498276190\/"},"modified":"2023-10-06T06:48:58","modified_gmt":"2023-10-06T04:48:58","slug":"nada-me-conmueve-19882020-9788498276190","status":"publish","type":"product","link":"https:\/\/www.claret.cat\/es\/libro\/nada-me-conmueve-19882020-9788498276190\/","title":{"rendered":"NADA ME CONMUEVE (1988-2020)"},"content":{"rendered":"<p>Hay, en la creaci\u00f3n po\u00e9tica de Luis Santana, un arte de la yuxtaposici\u00f3n, en el que el autor intercala e imbrica planos y estratos de muy distintos tipos, para crear territorios nuevos e imprevisibles, generando im\u00e1genes que iluminan el mundo (?La piel del camino \/ enciende su caja de calor, \/ sofocante, \/ y el aire se arrodilla.?).      Parece que la funci\u00f3n del poeta ?y tal efecto sentimos al leer la poes\u00eda de Luis Santana? fuera la de encender e iluminar el mundo que verbaliza, para revelarlo a los lectores.   Es una poes\u00eda siempre leve y hasta desconcertante, ?pues se escapa de los hilos de la l\u00f3gica (que eso ha de hacer la poes\u00eda), para llevarnos a una sorpresa y a una revelaci\u00f3n \u00edntima del ser humano, de la realidad y del mundo?, en la que percibimos asuntos como el tiempo; la atenci\u00f3n; o, tambi\u00e9n, una sutil observaci\u00f3n del mundo, de la realidad, que se yuxtaponen de continuo, para crear atm\u00f3sferas y sugerencias.<\/p>\n","protected":false},"excerpt":{"rendered":"<p>SANTANA, LUIS<\/p>\n","protected":false},"featured_media":384667,"template":"","meta":{"_acf_changed":false,"om_disable_all_campaigns":false,"rs_blank_template":"","rs_page_bg_color":"","slide_template_v7":"","inline_featured_image":false,"_monsterinsights_skip_tracking":false},"product_brand":[],"product_cat":[340,358],"product_tag":[],"class_list":["post-384664","product","type-product","status-publish","has-post-thumbnail","product_cat-poesia-5_otras","product_cat-poesia-contemporanea","first","instock","taxable","shipping-taxable","purchasable","product-type-simple"],"acf":{"editorial":[{"ID":147730,"post_author":"3","post_date":"2022-10-14 11:52:48","post_date_gmt":"2022-10-14 09:52:48","post_content":"","post_title":"DILEMA EDITORIAL","post_excerpt":"","post_status":"publish","comment_status":"closed","ping_status":"closed","post_password":"","post_name":"dilema-editorial","to_ping":"","pinged":"","post_modified":"2022-10-14 11:52:48","post_modified_gmt":"2022-10-14 09:52:48","post_content_filtered":"","post_parent":0,"guid":"http:\/\/dev.claret.cat\/editorial\/dilema-editorial\/","menu_order":0,"post_type":"editorial","post_mime_type":"","comment_count":"0","filter":"raw"}],"autores-libros":[{"ID":384663,"post_author":"3","post_date":"2023-02-07 15:04:18","post_date_gmt":"2023-02-07 14:04:18","post_content":"","post_title":"LUIS SANTANA","post_excerpt":"","post_status":"publish","comment_status":"closed","ping_status":"closed","post_password":"","post_name":"luis-santana-3","to_ping":"","pinged":"","post_modified":"2023-02-07 15:04:18","post_modified_gmt":"2023-02-07 14:04:18","post_content_filtered":"","post_parent":0,"guid":"https:\/\/www.claret.cat\/autor\/luis-santana-3\/","menu_order":0,"post_type":"autor","post_mime_type":"","comment_count":"0","filter":"raw"}],"autor":"SANTANA, LUIS","codart":"849827619","libros-coleccion":"","ediciones":"1","encuadernacion":"R\u00fastica","fecha_de_publicacion":"01\/12\/2022","novedad":"1","paginas":"258","subtitulo":"","orden":"0","portada":"0","idioma":"spa"},"aioseo_notices":[],"aioseo_head":"\n\t\t<!-- All in One SEO Pro 5.0.1.1 - aioseo.com -->\n\t<meta name=\"description\" content=\"NADA ME CONMUEVE (1988-2020) de SANTANA, LUIS disponible a\/en Llibreria Claret.\" \/>\n\t<meta name=\"robots\" content=\"max-image-preview:large\" \/>\n\t<meta name=\"google-site-verification\" content=\"xVtlFxJ-TfkIu-D-lt7XeLobefg5EIQiXTuqcSf8Rf0\" \/>\n\t<link rel=\"canonical\" href=\"https:\/\/www.claret.cat\/es\/libro\/nada-me-conmueve-19882020-9788498276190\/\" \/>\n\t<meta name=\"generator\" content=\"All in One SEO Pro (AIOSEO) 5.0.1.1\" \/>\n\t\t<meta property=\"og:locale\" content=\"es_ES\" \/>\n\t\t<meta property=\"og:site_name\" content=\"Llibreria Claret - Llibreria religiosa a Barcelona\" \/>\n\t\t<meta property=\"og:type\" content=\"article\" \/>\n\t\t<meta property=\"og:title\" content=\"NADA ME CONMUEVE (1988-2020) - SANTANA, LUIS 9788498276190 | Llibreria Claret\" \/>\n\t\t<meta property=\"og:description\" content=\"NADA ME CONMUEVE (1988-2020) de SANTANA, LUIS disponible a\/en Llibreria Claret.\" \/>\n\t\t<meta property=\"og:url\" content=\"https:\/\/www.claret.cat\/es\/libro\/nada-me-conmueve-19882020-9788498276190\/\" \/>\n\t\t<meta property=\"og:image\" content=\"https:\/\/dev.claret.cat\/wp-content\/uploads\/logo-claret.svg\" \/>\n\t\t<meta property=\"og:image:secure_url\" content=\"https:\/\/dev.claret.cat\/wp-content\/uploads\/logo-claret.svg\" \/>\n\t\t<meta property=\"article:published_time\" content=\"2023-02-07T14:04:29+00:00\" \/>\n\t\t<meta property=\"article:modified_time\" content=\"2023-10-06T04:48:58+00:00\" \/>\n\t\t<meta property=\"article:publisher\" content=\"https:\/\/www.facebook.com\/LlibreriaClaret\" \/>\n\t\t<meta name=\"twitter:card\" content=\"summary_large_image\" \/>\n\t\t<meta name=\"twitter:site\" content=\"@LlibreriaClaret\" \/>\n\t\t<meta name=\"twitter:title\" content=\"NADA ME CONMUEVE (1988-2020) - SANTANA, LUIS 9788498276190 | Llibreria Claret\" \/>\n\t\t<meta name=\"twitter:description\" content=\"NADA ME CONMUEVE (1988-2020) de SANTANA, LUIS disponible a\/en Llibreria Claret.\" \/>\n\t\t<meta name=\"twitter:image\" content=\"http:\/\/dev.claret.cat\/wp-content\/uploads\/logo-claret.svg\" \/>\n\t\t<script type=\"application\/ld+json\" class=\"aioseo-schema\">\n\t\t\t{\"@context\":\"https:\\\/\\\/schema.org\",\"@graph\":[{\"@type\":\"BreadcrumbList\",\"@id\":\"https:\\\/\\\/www.claret.cat\\\/es\\\/libro\\\/nada-me-conmueve-19882020-9788498276190\\\/#breadcrumblist\",\"itemListElement\":[{\"@type\":\"ListItem\",\"@id\":\"https:\\\/\\\/www.claret.cat\\\/es\\\/#listItem\",\"position\":1,\"name\":\"Home\",\"item\":\"https:\\\/\\\/www.claret.cat\\\/es\\\/\",\"nextItem\":{\"@type\":\"ListItem\",\"@id\":\"https:\\\/\\\/www.claret.cat\\\/?page_id=16#listItem\",\"name\":\"Botiga\"}},{\"@type\":\"ListItem\",\"@id\":\"https:\\\/\\\/www.claret.cat\\\/?page_id=16#listItem\",\"position\":2,\"name\":\"Botiga\",\"item\":\"https:\\\/\\\/www.claret.cat\\\/?page_id=16\",\"nextItem\":{\"@type\":\"ListItem\",\"@id\":\"https:\\\/\\\/www.claret.cat\\\/categoria-producto\\\/spa\\\/#listItem\",\"name\":\"SPA\"},\"previousItem\":{\"@type\":\"ListItem\",\"@id\":\"https:\\\/\\\/www.claret.cat\\\/es\\\/#listItem\",\"name\":\"Home\"}},{\"@type\":\"ListItem\",\"@id\":\"https:\\\/\\\/www.claret.cat\\\/categoria-producto\\\/spa\\\/#listItem\",\"position\":3,\"name\":\"SPA\",\"item\":\"https:\\\/\\\/www.claret.cat\\\/categoria-producto\\\/spa\\\/\",\"nextItem\":{\"@type\":\"ListItem\",\"@id\":\"https:\\\/\\\/www.claret.cat\\\/es\\\/categoria-producto\\\/spa\\\/2_humanidades\\\/#listItem\",\"name\":\"Humanidades\"},\"previousItem\":{\"@type\":\"ListItem\",\"@id\":\"https:\\\/\\\/www.claret.cat\\\/?page_id=16#listItem\",\"name\":\"Botiga\"}},{\"@type\":\"ListItem\",\"@id\":\"https:\\\/\\\/www.claret.cat\\\/es\\\/categoria-producto\\\/spa\\\/2_humanidades\\\/#listItem\",\"position\":4,\"name\":\"Humanidades\",\"item\":\"https:\\\/\\\/www.claret.cat\\\/es\\\/categoria-producto\\\/spa\\\/2_humanidades\\\/\",\"nextItem\":{\"@type\":\"ListItem\",\"@id\":\"https:\\\/\\\/www.claret.cat\\\/es\\\/categoria-producto\\\/spa\\\/2_humanidades\\\/literatura-2_humanidades\\\/#listItem\",\"name\":\"Literatura\"},\"previousItem\":{\"@type\":\"ListItem\",\"@id\":\"https:\\\/\\\/www.claret.cat\\\/categoria-producto\\\/spa\\\/#listItem\",\"name\":\"SPA\"}},{\"@type\":\"ListItem\",\"@id\":\"https:\\\/\\\/www.claret.cat\\\/es\\\/categoria-producto\\\/spa\\\/2_humanidades\\\/literatura-2_humanidades\\\/#listItem\",\"position\":5,\"name\":\"Literatura\",\"item\":\"https:\\\/\\\/www.claret.cat\\\/es\\\/categoria-producto\\\/spa\\\/2_humanidades\\\/literatura-2_humanidades\\\/\",\"nextItem\":{\"@type\":\"ListItem\",\"@id\":\"https:\\\/\\\/www.claret.cat\\\/es\\\/categoria-producto\\\/spa\\\/2_humanidades\\\/literatura-2_humanidades\\\/poesia-contemporanea\\\/#listItem\",\"name\":\"Poes\\u00eda contempor\\u00e1nea\"},\"previousItem\":{\"@type\":\"ListItem\",\"@id\":\"https:\\\/\\\/www.claret.cat\\\/es\\\/categoria-producto\\\/spa\\\/2_humanidades\\\/#listItem\",\"name\":\"Humanidades\"}},{\"@type\":\"ListItem\",\"@id\":\"https:\\\/\\\/www.claret.cat\\\/es\\\/categoria-producto\\\/spa\\\/2_humanidades\\\/literatura-2_humanidades\\\/poesia-contemporanea\\\/#listItem\",\"position\":6,\"name\":\"Poes\\u00eda contempor\\u00e1nea\",\"item\":\"https:\\\/\\\/www.claret.cat\\\/es\\\/categoria-producto\\\/spa\\\/2_humanidades\\\/literatura-2_humanidades\\\/poesia-contemporanea\\\/\",\"nextItem\":{\"@type\":\"ListItem\",\"@id\":\"https:\\\/\\\/www.claret.cat\\\/es\\\/libro\\\/nada-me-conmueve-19882020-9788498276190\\\/#listItem\",\"name\":\"NADA ME CONMUEVE (1988-2020)\"},\"previousItem\":{\"@type\":\"ListItem\",\"@id\":\"https:\\\/\\\/www.claret.cat\\\/es\\\/categoria-producto\\\/spa\\\/2_humanidades\\\/literatura-2_humanidades\\\/#listItem\",\"name\":\"Literatura\"}},{\"@type\":\"ListItem\",\"@id\":\"https:\\\/\\\/www.claret.cat\\\/es\\\/libro\\\/nada-me-conmueve-19882020-9788498276190\\\/#listItem\",\"position\":7,\"name\":\"NADA ME CONMUEVE (1988-2020)\",\"previousItem\":{\"@type\":\"ListItem\",\"@id\":\"https:\\\/\\\/www.claret.cat\\\/es\\\/categoria-producto\\\/spa\\\/2_humanidades\\\/literatura-2_humanidades\\\/poesia-contemporanea\\\/#listItem\",\"name\":\"Poes\\u00eda contempor\\u00e1nea\"}}]},{\"@type\":\"ItemPage\",\"@id\":\"https:\\\/\\\/www.claret.cat\\\/es\\\/libro\\\/nada-me-conmueve-19882020-9788498276190\\\/#itempage\",\"url\":\"https:\\\/\\\/www.claret.cat\\\/es\\\/libro\\\/nada-me-conmueve-19882020-9788498276190\\\/\",\"name\":\"NADA ME CONMUEVE (1988-2020) - SANTANA, LUIS 9788498276190 | Llibreria Claret\",\"description\":\"NADA ME CONMUEVE (1988-2020) de SANTANA, LUIS disponible a\\\/en Llibreria Claret.\",\"inLanguage\":\"es-ES\",\"isPartOf\":{\"@id\":\"https:\\\/\\\/www.claret.cat\\\/es\\\/#website\"},\"breadcrumb\":{\"@id\":\"https:\\\/\\\/www.claret.cat\\\/es\\\/libro\\\/nada-me-conmueve-19882020-9788498276190\\\/#breadcrumblist\"},\"image\":{\"@type\":\"ImageObject\",\"url\":\"https:\\\/\\\/www.claret.cat\\\/wp-content\\\/uploads\\\/.\\\/9788498276190-1.jpg\",\"@id\":\"https:\\\/\\\/www.claret.cat\\\/es\\\/libro\\\/nada-me-conmueve-19882020-9788498276190\\\/#mainImage\",\"width\":225,\"height\":335,\"caption\":\"9788498276190.jpg\"},\"primaryImageOfPage\":{\"@id\":\"https:\\\/\\\/www.claret.cat\\\/es\\\/libro\\\/nada-me-conmueve-19882020-9788498276190\\\/#mainImage\"},\"datePublished\":\"2023-02-07T15:04:29+01:00\",\"dateModified\":\"2023-10-06T06:48:58+02:00\"},{\"@type\":\"Organization\",\"@id\":\"https:\\\/\\\/www.claret.cat\\\/es\\\/#organization\",\"name\":\"Llibreria Claret\",\"description\":\"Llibreria religiosa a Barcelona\",\"url\":\"https:\\\/\\\/www.claret.cat\\\/es\\\/\",\"email\":\"comunicacio@claret.cat\",\"telephone\":\"+34933010887\",\"logo\":{\"@type\":\"ImageObject\",\"url\":\"https:\\\/\\\/www.claret.cat\\\/wp-content\\\/uploads\\\/.\\\/logo-claret-es.png\",\"@id\":\"https:\\\/\\\/www.claret.cat\\\/es\\\/libro\\\/nada-me-conmueve-19882020-9788498276190\\\/#organizationLogo\",\"width\":195,\"height\":79},\"image\":{\"@id\":\"https:\\\/\\\/www.claret.cat\\\/es\\\/libro\\\/nada-me-conmueve-19882020-9788498276190\\\/#organizationLogo\"},\"sameAs\":[\"https:\\\/\\\/www.facebook.com\\\/LlibreriaClaret\",\"https:\\\/\\\/twitter.com\\\/LlibreriaClaret\",\"https:\\\/\\\/www.instagram.com\\\/llibreriaclaret\\\/\",\"https:\\\/\\\/www.tiktok.com\\\/@llibreriaclaret\",\"https:\\\/\\\/www.youtube.com\\\/@llibreriaclaret\",\"https:\\\/\\\/ca.wikipedia.org\\\/wiki\\\/Editorial_Claret\"]},{\"@type\":\"WebPage\",\"@id\":\"https:\\\/\\\/www.claret.cat\\\/es\\\/libro\\\/nada-me-conmueve-19882020-9788498276190\\\/#webpage\",\"url\":\"https:\\\/\\\/www.claret.cat\\\/es\\\/libro\\\/nada-me-conmueve-19882020-9788498276190\\\/\",\"name\":\"NADA ME CONMUEVE (1988-2020) - SANTANA, LUIS 9788498276190 | Llibreria Claret\",\"description\":\"NADA ME CONMUEVE (1988-2020) de SANTANA, LUIS disponible a\\\/en Llibreria Claret.\",\"inLanguage\":\"es-ES\",\"isPartOf\":{\"@id\":\"https:\\\/\\\/www.claret.cat\\\/es\\\/#website\"},\"breadcrumb\":{\"@id\":\"https:\\\/\\\/www.claret.cat\\\/es\\\/libro\\\/nada-me-conmueve-19882020-9788498276190\\\/#breadcrumblist\"},\"image\":{\"@type\":\"ImageObject\",\"url\":\"https:\\\/\\\/www.claret.cat\\\/wp-content\\\/uploads\\\/.\\\/9788498276190-1.jpg\",\"@id\":\"https:\\\/\\\/www.claret.cat\\\/es\\\/libro\\\/nada-me-conmueve-19882020-9788498276190\\\/#mainImage\",\"width\":225,\"height\":335,\"caption\":\"9788498276190.jpg\"},\"primaryImageOfPage\":{\"@id\":\"https:\\\/\\\/www.claret.cat\\\/es\\\/libro\\\/nada-me-conmueve-19882020-9788498276190\\\/#mainImage\"},\"datePublished\":\"2023-02-07T15:04:29+01:00\",\"dateModified\":\"2023-10-06T06:48:58+02:00\"},{\"@type\":\"WebSite\",\"@id\":\"https:\\\/\\\/www.claret.cat\\\/es\\\/#website\",\"url\":\"https:\\\/\\\/www.claret.cat\\\/es\\\/\",\"name\":\"Llibreria Claret Barcelona\",\"alternateName\":\"Llibreria Claret\",\"description\":\"Llibreria religiosa a Barcelona\",\"inLanguage\":\"es-ES\",\"publisher\":{\"@id\":\"https:\\\/\\\/www.claret.cat\\\/es\\\/#organization\"}}]}\n\t\t<\/script>\n\t\t<!-- All in One SEO Pro -->\r\n\t\t<title>NADA ME CONMUEVE (1988-2020) - SANTANA, LUIS 9788498276190 | Llibreria Claret<\/title>\n\n","aioseo_head_json":{"title":"NADA ME CONMUEVE (1988-2020) - SANTANA, LUIS 9788498276190 | Llibreria Claret","description":"NADA ME CONMUEVE (1988-2020) de SANTANA, LUIS disponible a\/en Llibreria Claret.","canonical_url":"https:\/\/www.claret.cat\/es\/libro\/nada-me-conmueve-19882020-9788498276190\/","robots":"max-image-preview:large","keywords":"","webmasterTools":{"google-site-verification":"xVtlFxJ-TfkIu-D-lt7XeLobefg5EIQiXTuqcSf8Rf0","miscellaneous":""},"schema":{"@context":"https:\/\/schema.org","@graph":[{"@type":"BreadcrumbList","@id":"https:\/\/www.claret.cat\/es\/libro\/nada-me-conmueve-19882020-9788498276190\/#breadcrumblist","itemListElement":[{"@type":"ListItem","@id":"https:\/\/www.claret.cat\/es\/#listItem","position":1,"name":"Home","item":"https:\/\/www.claret.cat\/es\/","nextItem":{"@type":"ListItem","@id":"https:\/\/www.claret.cat\/?page_id=16#listItem","name":"Botiga"}},{"@type":"ListItem","@id":"https:\/\/www.claret.cat\/?page_id=16#listItem","position":2,"name":"Botiga","item":"https:\/\/www.claret.cat\/?page_id=16","nextItem":{"@type":"ListItem","@id":"https:\/\/www.claret.cat\/categoria-producto\/spa\/#listItem","name":"SPA"},"previousItem":{"@type":"ListItem","@id":"https:\/\/www.claret.cat\/es\/#listItem","name":"Home"}},{"@type":"ListItem","@id":"https:\/\/www.claret.cat\/categoria-producto\/spa\/#listItem","position":3,"name":"SPA","item":"https:\/\/www.claret.cat\/categoria-producto\/spa\/","nextItem":{"@type":"ListItem","@id":"https:\/\/www.claret.cat\/es\/categoria-producto\/spa\/2_humanidades\/#listItem","name":"Humanidades"},"previousItem":{"@type":"ListItem","@id":"https:\/\/www.claret.cat\/?page_id=16#listItem","name":"Botiga"}},{"@type":"ListItem","@id":"https:\/\/www.claret.cat\/es\/categoria-producto\/spa\/2_humanidades\/#listItem","position":4,"name":"Humanidades","item":"https:\/\/www.claret.cat\/es\/categoria-producto\/spa\/2_humanidades\/","nextItem":{"@type":"ListItem","@id":"https:\/\/www.claret.cat\/es\/categoria-producto\/spa\/2_humanidades\/literatura-2_humanidades\/#listItem","name":"Literatura"},"previousItem":{"@type":"ListItem","@id":"https:\/\/www.claret.cat\/categoria-producto\/spa\/#listItem","name":"SPA"}},{"@type":"ListItem","@id":"https:\/\/www.claret.cat\/es\/categoria-producto\/spa\/2_humanidades\/literatura-2_humanidades\/#listItem","position":5,"name":"Literatura","item":"https:\/\/www.claret.cat\/es\/categoria-producto\/spa\/2_humanidades\/literatura-2_humanidades\/","nextItem":{"@type":"ListItem","@id":"https:\/\/www.claret.cat\/es\/categoria-producto\/spa\/2_humanidades\/literatura-2_humanidades\/poesia-contemporanea\/#listItem","name":"Poes\u00eda contempor\u00e1nea"},"previousItem":{"@type":"ListItem","@id":"https:\/\/www.claret.cat\/es\/categoria-producto\/spa\/2_humanidades\/#listItem","name":"Humanidades"}},{"@type":"ListItem","@id":"https:\/\/www.claret.cat\/es\/categoria-producto\/spa\/2_humanidades\/literatura-2_humanidades\/poesia-contemporanea\/#listItem","position":6,"name":"Poes\u00eda contempor\u00e1nea","item":"https:\/\/www.claret.cat\/es\/categoria-producto\/spa\/2_humanidades\/literatura-2_humanidades\/poesia-contemporanea\/","nextItem":{"@type":"ListItem","@id":"https:\/\/www.claret.cat\/es\/libro\/nada-me-conmueve-19882020-9788498276190\/#listItem","name":"NADA ME CONMUEVE (1988-2020)"},"previousItem":{"@type":"ListItem","@id":"https:\/\/www.claret.cat\/es\/categoria-producto\/spa\/2_humanidades\/literatura-2_humanidades\/#listItem","name":"Literatura"}},{"@type":"ListItem","@id":"https:\/\/www.claret.cat\/es\/libro\/nada-me-conmueve-19882020-9788498276190\/#listItem","position":7,"name":"NADA ME CONMUEVE (1988-2020)","previousItem":{"@type":"ListItem","@id":"https:\/\/www.claret.cat\/es\/categoria-producto\/spa\/2_humanidades\/literatura-2_humanidades\/poesia-contemporanea\/#listItem","name":"Poes\u00eda contempor\u00e1nea"}}]},{"@type":"ItemPage","@id":"https:\/\/www.claret.cat\/es\/libro\/nada-me-conmueve-19882020-9788498276190\/#itempage","url":"https:\/\/www.claret.cat\/es\/libro\/nada-me-conmueve-19882020-9788498276190\/","name":"NADA ME CONMUEVE (1988-2020) - SANTANA, LUIS 9788498276190 | Llibreria Claret","description":"NADA ME CONMUEVE (1988-2020) de SANTANA, LUIS disponible a\/en Llibreria Claret.","inLanguage":"es-ES","isPartOf":{"@id":"https:\/\/www.claret.cat\/es\/#website"},"breadcrumb":{"@id":"https:\/\/www.claret.cat\/es\/libro\/nada-me-conmueve-19882020-9788498276190\/#breadcrumblist"},"image":{"@type":"ImageObject","url":"https:\/\/www.claret.cat\/wp-content\/uploads\/.\/9788498276190-1.jpg","@id":"https:\/\/www.claret.cat\/es\/libro\/nada-me-conmueve-19882020-9788498276190\/#mainImage","width":225,"height":335,"caption":"9788498276190.jpg"},"primaryImageOfPage":{"@id":"https:\/\/www.claret.cat\/es\/libro\/nada-me-conmueve-19882020-9788498276190\/#mainImage"},"datePublished":"2023-02-07T15:04:29+01:00","dateModified":"2023-10-06T06:48:58+02:00"},{"@type":"Organization","@id":"https:\/\/www.claret.cat\/es\/#organization","name":"Llibreria Claret","description":"Llibreria religiosa a Barcelona","url":"https:\/\/www.claret.cat\/es\/","email":"comunicacio@claret.cat","telephone":"+34933010887","logo":{"@type":"ImageObject","url":"https:\/\/www.claret.cat\/wp-content\/uploads\/.\/logo-claret-es.png","@id":"https:\/\/www.claret.cat\/es\/libro\/nada-me-conmueve-19882020-9788498276190\/#organizationLogo","width":195,"height":79},"image":{"@id":"https:\/\/www.claret.cat\/es\/libro\/nada-me-conmueve-19882020-9788498276190\/#organizationLogo"},"sameAs":["https:\/\/www.facebook.com\/LlibreriaClaret","https:\/\/twitter.com\/LlibreriaClaret","https:\/\/www.instagram.com\/llibreriaclaret\/","https:\/\/www.tiktok.com\/@llibreriaclaret","https:\/\/www.youtube.com\/@llibreriaclaret","https:\/\/ca.wikipedia.org\/wiki\/Editorial_Claret"]},{"@type":"WebPage","@id":"https:\/\/www.claret.cat\/es\/libro\/nada-me-conmueve-19882020-9788498276190\/#webpage","url":"https:\/\/www.claret.cat\/es\/libro\/nada-me-conmueve-19882020-9788498276190\/","name":"NADA ME CONMUEVE (1988-2020) - SANTANA, LUIS 9788498276190 | Llibreria Claret","description":"NADA ME CONMUEVE (1988-2020) de SANTANA, LUIS disponible a\/en Llibreria Claret.","inLanguage":"es-ES","isPartOf":{"@id":"https:\/\/www.claret.cat\/es\/#website"},"breadcrumb":{"@id":"https:\/\/www.claret.cat\/es\/libro\/nada-me-conmueve-19882020-9788498276190\/#breadcrumblist"},"image":{"@type":"ImageObject","url":"https:\/\/www.claret.cat\/wp-content\/uploads\/.\/9788498276190-1.jpg","@id":"https:\/\/www.claret.cat\/es\/libro\/nada-me-conmueve-19882020-9788498276190\/#mainImage","width":225,"height":335,"caption":"9788498276190.jpg"},"primaryImageOfPage":{"@id":"https:\/\/www.claret.cat\/es\/libro\/nada-me-conmueve-19882020-9788498276190\/#mainImage"},"datePublished":"2023-02-07T15:04:29+01:00","dateModified":"2023-10-06T06:48:58+02:00"},{"@type":"WebSite","@id":"https:\/\/www.claret.cat\/es\/#website","url":"https:\/\/www.claret.cat\/es\/","name":"Llibreria Claret Barcelona","alternateName":"Llibreria Claret","description":"Llibreria religiosa a Barcelona","inLanguage":"es-ES","publisher":{"@id":"https:\/\/www.claret.cat\/es\/#organization"}}]},"og:locale":"es_ES","og:site_name":"Llibreria Claret - Llibreria religiosa a Barcelona","og:type":"article","og:title":"NADA ME CONMUEVE (1988-2020) - SANTANA, LUIS 9788498276190 | Llibreria Claret","og:description":"NADA ME CONMUEVE (1988-2020) de SANTANA, LUIS disponible a\/en Llibreria Claret.","og:url":"https:\/\/www.claret.cat\/es\/libro\/nada-me-conmueve-19882020-9788498276190\/","og:image":"https:\/\/dev.claret.cat\/wp-content\/uploads\/logo-claret.svg","og:image:secure_url":"https:\/\/dev.claret.cat\/wp-content\/uploads\/logo-claret.svg","article:published_time":"2023-02-07T14:04:29+00:00","article:modified_time":"2023-10-06T04:48:58+00:00","article:publisher":"https:\/\/www.facebook.com\/LlibreriaClaret","twitter:card":"summary_large_image","twitter:site":"@LlibreriaClaret","twitter:title":"NADA ME CONMUEVE (1988-2020) - SANTANA, LUIS 9788498276190 | Llibreria Claret","twitter:description":"NADA ME CONMUEVE (1988-2020) de SANTANA, LUIS disponible a\/en Llibreria Claret.","twitter:image":"http:\/\/dev.claret.cat\/wp-content\/uploads\/logo-claret.svg"},"aioseo_meta_data":{"post_id":"384664","title":null,"description":null,"keywords":null,"keyphrases":null,"primary_term":null,"canonical_url":null,"og_title":null,"og_description":null,"og_object_type":"default","og_image_type":"default","og_image_url":null,"og_image_width":null,"og_image_height":null,"og_image_custom_url":null,"og_image_custom_fields":null,"og_video":null,"og_custom_url":null,"og_article_section":null,"og_article_tags":null,"twitter_use_og":false,"twitter_card":"default","twitter_image_type":"default","twitter_image_url":null,"twitter_image_custom_url":null,"twitter_image_custom_fields":null,"twitter_title":null,"twitter_description":null,"schema":{"blockGraphs":[],"customGraphs":[],"default":{"data":{"Article":[],"Course":[],"Dataset":[],"FAQPage":[],"Movie":[],"Person":[],"Product":[],"ProductReview":[],"Car":[],"Recipe":[],"Service":[],"SoftwareApplication":[],"WebPage":[]},"graphName":"","isEnabled":true},"graphs":[]},"schema_type":"default","schema_type_options":null,"pillar_content":false,"robots_default":true,"robots_noindex":false,"robots_noarchive":false,"robots_nosnippet":false,"robots_nofollow":false,"robots_noimageindex":false,"robots_noodp":false,"robots_notranslate":false,"robots_max_snippet":null,"robots_max_videopreview":null,"robots_max_imagepreview":"large","priority":null,"frequency":null,"local_seo":null,"seo_analyzer_scan_date":"2025-11-30 22:09:55","breadcrumb_settings":null,"limit_modified_date":false,"open_ai":null,"ai":null,"created":"2023-05-30 20:28:15","updated":"2025-11-30 22:09:55","focus_keyword":null,"additional_keywords":null,"truseo_locale":null},"aioseo_breadcrumb":"<div class=\"aioseo-breadcrumbs\"><span class=\"aioseo-breadcrumb\">\n\t<a href=\"https:\/\/www.claret.cat\/es\/\" title=\"Home\">Home<\/a>\n<\/span><span class=\"aioseo-breadcrumb-separator\">&raquo;<\/span><span class=\"aioseo-breadcrumb\">\n\t<a href=\"https:\/\/www.claret.cat\/?page_id=16\" title=\"Botiga\">Botiga<\/a>\n<\/span><span class=\"aioseo-breadcrumb-separator\">&raquo;<\/span><span class=\"aioseo-breadcrumb\">\n\t<a href=\"https:\/\/www.claret.cat\/categoria-producto\/spa\/\" title=\"SPA\">SPA<\/a>\n<\/span><span class=\"aioseo-breadcrumb-separator\">&raquo;<\/span><span class=\"aioseo-breadcrumb\">\n\t<a href=\"https:\/\/www.claret.cat\/es\/categoria-producto\/spa\/2_humanidades\/\" title=\"Humanidades\">Humanidades<\/a>\n<\/span><span class=\"aioseo-breadcrumb-separator\">&raquo;<\/span><span class=\"aioseo-breadcrumb\">\n\t<a href=\"https:\/\/www.claret.cat\/es\/categoria-producto\/spa\/2_humanidades\/literatura-2_humanidades\/\" title=\"Literatura\">Literatura<\/a>\n<\/span><span class=\"aioseo-breadcrumb-separator\">&raquo;<\/span><span class=\"aioseo-breadcrumb\">\n\t<a href=\"https:\/\/www.claret.cat\/es\/categoria-producto\/spa\/2_humanidades\/literatura-2_humanidades\/poesia-contemporanea\/\" title=\"Poes\u00eda contempor\u00e1nea\">Poes\u00eda contempor\u00e1nea<\/a>\n<\/span><span class=\"aioseo-breadcrumb-separator\">&raquo;<\/span><span class=\"aioseo-breadcrumb\">\n\tNADA ME CONMUEVE (1988-2020)\n<\/span><\/div>","aioseo_breadcrumb_json":[{"label":"Home","link":"https:\/\/www.claret.cat\/es\/"},{"label":"Botiga","link":"https:\/\/www.claret.cat\/?page_id=16"},{"label":"SPA","link":"https:\/\/www.claret.cat\/categoria-producto\/spa\/"},{"label":"Humanidades","link":"https:\/\/www.claret.cat\/es\/categoria-producto\/spa\/2_humanidades\/"},{"label":"Literatura","link":"https:\/\/www.claret.cat\/es\/categoria-producto\/spa\/2_humanidades\/literatura-2_humanidades\/"},{"label":"Poes\u00eda contempor\u00e1nea","link":"https:\/\/www.claret.cat\/es\/categoria-producto\/spa\/2_humanidades\/literatura-2_humanidades\/poesia-contemporanea\/"},{"label":"NADA ME CONMUEVE (1988-2020)","link":"https:\/\/www.claret.cat\/es\/libro\/nada-me-conmueve-19882020-9788498276190\/"}],"_links":{"self":[{"href":"https:\/\/www.claret.cat\/es\/wp-json\/wp\/v2\/product\/384664","targetHints":{"allow":["GET"]}}],"collection":[{"href":"https:\/\/www.claret.cat\/es\/wp-json\/wp\/v2\/product"}],"about":[{"href":"https:\/\/www.claret.cat\/es\/wp-json\/wp\/v2\/types\/product"}],"wp:featuredmedia":[{"embeddable":true,"href":"https:\/\/www.claret.cat\/es\/wp-json\/wp\/v2\/media\/384667"}],"wp:attachment":[{"href":"https:\/\/www.claret.cat\/es\/wp-json\/wp\/v2\/media?parent=384664"}],"wp:term":[{"taxonomy":"product_brand","embeddable":true,"href":"https:\/\/www.claret.cat\/es\/wp-json\/wp\/v2\/product_brand?post=384664"},{"taxonomy":"product_cat","embeddable":true,"href":"https:\/\/www.claret.cat\/es\/wp-json\/wp\/v2\/product_cat?post=384664"},{"taxonomy":"product_tag","embeddable":true,"href":"https:\/\/www.claret.cat\/es\/wp-json\/wp\/v2\/product_tag?post=384664"}],"curies":[{"name":"wp","href":"https:\/\/api.w.org\/{rel}","templated":true}]}}