{"id":38507,"date":"2022-10-02T18:52:39","date_gmt":"2022-10-02T16:52:39","guid":{"rendered":"http:\/\/dev.claret.cat\/producte\/programacion-didactica-en-educacion-primaria\/"},"modified":"2024-05-02T17:22:51","modified_gmt":"2024-05-02T15:22:51","slug":"programacion-didactica-en-educacion-primaria-9788413790664","status":"publish","type":"product","link":"https:\/\/www.claret.cat\/es\/libro\/programacion-didactica-en-educacion-primaria-9788413790664\/","title":{"rendered":"PROGRAMACI\u00d3N DID\u00c1CTICA EN EDUCACI\u00d3N PRIMARIA"},"content":{"rendered":"<p>\u00bfC\u00f3mo elaborar una Programaci\u00f3n Did\u00e1ctica en Educaci\u00f3n Primaria? \u00bfQu\u00e9 elementos debe incluir? \u00bfQu\u00e9 es necesario tener en cuenta para su dise\u00f1o? A todas estas cuestiones se dedica esta obra, ofreciendo pautas para que dicha programaci\u00f3n se impregne de un compromiso pedag\u00f3gico y personal del maestro para con su alumnado en las distintas \u00e1reas que imparte, en coherencia con la l\u00ednea educativa del centro y, todo ello, con un grado de originalidad y creatividad que hace que esta programaci\u00f3n constituya un documento funcional, contextualizado y propio. Asimismo, se incluye legislaci\u00f3n y normativa educativa, necesarias para concretar la programaci\u00f3n en distintas Comunidades y Ciudades Aut\u00f3nomas. El libro se complementa con una tarjeta USB que recoge la ejemplificaci\u00f3n de cuatro Programaciones Did\u00e1cticas para distintos cursos de la Educaci\u00f3n Primaria en las \u00e1reas de Lengua Castellana y Literatura y de Matem\u00e1ticas. Tambi\u00e9n se muestra el desarrollo completo de unidades did\u00e1cticas en cada una de las cuatro programaciones.<\/p>\n","protected":false},"excerpt":{"rendered":"<p>PONCE DE LE\u00d3N, ANA; ALONSO, ROSA ANA (coords.)<\/p>\n","protected":false},"featured_media":329822,"template":"","meta":{"_acf_changed":false,"om_disable_all_campaigns":false,"rs_blank_template":"","rs_page_bg_color":"","slide_template_v7":"","inline_featured_image":false,"_monsterinsights_skip_tracking":false,"_monsterinsights_sitenote_active":false,"_monsterinsights_sitenote_note":"","_monsterinsights_sitenote_category":0},"product_brand":[],"product_cat":[190,382],"product_tag":[],"class_list":{"0":"post-38507","1":"product","2":"type-product","3":"status-publish","4":"has-post-thumbnail","6":"product_cat-orientacio-professional-pedagogia-2_humanitats","7":"product_cat-orientacion-profesional","9":"first","10":"instock","11":"taxable","12":"shipping-taxable","13":"purchasable","14":"product-type-simple"},"acf":{"autor":"PONCE DE LE\u00d3N, ANA; ALONSO, ROSA ANA (coords.)","codart":"841379066","libros-coleccion":"Materiales para educadores","ediciones":"1","encuadernacion":"R\u00fastica","fecha_de_publicacion":"11\/04\/2022","novedad":"1","paginas":"236","subtitulo":"ELABORACI\u00d3N PASO A PASO","orden":"0","portada":"0","idioma":"spa","editorial":[{"ID":6155,"post_author":"3","post_date":"2022-07-28 17:46:04","post_date_gmt":"2022-07-28 15:46:04","post_content":"","post_title":"Central Catequ\u00edstica Salesiana","post_excerpt":"","post_status":"publish","comment_status":"closed","ping_status":"closed","post_password":"","post_name":"central-catequistica-salesiana","to_ping":"","pinged":"","post_modified":"2022-07-28 17:46:04","post_modified_gmt":"2022-07-28 15:46:04","post_content_filtered":"","post_parent":0,"guid":"http:\/\/dev.claret.cat\/editorial\/central-catequistica-salesiana\/","menu_order":0,"post_type":"editorial","post_mime_type":"","comment_count":"0","filter":"raw"}],"autores-libros":[{"ID":5990,"post_author":"3","post_date":"2022-07-28 17:35:49","post_date_gmt":"2022-07-28 15:35:49","post_content":"","post_title":"ROSA ANA (coords.) ALONSO","post_excerpt":"","post_status":"publish","comment_status":"closed","ping_status":"closed","post_password":"","post_name":"rosa-ana-coords-alonso","to_ping":"","pinged":"","post_modified":"2022-07-28 17:35:49","post_modified_gmt":"2022-07-28 15:35:49","post_content_filtered":"","post_parent":0,"guid":"http:\/\/dev.claret.cat\/autor\/rosa-ana-coords-alonso\/","menu_order":0,"post_type":"autor","post_mime_type":"","comment_count":"0","filter":"raw"},{"ID":5234,"post_author":"3","post_date":"2022-07-28 17:19:42","post_date_gmt":"2022-07-28 15:19:42","post_content":"","post_title":"ANA PONCE DE LEON","post_excerpt":"","post_status":"publish","comment_status":"closed","ping_status":"closed","post_password":"","post_name":"ana-ponce-de-leon","to_ping":"","pinged":"","post_modified":"2022-07-28 17:19:42","post_modified_gmt":"2022-07-28 15:19:42","post_content_filtered":"","post_parent":0,"guid":"http:\/\/dev.claret.cat\/autor\/ana-ponce-de-leon\/","menu_order":0,"post_type":"autor","post_mime_type":"","comment_count":"0","filter":"raw"}]},"aioseo_notices":[],"_links":{"self":[{"href":"https:\/\/www.claret.cat\/es\/wp-json\/wp\/v2\/product\/38507","targetHints":{"allow":["GET"]}}],"collection":[{"href":"https:\/\/www.claret.cat\/es\/wp-json\/wp\/v2\/product"}],"about":[{"href":"https:\/\/www.claret.cat\/es\/wp-json\/wp\/v2\/types\/product"}],"wp:featuredmedia":[{"embeddable":true,"href":"https:\/\/www.claret.cat\/es\/wp-json\/wp\/v2\/media\/329822"}],"wp:attachment":[{"href":"https:\/\/www.claret.cat\/es\/wp-json\/wp\/v2\/media?parent=38507"}],"wp:term":[{"taxonomy":"product_brand","embeddable":true,"href":"https:\/\/www.claret.cat\/es\/wp-json\/wp\/v2\/product_brand?post=38507"},{"taxonomy":"product_cat","embeddable":true,"href":"https:\/\/www.claret.cat\/es\/wp-json\/wp\/v2\/product_cat?post=38507"},{"taxonomy":"product_tag","embeddable":true,"href":"https:\/\/www.claret.cat\/es\/wp-json\/wp\/v2\/product_tag?post=38507"}],"curies":[{"name":"wp","href":"https:\/\/api.w.org\/{rel}","templated":true}]}}