{"id":385119,"date":"2023-02-08T13:12:16","date_gmt":"2023-02-08T12:12:16","guid":{"rendered":"https:\/\/www.claret.cat\/llibre\/el-regne-de-les-dones-9788494990656\/"},"modified":"2025-11-10T13:44:59","modified_gmt":"2025-11-10T12:44:59","slug":"el-regne-de-les-dones-9788494990656","status":"publish","type":"product","link":"https:\/\/www.claret.cat\/es\/libro\/el-regne-de-les-dones-9788494990656\/","title":{"rendered":"EL REGNE DE LES DONES"},"content":{"rendered":"<p>Amb nom\u00e9s 26 anys, Anna Ak\u00edmovna ha heretat una gran f\u00e0brica que dona feina a milers de treballadors. Durant el dia de Nadal, mentre puja i baixa les escales de casa seva, reflexiona sobre el futur que l?espera, ara que ja dif\u00edcilment trobar\u00e0 marit, perqu\u00e8 no se sent c\u00f2moda ni amb els del pis de dalt, on rep els membres de l?alta societat, amb qui li toca alternar ara que \u00e9s rica ?per\u00f2 que sap que la menyspreen pel seu origen?, ni amb els del pis de baix, els treballadors i les dones del poble ras, de qui se sent separada per la seva nova condici\u00f3.<\/p>\n","protected":false},"excerpt":{"rendered":"<p>TX\u00c8KHOV, ANTON<\/p>\n","protected":false},"featured_media":385122,"template":"","meta":{"_acf_changed":false,"om_disable_all_campaigns":false,"rs_blank_template":"","rs_page_bg_color":"","slide_template_v7":"","inline_featured_image":false,"_monsterinsights_skip_tracking":false,"_monsterinsights_sitenote_active":false,"_monsterinsights_sitenote_note":"","_monsterinsights_sitenote_category":0},"product_brand":[],"product_cat":[87,353],"product_tag":[],"class_list":{"0":"post-385119","1":"product","2":"type-product","3":"status-publish","4":"has-post-thumbnail","6":"product_cat-literatura","7":"product_cat-literatura-2_humanidades","9":"first","10":"instock","11":"taxable","12":"shipping-taxable","13":"purchasable","14":"product-type-simple"},"acf":{"editorial":[{"ID":6392,"post_author":"3","post_date":"2022-07-28 17:51:10","post_date_gmt":"2022-07-28 15:51:10","post_content":"","post_title":"Viena","post_excerpt":"","post_status":"publish","comment_status":"closed","ping_status":"closed","post_password":"","post_name":"viena","to_ping":"","pinged":"","post_modified":"2022-07-28 17:51:10","post_modified_gmt":"2022-07-28 15:51:10","post_content_filtered":"","post_parent":0,"guid":"http:\/\/dev.claret.cat\/editorial\/viena\/","menu_order":0,"post_type":"editorial","post_mime_type":"","comment_count":"0","filter":"raw"}],"autores-libros":[{"ID":150796,"post_author":"3","post_date":"2022-10-14 14:35:49","post_date_gmt":"2022-10-14 12:35:49","post_content":"","post_title":"ANTON TXEKHOV","post_excerpt":"","post_status":"publish","comment_status":"closed","ping_status":"closed","post_password":"","post_name":"anton-txekhov","to_ping":"","pinged":"","post_modified":"2022-10-14 14:35:49","post_modified_gmt":"2022-10-14 12:35:49","post_content_filtered":"","post_parent":0,"guid":"http:\/\/dev.claret.cat\/autor\/anton-txekhov\/","menu_order":0,"post_type":"autor","post_mime_type":"","comment_count":"0","filter":"raw"}],"autor":"TX\u00c8KHOV, ANTON","codart":"849499065","libros-coleccion":"Petits Plaers","ediciones":"1","encuadernacion":"R\u00fastica","fecha_de_publicacion":"01\/05\/2019","novedad":"1","paginas":"91","subtitulo":"","orden":"0","portada":"0","idioma":"cat","booktrailer":"","resenas":""},"aioseo_notices":[],"_links":{"self":[{"href":"https:\/\/www.claret.cat\/es\/wp-json\/wp\/v2\/product\/385119","targetHints":{"allow":["GET"]}}],"collection":[{"href":"https:\/\/www.claret.cat\/es\/wp-json\/wp\/v2\/product"}],"about":[{"href":"https:\/\/www.claret.cat\/es\/wp-json\/wp\/v2\/types\/product"}],"wp:featuredmedia":[{"embeddable":true,"href":"https:\/\/www.claret.cat\/es\/wp-json\/wp\/v2\/media\/385122"}],"wp:attachment":[{"href":"https:\/\/www.claret.cat\/es\/wp-json\/wp\/v2\/media?parent=385119"}],"wp:term":[{"taxonomy":"product_brand","embeddable":true,"href":"https:\/\/www.claret.cat\/es\/wp-json\/wp\/v2\/product_brand?post=385119"},{"taxonomy":"product_cat","embeddable":true,"href":"https:\/\/www.claret.cat\/es\/wp-json\/wp\/v2\/product_cat?post=385119"},{"taxonomy":"product_tag","embeddable":true,"href":"https:\/\/www.claret.cat\/es\/wp-json\/wp\/v2\/product_tag?post=385119"}],"curies":[{"name":"wp","href":"https:\/\/api.w.org\/{rel}","templated":true}]}}