{"id":38901,"date":"2022-10-02T18:58:41","date_gmt":"2022-10-02T16:58:41","guid":{"rendered":"http:\/\/dev.claret.cat\/producte\/que-bien-comun\/"},"modified":"2023-10-06T10:17:10","modified_gmt":"2023-10-06T08:17:10","slug":"que-bien-comun-9788417185794","status":"publish","type":"product","link":"https:\/\/www.claret.cat\/es\/libro\/que-bien-comun-9788417185794\/","title":{"rendered":"\u00bfQU\u00c9 BIEN COM\u00daN?"},"content":{"rendered":"<p>La pregunta por el bien com\u00fan, presente en el umbral de la vida moral, aparece tambi\u00e9n en el origen del pensamiento filos\u00f3fico y en la historia de las civilizaciones. Grandes gestas y tremendas barbaries se han realizado apelando al \u201cbien com\u00fan\u201d. Hoy, sin embargo, el bien com\u00fan no parece despertar pasiones ni disputas. Si alguien lo menciona, \u00bfhay alguien que se le oponga? Ning\u00fan pol\u00edtico en campa\u00f1a lo rechazar\u00e1 (incluso aunque, de hecho, lo rechace). El discurso sobre el bien com\u00fan ha perdido su aguij\u00f3n, su car\u00e1cter incisivo. Ha sido domesticado y amordazado, reducido a una realidad formal. Parece que ning\u00fan problema pol\u00edtico se resuelve invocando simplemente el bien com\u00fan. Si acaso, se generan males en su nombre. \u00bfQu\u00e9 bien com\u00fan? No basta invocarlo como un or\u00e1culo de Delfos, sino que es preciso reconsiderarlo desde sus ra\u00edces. Lo que ser\u00e1 verdaderamente fecundo ser\u00e1 negar la mayor, empezar de cero, y preguntarse por los fundamentos, evitando formalismos in\u00fatiles. Solo as\u00ed el bien com\u00fan ser\u00e1 algo incisivo, afilado y provocativo. Solo as\u00ed comprenderemos por qu\u00e9 una mente brillante como la de Arist\u00f3teles consideraba prioritario, e incluso \u201cdivino\u201d, el servicio al bien com\u00fan.<\/p>\n","protected":false},"excerpt":{"rendered":"<p>LUIS GRANADOS; IGNACIO DE RIBERA (eds.)<\/p>\n","protected":false},"featured_media":452965,"template":"","meta":{"_acf_changed":false,"om_disable_all_campaigns":false,"rs_blank_template":"","rs_page_bg_color":"","slide_template_v7":"","inline_featured_image":false,"_monsterinsights_skip_tracking":false,"_monsterinsights_sitenote_active":false,"_monsterinsights_sitenote_note":"","_monsterinsights_sitenote_category":0},"product_brand":[],"product_cat":[514,517],"product_tag":[],"class_list":{"0":"post-38901","1":"product","2":"type-product","3":"status-publish","4":"has-post-thumbnail","6":"product_cat-moral-fundamental","7":"product_cat-moral-social-y-politica","9":"first","10":"instock","11":"taxable","12":"shipping-taxable","13":"purchasable","14":"product-type-simple"},"acf":{"autor":"LUIS GRANADOS; IGNACIO DE RIBERA (eds.)","codart":"841718579","libros-coleccion":"Didaskalos","ediciones":"1","encuadernacion":"R\u00fastica","fecha_de_publicacion":"01\/03\/2022","novedad":"1","paginas":"185","subtitulo":"LA COMUNIDAD EN ACCI\u00d3N","orden":"0","portada":"0","idioma":"spa","editorial":[{"ID":6184,"post_author":"3","post_date":"2022-07-28 17:46:42","post_date_gmt":"2022-07-28 15:46:42","post_content":"","post_title":"Didaskalos","post_excerpt":"","post_status":"publish","comment_status":"closed","ping_status":"closed","post_password":"","post_name":"didaskalos","to_ping":"","pinged":"","post_modified":"2022-07-28 17:46:42","post_modified_gmt":"2022-07-28 15:46:42","post_content_filtered":"","post_parent":0,"guid":"http:\/\/dev.claret.cat\/editorial\/didaskalos\/","menu_order":0,"post_type":"editorial","post_mime_type":"","comment_count":"0","filter":"raw"}],"autores-libros":[{"ID":162727,"post_author":"3","post_date":"2022-10-14 17:33:19","post_date_gmt":"2022-10-14 15:33:19","post_content":"","post_title":"LUIS GRANADOS","post_excerpt":"","post_status":"publish","comment_status":"closed","ping_status":"closed","post_password":"","post_name":"luis-granados","to_ping":"","pinged":"","post_modified":"2022-10-14 17:33:19","post_modified_gmt":"2022-10-14 15:33:19","post_content_filtered":"","post_parent":0,"guid":"http:\/\/dev.claret.cat\/autor\/luis-granados\/","menu_order":0,"post_type":"autor","post_mime_type":"","comment_count":"0","filter":"raw"},{"ID":157754,"post_author":"3","post_date":"2022-10-14 15:31:21","post_date_gmt":"2022-10-14 13:31:21","post_content":"","post_title":"IGNACIO DE RIBERA (eds.)","post_excerpt":"","post_status":"publish","comment_status":"closed","ping_status":"closed","post_password":"","post_name":"ignacio-de-ribera-eds","to_ping":"","pinged":"","post_modified":"2022-10-14 15:31:21","post_modified_gmt":"2022-10-14 13:31:21","post_content_filtered":"","post_parent":0,"guid":"http:\/\/dev.claret.cat\/autor\/ignacio-de-ribera-eds\/","menu_order":0,"post_type":"autor","post_mime_type":"","comment_count":"0","filter":"raw"}]},"aioseo_notices":[],"_links":{"self":[{"href":"https:\/\/www.claret.cat\/es\/wp-json\/wp\/v2\/product\/38901","targetHints":{"allow":["GET"]}}],"collection":[{"href":"https:\/\/www.claret.cat\/es\/wp-json\/wp\/v2\/product"}],"about":[{"href":"https:\/\/www.claret.cat\/es\/wp-json\/wp\/v2\/types\/product"}],"wp:featuredmedia":[{"embeddable":true,"href":"https:\/\/www.claret.cat\/es\/wp-json\/wp\/v2\/media\/452965"}],"wp:attachment":[{"href":"https:\/\/www.claret.cat\/es\/wp-json\/wp\/v2\/media?parent=38901"}],"wp:term":[{"taxonomy":"product_brand","embeddable":true,"href":"https:\/\/www.claret.cat\/es\/wp-json\/wp\/v2\/product_brand?post=38901"},{"taxonomy":"product_cat","embeddable":true,"href":"https:\/\/www.claret.cat\/es\/wp-json\/wp\/v2\/product_cat?post=38901"},{"taxonomy":"product_tag","embeddable":true,"href":"https:\/\/www.claret.cat\/es\/wp-json\/wp\/v2\/product_tag?post=38901"}],"curies":[{"name":"wp","href":"https:\/\/api.w.org\/{rel}","templated":true}]}}