{"id":389474,"date":"2023-02-14T18:04:07","date_gmt":"2023-02-14T17:04:07","guid":{"rendered":"https:\/\/www.claret.cat\/llibre\/el-proces-nacional-catala-9788491158622-2\/"},"modified":"2023-02-14T18:04:10","modified_gmt":"2023-02-14T17:04:10","slug":"el-proces-nacional-catala-9788491158622-2","status":"publish","type":"product","link":"https:\/\/www.claret.cat\/es\/libro\/el-proces-nacional-catala-9788491158622-2\/","title":{"rendered":"EL PROC\u00c9S NACIONAL CATAL\u00c0"},"content":{"rendered":"<p>En diverses ocasions Llu\u00eds Busquets Grabulosa i Carles Bastons han investigat a fons les relacions culturals i hist\u00f2riques entre Catalunya i Espanya. A l\u2019obra que ara acaba d\u2019arribar a les llibreries del pa\u00eds, El proc\u00e9s nacional catal\u00e0, l\u2019han precedit altres com Castilla y Catalunya frente a frente o b\u00e9 Castilla en la literatura catalana.<\/p>\n<p>Podem afirmar, doncs, que &#8216;El proc\u00e9s nacional catal\u00e0&#8217;, que porta com a subt\u00edtol \u201cHist\u00f2ria del debat sobre la identitat de Catalunya entre intel\u00b7lectuals castellans i catalans\u201d, \u00e9s l\u2019obra de dos experts que presenten una muni\u00f3 de testimoniatges personals i literaris que, des d\u2019una banda i de l\u2019altra, expliquen el perqu\u00e8 i el com s\u2019han anat desenvolupant les relacions entre representants eximis de dues cultures hisp\u00e0niques, gaireb\u00e9 sempre en tensi\u00f3, en conflicte, durant segles d\u2019hist\u00f2ria. Relacions que han anat revestint les m\u00e9s variades formes: judicis contraposats, esgrimes dial\u00e8ctiques, afalacs mutus, insults a pit descobert o dissimulats, intents de di\u00e0leg, desitjos d\u2019entesa m\u00fatua, petites vict\u00f2ries i estrepitosos fracassos. De tot hi ha hagut en aquestes seculars relacions \u2013des de l\u2019odi fins a l\u2019amor- entre aquestes dues cultures, aquestes dues lleng\u00fces, en definitiva, entre aquestes dues nacions. En conclusi\u00f3, la confrontaci\u00f3 entre Catalunya i Castella (que aqu\u00ed equival a Espanya) \u00e9s una realitat que t\u00e9 arrels tan llunyanes com profundes<\/p>\n","protected":false},"excerpt":{"rendered":"<p>BASTONS I VIVANCO, CARLES \/ BUSQUETS I GRABULOSA, LLU\u00cdS<\/p>\n","protected":false},"featured_media":0,"template":"","meta":{"_acf_changed":false,"om_disable_all_campaigns":false,"rs_blank_template":"","rs_page_bg_color":"","slide_template_v7":"","inline_featured_image":false,"_monsterinsights_skip_tracking":false,"_monsterinsights_sitenote_active":false,"_monsterinsights_sitenote_note":"","_monsterinsights_sitenote_category":0},"product_brand":[],"product_cat":[351,85,84,350],"product_tag":[],"class_list":{"0":"post-389474","1":"product","2":"type-product","3":"status-publish","5":"product_cat-historia-2_humanidades","6":"product_cat-historia","7":"product_cat-sociologia","8":"product_cat-sociologia-2_humanidades","10":"first","11":"instock","12":"taxable","13":"shipping-taxable","14":"purchasable","15":"product-type-simple"},"acf":{"autor":"BASTONS I VIVANCO, CARLES \/ BUSQUETS I GRABULOSA, LLU\u00cdS","codart":"849115862","libros-coleccion":"","ediciones":"1","encuadernacion":"R\u00fastica","fecha_de_publicacion":"15\/02\/2016","novedad":"0","paginas":"213","subtitulo":"HIST\u00d2RIA DEL DEBAT SOBRE LA IDENTITAT DE CATALUNYA ENTRE INTEL\u00b7LECTUALS CASTELLA","orden":"999","portada":"0","idioma":"cat","editorial":[{"ID":262042,"post_author":"3","post_date":"2022-10-24 11:19:10","post_date_gmt":"2022-10-24 09:19:10","post_content":"","post_title":"EDITORIAL CIRCULO ROJO","post_excerpt":"","post_status":"publish","comment_status":"closed","ping_status":"closed","post_password":"","post_name":"editorial-circulo-rojo","to_ping":"","pinged":"","post_modified":"2022-10-24 11:19:10","post_modified_gmt":"2022-10-24 09:19:10","post_content_filtered":"","post_parent":0,"guid":"http:\/\/dev.claret.cat\/editorial\/editorial-circulo-rojo\/","menu_order":0,"post_type":"editorial","post_mime_type":"","comment_count":"0","filter":"raw"}],"autores-libros":[{"ID":306579,"post_author":"3","post_date":"2022-12-16 11:05:41","post_date_gmt":"2022-12-16 10:05:41","post_content":"","post_title":"CARLES BASTONS I VIVANCO","post_excerpt":"","post_status":"publish","comment_status":"closed","ping_status":"closed","post_password":"","post_name":"carles-bastons-i-vivanco","to_ping":"","pinged":"","post_modified":"2022-12-16 11:05:41","post_modified_gmt":"2022-12-16 10:05:41","post_content_filtered":"","post_parent":0,"guid":"https:\/\/www.claret.cat\/autor\/carles-bastons-i-vivanco\/","menu_order":0,"post_type":"autor","post_mime_type":"","comment_count":"0","filter":"raw"},{"ID":162333,"post_author":"3","post_date":"2022-10-14 17:30:11","post_date_gmt":"2022-10-14 15:30:11","post_content":"","post_title":"LLU\u00cdS BUSQUETS I GRABULOSA","post_excerpt":"","post_status":"publish","comment_status":"closed","ping_status":"closed","post_password":"","post_name":"lluis-busquets-i-grabulosa","to_ping":"","pinged":"","post_modified":"2022-10-14 17:30:11","post_modified_gmt":"2022-10-14 15:30:11","post_content_filtered":"","post_parent":0,"guid":"http:\/\/dev.claret.cat\/autor\/lluis-busquets-i-grabulosa\/","menu_order":0,"post_type":"autor","post_mime_type":"","comment_count":"0","filter":"raw"}]},"aioseo_notices":[],"_links":{"self":[{"href":"https:\/\/www.claret.cat\/es\/wp-json\/wp\/v2\/product\/389474","targetHints":{"allow":["GET"]}}],"collection":[{"href":"https:\/\/www.claret.cat\/es\/wp-json\/wp\/v2\/product"}],"about":[{"href":"https:\/\/www.claret.cat\/es\/wp-json\/wp\/v2\/types\/product"}],"wp:attachment":[{"href":"https:\/\/www.claret.cat\/es\/wp-json\/wp\/v2\/media?parent=389474"}],"wp:term":[{"taxonomy":"product_brand","embeddable":true,"href":"https:\/\/www.claret.cat\/es\/wp-json\/wp\/v2\/product_brand?post=389474"},{"taxonomy":"product_cat","embeddable":true,"href":"https:\/\/www.claret.cat\/es\/wp-json\/wp\/v2\/product_cat?post=389474"},{"taxonomy":"product_tag","embeddable":true,"href":"https:\/\/www.claret.cat\/es\/wp-json\/wp\/v2\/product_tag?post=389474"}],"curies":[{"name":"wp","href":"https:\/\/api.w.org\/{rel}","templated":true}]}}