{"id":39195,"date":"2022-10-02T19:03:37","date_gmt":"2022-10-02T17:03:37","guid":{"rendered":"http:\/\/dev.claret.cat\/producte\/trilogia-la-casa-de-los-espiritus-estuche-con-la-casa-de-los-espiritus-hija\/"},"modified":"2023-10-06T09:51:06","modified_gmt":"2023-10-06T07:51:06","slug":"trilogia-la-casa-de-los-espiritus-estuche-con-la-casa-de-los-espiritus-hija-9788466362139","status":"publish","type":"product","link":"https:\/\/www.claret.cat\/es\/libro\/trilogia-la-casa-de-los-espiritus-estuche-con-la-casa-de-los-espiritus-hija-9788466362139\/","title":{"rendered":"TRILOG\u00cdA LA CASA DE LOS ESP\u00cdRITUS (ESTUCHE CON: LA CASA DE LOS ESP\u00cdRITUS | HIJA"},"content":{"rendered":"<p>Una trilog\u00eda con tres de las novelas m\u00e1s ic\u00f3nicas de Isabel Allende  que conforman una saga familiar de m\u00e1s de un siglo. Presentamos por primera vez en la colecci\u00f3n Bestseller de Debolsillo una edici\u00f3n en un estuche especial de la trilog\u00eda conformada por La casa de los esp\u00edritus (1982), Hija de la fortuna  (1999) y Retrato en Sepia (2000). Isabel Allende siempre ha defendido la unidad tem\u00e1tica y dram\u00e1tica en  estas tres novelas, que caracteriza en su conjunto como \u00abuna saga  familiar que cubre casi ciento treinta a\u00f1os\u00bb. En este estuche, disfrutaremos de una historia que retrata el destino de una familia a trav\u00e9s de los vidas de tres mujeres fuertes y \u00fanicas. Eliza  Sommers, su nieta Aurora del Valle y su descendiente Clara del Valle  vivir\u00e1n aventuras, reveses y romances trepidantes, mientras se convierten en testigos y art\u00edfices de los grandes cambios de sus  tiempos.<\/p>\n","protected":false},"excerpt":{"rendered":"<p>ALLENDE, ISABEL<\/p>\n","protected":false},"featured_media":56023,"template":"","meta":{"_acf_changed":false,"om_disable_all_campaigns":false,"rs_blank_template":"","rs_page_bg_color":"","slide_template_v7":"","inline_featured_image":false,"_monsterinsights_skip_tracking":false},"product_brand":[],"product_cat":[357],"product_tag":[],"class_list":["post-39195","product","type-product","status-publish","has-post-thumbnail","product_cat-novela-contemporanea","first","instock","taxable","shipping-taxable","purchasable","product-type-simple"],"acf":{"autor":"ALLENDE, ISABEL","codart":"846636213","libros-coleccion":"BEST SELLER","ediciones":"1","encuadernacion":"R\u00fastica","fecha_de_publicacion":"01\/04\/2022","novedad":"1","paginas":"0","subtitulo":"","orden":"0","portada":"0","idioma":"spa","editorial":[{"ID":6178,"post_author":"3","post_date":"2022-07-28 17:46:34","post_date_gmt":"2022-07-28 15:46:34","post_content":"","post_title":"DEBOLSILLO","post_excerpt":"","post_status":"publish","comment_status":"closed","ping_status":"closed","post_password":"","post_name":"debolsillo","to_ping":"","pinged":"","post_modified":"2022-07-28 17:46:34","post_modified_gmt":"2022-07-28 15:46:34","post_content_filtered":"","post_parent":0,"guid":"http:\/\/dev.claret.cat\/editorial\/debolsillo\/","menu_order":0,"post_type":"editorial","post_mime_type":"","comment_count":"0","filter":"raw"}],"autores-libros":[{"ID":158046,"post_author":"3","post_date":"2022-10-14 15:33:43","post_date_gmt":"2022-10-14 13:33:43","post_content":"","post_title":"ISABEL ALLENDE","post_excerpt":"","post_status":"publish","comment_status":"closed","ping_status":"closed","post_password":"","post_name":"isabel-allende","to_ping":"","pinged":"","post_modified":"2022-10-14 15:33:43","post_modified_gmt":"2022-10-14 13:33:43","post_content_filtered":"","post_parent":0,"guid":"http:\/\/dev.claret.cat\/autor\/isabel-allende\/","menu_order":0,"post_type":"autor","post_mime_type":"","comment_count":"0","filter":"raw"}]},"aioseo_notices":[],"aioseo_head":"\n\t\t<!-- All in One SEO Pro 5.0.1.1 - aioseo.com -->\n\t<meta name=\"description\" content=\"TRILOG\u00cdA LA CASA DE LOS ESP\u00cdRITUS (ESTUCHE CON: LA CASA DE LOS ESP\u00cdRITUS | HIJA de ALLENDE, ISABEL disponible a\/en Llibreria Claret.\" \/>\n\t<meta name=\"robots\" content=\"max-image-preview:large\" \/>\n\t<meta name=\"google-site-verification\" content=\"xVtlFxJ-TfkIu-D-lt7XeLobefg5EIQiXTuqcSf8Rf0\" \/>\n\t<link rel=\"canonical\" href=\"https:\/\/www.claret.cat\/es\/libro\/trilogia-la-casa-de-los-espiritus-estuche-con-la-casa-de-los-espiritus-hija-9788466362139\/\" \/>\n\t<meta name=\"generator\" content=\"All in One SEO Pro (AIOSEO) 5.0.1.1\" \/>\n\t\t<meta property=\"og:locale\" content=\"es_ES\" \/>\n\t\t<meta property=\"og:site_name\" content=\"Llibreria Claret - Llibreria religiosa a Barcelona\" \/>\n\t\t<meta property=\"og:type\" content=\"article\" \/>\n\t\t<meta property=\"og:title\" content=\"TRILOG\u00cdA LA CASA DE LOS ESP\u00cdRITUS (ESTUCHE CON: LA CASA DE LOS ESP\u00cdRITUS | HIJA - ALLENDE, ISABEL 9788466362139 | Llibreria Claret\" \/>\n\t\t<meta property=\"og:description\" content=\"TRILOG\u00cdA LA CASA DE LOS ESP\u00cdRITUS (ESTUCHE CON: LA CASA DE LOS ESP\u00cdRITUS | HIJA de ALLENDE, ISABEL disponible a\/en Llibreria Claret.\" \/>\n\t\t<meta property=\"og:url\" content=\"https:\/\/www.claret.cat\/es\/libro\/trilogia-la-casa-de-los-espiritus-estuche-con-la-casa-de-los-espiritus-hija-9788466362139\/\" \/>\n\t\t<meta property=\"og:image\" content=\"https:\/\/dev.claret.cat\/wp-content\/uploads\/logo-claret.svg\" \/>\n\t\t<meta property=\"og:image:secure_url\" content=\"https:\/\/dev.claret.cat\/wp-content\/uploads\/logo-claret.svg\" \/>\n\t\t<meta property=\"article:published_time\" content=\"2022-10-02T17:03:37+00:00\" \/>\n\t\t<meta property=\"article:modified_time\" content=\"2023-10-06T07:51:06+00:00\" \/>\n\t\t<meta property=\"article:publisher\" content=\"https:\/\/www.facebook.com\/LlibreriaClaret\" \/>\n\t\t<meta name=\"twitter:card\" content=\"summary_large_image\" \/>\n\t\t<meta name=\"twitter:site\" content=\"@LlibreriaClaret\" \/>\n\t\t<meta name=\"twitter:title\" content=\"TRILOG\u00cdA LA CASA DE LOS ESP\u00cdRITUS (ESTUCHE CON: LA CASA DE LOS ESP\u00cdRITUS | HIJA - ALLENDE, ISABEL 9788466362139 | Llibreria Claret\" \/>\n\t\t<meta name=\"twitter:description\" content=\"TRILOG\u00cdA LA CASA DE LOS ESP\u00cdRITUS (ESTUCHE CON: LA CASA DE LOS ESP\u00cdRITUS | HIJA de ALLENDE, ISABEL disponible a\/en Llibreria Claret.\" \/>\n\t\t<meta name=\"twitter:image\" content=\"http:\/\/dev.claret.cat\/wp-content\/uploads\/logo-claret.svg\" \/>\n\t\t<script type=\"application\/ld+json\" class=\"aioseo-schema\">\n\t\t\t{\"@context\":\"https:\\\/\\\/schema.org\",\"@graph\":[{\"@type\":\"BreadcrumbList\",\"@id\":\"https:\\\/\\\/www.claret.cat\\\/es\\\/libro\\\/trilogia-la-casa-de-los-espiritus-estuche-con-la-casa-de-los-espiritus-hija-9788466362139\\\/#breadcrumblist\",\"itemListElement\":[{\"@type\":\"ListItem\",\"@id\":\"https:\\\/\\\/www.claret.cat\\\/es\\\/#listItem\",\"position\":1,\"name\":\"Home\",\"item\":\"https:\\\/\\\/www.claret.cat\\\/es\\\/\",\"nextItem\":{\"@type\":\"ListItem\",\"@id\":\"https:\\\/\\\/www.claret.cat\\\/?page_id=16#listItem\",\"name\":\"Botiga\"}},{\"@type\":\"ListItem\",\"@id\":\"https:\\\/\\\/www.claret.cat\\\/?page_id=16#listItem\",\"position\":2,\"name\":\"Botiga\",\"item\":\"https:\\\/\\\/www.claret.cat\\\/?page_id=16\",\"nextItem\":{\"@type\":\"ListItem\",\"@id\":\"https:\\\/\\\/www.claret.cat\\\/categoria-producto\\\/spa\\\/#listItem\",\"name\":\"SPA\"},\"previousItem\":{\"@type\":\"ListItem\",\"@id\":\"https:\\\/\\\/www.claret.cat\\\/es\\\/#listItem\",\"name\":\"Home\"}},{\"@type\":\"ListItem\",\"@id\":\"https:\\\/\\\/www.claret.cat\\\/categoria-producto\\\/spa\\\/#listItem\",\"position\":3,\"name\":\"SPA\",\"item\":\"https:\\\/\\\/www.claret.cat\\\/categoria-producto\\\/spa\\\/\",\"nextItem\":{\"@type\":\"ListItem\",\"@id\":\"https:\\\/\\\/www.claret.cat\\\/es\\\/categoria-producto\\\/spa\\\/2_humanidades\\\/#listItem\",\"name\":\"Humanidades\"},\"previousItem\":{\"@type\":\"ListItem\",\"@id\":\"https:\\\/\\\/www.claret.cat\\\/?page_id=16#listItem\",\"name\":\"Botiga\"}},{\"@type\":\"ListItem\",\"@id\":\"https:\\\/\\\/www.claret.cat\\\/es\\\/categoria-producto\\\/spa\\\/2_humanidades\\\/#listItem\",\"position\":4,\"name\":\"Humanidades\",\"item\":\"https:\\\/\\\/www.claret.cat\\\/es\\\/categoria-producto\\\/spa\\\/2_humanidades\\\/\",\"nextItem\":{\"@type\":\"ListItem\",\"@id\":\"https:\\\/\\\/www.claret.cat\\\/es\\\/categoria-producto\\\/spa\\\/2_humanidades\\\/literatura-2_humanidades\\\/#listItem\",\"name\":\"Literatura\"},\"previousItem\":{\"@type\":\"ListItem\",\"@id\":\"https:\\\/\\\/www.claret.cat\\\/categoria-producto\\\/spa\\\/#listItem\",\"name\":\"SPA\"}},{\"@type\":\"ListItem\",\"@id\":\"https:\\\/\\\/www.claret.cat\\\/es\\\/categoria-producto\\\/spa\\\/2_humanidades\\\/literatura-2_humanidades\\\/#listItem\",\"position\":5,\"name\":\"Literatura\",\"item\":\"https:\\\/\\\/www.claret.cat\\\/es\\\/categoria-producto\\\/spa\\\/2_humanidades\\\/literatura-2_humanidades\\\/\",\"nextItem\":{\"@type\":\"ListItem\",\"@id\":\"https:\\\/\\\/www.claret.cat\\\/es\\\/categoria-producto\\\/spa\\\/2_humanidades\\\/literatura-2_humanidades\\\/novela-contemporanea\\\/#listItem\",\"name\":\"Novela contempor\\u00e1nea\"},\"previousItem\":{\"@type\":\"ListItem\",\"@id\":\"https:\\\/\\\/www.claret.cat\\\/es\\\/categoria-producto\\\/spa\\\/2_humanidades\\\/#listItem\",\"name\":\"Humanidades\"}},{\"@type\":\"ListItem\",\"@id\":\"https:\\\/\\\/www.claret.cat\\\/es\\\/categoria-producto\\\/spa\\\/2_humanidades\\\/literatura-2_humanidades\\\/novela-contemporanea\\\/#listItem\",\"position\":6,\"name\":\"Novela contempor\\u00e1nea\",\"item\":\"https:\\\/\\\/www.claret.cat\\\/es\\\/categoria-producto\\\/spa\\\/2_humanidades\\\/literatura-2_humanidades\\\/novela-contemporanea\\\/\",\"nextItem\":{\"@type\":\"ListItem\",\"@id\":\"https:\\\/\\\/www.claret.cat\\\/es\\\/libro\\\/trilogia-la-casa-de-los-espiritus-estuche-con-la-casa-de-los-espiritus-hija-9788466362139\\\/#listItem\",\"name\":\"TRILOG\\u00cdA LA CASA DE LOS ESP\\u00cdRITUS (ESTUCHE CON: LA CASA DE LOS ESP\\u00cdRITUS | HIJA\"},\"previousItem\":{\"@type\":\"ListItem\",\"@id\":\"https:\\\/\\\/www.claret.cat\\\/es\\\/categoria-producto\\\/spa\\\/2_humanidades\\\/literatura-2_humanidades\\\/#listItem\",\"name\":\"Literatura\"}},{\"@type\":\"ListItem\",\"@id\":\"https:\\\/\\\/www.claret.cat\\\/es\\\/libro\\\/trilogia-la-casa-de-los-espiritus-estuche-con-la-casa-de-los-espiritus-hija-9788466362139\\\/#listItem\",\"position\":7,\"name\":\"TRILOG\\u00cdA LA CASA DE LOS ESP\\u00cdRITUS (ESTUCHE CON: LA CASA DE LOS ESP\\u00cdRITUS | HIJA\",\"previousItem\":{\"@type\":\"ListItem\",\"@id\":\"https:\\\/\\\/www.claret.cat\\\/es\\\/categoria-producto\\\/spa\\\/2_humanidades\\\/literatura-2_humanidades\\\/novela-contemporanea\\\/#listItem\",\"name\":\"Novela contempor\\u00e1nea\"}}]},{\"@type\":\"ItemPage\",\"@id\":\"https:\\\/\\\/www.claret.cat\\\/es\\\/libro\\\/trilogia-la-casa-de-los-espiritus-estuche-con-la-casa-de-los-espiritus-hija-9788466362139\\\/#itempage\",\"url\":\"https:\\\/\\\/www.claret.cat\\\/es\\\/libro\\\/trilogia-la-casa-de-los-espiritus-estuche-con-la-casa-de-los-espiritus-hija-9788466362139\\\/\",\"name\":\"TRILOG\\u00cdA LA CASA DE LOS ESP\\u00cdRITUS (ESTUCHE CON: LA CASA DE LOS ESP\\u00cdRITUS | HIJA - ALLENDE, ISABEL 9788466362139 | Llibreria Claret\",\"description\":\"TRILOG\\u00cdA LA CASA DE LOS ESP\\u00cdRITUS (ESTUCHE CON: LA CASA DE LOS ESP\\u00cdRITUS | HIJA de ALLENDE, ISABEL disponible a\\\/en Llibreria Claret.\",\"inLanguage\":\"es-ES\",\"isPartOf\":{\"@id\":\"https:\\\/\\\/www.claret.cat\\\/es\\\/#website\"},\"breadcrumb\":{\"@id\":\"https:\\\/\\\/www.claret.cat\\\/es\\\/libro\\\/trilogia-la-casa-de-los-espiritus-estuche-con-la-casa-de-los-espiritus-hija-9788466362139\\\/#breadcrumblist\"},\"image\":{\"@type\":\"ImageObject\",\"url\":\"https:\\\/\\\/www.claret.cat\\\/wp-content\\\/uploads\\\/.\\\/9788466362139.jpg\",\"@id\":\"https:\\\/\\\/www.claret.cat\\\/es\\\/libro\\\/trilogia-la-casa-de-los-espiritus-estuche-con-la-casa-de-los-espiritus-hija-9788466362139\\\/#mainImage\",\"width\":225,\"height\":295,\"caption\":\"9788466362139.jpg\"},\"primaryImageOfPage\":{\"@id\":\"https:\\\/\\\/www.claret.cat\\\/es\\\/libro\\\/trilogia-la-casa-de-los-espiritus-estuche-con-la-casa-de-los-espiritus-hija-9788466362139\\\/#mainImage\"},\"datePublished\":\"2022-10-02T19:03:37+02:00\",\"dateModified\":\"2023-10-06T09:51:06+02:00\"},{\"@type\":\"Organization\",\"@id\":\"https:\\\/\\\/www.claret.cat\\\/es\\\/#organization\",\"name\":\"Llibreria Claret\",\"description\":\"Llibreria religiosa a Barcelona\",\"url\":\"https:\\\/\\\/www.claret.cat\\\/es\\\/\",\"email\":\"comunicacio@claret.cat\",\"telephone\":\"+34933010887\",\"logo\":{\"@type\":\"ImageObject\",\"url\":\"https:\\\/\\\/www.claret.cat\\\/wp-content\\\/uploads\\\/.\\\/logo-claret-es.png\",\"@id\":\"https:\\\/\\\/www.claret.cat\\\/es\\\/libro\\\/trilogia-la-casa-de-los-espiritus-estuche-con-la-casa-de-los-espiritus-hija-9788466362139\\\/#organizationLogo\",\"width\":195,\"height\":79},\"image\":{\"@id\":\"https:\\\/\\\/www.claret.cat\\\/es\\\/libro\\\/trilogia-la-casa-de-los-espiritus-estuche-con-la-casa-de-los-espiritus-hija-9788466362139\\\/#organizationLogo\"},\"sameAs\":[\"https:\\\/\\\/www.facebook.com\\\/LlibreriaClaret\",\"https:\\\/\\\/twitter.com\\\/LlibreriaClaret\",\"https:\\\/\\\/www.instagram.com\\\/llibreriaclaret\\\/\",\"https:\\\/\\\/www.tiktok.com\\\/@llibreriaclaret\",\"https:\\\/\\\/www.youtube.com\\\/@llibreriaclaret\",\"https:\\\/\\\/ca.wikipedia.org\\\/wiki\\\/Editorial_Claret\"]},{\"@type\":\"WebPage\",\"@id\":\"https:\\\/\\\/www.claret.cat\\\/es\\\/libro\\\/trilogia-la-casa-de-los-espiritus-estuche-con-la-casa-de-los-espiritus-hija-9788466362139\\\/#webpage\",\"url\":\"https:\\\/\\\/www.claret.cat\\\/es\\\/libro\\\/trilogia-la-casa-de-los-espiritus-estuche-con-la-casa-de-los-espiritus-hija-9788466362139\\\/\",\"name\":\"TRILOG\\u00cdA LA CASA DE LOS ESP\\u00cdRITUS (ESTUCHE CON: LA CASA DE LOS ESP\\u00cdRITUS | HIJA - ALLENDE, ISABEL 9788466362139 | Llibreria Claret\",\"description\":\"TRILOG\\u00cdA LA CASA DE LOS ESP\\u00cdRITUS (ESTUCHE CON: LA CASA DE LOS ESP\\u00cdRITUS | HIJA de ALLENDE, ISABEL disponible a\\\/en Llibreria Claret.\",\"inLanguage\":\"es-ES\",\"isPartOf\":{\"@id\":\"https:\\\/\\\/www.claret.cat\\\/es\\\/#website\"},\"breadcrumb\":{\"@id\":\"https:\\\/\\\/www.claret.cat\\\/es\\\/libro\\\/trilogia-la-casa-de-los-espiritus-estuche-con-la-casa-de-los-espiritus-hija-9788466362139\\\/#breadcrumblist\"},\"image\":{\"@type\":\"ImageObject\",\"url\":\"https:\\\/\\\/www.claret.cat\\\/wp-content\\\/uploads\\\/.\\\/9788466362139.jpg\",\"@id\":\"https:\\\/\\\/www.claret.cat\\\/es\\\/libro\\\/trilogia-la-casa-de-los-espiritus-estuche-con-la-casa-de-los-espiritus-hija-9788466362139\\\/#mainImage\",\"width\":225,\"height\":295,\"caption\":\"9788466362139.jpg\"},\"primaryImageOfPage\":{\"@id\":\"https:\\\/\\\/www.claret.cat\\\/es\\\/libro\\\/trilogia-la-casa-de-los-espiritus-estuche-con-la-casa-de-los-espiritus-hija-9788466362139\\\/#mainImage\"},\"datePublished\":\"2022-10-02T19:03:37+02:00\",\"dateModified\":\"2023-10-06T09:51:06+02:00\"},{\"@type\":\"WebSite\",\"@id\":\"https:\\\/\\\/www.claret.cat\\\/es\\\/#website\",\"url\":\"https:\\\/\\\/www.claret.cat\\\/es\\\/\",\"name\":\"Llibreria Claret Barcelona\",\"alternateName\":\"Llibreria Claret\",\"description\":\"Llibreria religiosa a Barcelona\",\"inLanguage\":\"es-ES\",\"publisher\":{\"@id\":\"https:\\\/\\\/www.claret.cat\\\/es\\\/#organization\"}}]}\n\t\t<\/script>\n\t\t<!-- All in One SEO Pro -->\r\n\t\t<title>TRILOG\u00cdA LA CASA DE LOS ESP\u00cdRITUS (ESTUCHE CON: LA CASA DE LOS ESP\u00cdRITUS | HIJA - ALLENDE, ISABEL 9788466362139 | Llibreria Claret<\/title>\n\n","aioseo_head_json":{"title":"TRILOG\u00cdA LA CASA DE LOS ESP\u00cdRITUS (ESTUCHE CON: LA CASA DE LOS ESP\u00cdRITUS | HIJA - ALLENDE, ISABEL 9788466362139 | Llibreria Claret","description":"TRILOG\u00cdA LA CASA DE LOS ESP\u00cdRITUS (ESTUCHE CON: LA CASA DE LOS ESP\u00cdRITUS | HIJA de ALLENDE, ISABEL disponible a\/en Llibreria Claret.","canonical_url":"https:\/\/www.claret.cat\/es\/libro\/trilogia-la-casa-de-los-espiritus-estuche-con-la-casa-de-los-espiritus-hija-9788466362139\/","robots":"max-image-preview:large","keywords":"","webmasterTools":{"google-site-verification":"xVtlFxJ-TfkIu-D-lt7XeLobefg5EIQiXTuqcSf8Rf0","miscellaneous":""},"schema":{"@context":"https:\/\/schema.org","@graph":[{"@type":"BreadcrumbList","@id":"https:\/\/www.claret.cat\/es\/libro\/trilogia-la-casa-de-los-espiritus-estuche-con-la-casa-de-los-espiritus-hija-9788466362139\/#breadcrumblist","itemListElement":[{"@type":"ListItem","@id":"https:\/\/www.claret.cat\/es\/#listItem","position":1,"name":"Home","item":"https:\/\/www.claret.cat\/es\/","nextItem":{"@type":"ListItem","@id":"https:\/\/www.claret.cat\/?page_id=16#listItem","name":"Botiga"}},{"@type":"ListItem","@id":"https:\/\/www.claret.cat\/?page_id=16#listItem","position":2,"name":"Botiga","item":"https:\/\/www.claret.cat\/?page_id=16","nextItem":{"@type":"ListItem","@id":"https:\/\/www.claret.cat\/categoria-producto\/spa\/#listItem","name":"SPA"},"previousItem":{"@type":"ListItem","@id":"https:\/\/www.claret.cat\/es\/#listItem","name":"Home"}},{"@type":"ListItem","@id":"https:\/\/www.claret.cat\/categoria-producto\/spa\/#listItem","position":3,"name":"SPA","item":"https:\/\/www.claret.cat\/categoria-producto\/spa\/","nextItem":{"@type":"ListItem","@id":"https:\/\/www.claret.cat\/es\/categoria-producto\/spa\/2_humanidades\/#listItem","name":"Humanidades"},"previousItem":{"@type":"ListItem","@id":"https:\/\/www.claret.cat\/?page_id=16#listItem","name":"Botiga"}},{"@type":"ListItem","@id":"https:\/\/www.claret.cat\/es\/categoria-producto\/spa\/2_humanidades\/#listItem","position":4,"name":"Humanidades","item":"https:\/\/www.claret.cat\/es\/categoria-producto\/spa\/2_humanidades\/","nextItem":{"@type":"ListItem","@id":"https:\/\/www.claret.cat\/es\/categoria-producto\/spa\/2_humanidades\/literatura-2_humanidades\/#listItem","name":"Literatura"},"previousItem":{"@type":"ListItem","@id":"https:\/\/www.claret.cat\/categoria-producto\/spa\/#listItem","name":"SPA"}},{"@type":"ListItem","@id":"https:\/\/www.claret.cat\/es\/categoria-producto\/spa\/2_humanidades\/literatura-2_humanidades\/#listItem","position":5,"name":"Literatura","item":"https:\/\/www.claret.cat\/es\/categoria-producto\/spa\/2_humanidades\/literatura-2_humanidades\/","nextItem":{"@type":"ListItem","@id":"https:\/\/www.claret.cat\/es\/categoria-producto\/spa\/2_humanidades\/literatura-2_humanidades\/novela-contemporanea\/#listItem","name":"Novela contempor\u00e1nea"},"previousItem":{"@type":"ListItem","@id":"https:\/\/www.claret.cat\/es\/categoria-producto\/spa\/2_humanidades\/#listItem","name":"Humanidades"}},{"@type":"ListItem","@id":"https:\/\/www.claret.cat\/es\/categoria-producto\/spa\/2_humanidades\/literatura-2_humanidades\/novela-contemporanea\/#listItem","position":6,"name":"Novela contempor\u00e1nea","item":"https:\/\/www.claret.cat\/es\/categoria-producto\/spa\/2_humanidades\/literatura-2_humanidades\/novela-contemporanea\/","nextItem":{"@type":"ListItem","@id":"https:\/\/www.claret.cat\/es\/libro\/trilogia-la-casa-de-los-espiritus-estuche-con-la-casa-de-los-espiritus-hija-9788466362139\/#listItem","name":"TRILOG\u00cdA LA CASA DE LOS ESP\u00cdRITUS (ESTUCHE CON: LA CASA DE LOS ESP\u00cdRITUS | HIJA"},"previousItem":{"@type":"ListItem","@id":"https:\/\/www.claret.cat\/es\/categoria-producto\/spa\/2_humanidades\/literatura-2_humanidades\/#listItem","name":"Literatura"}},{"@type":"ListItem","@id":"https:\/\/www.claret.cat\/es\/libro\/trilogia-la-casa-de-los-espiritus-estuche-con-la-casa-de-los-espiritus-hija-9788466362139\/#listItem","position":7,"name":"TRILOG\u00cdA LA CASA DE LOS ESP\u00cdRITUS (ESTUCHE CON: LA CASA DE LOS ESP\u00cdRITUS | HIJA","previousItem":{"@type":"ListItem","@id":"https:\/\/www.claret.cat\/es\/categoria-producto\/spa\/2_humanidades\/literatura-2_humanidades\/novela-contemporanea\/#listItem","name":"Novela contempor\u00e1nea"}}]},{"@type":"ItemPage","@id":"https:\/\/www.claret.cat\/es\/libro\/trilogia-la-casa-de-los-espiritus-estuche-con-la-casa-de-los-espiritus-hija-9788466362139\/#itempage","url":"https:\/\/www.claret.cat\/es\/libro\/trilogia-la-casa-de-los-espiritus-estuche-con-la-casa-de-los-espiritus-hija-9788466362139\/","name":"TRILOG\u00cdA LA CASA DE LOS ESP\u00cdRITUS (ESTUCHE CON: LA CASA DE LOS ESP\u00cdRITUS | HIJA - ALLENDE, ISABEL 9788466362139 | Llibreria Claret","description":"TRILOG\u00cdA LA CASA DE LOS ESP\u00cdRITUS (ESTUCHE CON: LA CASA DE LOS ESP\u00cdRITUS | HIJA de ALLENDE, ISABEL disponible a\/en Llibreria Claret.","inLanguage":"es-ES","isPartOf":{"@id":"https:\/\/www.claret.cat\/es\/#website"},"breadcrumb":{"@id":"https:\/\/www.claret.cat\/es\/libro\/trilogia-la-casa-de-los-espiritus-estuche-con-la-casa-de-los-espiritus-hija-9788466362139\/#breadcrumblist"},"image":{"@type":"ImageObject","url":"https:\/\/www.claret.cat\/wp-content\/uploads\/.\/9788466362139.jpg","@id":"https:\/\/www.claret.cat\/es\/libro\/trilogia-la-casa-de-los-espiritus-estuche-con-la-casa-de-los-espiritus-hija-9788466362139\/#mainImage","width":225,"height":295,"caption":"9788466362139.jpg"},"primaryImageOfPage":{"@id":"https:\/\/www.claret.cat\/es\/libro\/trilogia-la-casa-de-los-espiritus-estuche-con-la-casa-de-los-espiritus-hija-9788466362139\/#mainImage"},"datePublished":"2022-10-02T19:03:37+02:00","dateModified":"2023-10-06T09:51:06+02:00"},{"@type":"Organization","@id":"https:\/\/www.claret.cat\/es\/#organization","name":"Llibreria Claret","description":"Llibreria religiosa a Barcelona","url":"https:\/\/www.claret.cat\/es\/","email":"comunicacio@claret.cat","telephone":"+34933010887","logo":{"@type":"ImageObject","url":"https:\/\/www.claret.cat\/wp-content\/uploads\/.\/logo-claret-es.png","@id":"https:\/\/www.claret.cat\/es\/libro\/trilogia-la-casa-de-los-espiritus-estuche-con-la-casa-de-los-espiritus-hija-9788466362139\/#organizationLogo","width":195,"height":79},"image":{"@id":"https:\/\/www.claret.cat\/es\/libro\/trilogia-la-casa-de-los-espiritus-estuche-con-la-casa-de-los-espiritus-hija-9788466362139\/#organizationLogo"},"sameAs":["https:\/\/www.facebook.com\/LlibreriaClaret","https:\/\/twitter.com\/LlibreriaClaret","https:\/\/www.instagram.com\/llibreriaclaret\/","https:\/\/www.tiktok.com\/@llibreriaclaret","https:\/\/www.youtube.com\/@llibreriaclaret","https:\/\/ca.wikipedia.org\/wiki\/Editorial_Claret"]},{"@type":"WebPage","@id":"https:\/\/www.claret.cat\/es\/libro\/trilogia-la-casa-de-los-espiritus-estuche-con-la-casa-de-los-espiritus-hija-9788466362139\/#webpage","url":"https:\/\/www.claret.cat\/es\/libro\/trilogia-la-casa-de-los-espiritus-estuche-con-la-casa-de-los-espiritus-hija-9788466362139\/","name":"TRILOG\u00cdA LA CASA DE LOS ESP\u00cdRITUS (ESTUCHE CON: LA CASA DE LOS ESP\u00cdRITUS | HIJA - ALLENDE, ISABEL 9788466362139 | Llibreria Claret","description":"TRILOG\u00cdA LA CASA DE LOS ESP\u00cdRITUS (ESTUCHE CON: LA CASA DE LOS ESP\u00cdRITUS | HIJA de ALLENDE, ISABEL disponible a\/en Llibreria Claret.","inLanguage":"es-ES","isPartOf":{"@id":"https:\/\/www.claret.cat\/es\/#website"},"breadcrumb":{"@id":"https:\/\/www.claret.cat\/es\/libro\/trilogia-la-casa-de-los-espiritus-estuche-con-la-casa-de-los-espiritus-hija-9788466362139\/#breadcrumblist"},"image":{"@type":"ImageObject","url":"https:\/\/www.claret.cat\/wp-content\/uploads\/.\/9788466362139.jpg","@id":"https:\/\/www.claret.cat\/es\/libro\/trilogia-la-casa-de-los-espiritus-estuche-con-la-casa-de-los-espiritus-hija-9788466362139\/#mainImage","width":225,"height":295,"caption":"9788466362139.jpg"},"primaryImageOfPage":{"@id":"https:\/\/www.claret.cat\/es\/libro\/trilogia-la-casa-de-los-espiritus-estuche-con-la-casa-de-los-espiritus-hija-9788466362139\/#mainImage"},"datePublished":"2022-10-02T19:03:37+02:00","dateModified":"2023-10-06T09:51:06+02:00"},{"@type":"WebSite","@id":"https:\/\/www.claret.cat\/es\/#website","url":"https:\/\/www.claret.cat\/es\/","name":"Llibreria Claret Barcelona","alternateName":"Llibreria Claret","description":"Llibreria religiosa a Barcelona","inLanguage":"es-ES","publisher":{"@id":"https:\/\/www.claret.cat\/es\/#organization"}}]},"og:locale":"es_ES","og:site_name":"Llibreria Claret - Llibreria religiosa a Barcelona","og:type":"article","og:title":"TRILOG\u00cdA LA CASA DE LOS ESP\u00cdRITUS (ESTUCHE CON: LA CASA DE LOS ESP\u00cdRITUS | HIJA - ALLENDE, ISABEL 9788466362139 | Llibreria Claret","og:description":"TRILOG\u00cdA LA CASA DE LOS ESP\u00cdRITUS (ESTUCHE CON: LA CASA DE LOS ESP\u00cdRITUS | HIJA de ALLENDE, ISABEL disponible a\/en Llibreria Claret.","og:url":"https:\/\/www.claret.cat\/es\/libro\/trilogia-la-casa-de-los-espiritus-estuche-con-la-casa-de-los-espiritus-hija-9788466362139\/","og:image":"https:\/\/dev.claret.cat\/wp-content\/uploads\/logo-claret.svg","og:image:secure_url":"https:\/\/dev.claret.cat\/wp-content\/uploads\/logo-claret.svg","article:published_time":"2022-10-02T17:03:37+00:00","article:modified_time":"2023-10-06T07:51:06+00:00","article:publisher":"https:\/\/www.facebook.com\/LlibreriaClaret","twitter:card":"summary_large_image","twitter:site":"@LlibreriaClaret","twitter:title":"TRILOG\u00cdA LA CASA DE LOS ESP\u00cdRITUS (ESTUCHE CON: LA CASA DE LOS ESP\u00cdRITUS | HIJA - ALLENDE, ISABEL 9788466362139 | Llibreria Claret","twitter:description":"TRILOG\u00cdA LA CASA DE LOS ESP\u00cdRITUS (ESTUCHE CON: LA CASA DE LOS ESP\u00cdRITUS | HIJA de ALLENDE, ISABEL disponible a\/en Llibreria Claret.","twitter:image":"http:\/\/dev.claret.cat\/wp-content\/uploads\/logo-claret.svg"},"aioseo_meta_data":{"post_id":"39195","title":null,"description":null,"keywords":null,"keyphrases":null,"primary_term":null,"canonical_url":null,"og_title":null,"og_description":null,"og_object_type":"default","og_image_type":"default","og_image_url":null,"og_image_width":null,"og_image_height":null,"og_image_custom_url":null,"og_image_custom_fields":null,"og_video":null,"og_custom_url":null,"og_article_section":null,"og_article_tags":null,"twitter_use_og":false,"twitter_card":"default","twitter_image_type":"default","twitter_image_url":null,"twitter_image_custom_url":null,"twitter_image_custom_fields":null,"twitter_title":null,"twitter_description":null,"schema":{"blockGraphs":[],"customGraphs":[],"default":{"data":{"Article":[],"Course":[],"Dataset":[],"FAQPage":[],"Movie":[],"Person":[],"Product":[],"ProductReview":[],"Car":[],"Recipe":[],"Service":[],"SoftwareApplication":[],"WebPage":[]},"graphName":"","isEnabled":true},"graphs":[]},"schema_type":"default","schema_type_options":null,"pillar_content":false,"robots_default":true,"robots_noindex":false,"robots_noarchive":false,"robots_nosnippet":false,"robots_nofollow":false,"robots_noimageindex":false,"robots_noodp":false,"robots_notranslate":false,"robots_max_snippet":null,"robots_max_videopreview":null,"robots_max_imagepreview":"large","priority":null,"frequency":null,"local_seo":null,"seo_analyzer_scan_date":"2025-11-13 05:57:14","breadcrumb_settings":null,"limit_modified_date":false,"open_ai":null,"ai":null,"created":"2022-12-18 14:40:38","updated":"2025-11-13 05:57:14","focus_keyword":null,"additional_keywords":null,"truseo_locale":null},"aioseo_breadcrumb":"<div class=\"aioseo-breadcrumbs\"><span class=\"aioseo-breadcrumb\">\n\t<a href=\"https:\/\/www.claret.cat\/es\/\" title=\"Home\">Home<\/a>\n<\/span><span class=\"aioseo-breadcrumb-separator\">&raquo;<\/span><span class=\"aioseo-breadcrumb\">\n\t<a href=\"https:\/\/www.claret.cat\/?page_id=16\" title=\"Botiga\">Botiga<\/a>\n<\/span><span class=\"aioseo-breadcrumb-separator\">&raquo;<\/span><span class=\"aioseo-breadcrumb\">\n\t<a href=\"https:\/\/www.claret.cat\/categoria-producto\/spa\/\" title=\"SPA\">SPA<\/a>\n<\/span><span class=\"aioseo-breadcrumb-separator\">&raquo;<\/span><span class=\"aioseo-breadcrumb\">\n\t<a href=\"https:\/\/www.claret.cat\/es\/categoria-producto\/spa\/2_humanidades\/\" title=\"Humanidades\">Humanidades<\/a>\n<\/span><span class=\"aioseo-breadcrumb-separator\">&raquo;<\/span><span class=\"aioseo-breadcrumb\">\n\t<a href=\"https:\/\/www.claret.cat\/es\/categoria-producto\/spa\/2_humanidades\/literatura-2_humanidades\/\" title=\"Literatura\">Literatura<\/a>\n<\/span><span class=\"aioseo-breadcrumb-separator\">&raquo;<\/span><span class=\"aioseo-breadcrumb\">\n\t<a href=\"https:\/\/www.claret.cat\/es\/categoria-producto\/spa\/2_humanidades\/literatura-2_humanidades\/novela-contemporanea\/\" title=\"Novela contempor\u00e1nea\">Novela contempor\u00e1nea<\/a>\n<\/span><span class=\"aioseo-breadcrumb-separator\">&raquo;<\/span><span class=\"aioseo-breadcrumb\">\n\tTRILOG\u00cdA LA CASA DE LOS ESP\u00cdRITUS (ESTUCHE CON: LA CASA DE LOS ESP\u00cdRITUS | HIJA\n<\/span><\/div>","aioseo_breadcrumb_json":[{"label":"Home","link":"https:\/\/www.claret.cat\/es\/"},{"label":"Botiga","link":"https:\/\/www.claret.cat\/?page_id=16"},{"label":"SPA","link":"https:\/\/www.claret.cat\/categoria-producto\/spa\/"},{"label":"Humanidades","link":"https:\/\/www.claret.cat\/es\/categoria-producto\/spa\/2_humanidades\/"},{"label":"Literatura","link":"https:\/\/www.claret.cat\/es\/categoria-producto\/spa\/2_humanidades\/literatura-2_humanidades\/"},{"label":"Novela contempor\u00e1nea","link":"https:\/\/www.claret.cat\/es\/categoria-producto\/spa\/2_humanidades\/literatura-2_humanidades\/novela-contemporanea\/"},{"label":"TRILOG\u00cdA LA CASA DE LOS ESP\u00cdRITUS (ESTUCHE CON: LA CASA DE LOS ESP\u00cdRITUS | HIJA","link":"https:\/\/www.claret.cat\/es\/libro\/trilogia-la-casa-de-los-espiritus-estuche-con-la-casa-de-los-espiritus-hija-9788466362139\/"}],"_links":{"self":[{"href":"https:\/\/www.claret.cat\/es\/wp-json\/wp\/v2\/product\/39195","targetHints":{"allow":["GET"]}}],"collection":[{"href":"https:\/\/www.claret.cat\/es\/wp-json\/wp\/v2\/product"}],"about":[{"href":"https:\/\/www.claret.cat\/es\/wp-json\/wp\/v2\/types\/product"}],"wp:featuredmedia":[{"embeddable":true,"href":"https:\/\/www.claret.cat\/es\/wp-json\/wp\/v2\/media\/56023"}],"wp:attachment":[{"href":"https:\/\/www.claret.cat\/es\/wp-json\/wp\/v2\/media?parent=39195"}],"wp:term":[{"taxonomy":"product_brand","embeddable":true,"href":"https:\/\/www.claret.cat\/es\/wp-json\/wp\/v2\/product_brand?post=39195"},{"taxonomy":"product_cat","embeddable":true,"href":"https:\/\/www.claret.cat\/es\/wp-json\/wp\/v2\/product_cat?post=39195"},{"taxonomy":"product_tag","embeddable":true,"href":"https:\/\/www.claret.cat\/es\/wp-json\/wp\/v2\/product_tag?post=39195"}],"curies":[{"name":"wp","href":"https:\/\/api.w.org\/{rel}","templated":true}]}}