{"id":39333,"date":"2022-10-02T19:06:03","date_gmt":"2022-10-02T17:06:03","guid":{"rendered":"http:\/\/dev.claret.cat\/producte\/morir-antes-del-suicidio\/"},"modified":"2026-01-28T11:52:17","modified_gmt":"2026-01-28T10:52:17","slug":"morir-antes-del-suicidio-9788425447891","status":"publish","type":"product","link":"https:\/\/www.claret.cat\/es\/libro\/morir-antes-del-suicidio-9788425447891\/","title":{"rendered":"MORIR ANTES DEL SUICIDIO"},"content":{"rendered":"<p>\u00abEste no es un libro sobre la muerte, de esa no s\u00e9 nada. Este es un libro sobre la vida, y de ella s\u00e9 algunas cosas, al menos todas  las que me han explicado quienes han querido abandonarla de forma prematura\u00bb.  El suicidio en la adolescencia es una tragedia, una cat\u00e1strofe sin retorno para la persona y un s\u00fabito cataclismo que marcar\u00e1 para siempre a la familia y al entorno. En la actualidad,  est\u00e1 considerado como un problema de salud p\u00fablica que, en el peor de los casos, acaba con la p\u00e9rdida de muchos a\u00f1os potenciales de vida.  Estas p\u00e1ginas son fruto de un trabajo de reflexi\u00f3n compartida, que pretende aproximar algunas claves de la conducta suicida a los diferentes agentes implicados en la vida de los adolescentes. Su intenci\u00f3n es ofrecer respuestas claras y \u00fatiles para el abordaje de la problem\u00e1tica. Se ejemplifica con experiencias reales para cumplir con el compromiso contra\u00eddo con las familias, el de transformar aquel dolor pasado en prevenci\u00f3n y ayuda futuras.    AUTOR  Francisco Villar es doctor en Psicolog\u00eda y psic\u00f3logo cl\u00ednico especialista en suicidio en la infancia y la adolescencia, y referente<\/p>\n","protected":false},"excerpt":{"rendered":"<p>VILLAR CABEZA, FRANCISCO<\/p>\n","protected":false},"featured_media":878642,"template":"","meta":{"_acf_changed":false,"om_disable_all_campaigns":false,"rs_blank_template":"","rs_page_bg_color":"","slide_template_v7":"","inline_featured_image":false,"_monsterinsights_skip_tracking":false},"product_brand":[],"product_cat":[485,232,245,495],"product_tag":[],"class_list":["post-39333","product","type-product","status-publish","has-post-thumbnail","product_cat-autores-espiritualidad-1_espiritualidad","product_cat-autors-espiritualitat","product_cat-diversa","product_cat-diversa-espiritualidad-1_espiritualidad","first","instock","taxable","shipping-taxable","purchasable","product-type-simple"],"acf":{"autor":"VILLAR CABEZA, FRANCISCO","codart":"842544789","libros-coleccion":"Psicolog\u00eda","ediciones":"1","encuadernacion":"Carpeta","fecha_de_publicacion":"01\/03\/2022","novedad":"1","paginas":"255","subtitulo":"PREVENCI\u00d3N EN LA ADOLESCENCIA","orden":"0","portada":"0","idioma":"spa","editorial":[{"ID":6266,"post_author":"3","post_date":"2022-07-28 17:48:31","post_date_gmt":"2022-07-28 15:48:31","post_content":"","post_title":"HERDER","post_excerpt":"","post_status":"publish","comment_status":"closed","ping_status":"closed","post_password":"","post_name":"herder","to_ping":"","pinged":"","post_modified":"2022-07-28 17:48:31","post_modified_gmt":"2022-07-28 15:48:31","post_content_filtered":"","post_parent":0,"guid":"http:\/\/dev.claret.cat\/editorial\/herder\/","menu_order":0,"post_type":"editorial","post_mime_type":"","comment_count":"0","filter":"raw"}],"autores-libros":[{"ID":156314,"post_author":"3","post_date":"2022-10-14 15:19:49","post_date_gmt":"2022-10-14 13:19:49","post_content":"","post_title":"FRANCISCO VILLAR CABEZA","post_excerpt":"","post_status":"publish","comment_status":"closed","ping_status":"closed","post_password":"","post_name":"francisco-villar-cabeza","to_ping":"","pinged":"","post_modified":"2022-10-14 15:19:49","post_modified_gmt":"2022-10-14 13:19:49","post_content_filtered":"","post_parent":0,"guid":"http:\/\/dev.claret.cat\/autor\/francisco-villar-cabeza\/","menu_order":0,"post_type":"autor","post_mime_type":"","comment_count":"0","filter":"raw"}],"booktrailer":"","resenas":""},"aioseo_notices":[],"aioseo_head":"\n\t\t<!-- All in One SEO Pro 5.0.1.1 - aioseo.com -->\n\t<meta name=\"description\" content=\"MORIR ANTES DEL SUICIDIO de VILLAR CABEZA, FRANCISCO disponible a\/en Llibreria Claret.\" \/>\n\t<meta name=\"robots\" content=\"max-image-preview:large\" \/>\n\t<meta name=\"google-site-verification\" content=\"xVtlFxJ-TfkIu-D-lt7XeLobefg5EIQiXTuqcSf8Rf0\" \/>\n\t<link rel=\"canonical\" href=\"https:\/\/www.claret.cat\/es\/libro\/morir-antes-del-suicidio-9788425447891\/\" \/>\n\t<meta name=\"generator\" content=\"All in One SEO Pro (AIOSEO) 5.0.1.1\" \/>\n\t\t<meta property=\"og:locale\" content=\"es_ES\" \/>\n\t\t<meta property=\"og:site_name\" content=\"Llibreria Claret - Llibreria religiosa a Barcelona\" \/>\n\t\t<meta property=\"og:type\" content=\"article\" \/>\n\t\t<meta property=\"og:title\" content=\"MORIR ANTES DEL SUICIDIO - VILLAR CABEZA, FRANCISCO 9788425447891 | Llibreria Claret\" \/>\n\t\t<meta property=\"og:description\" content=\"MORIR ANTES DEL SUICIDIO de VILLAR CABEZA, FRANCISCO disponible a\/en Llibreria Claret.\" \/>\n\t\t<meta property=\"og:url\" content=\"https:\/\/www.claret.cat\/es\/libro\/morir-antes-del-suicidio-9788425447891\/\" \/>\n\t\t<meta property=\"og:image\" content=\"https:\/\/dev.claret.cat\/wp-content\/uploads\/logo-claret.svg\" \/>\n\t\t<meta property=\"og:image:secure_url\" content=\"https:\/\/dev.claret.cat\/wp-content\/uploads\/logo-claret.svg\" \/>\n\t\t<meta property=\"article:published_time\" content=\"2022-10-02T17:06:03+00:00\" \/>\n\t\t<meta property=\"article:modified_time\" content=\"2026-01-28T10:52:17+00:00\" \/>\n\t\t<meta property=\"article:publisher\" content=\"https:\/\/www.facebook.com\/LlibreriaClaret\" \/>\n\t\t<meta name=\"twitter:card\" content=\"summary_large_image\" \/>\n\t\t<meta name=\"twitter:site\" content=\"@LlibreriaClaret\" \/>\n\t\t<meta name=\"twitter:title\" content=\"MORIR ANTES DEL SUICIDIO - VILLAR CABEZA, FRANCISCO 9788425447891 | Llibreria Claret\" \/>\n\t\t<meta name=\"twitter:description\" content=\"MORIR ANTES DEL SUICIDIO de VILLAR CABEZA, FRANCISCO disponible a\/en Llibreria Claret.\" \/>\n\t\t<meta name=\"twitter:image\" content=\"http:\/\/dev.claret.cat\/wp-content\/uploads\/logo-claret.svg\" \/>\n\t\t<script type=\"application\/ld+json\" class=\"aioseo-schema\">\n\t\t\t{\"@context\":\"https:\\\/\\\/schema.org\",\"@graph\":[{\"@type\":\"BreadcrumbList\",\"@id\":\"https:\\\/\\\/www.claret.cat\\\/es\\\/libro\\\/morir-antes-del-suicidio-9788425447891\\\/#breadcrumblist\",\"itemListElement\":[{\"@type\":\"ListItem\",\"@id\":\"https:\\\/\\\/www.claret.cat\\\/es\\\/#listItem\",\"position\":1,\"name\":\"Home\",\"item\":\"https:\\\/\\\/www.claret.cat\\\/es\\\/\",\"nextItem\":{\"@type\":\"ListItem\",\"@id\":\"https:\\\/\\\/www.claret.cat\\\/?page_id=16#listItem\",\"name\":\"Botiga\"}},{\"@type\":\"ListItem\",\"@id\":\"https:\\\/\\\/www.claret.cat\\\/?page_id=16#listItem\",\"position\":2,\"name\":\"Botiga\",\"item\":\"https:\\\/\\\/www.claret.cat\\\/?page_id=16\",\"nextItem\":{\"@type\":\"ListItem\",\"@id\":\"https:\\\/\\\/www.claret.cat\\\/categoria-producto\\\/cat\\\/#listItem\",\"name\":\"CAT\"},\"previousItem\":{\"@type\":\"ListItem\",\"@id\":\"https:\\\/\\\/www.claret.cat\\\/es\\\/#listItem\",\"name\":\"Home\"}},{\"@type\":\"ListItem\",\"@id\":\"https:\\\/\\\/www.claret.cat\\\/categoria-producto\\\/cat\\\/#listItem\",\"position\":3,\"name\":\"CAT\",\"item\":\"https:\\\/\\\/www.claret.cat\\\/categoria-producto\\\/cat\\\/\",\"nextItem\":{\"@type\":\"ListItem\",\"@id\":\"https:\\\/\\\/www.claret.cat\\\/categoria-producto\\\/cat\\\/1_espiritualitat\\\/#listItem\",\"name\":\"Espiritualitat\"},\"previousItem\":{\"@type\":\"ListItem\",\"@id\":\"https:\\\/\\\/www.claret.cat\\\/?page_id=16#listItem\",\"name\":\"Botiga\"}},{\"@type\":\"ListItem\",\"@id\":\"https:\\\/\\\/www.claret.cat\\\/categoria-producto\\\/cat\\\/1_espiritualitat\\\/#listItem\",\"position\":4,\"name\":\"Espiritualitat\",\"item\":\"https:\\\/\\\/www.claret.cat\\\/categoria-producto\\\/cat\\\/1_espiritualitat\\\/\",\"nextItem\":{\"@type\":\"ListItem\",\"@id\":\"https:\\\/\\\/www.claret.cat\\\/categoria-producto\\\/cat\\\/1_espiritualitat\\\/espiritualitat\\\/#listItem\",\"name\":\"Espiritualitat\"},\"previousItem\":{\"@type\":\"ListItem\",\"@id\":\"https:\\\/\\\/www.claret.cat\\\/categoria-producto\\\/cat\\\/#listItem\",\"name\":\"CAT\"}},{\"@type\":\"ListItem\",\"@id\":\"https:\\\/\\\/www.claret.cat\\\/categoria-producto\\\/cat\\\/1_espiritualitat\\\/espiritualitat\\\/#listItem\",\"position\":5,\"name\":\"Espiritualitat\",\"item\":\"https:\\\/\\\/www.claret.cat\\\/categoria-producto\\\/cat\\\/1_espiritualitat\\\/espiritualitat\\\/\",\"nextItem\":{\"@type\":\"ListItem\",\"@id\":\"https:\\\/\\\/www.claret.cat\\\/categoria-producto\\\/cat\\\/1_espiritualitat\\\/espiritualitat\\\/autors-espiritualitat\\\/#listItem\",\"name\":\"Autors\"},\"previousItem\":{\"@type\":\"ListItem\",\"@id\":\"https:\\\/\\\/www.claret.cat\\\/categoria-producto\\\/cat\\\/1_espiritualitat\\\/#listItem\",\"name\":\"Espiritualitat\"}},{\"@type\":\"ListItem\",\"@id\":\"https:\\\/\\\/www.claret.cat\\\/categoria-producto\\\/cat\\\/1_espiritualitat\\\/espiritualitat\\\/autors-espiritualitat\\\/#listItem\",\"position\":6,\"name\":\"Autors\",\"item\":\"https:\\\/\\\/www.claret.cat\\\/categoria-producto\\\/cat\\\/1_espiritualitat\\\/espiritualitat\\\/autors-espiritualitat\\\/\",\"nextItem\":{\"@type\":\"ListItem\",\"@id\":\"https:\\\/\\\/www.claret.cat\\\/es\\\/libro\\\/morir-antes-del-suicidio-9788425447891\\\/#listItem\",\"name\":\"MORIR ANTES DEL SUICIDIO\"},\"previousItem\":{\"@type\":\"ListItem\",\"@id\":\"https:\\\/\\\/www.claret.cat\\\/categoria-producto\\\/cat\\\/1_espiritualitat\\\/espiritualitat\\\/#listItem\",\"name\":\"Espiritualitat\"}},{\"@type\":\"ListItem\",\"@id\":\"https:\\\/\\\/www.claret.cat\\\/es\\\/libro\\\/morir-antes-del-suicidio-9788425447891\\\/#listItem\",\"position\":7,\"name\":\"MORIR ANTES DEL SUICIDIO\",\"previousItem\":{\"@type\":\"ListItem\",\"@id\":\"https:\\\/\\\/www.claret.cat\\\/categoria-producto\\\/cat\\\/1_espiritualitat\\\/espiritualitat\\\/autors-espiritualitat\\\/#listItem\",\"name\":\"Autors\"}}]},{\"@type\":\"ItemPage\",\"@id\":\"https:\\\/\\\/www.claret.cat\\\/es\\\/libro\\\/morir-antes-del-suicidio-9788425447891\\\/#itempage\",\"url\":\"https:\\\/\\\/www.claret.cat\\\/es\\\/libro\\\/morir-antes-del-suicidio-9788425447891\\\/\",\"name\":\"MORIR ANTES DEL SUICIDIO - VILLAR CABEZA, FRANCISCO 9788425447891 | Llibreria Claret\",\"description\":\"MORIR ANTES DEL SUICIDIO de VILLAR CABEZA, FRANCISCO disponible a\\\/en Llibreria Claret.\",\"inLanguage\":\"es-ES\",\"isPartOf\":{\"@id\":\"https:\\\/\\\/www.claret.cat\\\/es\\\/#website\"},\"breadcrumb\":{\"@id\":\"https:\\\/\\\/www.claret.cat\\\/es\\\/libro\\\/morir-antes-del-suicidio-9788425447891\\\/#breadcrumblist\"},\"image\":{\"@type\":\"ImageObject\",\"url\":\"https:\\\/\\\/www.claret.cat\\\/wp-content\\\/uploads\\\/.\\\/9788425447891-2.jpg\",\"@id\":\"https:\\\/\\\/www.claret.cat\\\/es\\\/libro\\\/morir-antes-del-suicidio-9788425447891\\\/#mainImage\",\"width\":500,\"height\":766,\"caption\":\"9788425447891.jpg\"},\"primaryImageOfPage\":{\"@id\":\"https:\\\/\\\/www.claret.cat\\\/es\\\/libro\\\/morir-antes-del-suicidio-9788425447891\\\/#mainImage\"},\"datePublished\":\"2022-10-02T19:06:03+02:00\",\"dateModified\":\"2026-01-28T11:52:17+01:00\"},{\"@type\":\"Organization\",\"@id\":\"https:\\\/\\\/www.claret.cat\\\/es\\\/#organization\",\"name\":\"Llibreria Claret\",\"description\":\"Llibreria religiosa a Barcelona\",\"url\":\"https:\\\/\\\/www.claret.cat\\\/es\\\/\",\"email\":\"comunicacio@claret.cat\",\"telephone\":\"+34933010887\",\"logo\":{\"@type\":\"ImageObject\",\"url\":\"https:\\\/\\\/www.claret.cat\\\/wp-content\\\/uploads\\\/.\\\/logo-claret-es.png\",\"@id\":\"https:\\\/\\\/www.claret.cat\\\/es\\\/libro\\\/morir-antes-del-suicidio-9788425447891\\\/#organizationLogo\",\"width\":195,\"height\":79},\"image\":{\"@id\":\"https:\\\/\\\/www.claret.cat\\\/es\\\/libro\\\/morir-antes-del-suicidio-9788425447891\\\/#organizationLogo\"},\"sameAs\":[\"https:\\\/\\\/www.facebook.com\\\/LlibreriaClaret\",\"https:\\\/\\\/twitter.com\\\/LlibreriaClaret\",\"https:\\\/\\\/www.instagram.com\\\/llibreriaclaret\\\/\",\"https:\\\/\\\/www.tiktok.com\\\/@llibreriaclaret\",\"https:\\\/\\\/www.youtube.com\\\/@llibreriaclaret\",\"https:\\\/\\\/ca.wikipedia.org\\\/wiki\\\/Editorial_Claret\"]},{\"@type\":\"WebPage\",\"@id\":\"https:\\\/\\\/www.claret.cat\\\/es\\\/libro\\\/morir-antes-del-suicidio-9788425447891\\\/#webpage\",\"url\":\"https:\\\/\\\/www.claret.cat\\\/es\\\/libro\\\/morir-antes-del-suicidio-9788425447891\\\/\",\"name\":\"MORIR ANTES DEL SUICIDIO - VILLAR CABEZA, FRANCISCO 9788425447891 | Llibreria Claret\",\"description\":\"MORIR ANTES DEL SUICIDIO de VILLAR CABEZA, FRANCISCO disponible a\\\/en Llibreria Claret.\",\"inLanguage\":\"es-ES\",\"isPartOf\":{\"@id\":\"https:\\\/\\\/www.claret.cat\\\/es\\\/#website\"},\"breadcrumb\":{\"@id\":\"https:\\\/\\\/www.claret.cat\\\/es\\\/libro\\\/morir-antes-del-suicidio-9788425447891\\\/#breadcrumblist\"},\"image\":{\"@type\":\"ImageObject\",\"url\":\"https:\\\/\\\/www.claret.cat\\\/wp-content\\\/uploads\\\/.\\\/9788425447891-2.jpg\",\"@id\":\"https:\\\/\\\/www.claret.cat\\\/es\\\/libro\\\/morir-antes-del-suicidio-9788425447891\\\/#mainImage\",\"width\":500,\"height\":766,\"caption\":\"9788425447891.jpg\"},\"primaryImageOfPage\":{\"@id\":\"https:\\\/\\\/www.claret.cat\\\/es\\\/libro\\\/morir-antes-del-suicidio-9788425447891\\\/#mainImage\"},\"datePublished\":\"2022-10-02T19:06:03+02:00\",\"dateModified\":\"2026-01-28T11:52:17+01:00\"},{\"@type\":\"WebSite\",\"@id\":\"https:\\\/\\\/www.claret.cat\\\/es\\\/#website\",\"url\":\"https:\\\/\\\/www.claret.cat\\\/es\\\/\",\"name\":\"Llibreria Claret Barcelona\",\"alternateName\":\"Llibreria Claret\",\"description\":\"Llibreria religiosa a Barcelona\",\"inLanguage\":\"es-ES\",\"publisher\":{\"@id\":\"https:\\\/\\\/www.claret.cat\\\/es\\\/#organization\"}}]}\n\t\t<\/script>\n\t\t<!-- All in One SEO Pro -->\r\n\t\t<title>MORIR ANTES DEL SUICIDIO - VILLAR CABEZA, FRANCISCO 9788425447891 | Llibreria Claret<\/title>\n\n","aioseo_head_json":{"title":"MORIR ANTES DEL SUICIDIO - VILLAR CABEZA, FRANCISCO 9788425447891 | Llibreria Claret","description":"MORIR ANTES DEL SUICIDIO de VILLAR CABEZA, FRANCISCO disponible a\/en Llibreria Claret.","canonical_url":"https:\/\/www.claret.cat\/es\/libro\/morir-antes-del-suicidio-9788425447891\/","robots":"max-image-preview:large","keywords":"","webmasterTools":{"google-site-verification":"xVtlFxJ-TfkIu-D-lt7XeLobefg5EIQiXTuqcSf8Rf0","miscellaneous":""},"schema":{"@context":"https:\/\/schema.org","@graph":[{"@type":"BreadcrumbList","@id":"https:\/\/www.claret.cat\/es\/libro\/morir-antes-del-suicidio-9788425447891\/#breadcrumblist","itemListElement":[{"@type":"ListItem","@id":"https:\/\/www.claret.cat\/es\/#listItem","position":1,"name":"Home","item":"https:\/\/www.claret.cat\/es\/","nextItem":{"@type":"ListItem","@id":"https:\/\/www.claret.cat\/?page_id=16#listItem","name":"Botiga"}},{"@type":"ListItem","@id":"https:\/\/www.claret.cat\/?page_id=16#listItem","position":2,"name":"Botiga","item":"https:\/\/www.claret.cat\/?page_id=16","nextItem":{"@type":"ListItem","@id":"https:\/\/www.claret.cat\/categoria-producto\/cat\/#listItem","name":"CAT"},"previousItem":{"@type":"ListItem","@id":"https:\/\/www.claret.cat\/es\/#listItem","name":"Home"}},{"@type":"ListItem","@id":"https:\/\/www.claret.cat\/categoria-producto\/cat\/#listItem","position":3,"name":"CAT","item":"https:\/\/www.claret.cat\/categoria-producto\/cat\/","nextItem":{"@type":"ListItem","@id":"https:\/\/www.claret.cat\/categoria-producto\/cat\/1_espiritualitat\/#listItem","name":"Espiritualitat"},"previousItem":{"@type":"ListItem","@id":"https:\/\/www.claret.cat\/?page_id=16#listItem","name":"Botiga"}},{"@type":"ListItem","@id":"https:\/\/www.claret.cat\/categoria-producto\/cat\/1_espiritualitat\/#listItem","position":4,"name":"Espiritualitat","item":"https:\/\/www.claret.cat\/categoria-producto\/cat\/1_espiritualitat\/","nextItem":{"@type":"ListItem","@id":"https:\/\/www.claret.cat\/categoria-producto\/cat\/1_espiritualitat\/espiritualitat\/#listItem","name":"Espiritualitat"},"previousItem":{"@type":"ListItem","@id":"https:\/\/www.claret.cat\/categoria-producto\/cat\/#listItem","name":"CAT"}},{"@type":"ListItem","@id":"https:\/\/www.claret.cat\/categoria-producto\/cat\/1_espiritualitat\/espiritualitat\/#listItem","position":5,"name":"Espiritualitat","item":"https:\/\/www.claret.cat\/categoria-producto\/cat\/1_espiritualitat\/espiritualitat\/","nextItem":{"@type":"ListItem","@id":"https:\/\/www.claret.cat\/categoria-producto\/cat\/1_espiritualitat\/espiritualitat\/autors-espiritualitat\/#listItem","name":"Autors"},"previousItem":{"@type":"ListItem","@id":"https:\/\/www.claret.cat\/categoria-producto\/cat\/1_espiritualitat\/#listItem","name":"Espiritualitat"}},{"@type":"ListItem","@id":"https:\/\/www.claret.cat\/categoria-producto\/cat\/1_espiritualitat\/espiritualitat\/autors-espiritualitat\/#listItem","position":6,"name":"Autors","item":"https:\/\/www.claret.cat\/categoria-producto\/cat\/1_espiritualitat\/espiritualitat\/autors-espiritualitat\/","nextItem":{"@type":"ListItem","@id":"https:\/\/www.claret.cat\/es\/libro\/morir-antes-del-suicidio-9788425447891\/#listItem","name":"MORIR ANTES DEL SUICIDIO"},"previousItem":{"@type":"ListItem","@id":"https:\/\/www.claret.cat\/categoria-producto\/cat\/1_espiritualitat\/espiritualitat\/#listItem","name":"Espiritualitat"}},{"@type":"ListItem","@id":"https:\/\/www.claret.cat\/es\/libro\/morir-antes-del-suicidio-9788425447891\/#listItem","position":7,"name":"MORIR ANTES DEL SUICIDIO","previousItem":{"@type":"ListItem","@id":"https:\/\/www.claret.cat\/categoria-producto\/cat\/1_espiritualitat\/espiritualitat\/autors-espiritualitat\/#listItem","name":"Autors"}}]},{"@type":"ItemPage","@id":"https:\/\/www.claret.cat\/es\/libro\/morir-antes-del-suicidio-9788425447891\/#itempage","url":"https:\/\/www.claret.cat\/es\/libro\/morir-antes-del-suicidio-9788425447891\/","name":"MORIR ANTES DEL SUICIDIO - VILLAR CABEZA, FRANCISCO 9788425447891 | Llibreria Claret","description":"MORIR ANTES DEL SUICIDIO de VILLAR CABEZA, FRANCISCO disponible a\/en Llibreria Claret.","inLanguage":"es-ES","isPartOf":{"@id":"https:\/\/www.claret.cat\/es\/#website"},"breadcrumb":{"@id":"https:\/\/www.claret.cat\/es\/libro\/morir-antes-del-suicidio-9788425447891\/#breadcrumblist"},"image":{"@type":"ImageObject","url":"https:\/\/www.claret.cat\/wp-content\/uploads\/.\/9788425447891-2.jpg","@id":"https:\/\/www.claret.cat\/es\/libro\/morir-antes-del-suicidio-9788425447891\/#mainImage","width":500,"height":766,"caption":"9788425447891.jpg"},"primaryImageOfPage":{"@id":"https:\/\/www.claret.cat\/es\/libro\/morir-antes-del-suicidio-9788425447891\/#mainImage"},"datePublished":"2022-10-02T19:06:03+02:00","dateModified":"2026-01-28T11:52:17+01:00"},{"@type":"Organization","@id":"https:\/\/www.claret.cat\/es\/#organization","name":"Llibreria Claret","description":"Llibreria religiosa a Barcelona","url":"https:\/\/www.claret.cat\/es\/","email":"comunicacio@claret.cat","telephone":"+34933010887","logo":{"@type":"ImageObject","url":"https:\/\/www.claret.cat\/wp-content\/uploads\/.\/logo-claret-es.png","@id":"https:\/\/www.claret.cat\/es\/libro\/morir-antes-del-suicidio-9788425447891\/#organizationLogo","width":195,"height":79},"image":{"@id":"https:\/\/www.claret.cat\/es\/libro\/morir-antes-del-suicidio-9788425447891\/#organizationLogo"},"sameAs":["https:\/\/www.facebook.com\/LlibreriaClaret","https:\/\/twitter.com\/LlibreriaClaret","https:\/\/www.instagram.com\/llibreriaclaret\/","https:\/\/www.tiktok.com\/@llibreriaclaret","https:\/\/www.youtube.com\/@llibreriaclaret","https:\/\/ca.wikipedia.org\/wiki\/Editorial_Claret"]},{"@type":"WebPage","@id":"https:\/\/www.claret.cat\/es\/libro\/morir-antes-del-suicidio-9788425447891\/#webpage","url":"https:\/\/www.claret.cat\/es\/libro\/morir-antes-del-suicidio-9788425447891\/","name":"MORIR ANTES DEL SUICIDIO - VILLAR CABEZA, FRANCISCO 9788425447891 | Llibreria Claret","description":"MORIR ANTES DEL SUICIDIO de VILLAR CABEZA, FRANCISCO disponible a\/en Llibreria Claret.","inLanguage":"es-ES","isPartOf":{"@id":"https:\/\/www.claret.cat\/es\/#website"},"breadcrumb":{"@id":"https:\/\/www.claret.cat\/es\/libro\/morir-antes-del-suicidio-9788425447891\/#breadcrumblist"},"image":{"@type":"ImageObject","url":"https:\/\/www.claret.cat\/wp-content\/uploads\/.\/9788425447891-2.jpg","@id":"https:\/\/www.claret.cat\/es\/libro\/morir-antes-del-suicidio-9788425447891\/#mainImage","width":500,"height":766,"caption":"9788425447891.jpg"},"primaryImageOfPage":{"@id":"https:\/\/www.claret.cat\/es\/libro\/morir-antes-del-suicidio-9788425447891\/#mainImage"},"datePublished":"2022-10-02T19:06:03+02:00","dateModified":"2026-01-28T11:52:17+01:00"},{"@type":"WebSite","@id":"https:\/\/www.claret.cat\/es\/#website","url":"https:\/\/www.claret.cat\/es\/","name":"Llibreria Claret Barcelona","alternateName":"Llibreria Claret","description":"Llibreria religiosa a Barcelona","inLanguage":"es-ES","publisher":{"@id":"https:\/\/www.claret.cat\/es\/#organization"}}]},"og:locale":"es_ES","og:site_name":"Llibreria Claret - Llibreria religiosa a Barcelona","og:type":"article","og:title":"MORIR ANTES DEL SUICIDIO - VILLAR CABEZA, FRANCISCO 9788425447891 | Llibreria Claret","og:description":"MORIR ANTES DEL SUICIDIO de VILLAR CABEZA, FRANCISCO disponible a\/en Llibreria Claret.","og:url":"https:\/\/www.claret.cat\/es\/libro\/morir-antes-del-suicidio-9788425447891\/","og:image":"https:\/\/dev.claret.cat\/wp-content\/uploads\/logo-claret.svg","og:image:secure_url":"https:\/\/dev.claret.cat\/wp-content\/uploads\/logo-claret.svg","article:published_time":"2022-10-02T17:06:03+00:00","article:modified_time":"2026-01-28T10:52:17+00:00","article:publisher":"https:\/\/www.facebook.com\/LlibreriaClaret","twitter:card":"summary_large_image","twitter:site":"@LlibreriaClaret","twitter:title":"MORIR ANTES DEL SUICIDIO - VILLAR CABEZA, FRANCISCO 9788425447891 | Llibreria Claret","twitter:description":"MORIR ANTES DEL SUICIDIO de VILLAR CABEZA, FRANCISCO disponible a\/en Llibreria Claret.","twitter:image":"http:\/\/dev.claret.cat\/wp-content\/uploads\/logo-claret.svg"},"aioseo_meta_data":{"post_id":"39333","title":null,"description":null,"keywords":null,"keyphrases":null,"primary_term":null,"canonical_url":null,"og_title":null,"og_description":null,"og_object_type":"default","og_image_type":"default","og_image_url":null,"og_image_width":null,"og_image_height":null,"og_image_custom_url":null,"og_image_custom_fields":null,"og_video":null,"og_custom_url":null,"og_article_section":null,"og_article_tags":null,"twitter_use_og":false,"twitter_card":"default","twitter_image_type":"default","twitter_image_url":null,"twitter_image_custom_url":null,"twitter_image_custom_fields":null,"twitter_title":null,"twitter_description":null,"schema":{"blockGraphs":[],"customGraphs":[],"default":{"data":{"Article":[],"Course":[],"Dataset":[],"FAQPage":[],"Movie":[],"Person":[],"Product":[],"ProductReview":[],"Car":[],"Recipe":[],"Service":[],"SoftwareApplication":[],"WebPage":[]},"graphName":"","isEnabled":true},"graphs":[]},"schema_type":"default","schema_type_options":null,"pillar_content":false,"robots_default":true,"robots_noindex":false,"robots_noarchive":false,"robots_nosnippet":false,"robots_nofollow":false,"robots_noimageindex":false,"robots_noodp":false,"robots_notranslate":false,"robots_max_snippet":null,"robots_max_videopreview":null,"robots_max_imagepreview":"large","priority":null,"frequency":null,"local_seo":null,"seo_analyzer_scan_date":"2026-01-28 10:54:22","breadcrumb_settings":null,"limit_modified_date":false,"open_ai":null,"ai":null,"created":"2022-12-18 14:45:39","updated":"2026-01-28 10:54:22","focus_keyword":null,"additional_keywords":null,"truseo_locale":null},"aioseo_breadcrumb":"<div class=\"aioseo-breadcrumbs\"><span class=\"aioseo-breadcrumb\">\n\t<a href=\"https:\/\/www.claret.cat\/es\/\" title=\"Home\">Home<\/a>\n<\/span><span class=\"aioseo-breadcrumb-separator\">&raquo;<\/span><span class=\"aioseo-breadcrumb\">\n\t<a href=\"https:\/\/www.claret.cat\/?page_id=16\" title=\"Botiga\">Botiga<\/a>\n<\/span><span class=\"aioseo-breadcrumb-separator\">&raquo;<\/span><span class=\"aioseo-breadcrumb\">\n\t<a href=\"https:\/\/www.claret.cat\/categoria-producto\/cat\/\" title=\"CAT\">CAT<\/a>\n<\/span><span class=\"aioseo-breadcrumb-separator\">&raquo;<\/span><span class=\"aioseo-breadcrumb\">\n\t<a href=\"https:\/\/www.claret.cat\/categoria-producto\/cat\/1_espiritualitat\/\" title=\"Espiritualitat\">Espiritualitat<\/a>\n<\/span><span class=\"aioseo-breadcrumb-separator\">&raquo;<\/span><span class=\"aioseo-breadcrumb\">\n\t<a href=\"https:\/\/www.claret.cat\/categoria-producto\/cat\/1_espiritualitat\/espiritualitat\/\" title=\"Espiritualitat\">Espiritualitat<\/a>\n<\/span><span class=\"aioseo-breadcrumb-separator\">&raquo;<\/span><span class=\"aioseo-breadcrumb\">\n\t<a href=\"https:\/\/www.claret.cat\/categoria-producto\/cat\/1_espiritualitat\/espiritualitat\/autors-espiritualitat\/\" title=\"Autors\">Autors<\/a>\n<\/span><span class=\"aioseo-breadcrumb-separator\">&raquo;<\/span><span class=\"aioseo-breadcrumb\">\n\tMORIR ANTES DEL SUICIDIO\n<\/span><\/div>","aioseo_breadcrumb_json":[{"label":"Home","link":"https:\/\/www.claret.cat\/es\/"},{"label":"Botiga","link":"https:\/\/www.claret.cat\/?page_id=16"},{"label":"CAT","link":"https:\/\/www.claret.cat\/categoria-producto\/cat\/"},{"label":"Espiritualitat","link":"https:\/\/www.claret.cat\/categoria-producto\/cat\/1_espiritualitat\/"},{"label":"Espiritualitat","link":"https:\/\/www.claret.cat\/categoria-producto\/cat\/1_espiritualitat\/espiritualitat\/"},{"label":"Autors","link":"https:\/\/www.claret.cat\/categoria-producto\/cat\/1_espiritualitat\/espiritualitat\/autors-espiritualitat\/"},{"label":"MORIR ANTES DEL SUICIDIO","link":"https:\/\/www.claret.cat\/es\/libro\/morir-antes-del-suicidio-9788425447891\/"}],"_links":{"self":[{"href":"https:\/\/www.claret.cat\/es\/wp-json\/wp\/v2\/product\/39333","targetHints":{"allow":["GET"]}}],"collection":[{"href":"https:\/\/www.claret.cat\/es\/wp-json\/wp\/v2\/product"}],"about":[{"href":"https:\/\/www.claret.cat\/es\/wp-json\/wp\/v2\/types\/product"}],"wp:featuredmedia":[{"embeddable":true,"href":"https:\/\/www.claret.cat\/es\/wp-json\/wp\/v2\/media\/878642"}],"wp:attachment":[{"href":"https:\/\/www.claret.cat\/es\/wp-json\/wp\/v2\/media?parent=39333"}],"wp:term":[{"taxonomy":"product_brand","embeddable":true,"href":"https:\/\/www.claret.cat\/es\/wp-json\/wp\/v2\/product_brand?post=39333"},{"taxonomy":"product_cat","embeddable":true,"href":"https:\/\/www.claret.cat\/es\/wp-json\/wp\/v2\/product_cat?post=39333"},{"taxonomy":"product_tag","embeddable":true,"href":"https:\/\/www.claret.cat\/es\/wp-json\/wp\/v2\/product_tag?post=39333"}],"curies":[{"name":"wp","href":"https:\/\/api.w.org\/{rel}","templated":true}]}}