{"id":399660,"date":"2023-02-27T03:45:42","date_gmt":"2023-02-27T02:45:42","guid":{"rendered":"https:\/\/www.claret.cat\/llibre\/un-paseo-por-la-barcelona-modernista-9788434308787\/"},"modified":"2023-02-27T03:45:48","modified_gmt":"2023-02-27T02:45:48","slug":"un-paseo-por-la-barcelona-modernista-9788434308787","status":"publish","type":"product","link":"https:\/\/www.claret.cat\/es\/libro\/un-paseo-por-la-barcelona-modernista-9788434308787\/","title":{"rendered":"UN PASEO POR LA BARCELONA MODERNISTA"},"content":{"rendered":"<p>La arquitectura modernista fue creada no s\u00f3lo con fe por los inn\u00fameros arquitectos que la proyectaron, sino con el convencimiento absoluto de los propietarios. Una serie de circunstancias sociales favorables, pero sobre todo la aludida coincidencia de pasiones cristaliz\u00f3 en un Eixample que por tales razones es \u00fanico en el mundo. Las p\u00e1ginas de este libro muestran un rosario de obras deslumbrantes, enfilado en el discurrir de un itinerario que quiere ser un paseo culto y amable, c\u00edvico y estimulante, que permita admirar, saborear y quiz\u00e1 descubrir, pero que orilla la tentaci\u00f3n de cat\u00e1logo.<\/p>\n","protected":false},"excerpt":{"rendered":"<p>PERMANYER, LLU\u00cdS<\/p>\n","protected":false},"featured_media":399661,"template":"","meta":{"_acf_changed":false,"om_disable_all_campaigns":false,"rs_blank_template":"","rs_page_bg_color":"","slide_template_v7":"","inline_featured_image":false,"_monsterinsights_skip_tracking":false},"product_brand":[],"product_cat":[105,555],"product_tag":[],"class_list":["post-399660","product","type-product","status-publish","has-post-thumbnail","product_cat-regal","product_cat-regalo","first","instock","taxable","shipping-taxable","purchasable","product-type-simple"],"acf":{"autor":"PERMANYER, LLU\u00cdS","codart":"843430878","libros-coleccion":"","ediciones":"1","encuadernacion":"R\u00fastica","fecha_de_publicacion":"01\/05\/1999","novedad":"0","paginas":"350","subtitulo":"","orden":"999","portada":"0","idioma":"spa","editorial":[{"ID":262408,"post_author":"3","post_date":"2022-10-24 11:23:59","post_date_gmt":"2022-10-24 09:23:59","post_content":"","post_title":"POLIGRAFA, S.A.","post_excerpt":"","post_status":"publish","comment_status":"closed","ping_status":"closed","post_password":"","post_name":"poligrafa-s-a","to_ping":"","pinged":"","post_modified":"2022-10-24 11:23:59","post_modified_gmt":"2022-10-24 09:23:59","post_content_filtered":"","post_parent":0,"guid":"http:\/\/dev.claret.cat\/editorial\/poligrafa-s-a\/","menu_order":0,"post_type":"editorial","post_mime_type":"","comment_count":"0","filter":"raw"}],"autores-libros":[{"ID":162376,"post_author":"3","post_date":"2022-10-14 17:30:31","post_date_gmt":"2022-10-14 15:30:31","post_content":"","post_title":"LLUIS PERMANYER","post_excerpt":"","post_status":"publish","comment_status":"closed","ping_status":"closed","post_password":"","post_name":"lluis-permanyer","to_ping":"","pinged":"","post_modified":"2022-10-14 17:30:31","post_modified_gmt":"2022-10-14 15:30:31","post_content_filtered":"","post_parent":0,"guid":"http:\/\/dev.claret.cat\/autor\/lluis-permanyer\/","menu_order":0,"post_type":"autor","post_mime_type":"","comment_count":"0","filter":"raw"}]},"aioseo_notices":[],"aioseo_head":"\n\t\t<!-- All in One SEO Pro 5.0.1.1 - aioseo.com -->\n\t<meta name=\"description\" content=\"UN PASEO POR LA BARCELONA MODERNISTA de PERMANYER, LLU\u00cdS disponible a\/en Llibreria Claret.\" \/>\n\t<meta name=\"robots\" content=\"max-image-preview:large\" \/>\n\t<meta name=\"google-site-verification\" content=\"xVtlFxJ-TfkIu-D-lt7XeLobefg5EIQiXTuqcSf8Rf0\" \/>\n\t<link rel=\"canonical\" href=\"https:\/\/www.claret.cat\/es\/libro\/un-paseo-por-la-barcelona-modernista-9788434308787\/\" \/>\n\t<meta name=\"generator\" content=\"All in One SEO Pro (AIOSEO) 5.0.1.1\" \/>\n\t\t<meta property=\"og:locale\" content=\"es_ES\" \/>\n\t\t<meta property=\"og:site_name\" content=\"Llibreria Claret - Llibreria religiosa a Barcelona\" \/>\n\t\t<meta property=\"og:type\" content=\"article\" \/>\n\t\t<meta property=\"og:title\" content=\"UN PASEO POR LA BARCELONA MODERNISTA - PERMANYER, LLU\u00cdS 9788434308787 | Llibreria Claret\" \/>\n\t\t<meta property=\"og:description\" content=\"UN PASEO POR LA BARCELONA MODERNISTA de PERMANYER, LLU\u00cdS disponible a\/en Llibreria Claret.\" \/>\n\t\t<meta property=\"og:url\" content=\"https:\/\/www.claret.cat\/es\/libro\/un-paseo-por-la-barcelona-modernista-9788434308787\/\" \/>\n\t\t<meta property=\"og:image\" content=\"https:\/\/dev.claret.cat\/wp-content\/uploads\/logo-claret.svg\" \/>\n\t\t<meta property=\"og:image:secure_url\" content=\"https:\/\/dev.claret.cat\/wp-content\/uploads\/logo-claret.svg\" \/>\n\t\t<meta property=\"article:published_time\" content=\"2023-02-27T02:45:42+00:00\" \/>\n\t\t<meta property=\"article:modified_time\" content=\"2023-02-27T02:45:48+00:00\" \/>\n\t\t<meta property=\"article:publisher\" content=\"https:\/\/www.facebook.com\/LlibreriaClaret\" \/>\n\t\t<meta name=\"twitter:card\" content=\"summary_large_image\" \/>\n\t\t<meta name=\"twitter:site\" content=\"@LlibreriaClaret\" \/>\n\t\t<meta name=\"twitter:title\" content=\"UN PASEO POR LA BARCELONA MODERNISTA - PERMANYER, LLU\u00cdS 9788434308787 | Llibreria Claret\" \/>\n\t\t<meta name=\"twitter:description\" content=\"UN PASEO POR LA BARCELONA MODERNISTA de PERMANYER, LLU\u00cdS disponible a\/en Llibreria Claret.\" \/>\n\t\t<meta name=\"twitter:image\" content=\"http:\/\/dev.claret.cat\/wp-content\/uploads\/logo-claret.svg\" \/>\n\t\t<script type=\"application\/ld+json\" class=\"aioseo-schema\">\n\t\t\t{\"@context\":\"https:\\\/\\\/schema.org\",\"@graph\":[{\"@type\":\"BreadcrumbList\",\"@id\":\"https:\\\/\\\/www.claret.cat\\\/es\\\/libro\\\/un-paseo-por-la-barcelona-modernista-9788434308787\\\/#breadcrumblist\",\"itemListElement\":[{\"@type\":\"ListItem\",\"@id\":\"https:\\\/\\\/www.claret.cat\\\/es\\\/#listItem\",\"position\":1,\"name\":\"Home\",\"item\":\"https:\\\/\\\/www.claret.cat\\\/es\\\/\",\"nextItem\":{\"@type\":\"ListItem\",\"@id\":\"https:\\\/\\\/www.claret.cat\\\/?page_id=16#listItem\",\"name\":\"Botiga\"}},{\"@type\":\"ListItem\",\"@id\":\"https:\\\/\\\/www.claret.cat\\\/?page_id=16#listItem\",\"position\":2,\"name\":\"Botiga\",\"item\":\"https:\\\/\\\/www.claret.cat\\\/?page_id=16\",\"nextItem\":{\"@type\":\"ListItem\",\"@id\":\"https:\\\/\\\/www.claret.cat\\\/categoria-producto\\\/cat\\\/#listItem\",\"name\":\"CAT\"},\"previousItem\":{\"@type\":\"ListItem\",\"@id\":\"https:\\\/\\\/www.claret.cat\\\/es\\\/#listItem\",\"name\":\"Home\"}},{\"@type\":\"ListItem\",\"@id\":\"https:\\\/\\\/www.claret.cat\\\/categoria-producto\\\/cat\\\/#listItem\",\"position\":3,\"name\":\"CAT\",\"item\":\"https:\\\/\\\/www.claret.cat\\\/categoria-producto\\\/cat\\\/\",\"nextItem\":{\"@type\":\"ListItem\",\"@id\":\"https:\\\/\\\/www.claret.cat\\\/categoria-producto\\\/cat\\\/5_altres\\\/#listItem\",\"name\":\"Altres\"},\"previousItem\":{\"@type\":\"ListItem\",\"@id\":\"https:\\\/\\\/www.claret.cat\\\/?page_id=16#listItem\",\"name\":\"Botiga\"}},{\"@type\":\"ListItem\",\"@id\":\"https:\\\/\\\/www.claret.cat\\\/categoria-producto\\\/cat\\\/5_altres\\\/#listItem\",\"position\":4,\"name\":\"Altres\",\"item\":\"https:\\\/\\\/www.claret.cat\\\/categoria-producto\\\/cat\\\/5_altres\\\/\",\"nextItem\":{\"@type\":\"ListItem\",\"@id\":\"https:\\\/\\\/www.claret.cat\\\/categoria-producto\\\/cat\\\/5_altres\\\/regal\\\/#listItem\",\"name\":\"Regal\"},\"previousItem\":{\"@type\":\"ListItem\",\"@id\":\"https:\\\/\\\/www.claret.cat\\\/categoria-producto\\\/cat\\\/#listItem\",\"name\":\"CAT\"}},{\"@type\":\"ListItem\",\"@id\":\"https:\\\/\\\/www.claret.cat\\\/categoria-producto\\\/cat\\\/5_altres\\\/regal\\\/#listItem\",\"position\":5,\"name\":\"Regal\",\"item\":\"https:\\\/\\\/www.claret.cat\\\/categoria-producto\\\/cat\\\/5_altres\\\/regal\\\/\",\"nextItem\":{\"@type\":\"ListItem\",\"@id\":\"https:\\\/\\\/www.claret.cat\\\/es\\\/libro\\\/un-paseo-por-la-barcelona-modernista-9788434308787\\\/#listItem\",\"name\":\"UN PASEO POR LA BARCELONA MODERNISTA\"},\"previousItem\":{\"@type\":\"ListItem\",\"@id\":\"https:\\\/\\\/www.claret.cat\\\/categoria-producto\\\/cat\\\/5_altres\\\/#listItem\",\"name\":\"Altres\"}},{\"@type\":\"ListItem\",\"@id\":\"https:\\\/\\\/www.claret.cat\\\/es\\\/libro\\\/un-paseo-por-la-barcelona-modernista-9788434308787\\\/#listItem\",\"position\":6,\"name\":\"UN PASEO POR LA BARCELONA MODERNISTA\",\"previousItem\":{\"@type\":\"ListItem\",\"@id\":\"https:\\\/\\\/www.claret.cat\\\/categoria-producto\\\/cat\\\/5_altres\\\/regal\\\/#listItem\",\"name\":\"Regal\"}}]},{\"@type\":\"ItemPage\",\"@id\":\"https:\\\/\\\/www.claret.cat\\\/es\\\/libro\\\/un-paseo-por-la-barcelona-modernista-9788434308787\\\/#itempage\",\"url\":\"https:\\\/\\\/www.claret.cat\\\/es\\\/libro\\\/un-paseo-por-la-barcelona-modernista-9788434308787\\\/\",\"name\":\"UN PASEO POR LA BARCELONA MODERNISTA - PERMANYER, LLU\\u00cdS 9788434308787 | Llibreria Claret\",\"description\":\"UN PASEO POR LA BARCELONA MODERNISTA de PERMANYER, LLU\\u00cdS disponible a\\\/en Llibreria Claret.\",\"inLanguage\":\"es-ES\",\"isPartOf\":{\"@id\":\"https:\\\/\\\/www.claret.cat\\\/es\\\/#website\"},\"breadcrumb\":{\"@id\":\"https:\\\/\\\/www.claret.cat\\\/es\\\/libro\\\/un-paseo-por-la-barcelona-modernista-9788434308787\\\/#breadcrumblist\"},\"image\":{\"@type\":\"ImageObject\",\"url\":\"https:\\\/\\\/www.claret.cat\\\/wp-content\\\/uploads\\\/.\\\/9788434308787.jpg\",\"@id\":\"https:\\\/\\\/www.claret.cat\\\/es\\\/libro\\\/un-paseo-por-la-barcelona-modernista-9788434308787\\\/#mainImage\",\"width\":693,\"height\":800,\"caption\":\"9788434308787.jpg\"},\"primaryImageOfPage\":{\"@id\":\"https:\\\/\\\/www.claret.cat\\\/es\\\/libro\\\/un-paseo-por-la-barcelona-modernista-9788434308787\\\/#mainImage\"},\"datePublished\":\"2023-02-27T03:45:42+01:00\",\"dateModified\":\"2023-02-27T03:45:48+01:00\"},{\"@type\":\"Organization\",\"@id\":\"https:\\\/\\\/www.claret.cat\\\/es\\\/#organization\",\"name\":\"Llibreria Claret\",\"description\":\"Llibreria religiosa a Barcelona\",\"url\":\"https:\\\/\\\/www.claret.cat\\\/es\\\/\",\"email\":\"comunicacio@claret.cat\",\"telephone\":\"+34933010887\",\"logo\":{\"@type\":\"ImageObject\",\"url\":\"https:\\\/\\\/www.claret.cat\\\/wp-content\\\/uploads\\\/.\\\/logo-claret-es.png\",\"@id\":\"https:\\\/\\\/www.claret.cat\\\/es\\\/libro\\\/un-paseo-por-la-barcelona-modernista-9788434308787\\\/#organizationLogo\",\"width\":195,\"height\":79},\"image\":{\"@id\":\"https:\\\/\\\/www.claret.cat\\\/es\\\/libro\\\/un-paseo-por-la-barcelona-modernista-9788434308787\\\/#organizationLogo\"},\"sameAs\":[\"https:\\\/\\\/www.facebook.com\\\/LlibreriaClaret\",\"https:\\\/\\\/twitter.com\\\/LlibreriaClaret\",\"https:\\\/\\\/www.instagram.com\\\/llibreriaclaret\\\/\",\"https:\\\/\\\/www.tiktok.com\\\/@llibreriaclaret\",\"https:\\\/\\\/www.youtube.com\\\/@llibreriaclaret\",\"https:\\\/\\\/ca.wikipedia.org\\\/wiki\\\/Editorial_Claret\"]},{\"@type\":\"WebPage\",\"@id\":\"https:\\\/\\\/www.claret.cat\\\/es\\\/libro\\\/un-paseo-por-la-barcelona-modernista-9788434308787\\\/#webpage\",\"url\":\"https:\\\/\\\/www.claret.cat\\\/es\\\/libro\\\/un-paseo-por-la-barcelona-modernista-9788434308787\\\/\",\"name\":\"UN PASEO POR LA BARCELONA MODERNISTA - PERMANYER, LLU\\u00cdS 9788434308787 | Llibreria Claret\",\"description\":\"UN PASEO POR LA BARCELONA MODERNISTA de PERMANYER, LLU\\u00cdS disponible a\\\/en Llibreria Claret.\",\"inLanguage\":\"es-ES\",\"isPartOf\":{\"@id\":\"https:\\\/\\\/www.claret.cat\\\/es\\\/#website\"},\"breadcrumb\":{\"@id\":\"https:\\\/\\\/www.claret.cat\\\/es\\\/libro\\\/un-paseo-por-la-barcelona-modernista-9788434308787\\\/#breadcrumblist\"},\"image\":{\"@type\":\"ImageObject\",\"url\":\"https:\\\/\\\/www.claret.cat\\\/wp-content\\\/uploads\\\/.\\\/9788434308787.jpg\",\"@id\":\"https:\\\/\\\/www.claret.cat\\\/es\\\/libro\\\/un-paseo-por-la-barcelona-modernista-9788434308787\\\/#mainImage\",\"width\":693,\"height\":800,\"caption\":\"9788434308787.jpg\"},\"primaryImageOfPage\":{\"@id\":\"https:\\\/\\\/www.claret.cat\\\/es\\\/libro\\\/un-paseo-por-la-barcelona-modernista-9788434308787\\\/#mainImage\"},\"datePublished\":\"2023-02-27T03:45:42+01:00\",\"dateModified\":\"2023-02-27T03:45:48+01:00\"},{\"@type\":\"WebSite\",\"@id\":\"https:\\\/\\\/www.claret.cat\\\/es\\\/#website\",\"url\":\"https:\\\/\\\/www.claret.cat\\\/es\\\/\",\"name\":\"Llibreria Claret Barcelona\",\"alternateName\":\"Llibreria Claret\",\"description\":\"Llibreria religiosa a Barcelona\",\"inLanguage\":\"es-ES\",\"publisher\":{\"@id\":\"https:\\\/\\\/www.claret.cat\\\/es\\\/#organization\"}}]}\n\t\t<\/script>\n\t\t<!-- All in One SEO Pro -->\r\n\t\t<title>UN PASEO POR LA BARCELONA MODERNISTA - PERMANYER, LLU\u00cdS 9788434308787 | Llibreria Claret<\/title>\n\n","aioseo_head_json":{"title":"UN PASEO POR LA BARCELONA MODERNISTA - PERMANYER, LLU\u00cdS 9788434308787 | Llibreria Claret","description":"UN PASEO POR LA BARCELONA MODERNISTA de PERMANYER, LLU\u00cdS disponible a\/en Llibreria Claret.","canonical_url":"https:\/\/www.claret.cat\/es\/libro\/un-paseo-por-la-barcelona-modernista-9788434308787\/","robots":"max-image-preview:large","keywords":"","webmasterTools":{"google-site-verification":"xVtlFxJ-TfkIu-D-lt7XeLobefg5EIQiXTuqcSf8Rf0","miscellaneous":""},"schema":{"@context":"https:\/\/schema.org","@graph":[{"@type":"BreadcrumbList","@id":"https:\/\/www.claret.cat\/es\/libro\/un-paseo-por-la-barcelona-modernista-9788434308787\/#breadcrumblist","itemListElement":[{"@type":"ListItem","@id":"https:\/\/www.claret.cat\/es\/#listItem","position":1,"name":"Home","item":"https:\/\/www.claret.cat\/es\/","nextItem":{"@type":"ListItem","@id":"https:\/\/www.claret.cat\/?page_id=16#listItem","name":"Botiga"}},{"@type":"ListItem","@id":"https:\/\/www.claret.cat\/?page_id=16#listItem","position":2,"name":"Botiga","item":"https:\/\/www.claret.cat\/?page_id=16","nextItem":{"@type":"ListItem","@id":"https:\/\/www.claret.cat\/categoria-producto\/cat\/#listItem","name":"CAT"},"previousItem":{"@type":"ListItem","@id":"https:\/\/www.claret.cat\/es\/#listItem","name":"Home"}},{"@type":"ListItem","@id":"https:\/\/www.claret.cat\/categoria-producto\/cat\/#listItem","position":3,"name":"CAT","item":"https:\/\/www.claret.cat\/categoria-producto\/cat\/","nextItem":{"@type":"ListItem","@id":"https:\/\/www.claret.cat\/categoria-producto\/cat\/5_altres\/#listItem","name":"Altres"},"previousItem":{"@type":"ListItem","@id":"https:\/\/www.claret.cat\/?page_id=16#listItem","name":"Botiga"}},{"@type":"ListItem","@id":"https:\/\/www.claret.cat\/categoria-producto\/cat\/5_altres\/#listItem","position":4,"name":"Altres","item":"https:\/\/www.claret.cat\/categoria-producto\/cat\/5_altres\/","nextItem":{"@type":"ListItem","@id":"https:\/\/www.claret.cat\/categoria-producto\/cat\/5_altres\/regal\/#listItem","name":"Regal"},"previousItem":{"@type":"ListItem","@id":"https:\/\/www.claret.cat\/categoria-producto\/cat\/#listItem","name":"CAT"}},{"@type":"ListItem","@id":"https:\/\/www.claret.cat\/categoria-producto\/cat\/5_altres\/regal\/#listItem","position":5,"name":"Regal","item":"https:\/\/www.claret.cat\/categoria-producto\/cat\/5_altres\/regal\/","nextItem":{"@type":"ListItem","@id":"https:\/\/www.claret.cat\/es\/libro\/un-paseo-por-la-barcelona-modernista-9788434308787\/#listItem","name":"UN PASEO POR LA BARCELONA MODERNISTA"},"previousItem":{"@type":"ListItem","@id":"https:\/\/www.claret.cat\/categoria-producto\/cat\/5_altres\/#listItem","name":"Altres"}},{"@type":"ListItem","@id":"https:\/\/www.claret.cat\/es\/libro\/un-paseo-por-la-barcelona-modernista-9788434308787\/#listItem","position":6,"name":"UN PASEO POR LA BARCELONA MODERNISTA","previousItem":{"@type":"ListItem","@id":"https:\/\/www.claret.cat\/categoria-producto\/cat\/5_altres\/regal\/#listItem","name":"Regal"}}]},{"@type":"ItemPage","@id":"https:\/\/www.claret.cat\/es\/libro\/un-paseo-por-la-barcelona-modernista-9788434308787\/#itempage","url":"https:\/\/www.claret.cat\/es\/libro\/un-paseo-por-la-barcelona-modernista-9788434308787\/","name":"UN PASEO POR LA BARCELONA MODERNISTA - PERMANYER, LLU\u00cdS 9788434308787 | Llibreria Claret","description":"UN PASEO POR LA BARCELONA MODERNISTA de PERMANYER, LLU\u00cdS disponible a\/en Llibreria Claret.","inLanguage":"es-ES","isPartOf":{"@id":"https:\/\/www.claret.cat\/es\/#website"},"breadcrumb":{"@id":"https:\/\/www.claret.cat\/es\/libro\/un-paseo-por-la-barcelona-modernista-9788434308787\/#breadcrumblist"},"image":{"@type":"ImageObject","url":"https:\/\/www.claret.cat\/wp-content\/uploads\/.\/9788434308787.jpg","@id":"https:\/\/www.claret.cat\/es\/libro\/un-paseo-por-la-barcelona-modernista-9788434308787\/#mainImage","width":693,"height":800,"caption":"9788434308787.jpg"},"primaryImageOfPage":{"@id":"https:\/\/www.claret.cat\/es\/libro\/un-paseo-por-la-barcelona-modernista-9788434308787\/#mainImage"},"datePublished":"2023-02-27T03:45:42+01:00","dateModified":"2023-02-27T03:45:48+01:00"},{"@type":"Organization","@id":"https:\/\/www.claret.cat\/es\/#organization","name":"Llibreria Claret","description":"Llibreria religiosa a Barcelona","url":"https:\/\/www.claret.cat\/es\/","email":"comunicacio@claret.cat","telephone":"+34933010887","logo":{"@type":"ImageObject","url":"https:\/\/www.claret.cat\/wp-content\/uploads\/.\/logo-claret-es.png","@id":"https:\/\/www.claret.cat\/es\/libro\/un-paseo-por-la-barcelona-modernista-9788434308787\/#organizationLogo","width":195,"height":79},"image":{"@id":"https:\/\/www.claret.cat\/es\/libro\/un-paseo-por-la-barcelona-modernista-9788434308787\/#organizationLogo"},"sameAs":["https:\/\/www.facebook.com\/LlibreriaClaret","https:\/\/twitter.com\/LlibreriaClaret","https:\/\/www.instagram.com\/llibreriaclaret\/","https:\/\/www.tiktok.com\/@llibreriaclaret","https:\/\/www.youtube.com\/@llibreriaclaret","https:\/\/ca.wikipedia.org\/wiki\/Editorial_Claret"]},{"@type":"WebPage","@id":"https:\/\/www.claret.cat\/es\/libro\/un-paseo-por-la-barcelona-modernista-9788434308787\/#webpage","url":"https:\/\/www.claret.cat\/es\/libro\/un-paseo-por-la-barcelona-modernista-9788434308787\/","name":"UN PASEO POR LA BARCELONA MODERNISTA - PERMANYER, LLU\u00cdS 9788434308787 | Llibreria Claret","description":"UN PASEO POR LA BARCELONA MODERNISTA de PERMANYER, LLU\u00cdS disponible a\/en Llibreria Claret.","inLanguage":"es-ES","isPartOf":{"@id":"https:\/\/www.claret.cat\/es\/#website"},"breadcrumb":{"@id":"https:\/\/www.claret.cat\/es\/libro\/un-paseo-por-la-barcelona-modernista-9788434308787\/#breadcrumblist"},"image":{"@type":"ImageObject","url":"https:\/\/www.claret.cat\/wp-content\/uploads\/.\/9788434308787.jpg","@id":"https:\/\/www.claret.cat\/es\/libro\/un-paseo-por-la-barcelona-modernista-9788434308787\/#mainImage","width":693,"height":800,"caption":"9788434308787.jpg"},"primaryImageOfPage":{"@id":"https:\/\/www.claret.cat\/es\/libro\/un-paseo-por-la-barcelona-modernista-9788434308787\/#mainImage"},"datePublished":"2023-02-27T03:45:42+01:00","dateModified":"2023-02-27T03:45:48+01:00"},{"@type":"WebSite","@id":"https:\/\/www.claret.cat\/es\/#website","url":"https:\/\/www.claret.cat\/es\/","name":"Llibreria Claret Barcelona","alternateName":"Llibreria Claret","description":"Llibreria religiosa a Barcelona","inLanguage":"es-ES","publisher":{"@id":"https:\/\/www.claret.cat\/es\/#organization"}}]},"og:locale":"es_ES","og:site_name":"Llibreria Claret - Llibreria religiosa a Barcelona","og:type":"article","og:title":"UN PASEO POR LA BARCELONA MODERNISTA - PERMANYER, LLU\u00cdS 9788434308787 | Llibreria Claret","og:description":"UN PASEO POR LA BARCELONA MODERNISTA de PERMANYER, LLU\u00cdS disponible a\/en Llibreria Claret.","og:url":"https:\/\/www.claret.cat\/es\/libro\/un-paseo-por-la-barcelona-modernista-9788434308787\/","og:image":"https:\/\/dev.claret.cat\/wp-content\/uploads\/logo-claret.svg","og:image:secure_url":"https:\/\/dev.claret.cat\/wp-content\/uploads\/logo-claret.svg","article:published_time":"2023-02-27T02:45:42+00:00","article:modified_time":"2023-02-27T02:45:48+00:00","article:publisher":"https:\/\/www.facebook.com\/LlibreriaClaret","twitter:card":"summary_large_image","twitter:site":"@LlibreriaClaret","twitter:title":"UN PASEO POR LA BARCELONA MODERNISTA - PERMANYER, LLU\u00cdS 9788434308787 | Llibreria Claret","twitter:description":"UN PASEO POR LA BARCELONA MODERNISTA de PERMANYER, LLU\u00cdS disponible a\/en Llibreria Claret.","twitter:image":"http:\/\/dev.claret.cat\/wp-content\/uploads\/logo-claret.svg"},"aioseo_meta_data":{"post_id":"399660","title":null,"description":null,"keywords":null,"keyphrases":null,"primary_term":null,"canonical_url":null,"og_title":null,"og_description":null,"og_object_type":"default","og_image_type":"default","og_image_url":null,"og_image_width":null,"og_image_height":null,"og_image_custom_url":null,"og_image_custom_fields":null,"og_video":null,"og_custom_url":null,"og_article_section":null,"og_article_tags":null,"twitter_use_og":false,"twitter_card":"default","twitter_image_type":"default","twitter_image_url":null,"twitter_image_custom_url":null,"twitter_image_custom_fields":null,"twitter_title":null,"twitter_description":null,"schema":{"blockGraphs":[],"customGraphs":[],"default":{"data":{"Article":[],"Course":[],"Dataset":[],"FAQPage":[],"Movie":[],"Person":[],"Product":[],"ProductReview":[],"Car":[],"Recipe":[],"Service":[],"SoftwareApplication":[],"WebPage":[]},"graphName":"","isEnabled":true},"graphs":[]},"schema_type":"default","schema_type_options":null,"pillar_content":false,"robots_default":true,"robots_noindex":false,"robots_noarchive":false,"robots_nosnippet":false,"robots_nofollow":false,"robots_noimageindex":false,"robots_noodp":false,"robots_notranslate":false,"robots_max_snippet":null,"robots_max_videopreview":null,"robots_max_imagepreview":"large","priority":null,"frequency":null,"local_seo":null,"seo_analyzer_scan_date":"2025-12-01 08:12:04","breadcrumb_settings":null,"limit_modified_date":false,"open_ai":null,"ai":null,"created":"2023-05-30 23:03:22","updated":"2025-12-01 08:12:04","focus_keyword":null,"additional_keywords":null,"truseo_locale":null},"aioseo_breadcrumb":"<div class=\"aioseo-breadcrumbs\"><span class=\"aioseo-breadcrumb\">\n\t<a href=\"https:\/\/www.claret.cat\/es\/\" title=\"Home\">Home<\/a>\n<\/span><span class=\"aioseo-breadcrumb-separator\">&raquo;<\/span><span class=\"aioseo-breadcrumb\">\n\t<a href=\"https:\/\/www.claret.cat\/?page_id=16\" title=\"Botiga\">Botiga<\/a>\n<\/span><span class=\"aioseo-breadcrumb-separator\">&raquo;<\/span><span class=\"aioseo-breadcrumb\">\n\t<a href=\"https:\/\/www.claret.cat\/categoria-producto\/cat\/\" title=\"CAT\">CAT<\/a>\n<\/span><span class=\"aioseo-breadcrumb-separator\">&raquo;<\/span><span class=\"aioseo-breadcrumb\">\n\t<a href=\"https:\/\/www.claret.cat\/categoria-producto\/cat\/5_altres\/\" title=\"Altres\">Altres<\/a>\n<\/span><span class=\"aioseo-breadcrumb-separator\">&raquo;<\/span><span class=\"aioseo-breadcrumb\">\n\t<a href=\"https:\/\/www.claret.cat\/categoria-producto\/cat\/5_altres\/regal\/\" title=\"Regal\">Regal<\/a>\n<\/span><span class=\"aioseo-breadcrumb-separator\">&raquo;<\/span><span class=\"aioseo-breadcrumb\">\n\tUN PASEO POR LA BARCELONA MODERNISTA\n<\/span><\/div>","aioseo_breadcrumb_json":[{"label":"Home","link":"https:\/\/www.claret.cat\/es\/"},{"label":"Botiga","link":"https:\/\/www.claret.cat\/?page_id=16"},{"label":"CAT","link":"https:\/\/www.claret.cat\/categoria-producto\/cat\/"},{"label":"Altres","link":"https:\/\/www.claret.cat\/categoria-producto\/cat\/5_altres\/"},{"label":"Regal","link":"https:\/\/www.claret.cat\/categoria-producto\/cat\/5_altres\/regal\/"},{"label":"UN PASEO POR LA BARCELONA MODERNISTA","link":"https:\/\/www.claret.cat\/es\/libro\/un-paseo-por-la-barcelona-modernista-9788434308787\/"}],"_links":{"self":[{"href":"https:\/\/www.claret.cat\/es\/wp-json\/wp\/v2\/product\/399660","targetHints":{"allow":["GET"]}}],"collection":[{"href":"https:\/\/www.claret.cat\/es\/wp-json\/wp\/v2\/product"}],"about":[{"href":"https:\/\/www.claret.cat\/es\/wp-json\/wp\/v2\/types\/product"}],"wp:featuredmedia":[{"embeddable":true,"href":"https:\/\/www.claret.cat\/es\/wp-json\/wp\/v2\/media\/399661"}],"wp:attachment":[{"href":"https:\/\/www.claret.cat\/es\/wp-json\/wp\/v2\/media?parent=399660"}],"wp:term":[{"taxonomy":"product_brand","embeddable":true,"href":"https:\/\/www.claret.cat\/es\/wp-json\/wp\/v2\/product_brand?post=399660"},{"taxonomy":"product_cat","embeddable":true,"href":"https:\/\/www.claret.cat\/es\/wp-json\/wp\/v2\/product_cat?post=399660"},{"taxonomy":"product_tag","embeddable":true,"href":"https:\/\/www.claret.cat\/es\/wp-json\/wp\/v2\/product_tag?post=399660"}],"curies":[{"name":"wp","href":"https:\/\/api.w.org\/{rel}","templated":true}]}}