{"id":400688,"date":"2023-02-27T04:45:18","date_gmt":"2023-02-27T03:45:18","guid":{"rendered":"https:\/\/www.claret.cat\/llibre\/teo-viaja-por-espana-9788448003999\/"},"modified":"2025-10-20T22:42:52","modified_gmt":"2025-10-20T20:42:52","slug":"teo-viaja-por-espana-9788448003999","status":"publish","type":"product","link":"https:\/\/www.claret.cat\/es\/libro\/teo-viaja-por-espana-9788448003999\/","title":{"rendered":"TEO VIAJA POR ESPA\u00d1A"},"content":{"rendered":"<p>Teo viaja por las distintas autonom\u00edas espa\u00f1olas y aprende las costumbres y la cultura de cada una de ellas. Este libro es uno de los editados especialmente para conmemorar el 25 Aniversario de la aparici\u00f3n de los libros de este personaje tan carism\u00e1tico para los ni\u00f1os.Teo propone, junto a su famili&#8230;<\/p>\n","protected":false},"excerpt":{"rendered":"<p>DENOU, VIOLETA<\/p>\n","protected":false},"featured_media":971292,"template":"","meta":{"_acf_changed":false,"om_disable_all_campaigns":false,"rs_blank_template":"","rs_page_bg_color":"","slide_template_v7":"","inline_featured_image":false,"_monsterinsights_skip_tracking":false,"_monsterinsights_sitenote_active":false,"_monsterinsights_sitenote_note":"","_monsterinsights_sitenote_category":0},"product_brand":[],"product_cat":[131,361],"product_tag":[],"class_list":{"0":"post-400688","1":"product","2":"type-product","3":"status-publish","4":"has-post-thumbnail","6":"product_cat-contes-per-infants-0-6-anys","7":"product_cat-cuentos-para-ninos-0-6-anos","9":"first","10":"instock","11":"taxable","12":"shipping-taxable","13":"purchasable","14":"product-type-simple"},"acf":{"autor":"DENOU, VIOLETA","codart":"844800399","libros-coleccion":"FORA DE COL.LECCI\u00d3","ediciones":"1","encuadernacion":"Tela","fecha_de_publicacion":"01\/03\/2002","novedad":"0","paginas":"42","subtitulo":"","orden":"999","portada":"0","idioma":"spa","editorial":[{"ID":6378,"post_author":"3","post_date":"2022-07-28 17:50:54","post_date_gmt":"2022-07-28 15:50:54","post_content":"","post_title":"TIMUN MAS, S.A.","post_excerpt":"","post_status":"publish","comment_status":"closed","ping_status":"closed","post_password":"","post_name":"timun-mas-s-a","to_ping":"","pinged":"","post_modified":"2022-07-28 17:50:54","post_modified_gmt":"2022-07-28 15:50:54","post_content_filtered":"","post_parent":0,"guid":"http:\/\/dev.claret.cat\/editorial\/timun-mas-s-a\/","menu_order":0,"post_type":"editorial","post_mime_type":"","comment_count":"0","filter":"raw"}],"autores-libros":[{"ID":171136,"post_author":"3","post_date":"2022-10-14 22:40:58","post_date_gmt":"2022-10-14 20:40:58","post_content":"","post_title":"VIOLETA DENOU","post_excerpt":"","post_status":"publish","comment_status":"closed","ping_status":"closed","post_password":"","post_name":"violeta-denou-2","to_ping":"","pinged":"","post_modified":"2022-10-14 22:40:58","post_modified_gmt":"2022-10-14 20:40:58","post_content_filtered":"","post_parent":0,"guid":"http:\/\/dev.claret.cat\/autor\/violeta-denou-2\/","menu_order":0,"post_type":"autor","post_mime_type":"","comment_count":"0","filter":"raw"}],"booktrailer":"","resenas":""},"aioseo_notices":[],"_links":{"self":[{"href":"https:\/\/www.claret.cat\/es\/wp-json\/wp\/v2\/product\/400688","targetHints":{"allow":["GET"]}}],"collection":[{"href":"https:\/\/www.claret.cat\/es\/wp-json\/wp\/v2\/product"}],"about":[{"href":"https:\/\/www.claret.cat\/es\/wp-json\/wp\/v2\/types\/product"}],"wp:featuredmedia":[{"embeddable":true,"href":"https:\/\/www.claret.cat\/es\/wp-json\/wp\/v2\/media\/971292"}],"wp:attachment":[{"href":"https:\/\/www.claret.cat\/es\/wp-json\/wp\/v2\/media?parent=400688"}],"wp:term":[{"taxonomy":"product_brand","embeddable":true,"href":"https:\/\/www.claret.cat\/es\/wp-json\/wp\/v2\/product_brand?post=400688"},{"taxonomy":"product_cat","embeddable":true,"href":"https:\/\/www.claret.cat\/es\/wp-json\/wp\/v2\/product_cat?post=400688"},{"taxonomy":"product_tag","embeddable":true,"href":"https:\/\/www.claret.cat\/es\/wp-json\/wp\/v2\/product_tag?post=400688"}],"curies":[{"name":"wp","href":"https:\/\/api.w.org\/{rel}","templated":true}]}}