{"id":401310,"date":"2023-02-27T05:24:43","date_gmt":"2023-02-27T04:24:43","guid":{"rendered":"https:\/\/www.claret.cat\/llibre\/el-mal-un-desafio-a-la-filosofia-y-a-la-teologia-9788461090020\/"},"modified":"2023-02-27T05:24:48","modified_gmt":"2023-02-27T04:24:48","slug":"el-mal-un-desafio-a-la-filosofia-y-a-la-teologia-9788461090020","status":"publish","type":"product","link":"https:\/\/www.claret.cat\/es\/libro\/el-mal-un-desafio-a-la-filosofia-y-a-la-teologia-9788461090020\/","title":{"rendered":"EL MAL, UN DESAF\u00cdO A LA FILOSOF\u00cdA Y A LA TEOLOG\u00cdA"},"content":{"rendered":"<p>\u00abEl efecto m\u00e1s visible de esta extra\u00f1a experiencia de pasividad que yace en el coraz\u00f3n del obrar mal es que el hombre se siente v\u00edctima precisamente por ser culpable. Similar desdibujamiento de la frontera entre culpable y v\u00edctima se observa cuando se parte del otro polo. Puesto que la punici\u00f3n es un sufrimiento que se considera merecido, \u00bfqui\u00e9n sabe si todo sufrimiento no es, de una u otra manera, el castigo por una falta personal o colectiva, conocida o desconocida? Esta interrogaci\u00f3n, que verifica incluso en nuestras sociedades secularizadas la experiencia del duelo (&#8230;) recibe un refuerzo por parte de la demonizaci\u00f3n paralela que convierte el sufrimiento y el pecado en expresi\u00f3n de las mismas potencias mal\u00e9ficas. Tal es el fondo tenebroso, jam\u00e1s desmitificado por completo, que hace del mal un \u00fanico enigma.\u00bb<\/p>\n","protected":false},"excerpt":{"rendered":"<p>RICOEUR, PAUL<\/p>\n","protected":false},"featured_media":401311,"template":"","meta":{"_acf_changed":false,"om_disable_all_campaigns":false,"rs_blank_template":"","rs_page_bg_color":"","slide_template_v7":"","inline_featured_image":false,"_monsterinsights_skip_tracking":false,"_monsterinsights_sitenote_active":false,"_monsterinsights_sitenote_note":"","_monsterinsights_sitenote_category":0},"product_brand":[],"product_cat":[83,349],"product_tag":[],"class_list":{"0":"post-401310","1":"product","2":"type-product","3":"status-publish","4":"has-post-thumbnail","6":"product_cat-filosofia","7":"product_cat-filosofia-2_humanidades","9":"first","10":"instock","11":"taxable","12":"shipping-taxable","13":"purchasable","14":"product-type-simple"},"acf":{"autor":"RICOEUR, PAUL","codart":"846109002","libros-coleccion":"","ediciones":"1","encuadernacion":"R\u00fastica","fecha_de_publicacion":"01\/07\/2006","novedad":"0","paginas":"72","subtitulo":"","orden":"999","portada":"0","idioma":"spa","editorial":[{"ID":261807,"post_author":"3","post_date":"2022-10-24 11:16:06","post_date_gmt":"2022-10-24 09:16:06","post_content":"","post_title":"AMORRORTU, EDITORES","post_excerpt":"","post_status":"publish","comment_status":"closed","ping_status":"closed","post_password":"","post_name":"amorrortu-editores","to_ping":"","pinged":"","post_modified":"2022-10-24 11:16:06","post_modified_gmt":"2022-10-24 09:16:06","post_content_filtered":"","post_parent":0,"guid":"http:\/\/dev.claret.cat\/editorial\/amorrortu-editores\/","menu_order":0,"post_type":"editorial","post_mime_type":"","comment_count":"0","filter":"raw"}],"autores-libros":[{"ID":166751,"post_author":"3","post_date":"2022-10-14 18:05:45","post_date_gmt":"2022-10-14 16:05:45","post_content":"","post_title":"PAUL RICOEUR","post_excerpt":"","post_status":"publish","comment_status":"closed","ping_status":"closed","post_password":"","post_name":"paul-ricoeur","to_ping":"","pinged":"","post_modified":"2022-10-14 18:05:45","post_modified_gmt":"2022-10-14 16:05:45","post_content_filtered":"","post_parent":0,"guid":"http:\/\/dev.claret.cat\/autor\/paul-ricoeur\/","menu_order":0,"post_type":"autor","post_mime_type":"","comment_count":"0","filter":"raw"}]},"aioseo_notices":[],"_links":{"self":[{"href":"https:\/\/www.claret.cat\/es\/wp-json\/wp\/v2\/product\/401310","targetHints":{"allow":["GET"]}}],"collection":[{"href":"https:\/\/www.claret.cat\/es\/wp-json\/wp\/v2\/product"}],"about":[{"href":"https:\/\/www.claret.cat\/es\/wp-json\/wp\/v2\/types\/product"}],"wp:featuredmedia":[{"embeddable":true,"href":"https:\/\/www.claret.cat\/es\/wp-json\/wp\/v2\/media\/401311"}],"wp:attachment":[{"href":"https:\/\/www.claret.cat\/es\/wp-json\/wp\/v2\/media?parent=401310"}],"wp:term":[{"taxonomy":"product_brand","embeddable":true,"href":"https:\/\/www.claret.cat\/es\/wp-json\/wp\/v2\/product_brand?post=401310"},{"taxonomy":"product_cat","embeddable":true,"href":"https:\/\/www.claret.cat\/es\/wp-json\/wp\/v2\/product_cat?post=401310"},{"taxonomy":"product_tag","embeddable":true,"href":"https:\/\/www.claret.cat\/es\/wp-json\/wp\/v2\/product_tag?post=401310"}],"curies":[{"name":"wp","href":"https:\/\/api.w.org\/{rel}","templated":true}]}}