{"id":403595,"date":"2023-02-27T07:45:04","date_gmt":"2023-02-27T06:45:04","guid":{"rendered":"https:\/\/www.claret.cat\/llibre\/res-no-es-perfecte-a-hawaii-9788475886046\/"},"modified":"2024-01-31T21:12:35","modified_gmt":"2024-01-31T20:12:35","slug":"res-no-es-perfecte-a-hawaii-9788475886046","status":"publish","type":"product","link":"https:\/\/www.claret.cat\/es\/libro\/res-no-es-perfecte-a-hawaii-9788475886046\/","title":{"rendered":"RES NO \u00c9S PERFECTE A HAWAII"},"content":{"rendered":"<p>A l?illa de Hawaii se celebra un congr\u00e9s sobre el capit\u00e0 Cook, el m\u00edtic descobridor de l?arxip\u00e8lag, i la inauguraci\u00f3 d?un complex tur\u00edstic, per\u00f2 un accident saboteja la festivitat a l?illa. El jove periodista hawai\u00e0 Tom Rodley cobreix i investiga el succ\u00e9s, juntament amb Jane Auden, una antiga companya d?estudis atractiva i de temperament auda\u00e7. <br \/> La investigaci\u00f3 sobre el presumpte atemptat, l?enigma dels pares del jove Rodley i els interrogantshist\u00f2rics sobre el capit\u00e0 Cook s?encreuen en una novel\u00b7la que fa un panorama viv\u00edssim d?un pa\u00eds fascinant. L?illa que va ser el parad\u00eds del hippisme als anys setanta, que ara \u00e9s explotada tant per constructors i hotelers com per gurus que treuen suc de les tradicions paganes, \u00e9s el millor escenari per a una novel\u00b7la que absorbir\u00e0 el lector.<\/p>\n","protected":false},"excerpt":{"rendered":"<p>SERRA, M\u00c0RIUS<\/p>\n","protected":false},"featured_media":403596,"template":"","meta":{"_acf_changed":false,"om_disable_all_campaigns":false,"rs_blank_template":"","rs_page_bg_color":"","slide_template_v7":"","inline_featured_image":false,"_monsterinsights_skip_tracking":false,"_monsterinsights_sitenote_active":false,"_monsterinsights_sitenote_note":"","_monsterinsights_sitenote_category":0},"product_brand":[],"product_cat":[87,353],"product_tag":[],"class_list":{"0":"post-403595","1":"product","2":"type-product","3":"status-publish","4":"has-post-thumbnail","6":"product_cat-literatura","7":"product_cat-literatura-2_humanidades","9":"first","10":"instock","11":"taxable","12":"shipping-taxable","13":"purchasable","14":"product-type-simple"},"acf":{"autor":"SERRA, M\u00c0RIUS","codart":"847588604","libros-coleccion":"","ediciones":"1","encuadernacion":"R\u00fastica","fecha_de_publicacion":"01\/03\/2016","novedad":"0","paginas":"475","subtitulo":"","orden":"999","portada":"0","idioma":"cat","editorial":[{"ID":148696,"post_author":"3","post_date":"2022-10-14 12:00:16","post_date_gmt":"2022-10-14 10:00:16","post_content":"","post_title":"PROA, S.A. EDICIONS","post_excerpt":"","post_status":"publish","comment_status":"closed","ping_status":"closed","post_password":"","post_name":"proa-s-a-edicions","to_ping":"","pinged":"","post_modified":"2022-10-14 12:00:16","post_modified_gmt":"2022-10-14 10:00:16","post_content_filtered":"","post_parent":0,"guid":"http:\/\/dev.claret.cat\/editorial\/proa-s-a-edicions\/","menu_order":0,"post_type":"editorial","post_mime_type":"","comment_count":"0","filter":"raw"}],"autores-libros":[{"ID":164048,"post_author":"3","post_date":"2022-10-14 17:43:56","post_date_gmt":"2022-10-14 15:43:56","post_content":"","post_title":"MARIUS SERRA","post_excerpt":"","post_status":"publish","comment_status":"closed","ping_status":"closed","post_password":"","post_name":"marius-serra","to_ping":"","pinged":"","post_modified":"2022-10-14 17:43:56","post_modified_gmt":"2022-10-14 15:43:56","post_content_filtered":"","post_parent":0,"guid":"http:\/\/dev.claret.cat\/autor\/marius-serra\/","menu_order":0,"post_type":"autor","post_mime_type":"","comment_count":"0","filter":"raw"}]},"aioseo_notices":[],"_links":{"self":[{"href":"https:\/\/www.claret.cat\/es\/wp-json\/wp\/v2\/product\/403595","targetHints":{"allow":["GET"]}}],"collection":[{"href":"https:\/\/www.claret.cat\/es\/wp-json\/wp\/v2\/product"}],"about":[{"href":"https:\/\/www.claret.cat\/es\/wp-json\/wp\/v2\/types\/product"}],"wp:featuredmedia":[{"embeddable":true,"href":"https:\/\/www.claret.cat\/es\/wp-json\/wp\/v2\/media\/403596"}],"wp:attachment":[{"href":"https:\/\/www.claret.cat\/es\/wp-json\/wp\/v2\/media?parent=403595"}],"wp:term":[{"taxonomy":"product_brand","embeddable":true,"href":"https:\/\/www.claret.cat\/es\/wp-json\/wp\/v2\/product_brand?post=403595"},{"taxonomy":"product_cat","embeddable":true,"href":"https:\/\/www.claret.cat\/es\/wp-json\/wp\/v2\/product_cat?post=403595"},{"taxonomy":"product_tag","embeddable":true,"href":"https:\/\/www.claret.cat\/es\/wp-json\/wp\/v2\/product_tag?post=403595"}],"curies":[{"name":"wp","href":"https:\/\/api.w.org\/{rel}","templated":true}]}}