{"id":40548,"date":"2022-10-02T19:26:16","date_gmt":"2022-10-02T17:26:16","guid":{"rendered":"http:\/\/dev.claret.cat\/producte\/cuentos-para-educar-sin-estereotipos\/"},"modified":"2023-10-06T10:08:29","modified_gmt":"2023-10-06T08:08:29","slug":"cuentos-para-educar-sin-estereotipos-9788418817274","status":"publish","type":"product","link":"https:\/\/www.claret.cat\/es\/libro\/cuentos-para-educar-sin-estereotipos-9788418817274\/","title":{"rendered":"CUENTOS PARA EDUCAR SIN ESTEREOTIPOS"},"content":{"rendered":"<p>Seis cuentos para que los peques crezcan libres de estereotipos, \u00a1que nada les pare! \u00bfCu\u00e1ntas veces has escuchado expresiones como \u00abesto es de ni\u00f1os\u00bb o \u00abesto es de ni\u00f1as\u00bb? \u00bfPor qu\u00e9 Pepe no puede disfrazarse de Mar\u00eda Antonieta? \u00bfQui\u00e9n ha dicho que Daniela no puede ser la mejor pirata del mundo? \u00bfPor qu\u00e9 hay un pasillo de juguetes para ni\u00f1os y otro para ni\u00f1as? \u00a1Atr\u00e9vete a cambiar la respuesta a estas preguntas! Porque las ni\u00f1as  pueden ser piratas y los ni\u00f1os pueden ser princesas. Y porque el color rosa nos puede gustar a todos. A trav\u00e9s de estas seis historias, tus peques aprender\u00e1n que pueden y  deben ser libres a la hora de escoger juguetes, colores, prendas de ropa  o cualquier otra cosa, y que eso no les hace ser m\u00e1s o menos ni\u00f1as o  ni\u00f1os. \u00a1Somos personas con gustos diferentes y en la diversidad est\u00e1 la riqueza! Crece sin l\u00edmites con los cuentos para educar sin estereotipos.<\/p>\n","protected":false},"excerpt":{"rendered":"<p>OUI OUI, MARIA<\/p>\n","protected":false},"featured_media":57063,"template":"","meta":{"_acf_changed":false,"om_disable_all_campaigns":false,"rs_blank_template":"","rs_page_bg_color":"","slide_template_v7":"","inline_featured_image":false,"_monsterinsights_skip_tracking":false},"product_brand":[],"product_cat":[362],"product_tag":[],"class_list":["post-40548","product","type-product","status-publish","has-post-thumbnail","product_cat-libros-preadolescentes-6-12-anos","first","instock","taxable","shipping-taxable","purchasable","product-type-simple"],"acf":{"autor":"OUI OUI, MARIA","codart":"841881727","libros-coleccion":"","ediciones":"1","encuadernacion":"Carton\u00e9","fecha_de_publicacion":"01\/03\/2022","novedad":"1","paginas":"72","subtitulo":"","orden":"0","portada":"0","idioma":"spa","editorial":[{"ID":148657,"post_author":"3","post_date":"2022-10-14 11:59:58","post_date_gmt":"2022-10-14 09:59:58","post_content":"","post_title":"Penguin Kids","post_excerpt":"","post_status":"publish","comment_status":"closed","ping_status":"closed","post_password":"","post_name":"penguin-kids","to_ping":"","pinged":"","post_modified":"2022-10-14 11:59:58","post_modified_gmt":"2022-10-14 09:59:58","post_content_filtered":"","post_parent":0,"guid":"http:\/\/dev.claret.cat\/editorial\/penguin-kids\/","menu_order":0,"post_type":"editorial","post_mime_type":"","comment_count":"0","filter":"raw"}],"autores-libros":[{"ID":163734,"post_author":"3","post_date":"2022-10-14 17:41:25","post_date_gmt":"2022-10-14 15:41:25","post_content":"","post_title":"MARIA OUI OUI","post_excerpt":"","post_status":"publish","comment_status":"closed","ping_status":"closed","post_password":"","post_name":"maria-oui-oui","to_ping":"","pinged":"","post_modified":"2022-10-14 17:41:25","post_modified_gmt":"2022-10-14 15:41:25","post_content_filtered":"","post_parent":0,"guid":"http:\/\/dev.claret.cat\/autor\/maria-oui-oui\/","menu_order":0,"post_type":"autor","post_mime_type":"","comment_count":"0","filter":"raw"}]},"aioseo_notices":[],"aioseo_head":"\n\t\t<!-- All in One SEO Pro 5.0.1.1 - aioseo.com -->\n\t<meta name=\"description\" content=\"CUENTOS PARA EDUCAR SIN ESTEREOTIPOS de OUI OUI, MARIA disponible a\/en Llibreria Claret.\" \/>\n\t<meta name=\"robots\" content=\"max-image-preview:large\" \/>\n\t<meta name=\"google-site-verification\" content=\"xVtlFxJ-TfkIu-D-lt7XeLobefg5EIQiXTuqcSf8Rf0\" \/>\n\t<link rel=\"canonical\" href=\"https:\/\/www.claret.cat\/es\/libro\/cuentos-para-educar-sin-estereotipos-9788418817274\/\" \/>\n\t<meta name=\"generator\" content=\"All in One SEO Pro (AIOSEO) 5.0.1.1\" \/>\n\t\t<meta property=\"og:locale\" content=\"es_ES\" \/>\n\t\t<meta property=\"og:site_name\" content=\"Llibreria Claret - Llibreria religiosa a Barcelona\" \/>\n\t\t<meta property=\"og:type\" content=\"article\" \/>\n\t\t<meta property=\"og:title\" content=\"CUENTOS PARA EDUCAR SIN ESTEREOTIPOS - OUI OUI, MARIA 9788418817274 | Llibreria Claret\" \/>\n\t\t<meta property=\"og:description\" content=\"CUENTOS PARA EDUCAR SIN ESTEREOTIPOS de OUI OUI, MARIA disponible a\/en Llibreria Claret.\" \/>\n\t\t<meta property=\"og:url\" content=\"https:\/\/www.claret.cat\/es\/libro\/cuentos-para-educar-sin-estereotipos-9788418817274\/\" \/>\n\t\t<meta property=\"og:image\" content=\"https:\/\/dev.claret.cat\/wp-content\/uploads\/logo-claret.svg\" \/>\n\t\t<meta property=\"og:image:secure_url\" content=\"https:\/\/dev.claret.cat\/wp-content\/uploads\/logo-claret.svg\" \/>\n\t\t<meta property=\"article:published_time\" content=\"2022-10-02T17:26:16+00:00\" \/>\n\t\t<meta property=\"article:modified_time\" content=\"2023-10-06T08:08:29+00:00\" \/>\n\t\t<meta property=\"article:publisher\" content=\"https:\/\/www.facebook.com\/LlibreriaClaret\" \/>\n\t\t<meta name=\"twitter:card\" content=\"summary_large_image\" \/>\n\t\t<meta name=\"twitter:site\" content=\"@LlibreriaClaret\" \/>\n\t\t<meta name=\"twitter:title\" content=\"CUENTOS PARA EDUCAR SIN ESTEREOTIPOS - OUI OUI, MARIA 9788418817274 | Llibreria Claret\" \/>\n\t\t<meta name=\"twitter:description\" content=\"CUENTOS PARA EDUCAR SIN ESTEREOTIPOS de OUI OUI, MARIA disponible a\/en Llibreria Claret.\" \/>\n\t\t<meta name=\"twitter:image\" content=\"http:\/\/dev.claret.cat\/wp-content\/uploads\/logo-claret.svg\" \/>\n\t\t<script type=\"application\/ld+json\" class=\"aioseo-schema\">\n\t\t\t{\"@context\":\"https:\\\/\\\/schema.org\",\"@graph\":[{\"@type\":\"BreadcrumbList\",\"@id\":\"https:\\\/\\\/www.claret.cat\\\/es\\\/libro\\\/cuentos-para-educar-sin-estereotipos-9788418817274\\\/#breadcrumblist\",\"itemListElement\":[{\"@type\":\"ListItem\",\"@id\":\"https:\\\/\\\/www.claret.cat\\\/es\\\/#listItem\",\"position\":1,\"name\":\"Home\",\"item\":\"https:\\\/\\\/www.claret.cat\\\/es\\\/\",\"nextItem\":{\"@type\":\"ListItem\",\"@id\":\"https:\\\/\\\/www.claret.cat\\\/?page_id=16#listItem\",\"name\":\"Botiga\"}},{\"@type\":\"ListItem\",\"@id\":\"https:\\\/\\\/www.claret.cat\\\/?page_id=16#listItem\",\"position\":2,\"name\":\"Botiga\",\"item\":\"https:\\\/\\\/www.claret.cat\\\/?page_id=16\",\"nextItem\":{\"@type\":\"ListItem\",\"@id\":\"https:\\\/\\\/www.claret.cat\\\/categoria-producto\\\/spa\\\/#listItem\",\"name\":\"SPA\"},\"previousItem\":{\"@type\":\"ListItem\",\"@id\":\"https:\\\/\\\/www.claret.cat\\\/es\\\/#listItem\",\"name\":\"Home\"}},{\"@type\":\"ListItem\",\"@id\":\"https:\\\/\\\/www.claret.cat\\\/categoria-producto\\\/spa\\\/#listItem\",\"position\":3,\"name\":\"SPA\",\"item\":\"https:\\\/\\\/www.claret.cat\\\/categoria-producto\\\/spa\\\/\",\"nextItem\":{\"@type\":\"ListItem\",\"@id\":\"https:\\\/\\\/www.claret.cat\\\/es\\\/categoria-producto\\\/spa\\\/3_infantil-juvenil-spa\\\/#listItem\",\"name\":\"Infantil\\\/Juvenil\"},\"previousItem\":{\"@type\":\"ListItem\",\"@id\":\"https:\\\/\\\/www.claret.cat\\\/?page_id=16#listItem\",\"name\":\"Botiga\"}},{\"@type\":\"ListItem\",\"@id\":\"https:\\\/\\\/www.claret.cat\\\/es\\\/categoria-producto\\\/spa\\\/3_infantil-juvenil-spa\\\/#listItem\",\"position\":4,\"name\":\"Infantil\\\/Juvenil\",\"item\":\"https:\\\/\\\/www.claret.cat\\\/es\\\/categoria-producto\\\/spa\\\/3_infantil-juvenil-spa\\\/\",\"nextItem\":{\"@type\":\"ListItem\",\"@id\":\"https:\\\/\\\/www.claret.cat\\\/es\\\/categoria-producto\\\/spa\\\/3_infantil-juvenil-spa\\\/infantil-3_infantil-juvenil-spa\\\/#listItem\",\"name\":\"Infantil\"},\"previousItem\":{\"@type\":\"ListItem\",\"@id\":\"https:\\\/\\\/www.claret.cat\\\/categoria-producto\\\/spa\\\/#listItem\",\"name\":\"SPA\"}},{\"@type\":\"ListItem\",\"@id\":\"https:\\\/\\\/www.claret.cat\\\/es\\\/categoria-producto\\\/spa\\\/3_infantil-juvenil-spa\\\/infantil-3_infantil-juvenil-spa\\\/#listItem\",\"position\":5,\"name\":\"Infantil\",\"item\":\"https:\\\/\\\/www.claret.cat\\\/es\\\/categoria-producto\\\/spa\\\/3_infantil-juvenil-spa\\\/infantil-3_infantil-juvenil-spa\\\/\",\"nextItem\":{\"@type\":\"ListItem\",\"@id\":\"https:\\\/\\\/www.claret.cat\\\/es\\\/categoria-producto\\\/spa\\\/3_infantil-juvenil-spa\\\/infantil-3_infantil-juvenil-spa\\\/libros-preadolescentes-6-12-anos\\\/#listItem\",\"name\":\"Lecturas para preadolescentes 6 - 12 a\\u00f1os\"},\"previousItem\":{\"@type\":\"ListItem\",\"@id\":\"https:\\\/\\\/www.claret.cat\\\/es\\\/categoria-producto\\\/spa\\\/3_infantil-juvenil-spa\\\/#listItem\",\"name\":\"Infantil\\\/Juvenil\"}},{\"@type\":\"ListItem\",\"@id\":\"https:\\\/\\\/www.claret.cat\\\/es\\\/categoria-producto\\\/spa\\\/3_infantil-juvenil-spa\\\/infantil-3_infantil-juvenil-spa\\\/libros-preadolescentes-6-12-anos\\\/#listItem\",\"position\":6,\"name\":\"Lecturas para preadolescentes 6 - 12 a\\u00f1os\",\"item\":\"https:\\\/\\\/www.claret.cat\\\/es\\\/categoria-producto\\\/spa\\\/3_infantil-juvenil-spa\\\/infantil-3_infantil-juvenil-spa\\\/libros-preadolescentes-6-12-anos\\\/\",\"nextItem\":{\"@type\":\"ListItem\",\"@id\":\"https:\\\/\\\/www.claret.cat\\\/es\\\/libro\\\/cuentos-para-educar-sin-estereotipos-9788418817274\\\/#listItem\",\"name\":\"CUENTOS PARA EDUCAR SIN ESTEREOTIPOS\"},\"previousItem\":{\"@type\":\"ListItem\",\"@id\":\"https:\\\/\\\/www.claret.cat\\\/es\\\/categoria-producto\\\/spa\\\/3_infantil-juvenil-spa\\\/infantil-3_infantil-juvenil-spa\\\/#listItem\",\"name\":\"Infantil\"}},{\"@type\":\"ListItem\",\"@id\":\"https:\\\/\\\/www.claret.cat\\\/es\\\/libro\\\/cuentos-para-educar-sin-estereotipos-9788418817274\\\/#listItem\",\"position\":7,\"name\":\"CUENTOS PARA EDUCAR SIN ESTEREOTIPOS\",\"previousItem\":{\"@type\":\"ListItem\",\"@id\":\"https:\\\/\\\/www.claret.cat\\\/es\\\/categoria-producto\\\/spa\\\/3_infantil-juvenil-spa\\\/infantil-3_infantil-juvenil-spa\\\/libros-preadolescentes-6-12-anos\\\/#listItem\",\"name\":\"Lecturas para preadolescentes 6 - 12 a\\u00f1os\"}}]},{\"@type\":\"ItemPage\",\"@id\":\"https:\\\/\\\/www.claret.cat\\\/es\\\/libro\\\/cuentos-para-educar-sin-estereotipos-9788418817274\\\/#itempage\",\"url\":\"https:\\\/\\\/www.claret.cat\\\/es\\\/libro\\\/cuentos-para-educar-sin-estereotipos-9788418817274\\\/\",\"name\":\"CUENTOS PARA EDUCAR SIN ESTEREOTIPOS - OUI OUI, MARIA 9788418817274 | Llibreria Claret\",\"description\":\"CUENTOS PARA EDUCAR SIN ESTEREOTIPOS de OUI OUI, MARIA disponible a\\\/en Llibreria Claret.\",\"inLanguage\":\"es-ES\",\"isPartOf\":{\"@id\":\"https:\\\/\\\/www.claret.cat\\\/es\\\/#website\"},\"breadcrumb\":{\"@id\":\"https:\\\/\\\/www.claret.cat\\\/es\\\/libro\\\/cuentos-para-educar-sin-estereotipos-9788418817274\\\/#breadcrumblist\"},\"image\":{\"@type\":\"ImageObject\",\"url\":\"https:\\\/\\\/www.claret.cat\\\/wp-content\\\/uploads\\\/.\\\/9788418817274.jpg\",\"@id\":\"https:\\\/\\\/www.claret.cat\\\/es\\\/libro\\\/cuentos-para-educar-sin-estereotipos-9788418817274\\\/#mainImage\",\"width\":225,\"height\":314,\"caption\":\"9788418817274.jpg\"},\"primaryImageOfPage\":{\"@id\":\"https:\\\/\\\/www.claret.cat\\\/es\\\/libro\\\/cuentos-para-educar-sin-estereotipos-9788418817274\\\/#mainImage\"},\"datePublished\":\"2022-10-02T19:26:16+02:00\",\"dateModified\":\"2023-10-06T10:08:29+02:00\"},{\"@type\":\"Organization\",\"@id\":\"https:\\\/\\\/www.claret.cat\\\/es\\\/#organization\",\"name\":\"Llibreria Claret\",\"description\":\"Llibreria religiosa a Barcelona\",\"url\":\"https:\\\/\\\/www.claret.cat\\\/es\\\/\",\"email\":\"comunicacio@claret.cat\",\"telephone\":\"+34933010887\",\"logo\":{\"@type\":\"ImageObject\",\"url\":\"https:\\\/\\\/www.claret.cat\\\/wp-content\\\/uploads\\\/.\\\/logo-claret-es.png\",\"@id\":\"https:\\\/\\\/www.claret.cat\\\/es\\\/libro\\\/cuentos-para-educar-sin-estereotipos-9788418817274\\\/#organizationLogo\",\"width\":195,\"height\":79},\"image\":{\"@id\":\"https:\\\/\\\/www.claret.cat\\\/es\\\/libro\\\/cuentos-para-educar-sin-estereotipos-9788418817274\\\/#organizationLogo\"},\"sameAs\":[\"https:\\\/\\\/www.facebook.com\\\/LlibreriaClaret\",\"https:\\\/\\\/twitter.com\\\/LlibreriaClaret\",\"https:\\\/\\\/www.instagram.com\\\/llibreriaclaret\\\/\",\"https:\\\/\\\/www.tiktok.com\\\/@llibreriaclaret\",\"https:\\\/\\\/www.youtube.com\\\/@llibreriaclaret\",\"https:\\\/\\\/ca.wikipedia.org\\\/wiki\\\/Editorial_Claret\"]},{\"@type\":\"WebPage\",\"@id\":\"https:\\\/\\\/www.claret.cat\\\/es\\\/libro\\\/cuentos-para-educar-sin-estereotipos-9788418817274\\\/#webpage\",\"url\":\"https:\\\/\\\/www.claret.cat\\\/es\\\/libro\\\/cuentos-para-educar-sin-estereotipos-9788418817274\\\/\",\"name\":\"CUENTOS PARA EDUCAR SIN ESTEREOTIPOS - OUI OUI, MARIA 9788418817274 | Llibreria Claret\",\"description\":\"CUENTOS PARA EDUCAR SIN ESTEREOTIPOS de OUI OUI, MARIA disponible a\\\/en Llibreria Claret.\",\"inLanguage\":\"es-ES\",\"isPartOf\":{\"@id\":\"https:\\\/\\\/www.claret.cat\\\/es\\\/#website\"},\"breadcrumb\":{\"@id\":\"https:\\\/\\\/www.claret.cat\\\/es\\\/libro\\\/cuentos-para-educar-sin-estereotipos-9788418817274\\\/#breadcrumblist\"},\"image\":{\"@type\":\"ImageObject\",\"url\":\"https:\\\/\\\/www.claret.cat\\\/wp-content\\\/uploads\\\/.\\\/9788418817274.jpg\",\"@id\":\"https:\\\/\\\/www.claret.cat\\\/es\\\/libro\\\/cuentos-para-educar-sin-estereotipos-9788418817274\\\/#mainImage\",\"width\":225,\"height\":314,\"caption\":\"9788418817274.jpg\"},\"primaryImageOfPage\":{\"@id\":\"https:\\\/\\\/www.claret.cat\\\/es\\\/libro\\\/cuentos-para-educar-sin-estereotipos-9788418817274\\\/#mainImage\"},\"datePublished\":\"2022-10-02T19:26:16+02:00\",\"dateModified\":\"2023-10-06T10:08:29+02:00\"},{\"@type\":\"WebSite\",\"@id\":\"https:\\\/\\\/www.claret.cat\\\/es\\\/#website\",\"url\":\"https:\\\/\\\/www.claret.cat\\\/es\\\/\",\"name\":\"Llibreria Claret Barcelona\",\"alternateName\":\"Llibreria Claret\",\"description\":\"Llibreria religiosa a Barcelona\",\"inLanguage\":\"es-ES\",\"publisher\":{\"@id\":\"https:\\\/\\\/www.claret.cat\\\/es\\\/#organization\"}}]}\n\t\t<\/script>\n\t\t<!-- All in One SEO Pro -->\r\n\t\t<title>CUENTOS PARA EDUCAR SIN ESTEREOTIPOS - OUI OUI, MARIA 9788418817274 | Llibreria Claret<\/title>\n\n","aioseo_head_json":{"title":"CUENTOS PARA EDUCAR SIN ESTEREOTIPOS - OUI OUI, MARIA 9788418817274 | Llibreria Claret","description":"CUENTOS PARA EDUCAR SIN ESTEREOTIPOS de OUI OUI, MARIA disponible a\/en Llibreria Claret.","canonical_url":"https:\/\/www.claret.cat\/es\/libro\/cuentos-para-educar-sin-estereotipos-9788418817274\/","robots":"max-image-preview:large","keywords":"","webmasterTools":{"google-site-verification":"xVtlFxJ-TfkIu-D-lt7XeLobefg5EIQiXTuqcSf8Rf0","miscellaneous":""},"schema":{"@context":"https:\/\/schema.org","@graph":[{"@type":"BreadcrumbList","@id":"https:\/\/www.claret.cat\/es\/libro\/cuentos-para-educar-sin-estereotipos-9788418817274\/#breadcrumblist","itemListElement":[{"@type":"ListItem","@id":"https:\/\/www.claret.cat\/es\/#listItem","position":1,"name":"Home","item":"https:\/\/www.claret.cat\/es\/","nextItem":{"@type":"ListItem","@id":"https:\/\/www.claret.cat\/?page_id=16#listItem","name":"Botiga"}},{"@type":"ListItem","@id":"https:\/\/www.claret.cat\/?page_id=16#listItem","position":2,"name":"Botiga","item":"https:\/\/www.claret.cat\/?page_id=16","nextItem":{"@type":"ListItem","@id":"https:\/\/www.claret.cat\/categoria-producto\/spa\/#listItem","name":"SPA"},"previousItem":{"@type":"ListItem","@id":"https:\/\/www.claret.cat\/es\/#listItem","name":"Home"}},{"@type":"ListItem","@id":"https:\/\/www.claret.cat\/categoria-producto\/spa\/#listItem","position":3,"name":"SPA","item":"https:\/\/www.claret.cat\/categoria-producto\/spa\/","nextItem":{"@type":"ListItem","@id":"https:\/\/www.claret.cat\/es\/categoria-producto\/spa\/3_infantil-juvenil-spa\/#listItem","name":"Infantil\/Juvenil"},"previousItem":{"@type":"ListItem","@id":"https:\/\/www.claret.cat\/?page_id=16#listItem","name":"Botiga"}},{"@type":"ListItem","@id":"https:\/\/www.claret.cat\/es\/categoria-producto\/spa\/3_infantil-juvenil-spa\/#listItem","position":4,"name":"Infantil\/Juvenil","item":"https:\/\/www.claret.cat\/es\/categoria-producto\/spa\/3_infantil-juvenil-spa\/","nextItem":{"@type":"ListItem","@id":"https:\/\/www.claret.cat\/es\/categoria-producto\/spa\/3_infantil-juvenil-spa\/infantil-3_infantil-juvenil-spa\/#listItem","name":"Infantil"},"previousItem":{"@type":"ListItem","@id":"https:\/\/www.claret.cat\/categoria-producto\/spa\/#listItem","name":"SPA"}},{"@type":"ListItem","@id":"https:\/\/www.claret.cat\/es\/categoria-producto\/spa\/3_infantil-juvenil-spa\/infantil-3_infantil-juvenil-spa\/#listItem","position":5,"name":"Infantil","item":"https:\/\/www.claret.cat\/es\/categoria-producto\/spa\/3_infantil-juvenil-spa\/infantil-3_infantil-juvenil-spa\/","nextItem":{"@type":"ListItem","@id":"https:\/\/www.claret.cat\/es\/categoria-producto\/spa\/3_infantil-juvenil-spa\/infantil-3_infantil-juvenil-spa\/libros-preadolescentes-6-12-anos\/#listItem","name":"Lecturas para preadolescentes 6 - 12 a\u00f1os"},"previousItem":{"@type":"ListItem","@id":"https:\/\/www.claret.cat\/es\/categoria-producto\/spa\/3_infantil-juvenil-spa\/#listItem","name":"Infantil\/Juvenil"}},{"@type":"ListItem","@id":"https:\/\/www.claret.cat\/es\/categoria-producto\/spa\/3_infantil-juvenil-spa\/infantil-3_infantil-juvenil-spa\/libros-preadolescentes-6-12-anos\/#listItem","position":6,"name":"Lecturas para preadolescentes 6 - 12 a\u00f1os","item":"https:\/\/www.claret.cat\/es\/categoria-producto\/spa\/3_infantil-juvenil-spa\/infantil-3_infantil-juvenil-spa\/libros-preadolescentes-6-12-anos\/","nextItem":{"@type":"ListItem","@id":"https:\/\/www.claret.cat\/es\/libro\/cuentos-para-educar-sin-estereotipos-9788418817274\/#listItem","name":"CUENTOS PARA EDUCAR SIN ESTEREOTIPOS"},"previousItem":{"@type":"ListItem","@id":"https:\/\/www.claret.cat\/es\/categoria-producto\/spa\/3_infantil-juvenil-spa\/infantil-3_infantil-juvenil-spa\/#listItem","name":"Infantil"}},{"@type":"ListItem","@id":"https:\/\/www.claret.cat\/es\/libro\/cuentos-para-educar-sin-estereotipos-9788418817274\/#listItem","position":7,"name":"CUENTOS PARA EDUCAR SIN ESTEREOTIPOS","previousItem":{"@type":"ListItem","@id":"https:\/\/www.claret.cat\/es\/categoria-producto\/spa\/3_infantil-juvenil-spa\/infantil-3_infantil-juvenil-spa\/libros-preadolescentes-6-12-anos\/#listItem","name":"Lecturas para preadolescentes 6 - 12 a\u00f1os"}}]},{"@type":"ItemPage","@id":"https:\/\/www.claret.cat\/es\/libro\/cuentos-para-educar-sin-estereotipos-9788418817274\/#itempage","url":"https:\/\/www.claret.cat\/es\/libro\/cuentos-para-educar-sin-estereotipos-9788418817274\/","name":"CUENTOS PARA EDUCAR SIN ESTEREOTIPOS - OUI OUI, MARIA 9788418817274 | Llibreria Claret","description":"CUENTOS PARA EDUCAR SIN ESTEREOTIPOS de OUI OUI, MARIA disponible a\/en Llibreria Claret.","inLanguage":"es-ES","isPartOf":{"@id":"https:\/\/www.claret.cat\/es\/#website"},"breadcrumb":{"@id":"https:\/\/www.claret.cat\/es\/libro\/cuentos-para-educar-sin-estereotipos-9788418817274\/#breadcrumblist"},"image":{"@type":"ImageObject","url":"https:\/\/www.claret.cat\/wp-content\/uploads\/.\/9788418817274.jpg","@id":"https:\/\/www.claret.cat\/es\/libro\/cuentos-para-educar-sin-estereotipos-9788418817274\/#mainImage","width":225,"height":314,"caption":"9788418817274.jpg"},"primaryImageOfPage":{"@id":"https:\/\/www.claret.cat\/es\/libro\/cuentos-para-educar-sin-estereotipos-9788418817274\/#mainImage"},"datePublished":"2022-10-02T19:26:16+02:00","dateModified":"2023-10-06T10:08:29+02:00"},{"@type":"Organization","@id":"https:\/\/www.claret.cat\/es\/#organization","name":"Llibreria Claret","description":"Llibreria religiosa a Barcelona","url":"https:\/\/www.claret.cat\/es\/","email":"comunicacio@claret.cat","telephone":"+34933010887","logo":{"@type":"ImageObject","url":"https:\/\/www.claret.cat\/wp-content\/uploads\/.\/logo-claret-es.png","@id":"https:\/\/www.claret.cat\/es\/libro\/cuentos-para-educar-sin-estereotipos-9788418817274\/#organizationLogo","width":195,"height":79},"image":{"@id":"https:\/\/www.claret.cat\/es\/libro\/cuentos-para-educar-sin-estereotipos-9788418817274\/#organizationLogo"},"sameAs":["https:\/\/www.facebook.com\/LlibreriaClaret","https:\/\/twitter.com\/LlibreriaClaret","https:\/\/www.instagram.com\/llibreriaclaret\/","https:\/\/www.tiktok.com\/@llibreriaclaret","https:\/\/www.youtube.com\/@llibreriaclaret","https:\/\/ca.wikipedia.org\/wiki\/Editorial_Claret"]},{"@type":"WebPage","@id":"https:\/\/www.claret.cat\/es\/libro\/cuentos-para-educar-sin-estereotipos-9788418817274\/#webpage","url":"https:\/\/www.claret.cat\/es\/libro\/cuentos-para-educar-sin-estereotipos-9788418817274\/","name":"CUENTOS PARA EDUCAR SIN ESTEREOTIPOS - OUI OUI, MARIA 9788418817274 | Llibreria Claret","description":"CUENTOS PARA EDUCAR SIN ESTEREOTIPOS de OUI OUI, MARIA disponible a\/en Llibreria Claret.","inLanguage":"es-ES","isPartOf":{"@id":"https:\/\/www.claret.cat\/es\/#website"},"breadcrumb":{"@id":"https:\/\/www.claret.cat\/es\/libro\/cuentos-para-educar-sin-estereotipos-9788418817274\/#breadcrumblist"},"image":{"@type":"ImageObject","url":"https:\/\/www.claret.cat\/wp-content\/uploads\/.\/9788418817274.jpg","@id":"https:\/\/www.claret.cat\/es\/libro\/cuentos-para-educar-sin-estereotipos-9788418817274\/#mainImage","width":225,"height":314,"caption":"9788418817274.jpg"},"primaryImageOfPage":{"@id":"https:\/\/www.claret.cat\/es\/libro\/cuentos-para-educar-sin-estereotipos-9788418817274\/#mainImage"},"datePublished":"2022-10-02T19:26:16+02:00","dateModified":"2023-10-06T10:08:29+02:00"},{"@type":"WebSite","@id":"https:\/\/www.claret.cat\/es\/#website","url":"https:\/\/www.claret.cat\/es\/","name":"Llibreria Claret Barcelona","alternateName":"Llibreria Claret","description":"Llibreria religiosa a Barcelona","inLanguage":"es-ES","publisher":{"@id":"https:\/\/www.claret.cat\/es\/#organization"}}]},"og:locale":"es_ES","og:site_name":"Llibreria Claret - Llibreria religiosa a Barcelona","og:type":"article","og:title":"CUENTOS PARA EDUCAR SIN ESTEREOTIPOS - OUI OUI, MARIA 9788418817274 | Llibreria Claret","og:description":"CUENTOS PARA EDUCAR SIN ESTEREOTIPOS de OUI OUI, MARIA disponible a\/en Llibreria Claret.","og:url":"https:\/\/www.claret.cat\/es\/libro\/cuentos-para-educar-sin-estereotipos-9788418817274\/","og:image":"https:\/\/dev.claret.cat\/wp-content\/uploads\/logo-claret.svg","og:image:secure_url":"https:\/\/dev.claret.cat\/wp-content\/uploads\/logo-claret.svg","article:published_time":"2022-10-02T17:26:16+00:00","article:modified_time":"2023-10-06T08:08:29+00:00","article:publisher":"https:\/\/www.facebook.com\/LlibreriaClaret","twitter:card":"summary_large_image","twitter:site":"@LlibreriaClaret","twitter:title":"CUENTOS PARA EDUCAR SIN ESTEREOTIPOS - OUI OUI, MARIA 9788418817274 | Llibreria Claret","twitter:description":"CUENTOS PARA EDUCAR SIN ESTEREOTIPOS de OUI OUI, MARIA disponible a\/en Llibreria Claret.","twitter:image":"http:\/\/dev.claret.cat\/wp-content\/uploads\/logo-claret.svg"},"aioseo_meta_data":{"post_id":"40548","title":null,"description":null,"keywords":null,"keyphrases":null,"primary_term":null,"canonical_url":null,"og_title":null,"og_description":null,"og_object_type":"default","og_image_type":"default","og_image_url":null,"og_image_width":null,"og_image_height":null,"og_image_custom_url":null,"og_image_custom_fields":null,"og_video":null,"og_custom_url":null,"og_article_section":null,"og_article_tags":null,"twitter_use_og":false,"twitter_card":"default","twitter_image_type":"default","twitter_image_url":null,"twitter_image_custom_url":null,"twitter_image_custom_fields":null,"twitter_title":null,"twitter_description":null,"schema":{"blockGraphs":[],"customGraphs":[],"default":{"data":{"Article":[],"Course":[],"Dataset":[],"FAQPage":[],"Movie":[],"Person":[],"Product":[],"ProductReview":[],"Car":[],"Recipe":[],"Service":[],"SoftwareApplication":[],"WebPage":[]},"graphName":"","isEnabled":true},"graphs":[]},"schema_type":"default","schema_type_options":null,"pillar_content":false,"robots_default":true,"robots_noindex":false,"robots_noarchive":false,"robots_nosnippet":false,"robots_nofollow":false,"robots_noimageindex":false,"robots_noodp":false,"robots_notranslate":false,"robots_max_snippet":null,"robots_max_videopreview":null,"robots_max_imagepreview":"large","priority":null,"frequency":null,"local_seo":null,"seo_analyzer_scan_date":"2025-11-13 08:27:24","breadcrumb_settings":null,"limit_modified_date":false,"open_ai":null,"ai":null,"created":"2022-12-18 15:25:40","updated":"2025-11-13 08:27:24","focus_keyword":null,"additional_keywords":null,"truseo_locale":null},"aioseo_breadcrumb":"<div class=\"aioseo-breadcrumbs\"><span class=\"aioseo-breadcrumb\">\n\t<a href=\"https:\/\/www.claret.cat\/es\/\" title=\"Home\">Home<\/a>\n<\/span><span class=\"aioseo-breadcrumb-separator\">&raquo;<\/span><span class=\"aioseo-breadcrumb\">\n\t<a href=\"https:\/\/www.claret.cat\/?page_id=16\" title=\"Botiga\">Botiga<\/a>\n<\/span><span class=\"aioseo-breadcrumb-separator\">&raquo;<\/span><span class=\"aioseo-breadcrumb\">\n\t<a href=\"https:\/\/www.claret.cat\/categoria-producto\/spa\/\" title=\"SPA\">SPA<\/a>\n<\/span><span class=\"aioseo-breadcrumb-separator\">&raquo;<\/span><span class=\"aioseo-breadcrumb\">\n\t<a href=\"https:\/\/www.claret.cat\/es\/categoria-producto\/spa\/3_infantil-juvenil-spa\/\" title=\"Infantil\/Juvenil\">Infantil\/Juvenil<\/a>\n<\/span><span class=\"aioseo-breadcrumb-separator\">&raquo;<\/span><span class=\"aioseo-breadcrumb\">\n\t<a href=\"https:\/\/www.claret.cat\/es\/categoria-producto\/spa\/3_infantil-juvenil-spa\/infantil-3_infantil-juvenil-spa\/\" title=\"Infantil\">Infantil<\/a>\n<\/span><span class=\"aioseo-breadcrumb-separator\">&raquo;<\/span><span class=\"aioseo-breadcrumb\">\n\t<a href=\"https:\/\/www.claret.cat\/es\/categoria-producto\/spa\/3_infantil-juvenil-spa\/infantil-3_infantil-juvenil-spa\/libros-preadolescentes-6-12-anos\/\" title=\"Lecturas para preadolescentes 6 - 12 a\u00f1os\">Lecturas para preadolescentes 6 - 12 a\u00f1os<\/a>\n<\/span><span class=\"aioseo-breadcrumb-separator\">&raquo;<\/span><span class=\"aioseo-breadcrumb\">\n\tCUENTOS PARA EDUCAR SIN ESTEREOTIPOS\n<\/span><\/div>","aioseo_breadcrumb_json":[{"label":"Home","link":"https:\/\/www.claret.cat\/es\/"},{"label":"Botiga","link":"https:\/\/www.claret.cat\/?page_id=16"},{"label":"SPA","link":"https:\/\/www.claret.cat\/categoria-producto\/spa\/"},{"label":"Infantil\/Juvenil","link":"https:\/\/www.claret.cat\/es\/categoria-producto\/spa\/3_infantil-juvenil-spa\/"},{"label":"Infantil","link":"https:\/\/www.claret.cat\/es\/categoria-producto\/spa\/3_infantil-juvenil-spa\/infantil-3_infantil-juvenil-spa\/"},{"label":"Lecturas para preadolescentes 6 - 12 a\u00f1os","link":"https:\/\/www.claret.cat\/es\/categoria-producto\/spa\/3_infantil-juvenil-spa\/infantil-3_infantil-juvenil-spa\/libros-preadolescentes-6-12-anos\/"},{"label":"CUENTOS PARA EDUCAR SIN ESTEREOTIPOS","link":"https:\/\/www.claret.cat\/es\/libro\/cuentos-para-educar-sin-estereotipos-9788418817274\/"}],"_links":{"self":[{"href":"https:\/\/www.claret.cat\/es\/wp-json\/wp\/v2\/product\/40548","targetHints":{"allow":["GET"]}}],"collection":[{"href":"https:\/\/www.claret.cat\/es\/wp-json\/wp\/v2\/product"}],"about":[{"href":"https:\/\/www.claret.cat\/es\/wp-json\/wp\/v2\/types\/product"}],"wp:featuredmedia":[{"embeddable":true,"href":"https:\/\/www.claret.cat\/es\/wp-json\/wp\/v2\/media\/57063"}],"wp:attachment":[{"href":"https:\/\/www.claret.cat\/es\/wp-json\/wp\/v2\/media?parent=40548"}],"wp:term":[{"taxonomy":"product_brand","embeddable":true,"href":"https:\/\/www.claret.cat\/es\/wp-json\/wp\/v2\/product_brand?post=40548"},{"taxonomy":"product_cat","embeddable":true,"href":"https:\/\/www.claret.cat\/es\/wp-json\/wp\/v2\/product_cat?post=40548"},{"taxonomy":"product_tag","embeddable":true,"href":"https:\/\/www.claret.cat\/es\/wp-json\/wp\/v2\/product_tag?post=40548"}],"curies":[{"name":"wp","href":"https:\/\/api.w.org\/{rel}","templated":true}]}}