{"id":406687,"date":"2023-02-28T05:38:21","date_gmt":"2023-02-28T04:38:21","guid":{"rendered":"https:\/\/www.claret.cat\/llibre\/las-crisis-de-la-deuda-soberana-en-espana-15002015-9788490970997\/"},"modified":"2023-02-28T05:38:26","modified_gmt":"2023-02-28T04:38:26","slug":"las-crisis-de-la-deuda-soberana-en-espana-15002015-9788490970997","status":"publish","type":"product","link":"https:\/\/www.claret.cat\/es\/libro\/las-crisis-de-la-deuda-soberana-en-espana-15002015-9788490970997\/","title":{"rendered":"LAS CRISIS DE LA DEUDA SOBERANA EN ESPA\u00d1A (1500-2015)"},"content":{"rendered":"<p>Durante la Edad Moderna, las suspensiones de pagos solo se las pod\u00edan permitir las monarqu\u00edas europeas m\u00e1s ricas y poderosas, como Inglaterra, Francia y Espa\u00f1a. Pero en los siglos XIX y XX las crisis de la deuda ya fueron patrimonio de los pa\u00edses sin industrializar, naciones reci\u00e9n independizadas, como las de Latinoam\u00e9rica, con algunas excepciones europeas como Grecia y Espa\u00f1a; en la d\u00e9cada final del siglo XX, las crisis de la deuda azotaron a las grandes econom\u00edas emergentes, de nuevo en Latinoam\u00e9rica, pero tambi\u00e9n a las del Sudeste Asi\u00e1tico y Rusia. Los economistas europeos y americanos estaban convencidos de que las econom\u00edas avanzadas estaban ya vacunadas contra las crisis de la deuda porque se hab\u00edan graduado en una gesti\u00f3n responsable de la misma, aunque no ha sido as\u00ed.<\/p>\n","protected":false},"excerpt":{"rendered":"<p>FRANCISCO COM\u00cdN COM\u00cdN<\/p>\n","protected":false},"featured_media":406688,"template":"","meta":{"_acf_changed":false,"om_disable_all_campaigns":false,"rs_blank_template":"","rs_page_bg_color":"","slide_template_v7":"","inline_featured_image":false,"_monsterinsights_skip_tracking":false},"product_brand":[],"product_cat":[85,351],"product_tag":[],"class_list":["post-406687","product","type-product","status-publish","has-post-thumbnail","product_cat-historia","product_cat-historia-2_humanidades","first","instock","taxable","shipping-taxable","purchasable","product-type-simple"],"acf":{"autor":"FRANCISCO COM\u00cdN COM\u00cdN","codart":"849097099","libros-coleccion":"","ediciones":"1","encuadernacion":"R\u00fastica","fecha_de_publicacion":"14\/03\/2016","novedad":"0","paginas":"320","subtitulo":"","orden":"999","portada":"0","idioma":"spa","editorial":[{"ID":261890,"post_author":"3","post_date":"2022-10-24 11:17:11","post_date_gmt":"2022-10-24 09:17:11","post_content":"","post_title":"Catarata libros","post_excerpt":"","post_status":"publish","comment_status":"closed","ping_status":"closed","post_password":"","post_name":"catarata-libros","to_ping":"","pinged":"","post_modified":"2022-10-24 11:17:11","post_modified_gmt":"2022-10-24 09:17:11","post_content_filtered":"","post_parent":0,"guid":"http:\/\/dev.claret.cat\/editorial\/catarata-libros\/","menu_order":0,"post_type":"editorial","post_mime_type":"","comment_count":"0","filter":"raw"}],"autores-libros":[{"ID":406686,"post_author":"3","post_date":"2023-02-28 05:38:18","post_date_gmt":"2023-02-28 04:38:18","post_content":"","post_title":"FRANCISCO COM\u00cdN COM\u00cdN","post_excerpt":"","post_status":"publish","comment_status":"closed","ping_status":"closed","post_password":"","post_name":"francisco-comin-comin","to_ping":"","pinged":"","post_modified":"2023-02-28 05:38:18","post_modified_gmt":"2023-02-28 04:38:18","post_content_filtered":"","post_parent":0,"guid":"https:\/\/www.claret.cat\/autor\/francisco-comin-comin\/","menu_order":0,"post_type":"autor","post_mime_type":"","comment_count":"0","filter":"raw"}]},"aioseo_notices":[],"aioseo_head":"\n\t\t<!-- All in One SEO Pro 5.0.0.1 - aioseo.com -->\n\t<meta name=\"description\" content=\"LAS CRISIS DE LA DEUDA SOBERANA EN ESPA\u00d1A (1500-2015) de FRANCISCO COM\u00cdN COM\u00cdN disponible a\/en Llibreria Claret.\" \/>\n\t<meta name=\"robots\" content=\"max-image-preview:large\" \/>\n\t<meta name=\"google-site-verification\" content=\"xVtlFxJ-TfkIu-D-lt7XeLobefg5EIQiXTuqcSf8Rf0\" \/>\n\t<link rel=\"canonical\" href=\"https:\/\/www.claret.cat\/es\/libro\/las-crisis-de-la-deuda-soberana-en-espana-15002015-9788490970997\/\" \/>\n\t<meta name=\"generator\" content=\"All in One SEO Pro (AIOSEO) 5.0.0.1\" \/>\n\t\t<meta property=\"og:locale\" content=\"es_ES\" \/>\n\t\t<meta property=\"og:site_name\" content=\"Llibreria Claret - Llibreria religiosa a Barcelona\" \/>\n\t\t<meta property=\"og:type\" content=\"article\" \/>\n\t\t<meta property=\"og:title\" content=\"LAS CRISIS DE LA DEUDA SOBERANA EN ESPA\u00d1A (1500-2015) - FRANCISCO COM\u00cdN COM\u00cdN 9788490970997 | Llibreria Claret\" \/>\n\t\t<meta property=\"og:description\" content=\"LAS CRISIS DE LA DEUDA SOBERANA EN ESPA\u00d1A (1500-2015) de FRANCISCO COM\u00cdN COM\u00cdN disponible a\/en Llibreria Claret.\" \/>\n\t\t<meta property=\"og:url\" content=\"https:\/\/www.claret.cat\/es\/libro\/las-crisis-de-la-deuda-soberana-en-espana-15002015-9788490970997\/\" \/>\n\t\t<meta property=\"og:image\" content=\"https:\/\/dev.claret.cat\/wp-content\/uploads\/logo-claret.svg\" \/>\n\t\t<meta property=\"og:image:secure_url\" content=\"https:\/\/dev.claret.cat\/wp-content\/uploads\/logo-claret.svg\" \/>\n\t\t<meta property=\"article:published_time\" content=\"2023-02-28T04:38:21+00:00\" \/>\n\t\t<meta property=\"article:modified_time\" content=\"2023-02-28T04:38:26+00:00\" \/>\n\t\t<meta property=\"article:publisher\" content=\"https:\/\/www.facebook.com\/LlibreriaClaret\" \/>\n\t\t<meta name=\"twitter:card\" content=\"summary_large_image\" \/>\n\t\t<meta name=\"twitter:site\" content=\"@LlibreriaClaret\" \/>\n\t\t<meta name=\"twitter:title\" content=\"LAS CRISIS DE LA DEUDA SOBERANA EN ESPA\u00d1A (1500-2015) - FRANCISCO COM\u00cdN COM\u00cdN 9788490970997 | Llibreria Claret\" \/>\n\t\t<meta name=\"twitter:description\" content=\"LAS CRISIS DE LA DEUDA SOBERANA EN ESPA\u00d1A (1500-2015) de FRANCISCO COM\u00cdN COM\u00cdN disponible a\/en Llibreria Claret.\" \/>\n\t\t<meta name=\"twitter:image\" content=\"http:\/\/dev.claret.cat\/wp-content\/uploads\/logo-claret.svg\" \/>\n\t\t<script type=\"application\/ld+json\" class=\"aioseo-schema\">\n\t\t\t{\"@context\":\"https:\\\/\\\/schema.org\",\"@graph\":[{\"@type\":\"BreadcrumbList\",\"@id\":\"https:\\\/\\\/www.claret.cat\\\/es\\\/libro\\\/las-crisis-de-la-deuda-soberana-en-espana-15002015-9788490970997\\\/#breadcrumblist\",\"itemListElement\":[{\"@type\":\"ListItem\",\"@id\":\"https:\\\/\\\/www.claret.cat\\\/es\\\/#listItem\",\"position\":1,\"name\":\"Home\",\"item\":\"https:\\\/\\\/www.claret.cat\\\/es\\\/\",\"nextItem\":{\"@type\":\"ListItem\",\"@id\":\"https:\\\/\\\/www.claret.cat\\\/?page_id=16#listItem\",\"name\":\"Botiga\"}},{\"@type\":\"ListItem\",\"@id\":\"https:\\\/\\\/www.claret.cat\\\/?page_id=16#listItem\",\"position\":2,\"name\":\"Botiga\",\"item\":\"https:\\\/\\\/www.claret.cat\\\/?page_id=16\",\"nextItem\":{\"@type\":\"ListItem\",\"@id\":\"https:\\\/\\\/www.claret.cat\\\/categoria-producto\\\/cat\\\/#listItem\",\"name\":\"CAT\"},\"previousItem\":{\"@type\":\"ListItem\",\"@id\":\"https:\\\/\\\/www.claret.cat\\\/es\\\/#listItem\",\"name\":\"Home\"}},{\"@type\":\"ListItem\",\"@id\":\"https:\\\/\\\/www.claret.cat\\\/categoria-producto\\\/cat\\\/#listItem\",\"position\":3,\"name\":\"CAT\",\"item\":\"https:\\\/\\\/www.claret.cat\\\/categoria-producto\\\/cat\\\/\",\"nextItem\":{\"@type\":\"ListItem\",\"@id\":\"https:\\\/\\\/www.claret.cat\\\/categoria-producto\\\/cat\\\/2_humanitats\\\/#listItem\",\"name\":\"Humanitats\"},\"previousItem\":{\"@type\":\"ListItem\",\"@id\":\"https:\\\/\\\/www.claret.cat\\\/?page_id=16#listItem\",\"name\":\"Botiga\"}},{\"@type\":\"ListItem\",\"@id\":\"https:\\\/\\\/www.claret.cat\\\/categoria-producto\\\/cat\\\/2_humanitats\\\/#listItem\",\"position\":4,\"name\":\"Humanitats\",\"item\":\"https:\\\/\\\/www.claret.cat\\\/categoria-producto\\\/cat\\\/2_humanitats\\\/\",\"nextItem\":{\"@type\":\"ListItem\",\"@id\":\"https:\\\/\\\/www.claret.cat\\\/categoria-producto\\\/cat\\\/2_humanitats\\\/historia\\\/#listItem\",\"name\":\"Hist\\u00f2ria\"},\"previousItem\":{\"@type\":\"ListItem\",\"@id\":\"https:\\\/\\\/www.claret.cat\\\/categoria-producto\\\/cat\\\/#listItem\",\"name\":\"CAT\"}},{\"@type\":\"ListItem\",\"@id\":\"https:\\\/\\\/www.claret.cat\\\/categoria-producto\\\/cat\\\/2_humanitats\\\/historia\\\/#listItem\",\"position\":5,\"name\":\"Hist\\u00f2ria\",\"item\":\"https:\\\/\\\/www.claret.cat\\\/categoria-producto\\\/cat\\\/2_humanitats\\\/historia\\\/\",\"nextItem\":{\"@type\":\"ListItem\",\"@id\":\"https:\\\/\\\/www.claret.cat\\\/es\\\/libro\\\/las-crisis-de-la-deuda-soberana-en-espana-15002015-9788490970997\\\/#listItem\",\"name\":\"LAS CRISIS DE LA DEUDA SOBERANA EN ESPA\\u00d1A (1500-2015)\"},\"previousItem\":{\"@type\":\"ListItem\",\"@id\":\"https:\\\/\\\/www.claret.cat\\\/categoria-producto\\\/cat\\\/2_humanitats\\\/#listItem\",\"name\":\"Humanitats\"}},{\"@type\":\"ListItem\",\"@id\":\"https:\\\/\\\/www.claret.cat\\\/es\\\/libro\\\/las-crisis-de-la-deuda-soberana-en-espana-15002015-9788490970997\\\/#listItem\",\"position\":6,\"name\":\"LAS CRISIS DE LA DEUDA SOBERANA EN ESPA\\u00d1A (1500-2015)\",\"previousItem\":{\"@type\":\"ListItem\",\"@id\":\"https:\\\/\\\/www.claret.cat\\\/categoria-producto\\\/cat\\\/2_humanitats\\\/historia\\\/#listItem\",\"name\":\"Hist\\u00f2ria\"}}]},{\"@type\":\"ItemPage\",\"@id\":\"https:\\\/\\\/www.claret.cat\\\/es\\\/libro\\\/las-crisis-de-la-deuda-soberana-en-espana-15002015-9788490970997\\\/#itempage\",\"url\":\"https:\\\/\\\/www.claret.cat\\\/es\\\/libro\\\/las-crisis-de-la-deuda-soberana-en-espana-15002015-9788490970997\\\/\",\"name\":\"LAS CRISIS DE LA DEUDA SOBERANA EN ESPA\\u00d1A (1500-2015) - FRANCISCO COM\\u00cdN COM\\u00cdN 9788490970997 | Llibreria Claret\",\"description\":\"LAS CRISIS DE LA DEUDA SOBERANA EN ESPA\\u00d1A (1500-2015) de FRANCISCO COM\\u00cdN COM\\u00cdN disponible a\\\/en Llibreria Claret.\",\"inLanguage\":\"es-ES\",\"isPartOf\":{\"@id\":\"https:\\\/\\\/www.claret.cat\\\/es\\\/#website\"},\"breadcrumb\":{\"@id\":\"https:\\\/\\\/www.claret.cat\\\/es\\\/libro\\\/las-crisis-de-la-deuda-soberana-en-espana-15002015-9788490970997\\\/#breadcrumblist\"},\"image\":{\"@type\":\"ImageObject\",\"url\":\"https:\\\/\\\/www.claret.cat\\\/wp-content\\\/uploads\\\/.\\\/9788490970997.jpg\",\"@id\":\"https:\\\/\\\/www.claret.cat\\\/es\\\/libro\\\/las-crisis-de-la-deuda-soberana-en-espana-15002015-9788490970997\\\/#mainImage\",\"width\":473,\"height\":709,\"caption\":\"9788490970997.jpg\"},\"primaryImageOfPage\":{\"@id\":\"https:\\\/\\\/www.claret.cat\\\/es\\\/libro\\\/las-crisis-de-la-deuda-soberana-en-espana-15002015-9788490970997\\\/#mainImage\"},\"datePublished\":\"2023-02-28T05:38:21+01:00\",\"dateModified\":\"2023-02-28T05:38:26+01:00\"},{\"@type\":\"Organization\",\"@id\":\"https:\\\/\\\/www.claret.cat\\\/es\\\/#organization\",\"name\":\"Llibreria Claret\",\"description\":\"Llibreria religiosa a Barcelona\",\"url\":\"https:\\\/\\\/www.claret.cat\\\/es\\\/\",\"email\":\"comunicacio@claret.cat\",\"telephone\":\"+34933010887\",\"logo\":{\"@type\":\"ImageObject\",\"url\":\"https:\\\/\\\/www.claret.cat\\\/wp-content\\\/uploads\\\/.\\\/logo-claret-es.png\",\"@id\":\"https:\\\/\\\/www.claret.cat\\\/es\\\/libro\\\/las-crisis-de-la-deuda-soberana-en-espana-15002015-9788490970997\\\/#organizationLogo\",\"width\":195,\"height\":79},\"image\":{\"@id\":\"https:\\\/\\\/www.claret.cat\\\/es\\\/libro\\\/las-crisis-de-la-deuda-soberana-en-espana-15002015-9788490970997\\\/#organizationLogo\"},\"sameAs\":[\"https:\\\/\\\/www.facebook.com\\\/LlibreriaClaret\",\"https:\\\/\\\/twitter.com\\\/LlibreriaClaret\",\"https:\\\/\\\/www.instagram.com\\\/llibreriaclaret\\\/\",\"https:\\\/\\\/www.tiktok.com\\\/@llibreriaclaret\",\"https:\\\/\\\/www.youtube.com\\\/@llibreriaclaret\",\"https:\\\/\\\/ca.wikipedia.org\\\/wiki\\\/Editorial_Claret\"]},{\"@type\":\"WebPage\",\"@id\":\"https:\\\/\\\/www.claret.cat\\\/es\\\/libro\\\/las-crisis-de-la-deuda-soberana-en-espana-15002015-9788490970997\\\/#webpage\",\"url\":\"https:\\\/\\\/www.claret.cat\\\/es\\\/libro\\\/las-crisis-de-la-deuda-soberana-en-espana-15002015-9788490970997\\\/\",\"name\":\"LAS CRISIS DE LA DEUDA SOBERANA EN ESPA\\u00d1A (1500-2015) - FRANCISCO COM\\u00cdN COM\\u00cdN 9788490970997 | Llibreria Claret\",\"description\":\"LAS CRISIS DE LA DEUDA SOBERANA EN ESPA\\u00d1A (1500-2015) de FRANCISCO COM\\u00cdN COM\\u00cdN disponible a\\\/en Llibreria Claret.\",\"inLanguage\":\"es-ES\",\"isPartOf\":{\"@id\":\"https:\\\/\\\/www.claret.cat\\\/es\\\/#website\"},\"breadcrumb\":{\"@id\":\"https:\\\/\\\/www.claret.cat\\\/es\\\/libro\\\/las-crisis-de-la-deuda-soberana-en-espana-15002015-9788490970997\\\/#breadcrumblist\"},\"image\":{\"@type\":\"ImageObject\",\"url\":\"https:\\\/\\\/www.claret.cat\\\/wp-content\\\/uploads\\\/.\\\/9788490970997.jpg\",\"@id\":\"https:\\\/\\\/www.claret.cat\\\/es\\\/libro\\\/las-crisis-de-la-deuda-soberana-en-espana-15002015-9788490970997\\\/#mainImage\",\"width\":473,\"height\":709,\"caption\":\"9788490970997.jpg\"},\"primaryImageOfPage\":{\"@id\":\"https:\\\/\\\/www.claret.cat\\\/es\\\/libro\\\/las-crisis-de-la-deuda-soberana-en-espana-15002015-9788490970997\\\/#mainImage\"},\"datePublished\":\"2023-02-28T05:38:21+01:00\",\"dateModified\":\"2023-02-28T05:38:26+01:00\"},{\"@type\":\"WebSite\",\"@id\":\"https:\\\/\\\/www.claret.cat\\\/es\\\/#website\",\"url\":\"https:\\\/\\\/www.claret.cat\\\/es\\\/\",\"name\":\"Llibreria Claret Barcelona\",\"alternateName\":\"Llibreria Claret\",\"description\":\"Llibreria religiosa a Barcelona\",\"inLanguage\":\"es-ES\",\"publisher\":{\"@id\":\"https:\\\/\\\/www.claret.cat\\\/es\\\/#organization\"}}]}\n\t\t<\/script>\n\t\t<!-- All in One SEO Pro -->\r\n\t\t<title>LAS CRISIS DE LA DEUDA SOBERANA EN ESPA\u00d1A (1500-2015) - FRANCISCO COM\u00cdN COM\u00cdN 9788490970997 | Llibreria Claret<\/title>\n\n","aioseo_head_json":{"title":"LAS CRISIS DE LA DEUDA SOBERANA EN ESPA\u00d1A (1500-2015) - FRANCISCO COM\u00cdN COM\u00cdN 9788490970997 | Llibreria Claret","description":"LAS CRISIS DE LA DEUDA SOBERANA EN ESPA\u00d1A (1500-2015) de FRANCISCO COM\u00cdN COM\u00cdN disponible a\/en Llibreria Claret.","canonical_url":"https:\/\/www.claret.cat\/es\/libro\/las-crisis-de-la-deuda-soberana-en-espana-15002015-9788490970997\/","robots":"max-image-preview:large","keywords":"","webmasterTools":{"google-site-verification":"xVtlFxJ-TfkIu-D-lt7XeLobefg5EIQiXTuqcSf8Rf0","miscellaneous":""},"schema":{"@context":"https:\/\/schema.org","@graph":[{"@type":"BreadcrumbList","@id":"https:\/\/www.claret.cat\/es\/libro\/las-crisis-de-la-deuda-soberana-en-espana-15002015-9788490970997\/#breadcrumblist","itemListElement":[{"@type":"ListItem","@id":"https:\/\/www.claret.cat\/es\/#listItem","position":1,"name":"Home","item":"https:\/\/www.claret.cat\/es\/","nextItem":{"@type":"ListItem","@id":"https:\/\/www.claret.cat\/?page_id=16#listItem","name":"Botiga"}},{"@type":"ListItem","@id":"https:\/\/www.claret.cat\/?page_id=16#listItem","position":2,"name":"Botiga","item":"https:\/\/www.claret.cat\/?page_id=16","nextItem":{"@type":"ListItem","@id":"https:\/\/www.claret.cat\/categoria-producto\/cat\/#listItem","name":"CAT"},"previousItem":{"@type":"ListItem","@id":"https:\/\/www.claret.cat\/es\/#listItem","name":"Home"}},{"@type":"ListItem","@id":"https:\/\/www.claret.cat\/categoria-producto\/cat\/#listItem","position":3,"name":"CAT","item":"https:\/\/www.claret.cat\/categoria-producto\/cat\/","nextItem":{"@type":"ListItem","@id":"https:\/\/www.claret.cat\/categoria-producto\/cat\/2_humanitats\/#listItem","name":"Humanitats"},"previousItem":{"@type":"ListItem","@id":"https:\/\/www.claret.cat\/?page_id=16#listItem","name":"Botiga"}},{"@type":"ListItem","@id":"https:\/\/www.claret.cat\/categoria-producto\/cat\/2_humanitats\/#listItem","position":4,"name":"Humanitats","item":"https:\/\/www.claret.cat\/categoria-producto\/cat\/2_humanitats\/","nextItem":{"@type":"ListItem","@id":"https:\/\/www.claret.cat\/categoria-producto\/cat\/2_humanitats\/historia\/#listItem","name":"Hist\u00f2ria"},"previousItem":{"@type":"ListItem","@id":"https:\/\/www.claret.cat\/categoria-producto\/cat\/#listItem","name":"CAT"}},{"@type":"ListItem","@id":"https:\/\/www.claret.cat\/categoria-producto\/cat\/2_humanitats\/historia\/#listItem","position":5,"name":"Hist\u00f2ria","item":"https:\/\/www.claret.cat\/categoria-producto\/cat\/2_humanitats\/historia\/","nextItem":{"@type":"ListItem","@id":"https:\/\/www.claret.cat\/es\/libro\/las-crisis-de-la-deuda-soberana-en-espana-15002015-9788490970997\/#listItem","name":"LAS CRISIS DE LA DEUDA SOBERANA EN ESPA\u00d1A (1500-2015)"},"previousItem":{"@type":"ListItem","@id":"https:\/\/www.claret.cat\/categoria-producto\/cat\/2_humanitats\/#listItem","name":"Humanitats"}},{"@type":"ListItem","@id":"https:\/\/www.claret.cat\/es\/libro\/las-crisis-de-la-deuda-soberana-en-espana-15002015-9788490970997\/#listItem","position":6,"name":"LAS CRISIS DE LA DEUDA SOBERANA EN ESPA\u00d1A (1500-2015)","previousItem":{"@type":"ListItem","@id":"https:\/\/www.claret.cat\/categoria-producto\/cat\/2_humanitats\/historia\/#listItem","name":"Hist\u00f2ria"}}]},{"@type":"ItemPage","@id":"https:\/\/www.claret.cat\/es\/libro\/las-crisis-de-la-deuda-soberana-en-espana-15002015-9788490970997\/#itempage","url":"https:\/\/www.claret.cat\/es\/libro\/las-crisis-de-la-deuda-soberana-en-espana-15002015-9788490970997\/","name":"LAS CRISIS DE LA DEUDA SOBERANA EN ESPA\u00d1A (1500-2015) - FRANCISCO COM\u00cdN COM\u00cdN 9788490970997 | Llibreria Claret","description":"LAS CRISIS DE LA DEUDA SOBERANA EN ESPA\u00d1A (1500-2015) de FRANCISCO COM\u00cdN COM\u00cdN disponible a\/en Llibreria Claret.","inLanguage":"es-ES","isPartOf":{"@id":"https:\/\/www.claret.cat\/es\/#website"},"breadcrumb":{"@id":"https:\/\/www.claret.cat\/es\/libro\/las-crisis-de-la-deuda-soberana-en-espana-15002015-9788490970997\/#breadcrumblist"},"image":{"@type":"ImageObject","url":"https:\/\/www.claret.cat\/wp-content\/uploads\/.\/9788490970997.jpg","@id":"https:\/\/www.claret.cat\/es\/libro\/las-crisis-de-la-deuda-soberana-en-espana-15002015-9788490970997\/#mainImage","width":473,"height":709,"caption":"9788490970997.jpg"},"primaryImageOfPage":{"@id":"https:\/\/www.claret.cat\/es\/libro\/las-crisis-de-la-deuda-soberana-en-espana-15002015-9788490970997\/#mainImage"},"datePublished":"2023-02-28T05:38:21+01:00","dateModified":"2023-02-28T05:38:26+01:00"},{"@type":"Organization","@id":"https:\/\/www.claret.cat\/es\/#organization","name":"Llibreria Claret","description":"Llibreria religiosa a Barcelona","url":"https:\/\/www.claret.cat\/es\/","email":"comunicacio@claret.cat","telephone":"+34933010887","logo":{"@type":"ImageObject","url":"https:\/\/www.claret.cat\/wp-content\/uploads\/.\/logo-claret-es.png","@id":"https:\/\/www.claret.cat\/es\/libro\/las-crisis-de-la-deuda-soberana-en-espana-15002015-9788490970997\/#organizationLogo","width":195,"height":79},"image":{"@id":"https:\/\/www.claret.cat\/es\/libro\/las-crisis-de-la-deuda-soberana-en-espana-15002015-9788490970997\/#organizationLogo"},"sameAs":["https:\/\/www.facebook.com\/LlibreriaClaret","https:\/\/twitter.com\/LlibreriaClaret","https:\/\/www.instagram.com\/llibreriaclaret\/","https:\/\/www.tiktok.com\/@llibreriaclaret","https:\/\/www.youtube.com\/@llibreriaclaret","https:\/\/ca.wikipedia.org\/wiki\/Editorial_Claret"]},{"@type":"WebPage","@id":"https:\/\/www.claret.cat\/es\/libro\/las-crisis-de-la-deuda-soberana-en-espana-15002015-9788490970997\/#webpage","url":"https:\/\/www.claret.cat\/es\/libro\/las-crisis-de-la-deuda-soberana-en-espana-15002015-9788490970997\/","name":"LAS CRISIS DE LA DEUDA SOBERANA EN ESPA\u00d1A (1500-2015) - FRANCISCO COM\u00cdN COM\u00cdN 9788490970997 | Llibreria Claret","description":"LAS CRISIS DE LA DEUDA SOBERANA EN ESPA\u00d1A (1500-2015) de FRANCISCO COM\u00cdN COM\u00cdN disponible a\/en Llibreria Claret.","inLanguage":"es-ES","isPartOf":{"@id":"https:\/\/www.claret.cat\/es\/#website"},"breadcrumb":{"@id":"https:\/\/www.claret.cat\/es\/libro\/las-crisis-de-la-deuda-soberana-en-espana-15002015-9788490970997\/#breadcrumblist"},"image":{"@type":"ImageObject","url":"https:\/\/www.claret.cat\/wp-content\/uploads\/.\/9788490970997.jpg","@id":"https:\/\/www.claret.cat\/es\/libro\/las-crisis-de-la-deuda-soberana-en-espana-15002015-9788490970997\/#mainImage","width":473,"height":709,"caption":"9788490970997.jpg"},"primaryImageOfPage":{"@id":"https:\/\/www.claret.cat\/es\/libro\/las-crisis-de-la-deuda-soberana-en-espana-15002015-9788490970997\/#mainImage"},"datePublished":"2023-02-28T05:38:21+01:00","dateModified":"2023-02-28T05:38:26+01:00"},{"@type":"WebSite","@id":"https:\/\/www.claret.cat\/es\/#website","url":"https:\/\/www.claret.cat\/es\/","name":"Llibreria Claret Barcelona","alternateName":"Llibreria Claret","description":"Llibreria religiosa a Barcelona","inLanguage":"es-ES","publisher":{"@id":"https:\/\/www.claret.cat\/es\/#organization"}}]},"og:locale":"es_ES","og:site_name":"Llibreria Claret - Llibreria religiosa a Barcelona","og:type":"article","og:title":"LAS CRISIS DE LA DEUDA SOBERANA EN ESPA\u00d1A (1500-2015) - FRANCISCO COM\u00cdN COM\u00cdN 9788490970997 | Llibreria Claret","og:description":"LAS CRISIS DE LA DEUDA SOBERANA EN ESPA\u00d1A (1500-2015) de FRANCISCO COM\u00cdN COM\u00cdN disponible a\/en Llibreria Claret.","og:url":"https:\/\/www.claret.cat\/es\/libro\/las-crisis-de-la-deuda-soberana-en-espana-15002015-9788490970997\/","og:image":"https:\/\/dev.claret.cat\/wp-content\/uploads\/logo-claret.svg","og:image:secure_url":"https:\/\/dev.claret.cat\/wp-content\/uploads\/logo-claret.svg","article:published_time":"2023-02-28T04:38:21+00:00","article:modified_time":"2023-02-28T04:38:26+00:00","article:publisher":"https:\/\/www.facebook.com\/LlibreriaClaret","twitter:card":"summary_large_image","twitter:site":"@LlibreriaClaret","twitter:title":"LAS CRISIS DE LA DEUDA SOBERANA EN ESPA\u00d1A (1500-2015) - FRANCISCO COM\u00cdN COM\u00cdN 9788490970997 | Llibreria Claret","twitter:description":"LAS CRISIS DE LA DEUDA SOBERANA EN ESPA\u00d1A (1500-2015) de FRANCISCO COM\u00cdN COM\u00cdN disponible a\/en Llibreria Claret.","twitter:image":"http:\/\/dev.claret.cat\/wp-content\/uploads\/logo-claret.svg"},"aioseo_meta_data":{"post_id":"406687","title":null,"description":null,"keywords":null,"keyphrases":null,"primary_term":null,"canonical_url":null,"og_title":null,"og_description":null,"og_object_type":"default","og_image_type":"default","og_image_url":null,"og_image_width":null,"og_image_height":null,"og_image_custom_url":null,"og_image_custom_fields":null,"og_video":null,"og_custom_url":null,"og_article_section":null,"og_article_tags":null,"twitter_use_og":false,"twitter_card":"default","twitter_image_type":"default","twitter_image_url":null,"twitter_image_custom_url":null,"twitter_image_custom_fields":null,"twitter_title":null,"twitter_description":null,"schema":{"blockGraphs":[],"customGraphs":[],"default":{"data":{"Article":[],"Course":[],"Dataset":[],"FAQPage":[],"Movie":[],"Person":[],"Product":[],"ProductReview":[],"Car":[],"Recipe":[],"Service":[],"SoftwareApplication":[],"WebPage":[]},"graphName":"","isEnabled":true},"graphs":[]},"schema_type":"default","schema_type_options":null,"pillar_content":false,"robots_default":true,"robots_noindex":false,"robots_noarchive":false,"robots_nosnippet":false,"robots_nofollow":false,"robots_noimageindex":false,"robots_noodp":false,"robots_notranslate":false,"robots_max_snippet":null,"robots_max_videopreview":null,"robots_max_imagepreview":"large","priority":null,"frequency":null,"local_seo":null,"seo_analyzer_scan_date":"2025-12-01 21:33:03","breadcrumb_settings":null,"limit_modified_date":false,"open_ai":null,"ai":null,"created":"2023-05-31 03:05:16","updated":"2025-12-01 21:33:03","focus_keyword":null,"additional_keywords":null,"truseo_locale":null},"aioseo_breadcrumb":"<div class=\"aioseo-breadcrumbs\"><span class=\"aioseo-breadcrumb\">\n\t<a href=\"https:\/\/www.claret.cat\/es\/\" title=\"Home\">Home<\/a>\n<\/span><span class=\"aioseo-breadcrumb-separator\">&raquo;<\/span><span class=\"aioseo-breadcrumb\">\n\t<a href=\"https:\/\/www.claret.cat\/?page_id=16\" title=\"Botiga\">Botiga<\/a>\n<\/span><span class=\"aioseo-breadcrumb-separator\">&raquo;<\/span><span class=\"aioseo-breadcrumb\">\n\t<a href=\"https:\/\/www.claret.cat\/categoria-producto\/cat\/\" title=\"CAT\">CAT<\/a>\n<\/span><span class=\"aioseo-breadcrumb-separator\">&raquo;<\/span><span class=\"aioseo-breadcrumb\">\n\t<a href=\"https:\/\/www.claret.cat\/categoria-producto\/cat\/2_humanitats\/\" title=\"Humanitats\">Humanitats<\/a>\n<\/span><span class=\"aioseo-breadcrumb-separator\">&raquo;<\/span><span class=\"aioseo-breadcrumb\">\n\t<a href=\"https:\/\/www.claret.cat\/categoria-producto\/cat\/2_humanitats\/historia\/\" title=\"Hist\u00f2ria\">Hist\u00f2ria<\/a>\n<\/span><span class=\"aioseo-breadcrumb-separator\">&raquo;<\/span><span class=\"aioseo-breadcrumb\">\n\tLAS CRISIS DE LA DEUDA SOBERANA EN ESPA\u00d1A (1500-2015)\n<\/span><\/div>","aioseo_breadcrumb_json":[{"label":"Home","link":"https:\/\/www.claret.cat\/es\/"},{"label":"Botiga","link":"https:\/\/www.claret.cat\/?page_id=16"},{"label":"CAT","link":"https:\/\/www.claret.cat\/categoria-producto\/cat\/"},{"label":"Humanitats","link":"https:\/\/www.claret.cat\/categoria-producto\/cat\/2_humanitats\/"},{"label":"Hist\u00f2ria","link":"https:\/\/www.claret.cat\/categoria-producto\/cat\/2_humanitats\/historia\/"},{"label":"LAS CRISIS DE LA DEUDA SOBERANA EN ESPA\u00d1A (1500-2015)","link":"https:\/\/www.claret.cat\/es\/libro\/las-crisis-de-la-deuda-soberana-en-espana-15002015-9788490970997\/"}],"_links":{"self":[{"href":"https:\/\/www.claret.cat\/es\/wp-json\/wp\/v2\/product\/406687","targetHints":{"allow":["GET"]}}],"collection":[{"href":"https:\/\/www.claret.cat\/es\/wp-json\/wp\/v2\/product"}],"about":[{"href":"https:\/\/www.claret.cat\/es\/wp-json\/wp\/v2\/types\/product"}],"wp:featuredmedia":[{"embeddable":true,"href":"https:\/\/www.claret.cat\/es\/wp-json\/wp\/v2\/media\/406688"}],"wp:attachment":[{"href":"https:\/\/www.claret.cat\/es\/wp-json\/wp\/v2\/media?parent=406687"}],"wp:term":[{"taxonomy":"product_brand","embeddable":true,"href":"https:\/\/www.claret.cat\/es\/wp-json\/wp\/v2\/product_brand?post=406687"},{"taxonomy":"product_cat","embeddable":true,"href":"https:\/\/www.claret.cat\/es\/wp-json\/wp\/v2\/product_cat?post=406687"},{"taxonomy":"product_tag","embeddable":true,"href":"https:\/\/www.claret.cat\/es\/wp-json\/wp\/v2\/product_tag?post=406687"}],"curies":[{"name":"wp","href":"https:\/\/api.w.org\/{rel}","templated":true}]}}