{"id":410794,"date":"2023-03-08T10:25:04","date_gmt":"2023-03-08T09:25:04","guid":{"rendered":"https:\/\/www.claret.cat\/llibre\/historia-del-mundo-y-salvacion-9788460983880\/"},"modified":"2023-03-08T10:25:09","modified_gmt":"2023-03-08T09:25:09","slug":"historia-del-mundo-y-salvacion-9788460983880","status":"publish","type":"product","link":"https:\/\/www.claret.cat\/es\/libro\/historia-del-mundo-y-salvacion-9788460983880\/","title":{"rendered":"HISTORIA DEL MUNDO Y SALVACI\u00d3N"},"content":{"rendered":"<p>Diez a\u00f1os posterior a De Hegel a Nietzsche, que fue concluido en Jap\u00f3n en momentos en que se iniciaba la Segunda Guerra Mundial, Historia del mundo y salvaci\u00f3n es sin duda la obra mayor de Karl L\u00f6with, la que ejerci\u00f3 la influencia m\u00e1s duradera sobre la filosof\u00eda pol\u00edtica en tanto es una de las fuentes principales de un tema central en el debate contempor\u00e1neo: el de la secularizaci\u00f3n. Obra singular, estrechamente ligada con el destino personal de su autor, fue publicada por primera vez en los Estados Unidos, en 1949, bajo el t\u00edtulo Meaning in History, y traducida al alem\u00e1n por Hanno Kesting, versi\u00f3n que \u2014revisada y completada por el mismo L\u00fcwith, y publicada en 1953\u2014 utilizamos para esta edici\u00f3n.<br \/>El prop\u00f3sito de la obra est\u00e1 indicado por el subt\u00edtulo: reconocer los presupuestos teol\u00f3gicos, generalmente ignorados o negados, sobre los que descansa la filosof\u00eda de la historia. L\u00f6with no pregona el retorno a una visi\u00f3n teol\u00f3gica de las cosas humanas; somete a examen cr\u00edtico las bases comunes de la teolog\u00eda y de la filosof\u00eda de la historia, y apela a una interrogaci\u00f3n de los fundamentos metaf\u00edsicos que han pasado desapercibidos para la racionalidad occidental.<\/p>\n","protected":false},"excerpt":{"rendered":"<p>L\u00d6WITH, KARL<\/p>\n","protected":false},"featured_media":410795,"template":"","meta":{"_acf_changed":false,"om_disable_all_campaigns":false,"rs_blank_template":"","rs_page_bg_color":"","slide_template_v7":"","inline_featured_image":false,"_monsterinsights_skip_tracking":false,"_monsterinsights_sitenote_active":false,"_monsterinsights_sitenote_note":"","_monsterinsights_sitenote_category":0},"product_brand":[],"product_cat":[279,509,169,440,275,413,157,370,170,441],"product_tag":[],"class_list":{"0":"post-410794","1":"product","2":"type-product","3":"status-publish","4":"has-post-thumbnail","6":"product_cat-antropologia-teologica","7":"product_cat-antropologia-teologica-teologia-1_espiritualidad","8":"product_cat-de-la-ciencia","9":"product_cat-de-la-ciencia-filosofia-2_humanidades","10":"product_cat-fonamental","11":"product_cat-fundamental","12":"product_cat-investigacio-i-corrents","13":"product_cat-investigacion-y-corrientes","14":"product_cat-politica-i-social","15":"product_cat-politica-y-social","17":"first","18":"instock","19":"taxable","20":"shipping-taxable","21":"purchasable","22":"product-type-simple"},"acf":{"autor":"L\u00d6WITH, KARL","codart":"846098388","libros-coleccion":"Conocimiento","ediciones":"1","encuadernacion":"Carton\u00e9","fecha_de_publicacion":"01\/04\/2006","novedad":"0","paginas":"285","subtitulo":"LOS PRESUPUESTOS TEOL\u00d3GICOS DE LA FILOSOF\u00cdA DE LA HISTORIA","orden":"999","portada":"0","idioma":"spa"},"aioseo_notices":[],"_links":{"self":[{"href":"https:\/\/www.claret.cat\/es\/wp-json\/wp\/v2\/product\/410794","targetHints":{"allow":["GET"]}}],"collection":[{"href":"https:\/\/www.claret.cat\/es\/wp-json\/wp\/v2\/product"}],"about":[{"href":"https:\/\/www.claret.cat\/es\/wp-json\/wp\/v2\/types\/product"}],"wp:featuredmedia":[{"embeddable":true,"href":"https:\/\/www.claret.cat\/es\/wp-json\/wp\/v2\/media\/410795"}],"wp:attachment":[{"href":"https:\/\/www.claret.cat\/es\/wp-json\/wp\/v2\/media?parent=410794"}],"wp:term":[{"taxonomy":"product_brand","embeddable":true,"href":"https:\/\/www.claret.cat\/es\/wp-json\/wp\/v2\/product_brand?post=410794"},{"taxonomy":"product_cat","embeddable":true,"href":"https:\/\/www.claret.cat\/es\/wp-json\/wp\/v2\/product_cat?post=410794"},{"taxonomy":"product_tag","embeddable":true,"href":"https:\/\/www.claret.cat\/es\/wp-json\/wp\/v2\/product_tag?post=410794"}],"curies":[{"name":"wp","href":"https:\/\/api.w.org\/{rel}","templated":true}]}}