{"id":411137,"date":"2023-03-08T17:35:07","date_gmt":"2023-03-08T16:35:07","guid":{"rendered":"https:\/\/www.claret.cat\/llibre\/un-talp-a-lantiga-roma-9788413894775\/"},"modified":"2025-10-20T20:28:50","modified_gmt":"2025-10-20T18:28:50","slug":"un-talp-a-lantiga-roma-9788413894775","status":"publish","type":"product","link":"https:\/\/www.claret.cat\/es\/libro\/un-talp-a-lantiga-roma-9788413894775\/","title":{"rendered":"UN TALP A L&#8221;ANTIGA ROMA"},"content":{"rendered":"<p>En Quim i en Pep acaben de tornar de Roma de vacances, i el talp Felip els espera impacient al jard\u00ed. Gr\u00e0cies al seu rellotge m\u00e0gic, aquest cop podran viatjar fins a la Roma de l&#8221;antiguitat! Un cop all\u00e0, tots tres visitaran els diferents indrets de la ciutat i coneixeran les construccions m\u00e9s emblem\u00e0tiques.<br \/> A m\u00e9s, tamb\u00e9 aprendran que a l&#8221;\u00e8poca dels romans les lletres tamb\u00e9 servien per comptar i ajudaran en Marc, el fill del c\u00f2nsol, a trobar les lletres desaparegudes que alg\u00fa ha amagat en diferents racons de la ciutat.<\/p>\n","protected":false},"excerpt":{"rendered":"<p>GIRONELL, MART\u00cd \/ CODINA, COANER<\/p>\n","protected":false},"featured_media":411138,"template":"","meta":{"_acf_changed":false,"om_disable_all_campaigns":false,"rs_blank_template":"","rs_page_bg_color":"","slide_template_v7":"","inline_featured_image":false,"_monsterinsights_skip_tracking":false},"product_brand":[],"product_cat":[132,362],"product_tag":[],"class_list":["post-411137","product","type-product","status-publish","has-post-thumbnail","product_cat-lectures-per-preadolescents-6-12-anys","product_cat-libros-preadolescentes-6-12-anos","first","instock","taxable","shipping-taxable","purchasable","product-type-simple"],"acf":{"autor":"GIRONELL, MART\u00cd \/ CODINA, COANER","codart":"841389477","libros-coleccion":"Baobab","ediciones":"1","encuadernacion":"Carton\u00e9","fecha_de_publicacion":"01\/03\/2023","novedad":"1","paginas":"45","subtitulo":"","orden":"0","portada":"0","idioma":"cat","editorial":[{"ID":6249,"post_author":"3","post_date":"2022-07-28 17:48:09","post_date_gmt":"2022-07-28 15:48:09","post_content":"","post_title":"Estrella Polar","post_excerpt":"","post_status":"publish","comment_status":"closed","ping_status":"closed","post_password":"","post_name":"estrella-polar","to_ping":"","pinged":"","post_modified":"2022-07-28 17:48:09","post_modified_gmt":"2022-07-28 15:48:09","post_content_filtered":"","post_parent":0,"guid":"http:\/\/dev.claret.cat\/editorial\/estrella-polar\/","menu_order":0,"post_type":"editorial","post_mime_type":"","comment_count":"0","filter":"raw"}],"autores-libros":[{"ID":153142,"post_author":"3","post_date":"2022-10-14 14:54:24","post_date_gmt":"2022-10-14 12:54:24","post_content":"","post_title":"COANER CODINA","post_excerpt":"","post_status":"publish","comment_status":"closed","ping_status":"closed","post_password":"","post_name":"coaner-codina","to_ping":"","pinged":"","post_modified":"2022-10-14 14:54:24","post_modified_gmt":"2022-10-14 12:54:24","post_content_filtered":"","post_parent":0,"guid":"http:\/\/dev.claret.cat\/autor\/coaner-codina\/","menu_order":0,"post_type":"autor","post_mime_type":"","comment_count":"0","filter":"raw"},{"ID":164254,"post_author":"3","post_date":"2022-10-14 17:45:36","post_date_gmt":"2022-10-14 15:45:36","post_content":"","post_title":"MARTI GIRONELL","post_excerpt":"","post_status":"publish","comment_status":"closed","ping_status":"closed","post_password":"","post_name":"marti-gironell","to_ping":"","pinged":"","post_modified":"2022-10-14 17:45:36","post_modified_gmt":"2022-10-14 15:45:36","post_content_filtered":"","post_parent":0,"guid":"http:\/\/dev.claret.cat\/autor\/marti-gironell\/","menu_order":0,"post_type":"autor","post_mime_type":"","comment_count":"0","filter":"raw"}],"booktrailer":"","resenas":""},"aioseo_notices":[],"aioseo_head":"\n\t\t<!-- All in One SEO Pro 5.0.1.1 - aioseo.com -->\n\t<meta name=\"description\" content=\"UN TALP A L\u201dANTIGA ROMA de GIRONELL, MART\u00cd \/ CODINA, COANER disponible a\/en Llibreria Claret.\" \/>\n\t<meta name=\"robots\" content=\"max-image-preview:large\" \/>\n\t<meta name=\"google-site-verification\" content=\"xVtlFxJ-TfkIu-D-lt7XeLobefg5EIQiXTuqcSf8Rf0\" \/>\n\t<link rel=\"canonical\" href=\"https:\/\/www.claret.cat\/es\/libro\/un-talp-a-lantiga-roma-9788413894775\/\" \/>\n\t<meta name=\"generator\" content=\"All in One SEO Pro (AIOSEO) 5.0.1.1\" \/>\n\t\t<meta property=\"og:locale\" content=\"es_ES\" \/>\n\t\t<meta property=\"og:site_name\" content=\"Llibreria Claret - Llibreria religiosa a Barcelona\" \/>\n\t\t<meta property=\"og:type\" content=\"article\" \/>\n\t\t<meta property=\"og:title\" content=\"UN TALP A L\u201dANTIGA ROMA - GIRONELL, MART\u00cd \/ CODINA, COANER 9788413894775 | Llibreria Claret\" \/>\n\t\t<meta property=\"og:description\" content=\"UN TALP A L\u201dANTIGA ROMA de GIRONELL, MART\u00cd \/ CODINA, COANER disponible a\/en Llibreria Claret.\" \/>\n\t\t<meta property=\"og:url\" content=\"https:\/\/www.claret.cat\/es\/libro\/un-talp-a-lantiga-roma-9788413894775\/\" \/>\n\t\t<meta property=\"og:image\" content=\"https:\/\/dev.claret.cat\/wp-content\/uploads\/logo-claret.svg\" \/>\n\t\t<meta property=\"og:image:secure_url\" content=\"https:\/\/dev.claret.cat\/wp-content\/uploads\/logo-claret.svg\" \/>\n\t\t<meta property=\"article:published_time\" content=\"2023-03-08T16:35:07+00:00\" \/>\n\t\t<meta property=\"article:modified_time\" content=\"2025-10-20T18:28:50+00:00\" \/>\n\t\t<meta property=\"article:publisher\" content=\"https:\/\/www.facebook.com\/LlibreriaClaret\" \/>\n\t\t<meta name=\"twitter:card\" content=\"summary_large_image\" \/>\n\t\t<meta name=\"twitter:site\" content=\"@LlibreriaClaret\" \/>\n\t\t<meta name=\"twitter:title\" content=\"UN TALP A L\u201dANTIGA ROMA - GIRONELL, MART\u00cd \/ CODINA, COANER 9788413894775 | Llibreria Claret\" \/>\n\t\t<meta name=\"twitter:description\" content=\"UN TALP A L\u201dANTIGA ROMA de GIRONELL, MART\u00cd \/ CODINA, COANER disponible a\/en Llibreria Claret.\" \/>\n\t\t<meta name=\"twitter:image\" content=\"http:\/\/dev.claret.cat\/wp-content\/uploads\/logo-claret.svg\" \/>\n\t\t<script type=\"application\/ld+json\" class=\"aioseo-schema\">\n\t\t\t{\"@context\":\"https:\\\/\\\/schema.org\",\"@graph\":[{\"@type\":\"BreadcrumbList\",\"@id\":\"https:\\\/\\\/www.claret.cat\\\/es\\\/libro\\\/un-talp-a-lantiga-roma-9788413894775\\\/#breadcrumblist\",\"itemListElement\":[{\"@type\":\"ListItem\",\"@id\":\"https:\\\/\\\/www.claret.cat\\\/es\\\/#listItem\",\"position\":1,\"name\":\"Home\",\"item\":\"https:\\\/\\\/www.claret.cat\\\/es\\\/\",\"nextItem\":{\"@type\":\"ListItem\",\"@id\":\"https:\\\/\\\/www.claret.cat\\\/?page_id=16#listItem\",\"name\":\"Botiga\"}},{\"@type\":\"ListItem\",\"@id\":\"https:\\\/\\\/www.claret.cat\\\/?page_id=16#listItem\",\"position\":2,\"name\":\"Botiga\",\"item\":\"https:\\\/\\\/www.claret.cat\\\/?page_id=16\",\"nextItem\":{\"@type\":\"ListItem\",\"@id\":\"https:\\\/\\\/www.claret.cat\\\/categoria-producto\\\/cat\\\/#listItem\",\"name\":\"CAT\"},\"previousItem\":{\"@type\":\"ListItem\",\"@id\":\"https:\\\/\\\/www.claret.cat\\\/es\\\/#listItem\",\"name\":\"Home\"}},{\"@type\":\"ListItem\",\"@id\":\"https:\\\/\\\/www.claret.cat\\\/categoria-producto\\\/cat\\\/#listItem\",\"position\":3,\"name\":\"CAT\",\"item\":\"https:\\\/\\\/www.claret.cat\\\/categoria-producto\\\/cat\\\/\",\"nextItem\":{\"@type\":\"ListItem\",\"@id\":\"https:\\\/\\\/www.claret.cat\\\/categoria-producto\\\/cat\\\/3_infantil-juvenil\\\/#listItem\",\"name\":\"Infantil \\\/ Juvenil\"},\"previousItem\":{\"@type\":\"ListItem\",\"@id\":\"https:\\\/\\\/www.claret.cat\\\/?page_id=16#listItem\",\"name\":\"Botiga\"}},{\"@type\":\"ListItem\",\"@id\":\"https:\\\/\\\/www.claret.cat\\\/categoria-producto\\\/cat\\\/3_infantil-juvenil\\\/#listItem\",\"position\":4,\"name\":\"Infantil \\\/ Juvenil\",\"item\":\"https:\\\/\\\/www.claret.cat\\\/categoria-producto\\\/cat\\\/3_infantil-juvenil\\\/\",\"nextItem\":{\"@type\":\"ListItem\",\"@id\":\"https:\\\/\\\/www.claret.cat\\\/categoria-producto\\\/cat\\\/3_infantil-juvenil\\\/infantil\\\/#listItem\",\"name\":\"Infantil\"},\"previousItem\":{\"@type\":\"ListItem\",\"@id\":\"https:\\\/\\\/www.claret.cat\\\/categoria-producto\\\/cat\\\/#listItem\",\"name\":\"CAT\"}},{\"@type\":\"ListItem\",\"@id\":\"https:\\\/\\\/www.claret.cat\\\/categoria-producto\\\/cat\\\/3_infantil-juvenil\\\/infantil\\\/#listItem\",\"position\":5,\"name\":\"Infantil\",\"item\":\"https:\\\/\\\/www.claret.cat\\\/categoria-producto\\\/cat\\\/3_infantil-juvenil\\\/infantil\\\/\",\"nextItem\":{\"@type\":\"ListItem\",\"@id\":\"https:\\\/\\\/www.claret.cat\\\/categoria-producto\\\/cat\\\/3_infantil-juvenil\\\/infantil\\\/lectures-per-preadolescents-6-12-anys\\\/#listItem\",\"name\":\"6 - 12 anys\"},\"previousItem\":{\"@type\":\"ListItem\",\"@id\":\"https:\\\/\\\/www.claret.cat\\\/categoria-producto\\\/cat\\\/3_infantil-juvenil\\\/#listItem\",\"name\":\"Infantil \\\/ Juvenil\"}},{\"@type\":\"ListItem\",\"@id\":\"https:\\\/\\\/www.claret.cat\\\/categoria-producto\\\/cat\\\/3_infantil-juvenil\\\/infantil\\\/lectures-per-preadolescents-6-12-anys\\\/#listItem\",\"position\":6,\"name\":\"6 - 12 anys\",\"item\":\"https:\\\/\\\/www.claret.cat\\\/categoria-producto\\\/cat\\\/3_infantil-juvenil\\\/infantil\\\/lectures-per-preadolescents-6-12-anys\\\/\",\"nextItem\":{\"@type\":\"ListItem\",\"@id\":\"https:\\\/\\\/www.claret.cat\\\/es\\\/libro\\\/un-talp-a-lantiga-roma-9788413894775\\\/#listItem\",\"name\":\"UN TALP A L&#8221;ANTIGA ROMA\"},\"previousItem\":{\"@type\":\"ListItem\",\"@id\":\"https:\\\/\\\/www.claret.cat\\\/categoria-producto\\\/cat\\\/3_infantil-juvenil\\\/infantil\\\/#listItem\",\"name\":\"Infantil\"}},{\"@type\":\"ListItem\",\"@id\":\"https:\\\/\\\/www.claret.cat\\\/es\\\/libro\\\/un-talp-a-lantiga-roma-9788413894775\\\/#listItem\",\"position\":7,\"name\":\"UN TALP A L&#8221;ANTIGA ROMA\",\"previousItem\":{\"@type\":\"ListItem\",\"@id\":\"https:\\\/\\\/www.claret.cat\\\/categoria-producto\\\/cat\\\/3_infantil-juvenil\\\/infantil\\\/lectures-per-preadolescents-6-12-anys\\\/#listItem\",\"name\":\"6 - 12 anys\"}}]},{\"@type\":\"ItemPage\",\"@id\":\"https:\\\/\\\/www.claret.cat\\\/es\\\/libro\\\/un-talp-a-lantiga-roma-9788413894775\\\/#itempage\",\"url\":\"https:\\\/\\\/www.claret.cat\\\/es\\\/libro\\\/un-talp-a-lantiga-roma-9788413894775\\\/\",\"name\":\"UN TALP A L\\u201dANTIGA ROMA - GIRONELL, MART\\u00cd \\\/ CODINA, COANER 9788413894775 | Llibreria Claret\",\"description\":\"UN TALP A L\\u201dANTIGA ROMA de GIRONELL, MART\\u00cd \\\/ CODINA, COANER disponible a\\\/en Llibreria Claret.\",\"inLanguage\":\"es-ES\",\"isPartOf\":{\"@id\":\"https:\\\/\\\/www.claret.cat\\\/es\\\/#website\"},\"breadcrumb\":{\"@id\":\"https:\\\/\\\/www.claret.cat\\\/es\\\/libro\\\/un-talp-a-lantiga-roma-9788413894775\\\/#breadcrumblist\"},\"image\":{\"@type\":\"ImageObject\",\"url\":\"https:\\\/\\\/www.claret.cat\\\/wp-content\\\/uploads\\\/.\\\/9788413894775.jpg\",\"@id\":\"https:\\\/\\\/www.claret.cat\\\/es\\\/libro\\\/un-talp-a-lantiga-roma-9788413894775\\\/#mainImage\",\"width\":1536,\"height\":1399,\"caption\":\"9788413894775.jpg\"},\"primaryImageOfPage\":{\"@id\":\"https:\\\/\\\/www.claret.cat\\\/es\\\/libro\\\/un-talp-a-lantiga-roma-9788413894775\\\/#mainImage\"},\"datePublished\":\"2023-03-08T17:35:07+01:00\",\"dateModified\":\"2025-10-20T20:28:50+02:00\"},{\"@type\":\"Organization\",\"@id\":\"https:\\\/\\\/www.claret.cat\\\/es\\\/#organization\",\"name\":\"Llibreria Claret\",\"description\":\"Llibreria religiosa a Barcelona\",\"url\":\"https:\\\/\\\/www.claret.cat\\\/es\\\/\",\"email\":\"comunicacio@claret.cat\",\"telephone\":\"+34933010887\",\"logo\":{\"@type\":\"ImageObject\",\"url\":\"https:\\\/\\\/www.claret.cat\\\/wp-content\\\/uploads\\\/.\\\/logo-claret-es.png\",\"@id\":\"https:\\\/\\\/www.claret.cat\\\/es\\\/libro\\\/un-talp-a-lantiga-roma-9788413894775\\\/#organizationLogo\",\"width\":195,\"height\":79},\"image\":{\"@id\":\"https:\\\/\\\/www.claret.cat\\\/es\\\/libro\\\/un-talp-a-lantiga-roma-9788413894775\\\/#organizationLogo\"},\"sameAs\":[\"https:\\\/\\\/www.facebook.com\\\/LlibreriaClaret\",\"https:\\\/\\\/twitter.com\\\/LlibreriaClaret\",\"https:\\\/\\\/www.instagram.com\\\/llibreriaclaret\\\/\",\"https:\\\/\\\/www.tiktok.com\\\/@llibreriaclaret\",\"https:\\\/\\\/www.youtube.com\\\/@llibreriaclaret\",\"https:\\\/\\\/ca.wikipedia.org\\\/wiki\\\/Editorial_Claret\"]},{\"@type\":\"WebPage\",\"@id\":\"https:\\\/\\\/www.claret.cat\\\/es\\\/libro\\\/un-talp-a-lantiga-roma-9788413894775\\\/#webpage\",\"url\":\"https:\\\/\\\/www.claret.cat\\\/es\\\/libro\\\/un-talp-a-lantiga-roma-9788413894775\\\/\",\"name\":\"UN TALP A L\\u201dANTIGA ROMA - GIRONELL, MART\\u00cd \\\/ CODINA, COANER 9788413894775 | Llibreria Claret\",\"description\":\"UN TALP A L\\u201dANTIGA ROMA de GIRONELL, MART\\u00cd \\\/ CODINA, COANER disponible a\\\/en Llibreria Claret.\",\"inLanguage\":\"es-ES\",\"isPartOf\":{\"@id\":\"https:\\\/\\\/www.claret.cat\\\/es\\\/#website\"},\"breadcrumb\":{\"@id\":\"https:\\\/\\\/www.claret.cat\\\/es\\\/libro\\\/un-talp-a-lantiga-roma-9788413894775\\\/#breadcrumblist\"},\"image\":{\"@type\":\"ImageObject\",\"url\":\"https:\\\/\\\/www.claret.cat\\\/wp-content\\\/uploads\\\/.\\\/9788413894775.jpg\",\"@id\":\"https:\\\/\\\/www.claret.cat\\\/es\\\/libro\\\/un-talp-a-lantiga-roma-9788413894775\\\/#mainImage\",\"width\":1536,\"height\":1399,\"caption\":\"9788413894775.jpg\"},\"primaryImageOfPage\":{\"@id\":\"https:\\\/\\\/www.claret.cat\\\/es\\\/libro\\\/un-talp-a-lantiga-roma-9788413894775\\\/#mainImage\"},\"datePublished\":\"2023-03-08T17:35:07+01:00\",\"dateModified\":\"2025-10-20T20:28:50+02:00\"},{\"@type\":\"WebSite\",\"@id\":\"https:\\\/\\\/www.claret.cat\\\/es\\\/#website\",\"url\":\"https:\\\/\\\/www.claret.cat\\\/es\\\/\",\"name\":\"Llibreria Claret Barcelona\",\"alternateName\":\"Llibreria Claret\",\"description\":\"Llibreria religiosa a Barcelona\",\"inLanguage\":\"es-ES\",\"publisher\":{\"@id\":\"https:\\\/\\\/www.claret.cat\\\/es\\\/#organization\"}}]}\n\t\t<\/script>\n\t\t<!-- All in One SEO Pro -->\r\n\t\t<title>UN TALP A L\u201dANTIGA ROMA - GIRONELL, MART\u00cd \/ CODINA, COANER 9788413894775 | Llibreria Claret<\/title>\n\n","aioseo_head_json":{"title":"UN TALP A L\u201dANTIGA ROMA - GIRONELL, MART\u00cd \/ CODINA, COANER 9788413894775 | Llibreria Claret","description":"UN TALP A L\u201dANTIGA ROMA de GIRONELL, MART\u00cd \/ CODINA, COANER disponible a\/en Llibreria Claret.","canonical_url":"https:\/\/www.claret.cat\/es\/libro\/un-talp-a-lantiga-roma-9788413894775\/","robots":"max-image-preview:large","keywords":"","webmasterTools":{"google-site-verification":"xVtlFxJ-TfkIu-D-lt7XeLobefg5EIQiXTuqcSf8Rf0","miscellaneous":""},"schema":{"@context":"https:\/\/schema.org","@graph":[{"@type":"BreadcrumbList","@id":"https:\/\/www.claret.cat\/es\/libro\/un-talp-a-lantiga-roma-9788413894775\/#breadcrumblist","itemListElement":[{"@type":"ListItem","@id":"https:\/\/www.claret.cat\/es\/#listItem","position":1,"name":"Home","item":"https:\/\/www.claret.cat\/es\/","nextItem":{"@type":"ListItem","@id":"https:\/\/www.claret.cat\/?page_id=16#listItem","name":"Botiga"}},{"@type":"ListItem","@id":"https:\/\/www.claret.cat\/?page_id=16#listItem","position":2,"name":"Botiga","item":"https:\/\/www.claret.cat\/?page_id=16","nextItem":{"@type":"ListItem","@id":"https:\/\/www.claret.cat\/categoria-producto\/cat\/#listItem","name":"CAT"},"previousItem":{"@type":"ListItem","@id":"https:\/\/www.claret.cat\/es\/#listItem","name":"Home"}},{"@type":"ListItem","@id":"https:\/\/www.claret.cat\/categoria-producto\/cat\/#listItem","position":3,"name":"CAT","item":"https:\/\/www.claret.cat\/categoria-producto\/cat\/","nextItem":{"@type":"ListItem","@id":"https:\/\/www.claret.cat\/categoria-producto\/cat\/3_infantil-juvenil\/#listItem","name":"Infantil \/ Juvenil"},"previousItem":{"@type":"ListItem","@id":"https:\/\/www.claret.cat\/?page_id=16#listItem","name":"Botiga"}},{"@type":"ListItem","@id":"https:\/\/www.claret.cat\/categoria-producto\/cat\/3_infantil-juvenil\/#listItem","position":4,"name":"Infantil \/ Juvenil","item":"https:\/\/www.claret.cat\/categoria-producto\/cat\/3_infantil-juvenil\/","nextItem":{"@type":"ListItem","@id":"https:\/\/www.claret.cat\/categoria-producto\/cat\/3_infantil-juvenil\/infantil\/#listItem","name":"Infantil"},"previousItem":{"@type":"ListItem","@id":"https:\/\/www.claret.cat\/categoria-producto\/cat\/#listItem","name":"CAT"}},{"@type":"ListItem","@id":"https:\/\/www.claret.cat\/categoria-producto\/cat\/3_infantil-juvenil\/infantil\/#listItem","position":5,"name":"Infantil","item":"https:\/\/www.claret.cat\/categoria-producto\/cat\/3_infantil-juvenil\/infantil\/","nextItem":{"@type":"ListItem","@id":"https:\/\/www.claret.cat\/categoria-producto\/cat\/3_infantil-juvenil\/infantil\/lectures-per-preadolescents-6-12-anys\/#listItem","name":"6 - 12 anys"},"previousItem":{"@type":"ListItem","@id":"https:\/\/www.claret.cat\/categoria-producto\/cat\/3_infantil-juvenil\/#listItem","name":"Infantil \/ Juvenil"}},{"@type":"ListItem","@id":"https:\/\/www.claret.cat\/categoria-producto\/cat\/3_infantil-juvenil\/infantil\/lectures-per-preadolescents-6-12-anys\/#listItem","position":6,"name":"6 - 12 anys","item":"https:\/\/www.claret.cat\/categoria-producto\/cat\/3_infantil-juvenil\/infantil\/lectures-per-preadolescents-6-12-anys\/","nextItem":{"@type":"ListItem","@id":"https:\/\/www.claret.cat\/es\/libro\/un-talp-a-lantiga-roma-9788413894775\/#listItem","name":"UN TALP A L&#8221;ANTIGA ROMA"},"previousItem":{"@type":"ListItem","@id":"https:\/\/www.claret.cat\/categoria-producto\/cat\/3_infantil-juvenil\/infantil\/#listItem","name":"Infantil"}},{"@type":"ListItem","@id":"https:\/\/www.claret.cat\/es\/libro\/un-talp-a-lantiga-roma-9788413894775\/#listItem","position":7,"name":"UN TALP A L&#8221;ANTIGA ROMA","previousItem":{"@type":"ListItem","@id":"https:\/\/www.claret.cat\/categoria-producto\/cat\/3_infantil-juvenil\/infantil\/lectures-per-preadolescents-6-12-anys\/#listItem","name":"6 - 12 anys"}}]},{"@type":"ItemPage","@id":"https:\/\/www.claret.cat\/es\/libro\/un-talp-a-lantiga-roma-9788413894775\/#itempage","url":"https:\/\/www.claret.cat\/es\/libro\/un-talp-a-lantiga-roma-9788413894775\/","name":"UN TALP A L\u201dANTIGA ROMA - GIRONELL, MART\u00cd \/ CODINA, COANER 9788413894775 | Llibreria Claret","description":"UN TALP A L\u201dANTIGA ROMA de GIRONELL, MART\u00cd \/ CODINA, COANER disponible a\/en Llibreria Claret.","inLanguage":"es-ES","isPartOf":{"@id":"https:\/\/www.claret.cat\/es\/#website"},"breadcrumb":{"@id":"https:\/\/www.claret.cat\/es\/libro\/un-talp-a-lantiga-roma-9788413894775\/#breadcrumblist"},"image":{"@type":"ImageObject","url":"https:\/\/www.claret.cat\/wp-content\/uploads\/.\/9788413894775.jpg","@id":"https:\/\/www.claret.cat\/es\/libro\/un-talp-a-lantiga-roma-9788413894775\/#mainImage","width":1536,"height":1399,"caption":"9788413894775.jpg"},"primaryImageOfPage":{"@id":"https:\/\/www.claret.cat\/es\/libro\/un-talp-a-lantiga-roma-9788413894775\/#mainImage"},"datePublished":"2023-03-08T17:35:07+01:00","dateModified":"2025-10-20T20:28:50+02:00"},{"@type":"Organization","@id":"https:\/\/www.claret.cat\/es\/#organization","name":"Llibreria Claret","description":"Llibreria religiosa a Barcelona","url":"https:\/\/www.claret.cat\/es\/","email":"comunicacio@claret.cat","telephone":"+34933010887","logo":{"@type":"ImageObject","url":"https:\/\/www.claret.cat\/wp-content\/uploads\/.\/logo-claret-es.png","@id":"https:\/\/www.claret.cat\/es\/libro\/un-talp-a-lantiga-roma-9788413894775\/#organizationLogo","width":195,"height":79},"image":{"@id":"https:\/\/www.claret.cat\/es\/libro\/un-talp-a-lantiga-roma-9788413894775\/#organizationLogo"},"sameAs":["https:\/\/www.facebook.com\/LlibreriaClaret","https:\/\/twitter.com\/LlibreriaClaret","https:\/\/www.instagram.com\/llibreriaclaret\/","https:\/\/www.tiktok.com\/@llibreriaclaret","https:\/\/www.youtube.com\/@llibreriaclaret","https:\/\/ca.wikipedia.org\/wiki\/Editorial_Claret"]},{"@type":"WebPage","@id":"https:\/\/www.claret.cat\/es\/libro\/un-talp-a-lantiga-roma-9788413894775\/#webpage","url":"https:\/\/www.claret.cat\/es\/libro\/un-talp-a-lantiga-roma-9788413894775\/","name":"UN TALP A L\u201dANTIGA ROMA - GIRONELL, MART\u00cd \/ CODINA, COANER 9788413894775 | Llibreria Claret","description":"UN TALP A L\u201dANTIGA ROMA de GIRONELL, MART\u00cd \/ CODINA, COANER disponible a\/en Llibreria Claret.","inLanguage":"es-ES","isPartOf":{"@id":"https:\/\/www.claret.cat\/es\/#website"},"breadcrumb":{"@id":"https:\/\/www.claret.cat\/es\/libro\/un-talp-a-lantiga-roma-9788413894775\/#breadcrumblist"},"image":{"@type":"ImageObject","url":"https:\/\/www.claret.cat\/wp-content\/uploads\/.\/9788413894775.jpg","@id":"https:\/\/www.claret.cat\/es\/libro\/un-talp-a-lantiga-roma-9788413894775\/#mainImage","width":1536,"height":1399,"caption":"9788413894775.jpg"},"primaryImageOfPage":{"@id":"https:\/\/www.claret.cat\/es\/libro\/un-talp-a-lantiga-roma-9788413894775\/#mainImage"},"datePublished":"2023-03-08T17:35:07+01:00","dateModified":"2025-10-20T20:28:50+02:00"},{"@type":"WebSite","@id":"https:\/\/www.claret.cat\/es\/#website","url":"https:\/\/www.claret.cat\/es\/","name":"Llibreria Claret Barcelona","alternateName":"Llibreria Claret","description":"Llibreria religiosa a Barcelona","inLanguage":"es-ES","publisher":{"@id":"https:\/\/www.claret.cat\/es\/#organization"}}]},"og:locale":"es_ES","og:site_name":"Llibreria Claret - Llibreria religiosa a Barcelona","og:type":"article","og:title":"UN TALP A L\u201dANTIGA ROMA - GIRONELL, MART\u00cd \/ CODINA, COANER 9788413894775 | Llibreria Claret","og:description":"UN TALP A L\u201dANTIGA ROMA de GIRONELL, MART\u00cd \/ CODINA, COANER disponible a\/en Llibreria Claret.","og:url":"https:\/\/www.claret.cat\/es\/libro\/un-talp-a-lantiga-roma-9788413894775\/","og:image":"https:\/\/dev.claret.cat\/wp-content\/uploads\/logo-claret.svg","og:image:secure_url":"https:\/\/dev.claret.cat\/wp-content\/uploads\/logo-claret.svg","article:published_time":"2023-03-08T16:35:07+00:00","article:modified_time":"2025-10-20T18:28:50+00:00","article:publisher":"https:\/\/www.facebook.com\/LlibreriaClaret","twitter:card":"summary_large_image","twitter:site":"@LlibreriaClaret","twitter:title":"UN TALP A L\u201dANTIGA ROMA - GIRONELL, MART\u00cd \/ CODINA, COANER 9788413894775 | Llibreria Claret","twitter:description":"UN TALP A L\u201dANTIGA ROMA de GIRONELL, MART\u00cd \/ CODINA, COANER disponible a\/en Llibreria Claret.","twitter:image":"http:\/\/dev.claret.cat\/wp-content\/uploads\/logo-claret.svg"},"aioseo_meta_data":{"post_id":"411137","title":null,"description":null,"keywords":null,"keyphrases":null,"primary_term":null,"canonical_url":null,"og_title":null,"og_description":null,"og_object_type":"default","og_image_type":"default","og_image_url":null,"og_image_width":null,"og_image_height":null,"og_image_custom_url":null,"og_image_custom_fields":null,"og_video":null,"og_custom_url":null,"og_article_section":null,"og_article_tags":null,"twitter_use_og":false,"twitter_card":"default","twitter_image_type":"default","twitter_image_url":null,"twitter_image_custom_url":null,"twitter_image_custom_fields":null,"twitter_title":null,"twitter_description":null,"schema":{"blockGraphs":[],"customGraphs":[],"default":{"data":{"Article":[],"Course":[],"Dataset":[],"FAQPage":[],"Movie":[],"Person":[],"Product":[],"ProductReview":[],"Car":[],"Recipe":[],"Service":[],"SoftwareApplication":[],"WebPage":[]},"graphName":"","isEnabled":true},"graphs":[]},"schema_type":"default","schema_type_options":null,"pillar_content":false,"robots_default":true,"robots_noindex":false,"robots_noarchive":false,"robots_nosnippet":false,"robots_nofollow":false,"robots_noimageindex":false,"robots_noodp":false,"robots_notranslate":false,"robots_max_snippet":null,"robots_max_videopreview":null,"robots_max_imagepreview":"large","priority":null,"frequency":null,"local_seo":null,"seo_analyzer_scan_date":"2025-12-02 05:31:03","breadcrumb_settings":null,"limit_modified_date":false,"open_ai":null,"ai":null,"created":"2023-05-31 05:06:15","updated":"2025-12-02 05:31:03","focus_keyword":null,"additional_keywords":null,"truseo_locale":null},"aioseo_breadcrumb":"<div class=\"aioseo-breadcrumbs\"><span class=\"aioseo-breadcrumb\">\n\t<a href=\"https:\/\/www.claret.cat\/es\/\" title=\"Home\">Home<\/a>\n<\/span><span class=\"aioseo-breadcrumb-separator\">&raquo;<\/span><span class=\"aioseo-breadcrumb\">\n\t<a href=\"https:\/\/www.claret.cat\/?page_id=16\" title=\"Botiga\">Botiga<\/a>\n<\/span><span class=\"aioseo-breadcrumb-separator\">&raquo;<\/span><span class=\"aioseo-breadcrumb\">\n\t<a href=\"https:\/\/www.claret.cat\/categoria-producto\/cat\/\" title=\"CAT\">CAT<\/a>\n<\/span><span class=\"aioseo-breadcrumb-separator\">&raquo;<\/span><span class=\"aioseo-breadcrumb\">\n\t<a href=\"https:\/\/www.claret.cat\/categoria-producto\/cat\/3_infantil-juvenil\/\" title=\"Infantil \/ Juvenil\">Infantil \/ Juvenil<\/a>\n<\/span><span class=\"aioseo-breadcrumb-separator\">&raquo;<\/span><span class=\"aioseo-breadcrumb\">\n\t<a href=\"https:\/\/www.claret.cat\/categoria-producto\/cat\/3_infantil-juvenil\/infantil\/\" title=\"Infantil\">Infantil<\/a>\n<\/span><span class=\"aioseo-breadcrumb-separator\">&raquo;<\/span><span class=\"aioseo-breadcrumb\">\n\t<a href=\"https:\/\/www.claret.cat\/categoria-producto\/cat\/3_infantil-juvenil\/infantil\/lectures-per-preadolescents-6-12-anys\/\" title=\"6 - 12 anys\">6 - 12 anys<\/a>\n<\/span><span class=\"aioseo-breadcrumb-separator\">&raquo;<\/span><span class=\"aioseo-breadcrumb\">\n\tUN TALP A L\u201dANTIGA ROMA\n<\/span><\/div>","aioseo_breadcrumb_json":[{"label":"Home","link":"https:\/\/www.claret.cat\/es\/"},{"label":"Botiga","link":"https:\/\/www.claret.cat\/?page_id=16"},{"label":"CAT","link":"https:\/\/www.claret.cat\/categoria-producto\/cat\/"},{"label":"Infantil \/ Juvenil","link":"https:\/\/www.claret.cat\/categoria-producto\/cat\/3_infantil-juvenil\/"},{"label":"Infantil","link":"https:\/\/www.claret.cat\/categoria-producto\/cat\/3_infantil-juvenil\/infantil\/"},{"label":"6 - 12 anys","link":"https:\/\/www.claret.cat\/categoria-producto\/cat\/3_infantil-juvenil\/infantil\/lectures-per-preadolescents-6-12-anys\/"},{"label":"UN TALP A L&#8221;ANTIGA ROMA","link":"https:\/\/www.claret.cat\/es\/libro\/un-talp-a-lantiga-roma-9788413894775\/"}],"_links":{"self":[{"href":"https:\/\/www.claret.cat\/es\/wp-json\/wp\/v2\/product\/411137","targetHints":{"allow":["GET"]}}],"collection":[{"href":"https:\/\/www.claret.cat\/es\/wp-json\/wp\/v2\/product"}],"about":[{"href":"https:\/\/www.claret.cat\/es\/wp-json\/wp\/v2\/types\/product"}],"wp:featuredmedia":[{"embeddable":true,"href":"https:\/\/www.claret.cat\/es\/wp-json\/wp\/v2\/media\/411138"}],"wp:attachment":[{"href":"https:\/\/www.claret.cat\/es\/wp-json\/wp\/v2\/media?parent=411137"}],"wp:term":[{"taxonomy":"product_brand","embeddable":true,"href":"https:\/\/www.claret.cat\/es\/wp-json\/wp\/v2\/product_brand?post=411137"},{"taxonomy":"product_cat","embeddable":true,"href":"https:\/\/www.claret.cat\/es\/wp-json\/wp\/v2\/product_cat?post=411137"},{"taxonomy":"product_tag","embeddable":true,"href":"https:\/\/www.claret.cat\/es\/wp-json\/wp\/v2\/product_tag?post=411137"}],"curies":[{"name":"wp","href":"https:\/\/api.w.org\/{rel}","templated":true}]}}