{"id":412579,"date":"2023-03-15T17:56:37","date_gmt":"2023-03-15T16:56:37","guid":{"rendered":"https:\/\/www.claret.cat\/llibre\/me-llamo-goa-9788419378927\/"},"modified":"2026-04-28T17:40:12","modified_gmt":"2026-04-28T15:40:12","slug":"me-llamo-goa-9788419378927","status":"publish","type":"product","link":"https:\/\/www.claret.cat\/es\/libro\/me-llamo-goa-9788419378927\/","title":{"rendered":"ME LLAMO GOA"},"content":{"rendered":"<p>Me llamo Goa&#8230; y, literal, \u00a1no entiendo la vida! \u00abGOA. Lo s\u00e9&#8230; \u00a1Menudo nombre! Mi mundo est\u00e1 patas arriba: desde que mis padres se separaron, \u00a1mi vida no para de cambiar! Nunca pens\u00e9 que tener doce a\u00f1os ser\u00eda tan complicado. En serio&#8230; \u00bfpuede volver a ser todo como antes? \u00a1Vida, dame un respiro!\u00bbGoa es una adolescente que acaba de cumplir 12 a\u00f1os y ve c\u00f3mo su vida da un giro inesperado de la noche a la ma\u00f1ana: sus padres se han separado, ahora tiene dos casas y toda su vida repartida entre ellas. Adem\u00e1s, su padre va a tener un hijo con su nueva pareja, o sea que&#8230; \u00a1tendr\u00e1 un hermanito! Cu\u00e1ntas cosas para tener solo 12 a\u00f1os. Goa solo quiere estar tranquila y que le dejen un ratito con la tablet para expresar todo lo que le pasa por la cabeza en un diario que graba en v\u00eddeo para s\u00ed misma. \u00a1Porque crecer no es nada f\u00e1cil! M\u00edriam Tirado, autora de El hilo invisible, se adentra en el mundo de la adolescencia con esta serie llena de humor y sensibilidad.<\/p>\n","protected":false},"excerpt":{"rendered":"<p>TIRADO, M\u00cdRIAM<\/p>\n","protected":false},"featured_media":1079354,"template":"","meta":{"_acf_changed":false,"om_disable_all_campaigns":false,"rs_blank_template":"","rs_page_bg_color":"","slide_template_v7":"","inline_featured_image":false,"_monsterinsights_skip_tracking":false,"_monsterinsights_sitenote_active":false,"_monsterinsights_sitenote_note":"","_monsterinsights_sitenote_category":0},"product_brand":[],"product_cat":[132,362],"product_tag":[],"class_list":{"0":"post-412579","1":"product","2":"type-product","3":"status-publish","4":"has-post-thumbnail","6":"product_cat-lectures-per-preadolescents-6-12-anys","7":"product_cat-libros-preadolescentes-6-12-anos","9":"first","10":"instock","11":"taxable","12":"shipping-taxable","13":"purchasable","14":"product-type-simple"},"acf":{"autor":"TIRADO, M\u00cdRIAM","codart":"841937892","libros-coleccion":"ESCRITURA DESATADA","ediciones":"1","encuadernacion":"Carton\u00e9","fecha_de_publicacion":"01\/03\/2023","novedad":"1","paginas":"206","subtitulo":"EL D\u00cdA QUE SE PAR\u00d3 EL MUNDO","orden":"0","portada":"0","idioma":"spa","editorial":[{"ID":294535,"post_author":"3","post_date":"2022-12-12 12:50:10","post_date_gmt":"2022-12-12 11:50:10","post_content":"","post_title":"B de Blok","post_excerpt":"","post_status":"publish","comment_status":"closed","ping_status":"closed","post_password":"","post_name":"b-de-blok","to_ping":"","pinged":"","post_modified":"2022-12-12 12:50:10","post_modified_gmt":"2022-12-12 11:50:10","post_content_filtered":"","post_parent":0,"guid":"http:\/\/dev.claret.cat\/editorial\/b-de-blok\/","menu_order":0,"post_type":"editorial","post_mime_type":"","comment_count":"0","filter":"raw"}],"autores-libros":[{"ID":5862,"post_author":"3","post_date":"2022-07-28 17:33:05","post_date_gmt":"2022-07-28 15:33:05","post_content":"","post_title":"M\u00cdRIAM TIRADO","post_excerpt":"","post_status":"publish","comment_status":"closed","ping_status":"closed","post_password":"","post_name":"miriam-tirado","to_ping":"","pinged":"","post_modified":"2022-07-28 17:33:05","post_modified_gmt":"2022-07-28 15:33:05","post_content_filtered":"","post_parent":0,"guid":"http:\/\/dev.claret.cat\/autor\/miriam-tirado\/","menu_order":0,"post_type":"autor","post_mime_type":"","comment_count":"0","filter":"raw"}],"booktrailer":"","resenas":""},"aioseo_notices":[],"_links":{"self":[{"href":"https:\/\/www.claret.cat\/es\/wp-json\/wp\/v2\/product\/412579","targetHints":{"allow":["GET"]}}],"collection":[{"href":"https:\/\/www.claret.cat\/es\/wp-json\/wp\/v2\/product"}],"about":[{"href":"https:\/\/www.claret.cat\/es\/wp-json\/wp\/v2\/types\/product"}],"wp:featuredmedia":[{"embeddable":true,"href":"https:\/\/www.claret.cat\/es\/wp-json\/wp\/v2\/media\/1079354"}],"wp:attachment":[{"href":"https:\/\/www.claret.cat\/es\/wp-json\/wp\/v2\/media?parent=412579"}],"wp:term":[{"taxonomy":"product_brand","embeddable":true,"href":"https:\/\/www.claret.cat\/es\/wp-json\/wp\/v2\/product_brand?post=412579"},{"taxonomy":"product_cat","embeddable":true,"href":"https:\/\/www.claret.cat\/es\/wp-json\/wp\/v2\/product_cat?post=412579"},{"taxonomy":"product_tag","embeddable":true,"href":"https:\/\/www.claret.cat\/es\/wp-json\/wp\/v2\/product_tag?post=412579"}],"curies":[{"name":"wp","href":"https:\/\/api.w.org\/{rel}","templated":true}]}}