{"id":414346,"date":"2023-03-27T18:00:17","date_gmt":"2023-03-27T16:00:17","guid":{"rendered":"https:\/\/www.claret.cat\/llibre\/hacia-una-ecoteologia-9788417796815\/"},"modified":"2024-06-10T11:15:06","modified_gmt":"2024-06-10T09:15:06","slug":"hacia-una-ecoteologia-9788417796815","status":"publish","type":"product","link":"https:\/\/www.claret.cat\/es\/libro\/hacia-una-ecoteologia-9788417796815\/","title":{"rendered":"HACIA UNA ECOTEOLOG\u00cdA"},"content":{"rendered":"<p>El ecologismo es un nuevo humanismo que clama por una espiritualidad nueva como respuesta a la crisis actual debida a la actividad humana depredadora. Para esta espiritualidad necesitamos ir m\u00e1s all\u00e1 de las exigencias \u00e9tico-morales de la crisis ecol\u00f3gica para llegar a una conexi\u00f3n emp\u00e1tica total con una Realidad en la que nos sintamos realmente inmersos. Una espiritualidad que, con palabras de Leonardo Boff, \u00abpermita una religaci\u00f3n singular y sorprendentemente nueva de todas nuestras dimensiones con las m\u00e1s diversas instancias de la realidad planetaria, c\u00f3smica, hist\u00f3rica, ps\u00edquica y trascendental\u00bb. Necesitamos abrirnos a una espiritualidad<br \/> ecol\u00f3gica radical. Esta espiritualidad ecos\u00f3fica exige una conexi\u00f3n con la Realidad para llegar a una comuni\u00f3n con Todo, con el cosmos \u2014no solo con la naturaleza<br \/> \u00abviva\u00bb, sino con toda la realidad de la materia\u2014 y con el Esp\u00edritu. Al formar parte del cosmos, nos es imprescindible vivir en armon\u00eda con \u00e9l para poder estar en paz con nosotros mismos. En esta obra, Victorino P\u00e9rez Prieto sigue un proceso desde la materia hasta el esp\u00edritu, desde lo emp\u00edrico hasta lo espiritual, de abajo arriba y de<br \/> arriba abajo en un movimiento incesante.<\/p>\n","protected":false},"excerpt":{"rendered":"<p>P\u00c9REZ PRIETO, VICTORINO<\/p>\n","protected":false},"featured_media":941500,"template":"","meta":{"_acf_changed":false,"om_disable_all_campaigns":false,"rs_blank_template":"","rs_page_bg_color":"","slide_template_v7":"","inline_featured_image":false,"_monsterinsights_skip_tracking":false,"_monsterinsights_sitenote_active":false,"_monsterinsights_sitenote_note":"","_monsterinsights_sitenote_category":0},"product_brand":[],"product_cat":[485,232,515,289,288,514,291,517],"product_tag":[],"class_list":{"0":"post-414346","1":"product","2":"type-product","3":"status-publish","4":"has-post-thumbnail","6":"product_cat-autores-espiritualidad-1_espiritualidad","7":"product_cat-autors-espiritualitat","8":"product_cat-moral-de-la-persona-bioetica-teologia-1_espiritualidad","9":"product_cat-moral-de-la-persona-bioetica","10":"product_cat-moral-fonamental","11":"product_cat-moral-fundamental","12":"product_cat-moral-social-i-politica","13":"product_cat-moral-social-y-politica","15":"first","16":"instock","17":"taxable","18":"shipping-taxable","19":"purchasable","20":"product-type-simple"},"acf":{"autor":"P\u00c9REZ PRIETO, VICTORINO","codart":"841779681","libros-coleccion":"Fragmentos","ediciones":"1","encuadernacion":"R\u00fastica","fecha_de_publicacion":"01\/03\/2023","novedad":"1","paginas":"302","subtitulo":"","orden":"0","portada":"0","idioma":"spa","editorial":[{"ID":6258,"post_author":"3","post_date":"2022-07-28 17:48:20","post_date_gmt":"2022-07-28 15:48:20","post_content":"","post_title":"FRAGMENTA EDITORIAL","post_excerpt":"","post_status":"publish","comment_status":"closed","ping_status":"closed","post_password":"","post_name":"fragmenta-editorial","to_ping":"","pinged":"","post_modified":"2022-07-28 17:48:20","post_modified_gmt":"2022-07-28 15:48:20","post_content_filtered":"","post_parent":0,"guid":"http:\/\/dev.claret.cat\/editorial\/fragmenta-editorial\/","menu_order":0,"post_type":"editorial","post_mime_type":"","comment_count":"0","filter":"raw"}],"autores-libros":[{"ID":280939,"post_author":"3","post_date":"2022-12-09 21:52:30","post_date_gmt":"2022-12-09 20:52:30","post_content":"","post_title":"VICTORINO P\u00c9REZ PRIETO","post_excerpt":"","post_status":"publish","comment_status":"closed","ping_status":"closed","post_password":"","post_name":"victorino-perez-prieto","to_ping":"","pinged":"","post_modified":"2022-12-09 21:52:30","post_modified_gmt":"2022-12-09 20:52:30","post_content_filtered":"","post_parent":0,"guid":"http:\/\/dev.claret.cat\/autor\/victorino-perez-prieto\/","menu_order":0,"post_type":"autor","post_mime_type":"","comment_count":"0","filter":"raw"}]},"aioseo_notices":[],"_links":{"self":[{"href":"https:\/\/www.claret.cat\/es\/wp-json\/wp\/v2\/product\/414346","targetHints":{"allow":["GET"]}}],"collection":[{"href":"https:\/\/www.claret.cat\/es\/wp-json\/wp\/v2\/product"}],"about":[{"href":"https:\/\/www.claret.cat\/es\/wp-json\/wp\/v2\/types\/product"}],"wp:featuredmedia":[{"embeddable":true,"href":"https:\/\/www.claret.cat\/es\/wp-json\/wp\/v2\/media\/941500"}],"wp:attachment":[{"href":"https:\/\/www.claret.cat\/es\/wp-json\/wp\/v2\/media?parent=414346"}],"wp:term":[{"taxonomy":"product_brand","embeddable":true,"href":"https:\/\/www.claret.cat\/es\/wp-json\/wp\/v2\/product_brand?post=414346"},{"taxonomy":"product_cat","embeddable":true,"href":"https:\/\/www.claret.cat\/es\/wp-json\/wp\/v2\/product_cat?post=414346"},{"taxonomy":"product_tag","embeddable":true,"href":"https:\/\/www.claret.cat\/es\/wp-json\/wp\/v2\/product_tag?post=414346"}],"curies":[{"name":"wp","href":"https:\/\/api.w.org\/{rel}","templated":true}]}}