{"id":414641,"date":"2023-03-30T09:55:14","date_gmt":"2023-03-30T07:55:14","guid":{"rendered":"https:\/\/www.claret.cat\/llibre\/tal-como-eramos-9788411482271\/"},"modified":"2023-10-11T03:23:24","modified_gmt":"2023-10-11T01:23:24","slug":"tal-como-eramos-9788411482271","status":"publish","type":"product","link":"https:\/\/www.claret.cat\/es\/libro\/tal-como-eramos-9788411482271\/","title":{"rendered":"TAL COMO \u00c9RAMOS"},"content":{"rendered":"<p>Tal como \u00e9ramos relata con rigor y amenidad divulgativa una historia de la evoluci\u00f3n humana, abarcando varios millones de a\u00f1os y combinando informaci\u00f3n textal y visual, porque, como dice el autor, \u00a1qu\u00e9 importante es verse las caras!Cada cap\u00edtulo comienza con un rostro, una reconstrucci\u00f3n hiperrealista de catorce miembros de la genealog\u00eda humana m\u00e1s Charles Darwin, el homo sapiens que comenz\u00f3 este largo camino de descubrimiento de nuestros or\u00edgenes.Mirar a los ojos de nuestros antepasados remotos (y no tan remotos) es la mejor manera de adentrase en el conocimiento de su estilo de vida, sus or\u00edgenes, sus relaciones, sus migraciones, y descubrir cu\u00e1ntas cosas compartimos con ellos: desde el miedo a la muerte, hasta la obsesi\u00f3n por proteger a las cr\u00edas y la necesidad de alimentarse y guarecerse del fr\u00edo.<\/p>\n","protected":false},"excerpt":{"rendered":"<p>BARBUJANI, GUIDO<\/p>\n","protected":false},"featured_media":414642,"template":"","meta":{"_acf_changed":false,"om_disable_all_campaigns":false,"rs_blank_template":"","rs_page_bg_color":"","slide_template_v7":"","inline_featured_image":false,"_monsterinsights_skip_tracking":false,"_monsterinsights_sitenote_active":false,"_monsterinsights_sitenote_note":"","_monsterinsights_sitenote_category":0},"product_brand":[],"product_cat":[156,369,147,426],"product_tag":[],"class_list":{"0":"post-414641","1":"product","2":"type-product","3":"status-publish","4":"has-post-thumbnail","6":"product_cat-arqueologia-i-paleografia","7":"product_cat-arqueologia-y-paleografia","8":"product_cat-prehistoria","9":"product_cat-prehistoria-historia-2_humanidades","11":"first","12":"instock","13":"taxable","14":"shipping-taxable","15":"purchasable","16":"product-type-simple"},"acf":{"autor":"BARBUJANI, GUIDO","codart":"841148227","libros-coleccion":"Libros Singulares (Ls)","ediciones":"1","encuadernacion":"R\u00fastica","fecha_de_publicacion":"01\/03\/2023","novedad":"1","paginas":"270","subtitulo":"UNA HISTORIA DE LOS OR\u00cdGENES DE LA ESPECIE HUMANA QUE COMIENZA MIRANDO DIRECTAME","orden":"0","portada":"0","idioma":"spa","editorial":[{"ID":6119,"post_author":"3","post_date":"2022-07-28 17:45:18","post_date_gmt":"2022-07-28 15:45:18","post_content":"","post_title":"Alianza Editorial","post_excerpt":"","post_status":"publish","comment_status":"closed","ping_status":"closed","post_password":"","post_name":"alianza-editorial","to_ping":"","pinged":"","post_modified":"2022-07-28 17:45:18","post_modified_gmt":"2022-07-28 15:45:18","post_content_filtered":"","post_parent":0,"guid":"http:\/\/dev.claret.cat\/editorial\/alianza-editorial\/","menu_order":0,"post_type":"editorial","post_mime_type":"","comment_count":"0","filter":"raw"}],"autores-libros":[{"ID":414644,"post_author":"3","post_date":"2023-03-30 10:00:02","post_date_gmt":"2023-03-30 08:00:02","post_content":"","post_title":"GUIDO BARBUJANI","post_excerpt":"","post_status":"publish","comment_status":"closed","ping_status":"closed","post_password":"","post_name":"guido-barbujani","to_ping":"","pinged":"","post_modified":"2023-03-30 10:00:02","post_modified_gmt":"2023-03-30 08:00:02","post_content_filtered":"","post_parent":0,"guid":"https:\/\/www.claret.cat\/autor\/guido-barbujani\/","menu_order":0,"post_type":"autor","post_mime_type":"","comment_count":"0","filter":"raw"}]},"aioseo_notices":[],"_links":{"self":[{"href":"https:\/\/www.claret.cat\/es\/wp-json\/wp\/v2\/product\/414641","targetHints":{"allow":["GET"]}}],"collection":[{"href":"https:\/\/www.claret.cat\/es\/wp-json\/wp\/v2\/product"}],"about":[{"href":"https:\/\/www.claret.cat\/es\/wp-json\/wp\/v2\/types\/product"}],"wp:featuredmedia":[{"embeddable":true,"href":"https:\/\/www.claret.cat\/es\/wp-json\/wp\/v2\/media\/414642"}],"wp:attachment":[{"href":"https:\/\/www.claret.cat\/es\/wp-json\/wp\/v2\/media?parent=414641"}],"wp:term":[{"taxonomy":"product_brand","embeddable":true,"href":"https:\/\/www.claret.cat\/es\/wp-json\/wp\/v2\/product_brand?post=414641"},{"taxonomy":"product_cat","embeddable":true,"href":"https:\/\/www.claret.cat\/es\/wp-json\/wp\/v2\/product_cat?post=414641"},{"taxonomy":"product_tag","embeddable":true,"href":"https:\/\/www.claret.cat\/es\/wp-json\/wp\/v2\/product_tag?post=414641"}],"curies":[{"name":"wp","href":"https:\/\/api.w.org\/{rel}","templated":true}]}}