{"id":418310,"date":"2023-04-27T15:45:10","date_gmt":"2023-04-27T13:45:10","guid":{"rendered":"https:\/\/www.claret.cat\/llibre\/preterito-perfecto-9788490739013\/"},"modified":"2025-11-27T10:15:31","modified_gmt":"2025-11-27T09:15:31","slug":"preterito-perfecto-9788490739013","status":"publish","type":"product","link":"https:\/\/www.claret.cat\/es\/libro\/preterito-perfecto-9788490739013\/","title":{"rendered":"PRET\u00c9RITO PERFECTO"},"content":{"rendered":"<p>Este es un libro extra\u00f1o. No es una biograf\u00eda, pero la autora habla de s\u00ed misma. No es una novela, pero podr\u00eda serlo. No es un ensayo, pero es reflexivo. No es teolog\u00eda, aunque contiene mucha. No es un libro moral, pero s\u00ed honesto.   No es el libro de tu vida, pero podr\u00eda serlo, porque cada vida es tan apasionante como \u00fanica, y tan normal como parecida a las dem\u00e1s. Porque todo el mundo sue\u00f1a, sufre, ama, goza, piensa, cree y evoluciona. Y vivir es conjugar estos verbos en todos los tiempos posibles: en futuro, sobre todo cuando somos j\u00f3venes; en presente, siempre, y en pret\u00e9rito, especialmente al envejecer. En pret\u00e9rito perfecto, cuando el pasado a\u00fan es presente y puede mirar al futuro.   La historia que cuenta este libro no es la tuya, pero es tan centrada y tan descentrada como la tuya. Porque, en lo humano, lo singular y lo com\u00fan se encuentran. \u00bfD\u00f3nde? \u00bfC\u00f3mo?   Quiz\u00e1s encuentres respuestas en este libro. O tal vez no.<\/p>\n","protected":false},"excerpt":{"rendered":"<p>NAVARRO PUERTO, MERCEDES<\/p>\n","protected":false},"featured_media":1068605,"template":"","meta":{"_acf_changed":false,"om_disable_all_campaigns":false,"rs_blank_template":"","rs_page_bg_color":"","slide_template_v7":"","inline_featured_image":false,"_monsterinsights_skip_tracking":false,"_monsterinsights_sitenote_active":false,"_monsterinsights_sitenote_note":"","_monsterinsights_sitenote_category":0},"product_brand":[],"product_cat":[284,418],"product_tag":[],"class_list":{"0":"post-418310","1":"product","2":"type-product","3":"status-publish","4":"has-post-thumbnail","6":"product_cat-espiritual","7":"product_cat-espiritual-teologia-1_espiritualidad","9":"first","10":"instock","11":"taxable","12":"shipping-taxable","13":"purchasable","14":"product-type-simple"},"acf":{"autor":"NAVARRO PUERTO, MERCEDES","codart":"849073901","libros-coleccion":"","ediciones":"1","encuadernacion":"R\u00fastica","fecha_de_publicacion":"26\/04\/2023","novedad":"1","paginas":"192","subtitulo":"SETENTA A\u00d1OS CUMPLIDOS Y MEDIO SIGLO DE VIDA RELIGIOSA","orden":"0","portada":"0","idioma":"spa","editorial":[{"ID":6390,"post_author":"3","post_date":"2022-07-28 17:51:08","post_date_gmt":"2022-07-28 15:51:08","post_content":"","post_title":"VERBO DIVINO","post_excerpt":"","post_status":"publish","comment_status":"closed","ping_status":"closed","post_password":"","post_name":"verbo-divino","to_ping":"","pinged":"","post_modified":"2022-07-28 17:51:08","post_modified_gmt":"2022-07-28 15:51:08","post_content_filtered":"","post_parent":0,"guid":"http:\/\/dev.claret.cat\/editorial\/verbo-divino\/","menu_order":0,"post_type":"editorial","post_mime_type":"","comment_count":"0","filter":"raw"}],"autores-libros":[{"ID":164730,"post_author":"3","post_date":"2022-10-14 17:49:25","post_date_gmt":"2022-10-14 15:49:25","post_content":"","post_title":"MERCEDES NAVARRO PUERTO","post_excerpt":"","post_status":"publish","comment_status":"closed","ping_status":"closed","post_password":"","post_name":"mercedes-navarro-puerto","to_ping":"","pinged":"","post_modified":"2022-10-14 17:49:25","post_modified_gmt":"2022-10-14 15:49:25","post_content_filtered":"","post_parent":0,"guid":"http:\/\/dev.claret.cat\/autor\/mercedes-navarro-puerto\/","menu_order":0,"post_type":"autor","post_mime_type":"","comment_count":"0","filter":"raw"}],"booktrailer":"","resenas":""},"aioseo_notices":[],"_links":{"self":[{"href":"https:\/\/www.claret.cat\/es\/wp-json\/wp\/v2\/product\/418310","targetHints":{"allow":["GET"]}}],"collection":[{"href":"https:\/\/www.claret.cat\/es\/wp-json\/wp\/v2\/product"}],"about":[{"href":"https:\/\/www.claret.cat\/es\/wp-json\/wp\/v2\/types\/product"}],"wp:featuredmedia":[{"embeddable":true,"href":"https:\/\/www.claret.cat\/es\/wp-json\/wp\/v2\/media\/1068605"}],"wp:attachment":[{"href":"https:\/\/www.claret.cat\/es\/wp-json\/wp\/v2\/media?parent=418310"}],"wp:term":[{"taxonomy":"product_brand","embeddable":true,"href":"https:\/\/www.claret.cat\/es\/wp-json\/wp\/v2\/product_brand?post=418310"},{"taxonomy":"product_cat","embeddable":true,"href":"https:\/\/www.claret.cat\/es\/wp-json\/wp\/v2\/product_cat?post=418310"},{"taxonomy":"product_tag","embeddable":true,"href":"https:\/\/www.claret.cat\/es\/wp-json\/wp\/v2\/product_tag?post=418310"}],"curies":[{"name":"wp","href":"https:\/\/api.w.org\/{rel}","templated":true}]}}