{"id":419369,"date":"2023-05-09T17:50:02","date_gmt":"2023-05-09T15:50:02","guid":{"rendered":"https:\/\/www.claret.cat\/llibre\/illuminacions-una-temporada-a-linfern-9788419657176\/"},"modified":"2024-01-31T20:55:01","modified_gmt":"2024-01-31T19:55:01","slug":"illuminacions-una-temporada-a-linfern-9788419657176","status":"publish","type":"product","link":"https:\/\/www.claret.cat\/es\/libro\/illuminacions-una-temporada-a-linfern-9788419657176\/","title":{"rendered":"IL\u00b7LUMINACIONS. UNA TEMPORADA A L&#8217;INFERN"},"content":{"rendered":"<p>Arthur Rimbaud va marcar, amb Baudelaire i Verlaine, el pas de la poesia rom\u00e0ntica a la poesia moderna. Ning\u00fa com ell exemplifica tan b\u00e9 la biografia del poeta preco\u00e7 i male\u00eft, del geni. La seva aventura vital i el seu concepte d&#8221;alqu\u00edmia po\u00e8tica han marcat per sempre m\u00e9s la literatura contempor\u00e0nia. Arthur Rimbaud (Charleville, 1845 &#8211; Marsella, 1891) va escriure una obra po\u00e8tica innovadora, brillant i enormement influent entre els quinze i els vint-i-un anys, que va culminar amb dues obres vision\u00e0ries: els poemes en vers i en prosa d&#8221;Il\u00b7luminacions, treballats com joies ins\u00f2lites, i la trasbalsadora i inoblidable confessi\u00f3 titulada Una temporada a l&#8221;infern.<br \/> Per Josep Palau i Fabre, la lectura i la traducci\u00f3 de l&#8221;obra de Rimbaud va ser una experi\u00e8ncia transcendental, recollida en l&#8221;estudi preliminar i les notes que acompanyen el volum. L&#8221;edici\u00f3 biling\u00fce permet comprovar la fidelitat de Palau a l&#8221;esperit del m\u00edtic poeta franc\u00e8s. Segons Paul Claudel, \u201cun m\u00edstic en estat salvatge\u201d. Per Albert Camus,\u201cun poeta gran i admirable, el m\u00e9s gran del seu temps, oracle fulgurant\u201d.<br \/> Aquesta obra ha rebut un ajut a l&#8221;edici\u00f3 del Ministerio de Cultura y Deporte.<\/p>\n","protected":false},"excerpt":{"rendered":"<p>RIMBAUD, ARTHUR<\/p>\n","protected":false},"featured_media":419370,"template":"","meta":{"_acf_changed":false,"om_disable_all_campaigns":false,"rs_blank_template":"","rs_page_bg_color":"","slide_template_v7":"","inline_featured_image":false,"_monsterinsights_skip_tracking":false},"product_brand":[],"product_cat":[127,357],"product_tag":[],"class_list":["post-419369","product","type-product","status-publish","has-post-thumbnail","product_cat-novella-contemporania","product_cat-novela-contemporanea","first","instock","taxable","shipping-taxable","purchasable","product-type-simple"],"acf":{"autor":"RIMBAUD, ARTHUR","codart":"841965717","libros-coleccion":"A TOT VENT","ediciones":"1","encuadernacion":"Carton\u00e9","fecha_de_publicacion":"01\/05\/2023","novedad":"1","paginas":"297","subtitulo":"","orden":"0","portada":"0","idioma":"cat","editorial":[{"ID":6336,"post_author":"3","post_date":"2022-07-28 17:50:00","post_date_gmt":"2022-07-28 15:50:00","post_content":"","post_title":"Proa","post_excerpt":"","post_status":"publish","comment_status":"closed","ping_status":"closed","post_password":"","post_name":"proa","to_ping":"","pinged":"","post_modified":"2022-07-28 17:50:00","post_modified_gmt":"2022-07-28 15:50:00","post_content_filtered":"","post_parent":0,"guid":"http:\/\/dev.claret.cat\/editorial\/proa\/","menu_order":0,"post_type":"editorial","post_mime_type":"","comment_count":"0","filter":"raw"}],"autores-libros":[{"ID":151149,"post_author":"3","post_date":"2022-10-14 14:38:35","post_date_gmt":"2022-10-14 12:38:35","post_content":"","post_title":"ARTHUR RIMBAUD","post_excerpt":"","post_status":"publish","comment_status":"closed","ping_status":"closed","post_password":"","post_name":"arthur-rimbaud","to_ping":"","pinged":"","post_modified":"2022-10-14 14:38:35","post_modified_gmt":"2022-10-14 12:38:35","post_content_filtered":"","post_parent":0,"guid":"http:\/\/dev.claret.cat\/autor\/arthur-rimbaud\/","menu_order":0,"post_type":"autor","post_mime_type":"","comment_count":"0","filter":"raw"}]},"aioseo_notices":[],"aioseo_head":"\n\t\t<!-- All in One SEO Pro 5.0.1.1 - aioseo.com -->\n\t<meta name=\"description\" content=\"IL\u00b7LUMINACIONS. UNA TEMPORADA A L\u2019INFERN de RIMBAUD, ARTHUR disponible a\/en Llibreria Claret.\" \/>\n\t<meta name=\"robots\" content=\"max-image-preview:large\" \/>\n\t<meta name=\"google-site-verification\" content=\"xVtlFxJ-TfkIu-D-lt7XeLobefg5EIQiXTuqcSf8Rf0\" \/>\n\t<link rel=\"canonical\" href=\"https:\/\/www.claret.cat\/es\/libro\/illuminacions-una-temporada-a-linfern-9788419657176\/\" \/>\n\t<meta name=\"generator\" content=\"All in One SEO Pro (AIOSEO) 5.0.1.1\" \/>\n\t\t<meta property=\"og:locale\" content=\"es_ES\" \/>\n\t\t<meta property=\"og:site_name\" content=\"Llibreria Claret - Llibreria religiosa a Barcelona\" \/>\n\t\t<meta property=\"og:type\" content=\"article\" \/>\n\t\t<meta property=\"og:title\" content=\"IL\u00b7LUMINACIONS. UNA TEMPORADA A L\u2019INFERN - RIMBAUD, ARTHUR 9788419657176 | Llibreria Claret\" \/>\n\t\t<meta property=\"og:description\" content=\"IL\u00b7LUMINACIONS. UNA TEMPORADA A L\u2019INFERN de RIMBAUD, ARTHUR disponible a\/en Llibreria Claret.\" \/>\n\t\t<meta property=\"og:url\" content=\"https:\/\/www.claret.cat\/es\/libro\/illuminacions-una-temporada-a-linfern-9788419657176\/\" \/>\n\t\t<meta property=\"og:image\" content=\"https:\/\/dev.claret.cat\/wp-content\/uploads\/logo-claret.svg\" \/>\n\t\t<meta property=\"og:image:secure_url\" content=\"https:\/\/dev.claret.cat\/wp-content\/uploads\/logo-claret.svg\" \/>\n\t\t<meta property=\"article:published_time\" content=\"2023-05-09T15:50:02+00:00\" \/>\n\t\t<meta property=\"article:modified_time\" content=\"2024-01-31T19:55:01+00:00\" \/>\n\t\t<meta property=\"article:publisher\" content=\"https:\/\/www.facebook.com\/LlibreriaClaret\" \/>\n\t\t<meta name=\"twitter:card\" content=\"summary_large_image\" \/>\n\t\t<meta name=\"twitter:site\" content=\"@LlibreriaClaret\" \/>\n\t\t<meta name=\"twitter:title\" content=\"IL\u00b7LUMINACIONS. UNA TEMPORADA A L\u2019INFERN - RIMBAUD, ARTHUR 9788419657176 | Llibreria Claret\" \/>\n\t\t<meta name=\"twitter:description\" content=\"IL\u00b7LUMINACIONS. UNA TEMPORADA A L\u2019INFERN de RIMBAUD, ARTHUR disponible a\/en Llibreria Claret.\" \/>\n\t\t<meta name=\"twitter:image\" content=\"http:\/\/dev.claret.cat\/wp-content\/uploads\/logo-claret.svg\" \/>\n\t\t<script type=\"application\/ld+json\" class=\"aioseo-schema\">\n\t\t\t{\"@context\":\"https:\\\/\\\/schema.org\",\"@graph\":[{\"@type\":\"BreadcrumbList\",\"@id\":\"https:\\\/\\\/www.claret.cat\\\/es\\\/libro\\\/illuminacions-una-temporada-a-linfern-9788419657176\\\/#breadcrumblist\",\"itemListElement\":[{\"@type\":\"ListItem\",\"@id\":\"https:\\\/\\\/www.claret.cat\\\/es\\\/#listItem\",\"position\":1,\"name\":\"Home\",\"item\":\"https:\\\/\\\/www.claret.cat\\\/es\\\/\",\"nextItem\":{\"@type\":\"ListItem\",\"@id\":\"https:\\\/\\\/www.claret.cat\\\/?page_id=16#listItem\",\"name\":\"Botiga\"}},{\"@type\":\"ListItem\",\"@id\":\"https:\\\/\\\/www.claret.cat\\\/?page_id=16#listItem\",\"position\":2,\"name\":\"Botiga\",\"item\":\"https:\\\/\\\/www.claret.cat\\\/?page_id=16\",\"nextItem\":{\"@type\":\"ListItem\",\"@id\":\"https:\\\/\\\/www.claret.cat\\\/categoria-producto\\\/cat\\\/#listItem\",\"name\":\"CAT\"},\"previousItem\":{\"@type\":\"ListItem\",\"@id\":\"https:\\\/\\\/www.claret.cat\\\/es\\\/#listItem\",\"name\":\"Home\"}},{\"@type\":\"ListItem\",\"@id\":\"https:\\\/\\\/www.claret.cat\\\/categoria-producto\\\/cat\\\/#listItem\",\"position\":3,\"name\":\"CAT\",\"item\":\"https:\\\/\\\/www.claret.cat\\\/categoria-producto\\\/cat\\\/\",\"nextItem\":{\"@type\":\"ListItem\",\"@id\":\"https:\\\/\\\/www.claret.cat\\\/categoria-producto\\\/cat\\\/2_humanitats\\\/#listItem\",\"name\":\"Humanitats\"},\"previousItem\":{\"@type\":\"ListItem\",\"@id\":\"https:\\\/\\\/www.claret.cat\\\/?page_id=16#listItem\",\"name\":\"Botiga\"}},{\"@type\":\"ListItem\",\"@id\":\"https:\\\/\\\/www.claret.cat\\\/categoria-producto\\\/cat\\\/2_humanitats\\\/#listItem\",\"position\":4,\"name\":\"Humanitats\",\"item\":\"https:\\\/\\\/www.claret.cat\\\/categoria-producto\\\/cat\\\/2_humanitats\\\/\",\"nextItem\":{\"@type\":\"ListItem\",\"@id\":\"https:\\\/\\\/www.claret.cat\\\/categoria-producto\\\/cat\\\/2_humanitats\\\/literatura\\\/#listItem\",\"name\":\"Literatura\"},\"previousItem\":{\"@type\":\"ListItem\",\"@id\":\"https:\\\/\\\/www.claret.cat\\\/categoria-producto\\\/cat\\\/#listItem\",\"name\":\"CAT\"}},{\"@type\":\"ListItem\",\"@id\":\"https:\\\/\\\/www.claret.cat\\\/categoria-producto\\\/cat\\\/2_humanitats\\\/literatura\\\/#listItem\",\"position\":5,\"name\":\"Literatura\",\"item\":\"https:\\\/\\\/www.claret.cat\\\/categoria-producto\\\/cat\\\/2_humanitats\\\/literatura\\\/\",\"nextItem\":{\"@type\":\"ListItem\",\"@id\":\"https:\\\/\\\/www.claret.cat\\\/categoria-producto\\\/cat\\\/2_humanitats\\\/literatura\\\/novella-contemporania\\\/#listItem\",\"name\":\"Novel\\u00b7la contempor\\u00e0nia\"},\"previousItem\":{\"@type\":\"ListItem\",\"@id\":\"https:\\\/\\\/www.claret.cat\\\/categoria-producto\\\/cat\\\/2_humanitats\\\/#listItem\",\"name\":\"Humanitats\"}},{\"@type\":\"ListItem\",\"@id\":\"https:\\\/\\\/www.claret.cat\\\/categoria-producto\\\/cat\\\/2_humanitats\\\/literatura\\\/novella-contemporania\\\/#listItem\",\"position\":6,\"name\":\"Novel\\u00b7la contempor\\u00e0nia\",\"item\":\"https:\\\/\\\/www.claret.cat\\\/categoria-producto\\\/cat\\\/2_humanitats\\\/literatura\\\/novella-contemporania\\\/\",\"nextItem\":{\"@type\":\"ListItem\",\"@id\":\"https:\\\/\\\/www.claret.cat\\\/es\\\/libro\\\/illuminacions-una-temporada-a-linfern-9788419657176\\\/#listItem\",\"name\":\"IL\\u00b7LUMINACIONS. UNA TEMPORADA A L&#8217;INFERN\"},\"previousItem\":{\"@type\":\"ListItem\",\"@id\":\"https:\\\/\\\/www.claret.cat\\\/categoria-producto\\\/cat\\\/2_humanitats\\\/literatura\\\/#listItem\",\"name\":\"Literatura\"}},{\"@type\":\"ListItem\",\"@id\":\"https:\\\/\\\/www.claret.cat\\\/es\\\/libro\\\/illuminacions-una-temporada-a-linfern-9788419657176\\\/#listItem\",\"position\":7,\"name\":\"IL\\u00b7LUMINACIONS. UNA TEMPORADA A L&#8217;INFERN\",\"previousItem\":{\"@type\":\"ListItem\",\"@id\":\"https:\\\/\\\/www.claret.cat\\\/categoria-producto\\\/cat\\\/2_humanitats\\\/literatura\\\/novella-contemporania\\\/#listItem\",\"name\":\"Novel\\u00b7la contempor\\u00e0nia\"}}]},{\"@type\":\"ItemPage\",\"@id\":\"https:\\\/\\\/www.claret.cat\\\/es\\\/libro\\\/illuminacions-una-temporada-a-linfern-9788419657176\\\/#itempage\",\"url\":\"https:\\\/\\\/www.claret.cat\\\/es\\\/libro\\\/illuminacions-una-temporada-a-linfern-9788419657176\\\/\",\"name\":\"IL\\u00b7LUMINACIONS. UNA TEMPORADA A L\\u2019INFERN - RIMBAUD, ARTHUR 9788419657176 | Llibreria Claret\",\"description\":\"IL\\u00b7LUMINACIONS. UNA TEMPORADA A L\\u2019INFERN de RIMBAUD, ARTHUR disponible a\\\/en Llibreria Claret.\",\"inLanguage\":\"es-ES\",\"isPartOf\":{\"@id\":\"https:\\\/\\\/www.claret.cat\\\/es\\\/#website\"},\"breadcrumb\":{\"@id\":\"https:\\\/\\\/www.claret.cat\\\/es\\\/libro\\\/illuminacions-una-temporada-a-linfern-9788419657176\\\/#breadcrumblist\"},\"image\":{\"@type\":\"ImageObject\",\"url\":\"https:\\\/\\\/www.claret.cat\\\/wp-content\\\/uploads\\\/.\\\/9788419657176.jpg\",\"@id\":\"https:\\\/\\\/www.claret.cat\\\/es\\\/libro\\\/illuminacions-una-temporada-a-linfern-9788419657176\\\/#mainImage\",\"width\":983,\"height\":1536,\"caption\":\"9788419657176.jpg\"},\"primaryImageOfPage\":{\"@id\":\"https:\\\/\\\/www.claret.cat\\\/es\\\/libro\\\/illuminacions-una-temporada-a-linfern-9788419657176\\\/#mainImage\"},\"datePublished\":\"2023-05-09T17:50:02+02:00\",\"dateModified\":\"2024-01-31T20:55:01+01:00\"},{\"@type\":\"Organization\",\"@id\":\"https:\\\/\\\/www.claret.cat\\\/es\\\/#organization\",\"name\":\"Llibreria Claret\",\"description\":\"Llibreria religiosa a Barcelona\",\"url\":\"https:\\\/\\\/www.claret.cat\\\/es\\\/\",\"email\":\"comunicacio@claret.cat\",\"telephone\":\"+34933010887\",\"logo\":{\"@type\":\"ImageObject\",\"url\":\"https:\\\/\\\/www.claret.cat\\\/wp-content\\\/uploads\\\/.\\\/logo-claret-es.png\",\"@id\":\"https:\\\/\\\/www.claret.cat\\\/es\\\/libro\\\/illuminacions-una-temporada-a-linfern-9788419657176\\\/#organizationLogo\",\"width\":195,\"height\":79},\"image\":{\"@id\":\"https:\\\/\\\/www.claret.cat\\\/es\\\/libro\\\/illuminacions-una-temporada-a-linfern-9788419657176\\\/#organizationLogo\"},\"sameAs\":[\"https:\\\/\\\/www.facebook.com\\\/LlibreriaClaret\",\"https:\\\/\\\/twitter.com\\\/LlibreriaClaret\",\"https:\\\/\\\/www.instagram.com\\\/llibreriaclaret\\\/\",\"https:\\\/\\\/www.tiktok.com\\\/@llibreriaclaret\",\"https:\\\/\\\/www.youtube.com\\\/@llibreriaclaret\",\"https:\\\/\\\/ca.wikipedia.org\\\/wiki\\\/Editorial_Claret\"]},{\"@type\":\"WebPage\",\"@id\":\"https:\\\/\\\/www.claret.cat\\\/es\\\/libro\\\/illuminacions-una-temporada-a-linfern-9788419657176\\\/#webpage\",\"url\":\"https:\\\/\\\/www.claret.cat\\\/es\\\/libro\\\/illuminacions-una-temporada-a-linfern-9788419657176\\\/\",\"name\":\"IL\\u00b7LUMINACIONS. UNA TEMPORADA A L\\u2019INFERN - RIMBAUD, ARTHUR 9788419657176 | Llibreria Claret\",\"description\":\"IL\\u00b7LUMINACIONS. UNA TEMPORADA A L\\u2019INFERN de RIMBAUD, ARTHUR disponible a\\\/en Llibreria Claret.\",\"inLanguage\":\"es-ES\",\"isPartOf\":{\"@id\":\"https:\\\/\\\/www.claret.cat\\\/es\\\/#website\"},\"breadcrumb\":{\"@id\":\"https:\\\/\\\/www.claret.cat\\\/es\\\/libro\\\/illuminacions-una-temporada-a-linfern-9788419657176\\\/#breadcrumblist\"},\"image\":{\"@type\":\"ImageObject\",\"url\":\"https:\\\/\\\/www.claret.cat\\\/wp-content\\\/uploads\\\/.\\\/9788419657176.jpg\",\"@id\":\"https:\\\/\\\/www.claret.cat\\\/es\\\/libro\\\/illuminacions-una-temporada-a-linfern-9788419657176\\\/#mainImage\",\"width\":983,\"height\":1536,\"caption\":\"9788419657176.jpg\"},\"primaryImageOfPage\":{\"@id\":\"https:\\\/\\\/www.claret.cat\\\/es\\\/libro\\\/illuminacions-una-temporada-a-linfern-9788419657176\\\/#mainImage\"},\"datePublished\":\"2023-05-09T17:50:02+02:00\",\"dateModified\":\"2024-01-31T20:55:01+01:00\"},{\"@type\":\"WebSite\",\"@id\":\"https:\\\/\\\/www.claret.cat\\\/es\\\/#website\",\"url\":\"https:\\\/\\\/www.claret.cat\\\/es\\\/\",\"name\":\"Llibreria Claret Barcelona\",\"alternateName\":\"Llibreria Claret\",\"description\":\"Llibreria religiosa a Barcelona\",\"inLanguage\":\"es-ES\",\"publisher\":{\"@id\":\"https:\\\/\\\/www.claret.cat\\\/es\\\/#organization\"}}]}\n\t\t<\/script>\n\t\t<!-- All in One SEO Pro -->\r\n\t\t<title>IL\u00b7LUMINACIONS. UNA TEMPORADA A L\u2019INFERN - RIMBAUD, ARTHUR 9788419657176 | Llibreria Claret<\/title>\n\n","aioseo_head_json":{"title":"IL\u00b7LUMINACIONS. UNA TEMPORADA A L\u2019INFERN - RIMBAUD, ARTHUR 9788419657176 | Llibreria Claret","description":"IL\u00b7LUMINACIONS. UNA TEMPORADA A L\u2019INFERN de RIMBAUD, ARTHUR disponible a\/en Llibreria Claret.","canonical_url":"https:\/\/www.claret.cat\/es\/libro\/illuminacions-una-temporada-a-linfern-9788419657176\/","robots":"max-image-preview:large","keywords":"","webmasterTools":{"google-site-verification":"xVtlFxJ-TfkIu-D-lt7XeLobefg5EIQiXTuqcSf8Rf0","miscellaneous":""},"schema":{"@context":"https:\/\/schema.org","@graph":[{"@type":"BreadcrumbList","@id":"https:\/\/www.claret.cat\/es\/libro\/illuminacions-una-temporada-a-linfern-9788419657176\/#breadcrumblist","itemListElement":[{"@type":"ListItem","@id":"https:\/\/www.claret.cat\/es\/#listItem","position":1,"name":"Home","item":"https:\/\/www.claret.cat\/es\/","nextItem":{"@type":"ListItem","@id":"https:\/\/www.claret.cat\/?page_id=16#listItem","name":"Botiga"}},{"@type":"ListItem","@id":"https:\/\/www.claret.cat\/?page_id=16#listItem","position":2,"name":"Botiga","item":"https:\/\/www.claret.cat\/?page_id=16","nextItem":{"@type":"ListItem","@id":"https:\/\/www.claret.cat\/categoria-producto\/cat\/#listItem","name":"CAT"},"previousItem":{"@type":"ListItem","@id":"https:\/\/www.claret.cat\/es\/#listItem","name":"Home"}},{"@type":"ListItem","@id":"https:\/\/www.claret.cat\/categoria-producto\/cat\/#listItem","position":3,"name":"CAT","item":"https:\/\/www.claret.cat\/categoria-producto\/cat\/","nextItem":{"@type":"ListItem","@id":"https:\/\/www.claret.cat\/categoria-producto\/cat\/2_humanitats\/#listItem","name":"Humanitats"},"previousItem":{"@type":"ListItem","@id":"https:\/\/www.claret.cat\/?page_id=16#listItem","name":"Botiga"}},{"@type":"ListItem","@id":"https:\/\/www.claret.cat\/categoria-producto\/cat\/2_humanitats\/#listItem","position":4,"name":"Humanitats","item":"https:\/\/www.claret.cat\/categoria-producto\/cat\/2_humanitats\/","nextItem":{"@type":"ListItem","@id":"https:\/\/www.claret.cat\/categoria-producto\/cat\/2_humanitats\/literatura\/#listItem","name":"Literatura"},"previousItem":{"@type":"ListItem","@id":"https:\/\/www.claret.cat\/categoria-producto\/cat\/#listItem","name":"CAT"}},{"@type":"ListItem","@id":"https:\/\/www.claret.cat\/categoria-producto\/cat\/2_humanitats\/literatura\/#listItem","position":5,"name":"Literatura","item":"https:\/\/www.claret.cat\/categoria-producto\/cat\/2_humanitats\/literatura\/","nextItem":{"@type":"ListItem","@id":"https:\/\/www.claret.cat\/categoria-producto\/cat\/2_humanitats\/literatura\/novella-contemporania\/#listItem","name":"Novel\u00b7la contempor\u00e0nia"},"previousItem":{"@type":"ListItem","@id":"https:\/\/www.claret.cat\/categoria-producto\/cat\/2_humanitats\/#listItem","name":"Humanitats"}},{"@type":"ListItem","@id":"https:\/\/www.claret.cat\/categoria-producto\/cat\/2_humanitats\/literatura\/novella-contemporania\/#listItem","position":6,"name":"Novel\u00b7la contempor\u00e0nia","item":"https:\/\/www.claret.cat\/categoria-producto\/cat\/2_humanitats\/literatura\/novella-contemporania\/","nextItem":{"@type":"ListItem","@id":"https:\/\/www.claret.cat\/es\/libro\/illuminacions-una-temporada-a-linfern-9788419657176\/#listItem","name":"IL\u00b7LUMINACIONS. UNA TEMPORADA A L&#8217;INFERN"},"previousItem":{"@type":"ListItem","@id":"https:\/\/www.claret.cat\/categoria-producto\/cat\/2_humanitats\/literatura\/#listItem","name":"Literatura"}},{"@type":"ListItem","@id":"https:\/\/www.claret.cat\/es\/libro\/illuminacions-una-temporada-a-linfern-9788419657176\/#listItem","position":7,"name":"IL\u00b7LUMINACIONS. UNA TEMPORADA A L&#8217;INFERN","previousItem":{"@type":"ListItem","@id":"https:\/\/www.claret.cat\/categoria-producto\/cat\/2_humanitats\/literatura\/novella-contemporania\/#listItem","name":"Novel\u00b7la contempor\u00e0nia"}}]},{"@type":"ItemPage","@id":"https:\/\/www.claret.cat\/es\/libro\/illuminacions-una-temporada-a-linfern-9788419657176\/#itempage","url":"https:\/\/www.claret.cat\/es\/libro\/illuminacions-una-temporada-a-linfern-9788419657176\/","name":"IL\u00b7LUMINACIONS. UNA TEMPORADA A L\u2019INFERN - RIMBAUD, ARTHUR 9788419657176 | Llibreria Claret","description":"IL\u00b7LUMINACIONS. UNA TEMPORADA A L\u2019INFERN de RIMBAUD, ARTHUR disponible a\/en Llibreria Claret.","inLanguage":"es-ES","isPartOf":{"@id":"https:\/\/www.claret.cat\/es\/#website"},"breadcrumb":{"@id":"https:\/\/www.claret.cat\/es\/libro\/illuminacions-una-temporada-a-linfern-9788419657176\/#breadcrumblist"},"image":{"@type":"ImageObject","url":"https:\/\/www.claret.cat\/wp-content\/uploads\/.\/9788419657176.jpg","@id":"https:\/\/www.claret.cat\/es\/libro\/illuminacions-una-temporada-a-linfern-9788419657176\/#mainImage","width":983,"height":1536,"caption":"9788419657176.jpg"},"primaryImageOfPage":{"@id":"https:\/\/www.claret.cat\/es\/libro\/illuminacions-una-temporada-a-linfern-9788419657176\/#mainImage"},"datePublished":"2023-05-09T17:50:02+02:00","dateModified":"2024-01-31T20:55:01+01:00"},{"@type":"Organization","@id":"https:\/\/www.claret.cat\/es\/#organization","name":"Llibreria Claret","description":"Llibreria religiosa a Barcelona","url":"https:\/\/www.claret.cat\/es\/","email":"comunicacio@claret.cat","telephone":"+34933010887","logo":{"@type":"ImageObject","url":"https:\/\/www.claret.cat\/wp-content\/uploads\/.\/logo-claret-es.png","@id":"https:\/\/www.claret.cat\/es\/libro\/illuminacions-una-temporada-a-linfern-9788419657176\/#organizationLogo","width":195,"height":79},"image":{"@id":"https:\/\/www.claret.cat\/es\/libro\/illuminacions-una-temporada-a-linfern-9788419657176\/#organizationLogo"},"sameAs":["https:\/\/www.facebook.com\/LlibreriaClaret","https:\/\/twitter.com\/LlibreriaClaret","https:\/\/www.instagram.com\/llibreriaclaret\/","https:\/\/www.tiktok.com\/@llibreriaclaret","https:\/\/www.youtube.com\/@llibreriaclaret","https:\/\/ca.wikipedia.org\/wiki\/Editorial_Claret"]},{"@type":"WebPage","@id":"https:\/\/www.claret.cat\/es\/libro\/illuminacions-una-temporada-a-linfern-9788419657176\/#webpage","url":"https:\/\/www.claret.cat\/es\/libro\/illuminacions-una-temporada-a-linfern-9788419657176\/","name":"IL\u00b7LUMINACIONS. UNA TEMPORADA A L\u2019INFERN - RIMBAUD, ARTHUR 9788419657176 | Llibreria Claret","description":"IL\u00b7LUMINACIONS. UNA TEMPORADA A L\u2019INFERN de RIMBAUD, ARTHUR disponible a\/en Llibreria Claret.","inLanguage":"es-ES","isPartOf":{"@id":"https:\/\/www.claret.cat\/es\/#website"},"breadcrumb":{"@id":"https:\/\/www.claret.cat\/es\/libro\/illuminacions-una-temporada-a-linfern-9788419657176\/#breadcrumblist"},"image":{"@type":"ImageObject","url":"https:\/\/www.claret.cat\/wp-content\/uploads\/.\/9788419657176.jpg","@id":"https:\/\/www.claret.cat\/es\/libro\/illuminacions-una-temporada-a-linfern-9788419657176\/#mainImage","width":983,"height":1536,"caption":"9788419657176.jpg"},"primaryImageOfPage":{"@id":"https:\/\/www.claret.cat\/es\/libro\/illuminacions-una-temporada-a-linfern-9788419657176\/#mainImage"},"datePublished":"2023-05-09T17:50:02+02:00","dateModified":"2024-01-31T20:55:01+01:00"},{"@type":"WebSite","@id":"https:\/\/www.claret.cat\/es\/#website","url":"https:\/\/www.claret.cat\/es\/","name":"Llibreria Claret Barcelona","alternateName":"Llibreria Claret","description":"Llibreria religiosa a Barcelona","inLanguage":"es-ES","publisher":{"@id":"https:\/\/www.claret.cat\/es\/#organization"}}]},"og:locale":"es_ES","og:site_name":"Llibreria Claret - Llibreria religiosa a Barcelona","og:type":"article","og:title":"IL\u00b7LUMINACIONS. UNA TEMPORADA A L\u2019INFERN - RIMBAUD, ARTHUR 9788419657176 | Llibreria Claret","og:description":"IL\u00b7LUMINACIONS. UNA TEMPORADA A L\u2019INFERN de RIMBAUD, ARTHUR disponible a\/en Llibreria Claret.","og:url":"https:\/\/www.claret.cat\/es\/libro\/illuminacions-una-temporada-a-linfern-9788419657176\/","og:image":"https:\/\/dev.claret.cat\/wp-content\/uploads\/logo-claret.svg","og:image:secure_url":"https:\/\/dev.claret.cat\/wp-content\/uploads\/logo-claret.svg","article:published_time":"2023-05-09T15:50:02+00:00","article:modified_time":"2024-01-31T19:55:01+00:00","article:publisher":"https:\/\/www.facebook.com\/LlibreriaClaret","twitter:card":"summary_large_image","twitter:site":"@LlibreriaClaret","twitter:title":"IL\u00b7LUMINACIONS. UNA TEMPORADA A L\u2019INFERN - RIMBAUD, ARTHUR 9788419657176 | Llibreria Claret","twitter:description":"IL\u00b7LUMINACIONS. UNA TEMPORADA A L\u2019INFERN de RIMBAUD, ARTHUR disponible a\/en Llibreria Claret.","twitter:image":"http:\/\/dev.claret.cat\/wp-content\/uploads\/logo-claret.svg"},"aioseo_meta_data":{"post_id":"419369","title":null,"description":null,"keywords":null,"keyphrases":null,"primary_term":null,"canonical_url":null,"og_title":null,"og_description":null,"og_object_type":"default","og_image_type":"default","og_image_url":null,"og_image_width":null,"og_image_height":null,"og_image_custom_url":null,"og_image_custom_fields":null,"og_video":null,"og_custom_url":null,"og_article_section":null,"og_article_tags":null,"twitter_use_og":false,"twitter_card":"default","twitter_image_type":"default","twitter_image_url":null,"twitter_image_custom_url":null,"twitter_image_custom_fields":null,"twitter_title":null,"twitter_description":null,"schema":{"blockGraphs":[],"customGraphs":[],"default":{"data":{"Article":[],"Course":[],"Dataset":[],"FAQPage":[],"Movie":[],"Person":[],"Product":[],"ProductReview":[],"Car":[],"Recipe":[],"Service":[],"SoftwareApplication":[],"WebPage":[]},"graphName":"","isEnabled":true},"graphs":[]},"schema_type":"default","schema_type_options":null,"pillar_content":false,"robots_default":true,"robots_noindex":false,"robots_noarchive":false,"robots_nosnippet":false,"robots_nofollow":false,"robots_noimageindex":false,"robots_noodp":false,"robots_notranslate":false,"robots_max_snippet":null,"robots_max_videopreview":null,"robots_max_imagepreview":"large","priority":null,"frequency":null,"local_seo":null,"seo_analyzer_scan_date":"2026-06-12 22:41:38","breadcrumb_settings":null,"limit_modified_date":false,"open_ai":null,"ai":null,"created":"2023-05-31 08:08:35","updated":"2026-06-12 22:41:38","focus_keyword":null,"additional_keywords":null,"truseo_locale":null},"aioseo_breadcrumb":"<div class=\"aioseo-breadcrumbs\"><span class=\"aioseo-breadcrumb\">\n\t<a href=\"https:\/\/www.claret.cat\/es\/\" title=\"Home\">Home<\/a>\n<\/span><span class=\"aioseo-breadcrumb-separator\">&raquo;<\/span><span class=\"aioseo-breadcrumb\">\n\t<a href=\"https:\/\/www.claret.cat\/?page_id=16\" title=\"Botiga\">Botiga<\/a>\n<\/span><span class=\"aioseo-breadcrumb-separator\">&raquo;<\/span><span class=\"aioseo-breadcrumb\">\n\t<a href=\"https:\/\/www.claret.cat\/categoria-producto\/cat\/\" title=\"CAT\">CAT<\/a>\n<\/span><span class=\"aioseo-breadcrumb-separator\">&raquo;<\/span><span class=\"aioseo-breadcrumb\">\n\t<a href=\"https:\/\/www.claret.cat\/categoria-producto\/cat\/2_humanitats\/\" title=\"Humanitats\">Humanitats<\/a>\n<\/span><span class=\"aioseo-breadcrumb-separator\">&raquo;<\/span><span class=\"aioseo-breadcrumb\">\n\t<a href=\"https:\/\/www.claret.cat\/categoria-producto\/cat\/2_humanitats\/literatura\/\" title=\"Literatura\">Literatura<\/a>\n<\/span><span class=\"aioseo-breadcrumb-separator\">&raquo;<\/span><span class=\"aioseo-breadcrumb\">\n\t<a href=\"https:\/\/www.claret.cat\/categoria-producto\/cat\/2_humanitats\/literatura\/novella-contemporania\/\" title=\"Novel\u00b7la contempor\u00e0nia\">Novel\u00b7la contempor\u00e0nia<\/a>\n<\/span><span class=\"aioseo-breadcrumb-separator\">&raquo;<\/span><span class=\"aioseo-breadcrumb\">\n\tIL\u00b7LUMINACIONS. UNA TEMPORADA A L\u2019INFERN\n<\/span><\/div>","aioseo_breadcrumb_json":[{"label":"Home","link":"https:\/\/www.claret.cat\/es\/"},{"label":"Botiga","link":"https:\/\/www.claret.cat\/?page_id=16"},{"label":"CAT","link":"https:\/\/www.claret.cat\/categoria-producto\/cat\/"},{"label":"Humanitats","link":"https:\/\/www.claret.cat\/categoria-producto\/cat\/2_humanitats\/"},{"label":"Literatura","link":"https:\/\/www.claret.cat\/categoria-producto\/cat\/2_humanitats\/literatura\/"},{"label":"Novel\u00b7la contempor\u00e0nia","link":"https:\/\/www.claret.cat\/categoria-producto\/cat\/2_humanitats\/literatura\/novella-contemporania\/"},{"label":"IL\u00b7LUMINACIONS. UNA TEMPORADA A L&#8217;INFERN","link":"https:\/\/www.claret.cat\/es\/libro\/illuminacions-una-temporada-a-linfern-9788419657176\/"}],"_links":{"self":[{"href":"https:\/\/www.claret.cat\/es\/wp-json\/wp\/v2\/product\/419369","targetHints":{"allow":["GET"]}}],"collection":[{"href":"https:\/\/www.claret.cat\/es\/wp-json\/wp\/v2\/product"}],"about":[{"href":"https:\/\/www.claret.cat\/es\/wp-json\/wp\/v2\/types\/product"}],"wp:featuredmedia":[{"embeddable":true,"href":"https:\/\/www.claret.cat\/es\/wp-json\/wp\/v2\/media\/419370"}],"wp:attachment":[{"href":"https:\/\/www.claret.cat\/es\/wp-json\/wp\/v2\/media?parent=419369"}],"wp:term":[{"taxonomy":"product_brand","embeddable":true,"href":"https:\/\/www.claret.cat\/es\/wp-json\/wp\/v2\/product_brand?post=419369"},{"taxonomy":"product_cat","embeddable":true,"href":"https:\/\/www.claret.cat\/es\/wp-json\/wp\/v2\/product_cat?post=419369"},{"taxonomy":"product_tag","embeddable":true,"href":"https:\/\/www.claret.cat\/es\/wp-json\/wp\/v2\/product_tag?post=419369"}],"curies":[{"name":"wp","href":"https:\/\/api.w.org\/{rel}","templated":true}]}}