{"id":42345,"date":"2022-10-02T19:56:49","date_gmt":"2022-10-02T17:56:49","guid":{"rendered":"http:\/\/dev.claret.cat\/producte\/malaventura\/"},"modified":"2023-10-06T09:50:46","modified_gmt":"2023-10-06T07:50:46","slug":"malaventura-9788418668340","status":"publish","type":"product","link":"https:\/\/www.claret.cat\/es\/libro\/malaventura-9788418668340\/","title":{"rendered":"MALAVENTURA"},"content":{"rendered":"<p>Un debut deslumbrante, un acid \u00abwestern\u00bb con el sur como obsesi\u00f3n, un h\u00edbrido de Cormac McCarthy, Sergio Leone y Lorca que se lee como una novela de iniciaci\u00f3n y muerte.<br \/>Los h\u00e9roes y los villanos se desdibujan en \u00abMalaventura\u00bb una suerte de neorromancero ambientado en una Andaluc\u00eda desesperada y remota, a la vez que irreal y aut\u00e9ntica, m\u00edtica y salvaje, llena de personajes extremos: quinquis, hechiceras, cazadores, demonios que se desplazan por las ondas de la radio, mercenarios de buen coraz\u00f3n o ni\u00f1os que maldicen a todo un pueblo. Una mujer barbera atrapada en una reyerta. El cruel linchamiento de un legendario bandolero. Una misteriosa matanza en una fonda en la que el \u00fanico testigo es un burrico. El amor imposible entre una vidente y un forajido. Una inundaci\u00f3n que sigue su curso llev\u00e1ndose por delante todo lo que encuentra a su paso o la inesperada visita de los fantasmas del pasado que buscan ajustar cuentas con un violento guardia civil.<\/p>\n","protected":false},"excerpt":{"rendered":"<p>NAVARRO, FERNANDO<\/p>\n","protected":false},"featured_media":58429,"template":"","meta":{"_acf_changed":false,"om_disable_all_campaigns":false,"rs_blank_template":"","rs_page_bg_color":"","slide_template_v7":"","inline_featured_image":false,"_monsterinsights_skip_tracking":false},"product_brand":[],"product_cat":[357],"product_tag":[],"class_list":["post-42345","product","type-product","status-publish","has-post-thumbnail","product_cat-novela-contemporanea","first","instock","taxable","shipping-taxable","purchasable","product-type-simple"],"acf":{"autor":"NAVARRO, FERNANDO","codart":"841866834","libros-coleccion":"Impedimenta","ediciones":"1","encuadernacion":"R\u00fastica","fecha_de_publicacion":"01\/04\/2022","novedad":"1","paginas":"192","subtitulo":"","orden":"0","portada":"0","idioma":"spa","editorial":[{"ID":6271,"post_author":"3","post_date":"2022-07-28 17:48:37","post_date_gmt":"2022-07-28 15:48:37","post_content":"","post_title":"Impedimenta editorial","post_excerpt":"","post_status":"publish","comment_status":"closed","ping_status":"closed","post_password":"","post_name":"impedimenta-editorial","to_ping":"","pinged":"","post_modified":"2022-07-28 17:48:37","post_modified_gmt":"2022-07-28 15:48:37","post_content_filtered":"","post_parent":0,"guid":"http:\/\/dev.claret.cat\/editorial\/impedimenta-editorial\/","menu_order":0,"post_type":"editorial","post_mime_type":"","comment_count":"0","filter":"raw"}],"autores-libros":[{"ID":155849,"post_author":"3","post_date":"2022-10-14 15:16:07","post_date_gmt":"2022-10-14 13:16:07","post_content":"","post_title":"FERNANDO NAVARRO","post_excerpt":"","post_status":"publish","comment_status":"closed","ping_status":"closed","post_password":"","post_name":"fernando-navarro","to_ping":"","pinged":"","post_modified":"2022-10-14 15:16:07","post_modified_gmt":"2022-10-14 13:16:07","post_content_filtered":"","post_parent":0,"guid":"http:\/\/dev.claret.cat\/autor\/fernando-navarro\/","menu_order":0,"post_type":"autor","post_mime_type":"","comment_count":"0","filter":"raw"}]},"aioseo_notices":[],"aioseo_head":"\n\t\t<!-- All in One SEO Pro 5.0.1.1 - aioseo.com -->\n\t<meta name=\"description\" content=\"MALAVENTURA de NAVARRO, FERNANDO disponible a\/en Llibreria Claret.\" \/>\n\t<meta name=\"robots\" content=\"max-image-preview:large\" \/>\n\t<meta name=\"google-site-verification\" content=\"xVtlFxJ-TfkIu-D-lt7XeLobefg5EIQiXTuqcSf8Rf0\" \/>\n\t<link rel=\"canonical\" href=\"https:\/\/www.claret.cat\/es\/libro\/malaventura-9788418668340\/\" \/>\n\t<meta name=\"generator\" content=\"All in One SEO Pro (AIOSEO) 5.0.1.1\" \/>\n\t\t<meta property=\"og:locale\" content=\"es_ES\" \/>\n\t\t<meta property=\"og:site_name\" content=\"Llibreria Claret - Llibreria religiosa a Barcelona\" \/>\n\t\t<meta property=\"og:type\" content=\"article\" \/>\n\t\t<meta property=\"og:title\" content=\"MALAVENTURA - NAVARRO, FERNANDO 9788418668340 | Llibreria Claret\" \/>\n\t\t<meta property=\"og:description\" content=\"MALAVENTURA de NAVARRO, FERNANDO disponible a\/en Llibreria Claret.\" \/>\n\t\t<meta property=\"og:url\" content=\"https:\/\/www.claret.cat\/es\/libro\/malaventura-9788418668340\/\" \/>\n\t\t<meta property=\"og:image\" content=\"https:\/\/dev.claret.cat\/wp-content\/uploads\/logo-claret.svg\" \/>\n\t\t<meta property=\"og:image:secure_url\" content=\"https:\/\/dev.claret.cat\/wp-content\/uploads\/logo-claret.svg\" \/>\n\t\t<meta property=\"article:published_time\" content=\"2022-10-02T17:56:49+00:00\" \/>\n\t\t<meta property=\"article:modified_time\" content=\"2023-10-06T07:50:46+00:00\" \/>\n\t\t<meta property=\"article:publisher\" content=\"https:\/\/www.facebook.com\/LlibreriaClaret\" \/>\n\t\t<meta name=\"twitter:card\" content=\"summary_large_image\" \/>\n\t\t<meta name=\"twitter:site\" content=\"@LlibreriaClaret\" \/>\n\t\t<meta name=\"twitter:title\" content=\"MALAVENTURA - NAVARRO, FERNANDO 9788418668340 | Llibreria Claret\" \/>\n\t\t<meta name=\"twitter:description\" content=\"MALAVENTURA de NAVARRO, FERNANDO disponible a\/en Llibreria Claret.\" \/>\n\t\t<meta name=\"twitter:image\" content=\"http:\/\/dev.claret.cat\/wp-content\/uploads\/logo-claret.svg\" \/>\n\t\t<script type=\"application\/ld+json\" class=\"aioseo-schema\">\n\t\t\t{\"@context\":\"https:\\\/\\\/schema.org\",\"@graph\":[{\"@type\":\"BreadcrumbList\",\"@id\":\"https:\\\/\\\/www.claret.cat\\\/es\\\/libro\\\/malaventura-9788418668340\\\/#breadcrumblist\",\"itemListElement\":[{\"@type\":\"ListItem\",\"@id\":\"https:\\\/\\\/www.claret.cat\\\/es\\\/#listItem\",\"position\":1,\"name\":\"Home\",\"item\":\"https:\\\/\\\/www.claret.cat\\\/es\\\/\",\"nextItem\":{\"@type\":\"ListItem\",\"@id\":\"https:\\\/\\\/www.claret.cat\\\/?page_id=16#listItem\",\"name\":\"Botiga\"}},{\"@type\":\"ListItem\",\"@id\":\"https:\\\/\\\/www.claret.cat\\\/?page_id=16#listItem\",\"position\":2,\"name\":\"Botiga\",\"item\":\"https:\\\/\\\/www.claret.cat\\\/?page_id=16\",\"nextItem\":{\"@type\":\"ListItem\",\"@id\":\"https:\\\/\\\/www.claret.cat\\\/categoria-producto\\\/spa\\\/#listItem\",\"name\":\"SPA\"},\"previousItem\":{\"@type\":\"ListItem\",\"@id\":\"https:\\\/\\\/www.claret.cat\\\/es\\\/#listItem\",\"name\":\"Home\"}},{\"@type\":\"ListItem\",\"@id\":\"https:\\\/\\\/www.claret.cat\\\/categoria-producto\\\/spa\\\/#listItem\",\"position\":3,\"name\":\"SPA\",\"item\":\"https:\\\/\\\/www.claret.cat\\\/categoria-producto\\\/spa\\\/\",\"nextItem\":{\"@type\":\"ListItem\",\"@id\":\"https:\\\/\\\/www.claret.cat\\\/es\\\/categoria-producto\\\/spa\\\/2_humanidades\\\/#listItem\",\"name\":\"Humanidades\"},\"previousItem\":{\"@type\":\"ListItem\",\"@id\":\"https:\\\/\\\/www.claret.cat\\\/?page_id=16#listItem\",\"name\":\"Botiga\"}},{\"@type\":\"ListItem\",\"@id\":\"https:\\\/\\\/www.claret.cat\\\/es\\\/categoria-producto\\\/spa\\\/2_humanidades\\\/#listItem\",\"position\":4,\"name\":\"Humanidades\",\"item\":\"https:\\\/\\\/www.claret.cat\\\/es\\\/categoria-producto\\\/spa\\\/2_humanidades\\\/\",\"nextItem\":{\"@type\":\"ListItem\",\"@id\":\"https:\\\/\\\/www.claret.cat\\\/es\\\/categoria-producto\\\/spa\\\/2_humanidades\\\/literatura-2_humanidades\\\/#listItem\",\"name\":\"Literatura\"},\"previousItem\":{\"@type\":\"ListItem\",\"@id\":\"https:\\\/\\\/www.claret.cat\\\/categoria-producto\\\/spa\\\/#listItem\",\"name\":\"SPA\"}},{\"@type\":\"ListItem\",\"@id\":\"https:\\\/\\\/www.claret.cat\\\/es\\\/categoria-producto\\\/spa\\\/2_humanidades\\\/literatura-2_humanidades\\\/#listItem\",\"position\":5,\"name\":\"Literatura\",\"item\":\"https:\\\/\\\/www.claret.cat\\\/es\\\/categoria-producto\\\/spa\\\/2_humanidades\\\/literatura-2_humanidades\\\/\",\"nextItem\":{\"@type\":\"ListItem\",\"@id\":\"https:\\\/\\\/www.claret.cat\\\/es\\\/categoria-producto\\\/spa\\\/2_humanidades\\\/literatura-2_humanidades\\\/novela-contemporanea\\\/#listItem\",\"name\":\"Novela contempor\\u00e1nea\"},\"previousItem\":{\"@type\":\"ListItem\",\"@id\":\"https:\\\/\\\/www.claret.cat\\\/es\\\/categoria-producto\\\/spa\\\/2_humanidades\\\/#listItem\",\"name\":\"Humanidades\"}},{\"@type\":\"ListItem\",\"@id\":\"https:\\\/\\\/www.claret.cat\\\/es\\\/categoria-producto\\\/spa\\\/2_humanidades\\\/literatura-2_humanidades\\\/novela-contemporanea\\\/#listItem\",\"position\":6,\"name\":\"Novela contempor\\u00e1nea\",\"item\":\"https:\\\/\\\/www.claret.cat\\\/es\\\/categoria-producto\\\/spa\\\/2_humanidades\\\/literatura-2_humanidades\\\/novela-contemporanea\\\/\",\"nextItem\":{\"@type\":\"ListItem\",\"@id\":\"https:\\\/\\\/www.claret.cat\\\/es\\\/libro\\\/malaventura-9788418668340\\\/#listItem\",\"name\":\"MALAVENTURA\"},\"previousItem\":{\"@type\":\"ListItem\",\"@id\":\"https:\\\/\\\/www.claret.cat\\\/es\\\/categoria-producto\\\/spa\\\/2_humanidades\\\/literatura-2_humanidades\\\/#listItem\",\"name\":\"Literatura\"}},{\"@type\":\"ListItem\",\"@id\":\"https:\\\/\\\/www.claret.cat\\\/es\\\/libro\\\/malaventura-9788418668340\\\/#listItem\",\"position\":7,\"name\":\"MALAVENTURA\",\"previousItem\":{\"@type\":\"ListItem\",\"@id\":\"https:\\\/\\\/www.claret.cat\\\/es\\\/categoria-producto\\\/spa\\\/2_humanidades\\\/literatura-2_humanidades\\\/novela-contemporanea\\\/#listItem\",\"name\":\"Novela contempor\\u00e1nea\"}}]},{\"@type\":\"ItemPage\",\"@id\":\"https:\\\/\\\/www.claret.cat\\\/es\\\/libro\\\/malaventura-9788418668340\\\/#itempage\",\"url\":\"https:\\\/\\\/www.claret.cat\\\/es\\\/libro\\\/malaventura-9788418668340\\\/\",\"name\":\"MALAVENTURA - NAVARRO, FERNANDO 9788418668340 | Llibreria Claret\",\"description\":\"MALAVENTURA de NAVARRO, FERNANDO disponible a\\\/en Llibreria Claret.\",\"inLanguage\":\"es-ES\",\"isPartOf\":{\"@id\":\"https:\\\/\\\/www.claret.cat\\\/es\\\/#website\"},\"breadcrumb\":{\"@id\":\"https:\\\/\\\/www.claret.cat\\\/es\\\/libro\\\/malaventura-9788418668340\\\/#breadcrumblist\"},\"image\":{\"@type\":\"ImageObject\",\"url\":\"https:\\\/\\\/www.claret.cat\\\/wp-content\\\/uploads\\\/.\\\/9788418668340.jpg\",\"@id\":\"https:\\\/\\\/www.claret.cat\\\/es\\\/libro\\\/malaventura-9788418668340\\\/#mainImage\",\"width\":225,\"height\":345,\"caption\":\"9788418668340.jpg\"},\"primaryImageOfPage\":{\"@id\":\"https:\\\/\\\/www.claret.cat\\\/es\\\/libro\\\/malaventura-9788418668340\\\/#mainImage\"},\"datePublished\":\"2022-10-02T19:56:49+02:00\",\"dateModified\":\"2023-10-06T09:50:46+02:00\"},{\"@type\":\"Organization\",\"@id\":\"https:\\\/\\\/www.claret.cat\\\/es\\\/#organization\",\"name\":\"Llibreria Claret\",\"description\":\"Llibreria religiosa a Barcelona\",\"url\":\"https:\\\/\\\/www.claret.cat\\\/es\\\/\",\"email\":\"comunicacio@claret.cat\",\"telephone\":\"+34933010887\",\"logo\":{\"@type\":\"ImageObject\",\"url\":\"https:\\\/\\\/www.claret.cat\\\/wp-content\\\/uploads\\\/.\\\/logo-claret-es.png\",\"@id\":\"https:\\\/\\\/www.claret.cat\\\/es\\\/libro\\\/malaventura-9788418668340\\\/#organizationLogo\",\"width\":195,\"height\":79},\"image\":{\"@id\":\"https:\\\/\\\/www.claret.cat\\\/es\\\/libro\\\/malaventura-9788418668340\\\/#organizationLogo\"},\"sameAs\":[\"https:\\\/\\\/www.facebook.com\\\/LlibreriaClaret\",\"https:\\\/\\\/twitter.com\\\/LlibreriaClaret\",\"https:\\\/\\\/www.instagram.com\\\/llibreriaclaret\\\/\",\"https:\\\/\\\/www.tiktok.com\\\/@llibreriaclaret\",\"https:\\\/\\\/www.youtube.com\\\/@llibreriaclaret\",\"https:\\\/\\\/ca.wikipedia.org\\\/wiki\\\/Editorial_Claret\"]},{\"@type\":\"WebPage\",\"@id\":\"https:\\\/\\\/www.claret.cat\\\/es\\\/libro\\\/malaventura-9788418668340\\\/#webpage\",\"url\":\"https:\\\/\\\/www.claret.cat\\\/es\\\/libro\\\/malaventura-9788418668340\\\/\",\"name\":\"MALAVENTURA - NAVARRO, FERNANDO 9788418668340 | Llibreria Claret\",\"description\":\"MALAVENTURA de NAVARRO, FERNANDO disponible a\\\/en Llibreria Claret.\",\"inLanguage\":\"es-ES\",\"isPartOf\":{\"@id\":\"https:\\\/\\\/www.claret.cat\\\/es\\\/#website\"},\"breadcrumb\":{\"@id\":\"https:\\\/\\\/www.claret.cat\\\/es\\\/libro\\\/malaventura-9788418668340\\\/#breadcrumblist\"},\"image\":{\"@type\":\"ImageObject\",\"url\":\"https:\\\/\\\/www.claret.cat\\\/wp-content\\\/uploads\\\/.\\\/9788418668340.jpg\",\"@id\":\"https:\\\/\\\/www.claret.cat\\\/es\\\/libro\\\/malaventura-9788418668340\\\/#mainImage\",\"width\":225,\"height\":345,\"caption\":\"9788418668340.jpg\"},\"primaryImageOfPage\":{\"@id\":\"https:\\\/\\\/www.claret.cat\\\/es\\\/libro\\\/malaventura-9788418668340\\\/#mainImage\"},\"datePublished\":\"2022-10-02T19:56:49+02:00\",\"dateModified\":\"2023-10-06T09:50:46+02:00\"},{\"@type\":\"WebSite\",\"@id\":\"https:\\\/\\\/www.claret.cat\\\/es\\\/#website\",\"url\":\"https:\\\/\\\/www.claret.cat\\\/es\\\/\",\"name\":\"Llibreria Claret Barcelona\",\"alternateName\":\"Llibreria Claret\",\"description\":\"Llibreria religiosa a Barcelona\",\"inLanguage\":\"es-ES\",\"publisher\":{\"@id\":\"https:\\\/\\\/www.claret.cat\\\/es\\\/#organization\"}}]}\n\t\t<\/script>\n\t\t<!-- All in One SEO Pro -->\r\n\t\t<title>MALAVENTURA - NAVARRO, FERNANDO 9788418668340 | Llibreria Claret<\/title>\n\n","aioseo_head_json":{"title":"MALAVENTURA - NAVARRO, FERNANDO 9788418668340 | Llibreria Claret","description":"MALAVENTURA de NAVARRO, FERNANDO disponible a\/en Llibreria Claret.","canonical_url":"https:\/\/www.claret.cat\/es\/libro\/malaventura-9788418668340\/","robots":"max-image-preview:large","keywords":"","webmasterTools":{"google-site-verification":"xVtlFxJ-TfkIu-D-lt7XeLobefg5EIQiXTuqcSf8Rf0","miscellaneous":""},"schema":{"@context":"https:\/\/schema.org","@graph":[{"@type":"BreadcrumbList","@id":"https:\/\/www.claret.cat\/es\/libro\/malaventura-9788418668340\/#breadcrumblist","itemListElement":[{"@type":"ListItem","@id":"https:\/\/www.claret.cat\/es\/#listItem","position":1,"name":"Home","item":"https:\/\/www.claret.cat\/es\/","nextItem":{"@type":"ListItem","@id":"https:\/\/www.claret.cat\/?page_id=16#listItem","name":"Botiga"}},{"@type":"ListItem","@id":"https:\/\/www.claret.cat\/?page_id=16#listItem","position":2,"name":"Botiga","item":"https:\/\/www.claret.cat\/?page_id=16","nextItem":{"@type":"ListItem","@id":"https:\/\/www.claret.cat\/categoria-producto\/spa\/#listItem","name":"SPA"},"previousItem":{"@type":"ListItem","@id":"https:\/\/www.claret.cat\/es\/#listItem","name":"Home"}},{"@type":"ListItem","@id":"https:\/\/www.claret.cat\/categoria-producto\/spa\/#listItem","position":3,"name":"SPA","item":"https:\/\/www.claret.cat\/categoria-producto\/spa\/","nextItem":{"@type":"ListItem","@id":"https:\/\/www.claret.cat\/es\/categoria-producto\/spa\/2_humanidades\/#listItem","name":"Humanidades"},"previousItem":{"@type":"ListItem","@id":"https:\/\/www.claret.cat\/?page_id=16#listItem","name":"Botiga"}},{"@type":"ListItem","@id":"https:\/\/www.claret.cat\/es\/categoria-producto\/spa\/2_humanidades\/#listItem","position":4,"name":"Humanidades","item":"https:\/\/www.claret.cat\/es\/categoria-producto\/spa\/2_humanidades\/","nextItem":{"@type":"ListItem","@id":"https:\/\/www.claret.cat\/es\/categoria-producto\/spa\/2_humanidades\/literatura-2_humanidades\/#listItem","name":"Literatura"},"previousItem":{"@type":"ListItem","@id":"https:\/\/www.claret.cat\/categoria-producto\/spa\/#listItem","name":"SPA"}},{"@type":"ListItem","@id":"https:\/\/www.claret.cat\/es\/categoria-producto\/spa\/2_humanidades\/literatura-2_humanidades\/#listItem","position":5,"name":"Literatura","item":"https:\/\/www.claret.cat\/es\/categoria-producto\/spa\/2_humanidades\/literatura-2_humanidades\/","nextItem":{"@type":"ListItem","@id":"https:\/\/www.claret.cat\/es\/categoria-producto\/spa\/2_humanidades\/literatura-2_humanidades\/novela-contemporanea\/#listItem","name":"Novela contempor\u00e1nea"},"previousItem":{"@type":"ListItem","@id":"https:\/\/www.claret.cat\/es\/categoria-producto\/spa\/2_humanidades\/#listItem","name":"Humanidades"}},{"@type":"ListItem","@id":"https:\/\/www.claret.cat\/es\/categoria-producto\/spa\/2_humanidades\/literatura-2_humanidades\/novela-contemporanea\/#listItem","position":6,"name":"Novela contempor\u00e1nea","item":"https:\/\/www.claret.cat\/es\/categoria-producto\/spa\/2_humanidades\/literatura-2_humanidades\/novela-contemporanea\/","nextItem":{"@type":"ListItem","@id":"https:\/\/www.claret.cat\/es\/libro\/malaventura-9788418668340\/#listItem","name":"MALAVENTURA"},"previousItem":{"@type":"ListItem","@id":"https:\/\/www.claret.cat\/es\/categoria-producto\/spa\/2_humanidades\/literatura-2_humanidades\/#listItem","name":"Literatura"}},{"@type":"ListItem","@id":"https:\/\/www.claret.cat\/es\/libro\/malaventura-9788418668340\/#listItem","position":7,"name":"MALAVENTURA","previousItem":{"@type":"ListItem","@id":"https:\/\/www.claret.cat\/es\/categoria-producto\/spa\/2_humanidades\/literatura-2_humanidades\/novela-contemporanea\/#listItem","name":"Novela contempor\u00e1nea"}}]},{"@type":"ItemPage","@id":"https:\/\/www.claret.cat\/es\/libro\/malaventura-9788418668340\/#itempage","url":"https:\/\/www.claret.cat\/es\/libro\/malaventura-9788418668340\/","name":"MALAVENTURA - NAVARRO, FERNANDO 9788418668340 | Llibreria Claret","description":"MALAVENTURA de NAVARRO, FERNANDO disponible a\/en Llibreria Claret.","inLanguage":"es-ES","isPartOf":{"@id":"https:\/\/www.claret.cat\/es\/#website"},"breadcrumb":{"@id":"https:\/\/www.claret.cat\/es\/libro\/malaventura-9788418668340\/#breadcrumblist"},"image":{"@type":"ImageObject","url":"https:\/\/www.claret.cat\/wp-content\/uploads\/.\/9788418668340.jpg","@id":"https:\/\/www.claret.cat\/es\/libro\/malaventura-9788418668340\/#mainImage","width":225,"height":345,"caption":"9788418668340.jpg"},"primaryImageOfPage":{"@id":"https:\/\/www.claret.cat\/es\/libro\/malaventura-9788418668340\/#mainImage"},"datePublished":"2022-10-02T19:56:49+02:00","dateModified":"2023-10-06T09:50:46+02:00"},{"@type":"Organization","@id":"https:\/\/www.claret.cat\/es\/#organization","name":"Llibreria Claret","description":"Llibreria religiosa a Barcelona","url":"https:\/\/www.claret.cat\/es\/","email":"comunicacio@claret.cat","telephone":"+34933010887","logo":{"@type":"ImageObject","url":"https:\/\/www.claret.cat\/wp-content\/uploads\/.\/logo-claret-es.png","@id":"https:\/\/www.claret.cat\/es\/libro\/malaventura-9788418668340\/#organizationLogo","width":195,"height":79},"image":{"@id":"https:\/\/www.claret.cat\/es\/libro\/malaventura-9788418668340\/#organizationLogo"},"sameAs":["https:\/\/www.facebook.com\/LlibreriaClaret","https:\/\/twitter.com\/LlibreriaClaret","https:\/\/www.instagram.com\/llibreriaclaret\/","https:\/\/www.tiktok.com\/@llibreriaclaret","https:\/\/www.youtube.com\/@llibreriaclaret","https:\/\/ca.wikipedia.org\/wiki\/Editorial_Claret"]},{"@type":"WebPage","@id":"https:\/\/www.claret.cat\/es\/libro\/malaventura-9788418668340\/#webpage","url":"https:\/\/www.claret.cat\/es\/libro\/malaventura-9788418668340\/","name":"MALAVENTURA - NAVARRO, FERNANDO 9788418668340 | Llibreria Claret","description":"MALAVENTURA de NAVARRO, FERNANDO disponible a\/en Llibreria Claret.","inLanguage":"es-ES","isPartOf":{"@id":"https:\/\/www.claret.cat\/es\/#website"},"breadcrumb":{"@id":"https:\/\/www.claret.cat\/es\/libro\/malaventura-9788418668340\/#breadcrumblist"},"image":{"@type":"ImageObject","url":"https:\/\/www.claret.cat\/wp-content\/uploads\/.\/9788418668340.jpg","@id":"https:\/\/www.claret.cat\/es\/libro\/malaventura-9788418668340\/#mainImage","width":225,"height":345,"caption":"9788418668340.jpg"},"primaryImageOfPage":{"@id":"https:\/\/www.claret.cat\/es\/libro\/malaventura-9788418668340\/#mainImage"},"datePublished":"2022-10-02T19:56:49+02:00","dateModified":"2023-10-06T09:50:46+02:00"},{"@type":"WebSite","@id":"https:\/\/www.claret.cat\/es\/#website","url":"https:\/\/www.claret.cat\/es\/","name":"Llibreria Claret Barcelona","alternateName":"Llibreria Claret","description":"Llibreria religiosa a Barcelona","inLanguage":"es-ES","publisher":{"@id":"https:\/\/www.claret.cat\/es\/#organization"}}]},"og:locale":"es_ES","og:site_name":"Llibreria Claret - Llibreria religiosa a Barcelona","og:type":"article","og:title":"MALAVENTURA - NAVARRO, FERNANDO 9788418668340 | Llibreria Claret","og:description":"MALAVENTURA de NAVARRO, FERNANDO disponible a\/en Llibreria Claret.","og:url":"https:\/\/www.claret.cat\/es\/libro\/malaventura-9788418668340\/","og:image":"https:\/\/dev.claret.cat\/wp-content\/uploads\/logo-claret.svg","og:image:secure_url":"https:\/\/dev.claret.cat\/wp-content\/uploads\/logo-claret.svg","article:published_time":"2022-10-02T17:56:49+00:00","article:modified_time":"2023-10-06T07:50:46+00:00","article:publisher":"https:\/\/www.facebook.com\/LlibreriaClaret","twitter:card":"summary_large_image","twitter:site":"@LlibreriaClaret","twitter:title":"MALAVENTURA - NAVARRO, FERNANDO 9788418668340 | Llibreria Claret","twitter:description":"MALAVENTURA de NAVARRO, FERNANDO disponible a\/en Llibreria Claret.","twitter:image":"http:\/\/dev.claret.cat\/wp-content\/uploads\/logo-claret.svg"},"aioseo_meta_data":{"post_id":"42345","title":null,"description":null,"keywords":null,"keyphrases":null,"primary_term":null,"canonical_url":null,"og_title":null,"og_description":null,"og_object_type":"default","og_image_type":"default","og_image_url":null,"og_image_width":null,"og_image_height":null,"og_image_custom_url":null,"og_image_custom_fields":null,"og_video":null,"og_custom_url":null,"og_article_section":null,"og_article_tags":null,"twitter_use_og":false,"twitter_card":"default","twitter_image_type":"default","twitter_image_url":null,"twitter_image_custom_url":null,"twitter_image_custom_fields":null,"twitter_title":null,"twitter_description":null,"schema":{"blockGraphs":[],"customGraphs":[],"default":{"data":{"Article":[],"Course":[],"Dataset":[],"FAQPage":[],"Movie":[],"Person":[],"Product":[],"ProductReview":[],"Car":[],"Recipe":[],"Service":[],"SoftwareApplication":[],"WebPage":[]},"graphName":"","isEnabled":true},"graphs":[]},"schema_type":"default","schema_type_options":null,"pillar_content":false,"robots_default":true,"robots_noindex":false,"robots_noarchive":false,"robots_nosnippet":false,"robots_nofollow":false,"robots_noimageindex":false,"robots_noodp":false,"robots_notranslate":false,"robots_max_snippet":null,"robots_max_videopreview":null,"robots_max_imagepreview":"large","priority":null,"frequency":null,"local_seo":null,"seo_analyzer_scan_date":"2025-11-13 11:46:17","breadcrumb_settings":null,"limit_modified_date":false,"open_ai":null,"ai":null,"created":"2022-12-18 16:25:38","updated":"2025-11-13 11:46:17","focus_keyword":null,"additional_keywords":null,"truseo_locale":null},"aioseo_breadcrumb":"<div class=\"aioseo-breadcrumbs\"><span class=\"aioseo-breadcrumb\">\n\t<a href=\"https:\/\/www.claret.cat\/es\/\" title=\"Home\">Home<\/a>\n<\/span><span class=\"aioseo-breadcrumb-separator\">&raquo;<\/span><span class=\"aioseo-breadcrumb\">\n\t<a href=\"https:\/\/www.claret.cat\/?page_id=16\" title=\"Botiga\">Botiga<\/a>\n<\/span><span class=\"aioseo-breadcrumb-separator\">&raquo;<\/span><span class=\"aioseo-breadcrumb\">\n\t<a href=\"https:\/\/www.claret.cat\/categoria-producto\/spa\/\" title=\"SPA\">SPA<\/a>\n<\/span><span class=\"aioseo-breadcrumb-separator\">&raquo;<\/span><span class=\"aioseo-breadcrumb\">\n\t<a href=\"https:\/\/www.claret.cat\/es\/categoria-producto\/spa\/2_humanidades\/\" title=\"Humanidades\">Humanidades<\/a>\n<\/span><span class=\"aioseo-breadcrumb-separator\">&raquo;<\/span><span class=\"aioseo-breadcrumb\">\n\t<a href=\"https:\/\/www.claret.cat\/es\/categoria-producto\/spa\/2_humanidades\/literatura-2_humanidades\/\" title=\"Literatura\">Literatura<\/a>\n<\/span><span class=\"aioseo-breadcrumb-separator\">&raquo;<\/span><span class=\"aioseo-breadcrumb\">\n\t<a href=\"https:\/\/www.claret.cat\/es\/categoria-producto\/spa\/2_humanidades\/literatura-2_humanidades\/novela-contemporanea\/\" title=\"Novela contempor\u00e1nea\">Novela contempor\u00e1nea<\/a>\n<\/span><span class=\"aioseo-breadcrumb-separator\">&raquo;<\/span><span class=\"aioseo-breadcrumb\">\n\tMALAVENTURA\n<\/span><\/div>","aioseo_breadcrumb_json":[{"label":"Home","link":"https:\/\/www.claret.cat\/es\/"},{"label":"Botiga","link":"https:\/\/www.claret.cat\/?page_id=16"},{"label":"SPA","link":"https:\/\/www.claret.cat\/categoria-producto\/spa\/"},{"label":"Humanidades","link":"https:\/\/www.claret.cat\/es\/categoria-producto\/spa\/2_humanidades\/"},{"label":"Literatura","link":"https:\/\/www.claret.cat\/es\/categoria-producto\/spa\/2_humanidades\/literatura-2_humanidades\/"},{"label":"Novela contempor\u00e1nea","link":"https:\/\/www.claret.cat\/es\/categoria-producto\/spa\/2_humanidades\/literatura-2_humanidades\/novela-contemporanea\/"},{"label":"MALAVENTURA","link":"https:\/\/www.claret.cat\/es\/libro\/malaventura-9788418668340\/"}],"_links":{"self":[{"href":"https:\/\/www.claret.cat\/es\/wp-json\/wp\/v2\/product\/42345","targetHints":{"allow":["GET"]}}],"collection":[{"href":"https:\/\/www.claret.cat\/es\/wp-json\/wp\/v2\/product"}],"about":[{"href":"https:\/\/www.claret.cat\/es\/wp-json\/wp\/v2\/types\/product"}],"wp:featuredmedia":[{"embeddable":true,"href":"https:\/\/www.claret.cat\/es\/wp-json\/wp\/v2\/media\/58429"}],"wp:attachment":[{"href":"https:\/\/www.claret.cat\/es\/wp-json\/wp\/v2\/media?parent=42345"}],"wp:term":[{"taxonomy":"product_brand","embeddable":true,"href":"https:\/\/www.claret.cat\/es\/wp-json\/wp\/v2\/product_brand?post=42345"},{"taxonomy":"product_cat","embeddable":true,"href":"https:\/\/www.claret.cat\/es\/wp-json\/wp\/v2\/product_cat?post=42345"},{"taxonomy":"product_tag","embeddable":true,"href":"https:\/\/www.claret.cat\/es\/wp-json\/wp\/v2\/product_tag?post=42345"}],"curies":[{"name":"wp","href":"https:\/\/api.w.org\/{rel}","templated":true}]}}