{"id":42654,"date":"2022-10-02T20:02:00","date_gmt":"2022-10-02T18:02:00","guid":{"rendered":"http:\/\/dev.claret.cat\/producte\/cuando-nacen-los-monstruos\/"},"modified":"2023-10-06T10:08:57","modified_gmt":"2023-10-06T08:08:57","slug":"cuando-nacen-los-monstruos-9788418820380","status":"publish","type":"product","link":"https:\/\/www.claret.cat\/es\/libro\/cuando-nacen-los-monstruos-9788418820380\/","title":{"rendered":"CUANDO NACEN LOS MONSTRUOS"},"content":{"rendered":"<p>Los monstruos no surgen de la nada. Son criaturas que tardamos en reconocer a trav\u00e9s de la bruma y que, antes de alcanzarnos, han hecho un largo y vacilante camino desde or\u00edgenes muy diversos. Un caso medi\u00e1tico de la cr\u00f3nica negra, un episodio hist\u00f3rico, un hallazgo cient\u00edfico, una creencia mitol\u00f3gica, un edificio maldito, una fantas\u00eda dist\u00f3pica, un trauma colectivo,&#8230; a veces cristalizan en nuestra imaginaci\u00f3n bajo una apariencia monstruosa, agudizada por un sentimiento muy familiar: el miedo.<br \/> A quienes siempre se han acercado al cine de terror con una mezcla de escepticismo y aprensi\u00f3n, les sorprender\u00e1 la enorme influencia de las veinticinco pel\u00edculas ilustradas y rese\u00f1adas en este libro, convertidas en cl\u00e1sicos y en iconos reconocibles para todo el mundo. Su diversidad, sus fuentes de inspiraci\u00f3n (casi siempre literarias), su calidad art\u00edstica y t\u00e9cnica y su frecuente car\u00e1cter intemporal, justifican la existencia de fieles y multitudinarios aficionados a la irrupci\u00f3n del terror en la pantalla. Uno de los g\u00e9neros cinematogr\u00e1ficos con mayor capacidad para que nos revolvamos en nuestras butacas, nos sintamos zarandeados en nuestras emociones y no nos recuperemos tan f\u00e1cilmente tras la palabra FIN.<br \/> (Alberto Gil)<\/p>\n","protected":false},"excerpt":{"rendered":"<p>GIL, ALBERTO \/ VICENTE, FERNANDO<\/p>\n","protected":false},"featured_media":58721,"template":"","meta":{"_acf_changed":false,"om_disable_all_campaigns":false,"rs_blank_template":"","rs_page_bg_color":"","slide_template_v7":"","inline_featured_image":false,"_monsterinsights_skip_tracking":false},"product_brand":[],"product_cat":[561],"product_tag":[],"class_list":["post-42654","product","type-product","status-publish","has-post-thumbnail","product_cat-cine-y-television","first","instock","taxable","shipping-taxable","purchasable","product-type-simple"],"acf":{"autor":"GIL, ALBERTO \/ VICENTE, FERNANDO","codart":"841882038","libros-coleccion":"Literatura ilustrada","ediciones":"1","encuadernacion":"Carton\u00e9","fecha_de_publicacion":"01\/03\/2022","novedad":"1","paginas":"191","subtitulo":"MITOS DEL CINE DE TERROR","orden":"0","portada":"0","idioma":"spa","editorial":[{"ID":148476,"post_author":"3","post_date":"2022-10-14 11:58:32","post_date_gmt":"2022-10-14 09:58:32","post_content":"","post_title":"Lunwerg Editores","post_excerpt":"","post_status":"publish","comment_status":"closed","ping_status":"closed","post_password":"","post_name":"lunwerg-editores","to_ping":"","pinged":"","post_modified":"2022-10-14 11:58:32","post_modified_gmt":"2022-10-14 09:58:32","post_content_filtered":"","post_parent":0,"guid":"http:\/\/dev.claret.cat\/editorial\/lunwerg-editores\/","menu_order":0,"post_type":"editorial","post_mime_type":"","comment_count":"0","filter":"raw"}],"autores-libros":[{"ID":155878,"post_author":"3","post_date":"2022-10-14 15:16:21","post_date_gmt":"2022-10-14 13:16:21","post_content":"","post_title":"FERNANDO VICENTE","post_excerpt":"","post_status":"publish","comment_status":"closed","ping_status":"closed","post_password":"","post_name":"fernando-vicente","to_ping":"","pinged":"","post_modified":"2022-10-14 15:16:21","post_modified_gmt":"2022-10-14 13:16:21","post_content_filtered":"","post_parent":0,"guid":"http:\/\/dev.claret.cat\/autor\/fernando-vicente\/","menu_order":0,"post_type":"autor","post_mime_type":"","comment_count":"0","filter":"raw"},{"ID":149494,"post_author":"3","post_date":"2022-10-14 14:25:19","post_date_gmt":"2022-10-14 12:25:19","post_content":"","post_title":"ALBERTO GIL","post_excerpt":"","post_status":"publish","comment_status":"closed","ping_status":"closed","post_password":"","post_name":"alberto-gil","to_ping":"","pinged":"","post_modified":"2022-10-14 14:25:19","post_modified_gmt":"2022-10-14 12:25:19","post_content_filtered":"","post_parent":0,"guid":"http:\/\/dev.claret.cat\/autor\/alberto-gil\/","menu_order":0,"post_type":"autor","post_mime_type":"","comment_count":"0","filter":"raw"}]},"aioseo_notices":[],"aioseo_head":"\n\t\t<!-- All in One SEO Pro 5.0.1.1 - aioseo.com -->\n\t<meta name=\"description\" content=\"CUANDO NACEN LOS MONSTRUOS de GIL, ALBERTO \/ VICENTE, FERNANDO disponible a\/en Llibreria Claret.\" \/>\n\t<meta name=\"robots\" content=\"max-image-preview:large\" \/>\n\t<meta name=\"google-site-verification\" content=\"xVtlFxJ-TfkIu-D-lt7XeLobefg5EIQiXTuqcSf8Rf0\" \/>\n\t<link rel=\"canonical\" href=\"https:\/\/www.claret.cat\/es\/libro\/cuando-nacen-los-monstruos-9788418820380\/\" \/>\n\t<meta name=\"generator\" content=\"All in One SEO Pro (AIOSEO) 5.0.1.1\" \/>\n\t\t<meta property=\"og:locale\" content=\"es_ES\" \/>\n\t\t<meta property=\"og:site_name\" content=\"Llibreria Claret - Llibreria religiosa a Barcelona\" \/>\n\t\t<meta property=\"og:type\" content=\"article\" \/>\n\t\t<meta property=\"og:title\" content=\"CUANDO NACEN LOS MONSTRUOS - GIL, ALBERTO \/ VICENTE, FERNANDO 9788418820380 | Llibreria Claret\" \/>\n\t\t<meta property=\"og:description\" content=\"CUANDO NACEN LOS MONSTRUOS de GIL, ALBERTO \/ VICENTE, FERNANDO disponible a\/en Llibreria Claret.\" \/>\n\t\t<meta property=\"og:url\" content=\"https:\/\/www.claret.cat\/es\/libro\/cuando-nacen-los-monstruos-9788418820380\/\" \/>\n\t\t<meta property=\"og:image\" content=\"https:\/\/dev.claret.cat\/wp-content\/uploads\/logo-claret.svg\" \/>\n\t\t<meta property=\"og:image:secure_url\" content=\"https:\/\/dev.claret.cat\/wp-content\/uploads\/logo-claret.svg\" \/>\n\t\t<meta property=\"article:published_time\" content=\"2022-10-02T18:02:00+00:00\" \/>\n\t\t<meta property=\"article:modified_time\" content=\"2023-10-06T08:08:57+00:00\" \/>\n\t\t<meta property=\"article:publisher\" content=\"https:\/\/www.facebook.com\/LlibreriaClaret\" \/>\n\t\t<meta name=\"twitter:card\" content=\"summary_large_image\" \/>\n\t\t<meta name=\"twitter:site\" content=\"@LlibreriaClaret\" \/>\n\t\t<meta name=\"twitter:title\" content=\"CUANDO NACEN LOS MONSTRUOS - GIL, ALBERTO \/ VICENTE, FERNANDO 9788418820380 | Llibreria Claret\" \/>\n\t\t<meta name=\"twitter:description\" content=\"CUANDO NACEN LOS MONSTRUOS de GIL, ALBERTO \/ VICENTE, FERNANDO disponible a\/en Llibreria Claret.\" \/>\n\t\t<meta name=\"twitter:image\" content=\"http:\/\/dev.claret.cat\/wp-content\/uploads\/logo-claret.svg\" \/>\n\t\t<script type=\"application\/ld+json\" class=\"aioseo-schema\">\n\t\t\t{\"@context\":\"https:\\\/\\\/schema.org\",\"@graph\":[{\"@type\":\"BreadcrumbList\",\"@id\":\"https:\\\/\\\/www.claret.cat\\\/es\\\/libro\\\/cuando-nacen-los-monstruos-9788418820380\\\/#breadcrumblist\",\"itemListElement\":[{\"@type\":\"ListItem\",\"@id\":\"https:\\\/\\\/www.claret.cat\\\/es\\\/#listItem\",\"position\":1,\"name\":\"Home\",\"item\":\"https:\\\/\\\/www.claret.cat\\\/es\\\/\",\"nextItem\":{\"@type\":\"ListItem\",\"@id\":\"https:\\\/\\\/www.claret.cat\\\/?page_id=16#listItem\",\"name\":\"Botiga\"}},{\"@type\":\"ListItem\",\"@id\":\"https:\\\/\\\/www.claret.cat\\\/?page_id=16#listItem\",\"position\":2,\"name\":\"Botiga\",\"item\":\"https:\\\/\\\/www.claret.cat\\\/?page_id=16\",\"nextItem\":{\"@type\":\"ListItem\",\"@id\":\"https:\\\/\\\/www.claret.cat\\\/categoria-producto\\\/spa\\\/#listItem\",\"name\":\"SPA\"},\"previousItem\":{\"@type\":\"ListItem\",\"@id\":\"https:\\\/\\\/www.claret.cat\\\/es\\\/#listItem\",\"name\":\"Home\"}},{\"@type\":\"ListItem\",\"@id\":\"https:\\\/\\\/www.claret.cat\\\/categoria-producto\\\/spa\\\/#listItem\",\"position\":3,\"name\":\"SPA\",\"item\":\"https:\\\/\\\/www.claret.cat\\\/categoria-producto\\\/spa\\\/\",\"nextItem\":{\"@type\":\"ListItem\",\"@id\":\"https:\\\/\\\/www.claret.cat\\\/es\\\/categoria-producto\\\/spa\\\/5_otras\\\/#listItem\",\"name\":\"Otras\"},\"previousItem\":{\"@type\":\"ListItem\",\"@id\":\"https:\\\/\\\/www.claret.cat\\\/?page_id=16#listItem\",\"name\":\"Botiga\"}},{\"@type\":\"ListItem\",\"@id\":\"https:\\\/\\\/www.claret.cat\\\/es\\\/categoria-producto\\\/spa\\\/5_otras\\\/#listItem\",\"position\":4,\"name\":\"Otras\",\"item\":\"https:\\\/\\\/www.claret.cat\\\/es\\\/categoria-producto\\\/spa\\\/5_otras\\\/\",\"nextItem\":{\"@type\":\"ListItem\",\"@id\":\"https:\\\/\\\/www.claret.cat\\\/es\\\/categoria-producto\\\/spa\\\/5_otras\\\/cine-y-television\\\/#listItem\",\"name\":\"Cine y televisi\\u00f3n\"},\"previousItem\":{\"@type\":\"ListItem\",\"@id\":\"https:\\\/\\\/www.claret.cat\\\/categoria-producto\\\/spa\\\/#listItem\",\"name\":\"SPA\"}},{\"@type\":\"ListItem\",\"@id\":\"https:\\\/\\\/www.claret.cat\\\/es\\\/categoria-producto\\\/spa\\\/5_otras\\\/cine-y-television\\\/#listItem\",\"position\":5,\"name\":\"Cine y televisi\\u00f3n\",\"item\":\"https:\\\/\\\/www.claret.cat\\\/es\\\/categoria-producto\\\/spa\\\/5_otras\\\/cine-y-television\\\/\",\"nextItem\":{\"@type\":\"ListItem\",\"@id\":\"https:\\\/\\\/www.claret.cat\\\/es\\\/libro\\\/cuando-nacen-los-monstruos-9788418820380\\\/#listItem\",\"name\":\"CUANDO NACEN LOS MONSTRUOS\"},\"previousItem\":{\"@type\":\"ListItem\",\"@id\":\"https:\\\/\\\/www.claret.cat\\\/es\\\/categoria-producto\\\/spa\\\/5_otras\\\/#listItem\",\"name\":\"Otras\"}},{\"@type\":\"ListItem\",\"@id\":\"https:\\\/\\\/www.claret.cat\\\/es\\\/libro\\\/cuando-nacen-los-monstruos-9788418820380\\\/#listItem\",\"position\":6,\"name\":\"CUANDO NACEN LOS MONSTRUOS\",\"previousItem\":{\"@type\":\"ListItem\",\"@id\":\"https:\\\/\\\/www.claret.cat\\\/es\\\/categoria-producto\\\/spa\\\/5_otras\\\/cine-y-television\\\/#listItem\",\"name\":\"Cine y televisi\\u00f3n\"}}]},{\"@type\":\"ItemPage\",\"@id\":\"https:\\\/\\\/www.claret.cat\\\/es\\\/libro\\\/cuando-nacen-los-monstruos-9788418820380\\\/#itempage\",\"url\":\"https:\\\/\\\/www.claret.cat\\\/es\\\/libro\\\/cuando-nacen-los-monstruos-9788418820380\\\/\",\"name\":\"CUANDO NACEN LOS MONSTRUOS - GIL, ALBERTO \\\/ VICENTE, FERNANDO 9788418820380 | Llibreria Claret\",\"description\":\"CUANDO NACEN LOS MONSTRUOS de GIL, ALBERTO \\\/ VICENTE, FERNANDO disponible a\\\/en Llibreria Claret.\",\"inLanguage\":\"es-ES\",\"isPartOf\":{\"@id\":\"https:\\\/\\\/www.claret.cat\\\/es\\\/#website\"},\"breadcrumb\":{\"@id\":\"https:\\\/\\\/www.claret.cat\\\/es\\\/libro\\\/cuando-nacen-los-monstruos-9788418820380\\\/#breadcrumblist\"},\"image\":{\"@type\":\"ImageObject\",\"url\":\"https:\\\/\\\/www.claret.cat\\\/wp-content\\\/uploads\\\/.\\\/9788418820380.jpg\",\"@id\":\"https:\\\/\\\/www.claret.cat\\\/es\\\/libro\\\/cuando-nacen-los-monstruos-9788418820380\\\/#mainImage\",\"width\":225,\"height\":293,\"caption\":\"9788418820380.jpg\"},\"primaryImageOfPage\":{\"@id\":\"https:\\\/\\\/www.claret.cat\\\/es\\\/libro\\\/cuando-nacen-los-monstruos-9788418820380\\\/#mainImage\"},\"datePublished\":\"2022-10-02T20:02:00+02:00\",\"dateModified\":\"2023-10-06T10:08:57+02:00\"},{\"@type\":\"Organization\",\"@id\":\"https:\\\/\\\/www.claret.cat\\\/es\\\/#organization\",\"name\":\"Llibreria Claret\",\"description\":\"Llibreria religiosa a Barcelona\",\"url\":\"https:\\\/\\\/www.claret.cat\\\/es\\\/\",\"email\":\"comunicacio@claret.cat\",\"telephone\":\"+34933010887\",\"logo\":{\"@type\":\"ImageObject\",\"url\":\"https:\\\/\\\/www.claret.cat\\\/wp-content\\\/uploads\\\/.\\\/logo-claret-es.png\",\"@id\":\"https:\\\/\\\/www.claret.cat\\\/es\\\/libro\\\/cuando-nacen-los-monstruos-9788418820380\\\/#organizationLogo\",\"width\":195,\"height\":79},\"image\":{\"@id\":\"https:\\\/\\\/www.claret.cat\\\/es\\\/libro\\\/cuando-nacen-los-monstruos-9788418820380\\\/#organizationLogo\"},\"sameAs\":[\"https:\\\/\\\/www.facebook.com\\\/LlibreriaClaret\",\"https:\\\/\\\/twitter.com\\\/LlibreriaClaret\",\"https:\\\/\\\/www.instagram.com\\\/llibreriaclaret\\\/\",\"https:\\\/\\\/www.tiktok.com\\\/@llibreriaclaret\",\"https:\\\/\\\/www.youtube.com\\\/@llibreriaclaret\",\"https:\\\/\\\/ca.wikipedia.org\\\/wiki\\\/Editorial_Claret\"]},{\"@type\":\"WebPage\",\"@id\":\"https:\\\/\\\/www.claret.cat\\\/es\\\/libro\\\/cuando-nacen-los-monstruos-9788418820380\\\/#webpage\",\"url\":\"https:\\\/\\\/www.claret.cat\\\/es\\\/libro\\\/cuando-nacen-los-monstruos-9788418820380\\\/\",\"name\":\"CUANDO NACEN LOS MONSTRUOS - GIL, ALBERTO \\\/ VICENTE, FERNANDO 9788418820380 | Llibreria Claret\",\"description\":\"CUANDO NACEN LOS MONSTRUOS de GIL, ALBERTO \\\/ VICENTE, FERNANDO disponible a\\\/en Llibreria Claret.\",\"inLanguage\":\"es-ES\",\"isPartOf\":{\"@id\":\"https:\\\/\\\/www.claret.cat\\\/es\\\/#website\"},\"breadcrumb\":{\"@id\":\"https:\\\/\\\/www.claret.cat\\\/es\\\/libro\\\/cuando-nacen-los-monstruos-9788418820380\\\/#breadcrumblist\"},\"image\":{\"@type\":\"ImageObject\",\"url\":\"https:\\\/\\\/www.claret.cat\\\/wp-content\\\/uploads\\\/.\\\/9788418820380.jpg\",\"@id\":\"https:\\\/\\\/www.claret.cat\\\/es\\\/libro\\\/cuando-nacen-los-monstruos-9788418820380\\\/#mainImage\",\"width\":225,\"height\":293,\"caption\":\"9788418820380.jpg\"},\"primaryImageOfPage\":{\"@id\":\"https:\\\/\\\/www.claret.cat\\\/es\\\/libro\\\/cuando-nacen-los-monstruos-9788418820380\\\/#mainImage\"},\"datePublished\":\"2022-10-02T20:02:00+02:00\",\"dateModified\":\"2023-10-06T10:08:57+02:00\"},{\"@type\":\"WebSite\",\"@id\":\"https:\\\/\\\/www.claret.cat\\\/es\\\/#website\",\"url\":\"https:\\\/\\\/www.claret.cat\\\/es\\\/\",\"name\":\"Llibreria Claret Barcelona\",\"alternateName\":\"Llibreria Claret\",\"description\":\"Llibreria religiosa a Barcelona\",\"inLanguage\":\"es-ES\",\"publisher\":{\"@id\":\"https:\\\/\\\/www.claret.cat\\\/es\\\/#organization\"}}]}\n\t\t<\/script>\n\t\t<!-- All in One SEO Pro -->\r\n\t\t<title>CUANDO NACEN LOS MONSTRUOS - GIL, ALBERTO \/ VICENTE, FERNANDO 9788418820380 | Llibreria Claret<\/title>\n\n","aioseo_head_json":{"title":"CUANDO NACEN LOS MONSTRUOS - GIL, ALBERTO \/ VICENTE, FERNANDO 9788418820380 | Llibreria Claret","description":"CUANDO NACEN LOS MONSTRUOS de GIL, ALBERTO \/ VICENTE, FERNANDO disponible a\/en Llibreria Claret.","canonical_url":"https:\/\/www.claret.cat\/es\/libro\/cuando-nacen-los-monstruos-9788418820380\/","robots":"max-image-preview:large","keywords":"","webmasterTools":{"google-site-verification":"xVtlFxJ-TfkIu-D-lt7XeLobefg5EIQiXTuqcSf8Rf0","miscellaneous":""},"schema":{"@context":"https:\/\/schema.org","@graph":[{"@type":"BreadcrumbList","@id":"https:\/\/www.claret.cat\/es\/libro\/cuando-nacen-los-monstruos-9788418820380\/#breadcrumblist","itemListElement":[{"@type":"ListItem","@id":"https:\/\/www.claret.cat\/es\/#listItem","position":1,"name":"Home","item":"https:\/\/www.claret.cat\/es\/","nextItem":{"@type":"ListItem","@id":"https:\/\/www.claret.cat\/?page_id=16#listItem","name":"Botiga"}},{"@type":"ListItem","@id":"https:\/\/www.claret.cat\/?page_id=16#listItem","position":2,"name":"Botiga","item":"https:\/\/www.claret.cat\/?page_id=16","nextItem":{"@type":"ListItem","@id":"https:\/\/www.claret.cat\/categoria-producto\/spa\/#listItem","name":"SPA"},"previousItem":{"@type":"ListItem","@id":"https:\/\/www.claret.cat\/es\/#listItem","name":"Home"}},{"@type":"ListItem","@id":"https:\/\/www.claret.cat\/categoria-producto\/spa\/#listItem","position":3,"name":"SPA","item":"https:\/\/www.claret.cat\/categoria-producto\/spa\/","nextItem":{"@type":"ListItem","@id":"https:\/\/www.claret.cat\/es\/categoria-producto\/spa\/5_otras\/#listItem","name":"Otras"},"previousItem":{"@type":"ListItem","@id":"https:\/\/www.claret.cat\/?page_id=16#listItem","name":"Botiga"}},{"@type":"ListItem","@id":"https:\/\/www.claret.cat\/es\/categoria-producto\/spa\/5_otras\/#listItem","position":4,"name":"Otras","item":"https:\/\/www.claret.cat\/es\/categoria-producto\/spa\/5_otras\/","nextItem":{"@type":"ListItem","@id":"https:\/\/www.claret.cat\/es\/categoria-producto\/spa\/5_otras\/cine-y-television\/#listItem","name":"Cine y televisi\u00f3n"},"previousItem":{"@type":"ListItem","@id":"https:\/\/www.claret.cat\/categoria-producto\/spa\/#listItem","name":"SPA"}},{"@type":"ListItem","@id":"https:\/\/www.claret.cat\/es\/categoria-producto\/spa\/5_otras\/cine-y-television\/#listItem","position":5,"name":"Cine y televisi\u00f3n","item":"https:\/\/www.claret.cat\/es\/categoria-producto\/spa\/5_otras\/cine-y-television\/","nextItem":{"@type":"ListItem","@id":"https:\/\/www.claret.cat\/es\/libro\/cuando-nacen-los-monstruos-9788418820380\/#listItem","name":"CUANDO NACEN LOS MONSTRUOS"},"previousItem":{"@type":"ListItem","@id":"https:\/\/www.claret.cat\/es\/categoria-producto\/spa\/5_otras\/#listItem","name":"Otras"}},{"@type":"ListItem","@id":"https:\/\/www.claret.cat\/es\/libro\/cuando-nacen-los-monstruos-9788418820380\/#listItem","position":6,"name":"CUANDO NACEN LOS MONSTRUOS","previousItem":{"@type":"ListItem","@id":"https:\/\/www.claret.cat\/es\/categoria-producto\/spa\/5_otras\/cine-y-television\/#listItem","name":"Cine y televisi\u00f3n"}}]},{"@type":"ItemPage","@id":"https:\/\/www.claret.cat\/es\/libro\/cuando-nacen-los-monstruos-9788418820380\/#itempage","url":"https:\/\/www.claret.cat\/es\/libro\/cuando-nacen-los-monstruos-9788418820380\/","name":"CUANDO NACEN LOS MONSTRUOS - GIL, ALBERTO \/ VICENTE, FERNANDO 9788418820380 | Llibreria Claret","description":"CUANDO NACEN LOS MONSTRUOS de GIL, ALBERTO \/ VICENTE, FERNANDO disponible a\/en Llibreria Claret.","inLanguage":"es-ES","isPartOf":{"@id":"https:\/\/www.claret.cat\/es\/#website"},"breadcrumb":{"@id":"https:\/\/www.claret.cat\/es\/libro\/cuando-nacen-los-monstruos-9788418820380\/#breadcrumblist"},"image":{"@type":"ImageObject","url":"https:\/\/www.claret.cat\/wp-content\/uploads\/.\/9788418820380.jpg","@id":"https:\/\/www.claret.cat\/es\/libro\/cuando-nacen-los-monstruos-9788418820380\/#mainImage","width":225,"height":293,"caption":"9788418820380.jpg"},"primaryImageOfPage":{"@id":"https:\/\/www.claret.cat\/es\/libro\/cuando-nacen-los-monstruos-9788418820380\/#mainImage"},"datePublished":"2022-10-02T20:02:00+02:00","dateModified":"2023-10-06T10:08:57+02:00"},{"@type":"Organization","@id":"https:\/\/www.claret.cat\/es\/#organization","name":"Llibreria Claret","description":"Llibreria religiosa a Barcelona","url":"https:\/\/www.claret.cat\/es\/","email":"comunicacio@claret.cat","telephone":"+34933010887","logo":{"@type":"ImageObject","url":"https:\/\/www.claret.cat\/wp-content\/uploads\/.\/logo-claret-es.png","@id":"https:\/\/www.claret.cat\/es\/libro\/cuando-nacen-los-monstruos-9788418820380\/#organizationLogo","width":195,"height":79},"image":{"@id":"https:\/\/www.claret.cat\/es\/libro\/cuando-nacen-los-monstruos-9788418820380\/#organizationLogo"},"sameAs":["https:\/\/www.facebook.com\/LlibreriaClaret","https:\/\/twitter.com\/LlibreriaClaret","https:\/\/www.instagram.com\/llibreriaclaret\/","https:\/\/www.tiktok.com\/@llibreriaclaret","https:\/\/www.youtube.com\/@llibreriaclaret","https:\/\/ca.wikipedia.org\/wiki\/Editorial_Claret"]},{"@type":"WebPage","@id":"https:\/\/www.claret.cat\/es\/libro\/cuando-nacen-los-monstruos-9788418820380\/#webpage","url":"https:\/\/www.claret.cat\/es\/libro\/cuando-nacen-los-monstruos-9788418820380\/","name":"CUANDO NACEN LOS MONSTRUOS - GIL, ALBERTO \/ VICENTE, FERNANDO 9788418820380 | Llibreria Claret","description":"CUANDO NACEN LOS MONSTRUOS de GIL, ALBERTO \/ VICENTE, FERNANDO disponible a\/en Llibreria Claret.","inLanguage":"es-ES","isPartOf":{"@id":"https:\/\/www.claret.cat\/es\/#website"},"breadcrumb":{"@id":"https:\/\/www.claret.cat\/es\/libro\/cuando-nacen-los-monstruos-9788418820380\/#breadcrumblist"},"image":{"@type":"ImageObject","url":"https:\/\/www.claret.cat\/wp-content\/uploads\/.\/9788418820380.jpg","@id":"https:\/\/www.claret.cat\/es\/libro\/cuando-nacen-los-monstruos-9788418820380\/#mainImage","width":225,"height":293,"caption":"9788418820380.jpg"},"primaryImageOfPage":{"@id":"https:\/\/www.claret.cat\/es\/libro\/cuando-nacen-los-monstruos-9788418820380\/#mainImage"},"datePublished":"2022-10-02T20:02:00+02:00","dateModified":"2023-10-06T10:08:57+02:00"},{"@type":"WebSite","@id":"https:\/\/www.claret.cat\/es\/#website","url":"https:\/\/www.claret.cat\/es\/","name":"Llibreria Claret Barcelona","alternateName":"Llibreria Claret","description":"Llibreria religiosa a Barcelona","inLanguage":"es-ES","publisher":{"@id":"https:\/\/www.claret.cat\/es\/#organization"}}]},"og:locale":"es_ES","og:site_name":"Llibreria Claret - Llibreria religiosa a Barcelona","og:type":"article","og:title":"CUANDO NACEN LOS MONSTRUOS - GIL, ALBERTO \/ VICENTE, FERNANDO 9788418820380 | Llibreria Claret","og:description":"CUANDO NACEN LOS MONSTRUOS de GIL, ALBERTO \/ VICENTE, FERNANDO disponible a\/en Llibreria Claret.","og:url":"https:\/\/www.claret.cat\/es\/libro\/cuando-nacen-los-monstruos-9788418820380\/","og:image":"https:\/\/dev.claret.cat\/wp-content\/uploads\/logo-claret.svg","og:image:secure_url":"https:\/\/dev.claret.cat\/wp-content\/uploads\/logo-claret.svg","article:published_time":"2022-10-02T18:02:00+00:00","article:modified_time":"2023-10-06T08:08:57+00:00","article:publisher":"https:\/\/www.facebook.com\/LlibreriaClaret","twitter:card":"summary_large_image","twitter:site":"@LlibreriaClaret","twitter:title":"CUANDO NACEN LOS MONSTRUOS - GIL, ALBERTO \/ VICENTE, FERNANDO 9788418820380 | Llibreria Claret","twitter:description":"CUANDO NACEN LOS MONSTRUOS de GIL, ALBERTO \/ VICENTE, FERNANDO disponible a\/en Llibreria Claret.","twitter:image":"http:\/\/dev.claret.cat\/wp-content\/uploads\/logo-claret.svg"},"aioseo_meta_data":{"post_id":"42654","title":null,"description":null,"keywords":null,"keyphrases":null,"primary_term":null,"canonical_url":null,"og_title":null,"og_description":null,"og_object_type":"default","og_image_type":"default","og_image_url":null,"og_image_width":null,"og_image_height":null,"og_image_custom_url":null,"og_image_custom_fields":null,"og_video":null,"og_custom_url":null,"og_article_section":null,"og_article_tags":null,"twitter_use_og":false,"twitter_card":"default","twitter_image_type":"default","twitter_image_url":null,"twitter_image_custom_url":null,"twitter_image_custom_fields":null,"twitter_title":null,"twitter_description":null,"schema":{"blockGraphs":[],"customGraphs":[],"default":{"data":{"Article":[],"Course":[],"Dataset":[],"FAQPage":[],"Movie":[],"Person":[],"Product":[],"ProductReview":[],"Car":[],"Recipe":[],"Service":[],"SoftwareApplication":[],"WebPage":[]},"graphName":"","isEnabled":true},"graphs":[]},"schema_type":"default","schema_type_options":null,"pillar_content":false,"robots_default":true,"robots_noindex":false,"robots_noarchive":false,"robots_nosnippet":false,"robots_nofollow":false,"robots_noimageindex":false,"robots_noodp":false,"robots_notranslate":false,"robots_max_snippet":null,"robots_max_videopreview":null,"robots_max_imagepreview":"large","priority":null,"frequency":null,"local_seo":null,"seo_analyzer_scan_date":"2025-11-13 12:16:17","breadcrumb_settings":null,"limit_modified_date":false,"open_ai":null,"ai":null,"created":"2022-12-18 16:35:39","updated":"2025-11-13 12:16:17","focus_keyword":null,"additional_keywords":null,"truseo_locale":null},"aioseo_breadcrumb":"<div class=\"aioseo-breadcrumbs\"><span class=\"aioseo-breadcrumb\">\n\t<a href=\"https:\/\/www.claret.cat\/es\/\" title=\"Home\">Home<\/a>\n<\/span><span class=\"aioseo-breadcrumb-separator\">&raquo;<\/span><span class=\"aioseo-breadcrumb\">\n\t<a href=\"https:\/\/www.claret.cat\/?page_id=16\" title=\"Botiga\">Botiga<\/a>\n<\/span><span class=\"aioseo-breadcrumb-separator\">&raquo;<\/span><span class=\"aioseo-breadcrumb\">\n\t<a href=\"https:\/\/www.claret.cat\/categoria-producto\/spa\/\" title=\"SPA\">SPA<\/a>\n<\/span><span class=\"aioseo-breadcrumb-separator\">&raquo;<\/span><span class=\"aioseo-breadcrumb\">\n\t<a href=\"https:\/\/www.claret.cat\/es\/categoria-producto\/spa\/5_otras\/\" title=\"Otras\">Otras<\/a>\n<\/span><span class=\"aioseo-breadcrumb-separator\">&raquo;<\/span><span class=\"aioseo-breadcrumb\">\n\t<a href=\"https:\/\/www.claret.cat\/es\/categoria-producto\/spa\/5_otras\/cine-y-television\/\" title=\"Cine y televisi\u00f3n\">Cine y televisi\u00f3n<\/a>\n<\/span><span class=\"aioseo-breadcrumb-separator\">&raquo;<\/span><span class=\"aioseo-breadcrumb\">\n\tCUANDO NACEN LOS MONSTRUOS\n<\/span><\/div>","aioseo_breadcrumb_json":[{"label":"Home","link":"https:\/\/www.claret.cat\/es\/"},{"label":"Botiga","link":"https:\/\/www.claret.cat\/?page_id=16"},{"label":"SPA","link":"https:\/\/www.claret.cat\/categoria-producto\/spa\/"},{"label":"Otras","link":"https:\/\/www.claret.cat\/es\/categoria-producto\/spa\/5_otras\/"},{"label":"Cine y televisi\u00f3n","link":"https:\/\/www.claret.cat\/es\/categoria-producto\/spa\/5_otras\/cine-y-television\/"},{"label":"CUANDO NACEN LOS MONSTRUOS","link":"https:\/\/www.claret.cat\/es\/libro\/cuando-nacen-los-monstruos-9788418820380\/"}],"_links":{"self":[{"href":"https:\/\/www.claret.cat\/es\/wp-json\/wp\/v2\/product\/42654","targetHints":{"allow":["GET"]}}],"collection":[{"href":"https:\/\/www.claret.cat\/es\/wp-json\/wp\/v2\/product"}],"about":[{"href":"https:\/\/www.claret.cat\/es\/wp-json\/wp\/v2\/types\/product"}],"wp:featuredmedia":[{"embeddable":true,"href":"https:\/\/www.claret.cat\/es\/wp-json\/wp\/v2\/media\/58721"}],"wp:attachment":[{"href":"https:\/\/www.claret.cat\/es\/wp-json\/wp\/v2\/media?parent=42654"}],"wp:term":[{"taxonomy":"product_brand","embeddable":true,"href":"https:\/\/www.claret.cat\/es\/wp-json\/wp\/v2\/product_brand?post=42654"},{"taxonomy":"product_cat","embeddable":true,"href":"https:\/\/www.claret.cat\/es\/wp-json\/wp\/v2\/product_cat?post=42654"},{"taxonomy":"product_tag","embeddable":true,"href":"https:\/\/www.claret.cat\/es\/wp-json\/wp\/v2\/product_tag?post=42654"}],"curies":[{"name":"wp","href":"https:\/\/api.w.org\/{rel}","templated":true}]}}