{"id":42900,"date":"2022-10-02T20:06:41","date_gmt":"2022-10-02T18:06:41","guid":{"rendered":"http:\/\/dev.claret.cat\/producte\/las-legiones-malditas-trilogia-africanus-2\/"},"modified":"2023-10-06T10:26:15","modified_gmt":"2023-10-06T08:26:15","slug":"las-legiones-malditas-trilogia-africanus-2-9788413143590","status":"publish","type":"product","link":"https:\/\/www.claret.cat\/es\/libro\/las-legiones-malditas-trilogia-africanus-2-9788413143590\/","title":{"rendered":"LAS LEGIONES MALDITAS (TRILOG\u00cdA AFRICANUS 2)"},"content":{"rendered":"<p>Segundo volumen de la trilog\u00eda iniciada con Africanus. D\u00e9jate atrapar por esta trepidante novela sobre la guerra, el amor, la envidia, la amistad y la supervivencia. Publio Cornelio Escipi\u00f3n, conocido por el apodo de Africanus, que era  considerado por muchos el heredero de las cualidades militares  atribuidas a su padre y a su t\u00edo, s\u00f3lo ten\u00eda veintis\u00e9is a\u00f1os cuando acept\u00f3 comandar las tropas romanas en Hispania. Pero de ellos no s\u00f3lo hab\u00eda recibido estos magn\u00edficos atributos, sino  tambi\u00e9n algunos enemigos, entre otros Asdr\u00fabal, el hermano de An\u00edbal, y  el general p\u00fanico Gisc\u00f3n, quienes har\u00edan lo posible por acabar con su enemigo y masacrar sus ej\u00e9rcitos. En un fascinante relato que recrea un momento decisivo de la expansi\u00f3n  de Roma, Santiago Posteguillo hace al lector c\u00f3mplice y testigo de las  batallas, conquistas y derrotas de Escipi\u00f3n y sus ej\u00e9rcitos.<\/p>\n","protected":false},"excerpt":{"rendered":"<p>POSTEGUILLO, SANTIAGO<\/p>\n","protected":false},"featured_media":58903,"template":"","meta":{"_acf_changed":false,"om_disable_all_campaigns":false,"rs_blank_template":"","rs_page_bg_color":"","slide_template_v7":"","inline_featured_image":false,"_monsterinsights_skip_tracking":false},"product_brand":[],"product_cat":[360],"product_tag":[],"class_list":["post-42900","product","type-product","status-publish","has-post-thumbnail","product_cat-novela-historica-y-ficcion","first","instock","taxable","shipping-taxable","purchasable","product-type-simple"],"acf":{"autor":"POSTEGUILLO, SANTIAGO","codart":"841314359","libros-coleccion":"FORA DE COL.LECCI\u00d3","ediciones":"1","encuadernacion":"R\u00fastica","fecha_de_publicacion":"01\/03\/2022","novedad":"1","paginas":"862","subtitulo":"","orden":"0","portada":"0","idioma":"spa","editorial":[{"ID":6138,"post_author":"3","post_date":"2022-07-28 17:45:42","post_date_gmt":"2022-07-28 15:45:42","post_content":"","post_title":"B de Bolsillo (Ediciones B)","post_excerpt":"","post_status":"publish","comment_status":"closed","ping_status":"closed","post_password":"","post_name":"b-de-bolsillo-ediciones-b","to_ping":"","pinged":"","post_modified":"2022-07-28 17:45:42","post_modified_gmt":"2022-07-28 15:45:42","post_content_filtered":"","post_parent":0,"guid":"http:\/\/dev.claret.cat\/editorial\/b-de-bolsillo-ediciones-b\/","menu_order":0,"post_type":"editorial","post_mime_type":"","comment_count":"0","filter":"raw"}],"autores-libros":[{"ID":6019,"post_author":"3","post_date":"2022-07-28 17:36:26","post_date_gmt":"2022-07-28 15:36:26","post_content":"","post_title":"SANTIAGO POSTEGUILLO","post_excerpt":"","post_status":"publish","comment_status":"closed","ping_status":"closed","post_password":"","post_name":"santiago-posteguillo","to_ping":"","pinged":"","post_modified":"2022-07-28 17:36:26","post_modified_gmt":"2022-07-28 15:36:26","post_content_filtered":"","post_parent":0,"guid":"http:\/\/dev.claret.cat\/autor\/santiago-posteguillo\/","menu_order":0,"post_type":"autor","post_mime_type":"","comment_count":"0","filter":"raw"}]},"aioseo_notices":[],"aioseo_head":"\n\t\t<!-- All in One SEO Pro 5.0.1.1 - aioseo.com -->\n\t<meta name=\"description\" content=\"LAS LEGIONES MALDITAS (TRILOG\u00cdA AFRICANUS 2) de POSTEGUILLO, SANTIAGO disponible a\/en Llibreria Claret.\" \/>\n\t<meta name=\"robots\" content=\"max-image-preview:large\" \/>\n\t<meta name=\"google-site-verification\" content=\"xVtlFxJ-TfkIu-D-lt7XeLobefg5EIQiXTuqcSf8Rf0\" \/>\n\t<link rel=\"canonical\" href=\"https:\/\/www.claret.cat\/es\/libro\/las-legiones-malditas-trilogia-africanus-2-9788413143590\/\" \/>\n\t<meta name=\"generator\" content=\"All in One SEO Pro (AIOSEO) 5.0.1.1\" \/>\n\t\t<meta property=\"og:locale\" content=\"es_ES\" \/>\n\t\t<meta property=\"og:site_name\" content=\"Llibreria Claret - Llibreria religiosa a Barcelona\" \/>\n\t\t<meta property=\"og:type\" content=\"article\" \/>\n\t\t<meta property=\"og:title\" content=\"LAS LEGIONES MALDITAS (TRILOG\u00cdA AFRICANUS 2) - POSTEGUILLO, SANTIAGO 9788413143590 | Llibreria Claret\" \/>\n\t\t<meta property=\"og:description\" content=\"LAS LEGIONES MALDITAS (TRILOG\u00cdA AFRICANUS 2) de POSTEGUILLO, SANTIAGO disponible a\/en Llibreria Claret.\" \/>\n\t\t<meta property=\"og:url\" content=\"https:\/\/www.claret.cat\/es\/libro\/las-legiones-malditas-trilogia-africanus-2-9788413143590\/\" \/>\n\t\t<meta property=\"og:image\" content=\"https:\/\/dev.claret.cat\/wp-content\/uploads\/logo-claret.svg\" \/>\n\t\t<meta property=\"og:image:secure_url\" content=\"https:\/\/dev.claret.cat\/wp-content\/uploads\/logo-claret.svg\" \/>\n\t\t<meta property=\"article:published_time\" content=\"2022-10-02T18:06:41+00:00\" \/>\n\t\t<meta property=\"article:modified_time\" content=\"2023-10-06T08:26:15+00:00\" \/>\n\t\t<meta property=\"article:publisher\" content=\"https:\/\/www.facebook.com\/LlibreriaClaret\" \/>\n\t\t<meta name=\"twitter:card\" content=\"summary_large_image\" \/>\n\t\t<meta name=\"twitter:site\" content=\"@LlibreriaClaret\" \/>\n\t\t<meta name=\"twitter:title\" content=\"LAS LEGIONES MALDITAS (TRILOG\u00cdA AFRICANUS 2) - POSTEGUILLO, SANTIAGO 9788413143590 | Llibreria Claret\" \/>\n\t\t<meta name=\"twitter:description\" content=\"LAS LEGIONES MALDITAS (TRILOG\u00cdA AFRICANUS 2) de POSTEGUILLO, SANTIAGO disponible a\/en Llibreria Claret.\" \/>\n\t\t<meta name=\"twitter:image\" content=\"http:\/\/dev.claret.cat\/wp-content\/uploads\/logo-claret.svg\" \/>\n\t\t<script type=\"application\/ld+json\" class=\"aioseo-schema\">\n\t\t\t{\"@context\":\"https:\\\/\\\/schema.org\",\"@graph\":[{\"@type\":\"BreadcrumbList\",\"@id\":\"https:\\\/\\\/www.claret.cat\\\/es\\\/libro\\\/las-legiones-malditas-trilogia-africanus-2-9788413143590\\\/#breadcrumblist\",\"itemListElement\":[{\"@type\":\"ListItem\",\"@id\":\"https:\\\/\\\/www.claret.cat\\\/es\\\/#listItem\",\"position\":1,\"name\":\"Home\",\"item\":\"https:\\\/\\\/www.claret.cat\\\/es\\\/\",\"nextItem\":{\"@type\":\"ListItem\",\"@id\":\"https:\\\/\\\/www.claret.cat\\\/?page_id=16#listItem\",\"name\":\"Botiga\"}},{\"@type\":\"ListItem\",\"@id\":\"https:\\\/\\\/www.claret.cat\\\/?page_id=16#listItem\",\"position\":2,\"name\":\"Botiga\",\"item\":\"https:\\\/\\\/www.claret.cat\\\/?page_id=16\",\"nextItem\":{\"@type\":\"ListItem\",\"@id\":\"https:\\\/\\\/www.claret.cat\\\/categoria-producto\\\/spa\\\/#listItem\",\"name\":\"SPA\"},\"previousItem\":{\"@type\":\"ListItem\",\"@id\":\"https:\\\/\\\/www.claret.cat\\\/es\\\/#listItem\",\"name\":\"Home\"}},{\"@type\":\"ListItem\",\"@id\":\"https:\\\/\\\/www.claret.cat\\\/categoria-producto\\\/spa\\\/#listItem\",\"position\":3,\"name\":\"SPA\",\"item\":\"https:\\\/\\\/www.claret.cat\\\/categoria-producto\\\/spa\\\/\",\"nextItem\":{\"@type\":\"ListItem\",\"@id\":\"https:\\\/\\\/www.claret.cat\\\/es\\\/categoria-producto\\\/spa\\\/2_humanidades\\\/#listItem\",\"name\":\"Humanidades\"},\"previousItem\":{\"@type\":\"ListItem\",\"@id\":\"https:\\\/\\\/www.claret.cat\\\/?page_id=16#listItem\",\"name\":\"Botiga\"}},{\"@type\":\"ListItem\",\"@id\":\"https:\\\/\\\/www.claret.cat\\\/es\\\/categoria-producto\\\/spa\\\/2_humanidades\\\/#listItem\",\"position\":4,\"name\":\"Humanidades\",\"item\":\"https:\\\/\\\/www.claret.cat\\\/es\\\/categoria-producto\\\/spa\\\/2_humanidades\\\/\",\"nextItem\":{\"@type\":\"ListItem\",\"@id\":\"https:\\\/\\\/www.claret.cat\\\/es\\\/categoria-producto\\\/spa\\\/2_humanidades\\\/literatura-2_humanidades\\\/#listItem\",\"name\":\"Literatura\"},\"previousItem\":{\"@type\":\"ListItem\",\"@id\":\"https:\\\/\\\/www.claret.cat\\\/categoria-producto\\\/spa\\\/#listItem\",\"name\":\"SPA\"}},{\"@type\":\"ListItem\",\"@id\":\"https:\\\/\\\/www.claret.cat\\\/es\\\/categoria-producto\\\/spa\\\/2_humanidades\\\/literatura-2_humanidades\\\/#listItem\",\"position\":5,\"name\":\"Literatura\",\"item\":\"https:\\\/\\\/www.claret.cat\\\/es\\\/categoria-producto\\\/spa\\\/2_humanidades\\\/literatura-2_humanidades\\\/\",\"nextItem\":{\"@type\":\"ListItem\",\"@id\":\"https:\\\/\\\/www.claret.cat\\\/es\\\/categoria-producto\\\/spa\\\/2_humanidades\\\/literatura-2_humanidades\\\/novela-historica-y-ficcion\\\/#listItem\",\"name\":\"Novela hist\\u00f3rica y ficci\\u00f3n\"},\"previousItem\":{\"@type\":\"ListItem\",\"@id\":\"https:\\\/\\\/www.claret.cat\\\/es\\\/categoria-producto\\\/spa\\\/2_humanidades\\\/#listItem\",\"name\":\"Humanidades\"}},{\"@type\":\"ListItem\",\"@id\":\"https:\\\/\\\/www.claret.cat\\\/es\\\/categoria-producto\\\/spa\\\/2_humanidades\\\/literatura-2_humanidades\\\/novela-historica-y-ficcion\\\/#listItem\",\"position\":6,\"name\":\"Novela hist\\u00f3rica y ficci\\u00f3n\",\"item\":\"https:\\\/\\\/www.claret.cat\\\/es\\\/categoria-producto\\\/spa\\\/2_humanidades\\\/literatura-2_humanidades\\\/novela-historica-y-ficcion\\\/\",\"nextItem\":{\"@type\":\"ListItem\",\"@id\":\"https:\\\/\\\/www.claret.cat\\\/es\\\/libro\\\/las-legiones-malditas-trilogia-africanus-2-9788413143590\\\/#listItem\",\"name\":\"LAS LEGIONES MALDITAS (TRILOG\\u00cdA AFRICANUS 2)\"},\"previousItem\":{\"@type\":\"ListItem\",\"@id\":\"https:\\\/\\\/www.claret.cat\\\/es\\\/categoria-producto\\\/spa\\\/2_humanidades\\\/literatura-2_humanidades\\\/#listItem\",\"name\":\"Literatura\"}},{\"@type\":\"ListItem\",\"@id\":\"https:\\\/\\\/www.claret.cat\\\/es\\\/libro\\\/las-legiones-malditas-trilogia-africanus-2-9788413143590\\\/#listItem\",\"position\":7,\"name\":\"LAS LEGIONES MALDITAS (TRILOG\\u00cdA AFRICANUS 2)\",\"previousItem\":{\"@type\":\"ListItem\",\"@id\":\"https:\\\/\\\/www.claret.cat\\\/es\\\/categoria-producto\\\/spa\\\/2_humanidades\\\/literatura-2_humanidades\\\/novela-historica-y-ficcion\\\/#listItem\",\"name\":\"Novela hist\\u00f3rica y ficci\\u00f3n\"}}]},{\"@type\":\"ItemPage\",\"@id\":\"https:\\\/\\\/www.claret.cat\\\/es\\\/libro\\\/las-legiones-malditas-trilogia-africanus-2-9788413143590\\\/#itempage\",\"url\":\"https:\\\/\\\/www.claret.cat\\\/es\\\/libro\\\/las-legiones-malditas-trilogia-africanus-2-9788413143590\\\/\",\"name\":\"LAS LEGIONES MALDITAS (TRILOG\\u00cdA AFRICANUS 2) - POSTEGUILLO, SANTIAGO 9788413143590 | Llibreria Claret\",\"description\":\"LAS LEGIONES MALDITAS (TRILOG\\u00cdA AFRICANUS 2) de POSTEGUILLO, SANTIAGO disponible a\\\/en Llibreria Claret.\",\"inLanguage\":\"es-ES\",\"isPartOf\":{\"@id\":\"https:\\\/\\\/www.claret.cat\\\/es\\\/#website\"},\"breadcrumb\":{\"@id\":\"https:\\\/\\\/www.claret.cat\\\/es\\\/libro\\\/las-legiones-malditas-trilogia-africanus-2-9788413143590\\\/#breadcrumblist\"},\"image\":{\"@type\":\"ImageObject\",\"url\":\"https:\\\/\\\/www.claret.cat\\\/wp-content\\\/uploads\\\/.\\\/9788413143590.jpg\",\"@id\":\"https:\\\/\\\/www.claret.cat\\\/es\\\/libro\\\/las-legiones-malditas-trilogia-africanus-2-9788413143590\\\/#mainImage\",\"width\":225,\"height\":342,\"caption\":\"9788413143590.jpg\"},\"primaryImageOfPage\":{\"@id\":\"https:\\\/\\\/www.claret.cat\\\/es\\\/libro\\\/las-legiones-malditas-trilogia-africanus-2-9788413143590\\\/#mainImage\"},\"datePublished\":\"2022-10-02T20:06:41+02:00\",\"dateModified\":\"2023-10-06T10:26:15+02:00\"},{\"@type\":\"Organization\",\"@id\":\"https:\\\/\\\/www.claret.cat\\\/es\\\/#organization\",\"name\":\"Llibreria Claret\",\"description\":\"Llibreria religiosa a Barcelona\",\"url\":\"https:\\\/\\\/www.claret.cat\\\/es\\\/\",\"email\":\"comunicacio@claret.cat\",\"telephone\":\"+34933010887\",\"logo\":{\"@type\":\"ImageObject\",\"url\":\"https:\\\/\\\/www.claret.cat\\\/wp-content\\\/uploads\\\/.\\\/logo-claret-es.png\",\"@id\":\"https:\\\/\\\/www.claret.cat\\\/es\\\/libro\\\/las-legiones-malditas-trilogia-africanus-2-9788413143590\\\/#organizationLogo\",\"width\":195,\"height\":79},\"image\":{\"@id\":\"https:\\\/\\\/www.claret.cat\\\/es\\\/libro\\\/las-legiones-malditas-trilogia-africanus-2-9788413143590\\\/#organizationLogo\"},\"sameAs\":[\"https:\\\/\\\/www.facebook.com\\\/LlibreriaClaret\",\"https:\\\/\\\/twitter.com\\\/LlibreriaClaret\",\"https:\\\/\\\/www.instagram.com\\\/llibreriaclaret\\\/\",\"https:\\\/\\\/www.tiktok.com\\\/@llibreriaclaret\",\"https:\\\/\\\/www.youtube.com\\\/@llibreriaclaret\",\"https:\\\/\\\/ca.wikipedia.org\\\/wiki\\\/Editorial_Claret\"]},{\"@type\":\"WebPage\",\"@id\":\"https:\\\/\\\/www.claret.cat\\\/es\\\/libro\\\/las-legiones-malditas-trilogia-africanus-2-9788413143590\\\/#webpage\",\"url\":\"https:\\\/\\\/www.claret.cat\\\/es\\\/libro\\\/las-legiones-malditas-trilogia-africanus-2-9788413143590\\\/\",\"name\":\"LAS LEGIONES MALDITAS (TRILOG\\u00cdA AFRICANUS 2) - POSTEGUILLO, SANTIAGO 9788413143590 | Llibreria Claret\",\"description\":\"LAS LEGIONES MALDITAS (TRILOG\\u00cdA AFRICANUS 2) de POSTEGUILLO, SANTIAGO disponible a\\\/en Llibreria Claret.\",\"inLanguage\":\"es-ES\",\"isPartOf\":{\"@id\":\"https:\\\/\\\/www.claret.cat\\\/es\\\/#website\"},\"breadcrumb\":{\"@id\":\"https:\\\/\\\/www.claret.cat\\\/es\\\/libro\\\/las-legiones-malditas-trilogia-africanus-2-9788413143590\\\/#breadcrumblist\"},\"image\":{\"@type\":\"ImageObject\",\"url\":\"https:\\\/\\\/www.claret.cat\\\/wp-content\\\/uploads\\\/.\\\/9788413143590.jpg\",\"@id\":\"https:\\\/\\\/www.claret.cat\\\/es\\\/libro\\\/las-legiones-malditas-trilogia-africanus-2-9788413143590\\\/#mainImage\",\"width\":225,\"height\":342,\"caption\":\"9788413143590.jpg\"},\"primaryImageOfPage\":{\"@id\":\"https:\\\/\\\/www.claret.cat\\\/es\\\/libro\\\/las-legiones-malditas-trilogia-africanus-2-9788413143590\\\/#mainImage\"},\"datePublished\":\"2022-10-02T20:06:41+02:00\",\"dateModified\":\"2023-10-06T10:26:15+02:00\"},{\"@type\":\"WebSite\",\"@id\":\"https:\\\/\\\/www.claret.cat\\\/es\\\/#website\",\"url\":\"https:\\\/\\\/www.claret.cat\\\/es\\\/\",\"name\":\"Llibreria Claret Barcelona\",\"alternateName\":\"Llibreria Claret\",\"description\":\"Llibreria religiosa a Barcelona\",\"inLanguage\":\"es-ES\",\"publisher\":{\"@id\":\"https:\\\/\\\/www.claret.cat\\\/es\\\/#organization\"}}]}\n\t\t<\/script>\n\t\t<!-- All in One SEO Pro -->\r\n\t\t<title>LAS LEGIONES MALDITAS (TRILOG\u00cdA AFRICANUS 2) - POSTEGUILLO, SANTIAGO 9788413143590 | Llibreria Claret<\/title>\n\n","aioseo_head_json":{"title":"LAS LEGIONES MALDITAS (TRILOG\u00cdA AFRICANUS 2) - POSTEGUILLO, SANTIAGO 9788413143590 | Llibreria Claret","description":"LAS LEGIONES MALDITAS (TRILOG\u00cdA AFRICANUS 2) de POSTEGUILLO, SANTIAGO disponible a\/en Llibreria Claret.","canonical_url":"https:\/\/www.claret.cat\/es\/libro\/las-legiones-malditas-trilogia-africanus-2-9788413143590\/","robots":"max-image-preview:large","keywords":"","webmasterTools":{"google-site-verification":"xVtlFxJ-TfkIu-D-lt7XeLobefg5EIQiXTuqcSf8Rf0","miscellaneous":""},"schema":{"@context":"https:\/\/schema.org","@graph":[{"@type":"BreadcrumbList","@id":"https:\/\/www.claret.cat\/es\/libro\/las-legiones-malditas-trilogia-africanus-2-9788413143590\/#breadcrumblist","itemListElement":[{"@type":"ListItem","@id":"https:\/\/www.claret.cat\/es\/#listItem","position":1,"name":"Home","item":"https:\/\/www.claret.cat\/es\/","nextItem":{"@type":"ListItem","@id":"https:\/\/www.claret.cat\/?page_id=16#listItem","name":"Botiga"}},{"@type":"ListItem","@id":"https:\/\/www.claret.cat\/?page_id=16#listItem","position":2,"name":"Botiga","item":"https:\/\/www.claret.cat\/?page_id=16","nextItem":{"@type":"ListItem","@id":"https:\/\/www.claret.cat\/categoria-producto\/spa\/#listItem","name":"SPA"},"previousItem":{"@type":"ListItem","@id":"https:\/\/www.claret.cat\/es\/#listItem","name":"Home"}},{"@type":"ListItem","@id":"https:\/\/www.claret.cat\/categoria-producto\/spa\/#listItem","position":3,"name":"SPA","item":"https:\/\/www.claret.cat\/categoria-producto\/spa\/","nextItem":{"@type":"ListItem","@id":"https:\/\/www.claret.cat\/es\/categoria-producto\/spa\/2_humanidades\/#listItem","name":"Humanidades"},"previousItem":{"@type":"ListItem","@id":"https:\/\/www.claret.cat\/?page_id=16#listItem","name":"Botiga"}},{"@type":"ListItem","@id":"https:\/\/www.claret.cat\/es\/categoria-producto\/spa\/2_humanidades\/#listItem","position":4,"name":"Humanidades","item":"https:\/\/www.claret.cat\/es\/categoria-producto\/spa\/2_humanidades\/","nextItem":{"@type":"ListItem","@id":"https:\/\/www.claret.cat\/es\/categoria-producto\/spa\/2_humanidades\/literatura-2_humanidades\/#listItem","name":"Literatura"},"previousItem":{"@type":"ListItem","@id":"https:\/\/www.claret.cat\/categoria-producto\/spa\/#listItem","name":"SPA"}},{"@type":"ListItem","@id":"https:\/\/www.claret.cat\/es\/categoria-producto\/spa\/2_humanidades\/literatura-2_humanidades\/#listItem","position":5,"name":"Literatura","item":"https:\/\/www.claret.cat\/es\/categoria-producto\/spa\/2_humanidades\/literatura-2_humanidades\/","nextItem":{"@type":"ListItem","@id":"https:\/\/www.claret.cat\/es\/categoria-producto\/spa\/2_humanidades\/literatura-2_humanidades\/novela-historica-y-ficcion\/#listItem","name":"Novela hist\u00f3rica y ficci\u00f3n"},"previousItem":{"@type":"ListItem","@id":"https:\/\/www.claret.cat\/es\/categoria-producto\/spa\/2_humanidades\/#listItem","name":"Humanidades"}},{"@type":"ListItem","@id":"https:\/\/www.claret.cat\/es\/categoria-producto\/spa\/2_humanidades\/literatura-2_humanidades\/novela-historica-y-ficcion\/#listItem","position":6,"name":"Novela hist\u00f3rica y ficci\u00f3n","item":"https:\/\/www.claret.cat\/es\/categoria-producto\/spa\/2_humanidades\/literatura-2_humanidades\/novela-historica-y-ficcion\/","nextItem":{"@type":"ListItem","@id":"https:\/\/www.claret.cat\/es\/libro\/las-legiones-malditas-trilogia-africanus-2-9788413143590\/#listItem","name":"LAS LEGIONES MALDITAS (TRILOG\u00cdA AFRICANUS 2)"},"previousItem":{"@type":"ListItem","@id":"https:\/\/www.claret.cat\/es\/categoria-producto\/spa\/2_humanidades\/literatura-2_humanidades\/#listItem","name":"Literatura"}},{"@type":"ListItem","@id":"https:\/\/www.claret.cat\/es\/libro\/las-legiones-malditas-trilogia-africanus-2-9788413143590\/#listItem","position":7,"name":"LAS LEGIONES MALDITAS (TRILOG\u00cdA AFRICANUS 2)","previousItem":{"@type":"ListItem","@id":"https:\/\/www.claret.cat\/es\/categoria-producto\/spa\/2_humanidades\/literatura-2_humanidades\/novela-historica-y-ficcion\/#listItem","name":"Novela hist\u00f3rica y ficci\u00f3n"}}]},{"@type":"ItemPage","@id":"https:\/\/www.claret.cat\/es\/libro\/las-legiones-malditas-trilogia-africanus-2-9788413143590\/#itempage","url":"https:\/\/www.claret.cat\/es\/libro\/las-legiones-malditas-trilogia-africanus-2-9788413143590\/","name":"LAS LEGIONES MALDITAS (TRILOG\u00cdA AFRICANUS 2) - POSTEGUILLO, SANTIAGO 9788413143590 | Llibreria Claret","description":"LAS LEGIONES MALDITAS (TRILOG\u00cdA AFRICANUS 2) de POSTEGUILLO, SANTIAGO disponible a\/en Llibreria Claret.","inLanguage":"es-ES","isPartOf":{"@id":"https:\/\/www.claret.cat\/es\/#website"},"breadcrumb":{"@id":"https:\/\/www.claret.cat\/es\/libro\/las-legiones-malditas-trilogia-africanus-2-9788413143590\/#breadcrumblist"},"image":{"@type":"ImageObject","url":"https:\/\/www.claret.cat\/wp-content\/uploads\/.\/9788413143590.jpg","@id":"https:\/\/www.claret.cat\/es\/libro\/las-legiones-malditas-trilogia-africanus-2-9788413143590\/#mainImage","width":225,"height":342,"caption":"9788413143590.jpg"},"primaryImageOfPage":{"@id":"https:\/\/www.claret.cat\/es\/libro\/las-legiones-malditas-trilogia-africanus-2-9788413143590\/#mainImage"},"datePublished":"2022-10-02T20:06:41+02:00","dateModified":"2023-10-06T10:26:15+02:00"},{"@type":"Organization","@id":"https:\/\/www.claret.cat\/es\/#organization","name":"Llibreria Claret","description":"Llibreria religiosa a Barcelona","url":"https:\/\/www.claret.cat\/es\/","email":"comunicacio@claret.cat","telephone":"+34933010887","logo":{"@type":"ImageObject","url":"https:\/\/www.claret.cat\/wp-content\/uploads\/.\/logo-claret-es.png","@id":"https:\/\/www.claret.cat\/es\/libro\/las-legiones-malditas-trilogia-africanus-2-9788413143590\/#organizationLogo","width":195,"height":79},"image":{"@id":"https:\/\/www.claret.cat\/es\/libro\/las-legiones-malditas-trilogia-africanus-2-9788413143590\/#organizationLogo"},"sameAs":["https:\/\/www.facebook.com\/LlibreriaClaret","https:\/\/twitter.com\/LlibreriaClaret","https:\/\/www.instagram.com\/llibreriaclaret\/","https:\/\/www.tiktok.com\/@llibreriaclaret","https:\/\/www.youtube.com\/@llibreriaclaret","https:\/\/ca.wikipedia.org\/wiki\/Editorial_Claret"]},{"@type":"WebPage","@id":"https:\/\/www.claret.cat\/es\/libro\/las-legiones-malditas-trilogia-africanus-2-9788413143590\/#webpage","url":"https:\/\/www.claret.cat\/es\/libro\/las-legiones-malditas-trilogia-africanus-2-9788413143590\/","name":"LAS LEGIONES MALDITAS (TRILOG\u00cdA AFRICANUS 2) - POSTEGUILLO, SANTIAGO 9788413143590 | Llibreria Claret","description":"LAS LEGIONES MALDITAS (TRILOG\u00cdA AFRICANUS 2) de POSTEGUILLO, SANTIAGO disponible a\/en Llibreria Claret.","inLanguage":"es-ES","isPartOf":{"@id":"https:\/\/www.claret.cat\/es\/#website"},"breadcrumb":{"@id":"https:\/\/www.claret.cat\/es\/libro\/las-legiones-malditas-trilogia-africanus-2-9788413143590\/#breadcrumblist"},"image":{"@type":"ImageObject","url":"https:\/\/www.claret.cat\/wp-content\/uploads\/.\/9788413143590.jpg","@id":"https:\/\/www.claret.cat\/es\/libro\/las-legiones-malditas-trilogia-africanus-2-9788413143590\/#mainImage","width":225,"height":342,"caption":"9788413143590.jpg"},"primaryImageOfPage":{"@id":"https:\/\/www.claret.cat\/es\/libro\/las-legiones-malditas-trilogia-africanus-2-9788413143590\/#mainImage"},"datePublished":"2022-10-02T20:06:41+02:00","dateModified":"2023-10-06T10:26:15+02:00"},{"@type":"WebSite","@id":"https:\/\/www.claret.cat\/es\/#website","url":"https:\/\/www.claret.cat\/es\/","name":"Llibreria Claret Barcelona","alternateName":"Llibreria Claret","description":"Llibreria religiosa a Barcelona","inLanguage":"es-ES","publisher":{"@id":"https:\/\/www.claret.cat\/es\/#organization"}}]},"og:locale":"es_ES","og:site_name":"Llibreria Claret - Llibreria religiosa a Barcelona","og:type":"article","og:title":"LAS LEGIONES MALDITAS (TRILOG\u00cdA AFRICANUS 2) - POSTEGUILLO, SANTIAGO 9788413143590 | Llibreria Claret","og:description":"LAS LEGIONES MALDITAS (TRILOG\u00cdA AFRICANUS 2) de POSTEGUILLO, SANTIAGO disponible a\/en Llibreria Claret.","og:url":"https:\/\/www.claret.cat\/es\/libro\/las-legiones-malditas-trilogia-africanus-2-9788413143590\/","og:image":"https:\/\/dev.claret.cat\/wp-content\/uploads\/logo-claret.svg","og:image:secure_url":"https:\/\/dev.claret.cat\/wp-content\/uploads\/logo-claret.svg","article:published_time":"2022-10-02T18:06:41+00:00","article:modified_time":"2023-10-06T08:26:15+00:00","article:publisher":"https:\/\/www.facebook.com\/LlibreriaClaret","twitter:card":"summary_large_image","twitter:site":"@LlibreriaClaret","twitter:title":"LAS LEGIONES MALDITAS (TRILOG\u00cdA AFRICANUS 2) - POSTEGUILLO, SANTIAGO 9788413143590 | Llibreria Claret","twitter:description":"LAS LEGIONES MALDITAS (TRILOG\u00cdA AFRICANUS 2) de POSTEGUILLO, SANTIAGO disponible a\/en Llibreria Claret.","twitter:image":"http:\/\/dev.claret.cat\/wp-content\/uploads\/logo-claret.svg"},"aioseo_meta_data":{"post_id":"42900","title":null,"description":null,"keywords":null,"keyphrases":null,"primary_term":null,"canonical_url":null,"og_title":null,"og_description":null,"og_object_type":"default","og_image_type":"default","og_image_url":null,"og_image_width":null,"og_image_height":null,"og_image_custom_url":null,"og_image_custom_fields":null,"og_video":null,"og_custom_url":null,"og_article_section":null,"og_article_tags":null,"twitter_use_og":false,"twitter_card":"default","twitter_image_type":"default","twitter_image_url":null,"twitter_image_custom_url":null,"twitter_image_custom_fields":null,"twitter_title":null,"twitter_description":null,"schema":{"blockGraphs":[],"customGraphs":[],"default":{"data":{"Article":[],"Course":[],"Dataset":[],"FAQPage":[],"Movie":[],"Person":[],"Product":[],"ProductReview":[],"Car":[],"Recipe":[],"Service":[],"SoftwareApplication":[],"WebPage":[]},"graphName":"","isEnabled":true},"graphs":[]},"schema_type":"default","schema_type_options":null,"pillar_content":false,"robots_default":true,"robots_noindex":false,"robots_noarchive":false,"robots_nosnippet":false,"robots_nofollow":false,"robots_noimageindex":false,"robots_noodp":false,"robots_notranslate":false,"robots_max_snippet":null,"robots_max_videopreview":null,"robots_max_imagepreview":"large","priority":null,"frequency":null,"local_seo":null,"seo_analyzer_scan_date":"2025-11-13 12:40:11","breadcrumb_settings":null,"limit_modified_date":false,"open_ai":null,"ai":null,"created":"2022-12-18 16:43:40","updated":"2025-11-13 12:40:11","focus_keyword":null,"additional_keywords":null,"truseo_locale":null},"aioseo_breadcrumb":"<div class=\"aioseo-breadcrumbs\"><span class=\"aioseo-breadcrumb\">\n\t<a href=\"https:\/\/www.claret.cat\/es\/\" title=\"Home\">Home<\/a>\n<\/span><span class=\"aioseo-breadcrumb-separator\">&raquo;<\/span><span class=\"aioseo-breadcrumb\">\n\t<a href=\"https:\/\/www.claret.cat\/?page_id=16\" title=\"Botiga\">Botiga<\/a>\n<\/span><span class=\"aioseo-breadcrumb-separator\">&raquo;<\/span><span class=\"aioseo-breadcrumb\">\n\t<a href=\"https:\/\/www.claret.cat\/categoria-producto\/spa\/\" title=\"SPA\">SPA<\/a>\n<\/span><span class=\"aioseo-breadcrumb-separator\">&raquo;<\/span><span class=\"aioseo-breadcrumb\">\n\t<a href=\"https:\/\/www.claret.cat\/es\/categoria-producto\/spa\/2_humanidades\/\" title=\"Humanidades\">Humanidades<\/a>\n<\/span><span class=\"aioseo-breadcrumb-separator\">&raquo;<\/span><span class=\"aioseo-breadcrumb\">\n\t<a href=\"https:\/\/www.claret.cat\/es\/categoria-producto\/spa\/2_humanidades\/literatura-2_humanidades\/\" title=\"Literatura\">Literatura<\/a>\n<\/span><span class=\"aioseo-breadcrumb-separator\">&raquo;<\/span><span class=\"aioseo-breadcrumb\">\n\t<a href=\"https:\/\/www.claret.cat\/es\/categoria-producto\/spa\/2_humanidades\/literatura-2_humanidades\/novela-historica-y-ficcion\/\" title=\"Novela hist\u00f3rica y ficci\u00f3n\">Novela hist\u00f3rica y ficci\u00f3n<\/a>\n<\/span><span class=\"aioseo-breadcrumb-separator\">&raquo;<\/span><span class=\"aioseo-breadcrumb\">\n\tLAS LEGIONES MALDITAS (TRILOG\u00cdA AFRICANUS 2)\n<\/span><\/div>","aioseo_breadcrumb_json":[{"label":"Home","link":"https:\/\/www.claret.cat\/es\/"},{"label":"Botiga","link":"https:\/\/www.claret.cat\/?page_id=16"},{"label":"SPA","link":"https:\/\/www.claret.cat\/categoria-producto\/spa\/"},{"label":"Humanidades","link":"https:\/\/www.claret.cat\/es\/categoria-producto\/spa\/2_humanidades\/"},{"label":"Literatura","link":"https:\/\/www.claret.cat\/es\/categoria-producto\/spa\/2_humanidades\/literatura-2_humanidades\/"},{"label":"Novela hist\u00f3rica y ficci\u00f3n","link":"https:\/\/www.claret.cat\/es\/categoria-producto\/spa\/2_humanidades\/literatura-2_humanidades\/novela-historica-y-ficcion\/"},{"label":"LAS LEGIONES MALDITAS (TRILOG\u00cdA AFRICANUS 2)","link":"https:\/\/www.claret.cat\/es\/libro\/las-legiones-malditas-trilogia-africanus-2-9788413143590\/"}],"_links":{"self":[{"href":"https:\/\/www.claret.cat\/es\/wp-json\/wp\/v2\/product\/42900","targetHints":{"allow":["GET"]}}],"collection":[{"href":"https:\/\/www.claret.cat\/es\/wp-json\/wp\/v2\/product"}],"about":[{"href":"https:\/\/www.claret.cat\/es\/wp-json\/wp\/v2\/types\/product"}],"wp:featuredmedia":[{"embeddable":true,"href":"https:\/\/www.claret.cat\/es\/wp-json\/wp\/v2\/media\/58903"}],"wp:attachment":[{"href":"https:\/\/www.claret.cat\/es\/wp-json\/wp\/v2\/media?parent=42900"}],"wp:term":[{"taxonomy":"product_brand","embeddable":true,"href":"https:\/\/www.claret.cat\/es\/wp-json\/wp\/v2\/product_brand?post=42900"},{"taxonomy":"product_cat","embeddable":true,"href":"https:\/\/www.claret.cat\/es\/wp-json\/wp\/v2\/product_cat?post=42900"},{"taxonomy":"product_tag","embeddable":true,"href":"https:\/\/www.claret.cat\/es\/wp-json\/wp\/v2\/product_tag?post=42900"}],"curies":[{"name":"wp","href":"https:\/\/api.w.org\/{rel}","templated":true}]}}