{"id":430071,"date":"2023-05-17T16:25:02","date_gmt":"2023-05-17T14:25:02","guid":{"rendered":"https:\/\/www.claret.cat\/llibre\/dios-y-su-pueblo-necesitan-mediadores-9788413791678\/"},"modified":"2025-11-27T20:04:40","modified_gmt":"2025-11-27T19:04:40","slug":"dios-y-su-pueblo-necesitan-mediadores-9788413791678","status":"publish","type":"product","link":"https:\/\/www.claret.cat\/es\/libro\/dios-y-su-pueblo-necesitan-mediadores-9788413791678\/","title":{"rendered":"DIOS Y SU PUEBLO NECESITAN MEDIADORES"},"content":{"rendered":"<p>Considerado el \u00abevangelio del Antiguo Testamento\u00bb, \u00c9xodo, segundo libro del Pentateuco, es la cr\u00f3nica de la revelaci\u00f3n de un Dios nuevo, acaecida mientras liberaba un grupo de esclavos (\u00c9x 20,2) de los que se hab\u00eda declarado \u00abpadre\u00bb adoptivo (\u00c9x 4,22-23).<\/p>\n","protected":false},"excerpt":{"rendered":"<p>BARTOLOM\u00c9 , JUAN JOS\u00c9<\/p>\n","protected":false},"featured_media":1068921,"template":"","meta":{"_acf_changed":false,"om_disable_all_campaigns":false,"rs_blank_template":"","rs_page_bg_color":"","slide_template_v7":"","inline_featured_image":false,"_monsterinsights_skip_tracking":false,"_monsterinsights_sitenote_active":false,"_monsterinsights_sitenote_note":"","_monsterinsights_sitenote_category":0},"product_brand":[],"product_cat":[195,458,472,213,196,459],"product_tag":[],"class_list":{"0":"post-430071","1":"product","2":"type-product","3":"status-publish","4":"has-post-thumbnail","6":"product_cat-introduccio-a-t","7":"product_cat-introduccion-a-t","8":"product_cat-manuales-y-guias","9":"product_cat-manuals-i-guies","10":"product_cat-pentateuc","11":"product_cat-pentateuco","13":"first","14":"outofstock","15":"taxable","16":"shipping-taxable","17":"purchasable","18":"product-type-simple"},"acf":{"autor":"BARTOLOM\u00c9 , JUAN JOS\u00c9","codart":"841379167","libros-coleccion":"Claves cristianas","ediciones":"1","encuadernacion":"R\u00fastica","fecha_de_publicacion":"17\/05\/2023","novedad":"1","paginas":"144","subtitulo":"UN COMENTARIO EXEG\u00c9TICO DE \u00c9XODO 32,1-34.35","orden":"0","portada":"0","idioma":"spa","editorial":[{"ID":6155,"post_author":"3","post_date":"2022-07-28 17:46:04","post_date_gmt":"2022-07-28 15:46:04","post_content":"","post_title":"Central Catequ\u00edstica Salesiana","post_excerpt":"","post_status":"publish","comment_status":"closed","ping_status":"closed","post_password":"","post_name":"central-catequistica-salesiana","to_ping":"","pinged":"","post_modified":"2022-07-28 17:46:04","post_modified_gmt":"2022-07-28 15:46:04","post_content_filtered":"","post_parent":0,"guid":"http:\/\/dev.claret.cat\/editorial\/central-catequistica-salesiana\/","menu_order":0,"post_type":"editorial","post_mime_type":"","comment_count":"0","filter":"raw"}],"autores-libros":[{"ID":960211,"post_author":"3","post_date":"2024-04-03 16:40:10","post_date_gmt":"2024-04-03 14:40:10","post_content":"","post_title":"JUAN JOS\u00c9 BARTOLOM\u00c9","post_excerpt":"","post_status":"publish","comment_status":"closed","ping_status":"closed","post_password":"","post_name":"juan-jose-bartolome-2","to_ping":"","pinged":"","post_modified":"2024-04-03 16:40:10","post_modified_gmt":"2024-04-03 14:40:10","post_content_filtered":"","post_parent":0,"guid":"https:\/\/www.claret.cat\/autor\/juan-jose-bartolome-2\/","menu_order":0,"post_type":"autor","post_mime_type":"","comment_count":"0","filter":"raw"}],"booktrailer":"","resenas":""},"aioseo_notices":[],"_links":{"self":[{"href":"https:\/\/www.claret.cat\/es\/wp-json\/wp\/v2\/product\/430071","targetHints":{"allow":["GET"]}}],"collection":[{"href":"https:\/\/www.claret.cat\/es\/wp-json\/wp\/v2\/product"}],"about":[{"href":"https:\/\/www.claret.cat\/es\/wp-json\/wp\/v2\/types\/product"}],"wp:featuredmedia":[{"embeddable":true,"href":"https:\/\/www.claret.cat\/es\/wp-json\/wp\/v2\/media\/1068921"}],"wp:attachment":[{"href":"https:\/\/www.claret.cat\/es\/wp-json\/wp\/v2\/media?parent=430071"}],"wp:term":[{"taxonomy":"product_brand","embeddable":true,"href":"https:\/\/www.claret.cat\/es\/wp-json\/wp\/v2\/product_brand?post=430071"},{"taxonomy":"product_cat","embeddable":true,"href":"https:\/\/www.claret.cat\/es\/wp-json\/wp\/v2\/product_cat?post=430071"},{"taxonomy":"product_tag","embeddable":true,"href":"https:\/\/www.claret.cat\/es\/wp-json\/wp\/v2\/product_tag?post=430071"}],"curies":[{"name":"wp","href":"https:\/\/api.w.org\/{rel}","templated":true}]}}