{"id":432551,"date":"2023-05-18T17:23:30","date_gmt":"2023-05-18T15:23:30","guid":{"rendered":"https:\/\/www.claret.cat\/llibre\/homenatge-a-catalunya-9788499301020\/"},"modified":"2024-01-31T18:11:30","modified_gmt":"2024-01-31T17:11:30","slug":"homenatge-a-catalunya-9788499301020","status":"publish","type":"product","link":"https:\/\/www.claret.cat\/es\/libro\/homenatge-a-catalunya-9788499301020\/","title":{"rendered":"HOMENATGE A CATALUNYA"},"content":{"rendered":"<p>\u00c9s un llibre molt modest: sembla que digui el m\u00ednim que es pot dir d&#8217;un tema de gran magnitud. I, en dir-ne el m\u00ednim, en diu el m\u00e0xim. El tema principal \u00e9s un per\u00edode de la Guerra Civil espanyola en el qual, durant uns mesos, fins que fou molt greument ferit, l&#8217;autor lluit\u00e0 com a soldat en les trinxeres. Tothom sap que la Guerra Civil fou un dels esdeveniments decisius de la nostra \u00e8poca. Per\u00f2 ha passat ja massa temps des d&#8217;aleshores, i actualment el nostre sentit de la hist\u00f2ria va essent destru\u00eft: la nostra mem\u00f2ria \u00e9s curta i la rapidesa amb qu\u00e8 ens assalten els esdeveniments encara l&#8217;escur\u00e7a m\u00e9s. El llibre de George Orwell no nom\u00e9s ens relata les seves experi\u00e8ncies personals en la Guerra Civil, sin\u00f3 que \u00e9s un testimoni de la naturalesa de la vida pol\u00edtica moderna. Aquesta edici\u00f3 presenta la versi\u00f3 \u00edntegra i sense censura d&#8217;aquest relat d&#8217;Orwell que ha esdevingut un cl\u00e0ssic del segle XX.<\/p>\n","protected":false},"excerpt":{"rendered":"<p>ORWELL, GEORGE<\/p>\n","protected":false},"featured_media":432552,"template":"","meta":{"_acf_changed":false,"om_disable_all_campaigns":false,"rs_blank_template":"","rs_page_bg_color":"","slide_template_v7":"","inline_featured_image":false,"_monsterinsights_skip_tracking":false,"_monsterinsights_sitenote_active":false,"_monsterinsights_sitenote_note":"","_monsterinsights_sitenote_category":0},"product_brand":[],"product_cat":[85,351],"product_tag":[],"class_list":{"0":"post-432551","1":"product","2":"type-product","3":"status-publish","4":"has-post-thumbnail","6":"product_cat-historia","7":"product_cat-historia-2_humanidades","9":"first","10":"instock","11":"taxable","12":"shipping-taxable","13":"purchasable","14":"product-type-simple"},"acf":{"autor":"ORWELL, GEORGE","codart":"849930102","libros-coleccion":"","ediciones":"1","encuadernacion":"R\u00fastica","fecha_de_publicacion":"04\/05\/2010","novedad":"0","paginas":"336","subtitulo":"UN TESTIMONI SOBRE LA REVOLUCI\u00d3 ESPANYOLA","orden":"999","portada":"0","idioma":"cat","editorial":[{"ID":6281,"post_author":"3","post_date":"2022-07-28 17:48:50","post_date_gmt":"2022-07-28 15:48:50","post_content":"","post_title":"LABUTXACA","post_excerpt":"","post_status":"publish","comment_status":"closed","ping_status":"closed","post_password":"","post_name":"labutxaca","to_ping":"","pinged":"","post_modified":"2022-07-28 17:48:50","post_modified_gmt":"2022-07-28 15:48:50","post_content_filtered":"","post_parent":0,"guid":"http:\/\/dev.claret.cat\/editorial\/labutxaca\/","menu_order":0,"post_type":"editorial","post_mime_type":"","comment_count":"0","filter":"raw"}],"autores-libros":[{"ID":156738,"post_author":"3","post_date":"2022-10-14 15:23:13","post_date_gmt":"2022-10-14 13:23:13","post_content":"","post_title":"GEORGE ORWELL","post_excerpt":"","post_status":"publish","comment_status":"closed","ping_status":"closed","post_password":"","post_name":"george-orwell","to_ping":"","pinged":"","post_modified":"2022-10-14 15:23:13","post_modified_gmt":"2022-10-14 13:23:13","post_content_filtered":"","post_parent":0,"guid":"http:\/\/dev.claret.cat\/autor\/george-orwell\/","menu_order":0,"post_type":"autor","post_mime_type":"","comment_count":"0","filter":"raw"}]},"aioseo_notices":[],"_links":{"self":[{"href":"https:\/\/www.claret.cat\/es\/wp-json\/wp\/v2\/product\/432551","targetHints":{"allow":["GET"]}}],"collection":[{"href":"https:\/\/www.claret.cat\/es\/wp-json\/wp\/v2\/product"}],"about":[{"href":"https:\/\/www.claret.cat\/es\/wp-json\/wp\/v2\/types\/product"}],"wp:featuredmedia":[{"embeddable":true,"href":"https:\/\/www.claret.cat\/es\/wp-json\/wp\/v2\/media\/432552"}],"wp:attachment":[{"href":"https:\/\/www.claret.cat\/es\/wp-json\/wp\/v2\/media?parent=432551"}],"wp:term":[{"taxonomy":"product_brand","embeddable":true,"href":"https:\/\/www.claret.cat\/es\/wp-json\/wp\/v2\/product_brand?post=432551"},{"taxonomy":"product_cat","embeddable":true,"href":"https:\/\/www.claret.cat\/es\/wp-json\/wp\/v2\/product_cat?post=432551"},{"taxonomy":"product_tag","embeddable":true,"href":"https:\/\/www.claret.cat\/es\/wp-json\/wp\/v2\/product_tag?post=432551"}],"curies":[{"name":"wp","href":"https:\/\/api.w.org\/{rel}","templated":true}]}}