{"id":433305,"date":"2023-05-18T18:11:08","date_gmt":"2023-05-18T16:11:08","guid":{"rendered":"https:\/\/www.claret.cat\/llibre\/breve-historia-de-la-revolucion-francesa-9788499675510\/"},"modified":"2025-06-03T13:19:09","modified_gmt":"2025-06-03T11:19:09","slug":"breve-historia-de-la-revolucion-francesa-9788499675510","status":"publish","type":"product","link":"https:\/\/www.claret.cat\/es\/libro\/breve-historia-de-la-revolucion-francesa-9788499675510\/","title":{"rendered":"BREVE HISTORIA DE LA REVOLUCI\u00d3N FRANCESA"},"content":{"rendered":"<p>&#8216;En esta Breve Historia, \u00cd\u00f1igo Bolinaga &#9472;con su habitual rigurosidad en lo hist\u00f3rico pero ameno y \u00e1gil al narrar los acontecimientos&#9472; hace un recorrido por la situaci\u00f3n pol\u00edtica, econ\u00f3mica y social de una Francia en crisis y la aventura econ\u00f3micamente ruinosa de la intervenci\u00f3n en la guerra de independencia de Estados Unidos fundamentales para contextualizar a Francia y comprender las causas directas del estallido revolucionario.'(Web \u00c1brete libro)&#8217;Descubra los ideales ilustrados, y sucesos tan importantes como la revoluci\u00f3n aristocr\u00e1tica, la suplantaci\u00f3n de la monarqu\u00eda absoluta por un gobierno popular basado en la libertad, tanto pol\u00edtica como econ\u00f3mica.'(Web Agapea)Una explosi\u00f3n de violencia popular que subvirti\u00f3 las normas sociales del mundo y que tuvo que asentarse luchando con las potencias de la \u00e9poca.La Revoluci\u00f3n francesa es un acontecimiento complejo en el que se unen demandas sociales de todos los estratos con ideas procedentes de la Ilustraci\u00f3n y con los diferentes avatares que condujeron a Francia de un monarca desp\u00f3tico a un gobernante imperial. No puede explicarse solamente atendiendo a los hechos aunque s\u00ed debe explicarse ci\u00f1\u00e9ndose a ellos, eso es exactamente lo que hace Breve Historia de la Revoluci\u00f3n Francesa. La Noche de Locura, la Asamblea Legislativa, la Convenci\u00f3n Nacional que guillotinar\u00e1 a Luis XVI e instaurar\u00e1 un r\u00e9gimen basado en el terror, el Directorio y su lucha contra los enemigos extranjeros de las ideas revolucionarias y, por \u00faltimo, el consulado que proporcionar\u00e1 la llegada al poder de Napole\u00f3n, son tratados en este libro de un modo sencillo y exacto.\u00cd\u00f1igo Bolinaga realiza un aut\u00e9ntico ejercicio de s\u00edntesis y de explicaci\u00f3n trasversal de la historia, no se limita a presentarnos desnudos hechos como la toma de la Bastilla o el golpe de estado del 18 de Brumario, tampoco se queda en una descripci\u00f3n de Robespierre, Napole\u00f3n, Luis XVI, Montaigne o Rousseau, sino que explicar\u00e1 los procesos que llevan a Francia a un descontento total con el absolutismo. Desde la crisis econ\u00f3mica que propici\u00f3 el descontento de la aristocracia, hasta el viejo sistema feudal que aceler\u00f3 la sublevaci\u00f3n de los desfavorecidos, pasando por la secularizaci\u00f3n social heredada de las ideas de la Ilustraci\u00f3n. Factores todos que incidir\u00e1n en la importante proclamaci\u00f3n de la Declaraci\u00f3n Universal de los Derechos del Hombre.Razones para comprar la obra:- La Revoluci\u00f3n francesa es un acontecimiento fundamental en la historia universal que modifica todas las relaciones sociales y catapulta la historia hasta nuestros d\u00edas.- Es una obra que no se centra s\u00f3lo en los hechos sino que explica tambi\u00e9n los pensamientos que precedieron, provocaron y se desarrollaron alrededor de la revoluci\u00f3n.- Es uno de los pocos textos en castellano que pueden considerarse de iniciaci\u00f3n a esta \u00e9poca de transici\u00f3n entre el absolutismo y los modernos estados naci\u00f3n.- El libro contiene multitud de im\u00e1genes y cuadros explicativos que ayudan a comprender todos los factores implicados en la revoluci\u00f3n.La Revoluci\u00f3n francesa no s\u00f3lo defini\u00f3 la identidad nacional de Francia sino que marc\u00f3 la l\u00ednea hist\u00f3rica por la que todas las naciones deb\u00edan pasar, es, sin duda, un acontecimiento imprescindible para entender la historia del hombre.<\/p>\n","protected":false},"excerpt":{"rendered":"<p>BOLINAGA IRUASEGUI, I\u00d1IGO<\/p>\n","protected":false},"featured_media":433306,"template":"","meta":{"_acf_changed":false,"om_disable_all_campaigns":false,"rs_blank_template":"","rs_page_bg_color":"","slide_template_v7":"","inline_featured_image":false,"_monsterinsights_skip_tracking":false,"_monsterinsights_sitenote_active":false,"_monsterinsights_sitenote_note":"","_monsterinsights_sitenote_category":0},"product_brand":[],"product_cat":[85,351],"product_tag":[],"class_list":{"0":"post-433305","1":"product","2":"type-product","3":"status-publish","4":"has-post-thumbnail","6":"product_cat-historia","7":"product_cat-historia-2_humanidades","9":"first","10":"instock","11":"taxable","12":"shipping-taxable","13":"purchasable","14":"product-type-simple"},"acf":{"autor":"BOLINAGA IRUASEGUI, I\u00d1IGO","codart":"849967551","libros-coleccion":"","ediciones":"2","encuadernacion":"R\u00fastica","fecha_de_publicacion":"15\/02\/2016","novedad":"0","paginas":"245","subtitulo":"","orden":"999","portada":"0","idioma":"spa","editorial":[{"ID":8262,"post_author":"3","post_date":"2022-09-30 09:21:34","post_date_gmt":"2022-09-30 07:21:34","post_content":"","post_title":"NOWTILUS, EDICIONES","post_excerpt":"","post_status":"publish","comment_status":"closed","ping_status":"closed","post_password":"","post_name":"nowtilus-ediciones","to_ping":"","pinged":"","post_modified":"2022-09-30 09:21:34","post_modified_gmt":"2022-09-30 07:21:34","post_content_filtered":"","post_parent":0,"guid":"http:\/\/dev.claret.cat\/editorial\/nowtilus-ediciones\/","menu_order":0,"post_type":"editorial","post_mime_type":"","comment_count":"0","filter":"raw"}],"autores-libros":[{"ID":423512,"post_author":"3","post_date":"2023-05-16 07:41:33","post_date_gmt":"2023-05-16 05:41:33","post_content":"","post_title":"\u00cd\u00d1IGO BOLINAGA IRUASEGUI","post_excerpt":"","post_status":"publish","comment_status":"closed","ping_status":"closed","post_password":"","post_name":"inigo-bolinaga-iruasegui","to_ping":"","pinged":"","post_modified":"2023-05-16 07:41:33","post_modified_gmt":"2023-05-16 05:41:33","post_content_filtered":"","post_parent":0,"guid":"https:\/\/www.claret.cat\/autor\/inigo-bolinaga-iruasegui\/","menu_order":0,"post_type":"autor","post_mime_type":"","comment_count":"0","filter":"raw"}],"booktrailer":"","resenas":""},"aioseo_notices":[],"_links":{"self":[{"href":"https:\/\/www.claret.cat\/es\/wp-json\/wp\/v2\/product\/433305","targetHints":{"allow":["GET"]}}],"collection":[{"href":"https:\/\/www.claret.cat\/es\/wp-json\/wp\/v2\/product"}],"about":[{"href":"https:\/\/www.claret.cat\/es\/wp-json\/wp\/v2\/types\/product"}],"wp:featuredmedia":[{"embeddable":true,"href":"https:\/\/www.claret.cat\/es\/wp-json\/wp\/v2\/media\/433306"}],"wp:attachment":[{"href":"https:\/\/www.claret.cat\/es\/wp-json\/wp\/v2\/media?parent=433305"}],"wp:term":[{"taxonomy":"product_brand","embeddable":true,"href":"https:\/\/www.claret.cat\/es\/wp-json\/wp\/v2\/product_brand?post=433305"},{"taxonomy":"product_cat","embeddable":true,"href":"https:\/\/www.claret.cat\/es\/wp-json\/wp\/v2\/product_cat?post=433305"},{"taxonomy":"product_tag","embeddable":true,"href":"https:\/\/www.claret.cat\/es\/wp-json\/wp\/v2\/product_tag?post=433305"}],"curies":[{"name":"wp","href":"https:\/\/api.w.org\/{rel}","templated":true}]}}