{"id":43785,"date":"2022-10-02T21:37:00","date_gmt":"2022-10-02T19:37:00","guid":{"rendered":"http:\/\/dev.claret.cat\/producte\/conviertete-en-superheroina\/"},"modified":"2023-10-06T11:01:27","modified_gmt":"2023-10-06T09:01:27","slug":"conviertete-en-superheroina-9788469665640","status":"publish","type":"product","link":"https:\/\/www.claret.cat\/es\/libro\/conviertete-en-superheroina-9788469665640\/","title":{"rendered":"CONVI\u00c9RTETE EN SUPERHERO\u00cdNA"},"content":{"rendered":"<p>\u00bfTienes un problema? \u00bfNecesitas una amiga? \u00a1No te preocupes, que aqu\u00ed viene Supermiau, la superhero\u00edna m\u00e1s simp\u00e1tica!En este libro tan divertido encontrar\u00e1s un fant\u00e1stico antifaz de fieltro para que practiques tus propios superpoderes.<\/p>\n","protected":false},"excerpt":{"rendered":"<p>LLOYD, ROSAMUND<\/p>\n","protected":false},"featured_media":59527,"template":"","meta":{"_acf_changed":false,"om_disable_all_campaigns":false,"rs_blank_template":"","rs_page_bg_color":"","slide_template_v7":"","inline_featured_image":false,"_monsterinsights_skip_tracking":false},"product_brand":[],"product_cat":[361],"product_tag":[],"class_list":["post-43785","product","type-product","status-publish","has-post-thumbnail","product_cat-cuentos-para-ninos-0-6-anos","first","instock","taxable","shipping-taxable","purchasable","product-type-simple"],"acf":{"autor":"LLOYD, ROSAMUND","codart":"846966564","libros-coleccion":"","ediciones":"1","encuadernacion":"Carton\u00e9","fecha_de_publicacion":"01\/02\/2022","novedad":"1","paginas":"12","subtitulo":"PONTE TU ANTIFAZ Y...","orden":"0","portada":"0","idioma":"spa","editorial":[{"ID":147936,"post_author":"3","post_date":"2022-10-14 11:54:22","post_date_gmt":"2022-10-14 09:54:22","post_content":"","post_title":"Editorial Bru\u00f1o","post_excerpt":"","post_status":"publish","comment_status":"closed","ping_status":"closed","post_password":"","post_name":"editorial-bruno","to_ping":"","pinged":"","post_modified":"2022-10-14 11:54:22","post_modified_gmt":"2022-10-14 09:54:22","post_content_filtered":"","post_parent":0,"guid":"http:\/\/dev.claret.cat\/editorial\/editorial-bruno\/","menu_order":0,"post_type":"editorial","post_mime_type":"","comment_count":"0","filter":"raw"}],"autores-libros":[{"ID":168547,"post_author":"3","post_date":"2022-10-14 22:19:59","post_date_gmt":"2022-10-14 20:19:59","post_content":"","post_title":"ROSAMUND LLOYD","post_excerpt":"","post_status":"publish","comment_status":"closed","ping_status":"closed","post_password":"","post_name":"rosamund-lloyd","to_ping":"","pinged":"","post_modified":"2022-10-14 22:19:59","post_modified_gmt":"2022-10-14 20:19:59","post_content_filtered":"","post_parent":0,"guid":"http:\/\/dev.claret.cat\/autor\/rosamund-lloyd\/","menu_order":0,"post_type":"autor","post_mime_type":"","comment_count":"0","filter":"raw"}]},"aioseo_notices":[],"aioseo_head":"\n\t\t<!-- All in One SEO Pro 5.0.1.1 - aioseo.com -->\n\t<meta name=\"description\" content=\"CONVI\u00c9RTETE EN SUPERHERO\u00cdNA de LLOYD, ROSAMUND disponible a\/en Llibreria Claret.\" \/>\n\t<meta name=\"robots\" content=\"max-image-preview:large\" \/>\n\t<meta name=\"google-site-verification\" content=\"xVtlFxJ-TfkIu-D-lt7XeLobefg5EIQiXTuqcSf8Rf0\" \/>\n\t<link rel=\"canonical\" href=\"https:\/\/www.claret.cat\/es\/libro\/conviertete-en-superheroina-9788469665640\/\" \/>\n\t<meta name=\"generator\" content=\"All in One SEO Pro (AIOSEO) 5.0.1.1\" \/>\n\t\t<meta property=\"og:locale\" content=\"es_ES\" \/>\n\t\t<meta property=\"og:site_name\" content=\"Llibreria Claret - Llibreria religiosa a Barcelona\" \/>\n\t\t<meta property=\"og:type\" content=\"article\" \/>\n\t\t<meta property=\"og:title\" content=\"CONVI\u00c9RTETE EN SUPERHERO\u00cdNA - LLOYD, ROSAMUND 9788469665640 | Llibreria Claret\" \/>\n\t\t<meta property=\"og:description\" content=\"CONVI\u00c9RTETE EN SUPERHERO\u00cdNA de LLOYD, ROSAMUND disponible a\/en Llibreria Claret.\" \/>\n\t\t<meta property=\"og:url\" content=\"https:\/\/www.claret.cat\/es\/libro\/conviertete-en-superheroina-9788469665640\/\" \/>\n\t\t<meta property=\"og:image\" content=\"https:\/\/dev.claret.cat\/wp-content\/uploads\/logo-claret.svg\" \/>\n\t\t<meta property=\"og:image:secure_url\" content=\"https:\/\/dev.claret.cat\/wp-content\/uploads\/logo-claret.svg\" \/>\n\t\t<meta property=\"article:published_time\" content=\"2022-10-02T19:37:00+00:00\" \/>\n\t\t<meta property=\"article:modified_time\" content=\"2023-10-06T09:01:27+00:00\" \/>\n\t\t<meta property=\"article:publisher\" content=\"https:\/\/www.facebook.com\/LlibreriaClaret\" \/>\n\t\t<meta name=\"twitter:card\" content=\"summary_large_image\" \/>\n\t\t<meta name=\"twitter:site\" content=\"@LlibreriaClaret\" \/>\n\t\t<meta name=\"twitter:title\" content=\"CONVI\u00c9RTETE EN SUPERHERO\u00cdNA - LLOYD, ROSAMUND 9788469665640 | Llibreria Claret\" \/>\n\t\t<meta name=\"twitter:description\" content=\"CONVI\u00c9RTETE EN SUPERHERO\u00cdNA de LLOYD, ROSAMUND disponible a\/en Llibreria Claret.\" \/>\n\t\t<meta name=\"twitter:image\" content=\"http:\/\/dev.claret.cat\/wp-content\/uploads\/logo-claret.svg\" \/>\n\t\t<script type=\"application\/ld+json\" class=\"aioseo-schema\">\n\t\t\t{\"@context\":\"https:\\\/\\\/schema.org\",\"@graph\":[{\"@type\":\"BreadcrumbList\",\"@id\":\"https:\\\/\\\/www.claret.cat\\\/es\\\/libro\\\/conviertete-en-superheroina-9788469665640\\\/#breadcrumblist\",\"itemListElement\":[{\"@type\":\"ListItem\",\"@id\":\"https:\\\/\\\/www.claret.cat\\\/es\\\/#listItem\",\"position\":1,\"name\":\"Home\",\"item\":\"https:\\\/\\\/www.claret.cat\\\/es\\\/\",\"nextItem\":{\"@type\":\"ListItem\",\"@id\":\"https:\\\/\\\/www.claret.cat\\\/?page_id=16#listItem\",\"name\":\"Botiga\"}},{\"@type\":\"ListItem\",\"@id\":\"https:\\\/\\\/www.claret.cat\\\/?page_id=16#listItem\",\"position\":2,\"name\":\"Botiga\",\"item\":\"https:\\\/\\\/www.claret.cat\\\/?page_id=16\",\"nextItem\":{\"@type\":\"ListItem\",\"@id\":\"https:\\\/\\\/www.claret.cat\\\/categoria-producto\\\/spa\\\/#listItem\",\"name\":\"SPA\"},\"previousItem\":{\"@type\":\"ListItem\",\"@id\":\"https:\\\/\\\/www.claret.cat\\\/es\\\/#listItem\",\"name\":\"Home\"}},{\"@type\":\"ListItem\",\"@id\":\"https:\\\/\\\/www.claret.cat\\\/categoria-producto\\\/spa\\\/#listItem\",\"position\":3,\"name\":\"SPA\",\"item\":\"https:\\\/\\\/www.claret.cat\\\/categoria-producto\\\/spa\\\/\",\"nextItem\":{\"@type\":\"ListItem\",\"@id\":\"https:\\\/\\\/www.claret.cat\\\/es\\\/categoria-producto\\\/spa\\\/3_infantil-juvenil-spa\\\/#listItem\",\"name\":\"Infantil\\\/Juvenil\"},\"previousItem\":{\"@type\":\"ListItem\",\"@id\":\"https:\\\/\\\/www.claret.cat\\\/?page_id=16#listItem\",\"name\":\"Botiga\"}},{\"@type\":\"ListItem\",\"@id\":\"https:\\\/\\\/www.claret.cat\\\/es\\\/categoria-producto\\\/spa\\\/3_infantil-juvenil-spa\\\/#listItem\",\"position\":4,\"name\":\"Infantil\\\/Juvenil\",\"item\":\"https:\\\/\\\/www.claret.cat\\\/es\\\/categoria-producto\\\/spa\\\/3_infantil-juvenil-spa\\\/\",\"nextItem\":{\"@type\":\"ListItem\",\"@id\":\"https:\\\/\\\/www.claret.cat\\\/es\\\/categoria-producto\\\/spa\\\/3_infantil-juvenil-spa\\\/infantil-3_infantil-juvenil-spa\\\/#listItem\",\"name\":\"Infantil\"},\"previousItem\":{\"@type\":\"ListItem\",\"@id\":\"https:\\\/\\\/www.claret.cat\\\/categoria-producto\\\/spa\\\/#listItem\",\"name\":\"SPA\"}},{\"@type\":\"ListItem\",\"@id\":\"https:\\\/\\\/www.claret.cat\\\/es\\\/categoria-producto\\\/spa\\\/3_infantil-juvenil-spa\\\/infantil-3_infantil-juvenil-spa\\\/#listItem\",\"position\":5,\"name\":\"Infantil\",\"item\":\"https:\\\/\\\/www.claret.cat\\\/es\\\/categoria-producto\\\/spa\\\/3_infantil-juvenil-spa\\\/infantil-3_infantil-juvenil-spa\\\/\",\"nextItem\":{\"@type\":\"ListItem\",\"@id\":\"https:\\\/\\\/www.claret.cat\\\/es\\\/categoria-producto\\\/spa\\\/3_infantil-juvenil-spa\\\/infantil-3_infantil-juvenil-spa\\\/cuentos-para-ninos-0-6-anos\\\/#listItem\",\"name\":\"Cuentos para ni\\u00f1os 0 - 6 a\\u00f1os\"},\"previousItem\":{\"@type\":\"ListItem\",\"@id\":\"https:\\\/\\\/www.claret.cat\\\/es\\\/categoria-producto\\\/spa\\\/3_infantil-juvenil-spa\\\/#listItem\",\"name\":\"Infantil\\\/Juvenil\"}},{\"@type\":\"ListItem\",\"@id\":\"https:\\\/\\\/www.claret.cat\\\/es\\\/categoria-producto\\\/spa\\\/3_infantil-juvenil-spa\\\/infantil-3_infantil-juvenil-spa\\\/cuentos-para-ninos-0-6-anos\\\/#listItem\",\"position\":6,\"name\":\"Cuentos para ni\\u00f1os 0 - 6 a\\u00f1os\",\"item\":\"https:\\\/\\\/www.claret.cat\\\/es\\\/categoria-producto\\\/spa\\\/3_infantil-juvenil-spa\\\/infantil-3_infantil-juvenil-spa\\\/cuentos-para-ninos-0-6-anos\\\/\",\"nextItem\":{\"@type\":\"ListItem\",\"@id\":\"https:\\\/\\\/www.claret.cat\\\/es\\\/libro\\\/conviertete-en-superheroina-9788469665640\\\/#listItem\",\"name\":\"CONVI\\u00c9RTETE EN SUPERHERO\\u00cdNA\"},\"previousItem\":{\"@type\":\"ListItem\",\"@id\":\"https:\\\/\\\/www.claret.cat\\\/es\\\/categoria-producto\\\/spa\\\/3_infantil-juvenil-spa\\\/infantil-3_infantil-juvenil-spa\\\/#listItem\",\"name\":\"Infantil\"}},{\"@type\":\"ListItem\",\"@id\":\"https:\\\/\\\/www.claret.cat\\\/es\\\/libro\\\/conviertete-en-superheroina-9788469665640\\\/#listItem\",\"position\":7,\"name\":\"CONVI\\u00c9RTETE EN SUPERHERO\\u00cdNA\",\"previousItem\":{\"@type\":\"ListItem\",\"@id\":\"https:\\\/\\\/www.claret.cat\\\/es\\\/categoria-producto\\\/spa\\\/3_infantil-juvenil-spa\\\/infantil-3_infantil-juvenil-spa\\\/cuentos-para-ninos-0-6-anos\\\/#listItem\",\"name\":\"Cuentos para ni\\u00f1os 0 - 6 a\\u00f1os\"}}]},{\"@type\":\"ItemPage\",\"@id\":\"https:\\\/\\\/www.claret.cat\\\/es\\\/libro\\\/conviertete-en-superheroina-9788469665640\\\/#itempage\",\"url\":\"https:\\\/\\\/www.claret.cat\\\/es\\\/libro\\\/conviertete-en-superheroina-9788469665640\\\/\",\"name\":\"CONVI\\u00c9RTETE EN SUPERHERO\\u00cdNA - LLOYD, ROSAMUND 9788469665640 | Llibreria Claret\",\"description\":\"CONVI\\u00c9RTETE EN SUPERHERO\\u00cdNA de LLOYD, ROSAMUND disponible a\\\/en Llibreria Claret.\",\"inLanguage\":\"es-ES\",\"isPartOf\":{\"@id\":\"https:\\\/\\\/www.claret.cat\\\/es\\\/#website\"},\"breadcrumb\":{\"@id\":\"https:\\\/\\\/www.claret.cat\\\/es\\\/libro\\\/conviertete-en-superheroina-9788469665640\\\/#breadcrumblist\"},\"image\":{\"@type\":\"ImageObject\",\"url\":\"https:\\\/\\\/www.claret.cat\\\/wp-content\\\/uploads\\\/.\\\/9788469665640.jpg\",\"@id\":\"https:\\\/\\\/www.claret.cat\\\/es\\\/libro\\\/conviertete-en-superheroina-9788469665640\\\/#mainImage\",\"width\":225,\"height\":225,\"caption\":\"9788469665640.jpg\"},\"primaryImageOfPage\":{\"@id\":\"https:\\\/\\\/www.claret.cat\\\/es\\\/libro\\\/conviertete-en-superheroina-9788469665640\\\/#mainImage\"},\"datePublished\":\"2022-10-02T21:37:00+02:00\",\"dateModified\":\"2023-10-06T11:01:27+02:00\"},{\"@type\":\"Organization\",\"@id\":\"https:\\\/\\\/www.claret.cat\\\/es\\\/#organization\",\"name\":\"Llibreria Claret\",\"description\":\"Llibreria religiosa a Barcelona\",\"url\":\"https:\\\/\\\/www.claret.cat\\\/es\\\/\",\"email\":\"comunicacio@claret.cat\",\"telephone\":\"+34933010887\",\"logo\":{\"@type\":\"ImageObject\",\"url\":\"https:\\\/\\\/www.claret.cat\\\/wp-content\\\/uploads\\\/.\\\/logo-claret-es.png\",\"@id\":\"https:\\\/\\\/www.claret.cat\\\/es\\\/libro\\\/conviertete-en-superheroina-9788469665640\\\/#organizationLogo\",\"width\":195,\"height\":79},\"image\":{\"@id\":\"https:\\\/\\\/www.claret.cat\\\/es\\\/libro\\\/conviertete-en-superheroina-9788469665640\\\/#organizationLogo\"},\"sameAs\":[\"https:\\\/\\\/www.facebook.com\\\/LlibreriaClaret\",\"https:\\\/\\\/twitter.com\\\/LlibreriaClaret\",\"https:\\\/\\\/www.instagram.com\\\/llibreriaclaret\\\/\",\"https:\\\/\\\/www.tiktok.com\\\/@llibreriaclaret\",\"https:\\\/\\\/www.youtube.com\\\/@llibreriaclaret\",\"https:\\\/\\\/ca.wikipedia.org\\\/wiki\\\/Editorial_Claret\"]},{\"@type\":\"WebPage\",\"@id\":\"https:\\\/\\\/www.claret.cat\\\/es\\\/libro\\\/conviertete-en-superheroina-9788469665640\\\/#webpage\",\"url\":\"https:\\\/\\\/www.claret.cat\\\/es\\\/libro\\\/conviertete-en-superheroina-9788469665640\\\/\",\"name\":\"CONVI\\u00c9RTETE EN SUPERHERO\\u00cdNA - LLOYD, ROSAMUND 9788469665640 | Llibreria Claret\",\"description\":\"CONVI\\u00c9RTETE EN SUPERHERO\\u00cdNA de LLOYD, ROSAMUND disponible a\\\/en Llibreria Claret.\",\"inLanguage\":\"es-ES\",\"isPartOf\":{\"@id\":\"https:\\\/\\\/www.claret.cat\\\/es\\\/#website\"},\"breadcrumb\":{\"@id\":\"https:\\\/\\\/www.claret.cat\\\/es\\\/libro\\\/conviertete-en-superheroina-9788469665640\\\/#breadcrumblist\"},\"image\":{\"@type\":\"ImageObject\",\"url\":\"https:\\\/\\\/www.claret.cat\\\/wp-content\\\/uploads\\\/.\\\/9788469665640.jpg\",\"@id\":\"https:\\\/\\\/www.claret.cat\\\/es\\\/libro\\\/conviertete-en-superheroina-9788469665640\\\/#mainImage\",\"width\":225,\"height\":225,\"caption\":\"9788469665640.jpg\"},\"primaryImageOfPage\":{\"@id\":\"https:\\\/\\\/www.claret.cat\\\/es\\\/libro\\\/conviertete-en-superheroina-9788469665640\\\/#mainImage\"},\"datePublished\":\"2022-10-02T21:37:00+02:00\",\"dateModified\":\"2023-10-06T11:01:27+02:00\"},{\"@type\":\"WebSite\",\"@id\":\"https:\\\/\\\/www.claret.cat\\\/es\\\/#website\",\"url\":\"https:\\\/\\\/www.claret.cat\\\/es\\\/\",\"name\":\"Llibreria Claret Barcelona\",\"alternateName\":\"Llibreria Claret\",\"description\":\"Llibreria religiosa a Barcelona\",\"inLanguage\":\"es-ES\",\"publisher\":{\"@id\":\"https:\\\/\\\/www.claret.cat\\\/es\\\/#organization\"}}]}\n\t\t<\/script>\n\t\t<!-- All in One SEO Pro -->\r\n\t\t<title>CONVI\u00c9RTETE EN SUPERHERO\u00cdNA - LLOYD, ROSAMUND 9788469665640 | Llibreria Claret<\/title>\n\n","aioseo_head_json":{"title":"CONVI\u00c9RTETE EN SUPERHERO\u00cdNA - LLOYD, ROSAMUND 9788469665640 | Llibreria Claret","description":"CONVI\u00c9RTETE EN SUPERHERO\u00cdNA de LLOYD, ROSAMUND disponible a\/en Llibreria Claret.","canonical_url":"https:\/\/www.claret.cat\/es\/libro\/conviertete-en-superheroina-9788469665640\/","robots":"max-image-preview:large","keywords":"","webmasterTools":{"google-site-verification":"xVtlFxJ-TfkIu-D-lt7XeLobefg5EIQiXTuqcSf8Rf0","miscellaneous":""},"schema":{"@context":"https:\/\/schema.org","@graph":[{"@type":"BreadcrumbList","@id":"https:\/\/www.claret.cat\/es\/libro\/conviertete-en-superheroina-9788469665640\/#breadcrumblist","itemListElement":[{"@type":"ListItem","@id":"https:\/\/www.claret.cat\/es\/#listItem","position":1,"name":"Home","item":"https:\/\/www.claret.cat\/es\/","nextItem":{"@type":"ListItem","@id":"https:\/\/www.claret.cat\/?page_id=16#listItem","name":"Botiga"}},{"@type":"ListItem","@id":"https:\/\/www.claret.cat\/?page_id=16#listItem","position":2,"name":"Botiga","item":"https:\/\/www.claret.cat\/?page_id=16","nextItem":{"@type":"ListItem","@id":"https:\/\/www.claret.cat\/categoria-producto\/spa\/#listItem","name":"SPA"},"previousItem":{"@type":"ListItem","@id":"https:\/\/www.claret.cat\/es\/#listItem","name":"Home"}},{"@type":"ListItem","@id":"https:\/\/www.claret.cat\/categoria-producto\/spa\/#listItem","position":3,"name":"SPA","item":"https:\/\/www.claret.cat\/categoria-producto\/spa\/","nextItem":{"@type":"ListItem","@id":"https:\/\/www.claret.cat\/es\/categoria-producto\/spa\/3_infantil-juvenil-spa\/#listItem","name":"Infantil\/Juvenil"},"previousItem":{"@type":"ListItem","@id":"https:\/\/www.claret.cat\/?page_id=16#listItem","name":"Botiga"}},{"@type":"ListItem","@id":"https:\/\/www.claret.cat\/es\/categoria-producto\/spa\/3_infantil-juvenil-spa\/#listItem","position":4,"name":"Infantil\/Juvenil","item":"https:\/\/www.claret.cat\/es\/categoria-producto\/spa\/3_infantil-juvenil-spa\/","nextItem":{"@type":"ListItem","@id":"https:\/\/www.claret.cat\/es\/categoria-producto\/spa\/3_infantil-juvenil-spa\/infantil-3_infantil-juvenil-spa\/#listItem","name":"Infantil"},"previousItem":{"@type":"ListItem","@id":"https:\/\/www.claret.cat\/categoria-producto\/spa\/#listItem","name":"SPA"}},{"@type":"ListItem","@id":"https:\/\/www.claret.cat\/es\/categoria-producto\/spa\/3_infantil-juvenil-spa\/infantil-3_infantil-juvenil-spa\/#listItem","position":5,"name":"Infantil","item":"https:\/\/www.claret.cat\/es\/categoria-producto\/spa\/3_infantil-juvenil-spa\/infantil-3_infantil-juvenil-spa\/","nextItem":{"@type":"ListItem","@id":"https:\/\/www.claret.cat\/es\/categoria-producto\/spa\/3_infantil-juvenil-spa\/infantil-3_infantil-juvenil-spa\/cuentos-para-ninos-0-6-anos\/#listItem","name":"Cuentos para ni\u00f1os 0 - 6 a\u00f1os"},"previousItem":{"@type":"ListItem","@id":"https:\/\/www.claret.cat\/es\/categoria-producto\/spa\/3_infantil-juvenil-spa\/#listItem","name":"Infantil\/Juvenil"}},{"@type":"ListItem","@id":"https:\/\/www.claret.cat\/es\/categoria-producto\/spa\/3_infantil-juvenil-spa\/infantil-3_infantil-juvenil-spa\/cuentos-para-ninos-0-6-anos\/#listItem","position":6,"name":"Cuentos para ni\u00f1os 0 - 6 a\u00f1os","item":"https:\/\/www.claret.cat\/es\/categoria-producto\/spa\/3_infantil-juvenil-spa\/infantil-3_infantil-juvenil-spa\/cuentos-para-ninos-0-6-anos\/","nextItem":{"@type":"ListItem","@id":"https:\/\/www.claret.cat\/es\/libro\/conviertete-en-superheroina-9788469665640\/#listItem","name":"CONVI\u00c9RTETE EN SUPERHERO\u00cdNA"},"previousItem":{"@type":"ListItem","@id":"https:\/\/www.claret.cat\/es\/categoria-producto\/spa\/3_infantil-juvenil-spa\/infantil-3_infantil-juvenil-spa\/#listItem","name":"Infantil"}},{"@type":"ListItem","@id":"https:\/\/www.claret.cat\/es\/libro\/conviertete-en-superheroina-9788469665640\/#listItem","position":7,"name":"CONVI\u00c9RTETE EN SUPERHERO\u00cdNA","previousItem":{"@type":"ListItem","@id":"https:\/\/www.claret.cat\/es\/categoria-producto\/spa\/3_infantil-juvenil-spa\/infantil-3_infantil-juvenil-spa\/cuentos-para-ninos-0-6-anos\/#listItem","name":"Cuentos para ni\u00f1os 0 - 6 a\u00f1os"}}]},{"@type":"ItemPage","@id":"https:\/\/www.claret.cat\/es\/libro\/conviertete-en-superheroina-9788469665640\/#itempage","url":"https:\/\/www.claret.cat\/es\/libro\/conviertete-en-superheroina-9788469665640\/","name":"CONVI\u00c9RTETE EN SUPERHERO\u00cdNA - LLOYD, ROSAMUND 9788469665640 | Llibreria Claret","description":"CONVI\u00c9RTETE EN SUPERHERO\u00cdNA de LLOYD, ROSAMUND disponible a\/en Llibreria Claret.","inLanguage":"es-ES","isPartOf":{"@id":"https:\/\/www.claret.cat\/es\/#website"},"breadcrumb":{"@id":"https:\/\/www.claret.cat\/es\/libro\/conviertete-en-superheroina-9788469665640\/#breadcrumblist"},"image":{"@type":"ImageObject","url":"https:\/\/www.claret.cat\/wp-content\/uploads\/.\/9788469665640.jpg","@id":"https:\/\/www.claret.cat\/es\/libro\/conviertete-en-superheroina-9788469665640\/#mainImage","width":225,"height":225,"caption":"9788469665640.jpg"},"primaryImageOfPage":{"@id":"https:\/\/www.claret.cat\/es\/libro\/conviertete-en-superheroina-9788469665640\/#mainImage"},"datePublished":"2022-10-02T21:37:00+02:00","dateModified":"2023-10-06T11:01:27+02:00"},{"@type":"Organization","@id":"https:\/\/www.claret.cat\/es\/#organization","name":"Llibreria Claret","description":"Llibreria religiosa a Barcelona","url":"https:\/\/www.claret.cat\/es\/","email":"comunicacio@claret.cat","telephone":"+34933010887","logo":{"@type":"ImageObject","url":"https:\/\/www.claret.cat\/wp-content\/uploads\/.\/logo-claret-es.png","@id":"https:\/\/www.claret.cat\/es\/libro\/conviertete-en-superheroina-9788469665640\/#organizationLogo","width":195,"height":79},"image":{"@id":"https:\/\/www.claret.cat\/es\/libro\/conviertete-en-superheroina-9788469665640\/#organizationLogo"},"sameAs":["https:\/\/www.facebook.com\/LlibreriaClaret","https:\/\/twitter.com\/LlibreriaClaret","https:\/\/www.instagram.com\/llibreriaclaret\/","https:\/\/www.tiktok.com\/@llibreriaclaret","https:\/\/www.youtube.com\/@llibreriaclaret","https:\/\/ca.wikipedia.org\/wiki\/Editorial_Claret"]},{"@type":"WebPage","@id":"https:\/\/www.claret.cat\/es\/libro\/conviertete-en-superheroina-9788469665640\/#webpage","url":"https:\/\/www.claret.cat\/es\/libro\/conviertete-en-superheroina-9788469665640\/","name":"CONVI\u00c9RTETE EN SUPERHERO\u00cdNA - LLOYD, ROSAMUND 9788469665640 | Llibreria Claret","description":"CONVI\u00c9RTETE EN SUPERHERO\u00cdNA de LLOYD, ROSAMUND disponible a\/en Llibreria Claret.","inLanguage":"es-ES","isPartOf":{"@id":"https:\/\/www.claret.cat\/es\/#website"},"breadcrumb":{"@id":"https:\/\/www.claret.cat\/es\/libro\/conviertete-en-superheroina-9788469665640\/#breadcrumblist"},"image":{"@type":"ImageObject","url":"https:\/\/www.claret.cat\/wp-content\/uploads\/.\/9788469665640.jpg","@id":"https:\/\/www.claret.cat\/es\/libro\/conviertete-en-superheroina-9788469665640\/#mainImage","width":225,"height":225,"caption":"9788469665640.jpg"},"primaryImageOfPage":{"@id":"https:\/\/www.claret.cat\/es\/libro\/conviertete-en-superheroina-9788469665640\/#mainImage"},"datePublished":"2022-10-02T21:37:00+02:00","dateModified":"2023-10-06T11:01:27+02:00"},{"@type":"WebSite","@id":"https:\/\/www.claret.cat\/es\/#website","url":"https:\/\/www.claret.cat\/es\/","name":"Llibreria Claret Barcelona","alternateName":"Llibreria Claret","description":"Llibreria religiosa a Barcelona","inLanguage":"es-ES","publisher":{"@id":"https:\/\/www.claret.cat\/es\/#organization"}}]},"og:locale":"es_ES","og:site_name":"Llibreria Claret - Llibreria religiosa a Barcelona","og:type":"article","og:title":"CONVI\u00c9RTETE EN SUPERHERO\u00cdNA - LLOYD, ROSAMUND 9788469665640 | Llibreria Claret","og:description":"CONVI\u00c9RTETE EN SUPERHERO\u00cdNA de LLOYD, ROSAMUND disponible a\/en Llibreria Claret.","og:url":"https:\/\/www.claret.cat\/es\/libro\/conviertete-en-superheroina-9788469665640\/","og:image":"https:\/\/dev.claret.cat\/wp-content\/uploads\/logo-claret.svg","og:image:secure_url":"https:\/\/dev.claret.cat\/wp-content\/uploads\/logo-claret.svg","article:published_time":"2022-10-02T19:37:00+00:00","article:modified_time":"2023-10-06T09:01:27+00:00","article:publisher":"https:\/\/www.facebook.com\/LlibreriaClaret","twitter:card":"summary_large_image","twitter:site":"@LlibreriaClaret","twitter:title":"CONVI\u00c9RTETE EN SUPERHERO\u00cdNA - LLOYD, ROSAMUND 9788469665640 | Llibreria Claret","twitter:description":"CONVI\u00c9RTETE EN SUPERHERO\u00cdNA de LLOYD, ROSAMUND disponible a\/en Llibreria Claret.","twitter:image":"http:\/\/dev.claret.cat\/wp-content\/uploads\/logo-claret.svg"},"aioseo_meta_data":{"post_id":"43785","title":null,"description":null,"keywords":null,"keyphrases":null,"primary_term":null,"canonical_url":null,"og_title":null,"og_description":null,"og_object_type":"default","og_image_type":"default","og_image_url":null,"og_image_width":null,"og_image_height":null,"og_image_custom_url":null,"og_image_custom_fields":null,"og_video":null,"og_custom_url":null,"og_article_section":null,"og_article_tags":null,"twitter_use_og":false,"twitter_card":"default","twitter_image_type":"default","twitter_image_url":null,"twitter_image_custom_url":null,"twitter_image_custom_fields":null,"twitter_title":null,"twitter_description":null,"schema":{"blockGraphs":[],"customGraphs":[],"default":{"data":{"Article":[],"Course":[],"Dataset":[],"FAQPage":[],"Movie":[],"Person":[],"Product":[],"ProductReview":[],"Car":[],"Recipe":[],"Service":[],"SoftwareApplication":[],"WebPage":[]},"graphName":"","isEnabled":true},"graphs":[]},"schema_type":"default","schema_type_options":null,"pillar_content":false,"robots_default":true,"robots_noindex":false,"robots_noarchive":false,"robots_nosnippet":false,"robots_nofollow":false,"robots_noimageindex":false,"robots_noodp":false,"robots_notranslate":false,"robots_max_snippet":null,"robots_max_videopreview":null,"robots_max_imagepreview":"large","priority":null,"frequency":null,"local_seo":null,"seo_analyzer_scan_date":"2025-11-13 14:24:19","breadcrumb_settings":null,"limit_modified_date":false,"open_ai":null,"ai":null,"created":"2022-12-18 17:15:20","updated":"2025-11-13 14:24:19","focus_keyword":null,"additional_keywords":null,"truseo_locale":null},"aioseo_breadcrumb":"<div class=\"aioseo-breadcrumbs\"><span class=\"aioseo-breadcrumb\">\n\t<a href=\"https:\/\/www.claret.cat\/es\/\" title=\"Home\">Home<\/a>\n<\/span><span class=\"aioseo-breadcrumb-separator\">&raquo;<\/span><span class=\"aioseo-breadcrumb\">\n\t<a href=\"https:\/\/www.claret.cat\/?page_id=16\" title=\"Botiga\">Botiga<\/a>\n<\/span><span class=\"aioseo-breadcrumb-separator\">&raquo;<\/span><span class=\"aioseo-breadcrumb\">\n\t<a href=\"https:\/\/www.claret.cat\/categoria-producto\/spa\/\" title=\"SPA\">SPA<\/a>\n<\/span><span class=\"aioseo-breadcrumb-separator\">&raquo;<\/span><span class=\"aioseo-breadcrumb\">\n\t<a href=\"https:\/\/www.claret.cat\/es\/categoria-producto\/spa\/3_infantil-juvenil-spa\/\" title=\"Infantil\/Juvenil\">Infantil\/Juvenil<\/a>\n<\/span><span class=\"aioseo-breadcrumb-separator\">&raquo;<\/span><span class=\"aioseo-breadcrumb\">\n\t<a href=\"https:\/\/www.claret.cat\/es\/categoria-producto\/spa\/3_infantil-juvenil-spa\/infantil-3_infantil-juvenil-spa\/\" title=\"Infantil\">Infantil<\/a>\n<\/span><span class=\"aioseo-breadcrumb-separator\">&raquo;<\/span><span class=\"aioseo-breadcrumb\">\n\t<a href=\"https:\/\/www.claret.cat\/es\/categoria-producto\/spa\/3_infantil-juvenil-spa\/infantil-3_infantil-juvenil-spa\/cuentos-para-ninos-0-6-anos\/\" title=\"Cuentos para ni\u00f1os 0 - 6 a\u00f1os\">Cuentos para ni\u00f1os 0 - 6 a\u00f1os<\/a>\n<\/span><span class=\"aioseo-breadcrumb-separator\">&raquo;<\/span><span class=\"aioseo-breadcrumb\">\n\tCONVI\u00c9RTETE EN SUPERHERO\u00cdNA\n<\/span><\/div>","aioseo_breadcrumb_json":[{"label":"Home","link":"https:\/\/www.claret.cat\/es\/"},{"label":"Botiga","link":"https:\/\/www.claret.cat\/?page_id=16"},{"label":"SPA","link":"https:\/\/www.claret.cat\/categoria-producto\/spa\/"},{"label":"Infantil\/Juvenil","link":"https:\/\/www.claret.cat\/es\/categoria-producto\/spa\/3_infantil-juvenil-spa\/"},{"label":"Infantil","link":"https:\/\/www.claret.cat\/es\/categoria-producto\/spa\/3_infantil-juvenil-spa\/infantil-3_infantil-juvenil-spa\/"},{"label":"Cuentos para ni\u00f1os 0 - 6 a\u00f1os","link":"https:\/\/www.claret.cat\/es\/categoria-producto\/spa\/3_infantil-juvenil-spa\/infantil-3_infantil-juvenil-spa\/cuentos-para-ninos-0-6-anos\/"},{"label":"CONVI\u00c9RTETE EN SUPERHERO\u00cdNA","link":"https:\/\/www.claret.cat\/es\/libro\/conviertete-en-superheroina-9788469665640\/"}],"_links":{"self":[{"href":"https:\/\/www.claret.cat\/es\/wp-json\/wp\/v2\/product\/43785","targetHints":{"allow":["GET"]}}],"collection":[{"href":"https:\/\/www.claret.cat\/es\/wp-json\/wp\/v2\/product"}],"about":[{"href":"https:\/\/www.claret.cat\/es\/wp-json\/wp\/v2\/types\/product"}],"wp:featuredmedia":[{"embeddable":true,"href":"https:\/\/www.claret.cat\/es\/wp-json\/wp\/v2\/media\/59527"}],"wp:attachment":[{"href":"https:\/\/www.claret.cat\/es\/wp-json\/wp\/v2\/media?parent=43785"}],"wp:term":[{"taxonomy":"product_brand","embeddable":true,"href":"https:\/\/www.claret.cat\/es\/wp-json\/wp\/v2\/product_brand?post=43785"},{"taxonomy":"product_cat","embeddable":true,"href":"https:\/\/www.claret.cat\/es\/wp-json\/wp\/v2\/product_cat?post=43785"},{"taxonomy":"product_tag","embeddable":true,"href":"https:\/\/www.claret.cat\/es\/wp-json\/wp\/v2\/product_tag?post=43785"}],"curies":[{"name":"wp","href":"https:\/\/api.w.org\/{rel}","templated":true}]}}