{"id":444286,"date":"2023-05-22T13:40:55","date_gmt":"2023-05-22T11:40:55","guid":{"rendered":"https:\/\/www.claret.cat\/llibre\/el-sacramento-del-bautismo-y-del-matrimonio-en-el-rito-romano-del-siglo-x-al-xvi-9788491655473\/"},"modified":"2024-05-23T02:41:46","modified_gmt":"2024-05-23T00:41:46","slug":"el-sacramento-del-bautismo-y-del-matrimonio-en-el-rito-romano-del-siglo-x-al-xvi-9788491655473","status":"publish","type":"product","link":"https:\/\/www.claret.cat\/es\/libro\/el-sacramento-del-bautismo-y-del-matrimonio-en-el-rito-romano-del-siglo-x-al-xvi-9788491655473\/","title":{"rendered":"EL SACRAMENTO DEL BAUTISMO Y DEL MATRIMONIO EN EL RITO ROMANO DEL SIGLO X AL XVI"},"content":{"rendered":"<p>En el presente trabajo exponemos la historia y las fuentes lit\u00fargicas de la celebraci\u00f3n del bautismo y del matrimonio, tomando en cuenta los cambios y adaptaciones significativas que han vivido ambos ritos. Por ejemplo, en el caso del bautismo, el proceso del catecumenado en Europa, excluyendo algunas realidades pastorales muy concretas, se redujo considerablemente a una pr\u00e1ctica inusual. Fue as\u00ed que el bautismo de los ni\u00f1os y sus diversas circunstancias vitales se convirtieron en algo m\u00e1s tradicional. Por otra parte, la celebraci\u00f3n del matrimonio, a partir del siglo xi en el que se estableci\u00f3 que fuera \u00aben la entrada de la Iglesia\u00bb, permiti\u00f3 que la misa por los esposos y las costumbres del lugar, otorgaran un sentido m\u00e1s espiritual y eucar\u00edstico a la celebraci\u00f3n sacramental.<\/p>\n","protected":false},"excerpt":{"rendered":"<p>FR\u00cdAS CALDER\u00d3N, DANIEL ALEJANDRO<\/p>\n","protected":false},"featured_media":451663,"template":"","meta":{"_acf_changed":false,"om_disable_all_campaigns":false,"rs_blank_template":"","rs_page_bg_color":"","slide_template_v7":"","inline_featured_image":false,"_monsterinsights_skip_tracking":false},"product_brand":[],"product_cat":[252,250,397,398],"product_tag":[],"class_list":["post-444286","product","type-product","status-publish","has-post-thumbnail","product_cat-altres-rituals","product_cat-matrimoni","product_cat-matrimonio","product_cat-otros-rituales","first","instock","taxable","shipping-taxable","purchasable","product-type-simple"],"acf":{"autor":"FR\u00cdAS CALDER\u00d3N, DANIEL ALEJANDRO","codart":"849165547","libros-coleccion":"Cuadernos PHASE","ediciones":"1","encuadernacion":"R\u00fastica","fecha_de_publicacion":"22\/05\/2023","novedad":"1","paginas":"175","subtitulo":"","orden":"0","portada":"0","idioma":"spa","editorial":[{"ID":6172,"post_author":"3","post_date":"2022-07-28 17:46:27","post_date_gmt":"2022-07-28 15:46:27","post_content":"","post_title":"CPL","post_excerpt":"","post_status":"publish","comment_status":"closed","ping_status":"closed","post_password":"","post_name":"cpl","to_ping":"","pinged":"","post_modified":"2022-07-28 17:46:27","post_modified_gmt":"2022-07-28 15:46:27","post_content_filtered":"","post_parent":0,"guid":"http:\/\/dev.claret.cat\/editorial\/cpl\/","menu_order":0,"post_type":"editorial","post_mime_type":"","comment_count":"0","filter":"raw"}],"autores-libros":[{"ID":444294,"post_author":"3","post_date":"2023-05-22 13:55:47","post_date_gmt":"2023-05-22 11:55:47","post_content":"","post_title":"DANIEL ALEJANDRO FR\u00cdAS CALDER\u00d3N","post_excerpt":"","post_status":"publish","comment_status":"closed","ping_status":"closed","post_password":"","post_name":"daniel-alejandro-frias-calderon","to_ping":"","pinged":"","post_modified":"2023-05-22 13:55:47","post_modified_gmt":"2023-05-22 11:55:47","post_content_filtered":"","post_parent":0,"guid":"https:\/\/www.claret.cat\/autor\/daniel-alejandro-frias-calderon\/","menu_order":0,"post_type":"autor","post_mime_type":"","comment_count":"0","filter":"raw"}]},"aioseo_notices":[],"aioseo_head":"\n\t\t<!-- All in One SEO Pro 5.0.1.1 - aioseo.com -->\n\t<meta name=\"description\" content=\"EL SACRAMENTO DEL BAUTISMO Y DEL MATRIMONIO EN EL RITO ROMANO DEL SIGLO X AL XVI de FR\u00cdAS CALDER\u00d3N, DANIEL ALEJANDRO disponible a\/en Llibreria Claret.\" \/>\n\t<meta name=\"robots\" content=\"max-image-preview:large\" \/>\n\t<meta name=\"google-site-verification\" content=\"xVtlFxJ-TfkIu-D-lt7XeLobefg5EIQiXTuqcSf8Rf0\" \/>\n\t<link rel=\"canonical\" href=\"https:\/\/www.claret.cat\/es\/libro\/el-sacramento-del-bautismo-y-del-matrimonio-en-el-rito-romano-del-siglo-x-al-xvi-9788491655473\/\" \/>\n\t<meta name=\"generator\" content=\"All in One SEO Pro (AIOSEO) 5.0.1.1\" \/>\n\t\t<meta property=\"og:locale\" content=\"es_ES\" \/>\n\t\t<meta property=\"og:site_name\" content=\"Llibreria Claret - Llibreria religiosa a Barcelona\" \/>\n\t\t<meta property=\"og:type\" content=\"article\" \/>\n\t\t<meta property=\"og:title\" content=\"EL SACRAMENTO DEL BAUTISMO Y DEL MATRIMONIO EN EL RITO ROMANO DEL SIGLO X AL XVI - FR\u00cdAS CALDER\u00d3N, DANIEL ALEJANDRO 9788491655473 | Llibreria Claret\" \/>\n\t\t<meta property=\"og:description\" content=\"EL SACRAMENTO DEL BAUTISMO Y DEL MATRIMONIO EN EL RITO ROMANO DEL SIGLO X AL XVI de FR\u00cdAS CALDER\u00d3N, DANIEL ALEJANDRO disponible a\/en Llibreria Claret.\" \/>\n\t\t<meta property=\"og:url\" content=\"https:\/\/www.claret.cat\/es\/libro\/el-sacramento-del-bautismo-y-del-matrimonio-en-el-rito-romano-del-siglo-x-al-xvi-9788491655473\/\" \/>\n\t\t<meta property=\"og:image\" content=\"https:\/\/dev.claret.cat\/wp-content\/uploads\/logo-claret.svg\" \/>\n\t\t<meta property=\"og:image:secure_url\" content=\"https:\/\/dev.claret.cat\/wp-content\/uploads\/logo-claret.svg\" \/>\n\t\t<meta property=\"article:published_time\" content=\"2023-05-22T11:40:55+00:00\" \/>\n\t\t<meta property=\"article:modified_time\" content=\"2024-05-23T00:41:46+00:00\" \/>\n\t\t<meta property=\"article:publisher\" content=\"https:\/\/www.facebook.com\/LlibreriaClaret\" \/>\n\t\t<meta name=\"twitter:card\" content=\"summary_large_image\" \/>\n\t\t<meta name=\"twitter:site\" content=\"@LlibreriaClaret\" \/>\n\t\t<meta name=\"twitter:title\" content=\"EL SACRAMENTO DEL BAUTISMO Y DEL MATRIMONIO EN EL RITO ROMANO DEL SIGLO X AL XVI - FR\u00cdAS CALDER\u00d3N, DANIEL ALEJANDRO 9788491655473 | Llibreria Claret\" \/>\n\t\t<meta name=\"twitter:description\" content=\"EL SACRAMENTO DEL BAUTISMO Y DEL MATRIMONIO EN EL RITO ROMANO DEL SIGLO X AL XVI de FR\u00cdAS CALDER\u00d3N, DANIEL ALEJANDRO disponible a\/en Llibreria Claret.\" \/>\n\t\t<meta name=\"twitter:image\" content=\"http:\/\/dev.claret.cat\/wp-content\/uploads\/logo-claret.svg\" \/>\n\t\t<script type=\"application\/ld+json\" class=\"aioseo-schema\">\n\t\t\t{\"@context\":\"https:\\\/\\\/schema.org\",\"@graph\":[{\"@type\":\"BreadcrumbList\",\"@id\":\"https:\\\/\\\/www.claret.cat\\\/es\\\/libro\\\/el-sacramento-del-bautismo-y-del-matrimonio-en-el-rito-romano-del-siglo-x-al-xvi-9788491655473\\\/#breadcrumblist\",\"itemListElement\":[{\"@type\":\"ListItem\",\"@id\":\"https:\\\/\\\/www.claret.cat\\\/es\\\/#listItem\",\"position\":1,\"name\":\"Home\",\"item\":\"https:\\\/\\\/www.claret.cat\\\/es\\\/\",\"nextItem\":{\"@type\":\"ListItem\",\"@id\":\"https:\\\/\\\/www.claret.cat\\\/?page_id=16#listItem\",\"name\":\"Botiga\"}},{\"@type\":\"ListItem\",\"@id\":\"https:\\\/\\\/www.claret.cat\\\/?page_id=16#listItem\",\"position\":2,\"name\":\"Botiga\",\"item\":\"https:\\\/\\\/www.claret.cat\\\/?page_id=16\",\"nextItem\":{\"@type\":\"ListItem\",\"@id\":\"https:\\\/\\\/www.claret.cat\\\/categoria-producto\\\/cat\\\/#listItem\",\"name\":\"CAT\"},\"previousItem\":{\"@type\":\"ListItem\",\"@id\":\"https:\\\/\\\/www.claret.cat\\\/es\\\/#listItem\",\"name\":\"Home\"}},{\"@type\":\"ListItem\",\"@id\":\"https:\\\/\\\/www.claret.cat\\\/categoria-producto\\\/cat\\\/#listItem\",\"position\":3,\"name\":\"CAT\",\"item\":\"https:\\\/\\\/www.claret.cat\\\/categoria-producto\\\/cat\\\/\",\"nextItem\":{\"@type\":\"ListItem\",\"@id\":\"https:\\\/\\\/www.claret.cat\\\/categoria-producto\\\/cat\\\/1_espiritualitat\\\/#listItem\",\"name\":\"Espiritualitat\"},\"previousItem\":{\"@type\":\"ListItem\",\"@id\":\"https:\\\/\\\/www.claret.cat\\\/?page_id=16#listItem\",\"name\":\"Botiga\"}},{\"@type\":\"ListItem\",\"@id\":\"https:\\\/\\\/www.claret.cat\\\/categoria-producto\\\/cat\\\/1_espiritualitat\\\/#listItem\",\"position\":4,\"name\":\"Espiritualitat\",\"item\":\"https:\\\/\\\/www.claret.cat\\\/categoria-producto\\\/cat\\\/1_espiritualitat\\\/\",\"nextItem\":{\"@type\":\"ListItem\",\"@id\":\"https:\\\/\\\/www.claret.cat\\\/categoria-producto\\\/cat\\\/1_espiritualitat\\\/liturgia\\\/#listItem\",\"name\":\"Lit\\u00fargia\"},\"previousItem\":{\"@type\":\"ListItem\",\"@id\":\"https:\\\/\\\/www.claret.cat\\\/categoria-producto\\\/cat\\\/#listItem\",\"name\":\"CAT\"}},{\"@type\":\"ListItem\",\"@id\":\"https:\\\/\\\/www.claret.cat\\\/categoria-producto\\\/cat\\\/1_espiritualitat\\\/liturgia\\\/#listItem\",\"position\":5,\"name\":\"Lit\\u00fargia\",\"item\":\"https:\\\/\\\/www.claret.cat\\\/categoria-producto\\\/cat\\\/1_espiritualitat\\\/liturgia\\\/\",\"nextItem\":{\"@type\":\"ListItem\",\"@id\":\"https:\\\/\\\/www.claret.cat\\\/categoria-producto\\\/cat\\\/1_espiritualitat\\\/liturgia\\\/matrimoni\\\/#listItem\",\"name\":\"Matrimoni\"},\"previousItem\":{\"@type\":\"ListItem\",\"@id\":\"https:\\\/\\\/www.claret.cat\\\/categoria-producto\\\/cat\\\/1_espiritualitat\\\/#listItem\",\"name\":\"Espiritualitat\"}},{\"@type\":\"ListItem\",\"@id\":\"https:\\\/\\\/www.claret.cat\\\/categoria-producto\\\/cat\\\/1_espiritualitat\\\/liturgia\\\/matrimoni\\\/#listItem\",\"position\":6,\"name\":\"Matrimoni\",\"item\":\"https:\\\/\\\/www.claret.cat\\\/categoria-producto\\\/cat\\\/1_espiritualitat\\\/liturgia\\\/matrimoni\\\/\",\"nextItem\":{\"@type\":\"ListItem\",\"@id\":\"https:\\\/\\\/www.claret.cat\\\/es\\\/libro\\\/el-sacramento-del-bautismo-y-del-matrimonio-en-el-rito-romano-del-siglo-x-al-xvi-9788491655473\\\/#listItem\",\"name\":\"EL SACRAMENTO DEL BAUTISMO Y DEL MATRIMONIO EN EL RITO ROMANO DEL SIGLO X AL XVI\"},\"previousItem\":{\"@type\":\"ListItem\",\"@id\":\"https:\\\/\\\/www.claret.cat\\\/categoria-producto\\\/cat\\\/1_espiritualitat\\\/liturgia\\\/#listItem\",\"name\":\"Lit\\u00fargia\"}},{\"@type\":\"ListItem\",\"@id\":\"https:\\\/\\\/www.claret.cat\\\/es\\\/libro\\\/el-sacramento-del-bautismo-y-del-matrimonio-en-el-rito-romano-del-siglo-x-al-xvi-9788491655473\\\/#listItem\",\"position\":7,\"name\":\"EL SACRAMENTO DEL BAUTISMO Y DEL MATRIMONIO EN EL RITO ROMANO DEL SIGLO X AL XVI\",\"previousItem\":{\"@type\":\"ListItem\",\"@id\":\"https:\\\/\\\/www.claret.cat\\\/categoria-producto\\\/cat\\\/1_espiritualitat\\\/liturgia\\\/matrimoni\\\/#listItem\",\"name\":\"Matrimoni\"}}]},{\"@type\":\"ItemPage\",\"@id\":\"https:\\\/\\\/www.claret.cat\\\/es\\\/libro\\\/el-sacramento-del-bautismo-y-del-matrimonio-en-el-rito-romano-del-siglo-x-al-xvi-9788491655473\\\/#itempage\",\"url\":\"https:\\\/\\\/www.claret.cat\\\/es\\\/libro\\\/el-sacramento-del-bautismo-y-del-matrimonio-en-el-rito-romano-del-siglo-x-al-xvi-9788491655473\\\/\",\"name\":\"EL SACRAMENTO DEL BAUTISMO Y DEL MATRIMONIO EN EL RITO ROMANO DEL SIGLO X AL XVI - FR\\u00cdAS CALDER\\u00d3N, DANIEL ALEJANDRO 9788491655473 | Llibreria Claret\",\"description\":\"EL SACRAMENTO DEL BAUTISMO Y DEL MATRIMONIO EN EL RITO ROMANO DEL SIGLO X AL XVI de FR\\u00cdAS CALDER\\u00d3N, DANIEL ALEJANDRO disponible a\\\/en Llibreria Claret.\",\"inLanguage\":\"es-ES\",\"isPartOf\":{\"@id\":\"https:\\\/\\\/www.claret.cat\\\/es\\\/#website\"},\"breadcrumb\":{\"@id\":\"https:\\\/\\\/www.claret.cat\\\/es\\\/libro\\\/el-sacramento-del-bautismo-y-del-matrimonio-en-el-rito-romano-del-siglo-x-al-xvi-9788491655473\\\/#breadcrumblist\"},\"image\":{\"@type\":\"ImageObject\",\"url\":\"https:\\\/\\\/www.claret.cat\\\/wp-content\\\/uploads\\\/.\\\/9788491655473-2.jpg\",\"@id\":\"https:\\\/\\\/www.claret.cat\\\/es\\\/libro\\\/el-sacramento-del-bautismo-y-del-matrimonio-en-el-rito-romano-del-siglo-x-al-xvi-9788491655473\\\/#mainImage\",\"width\":1003,\"height\":1536,\"caption\":\"9788491655473.jpg\"},\"primaryImageOfPage\":{\"@id\":\"https:\\\/\\\/www.claret.cat\\\/es\\\/libro\\\/el-sacramento-del-bautismo-y-del-matrimonio-en-el-rito-romano-del-siglo-x-al-xvi-9788491655473\\\/#mainImage\"},\"datePublished\":\"2023-05-22T13:40:55+02:00\",\"dateModified\":\"2024-05-23T02:41:46+02:00\"},{\"@type\":\"Organization\",\"@id\":\"https:\\\/\\\/www.claret.cat\\\/es\\\/#organization\",\"name\":\"Llibreria Claret\",\"description\":\"Llibreria religiosa a Barcelona\",\"url\":\"https:\\\/\\\/www.claret.cat\\\/es\\\/\",\"email\":\"comunicacio@claret.cat\",\"telephone\":\"+34933010887\",\"logo\":{\"@type\":\"ImageObject\",\"url\":\"https:\\\/\\\/www.claret.cat\\\/wp-content\\\/uploads\\\/.\\\/logo-claret-es.png\",\"@id\":\"https:\\\/\\\/www.claret.cat\\\/es\\\/libro\\\/el-sacramento-del-bautismo-y-del-matrimonio-en-el-rito-romano-del-siglo-x-al-xvi-9788491655473\\\/#organizationLogo\",\"width\":195,\"height\":79},\"image\":{\"@id\":\"https:\\\/\\\/www.claret.cat\\\/es\\\/libro\\\/el-sacramento-del-bautismo-y-del-matrimonio-en-el-rito-romano-del-siglo-x-al-xvi-9788491655473\\\/#organizationLogo\"},\"sameAs\":[\"https:\\\/\\\/www.facebook.com\\\/LlibreriaClaret\",\"https:\\\/\\\/twitter.com\\\/LlibreriaClaret\",\"https:\\\/\\\/www.instagram.com\\\/llibreriaclaret\\\/\",\"https:\\\/\\\/www.tiktok.com\\\/@llibreriaclaret\",\"https:\\\/\\\/www.youtube.com\\\/@llibreriaclaret\",\"https:\\\/\\\/ca.wikipedia.org\\\/wiki\\\/Editorial_Claret\"]},{\"@type\":\"WebPage\",\"@id\":\"https:\\\/\\\/www.claret.cat\\\/es\\\/libro\\\/el-sacramento-del-bautismo-y-del-matrimonio-en-el-rito-romano-del-siglo-x-al-xvi-9788491655473\\\/#webpage\",\"url\":\"https:\\\/\\\/www.claret.cat\\\/es\\\/libro\\\/el-sacramento-del-bautismo-y-del-matrimonio-en-el-rito-romano-del-siglo-x-al-xvi-9788491655473\\\/\",\"name\":\"EL SACRAMENTO DEL BAUTISMO Y DEL MATRIMONIO EN EL RITO ROMANO DEL SIGLO X AL XVI - FR\\u00cdAS CALDER\\u00d3N, DANIEL ALEJANDRO 9788491655473 | Llibreria Claret\",\"description\":\"EL SACRAMENTO DEL BAUTISMO Y DEL MATRIMONIO EN EL RITO ROMANO DEL SIGLO X AL XVI de FR\\u00cdAS CALDER\\u00d3N, DANIEL ALEJANDRO disponible a\\\/en Llibreria Claret.\",\"inLanguage\":\"es-ES\",\"isPartOf\":{\"@id\":\"https:\\\/\\\/www.claret.cat\\\/es\\\/#website\"},\"breadcrumb\":{\"@id\":\"https:\\\/\\\/www.claret.cat\\\/es\\\/libro\\\/el-sacramento-del-bautismo-y-del-matrimonio-en-el-rito-romano-del-siglo-x-al-xvi-9788491655473\\\/#breadcrumblist\"},\"image\":{\"@type\":\"ImageObject\",\"url\":\"https:\\\/\\\/www.claret.cat\\\/wp-content\\\/uploads\\\/.\\\/9788491655473-2.jpg\",\"@id\":\"https:\\\/\\\/www.claret.cat\\\/es\\\/libro\\\/el-sacramento-del-bautismo-y-del-matrimonio-en-el-rito-romano-del-siglo-x-al-xvi-9788491655473\\\/#mainImage\",\"width\":1003,\"height\":1536,\"caption\":\"9788491655473.jpg\"},\"primaryImageOfPage\":{\"@id\":\"https:\\\/\\\/www.claret.cat\\\/es\\\/libro\\\/el-sacramento-del-bautismo-y-del-matrimonio-en-el-rito-romano-del-siglo-x-al-xvi-9788491655473\\\/#mainImage\"},\"datePublished\":\"2023-05-22T13:40:55+02:00\",\"dateModified\":\"2024-05-23T02:41:46+02:00\"},{\"@type\":\"WebSite\",\"@id\":\"https:\\\/\\\/www.claret.cat\\\/es\\\/#website\",\"url\":\"https:\\\/\\\/www.claret.cat\\\/es\\\/\",\"name\":\"Llibreria Claret Barcelona\",\"alternateName\":\"Llibreria Claret\",\"description\":\"Llibreria religiosa a Barcelona\",\"inLanguage\":\"es-ES\",\"publisher\":{\"@id\":\"https:\\\/\\\/www.claret.cat\\\/es\\\/#organization\"}}]}\n\t\t<\/script>\n\t\t<!-- All in One SEO Pro -->\r\n\t\t<title>EL SACRAMENTO DEL BAUTISMO Y DEL MATRIMONIO EN EL RITO ROMANO DEL SIGLO X AL XVI - FR\u00cdAS CALDER\u00d3N, DANIEL ALEJANDRO 9788491655473 | Llibreria Claret<\/title>\n\n","aioseo_head_json":{"title":"EL SACRAMENTO DEL BAUTISMO Y DEL MATRIMONIO EN EL RITO ROMANO DEL SIGLO X AL XVI - FR\u00cdAS CALDER\u00d3N, DANIEL ALEJANDRO 9788491655473 | Llibreria Claret","description":"EL SACRAMENTO DEL BAUTISMO Y DEL MATRIMONIO EN EL RITO ROMANO DEL SIGLO X AL XVI de FR\u00cdAS CALDER\u00d3N, DANIEL ALEJANDRO disponible a\/en Llibreria Claret.","canonical_url":"https:\/\/www.claret.cat\/es\/libro\/el-sacramento-del-bautismo-y-del-matrimonio-en-el-rito-romano-del-siglo-x-al-xvi-9788491655473\/","robots":"max-image-preview:large","keywords":"","webmasterTools":{"google-site-verification":"xVtlFxJ-TfkIu-D-lt7XeLobefg5EIQiXTuqcSf8Rf0","miscellaneous":""},"schema":{"@context":"https:\/\/schema.org","@graph":[{"@type":"BreadcrumbList","@id":"https:\/\/www.claret.cat\/es\/libro\/el-sacramento-del-bautismo-y-del-matrimonio-en-el-rito-romano-del-siglo-x-al-xvi-9788491655473\/#breadcrumblist","itemListElement":[{"@type":"ListItem","@id":"https:\/\/www.claret.cat\/es\/#listItem","position":1,"name":"Home","item":"https:\/\/www.claret.cat\/es\/","nextItem":{"@type":"ListItem","@id":"https:\/\/www.claret.cat\/?page_id=16#listItem","name":"Botiga"}},{"@type":"ListItem","@id":"https:\/\/www.claret.cat\/?page_id=16#listItem","position":2,"name":"Botiga","item":"https:\/\/www.claret.cat\/?page_id=16","nextItem":{"@type":"ListItem","@id":"https:\/\/www.claret.cat\/categoria-producto\/cat\/#listItem","name":"CAT"},"previousItem":{"@type":"ListItem","@id":"https:\/\/www.claret.cat\/es\/#listItem","name":"Home"}},{"@type":"ListItem","@id":"https:\/\/www.claret.cat\/categoria-producto\/cat\/#listItem","position":3,"name":"CAT","item":"https:\/\/www.claret.cat\/categoria-producto\/cat\/","nextItem":{"@type":"ListItem","@id":"https:\/\/www.claret.cat\/categoria-producto\/cat\/1_espiritualitat\/#listItem","name":"Espiritualitat"},"previousItem":{"@type":"ListItem","@id":"https:\/\/www.claret.cat\/?page_id=16#listItem","name":"Botiga"}},{"@type":"ListItem","@id":"https:\/\/www.claret.cat\/categoria-producto\/cat\/1_espiritualitat\/#listItem","position":4,"name":"Espiritualitat","item":"https:\/\/www.claret.cat\/categoria-producto\/cat\/1_espiritualitat\/","nextItem":{"@type":"ListItem","@id":"https:\/\/www.claret.cat\/categoria-producto\/cat\/1_espiritualitat\/liturgia\/#listItem","name":"Lit\u00fargia"},"previousItem":{"@type":"ListItem","@id":"https:\/\/www.claret.cat\/categoria-producto\/cat\/#listItem","name":"CAT"}},{"@type":"ListItem","@id":"https:\/\/www.claret.cat\/categoria-producto\/cat\/1_espiritualitat\/liturgia\/#listItem","position":5,"name":"Lit\u00fargia","item":"https:\/\/www.claret.cat\/categoria-producto\/cat\/1_espiritualitat\/liturgia\/","nextItem":{"@type":"ListItem","@id":"https:\/\/www.claret.cat\/categoria-producto\/cat\/1_espiritualitat\/liturgia\/matrimoni\/#listItem","name":"Matrimoni"},"previousItem":{"@type":"ListItem","@id":"https:\/\/www.claret.cat\/categoria-producto\/cat\/1_espiritualitat\/#listItem","name":"Espiritualitat"}},{"@type":"ListItem","@id":"https:\/\/www.claret.cat\/categoria-producto\/cat\/1_espiritualitat\/liturgia\/matrimoni\/#listItem","position":6,"name":"Matrimoni","item":"https:\/\/www.claret.cat\/categoria-producto\/cat\/1_espiritualitat\/liturgia\/matrimoni\/","nextItem":{"@type":"ListItem","@id":"https:\/\/www.claret.cat\/es\/libro\/el-sacramento-del-bautismo-y-del-matrimonio-en-el-rito-romano-del-siglo-x-al-xvi-9788491655473\/#listItem","name":"EL SACRAMENTO DEL BAUTISMO Y DEL MATRIMONIO EN EL RITO ROMANO DEL SIGLO X AL XVI"},"previousItem":{"@type":"ListItem","@id":"https:\/\/www.claret.cat\/categoria-producto\/cat\/1_espiritualitat\/liturgia\/#listItem","name":"Lit\u00fargia"}},{"@type":"ListItem","@id":"https:\/\/www.claret.cat\/es\/libro\/el-sacramento-del-bautismo-y-del-matrimonio-en-el-rito-romano-del-siglo-x-al-xvi-9788491655473\/#listItem","position":7,"name":"EL SACRAMENTO DEL BAUTISMO Y DEL MATRIMONIO EN EL RITO ROMANO DEL SIGLO X AL XVI","previousItem":{"@type":"ListItem","@id":"https:\/\/www.claret.cat\/categoria-producto\/cat\/1_espiritualitat\/liturgia\/matrimoni\/#listItem","name":"Matrimoni"}}]},{"@type":"ItemPage","@id":"https:\/\/www.claret.cat\/es\/libro\/el-sacramento-del-bautismo-y-del-matrimonio-en-el-rito-romano-del-siglo-x-al-xvi-9788491655473\/#itempage","url":"https:\/\/www.claret.cat\/es\/libro\/el-sacramento-del-bautismo-y-del-matrimonio-en-el-rito-romano-del-siglo-x-al-xvi-9788491655473\/","name":"EL SACRAMENTO DEL BAUTISMO Y DEL MATRIMONIO EN EL RITO ROMANO DEL SIGLO X AL XVI - FR\u00cdAS CALDER\u00d3N, DANIEL ALEJANDRO 9788491655473 | Llibreria Claret","description":"EL SACRAMENTO DEL BAUTISMO Y DEL MATRIMONIO EN EL RITO ROMANO DEL SIGLO X AL XVI de FR\u00cdAS CALDER\u00d3N, DANIEL ALEJANDRO disponible a\/en Llibreria Claret.","inLanguage":"es-ES","isPartOf":{"@id":"https:\/\/www.claret.cat\/es\/#website"},"breadcrumb":{"@id":"https:\/\/www.claret.cat\/es\/libro\/el-sacramento-del-bautismo-y-del-matrimonio-en-el-rito-romano-del-siglo-x-al-xvi-9788491655473\/#breadcrumblist"},"image":{"@type":"ImageObject","url":"https:\/\/www.claret.cat\/wp-content\/uploads\/.\/9788491655473-2.jpg","@id":"https:\/\/www.claret.cat\/es\/libro\/el-sacramento-del-bautismo-y-del-matrimonio-en-el-rito-romano-del-siglo-x-al-xvi-9788491655473\/#mainImage","width":1003,"height":1536,"caption":"9788491655473.jpg"},"primaryImageOfPage":{"@id":"https:\/\/www.claret.cat\/es\/libro\/el-sacramento-del-bautismo-y-del-matrimonio-en-el-rito-romano-del-siglo-x-al-xvi-9788491655473\/#mainImage"},"datePublished":"2023-05-22T13:40:55+02:00","dateModified":"2024-05-23T02:41:46+02:00"},{"@type":"Organization","@id":"https:\/\/www.claret.cat\/es\/#organization","name":"Llibreria Claret","description":"Llibreria religiosa a Barcelona","url":"https:\/\/www.claret.cat\/es\/","email":"comunicacio@claret.cat","telephone":"+34933010887","logo":{"@type":"ImageObject","url":"https:\/\/www.claret.cat\/wp-content\/uploads\/.\/logo-claret-es.png","@id":"https:\/\/www.claret.cat\/es\/libro\/el-sacramento-del-bautismo-y-del-matrimonio-en-el-rito-romano-del-siglo-x-al-xvi-9788491655473\/#organizationLogo","width":195,"height":79},"image":{"@id":"https:\/\/www.claret.cat\/es\/libro\/el-sacramento-del-bautismo-y-del-matrimonio-en-el-rito-romano-del-siglo-x-al-xvi-9788491655473\/#organizationLogo"},"sameAs":["https:\/\/www.facebook.com\/LlibreriaClaret","https:\/\/twitter.com\/LlibreriaClaret","https:\/\/www.instagram.com\/llibreriaclaret\/","https:\/\/www.tiktok.com\/@llibreriaclaret","https:\/\/www.youtube.com\/@llibreriaclaret","https:\/\/ca.wikipedia.org\/wiki\/Editorial_Claret"]},{"@type":"WebPage","@id":"https:\/\/www.claret.cat\/es\/libro\/el-sacramento-del-bautismo-y-del-matrimonio-en-el-rito-romano-del-siglo-x-al-xvi-9788491655473\/#webpage","url":"https:\/\/www.claret.cat\/es\/libro\/el-sacramento-del-bautismo-y-del-matrimonio-en-el-rito-romano-del-siglo-x-al-xvi-9788491655473\/","name":"EL SACRAMENTO DEL BAUTISMO Y DEL MATRIMONIO EN EL RITO ROMANO DEL SIGLO X AL XVI - FR\u00cdAS CALDER\u00d3N, DANIEL ALEJANDRO 9788491655473 | Llibreria Claret","description":"EL SACRAMENTO DEL BAUTISMO Y DEL MATRIMONIO EN EL RITO ROMANO DEL SIGLO X AL XVI de FR\u00cdAS CALDER\u00d3N, DANIEL ALEJANDRO disponible a\/en Llibreria Claret.","inLanguage":"es-ES","isPartOf":{"@id":"https:\/\/www.claret.cat\/es\/#website"},"breadcrumb":{"@id":"https:\/\/www.claret.cat\/es\/libro\/el-sacramento-del-bautismo-y-del-matrimonio-en-el-rito-romano-del-siglo-x-al-xvi-9788491655473\/#breadcrumblist"},"image":{"@type":"ImageObject","url":"https:\/\/www.claret.cat\/wp-content\/uploads\/.\/9788491655473-2.jpg","@id":"https:\/\/www.claret.cat\/es\/libro\/el-sacramento-del-bautismo-y-del-matrimonio-en-el-rito-romano-del-siglo-x-al-xvi-9788491655473\/#mainImage","width":1003,"height":1536,"caption":"9788491655473.jpg"},"primaryImageOfPage":{"@id":"https:\/\/www.claret.cat\/es\/libro\/el-sacramento-del-bautismo-y-del-matrimonio-en-el-rito-romano-del-siglo-x-al-xvi-9788491655473\/#mainImage"},"datePublished":"2023-05-22T13:40:55+02:00","dateModified":"2024-05-23T02:41:46+02:00"},{"@type":"WebSite","@id":"https:\/\/www.claret.cat\/es\/#website","url":"https:\/\/www.claret.cat\/es\/","name":"Llibreria Claret Barcelona","alternateName":"Llibreria Claret","description":"Llibreria religiosa a Barcelona","inLanguage":"es-ES","publisher":{"@id":"https:\/\/www.claret.cat\/es\/#organization"}}]},"og:locale":"es_ES","og:site_name":"Llibreria Claret - Llibreria religiosa a Barcelona","og:type":"article","og:title":"EL SACRAMENTO DEL BAUTISMO Y DEL MATRIMONIO EN EL RITO ROMANO DEL SIGLO X AL XVI - FR\u00cdAS CALDER\u00d3N, DANIEL ALEJANDRO 9788491655473 | Llibreria Claret","og:description":"EL SACRAMENTO DEL BAUTISMO Y DEL MATRIMONIO EN EL RITO ROMANO DEL SIGLO X AL XVI de FR\u00cdAS CALDER\u00d3N, DANIEL ALEJANDRO disponible a\/en Llibreria Claret.","og:url":"https:\/\/www.claret.cat\/es\/libro\/el-sacramento-del-bautismo-y-del-matrimonio-en-el-rito-romano-del-siglo-x-al-xvi-9788491655473\/","og:image":"https:\/\/dev.claret.cat\/wp-content\/uploads\/logo-claret.svg","og:image:secure_url":"https:\/\/dev.claret.cat\/wp-content\/uploads\/logo-claret.svg","article:published_time":"2023-05-22T11:40:55+00:00","article:modified_time":"2024-05-23T00:41:46+00:00","article:publisher":"https:\/\/www.facebook.com\/LlibreriaClaret","twitter:card":"summary_large_image","twitter:site":"@LlibreriaClaret","twitter:title":"EL SACRAMENTO DEL BAUTISMO Y DEL MATRIMONIO EN EL RITO ROMANO DEL SIGLO X AL XVI - FR\u00cdAS CALDER\u00d3N, DANIEL ALEJANDRO 9788491655473 | Llibreria Claret","twitter:description":"EL SACRAMENTO DEL BAUTISMO Y DEL MATRIMONIO EN EL RITO ROMANO DEL SIGLO X AL XVI de FR\u00cdAS CALDER\u00d3N, DANIEL ALEJANDRO disponible a\/en Llibreria Claret.","twitter:image":"http:\/\/dev.claret.cat\/wp-content\/uploads\/logo-claret.svg"},"aioseo_meta_data":{"post_id":"444286","title":null,"description":null,"keywords":null,"keyphrases":null,"primary_term":null,"canonical_url":null,"og_title":null,"og_description":null,"og_object_type":"default","og_image_type":"default","og_image_url":null,"og_image_width":null,"og_image_height":null,"og_image_custom_url":null,"og_image_custom_fields":null,"og_video":null,"og_custom_url":null,"og_article_section":null,"og_article_tags":null,"twitter_use_og":false,"twitter_card":"default","twitter_image_type":"default","twitter_image_url":null,"twitter_image_custom_url":null,"twitter_image_custom_fields":null,"twitter_title":null,"twitter_description":null,"schema":{"blockGraphs":[],"customGraphs":[],"default":{"data":{"Article":[],"Course":[],"Dataset":[],"FAQPage":[],"Movie":[],"Person":[],"Product":[],"ProductReview":[],"Car":[],"Recipe":[],"Service":[],"SoftwareApplication":[],"WebPage":[]},"graphName":"","isEnabled":true},"graphs":[]},"schema_type":"default","schema_type_options":null,"pillar_content":false,"robots_default":true,"robots_noindex":false,"robots_noarchive":false,"robots_nosnippet":false,"robots_nofollow":false,"robots_noimageindex":false,"robots_noodp":false,"robots_notranslate":false,"robots_max_snippet":null,"robots_max_videopreview":null,"robots_max_imagepreview":"large","priority":null,"frequency":null,"local_seo":null,"seo_analyzer_scan_date":"2026-06-11 03:25:15","breadcrumb_settings":null,"limit_modified_date":false,"open_ai":null,"ai":null,"created":"2023-05-31 11:37:55","updated":"2026-06-11 03:25:15","focus_keyword":null,"additional_keywords":null,"truseo_locale":null},"aioseo_breadcrumb":"<div class=\"aioseo-breadcrumbs\"><span class=\"aioseo-breadcrumb\">\n\t<a href=\"https:\/\/www.claret.cat\/es\/\" title=\"Home\">Home<\/a>\n<\/span><span class=\"aioseo-breadcrumb-separator\">&raquo;<\/span><span class=\"aioseo-breadcrumb\">\n\t<a href=\"https:\/\/www.claret.cat\/?page_id=16\" title=\"Botiga\">Botiga<\/a>\n<\/span><span class=\"aioseo-breadcrumb-separator\">&raquo;<\/span><span class=\"aioseo-breadcrumb\">\n\t<a href=\"https:\/\/www.claret.cat\/categoria-producto\/cat\/\" title=\"CAT\">CAT<\/a>\n<\/span><span class=\"aioseo-breadcrumb-separator\">&raquo;<\/span><span class=\"aioseo-breadcrumb\">\n\t<a href=\"https:\/\/www.claret.cat\/categoria-producto\/cat\/1_espiritualitat\/\" title=\"Espiritualitat\">Espiritualitat<\/a>\n<\/span><span class=\"aioseo-breadcrumb-separator\">&raquo;<\/span><span class=\"aioseo-breadcrumb\">\n\t<a href=\"https:\/\/www.claret.cat\/categoria-producto\/cat\/1_espiritualitat\/liturgia\/\" title=\"Lit\u00fargia\">Lit\u00fargia<\/a>\n<\/span><span class=\"aioseo-breadcrumb-separator\">&raquo;<\/span><span class=\"aioseo-breadcrumb\">\n\t<a href=\"https:\/\/www.claret.cat\/categoria-producto\/cat\/1_espiritualitat\/liturgia\/matrimoni\/\" title=\"Matrimoni\">Matrimoni<\/a>\n<\/span><span class=\"aioseo-breadcrumb-separator\">&raquo;<\/span><span class=\"aioseo-breadcrumb\">\n\tEL SACRAMENTO DEL BAUTISMO Y DEL MATRIMONIO EN EL RITO ROMANO DEL SIGLO X AL XVI\n<\/span><\/div>","aioseo_breadcrumb_json":[{"label":"Home","link":"https:\/\/www.claret.cat\/es\/"},{"label":"Botiga","link":"https:\/\/www.claret.cat\/?page_id=16"},{"label":"CAT","link":"https:\/\/www.claret.cat\/categoria-producto\/cat\/"},{"label":"Espiritualitat","link":"https:\/\/www.claret.cat\/categoria-producto\/cat\/1_espiritualitat\/"},{"label":"Lit\u00fargia","link":"https:\/\/www.claret.cat\/categoria-producto\/cat\/1_espiritualitat\/liturgia\/"},{"label":"Matrimoni","link":"https:\/\/www.claret.cat\/categoria-producto\/cat\/1_espiritualitat\/liturgia\/matrimoni\/"},{"label":"EL SACRAMENTO DEL BAUTISMO Y DEL MATRIMONIO EN EL RITO ROMANO DEL SIGLO X AL XVI","link":"https:\/\/www.claret.cat\/es\/libro\/el-sacramento-del-bautismo-y-del-matrimonio-en-el-rito-romano-del-siglo-x-al-xvi-9788491655473\/"}],"_links":{"self":[{"href":"https:\/\/www.claret.cat\/es\/wp-json\/wp\/v2\/product\/444286","targetHints":{"allow":["GET"]}}],"collection":[{"href":"https:\/\/www.claret.cat\/es\/wp-json\/wp\/v2\/product"}],"about":[{"href":"https:\/\/www.claret.cat\/es\/wp-json\/wp\/v2\/types\/product"}],"wp:featuredmedia":[{"embeddable":true,"href":"https:\/\/www.claret.cat\/es\/wp-json\/wp\/v2\/media\/451663"}],"wp:attachment":[{"href":"https:\/\/www.claret.cat\/es\/wp-json\/wp\/v2\/media?parent=444286"}],"wp:term":[{"taxonomy":"product_brand","embeddable":true,"href":"https:\/\/www.claret.cat\/es\/wp-json\/wp\/v2\/product_brand?post=444286"},{"taxonomy":"product_cat","embeddable":true,"href":"https:\/\/www.claret.cat\/es\/wp-json\/wp\/v2\/product_cat?post=444286"},{"taxonomy":"product_tag","embeddable":true,"href":"https:\/\/www.claret.cat\/es\/wp-json\/wp\/v2\/product_tag?post=444286"}],"curies":[{"name":"wp","href":"https:\/\/api.w.org\/{rel}","templated":true}]}}