{"id":444885,"date":"2023-05-25T13:05:18","date_gmt":"2023-05-25T11:05:18","guid":{"rendered":"https:\/\/www.claret.cat\/llibre\/el-proceso-9788446053996\/"},"modified":"2024-05-23T22:11:09","modified_gmt":"2024-05-23T20:11:09","slug":"el-proceso-9788446053996","status":"publish","type":"product","link":"https:\/\/www.claret.cat\/es\/libro\/el-proceso-9788446053996\/","title":{"rendered":"EL PROCESO"},"content":{"rendered":"<p>En El proceso, Kafka narra la historia de un hombre, Joseph K., detenido el d\u00eda de su treinta cumplea\u00f1os bajo una acusaci\u00f3n que ignora. Es m\u00e1s, ni sus captores ni su abogado, ni siquiera los jueces que llevan su caso, conocen cu\u00e1l es la causa. K. se convierte desde ese mismo instante en objeto de una mara\u00f1a legal y jur\u00eddica que nadie parece controlar realmente, pero que todos respetan y a la que todos se someten. Todos excepto K., incapaz de aceptar un sistema carente de toda l\u00f3gica. Su rebeld\u00eda, sus intentos de solucionar su situaci\u00f3n por medio de acciones coherentes a pesar de que contradigan las instrucciones que recibe de los dem\u00e1s, se convertir\u00e1n en su mayor adversario en un combate que puede acabar con su encarcelamiento o su ejecuci\u00f3n. Toda esta angustia del protagonista se refuerza con las ilustraciones que Fernando Falcone ha hecho para esta edici\u00f3n, llenas de fuerza, que reflejan la carga emocional de Joseph K. y el ambiente opresivo y surreal que Kafka describi\u00f3 como nadie.<\/p>\n","protected":false},"excerpt":{"rendered":"<p>KAFKA, FRANZ ; GONZ\u00c1LEZ GARC\u00cdA, JOS\u00c9 EMILIO (TRAD.)<\/p>\n","protected":false},"featured_media":444886,"template":"","meta":{"_acf_changed":false,"om_disable_all_campaigns":false,"rs_blank_template":"","rs_page_bg_color":"","slide_template_v7":"","inline_featured_image":false,"_monsterinsights_skip_tracking":false,"_monsterinsights_sitenote_active":false,"_monsterinsights_sitenote_note":"","_monsterinsights_sitenote_category":0},"product_brand":[],"product_cat":[354,123],"product_tag":[],"class_list":{"0":"post-444885","1":"product","2":"type-product","3":"status-publish","4":"has-post-thumbnail","6":"product_cat-clasica","7":"product_cat-classica","9":"first","10":"instock","11":"taxable","12":"shipping-taxable","13":"purchasable","14":"product-type-simple"},"acf":{"autor":"KAFKA, FRANZ ; GONZ\u00c1LEZ GARC\u00cdA, JOS\u00c9 EMILIO (TRAD.)","codart":"844605399","libros-coleccion":"La palabra ilustrada","ediciones":"1","encuadernacion":"Carton\u00e9","fecha_de_publicacion":"25\/05\/2023","novedad":"1","paginas":"224","subtitulo":"ILUSTRADO POR FERNANDO FALCONE","orden":"0","portada":"0","idioma":"spa","editorial":[{"ID":6115,"post_author":"3","post_date":"2022-07-28 17:45:13","post_date_gmt":"2022-07-28 15:45:13","post_content":"","post_title":"AKAL, EDICIONES S.A.","post_excerpt":"","post_status":"publish","comment_status":"closed","ping_status":"closed","post_password":"","post_name":"akal-ediciones-s-a","to_ping":"","pinged":"","post_modified":"2022-07-28 17:45:13","post_modified_gmt":"2022-07-28 15:45:13","post_content_filtered":"","post_parent":0,"guid":"http:\/\/dev.claret.cat\/editorial\/akal-ediciones-s-a\/","menu_order":0,"post_type":"editorial","post_mime_type":"","comment_count":"0","filter":"raw"}],"autores-libros":[{"ID":156380,"post_author":"3","post_date":"2022-10-14 15:20:21","post_date_gmt":"2022-10-14 13:20:21","post_content":"","post_title":"FRANZ KAFKA","post_excerpt":"","post_status":"publish","comment_status":"closed","ping_status":"closed","post_password":"","post_name":"franz-kafka","to_ping":"","pinged":"","post_modified":"2022-10-14 15:20:21","post_modified_gmt":"2022-10-14 13:20:21","post_content_filtered":"","post_parent":0,"guid":"http:\/\/dev.claret.cat\/autor\/franz-kafka\/","menu_order":0,"post_type":"autor","post_mime_type":"","comment_count":"0","filter":"raw"},{"ID":580843,"post_author":"3","post_date":"2023-09-01 14:10:35","post_date_gmt":"2023-09-01 12:10:35","post_content":"","post_title":"JOS\u00c9 EMILIO (TRAD.) GONZ\u00c1LEZ GARC\u00cdA","post_excerpt":"","post_status":"publish","comment_status":"closed","ping_status":"closed","post_password":"","post_name":"jose-emilio-trad-gonzalez-garcia","to_ping":"","pinged":"","post_modified":"2023-09-01 14:10:35","post_modified_gmt":"2023-09-01 12:10:35","post_content_filtered":"","post_parent":0,"guid":"https:\/\/www.claret.cat\/autor\/jose-emilio-trad-gonzalez-garcia\/","menu_order":0,"post_type":"autor","post_mime_type":"","comment_count":"0","filter":"raw"}]},"aioseo_notices":[],"_links":{"self":[{"href":"https:\/\/www.claret.cat\/es\/wp-json\/wp\/v2\/product\/444885","targetHints":{"allow":["GET"]}}],"collection":[{"href":"https:\/\/www.claret.cat\/es\/wp-json\/wp\/v2\/product"}],"about":[{"href":"https:\/\/www.claret.cat\/es\/wp-json\/wp\/v2\/types\/product"}],"wp:featuredmedia":[{"embeddable":true,"href":"https:\/\/www.claret.cat\/es\/wp-json\/wp\/v2\/media\/444886"}],"wp:attachment":[{"href":"https:\/\/www.claret.cat\/es\/wp-json\/wp\/v2\/media?parent=444885"}],"wp:term":[{"taxonomy":"product_brand","embeddable":true,"href":"https:\/\/www.claret.cat\/es\/wp-json\/wp\/v2\/product_brand?post=444885"},{"taxonomy":"product_cat","embeddable":true,"href":"https:\/\/www.claret.cat\/es\/wp-json\/wp\/v2\/product_cat?post=444885"},{"taxonomy":"product_tag","embeddable":true,"href":"https:\/\/www.claret.cat\/es\/wp-json\/wp\/v2\/product_tag?post=444885"}],"curies":[{"name":"wp","href":"https:\/\/api.w.org\/{rel}","templated":true}]}}