{"id":444950,"date":"2023-05-26T18:01:34","date_gmt":"2023-05-26T16:01:34","guid":{"rendered":"https:\/\/www.claret.cat\/llibre\/el-porfolio-del-disenador-de-moda-9788419094940\/"},"modified":"2023-10-11T02:33:07","modified_gmt":"2023-10-11T00:33:07","slug":"el-porfolio-del-disenador-de-moda-9788419094940","status":"publish","type":"product","link":"https:\/\/www.claret.cat\/es\/libro\/el-porfolio-del-disenador-de-moda-9788419094940\/","title":{"rendered":"EL PORFOLIO DEL DISE\u00d1ADOR DE MODA"},"content":{"rendered":"<p>* Una gu\u00eda pr\u00e1ctica para crear un porfolio con vistas al futuro y con especial hincapi\u00e9 en el valor de una narrativa personalizada. <br \/> * Pretende ayudar a los dise\u00f1adores a alcanzar la claridad visual presentando su potencial y a comprender c\u00f3mo su porfolio puede convertirse en una potente herramienta de venta dentro de una estrategia de marca m\u00e1s amplia. <br \/> * Se analiza la marca personal, las plataformas digitales, las entrevistas de trabajo y su seguimiento.<\/p>\n<p> La estrategia personal y una identidad clara son fundamentales para presentarse con \u00e9xito en la industria de la moda. Un porfolio llamativo que muestre esas cualidades resulta esencial para los estudiantes avanzados, los profesionales emergentes y los que tratan de consolidar su carrera.<\/p>\n<p> Con el apoyo de numerosos ejemplos visuales que cubren una amplia variedad de estilos de ilustraci\u00f3n y medios, cada cap\u00edtulo ofrece una gu\u00eda detallada de las etapas de creaci\u00f3n de un porfolio y del posicionamiento profesional.<\/p>\n","protected":false},"excerpt":{"rendered":"<p>ALBU, TAMARA \/ NAHUM-ALBRIGHT, MICHELLE<\/p>\n","protected":false},"featured_media":444951,"template":"","meta":{"_acf_changed":false,"om_disable_all_campaigns":false,"rs_blank_template":"","rs_page_bg_color":"","slide_template_v7":"","inline_featured_image":false,"_monsterinsights_skip_tracking":false},"product_brand":[],"product_cat":[90,540],"product_tag":[],"class_list":["post-444950","product","type-product","status-publish","has-post-thumbnail","product_cat-altres","product_cat-otros","first","instock","taxable","shipping-taxable","purchasable","product-type-simple"],"acf":{"autor":"ALBU, TAMARA \/ NAHUM-ALBRIGHT, MICHELLE","codart":"841909494","libros-coleccion":"GENERICA","ediciones":"1","encuadernacion":"R\u00fastica","fecha_de_publicacion":"01\/05\/2023","novedad":"1","paginas":"208","subtitulo":"","orden":"0","portada":"0","idioma":"spa","editorial":[{"ID":147554,"post_author":"3","post_date":"2022-10-14 11:51:27","post_date_gmt":"2022-10-14 09:51:27","post_content":"","post_title":"BLUME (Naturart)","post_excerpt":"","post_status":"publish","comment_status":"closed","ping_status":"closed","post_password":"","post_name":"blume-naturart","to_ping":"","pinged":"","post_modified":"2022-10-14 11:51:27","post_modified_gmt":"2022-10-14 09:51:27","post_content_filtered":"","post_parent":0,"guid":"http:\/\/dev.claret.cat\/editorial\/blume-naturart\/","menu_order":0,"post_type":"editorial","post_mime_type":"","comment_count":"0","filter":"raw"}],"autores-libros":[{"ID":444949,"post_author":"3","post_date":"2023-05-26 18:01:32","post_date_gmt":"2023-05-26 16:01:32","post_content":"","post_title":"TAMARA ALBU","post_excerpt":"","post_status":"publish","comment_status":"closed","ping_status":"closed","post_password":"","post_name":"tamara-albu","to_ping":"","pinged":"","post_modified":"2023-05-26 18:01:32","post_modified_gmt":"2023-05-26 16:01:32","post_content_filtered":"","post_parent":0,"guid":"https:\/\/www.claret.cat\/autor\/tamara-albu\/","menu_order":0,"post_type":"autor","post_mime_type":"","comment_count":"0","filter":"raw"},{"ID":444948,"post_author":"3","post_date":"2023-05-26 18:01:30","post_date_gmt":"2023-05-26 16:01:30","post_content":"","post_title":"MICHELLE NAHUM-ALBRIGHT","post_excerpt":"","post_status":"publish","comment_status":"closed","ping_status":"closed","post_password":"","post_name":"michelle-nahum-albright","to_ping":"","pinged":"","post_modified":"2023-05-26 18:01:30","post_modified_gmt":"2023-05-26 16:01:30","post_content_filtered":"","post_parent":0,"guid":"https:\/\/www.claret.cat\/autor\/michelle-nahum-albright\/","menu_order":0,"post_type":"autor","post_mime_type":"","comment_count":"0","filter":"raw"}]},"aioseo_notices":[],"aioseo_head":"\n\t\t<!-- All in One SEO Pro 5.0.1.1 - aioseo.com -->\n\t<meta name=\"description\" content=\"EL PORFOLIO DEL DISE\u00d1ADOR DE MODA de ALBU, TAMARA \/ NAHUM-ALBRIGHT, MICHELLE disponible a\/en Llibreria Claret.\" \/>\n\t<meta name=\"robots\" content=\"max-image-preview:large\" \/>\n\t<meta name=\"google-site-verification\" content=\"xVtlFxJ-TfkIu-D-lt7XeLobefg5EIQiXTuqcSf8Rf0\" \/>\n\t<link rel=\"canonical\" href=\"https:\/\/www.claret.cat\/es\/libro\/el-porfolio-del-disenador-de-moda-9788419094940\/\" \/>\n\t<meta name=\"generator\" content=\"All in One SEO Pro (AIOSEO) 5.0.1.1\" \/>\n\t\t<meta property=\"og:locale\" content=\"es_ES\" \/>\n\t\t<meta property=\"og:site_name\" content=\"Llibreria Claret - Llibreria religiosa a Barcelona\" \/>\n\t\t<meta property=\"og:type\" content=\"article\" \/>\n\t\t<meta property=\"og:title\" content=\"EL PORFOLIO DEL DISE\u00d1ADOR DE MODA - ALBU, TAMARA \/ NAHUM-ALBRIGHT, MICHELLE 9788419094940 | Llibreria Claret\" \/>\n\t\t<meta property=\"og:description\" content=\"EL PORFOLIO DEL DISE\u00d1ADOR DE MODA de ALBU, TAMARA \/ NAHUM-ALBRIGHT, MICHELLE disponible a\/en Llibreria Claret.\" \/>\n\t\t<meta property=\"og:url\" content=\"https:\/\/www.claret.cat\/es\/libro\/el-porfolio-del-disenador-de-moda-9788419094940\/\" \/>\n\t\t<meta property=\"og:image\" content=\"https:\/\/dev.claret.cat\/wp-content\/uploads\/logo-claret.svg\" \/>\n\t\t<meta property=\"og:image:secure_url\" content=\"https:\/\/dev.claret.cat\/wp-content\/uploads\/logo-claret.svg\" \/>\n\t\t<meta property=\"article:published_time\" content=\"2023-05-26T16:01:34+00:00\" \/>\n\t\t<meta property=\"article:modified_time\" content=\"2023-10-11T00:33:07+00:00\" \/>\n\t\t<meta property=\"article:publisher\" content=\"https:\/\/www.facebook.com\/LlibreriaClaret\" \/>\n\t\t<meta name=\"twitter:card\" content=\"summary_large_image\" \/>\n\t\t<meta name=\"twitter:site\" content=\"@LlibreriaClaret\" \/>\n\t\t<meta name=\"twitter:title\" content=\"EL PORFOLIO DEL DISE\u00d1ADOR DE MODA - ALBU, TAMARA \/ NAHUM-ALBRIGHT, MICHELLE 9788419094940 | Llibreria Claret\" \/>\n\t\t<meta name=\"twitter:description\" content=\"EL PORFOLIO DEL DISE\u00d1ADOR DE MODA de ALBU, TAMARA \/ NAHUM-ALBRIGHT, MICHELLE disponible a\/en Llibreria Claret.\" \/>\n\t\t<meta name=\"twitter:image\" content=\"http:\/\/dev.claret.cat\/wp-content\/uploads\/logo-claret.svg\" \/>\n\t\t<script type=\"application\/ld+json\" class=\"aioseo-schema\">\n\t\t\t{\"@context\":\"https:\\\/\\\/schema.org\",\"@graph\":[{\"@type\":\"BreadcrumbList\",\"@id\":\"https:\\\/\\\/www.claret.cat\\\/es\\\/libro\\\/el-porfolio-del-disenador-de-moda-9788419094940\\\/#breadcrumblist\",\"itemListElement\":[{\"@type\":\"ListItem\",\"@id\":\"https:\\\/\\\/www.claret.cat\\\/es\\\/#listItem\",\"position\":1,\"name\":\"Home\",\"item\":\"https:\\\/\\\/www.claret.cat\\\/es\\\/\",\"nextItem\":{\"@type\":\"ListItem\",\"@id\":\"https:\\\/\\\/www.claret.cat\\\/?page_id=16#listItem\",\"name\":\"Botiga\"}},{\"@type\":\"ListItem\",\"@id\":\"https:\\\/\\\/www.claret.cat\\\/?page_id=16#listItem\",\"position\":2,\"name\":\"Botiga\",\"item\":\"https:\\\/\\\/www.claret.cat\\\/?page_id=16\",\"nextItem\":{\"@type\":\"ListItem\",\"@id\":\"https:\\\/\\\/www.claret.cat\\\/categoria-producto\\\/cat\\\/#listItem\",\"name\":\"CAT\"},\"previousItem\":{\"@type\":\"ListItem\",\"@id\":\"https:\\\/\\\/www.claret.cat\\\/es\\\/#listItem\",\"name\":\"Home\"}},{\"@type\":\"ListItem\",\"@id\":\"https:\\\/\\\/www.claret.cat\\\/categoria-producto\\\/cat\\\/#listItem\",\"position\":3,\"name\":\"CAT\",\"item\":\"https:\\\/\\\/www.claret.cat\\\/categoria-producto\\\/cat\\\/\",\"nextItem\":{\"@type\":\"ListItem\",\"@id\":\"https:\\\/\\\/www.claret.cat\\\/categoria-producto\\\/cat\\\/5_altres\\\/#listItem\",\"name\":\"Altres\"},\"previousItem\":{\"@type\":\"ListItem\",\"@id\":\"https:\\\/\\\/www.claret.cat\\\/?page_id=16#listItem\",\"name\":\"Botiga\"}},{\"@type\":\"ListItem\",\"@id\":\"https:\\\/\\\/www.claret.cat\\\/categoria-producto\\\/cat\\\/5_altres\\\/#listItem\",\"position\":4,\"name\":\"Altres\",\"item\":\"https:\\\/\\\/www.claret.cat\\\/categoria-producto\\\/cat\\\/5_altres\\\/\",\"nextItem\":{\"@type\":\"ListItem\",\"@id\":\"https:\\\/\\\/www.claret.cat\\\/categoria-producto\\\/cat\\\/5_altres\\\/altres\\\/#listItem\",\"name\":\"Altres\"},\"previousItem\":{\"@type\":\"ListItem\",\"@id\":\"https:\\\/\\\/www.claret.cat\\\/categoria-producto\\\/cat\\\/#listItem\",\"name\":\"CAT\"}},{\"@type\":\"ListItem\",\"@id\":\"https:\\\/\\\/www.claret.cat\\\/categoria-producto\\\/cat\\\/5_altres\\\/altres\\\/#listItem\",\"position\":5,\"name\":\"Altres\",\"item\":\"https:\\\/\\\/www.claret.cat\\\/categoria-producto\\\/cat\\\/5_altres\\\/altres\\\/\",\"nextItem\":{\"@type\":\"ListItem\",\"@id\":\"https:\\\/\\\/www.claret.cat\\\/es\\\/libro\\\/el-porfolio-del-disenador-de-moda-9788419094940\\\/#listItem\",\"name\":\"EL PORFOLIO DEL DISE\\u00d1ADOR DE MODA\"},\"previousItem\":{\"@type\":\"ListItem\",\"@id\":\"https:\\\/\\\/www.claret.cat\\\/categoria-producto\\\/cat\\\/5_altres\\\/#listItem\",\"name\":\"Altres\"}},{\"@type\":\"ListItem\",\"@id\":\"https:\\\/\\\/www.claret.cat\\\/es\\\/libro\\\/el-porfolio-del-disenador-de-moda-9788419094940\\\/#listItem\",\"position\":6,\"name\":\"EL PORFOLIO DEL DISE\\u00d1ADOR DE MODA\",\"previousItem\":{\"@type\":\"ListItem\",\"@id\":\"https:\\\/\\\/www.claret.cat\\\/categoria-producto\\\/cat\\\/5_altres\\\/altres\\\/#listItem\",\"name\":\"Altres\"}}]},{\"@type\":\"ItemPage\",\"@id\":\"https:\\\/\\\/www.claret.cat\\\/es\\\/libro\\\/el-porfolio-del-disenador-de-moda-9788419094940\\\/#itempage\",\"url\":\"https:\\\/\\\/www.claret.cat\\\/es\\\/libro\\\/el-porfolio-del-disenador-de-moda-9788419094940\\\/\",\"name\":\"EL PORFOLIO DEL DISE\\u00d1ADOR DE MODA - ALBU, TAMARA \\\/ NAHUM-ALBRIGHT, MICHELLE 9788419094940 | Llibreria Claret\",\"description\":\"EL PORFOLIO DEL DISE\\u00d1ADOR DE MODA de ALBU, TAMARA \\\/ NAHUM-ALBRIGHT, MICHELLE disponible a\\\/en Llibreria Claret.\",\"inLanguage\":\"es-ES\",\"isPartOf\":{\"@id\":\"https:\\\/\\\/www.claret.cat\\\/es\\\/#website\"},\"breadcrumb\":{\"@id\":\"https:\\\/\\\/www.claret.cat\\\/es\\\/libro\\\/el-porfolio-del-disenador-de-moda-9788419094940\\\/#breadcrumblist\"},\"image\":{\"@type\":\"ImageObject\",\"url\":\"https:\\\/\\\/www.claret.cat\\\/wp-content\\\/uploads\\\/.\\\/9788419094940.jpg\",\"@id\":\"https:\\\/\\\/www.claret.cat\\\/es\\\/libro\\\/el-porfolio-del-disenador-de-moda-9788419094940\\\/#mainImage\",\"width\":1185,\"height\":1536,\"caption\":\"9788419094940.jpg\"},\"primaryImageOfPage\":{\"@id\":\"https:\\\/\\\/www.claret.cat\\\/es\\\/libro\\\/el-porfolio-del-disenador-de-moda-9788419094940\\\/#mainImage\"},\"datePublished\":\"2023-05-26T18:01:34+02:00\",\"dateModified\":\"2023-10-11T02:33:07+02:00\"},{\"@type\":\"Organization\",\"@id\":\"https:\\\/\\\/www.claret.cat\\\/es\\\/#organization\",\"name\":\"Llibreria Claret\",\"description\":\"Llibreria religiosa a Barcelona\",\"url\":\"https:\\\/\\\/www.claret.cat\\\/es\\\/\",\"email\":\"comunicacio@claret.cat\",\"telephone\":\"+34933010887\",\"logo\":{\"@type\":\"ImageObject\",\"url\":\"https:\\\/\\\/www.claret.cat\\\/wp-content\\\/uploads\\\/.\\\/logo-claret-es.png\",\"@id\":\"https:\\\/\\\/www.claret.cat\\\/es\\\/libro\\\/el-porfolio-del-disenador-de-moda-9788419094940\\\/#organizationLogo\",\"width\":195,\"height\":79},\"image\":{\"@id\":\"https:\\\/\\\/www.claret.cat\\\/es\\\/libro\\\/el-porfolio-del-disenador-de-moda-9788419094940\\\/#organizationLogo\"},\"sameAs\":[\"https:\\\/\\\/www.facebook.com\\\/LlibreriaClaret\",\"https:\\\/\\\/twitter.com\\\/LlibreriaClaret\",\"https:\\\/\\\/www.instagram.com\\\/llibreriaclaret\\\/\",\"https:\\\/\\\/www.tiktok.com\\\/@llibreriaclaret\",\"https:\\\/\\\/www.youtube.com\\\/@llibreriaclaret\",\"https:\\\/\\\/ca.wikipedia.org\\\/wiki\\\/Editorial_Claret\"]},{\"@type\":\"WebPage\",\"@id\":\"https:\\\/\\\/www.claret.cat\\\/es\\\/libro\\\/el-porfolio-del-disenador-de-moda-9788419094940\\\/#webpage\",\"url\":\"https:\\\/\\\/www.claret.cat\\\/es\\\/libro\\\/el-porfolio-del-disenador-de-moda-9788419094940\\\/\",\"name\":\"EL PORFOLIO DEL DISE\\u00d1ADOR DE MODA - ALBU, TAMARA \\\/ NAHUM-ALBRIGHT, MICHELLE 9788419094940 | Llibreria Claret\",\"description\":\"EL PORFOLIO DEL DISE\\u00d1ADOR DE MODA de ALBU, TAMARA \\\/ NAHUM-ALBRIGHT, MICHELLE disponible a\\\/en Llibreria Claret.\",\"inLanguage\":\"es-ES\",\"isPartOf\":{\"@id\":\"https:\\\/\\\/www.claret.cat\\\/es\\\/#website\"},\"breadcrumb\":{\"@id\":\"https:\\\/\\\/www.claret.cat\\\/es\\\/libro\\\/el-porfolio-del-disenador-de-moda-9788419094940\\\/#breadcrumblist\"},\"image\":{\"@type\":\"ImageObject\",\"url\":\"https:\\\/\\\/www.claret.cat\\\/wp-content\\\/uploads\\\/.\\\/9788419094940.jpg\",\"@id\":\"https:\\\/\\\/www.claret.cat\\\/es\\\/libro\\\/el-porfolio-del-disenador-de-moda-9788419094940\\\/#mainImage\",\"width\":1185,\"height\":1536,\"caption\":\"9788419094940.jpg\"},\"primaryImageOfPage\":{\"@id\":\"https:\\\/\\\/www.claret.cat\\\/es\\\/libro\\\/el-porfolio-del-disenador-de-moda-9788419094940\\\/#mainImage\"},\"datePublished\":\"2023-05-26T18:01:34+02:00\",\"dateModified\":\"2023-10-11T02:33:07+02:00\"},{\"@type\":\"WebSite\",\"@id\":\"https:\\\/\\\/www.claret.cat\\\/es\\\/#website\",\"url\":\"https:\\\/\\\/www.claret.cat\\\/es\\\/\",\"name\":\"Llibreria Claret Barcelona\",\"alternateName\":\"Llibreria Claret\",\"description\":\"Llibreria religiosa a Barcelona\",\"inLanguage\":\"es-ES\",\"publisher\":{\"@id\":\"https:\\\/\\\/www.claret.cat\\\/es\\\/#organization\"}}]}\n\t\t<\/script>\n\t\t<!-- All in One SEO Pro -->\r\n\t\t<title>EL PORFOLIO DEL DISE\u00d1ADOR DE MODA - ALBU, TAMARA \/ NAHUM-ALBRIGHT, MICHELLE 9788419094940 | Llibreria Claret<\/title>\n\n","aioseo_head_json":{"title":"EL PORFOLIO DEL DISE\u00d1ADOR DE MODA - ALBU, TAMARA \/ NAHUM-ALBRIGHT, MICHELLE 9788419094940 | Llibreria Claret","description":"EL PORFOLIO DEL DISE\u00d1ADOR DE MODA de ALBU, TAMARA \/ NAHUM-ALBRIGHT, MICHELLE disponible a\/en Llibreria Claret.","canonical_url":"https:\/\/www.claret.cat\/es\/libro\/el-porfolio-del-disenador-de-moda-9788419094940\/","robots":"max-image-preview:large","keywords":"","webmasterTools":{"google-site-verification":"xVtlFxJ-TfkIu-D-lt7XeLobefg5EIQiXTuqcSf8Rf0","miscellaneous":""},"schema":{"@context":"https:\/\/schema.org","@graph":[{"@type":"BreadcrumbList","@id":"https:\/\/www.claret.cat\/es\/libro\/el-porfolio-del-disenador-de-moda-9788419094940\/#breadcrumblist","itemListElement":[{"@type":"ListItem","@id":"https:\/\/www.claret.cat\/es\/#listItem","position":1,"name":"Home","item":"https:\/\/www.claret.cat\/es\/","nextItem":{"@type":"ListItem","@id":"https:\/\/www.claret.cat\/?page_id=16#listItem","name":"Botiga"}},{"@type":"ListItem","@id":"https:\/\/www.claret.cat\/?page_id=16#listItem","position":2,"name":"Botiga","item":"https:\/\/www.claret.cat\/?page_id=16","nextItem":{"@type":"ListItem","@id":"https:\/\/www.claret.cat\/categoria-producto\/cat\/#listItem","name":"CAT"},"previousItem":{"@type":"ListItem","@id":"https:\/\/www.claret.cat\/es\/#listItem","name":"Home"}},{"@type":"ListItem","@id":"https:\/\/www.claret.cat\/categoria-producto\/cat\/#listItem","position":3,"name":"CAT","item":"https:\/\/www.claret.cat\/categoria-producto\/cat\/","nextItem":{"@type":"ListItem","@id":"https:\/\/www.claret.cat\/categoria-producto\/cat\/5_altres\/#listItem","name":"Altres"},"previousItem":{"@type":"ListItem","@id":"https:\/\/www.claret.cat\/?page_id=16#listItem","name":"Botiga"}},{"@type":"ListItem","@id":"https:\/\/www.claret.cat\/categoria-producto\/cat\/5_altres\/#listItem","position":4,"name":"Altres","item":"https:\/\/www.claret.cat\/categoria-producto\/cat\/5_altres\/","nextItem":{"@type":"ListItem","@id":"https:\/\/www.claret.cat\/categoria-producto\/cat\/5_altres\/altres\/#listItem","name":"Altres"},"previousItem":{"@type":"ListItem","@id":"https:\/\/www.claret.cat\/categoria-producto\/cat\/#listItem","name":"CAT"}},{"@type":"ListItem","@id":"https:\/\/www.claret.cat\/categoria-producto\/cat\/5_altres\/altres\/#listItem","position":5,"name":"Altres","item":"https:\/\/www.claret.cat\/categoria-producto\/cat\/5_altres\/altres\/","nextItem":{"@type":"ListItem","@id":"https:\/\/www.claret.cat\/es\/libro\/el-porfolio-del-disenador-de-moda-9788419094940\/#listItem","name":"EL PORFOLIO DEL DISE\u00d1ADOR DE MODA"},"previousItem":{"@type":"ListItem","@id":"https:\/\/www.claret.cat\/categoria-producto\/cat\/5_altres\/#listItem","name":"Altres"}},{"@type":"ListItem","@id":"https:\/\/www.claret.cat\/es\/libro\/el-porfolio-del-disenador-de-moda-9788419094940\/#listItem","position":6,"name":"EL PORFOLIO DEL DISE\u00d1ADOR DE MODA","previousItem":{"@type":"ListItem","@id":"https:\/\/www.claret.cat\/categoria-producto\/cat\/5_altres\/altres\/#listItem","name":"Altres"}}]},{"@type":"ItemPage","@id":"https:\/\/www.claret.cat\/es\/libro\/el-porfolio-del-disenador-de-moda-9788419094940\/#itempage","url":"https:\/\/www.claret.cat\/es\/libro\/el-porfolio-del-disenador-de-moda-9788419094940\/","name":"EL PORFOLIO DEL DISE\u00d1ADOR DE MODA - ALBU, TAMARA \/ NAHUM-ALBRIGHT, MICHELLE 9788419094940 | Llibreria Claret","description":"EL PORFOLIO DEL DISE\u00d1ADOR DE MODA de ALBU, TAMARA \/ NAHUM-ALBRIGHT, MICHELLE disponible a\/en Llibreria Claret.","inLanguage":"es-ES","isPartOf":{"@id":"https:\/\/www.claret.cat\/es\/#website"},"breadcrumb":{"@id":"https:\/\/www.claret.cat\/es\/libro\/el-porfolio-del-disenador-de-moda-9788419094940\/#breadcrumblist"},"image":{"@type":"ImageObject","url":"https:\/\/www.claret.cat\/wp-content\/uploads\/.\/9788419094940.jpg","@id":"https:\/\/www.claret.cat\/es\/libro\/el-porfolio-del-disenador-de-moda-9788419094940\/#mainImage","width":1185,"height":1536,"caption":"9788419094940.jpg"},"primaryImageOfPage":{"@id":"https:\/\/www.claret.cat\/es\/libro\/el-porfolio-del-disenador-de-moda-9788419094940\/#mainImage"},"datePublished":"2023-05-26T18:01:34+02:00","dateModified":"2023-10-11T02:33:07+02:00"},{"@type":"Organization","@id":"https:\/\/www.claret.cat\/es\/#organization","name":"Llibreria Claret","description":"Llibreria religiosa a Barcelona","url":"https:\/\/www.claret.cat\/es\/","email":"comunicacio@claret.cat","telephone":"+34933010887","logo":{"@type":"ImageObject","url":"https:\/\/www.claret.cat\/wp-content\/uploads\/.\/logo-claret-es.png","@id":"https:\/\/www.claret.cat\/es\/libro\/el-porfolio-del-disenador-de-moda-9788419094940\/#organizationLogo","width":195,"height":79},"image":{"@id":"https:\/\/www.claret.cat\/es\/libro\/el-porfolio-del-disenador-de-moda-9788419094940\/#organizationLogo"},"sameAs":["https:\/\/www.facebook.com\/LlibreriaClaret","https:\/\/twitter.com\/LlibreriaClaret","https:\/\/www.instagram.com\/llibreriaclaret\/","https:\/\/www.tiktok.com\/@llibreriaclaret","https:\/\/www.youtube.com\/@llibreriaclaret","https:\/\/ca.wikipedia.org\/wiki\/Editorial_Claret"]},{"@type":"WebPage","@id":"https:\/\/www.claret.cat\/es\/libro\/el-porfolio-del-disenador-de-moda-9788419094940\/#webpage","url":"https:\/\/www.claret.cat\/es\/libro\/el-porfolio-del-disenador-de-moda-9788419094940\/","name":"EL PORFOLIO DEL DISE\u00d1ADOR DE MODA - ALBU, TAMARA \/ NAHUM-ALBRIGHT, MICHELLE 9788419094940 | Llibreria Claret","description":"EL PORFOLIO DEL DISE\u00d1ADOR DE MODA de ALBU, TAMARA \/ NAHUM-ALBRIGHT, MICHELLE disponible a\/en Llibreria Claret.","inLanguage":"es-ES","isPartOf":{"@id":"https:\/\/www.claret.cat\/es\/#website"},"breadcrumb":{"@id":"https:\/\/www.claret.cat\/es\/libro\/el-porfolio-del-disenador-de-moda-9788419094940\/#breadcrumblist"},"image":{"@type":"ImageObject","url":"https:\/\/www.claret.cat\/wp-content\/uploads\/.\/9788419094940.jpg","@id":"https:\/\/www.claret.cat\/es\/libro\/el-porfolio-del-disenador-de-moda-9788419094940\/#mainImage","width":1185,"height":1536,"caption":"9788419094940.jpg"},"primaryImageOfPage":{"@id":"https:\/\/www.claret.cat\/es\/libro\/el-porfolio-del-disenador-de-moda-9788419094940\/#mainImage"},"datePublished":"2023-05-26T18:01:34+02:00","dateModified":"2023-10-11T02:33:07+02:00"},{"@type":"WebSite","@id":"https:\/\/www.claret.cat\/es\/#website","url":"https:\/\/www.claret.cat\/es\/","name":"Llibreria Claret Barcelona","alternateName":"Llibreria Claret","description":"Llibreria religiosa a Barcelona","inLanguage":"es-ES","publisher":{"@id":"https:\/\/www.claret.cat\/es\/#organization"}}]},"og:locale":"es_ES","og:site_name":"Llibreria Claret - Llibreria religiosa a Barcelona","og:type":"article","og:title":"EL PORFOLIO DEL DISE\u00d1ADOR DE MODA - ALBU, TAMARA \/ NAHUM-ALBRIGHT, MICHELLE 9788419094940 | Llibreria Claret","og:description":"EL PORFOLIO DEL DISE\u00d1ADOR DE MODA de ALBU, TAMARA \/ NAHUM-ALBRIGHT, MICHELLE disponible a\/en Llibreria Claret.","og:url":"https:\/\/www.claret.cat\/es\/libro\/el-porfolio-del-disenador-de-moda-9788419094940\/","og:image":"https:\/\/dev.claret.cat\/wp-content\/uploads\/logo-claret.svg","og:image:secure_url":"https:\/\/dev.claret.cat\/wp-content\/uploads\/logo-claret.svg","article:published_time":"2023-05-26T16:01:34+00:00","article:modified_time":"2023-10-11T00:33:07+00:00","article:publisher":"https:\/\/www.facebook.com\/LlibreriaClaret","twitter:card":"summary_large_image","twitter:site":"@LlibreriaClaret","twitter:title":"EL PORFOLIO DEL DISE\u00d1ADOR DE MODA - ALBU, TAMARA \/ NAHUM-ALBRIGHT, MICHELLE 9788419094940 | Llibreria Claret","twitter:description":"EL PORFOLIO DEL DISE\u00d1ADOR DE MODA de ALBU, TAMARA \/ NAHUM-ALBRIGHT, MICHELLE disponible a\/en Llibreria Claret.","twitter:image":"http:\/\/dev.claret.cat\/wp-content\/uploads\/logo-claret.svg"},"aioseo_meta_data":{"post_id":"444950","title":null,"description":null,"keywords":null,"keyphrases":null,"primary_term":null,"canonical_url":null,"og_title":null,"og_description":null,"og_object_type":"default","og_image_type":"default","og_image_url":null,"og_image_width":null,"og_image_height":null,"og_image_custom_url":null,"og_image_custom_fields":null,"og_video":null,"og_custom_url":null,"og_article_section":null,"og_article_tags":null,"twitter_use_og":false,"twitter_card":"default","twitter_image_type":"default","twitter_image_url":null,"twitter_image_custom_url":null,"twitter_image_custom_fields":null,"twitter_title":null,"twitter_description":null,"schema":{"blockGraphs":[],"customGraphs":[],"default":{"data":{"Article":[],"Course":[],"Dataset":[],"FAQPage":[],"Movie":[],"Person":[],"Product":[],"ProductReview":[],"Car":[],"Recipe":[],"Service":[],"SoftwareApplication":[],"WebPage":[]},"graphName":"","isEnabled":true},"graphs":[]},"schema_type":"default","schema_type_options":null,"pillar_content":false,"robots_default":true,"robots_noindex":false,"robots_noarchive":false,"robots_nosnippet":false,"robots_nofollow":false,"robots_noimageindex":false,"robots_noodp":false,"robots_notranslate":false,"robots_max_snippet":null,"robots_max_videopreview":null,"robots_max_imagepreview":"large","priority":null,"frequency":null,"local_seo":null,"seo_analyzer_scan_date":"2026-06-11 09:40:19","breadcrumb_settings":null,"limit_modified_date":false,"open_ai":null,"ai":null,"created":"2023-05-31 11:58:23","updated":"2026-06-11 09:40:19","focus_keyword":null,"additional_keywords":null,"truseo_locale":null},"aioseo_breadcrumb":"<div class=\"aioseo-breadcrumbs\"><span class=\"aioseo-breadcrumb\">\n\t<a href=\"https:\/\/www.claret.cat\/es\/\" title=\"Home\">Home<\/a>\n<\/span><span class=\"aioseo-breadcrumb-separator\">&raquo;<\/span><span class=\"aioseo-breadcrumb\">\n\t<a href=\"https:\/\/www.claret.cat\/?page_id=16\" title=\"Botiga\">Botiga<\/a>\n<\/span><span class=\"aioseo-breadcrumb-separator\">&raquo;<\/span><span class=\"aioseo-breadcrumb\">\n\t<a href=\"https:\/\/www.claret.cat\/categoria-producto\/cat\/\" title=\"CAT\">CAT<\/a>\n<\/span><span class=\"aioseo-breadcrumb-separator\">&raquo;<\/span><span class=\"aioseo-breadcrumb\">\n\t<a href=\"https:\/\/www.claret.cat\/categoria-producto\/cat\/5_altres\/\" title=\"Altres\">Altres<\/a>\n<\/span><span class=\"aioseo-breadcrumb-separator\">&raquo;<\/span><span class=\"aioseo-breadcrumb\">\n\t<a href=\"https:\/\/www.claret.cat\/categoria-producto\/cat\/5_altres\/altres\/\" title=\"Altres\">Altres<\/a>\n<\/span><span class=\"aioseo-breadcrumb-separator\">&raquo;<\/span><span class=\"aioseo-breadcrumb\">\n\tEL PORFOLIO DEL DISE\u00d1ADOR DE MODA\n<\/span><\/div>","aioseo_breadcrumb_json":[{"label":"Home","link":"https:\/\/www.claret.cat\/es\/"},{"label":"Botiga","link":"https:\/\/www.claret.cat\/?page_id=16"},{"label":"CAT","link":"https:\/\/www.claret.cat\/categoria-producto\/cat\/"},{"label":"Altres","link":"https:\/\/www.claret.cat\/categoria-producto\/cat\/5_altres\/"},{"label":"Altres","link":"https:\/\/www.claret.cat\/categoria-producto\/cat\/5_altres\/altres\/"},{"label":"EL PORFOLIO DEL DISE\u00d1ADOR DE MODA","link":"https:\/\/www.claret.cat\/es\/libro\/el-porfolio-del-disenador-de-moda-9788419094940\/"}],"_links":{"self":[{"href":"https:\/\/www.claret.cat\/es\/wp-json\/wp\/v2\/product\/444950","targetHints":{"allow":["GET"]}}],"collection":[{"href":"https:\/\/www.claret.cat\/es\/wp-json\/wp\/v2\/product"}],"about":[{"href":"https:\/\/www.claret.cat\/es\/wp-json\/wp\/v2\/types\/product"}],"wp:featuredmedia":[{"embeddable":true,"href":"https:\/\/www.claret.cat\/es\/wp-json\/wp\/v2\/media\/444951"}],"wp:attachment":[{"href":"https:\/\/www.claret.cat\/es\/wp-json\/wp\/v2\/media?parent=444950"}],"wp:term":[{"taxonomy":"product_brand","embeddable":true,"href":"https:\/\/www.claret.cat\/es\/wp-json\/wp\/v2\/product_brand?post=444950"},{"taxonomy":"product_cat","embeddable":true,"href":"https:\/\/www.claret.cat\/es\/wp-json\/wp\/v2\/product_cat?post=444950"},{"taxonomy":"product_tag","embeddable":true,"href":"https:\/\/www.claret.cat\/es\/wp-json\/wp\/v2\/product_tag?post=444950"}],"curies":[{"name":"wp","href":"https:\/\/api.w.org\/{rel}","templated":true}]}}