{"id":445124,"date":"2023-05-29T13:56:26","date_gmt":"2023-05-29T11:56:26","guid":{"rendered":"https:\/\/www.claret.cat\/llibre\/detectius-extraescolars-3-misterios-segrest-a-la-residencia-davis-9788413895550\/"},"modified":"2025-10-20T18:05:35","modified_gmt":"2025-10-20T16:05:35","slug":"detectius-extraescolars-3-misterios-segrest-a-la-residencia-davis-9788413895550","status":"publish","type":"product","link":"https:\/\/www.claret.cat\/es\/libro\/detectius-extraescolars-3-misterios-segrest-a-la-residencia-davis-9788413895550\/","title":{"rendered":"DETECTIUS EXTRAESCOLARS 3. MISTERI\u00d3S SEGREST A LA RESID\u00c8NCIA D&#8221;AVIS"},"content":{"rendered":"<p>Ets un bon detectiu?<br \/> Observa els dibuixos, segueix les pistes i investiga el cas.<br \/> Apunta&#8221;t als Detectius Extraescolars i resol el misteri!<br \/> Els Detectius Extraescolars inicien una investigaci\u00f3 a la resid\u00e8ncia d&#8221;avis Iaios Feli\u00e7os. El Quimet ha desaparegut i sembla un segrest. \u00c9s possible? Els nostres intr\u00e8pids detectius de seguida comproven que aquell lloc i els seus habitants amaguen altres misteris estrany\u00edssims.<br \/> On \u00e9s el Quimet? Per qu\u00e8 ressona la seva veu per tota la casa? Quins secrets guarden els avis? Els nostres herois se sorprendran quan trobin pistes que parlen de bruixeria, amor i tigres.<\/p>\n","protected":false},"excerpt":{"rendered":"<p>MART\u00cdN, ENRIQUE CARLOS<\/p>\n","protected":false},"featured_media":445125,"template":"","meta":{"_acf_changed":false,"om_disable_all_campaigns":false,"rs_blank_template":"","rs_page_bg_color":"","slide_template_v7":"","inline_featured_image":false,"_monsterinsights_skip_tracking":false,"_monsterinsights_sitenote_active":false,"_monsterinsights_sitenote_note":"","_monsterinsights_sitenote_category":0},"product_brand":[],"product_cat":[132,362],"product_tag":[],"class_list":{"0":"post-445124","1":"product","2":"type-product","3":"status-publish","4":"has-post-thumbnail","6":"product_cat-lectures-per-preadolescents-6-12-anys","7":"product_cat-libros-preadolescentes-6-12-anos","9":"first","10":"instock","11":"taxable","12":"shipping-taxable","13":"purchasable","14":"product-type-simple"},"acf":{"autor":"MART\u00cdN, ENRIQUE CARLOS","codart":"841389555","libros-coleccion":"Lectors avan\u00e7ats","ediciones":"1","encuadernacion":"R\u00fastica","fecha_de_publicacion":"01\/05\/2023","novedad":"1","paginas":"257","subtitulo":"","orden":"0","portada":"0","idioma":"cat","editorial":[{"ID":6249,"post_author":"3","post_date":"2022-07-28 17:48:09","post_date_gmt":"2022-07-28 15:48:09","post_content":"","post_title":"Estrella Polar","post_excerpt":"","post_status":"publish","comment_status":"closed","ping_status":"closed","post_password":"","post_name":"estrella-polar","to_ping":"","pinged":"","post_modified":"2022-07-28 17:48:09","post_modified_gmt":"2022-07-28 15:48:09","post_content_filtered":"","post_parent":0,"guid":"http:\/\/dev.claret.cat\/editorial\/estrella-polar\/","menu_order":0,"post_type":"editorial","post_mime_type":"","comment_count":"0","filter":"raw"}],"autores-libros":[{"ID":379043,"post_author":"3","post_date":"2023-02-02 11:35:25","post_date_gmt":"2023-02-02 10:35:25","post_content":"","post_title":"ENRIQUE CARLOS MART\u00cdN","post_excerpt":"","post_status":"publish","comment_status":"closed","ping_status":"closed","post_password":"","post_name":"enrique-carlos-martin","to_ping":"","pinged":"","post_modified":"2023-02-02 11:35:25","post_modified_gmt":"2023-02-02 10:35:25","post_content_filtered":"","post_parent":0,"guid":"https:\/\/www.claret.cat\/autor\/enrique-carlos-martin\/","menu_order":0,"post_type":"autor","post_mime_type":"","comment_count":"0","filter":"raw"}],"booktrailer":"","resenas":""},"aioseo_notices":[],"_links":{"self":[{"href":"https:\/\/www.claret.cat\/es\/wp-json\/wp\/v2\/product\/445124","targetHints":{"allow":["GET"]}}],"collection":[{"href":"https:\/\/www.claret.cat\/es\/wp-json\/wp\/v2\/product"}],"about":[{"href":"https:\/\/www.claret.cat\/es\/wp-json\/wp\/v2\/types\/product"}],"wp:featuredmedia":[{"embeddable":true,"href":"https:\/\/www.claret.cat\/es\/wp-json\/wp\/v2\/media\/445125"}],"wp:attachment":[{"href":"https:\/\/www.claret.cat\/es\/wp-json\/wp\/v2\/media?parent=445124"}],"wp:term":[{"taxonomy":"product_brand","embeddable":true,"href":"https:\/\/www.claret.cat\/es\/wp-json\/wp\/v2\/product_brand?post=445124"},{"taxonomy":"product_cat","embeddable":true,"href":"https:\/\/www.claret.cat\/es\/wp-json\/wp\/v2\/product_cat?post=445124"},{"taxonomy":"product_tag","embeddable":true,"href":"https:\/\/www.claret.cat\/es\/wp-json\/wp\/v2\/product_tag?post=445124"}],"curies":[{"name":"wp","href":"https:\/\/api.w.org\/{rel}","templated":true}]}}