{"id":446907,"date":"2023-06-12T16:36:51","date_gmt":"2023-06-12T14:36:51","guid":{"rendered":"https:\/\/www.claret.cat\/llibre\/memorias-de-africa-9788466364317\/"},"modified":"2023-10-11T01:46:03","modified_gmt":"2023-10-10T23:46:03","slug":"memorias-de-africa-9788466364317","status":"publish","type":"product","link":"https:\/\/www.claret.cat\/es\/libro\/memorias-de-africa-9788466364317\/","title":{"rendered":"MEMORIAS DE \u00c1FRICA"},"content":{"rendered":"<p>El libro emblem\u00e1tico de Dinesen: la historia de su pasi\u00f3n por una tierra que se convierte en su destino.  Una de las narraciones m\u00e1s perfectas de la literatura contempor\u00e1nea. \u00abYo ten\u00eda una granja en \u00c1frica, al pie de las colinas de Ngong&#8230;\u00bb  Reci\u00e9n casada, una joven danesa, arist\u00f3crata y refinada, hija y hermana de militares, viaja a Kenia, donde permanece durante diecisiete a\u00f1os. Esta experiencia da lugar a una novela que es una encendida declaraci\u00f3n de amor a unos paisajes, a unas gentes y a unas culturas situadas en el polo opuesto de lo que hab\u00eda sido su pasado familiar y social. Pose\u00edda por la misma pulsi\u00f3n de Sherezade, Isak Dinesen nos sumerge en un relato que se prolonga a lo largo de p\u00e1ginas encantadas: el de su vida en \u00c1frica y el de la vida de los que la rodeaban, europeos o somal\u00edes, kikuyus o masais.Memorias de \u00c1frica es no s\u00f3lo una de las narraciones m\u00e1s perfectas de la literatura contempor\u00e1nea, sino tambi\u00e9n la historia de su pasi\u00f3n por una tierra que se convierte en su destino, en revelaci\u00f3n de la pluralidad fascinante del mundo y sus gentes.<\/p>\n","protected":false},"excerpt":{"rendered":"<p>DINESEN, ISAK<\/p>\n","protected":false},"featured_media":446908,"template":"","meta":{"_acf_changed":false,"om_disable_all_campaigns":false,"rs_blank_template":"","rs_page_bg_color":"","slide_template_v7":"","inline_featured_image":false,"_monsterinsights_skip_tracking":false,"_monsterinsights_sitenote_active":false,"_monsterinsights_sitenote_note":"","_monsterinsights_sitenote_category":0},"product_brand":[],"product_cat":[127,357],"product_tag":[],"class_list":{"0":"post-446907","1":"product","2":"type-product","3":"status-publish","4":"has-post-thumbnail","6":"product_cat-novella-contemporania","7":"product_cat-novela-contemporanea","9":"first","10":"instock","11":"taxable","12":"shipping-taxable","13":"purchasable","14":"product-type-simple"},"acf":{"editorial":[{"ID":6178,"post_author":"3","post_date":"2022-07-28 17:46:34","post_date_gmt":"2022-07-28 15:46:34","post_content":"","post_title":"DEBOLSILLO","post_excerpt":"","post_status":"publish","comment_status":"closed","ping_status":"closed","post_password":"","post_name":"debolsillo","to_ping":"","pinged":"","post_modified":"2022-07-28 17:46:34","post_modified_gmt":"2022-07-28 15:46:34","post_content_filtered":"","post_parent":0,"guid":"http:\/\/dev.claret.cat\/editorial\/debolsillo\/","menu_order":0,"post_type":"editorial","post_mime_type":"","comment_count":"0","filter":"raw"}],"autores-libros":[{"ID":158113,"post_author":"3","post_date":"2022-10-14 15:34:16","post_date_gmt":"2022-10-14 13:34:16","post_content":"","post_title":"ISAK DINESEN","post_excerpt":"","post_status":"publish","comment_status":"closed","ping_status":"closed","post_password":"","post_name":"isak-dinesen","to_ping":"","pinged":"","post_modified":"2022-10-14 15:34:16","post_modified_gmt":"2022-10-14 13:34:16","post_content_filtered":"","post_parent":0,"guid":"http:\/\/dev.claret.cat\/autor\/isak-dinesen\/","menu_order":0,"post_type":"autor","post_mime_type":"","comment_count":"0","filter":"raw"}],"autor":"DINESEN, ISAK","codart":"846636431","libros-coleccion":"CONTEMPORANEA","ediciones":"1","encuadernacion":"R\u00fastica","fecha_de_publicacion":"01\/06\/2023","novedad":"1","paginas":"359","subtitulo":"","orden":"0","portada":"0","idioma":"spa"},"aioseo_notices":[],"_links":{"self":[{"href":"https:\/\/www.claret.cat\/es\/wp-json\/wp\/v2\/product\/446907","targetHints":{"allow":["GET"]}}],"collection":[{"href":"https:\/\/www.claret.cat\/es\/wp-json\/wp\/v2\/product"}],"about":[{"href":"https:\/\/www.claret.cat\/es\/wp-json\/wp\/v2\/types\/product"}],"wp:featuredmedia":[{"embeddable":true,"href":"https:\/\/www.claret.cat\/es\/wp-json\/wp\/v2\/media\/446908"}],"wp:attachment":[{"href":"https:\/\/www.claret.cat\/es\/wp-json\/wp\/v2\/media?parent=446907"}],"wp:term":[{"taxonomy":"product_brand","embeddable":true,"href":"https:\/\/www.claret.cat\/es\/wp-json\/wp\/v2\/product_brand?post=446907"},{"taxonomy":"product_cat","embeddable":true,"href":"https:\/\/www.claret.cat\/es\/wp-json\/wp\/v2\/product_cat?post=446907"},{"taxonomy":"product_tag","embeddable":true,"href":"https:\/\/www.claret.cat\/es\/wp-json\/wp\/v2\/product_tag?post=446907"}],"curies":[{"name":"wp","href":"https:\/\/api.w.org\/{rel}","templated":true}]}}